{"id":2858,"date":"2025-01-27T17:14:31","date_gmt":"2025-01-27T17:14:31","guid":{"rendered":"https:\/\/homes.globalhp.es\/?page_id=2858"},"modified":"2025-07-16T16:13:59","modified_gmt":"2025-07-16T16:13:59","slug":"faq","status":"publish","type":"page","link":"https:\/\/globalhp.es\/en\/faq\/","title":{"rendered":"FAQs"},"content":{"rendered":"<h1>Preguntas frecuentes en Global Homes<\/h1>\n<div>Aqu\u00ed es donde encontrar\u00e1s la mayor\u00eda de las respuestas. Si a\u00fan te queda alguna pregunta, no dudes en contactarnos.<\/div>\n<h2>Sistema de reservas<\/h2>\n<ul>\n<li>\n<h3>\u00bfA qu\u00e9 hora puedo hacer el check-in y el check-out?<\/h3>\n<div>\n<p>Puedes hacer el check-in entre las 16:00 y las 20:00. Si necesitas llegar m\u00e1s tarde, ofrecemos la posibilidad de entrada con los siguientes suplementos:<\/p>\n<ul>\n<li>De 20:00 a 22:00: <strong>20 \u20ac<\/strong><\/li>\n<li>De 22:00 a 23:00: <strong>40 \u20ac<\/strong><\/li>\n<\/ul>\n<p>El check-out debe realizarse antes de las 11:00.<\/p>\n<\/div>\n<\/li>\n<li>\n<h3>\u00bfC\u00f3mo acceder\u00e9 a la vivienda?<\/h3>\n<div>\n<p>Siempre t<strong>e recibiremos personalmente<\/strong> para entregarte las llaves y darte la bienvenida. En caso de que no sea posible, te enviaremos un <strong>c\u00f3digo de acceso<\/strong>. Es importante que cuentes con datos m\u00f3viles en tu tel\u00e9fono para poder recibir el c\u00f3digo.<\/p>\n<\/div>\n<\/li>\n<li>\n<h3>\u00bfPuedo dejar mis maletas si llego antes del check-in?<\/h3>\n<div>\n<p>Depende de la vivienda. Algunas cuentan con un espacio para guardar equipaje, mientras que otras no disponen de esta opci\u00f3n. Cont\u00e1ctanos y estaremos encantados de informarte seg\u00fan tu reserva.<\/p>\n<\/div>\n<\/li>\n<li>\n<h3>\u00bfCu\u00e1ndo recibir\u00e9 la informaci\u00f3n de mi reserva?<\/h3>\n<div>\n<p>Te enviaremos toda la <strong>informaci\u00f3n necesaria por WhatsApp<\/strong> el d\u00eda anterior a tu llegada, incluyendo un video de presentaci\u00f3n con detalles sobre la vivienda. Es importante que tengas acceso a WhatsApp para recibir estos mensajes.<\/p>\n<\/div>\n<\/li>\n<li>\n<h3>\u00bfC\u00f3mo hago el check-in?<\/h3>\n<div>\n<p>Te enviaremos un enlace para que puedas realizar el check-in de forma r\u00e1pida y sencilla.<\/p>\n<p>Este proceso es obligatorio para todos los hu\u00e9spedes mayores de 14 a\u00f1os.<\/p>\n<\/div>\n<\/li>\n<li>\n<h3>\u00bfExisten normas en la vivienda?<\/h3>\n<div>\n<h3>\u00bfExisten normas en la vivienda?<\/h3>\n<p>S\u00ed, es importante respetar una serie de normas b\u00e1sicas para garantizar una estancia agradable:<\/p>\n<ul>\n<li><strong>No se permiten mascotas.<\/strong><\/li>\n<li><strong>No est\u00e1 permitido fumar.<\/strong><\/li>\n<li><strong>No se pueden realizar fiestas ni grabaciones.<\/strong><\/li>\n<li><strong>Se debe respetar la normativa de la comunidad, incluyendo horarios de silencio.<\/strong><\/li>\n<\/ul>\n<p>Si decides sacar la basura, recuerda depositarla en los contenedores en el horario establecido de recogida.<\/p>\n<\/div>\n<\/li>\n<\/ul>\n<p><!--more--><br \/>\n<!-- {\"type\":\"layout\",\"children\":[{\"name\":\"FAQ\",\"type\":\"section\",\"props\":{\"height_viewport\":false,\"image_position\":\"center-center\",\"image_size\":\"cover\",\"media_background\":\"#fff\",\"media_overlay\":\"rgba(0,0,0,0)\",\"padding\":\"large\",\"style\":\"default\",\"title_breakpoint\":\"xl\",\"title_position\":\"top-left\",\"title_rotation\":\"left\",\"vertical_align\":\"\",\"width\":\"small\"},\"children\":[{\"type\":\"row\",\"children\":[{\"type\":\"column\",\"props\":{\"image_position\":\"center-center\",\"position_sticky_breakpoint\":\"m\",\"width_medium\":\"1-1\"},\"children\":[{\"type\":\"headline\",\"props\":{\"block_align\":\"center\",\"content\":\"Preguntas frecuentes en Global Homes\",\"margin_remove_bottom\":false,\"text_align\":\"center\",\"title_element\":\"h1\",\"title_style\":\"h1\"}},{\"type\":\"text\",\"props\":{\"block_align\":\"center\",\"column_breakpoint\":\"m\",\"content\":\"Aqu\\u00ed es donde encontrar\\u00e1s la mayor\\u00eda de las respuestas. Si a\\u00fan te queda alguna pregunta, no dudes en contactarnos.\",\"margin\":\"xlarge\",\"margin_remove_top\":true,\"maxwidth\":\"2xlarge\",\"text_align\":\"center\",\"text_style\":\"lead\"}},{\"type\":\"headline\",\"props\":{\"content\":\"Sistema de reservas\",\"margin\":\"medium\",\"text_align\":\"left\",\"title_decoration\":\"bullet\",\"title_element\":\"h2\",\"title_style\":\"h5\"}},{\"type\":\"accordion\",\"props\":{\"collapsible\":true,\"content_column_breakpoint\":\"m\",\"image_align\":\"top\",\"image_grid_breakpoint\":\"m\",\"image_grid_width\":\"1-2\",\"image_svg_color\":\"emphasis\",\"link_style\":\"default\",\"link_text\":\"Read more\",\"margin\":\"xlarge\",\"margin_remove_top\":true,\"multiple\":false,\"show_image\":true,\"show_link\":true},\"children\":[{\"type\":\"accordion_item\",\"props\":{\"content\":\"\n\n<p>Puedes hacer el check-in entre las 16:00 y las 20:00. Si necesitas llegar m\\u00e1s tarde, ofrecemos la posibilidad de entrada con los siguientes suplementos:<\\\/p>\\n\n\n<ul>\\n\n\n<li>De 20:00 a 22:00: <strong>20 \\u20ac<\\\/strong><\\\/li>\\n\n\n<li>De 22:00 a 23:00: <strong>40 \\u20ac<\\\/strong><\\\/li>\\n<\\\/ul>\\n\n\n<p>El check-out debe realizarse antes de las 11:00.<\\\/p>\",\"title\":\"\\u00bfA qu\\u00e9 hora puedo hacer el check-in y el check-out?\"}},{\"type\":\"accordion_item\",\"props\":{\"content\":\"\n\n<p>Siempre t<strong>e recibiremos personalmente<\\\/strong> para entregarte las llaves y darte la bienvenida. En caso de que no sea posible, te enviaremos un <strong>c\\u00f3digo de acceso<\\\/strong>. Es importante que cuentes con datos m\\u00f3viles en tu tel\\u00e9fono para poder recibir el c\\u00f3digo.<\\\/p>\",\"title\":\"\\u00bfC\\u00f3mo acceder\\u00e9 a la vivienda?\"}},{\"type\":\"accordion_item\",\"props\":{\"content\":\"\n\n<p>Depende de la vivienda. Algunas cuentan con un espacio para guardar equipaje, mientras que otras no disponen de esta opci\\u00f3n. Cont\\u00e1ctanos y estaremos encantados de informarte seg\\u00fan tu reserva.<\\\/p>\",\"title\":\"\\u00bfPuedo dejar mis maletas si llego antes del check-in?\"}},{\"type\":\"accordion_item\",\"props\":{\"content\":\"\n\n<p>Te enviaremos toda la <strong>informaci\\u00f3n necesaria por WhatsApp<\\\/strong> el d\\u00eda anterior a tu llegada, incluyendo un video de presentaci\\u00f3n con detalles sobre la vivienda. Es importante que tengas acceso a WhatsApp para recibir estos mensajes.<\\\/p>\",\"title\":\"\\u00bfCu\\u00e1ndo recibir\\u00e9 la informaci\\u00f3n de mi reserva?\"}},{\"type\":\"accordion_item\",\"props\":{\"content\":\"\n\n<p>Te enviaremos un enlace para que puedas realizar el check-in de forma r\\u00e1pida y sencilla.<\\\/p>\\n\n\n<p>Este proceso es obligatorio para todos los hu\\u00e9spedes mayores de 14 a\\u00f1os.<\\\/p>\",\"title\":\"\\u00bfC\\u00f3mo hago el check-in?\"}},{\"type\":\"accordion_item\",\"props\":{\"content\":\"\n\n<h3>\\u00bfExisten normas en la vivienda?<\\\/h3>\\n\n\n<p>S\\u00ed, es importante respetar una serie de normas b\\u00e1sicas para garantizar una estancia agradable:<\\\/p>\\n\n\n<ul>\\n\n\n<li><strong>No se permiten mascotas.<\\\/strong><\\\/li>\\n\n\n<li><strong>No est\\u00e1 permitido fumar.<\\\/strong><\\\/li>\\n\n\n<li><strong>No se pueden realizar fiestas ni grabaciones.<\\\/strong><\\\/li>\\n\n\n<li><strong>Se debe respetar la normativa de la comunidad, incluyendo horarios de silencio.<\\\/strong><\\\/li>\\n<\\\/ul>\\n\n\n<p>Si decides sacar la basura, recuerda depositarla en los contenedores en el horario establecido de recogida.<\\\/p>\",\"title\":\"\\u00bfExisten normas en la vivienda?\"}}]}]}]}]},{\"name\":\"Contact\",\"type\":\"section\",\"props\":{\"image_position\":\"center-center\",\"image_size\":\"cover\",\"padding\":\"small\",\"padding_remove_top\":true,\"status\":\"disabled\",\"style\":\"default\",\"title_breakpoint\":\"xl\",\"title_position\":\"top-left\",\"title_rotation\":\"left\",\"vertical_align\":\"\",\"width\":\"default\"},\"children\":[{\"type\":\"row\",\"children\":[{\"type\":\"column\",\"props\":{\"image_position\":\"center-center\",\"position_sticky_breakpoint\":\"m\",\"width_medium\":\"1-1\"},\"children\":[{\"type\":\"divider\",\"props\":{\"divider_element\":\"hr\",\"margin\":\"large\"}},{\"type\":\"headline\",\"props\":{\"content\":\"Contacta con nosotros\",\"text_align\":\"left\",\"title_element\":\"h2\",\"title_style\":\"h4\"}}]}]},{\"type\":\"row\",\"props\":{\"column_gap\":\"large\",\"layout\":\"1-3,1-3,1-3\",\"row_gap\":\"large\"},\"children\":[{\"type\":\"column\",\"props\":{\"image_position\":\"center-center\",\"position_sticky_breakpoint\":\"m\",\"width_medium\":\"1-3\",\"width_small\":\"1-2\"},\"children\":[{\"type\":\"description_list\",\"props\":{\"column_breakpoint\":\"m\",\"layout\":\"grid-2\",\"list_element\":\"ul\",\"meta_align\":\"below-content\",\"meta_style\":\"text-meta\",\"show_content\":true,\"show_link\":true,\"show_meta\":true,\"show_title\":true,\"title_element\":\"div\",\"title_grid_column_gap\":\"small\",\"title_grid_row_gap\":\"small\",\"title_grid_width\":\"small\",\"title_style\":\"text-bold\"},\"children\":[{\"type\":\"description_list_item\",\"props\":{\"content\":\"<a href=\\\"tel:5550199\\\">555-0199<\\\/a>\\n\",\"title\":\"Tel\\u00e9fono\"}},{\"type\":\"description_list_item\",\"props\":{\"content\":\"<a href=\\\"mailto:mail@example.com\\\">mail@example.com<\\\/a>\",\"title\":\"Email\"}}]}]},{\"type\":\"column\",\"props\":{\"image_position\":\"center-center\",\"position_sticky_breakpoint\":\"m\",\"width_medium\":\"1-3\",\"width_small\":\"1-2\"},\"children\":[{\"type\":\"description_list\",\"props\":{\"column_breakpoint\":\"m\",\"layout\":\"grid-2\",\"list_element\":\"ul\",\"meta_align\":\"below-content\",\"meta_style\":\"text-meta\",\"show_content\":true,\"show_link\":true,\"show_meta\":true,\"show_title\":true,\"title_element\":\"div\",\"title_grid_column_gap\":\"small\",\"title_grid_row_gap\":\"small\",\"title_grid_width\":\"small\",\"title_style\":\"text-bold\"},\"children\":[{\"type\":\"description_list_item\",\"props\":{\"content\":\"123 Main Street<br \/>\\nMadrid\",\"title\":\"Direcci\\u00f3n\"}}]}]},{\"type\":\"column\",\"props\":{\"image_position\":\"center-center\",\"position_sticky_breakpoint\":\"m\",\"width_medium\":\"1-3\"},\"children\":[{\"type\":\"description_list\",\"props\":{\"column_breakpoint\":\"m\",\"layout\":\"grid-2\",\"list_element\":\"ul\",\"meta_align\":\"below-content\",\"meta_style\":\"text-meta\",\"show_content\":true,\"show_link\":true,\"show_meta\":true,\"show_title\":true,\"status\":\"disabled\",\"title_element\":\"div\",\"title_grid_column_gap\":\"small\",\"title_grid_row_gap\":\"small\",\"title_grid_width\":\"small\",\"title_style\":\"text-bold\"},\"children\":[{\"type\":\"description_list_item\",\"props\":{\"content\":\"<a class=\\\"uk-link-reset\\\" href=\\\"#\\\">Instagram<\\\/a><br \/>\\n<a class=\\\"uk-link-reset\\\" href=\\\"#\\\">Facebook<\\\/a><br \/>\\n<a class=\\\"uk-link-reset\\\" href=\\\"#\\\">Twitter<\\\/a><br \/>\\n<a class=\\\"uk-link-reset\\\" href=\\\"#\\\">Behance<\\\/a>\",\"title\":\"Social\"}}]}]}]}]}],\"version\":\"4.5.21\"} --><\/p>\n","protected":false},"excerpt":{"rendered":"<p>Preguntas frecuentes en Global Homes Aqu\u00ed es donde encontrar\u00e1s la mayor\u00eda de las respuestas. Si a\u00fan te queda alguna pregunta, no dudes en contactarnos. Sistema de reservas \u00bfA qu\u00e9 hora puedo hacer el check-in y el check-out? Puedes hacer el check-in entre las 16:00 y las 20:00. Si necesitas llegar m\u00e1s tarde, ofrecemos la posibilidad [&hellip;]<\/p>\n","protected":false},"author":1,"featured_media":0,"parent":0,"menu_order":0,"comment_status":"closed","ping_status":"closed","template":"","meta":{"_acf_changed":false,"footnotes":""},"class_list":["post-2858","page","type-page","status-publish","hentry"],"acf":[],"yoast_head":"<!-- This site is optimized with the Yoast SEO plugin v27.4 - https:\/\/yoast.com\/product\/yoast-seo-wordpress\/ -->\n<title>Preguntas frecuentes - Viviendas en Alquiler Madrid | Global Homes<\/title>\n<meta name=\"description\" content=\"Preguntas frecuentes sobre Global Homes. \u00bfA qu\u00e9 hora puedo hacer el check-in?, \u00bfC\u00f3mo accedo a la vivienda?, \u00bfC\u00f3mo hago el check-in?...\" \/>\n<meta name=\"robots\" content=\"index, follow, max-snippet:-1, max-image-preview:large, max-video-preview:-1\" \/>\n<link rel=\"canonical\" href=\"https:\/\/globalhp.es\/en\/faq\/\" \/>\n<meta property=\"og:locale\" content=\"en_GB\" \/>\n<meta property=\"og:type\" content=\"article\" \/>\n<meta property=\"og:title\" content=\"Preguntas frecuentes - Viviendas en Alquiler Madrid | Global Homes\" \/>\n<meta property=\"og:description\" content=\"Preguntas frecuentes sobre Global Homes. \u00bfA qu\u00e9 hora puedo hacer el check-in?, \u00bfC\u00f3mo accedo a la vivienda?, \u00bfC\u00f3mo hago el check-in?...\" \/>\n<meta property=\"og:url\" content=\"https:\/\/globalhp.es\/en\/faq\/\" \/>\n<meta property=\"og:site_name\" content=\"Viviendas en Alquiler Madrid | Global Homes\" \/>\n<meta property=\"article:modified_time\" content=\"2025-07-16T16:13:59+00:00\" \/>\n<meta name=\"twitter:card\" content=\"summary_large_image\" \/>\n<meta name=\"twitter:label1\" content=\"Estimated reading time\" \/>\n\t<meta name=\"twitter:data1\" content=\"2 minutes\" \/>\n<script type=\"application\/ld+json\" class=\"yoast-schema-graph\">{\"@context\":\"https:\\\/\\\/schema.org\",\"@graph\":[{\"@type\":\"WebPage\",\"@id\":\"https:\\\/\\\/globalhp.es\\\/faq\\\/\",\"url\":\"https:\\\/\\\/globalhp.es\\\/faq\\\/\",\"name\":\"Preguntas frecuentes - Viviendas en Alquiler Madrid | Global Homes\",\"isPartOf\":{\"@id\":\"https:\\\/\\\/globalhp.es\\\/#website\"},\"datePublished\":\"2025-01-27T17:14:31+00:00\",\"dateModified\":\"2025-07-16T16:13:59+00:00\",\"description\":\"Preguntas frecuentes sobre Global Homes. \u00bfA qu\u00e9 hora puedo hacer el check-in?, \u00bfC\u00f3mo accedo a la vivienda?, \u00bfC\u00f3mo hago el check-in?...\",\"breadcrumb\":{\"@id\":\"https:\\\/\\\/globalhp.es\\\/faq\\\/#breadcrumb\"},\"inLanguage\":\"en-GB\",\"potentialAction\":[{\"@type\":\"ReadAction\",\"target\":[\"https:\\\/\\\/globalhp.es\\\/faq\\\/\"]}]},{\"@type\":\"BreadcrumbList\",\"@id\":\"https:\\\/\\\/globalhp.es\\\/faq\\\/#breadcrumb\",\"itemListElement\":[{\"@type\":\"ListItem\",\"position\":1,\"name\":\"Home\",\"item\":\"https:\\\/\\\/globalhp.es\\\/\"},{\"@type\":\"ListItem\",\"position\":2,\"name\":\"Preguntas frecuentes\"}]},{\"@type\":\"WebSite\",\"@id\":\"https:\\\/\\\/globalhp.es\\\/#website\",\"url\":\"https:\\\/\\\/globalhp.es\\\/\",\"name\":\"Viviendas en Alquiler Madrid | Global Homes\",\"description\":\"Alquiler de viviendas por d\u00edas y semanas en Madrid\",\"publisher\":{\"@id\":\"https:\\\/\\\/globalhp.es\\\/#organization\"},\"potentialAction\":[{\"@type\":\"SearchAction\",\"target\":{\"@type\":\"EntryPoint\",\"urlTemplate\":\"https:\\\/\\\/globalhp.es\\\/?s={search_term_string}\"},\"query-input\":{\"@type\":\"PropertyValueSpecification\",\"valueRequired\":true,\"valueName\":\"search_term_string\"}}],\"inLanguage\":\"en-GB\"},{\"@type\":\"Organization\",\"@id\":\"https:\\\/\\\/globalhp.es\\\/#organization\",\"name\":\"Viviendas en Alquiler Madrid | Global Homes\",\"url\":\"https:\\\/\\\/globalhp.es\\\/\",\"logo\":{\"@type\":\"ImageObject\",\"inLanguage\":\"en-GB\",\"@id\":\"https:\\\/\\\/globalhp.es\\\/#\\\/schema\\\/logo\\\/image\\\/\",\"url\":\"https:\\\/\\\/globalhp.es\\\/wp-content\\\/uploads\\\/2025\\\/01\\\/GHP_Logo_Homes_325px.png\",\"contentUrl\":\"https:\\\/\\\/globalhp.es\\\/wp-content\\\/uploads\\\/2025\\\/01\\\/GHP_Logo_Homes_325px.png\",\"width\":325,\"height\":104,\"caption\":\"Viviendas en Alquiler Madrid | Global Homes\"},\"image\":{\"@id\":\"https:\\\/\\\/globalhp.es\\\/#\\\/schema\\\/logo\\\/image\\\/\"}}]}<\/script>\n<!-- \/ Yoast SEO plugin. -->","yoast_head_json":{"title":"Preguntas frecuentes - Viviendas en Alquiler Madrid | Global Homes","description":"Preguntas frecuentes sobre Global Homes. \u00bfA qu\u00e9 hora puedo hacer el check-in?, \u00bfC\u00f3mo accedo a la vivienda?, \u00bfC\u00f3mo hago el check-in?...","robots":{"index":"index","follow":"follow","max-snippet":"max-snippet:-1","max-image-preview":"max-image-preview:large","max-video-preview":"max-video-preview:-1"},"canonical":"https:\/\/globalhp.es\/en\/faq\/","og_locale":"en_GB","og_type":"article","og_title":"Preguntas frecuentes - Viviendas en Alquiler Madrid | Global Homes","og_description":"Preguntas frecuentes sobre Global Homes. \u00bfA qu\u00e9 hora puedo hacer el check-in?, \u00bfC\u00f3mo accedo a la vivienda?, \u00bfC\u00f3mo hago el check-in?...","og_url":"https:\/\/globalhp.es\/en\/faq\/","og_site_name":"Viviendas en Alquiler Madrid | Global Homes","article_modified_time":"2025-07-16T16:13:59+00:00","twitter_card":"summary_large_image","twitter_misc":{"Estimated reading time":"2 minutes"},"schema":{"@context":"https:\/\/schema.org","@graph":[{"@type":"WebPage","@id":"https:\/\/globalhp.es\/faq\/","url":"https:\/\/globalhp.es\/faq\/","name":"Preguntas frecuentes - Viviendas en Alquiler Madrid | Global Homes","isPartOf":{"@id":"https:\/\/globalhp.es\/#website"},"datePublished":"2025-01-27T17:14:31+00:00","dateModified":"2025-07-16T16:13:59+00:00","description":"Preguntas frecuentes sobre Global Homes. \u00bfA qu\u00e9 hora puedo hacer el check-in?, \u00bfC\u00f3mo accedo a la vivienda?, \u00bfC\u00f3mo hago el check-in?...","breadcrumb":{"@id":"https:\/\/globalhp.es\/faq\/#breadcrumb"},"inLanguage":"en-GB","potentialAction":[{"@type":"ReadAction","target":["https:\/\/globalhp.es\/faq\/"]}]},{"@type":"BreadcrumbList","@id":"https:\/\/globalhp.es\/faq\/#breadcrumb","itemListElement":[{"@type":"ListItem","position":1,"name":"Home","item":"https:\/\/globalhp.es\/"},{"@type":"ListItem","position":2,"name":"Preguntas frecuentes"}]},{"@type":"WebSite","@id":"https:\/\/globalhp.es\/#website","url":"https:\/\/globalhp.es\/","name":"Viviendas en Alquiler Madrid | Global Homes","description":"Alquiler de viviendas por d\u00edas y semanas en Madrid","publisher":{"@id":"https:\/\/globalhp.es\/#organization"},"potentialAction":[{"@type":"SearchAction","target":{"@type":"EntryPoint","urlTemplate":"https:\/\/globalhp.es\/?s={search_term_string}"},"query-input":{"@type":"PropertyValueSpecification","valueRequired":true,"valueName":"search_term_string"}}],"inLanguage":"en-GB"},{"@type":"Organization","@id":"https:\/\/globalhp.es\/#organization","name":"Viviendas en Alquiler Madrid | Global Homes","url":"https:\/\/globalhp.es\/","logo":{"@type":"ImageObject","inLanguage":"en-GB","@id":"https:\/\/globalhp.es\/#\/schema\/logo\/image\/","url":"https:\/\/globalhp.es\/wp-content\/uploads\/2025\/01\/GHP_Logo_Homes_325px.png","contentUrl":"https:\/\/globalhp.es\/wp-content\/uploads\/2025\/01\/GHP_Logo_Homes_325px.png","width":325,"height":104,"caption":"Viviendas en Alquiler Madrid | Global Homes"},"image":{"@id":"https:\/\/globalhp.es\/#\/schema\/logo\/image\/"}}]}},"_links":{"self":[{"href":"https:\/\/globalhp.es\/en\/wp-json\/wp\/v2\/pages\/2858","targetHints":{"allow":["GET"]}}],"collection":[{"href":"https:\/\/globalhp.es\/en\/wp-json\/wp\/v2\/pages"}],"about":[{"href":"https:\/\/globalhp.es\/en\/wp-json\/wp\/v2\/types\/page"}],"author":[{"embeddable":true,"href":"https:\/\/globalhp.es\/en\/wp-json\/wp\/v2\/users\/1"}],"replies":[{"embeddable":true,"href":"https:\/\/globalhp.es\/en\/wp-json\/wp\/v2\/comments?post=2858"}],"version-history":[{"count":28,"href":"https:\/\/globalhp.es\/en\/wp-json\/wp\/v2\/pages\/2858\/revisions"}],"predecessor-version":[{"id":5692,"href":"https:\/\/globalhp.es\/en\/wp-json\/wp\/v2\/pages\/2858\/revisions\/5692"}],"wp:attachment":[{"href":"https:\/\/globalhp.es\/en\/wp-json\/wp\/v2\/media?parent=2858"}],"curies":[{"name":"wp","href":"https:\/\/api.w.org\/{rel}","templated":true}]}}