{"id":2864,"date":"2025-01-27T17:36:20","date_gmt":"2025-01-27T17:36:20","guid":{"rendered":"https:\/\/homes.globalhp.es\/?page_id=2864"},"modified":"2026-03-25T15:08:16","modified_gmt":"2026-03-25T15:08:16","slug":"todas-las-viviendas-global-homes","status":"publish","type":"page","link":"https:\/\/globalhp.es\/en\/todas-las-viviendas-global-homes\/","title":{"rendered":"Listado de todas las viviendas"},"content":{"rendered":"<h1>Nuestras viviendas<\/h1>\n<h2>Madrid<\/h2>\n<h1>Viviendas Temporada<\/h1>\n<ul>\n<li>\n<p>        <img decoding=\"async\" src=\"\/wp-content\/uploads\/2025\/02\/SALON-VIVIENDA-ALQUILER-ZONA-RETIRO.webp\" alt=\"Alquier vivienda en zona Retiro Madrid\"><\/p>\n<p><img decoding=\"async\" src=\"\/wp-content\/uploads\/2025\/02\/HABITACION-vivienda-en-alquiler-zona-Retiro.webp\" alt><\/p>\n<h3>Narciso Serra<\/h3>\n<p>Retiro<\/p>\n<p><a href=\"\/vivienda-alquiler-zona-retiro\/\"><\/a><\/p>\n<\/li>\n<li>\n<p>        <img decoding=\"async\" src=\"\/wp-content\/uploads\/2026\/01\/Vivienda-Menendez-Pelayo-1.webp\" alt=\"Alquiler vivienda Men\u00e9ndez Pelayo\"><\/p>\n<p><img decoding=\"async\" src=\"\/wp-content\/uploads\/2026\/01\/Vivienda-Menendez-Pelayo-7.webp\" alt><\/p>\n<h3>Men\u00e9ndez Pelayo<\/h3>\n<p>Ibiza<\/p>\n<p><a href=\"\/menendez-pelayo\/\"><\/a><\/p>\n<\/li>\n<li>\n<p>        <img decoding=\"async\" src=\"\/wp-content\/uploads\/2025\/01\/vivienda-3-alquier-ciudad-lineal-esteban-collantes.webp\" alt=\"Alquier piso en Calle Alcal\u00e1 Madrid\"><\/p>\n<p><img decoding=\"async\" src=\"\/wp-content\/uploads\/2025\/01\/vivienda-alquier-ciudad-lineal-esteban-collantes.webp\" alt><\/p>\n<h3>Esteban Collantes<\/h3>\n<p>Zona Calle Alcal\u00e1 &#8211; Ventas<\/p>\n<p><a href=\"\/alquiler-vivienda-esteban-collantes\/\"><\/a><\/p>\n<\/li>\n<li>\n<p>        <img decoding=\"async\" src=\"\/wp-content\/uploads\/2025\/01\/Caliza-habitacion-2.webp\" alt=\"Alquier piso en vic\u00e1lvaro Madrid\"><\/p>\n<p><img decoding=\"async\" src=\"\/wp-content\/uploads\/2025\/01\/prueba-caliza.webp\" alt><\/p>\n<h3>Caliza<\/h3>\n<p>Vic\u00e1lvaro<\/p>\n<p><a href=\"\/alquiler-vivienda-calle-caliza\/\"><\/a><\/p>\n<\/li>\n<li>\n<p>        <img decoding=\"async\" src=\"\/wp-content\/uploads\/2025\/02\/vivienda-en-alquiler-carabanchel-Madrid-1.webp\" alt=\"Alquier de viviendas en Carabanchel Madrid\"><\/p>\n<p><img decoding=\"async\" src=\"\/wp-content\/uploads\/2025\/02\/vivienda-en-alquiler-carabanchel-Madrid.webp\" alt><\/p>\n<h3>Toboso<\/h3>\n<p>San Isidro &#8211; Carabanchel<\/p>\n<p><a href=\"\/vivienda-carabanchel\/\"><\/a><\/p>\n<\/li>\n<li>\n<p>        <img decoding=\"async\" src=\"\/wp-content\/uploads\/2025\/02\/vivienda-en-alquier-pedro-Antonio-Madrid-2.webp\" alt=\"Alquier piso en vic\u00e1lvaro Madrid\"><\/p>\n<p><img decoding=\"async\" src=\"\/wp-content\/uploads\/2025\/02\/vivienda-en-alquier-pedro-Antonio-Madrid-1.webp\" alt><\/p>\n<h3>Pedro Antonio Alarc\u00f3n<\/h3>\n<p>Almudena &#8211; Ventas<\/p>\n<p><a href=\"\/vivienda-alquier-pedro-antonio-alarcon\/\"><\/a><\/p>\n<\/li>\n<li>\n<p>        <img decoding=\"async\" src=\"\/wp-content\/uploads\/2025\/02\/Vivienda-de-alquiler-en-Calle-Ocana.webp\" alt=\"Alquier de estudios en Carabanchel Madrid\"><\/p>\n<p><img decoding=\"async\" src=\"\/wp-content\/uploads\/2025\/02\/Vivienda-de-alquiler-en-Calle-Ocana-2.webp\" alt><\/p>\n<h3>Aluche &#8211; Oca\u00f1a<\/h3>\n<p>Latina<\/p>\n<p><a href=\"\/vivienda-alquiler-latina\/\"><\/a><\/p>\n<\/li>\n<li>\n<p>        <img decoding=\"async\" src=\"\/wp-content\/uploads\/2025\/10\/Vivienda-alquiler-en-tetuan-1.webp\" alt=\"Vivienda en alquiler en Tetu\u00e1n\"><\/p>\n<p><img decoding=\"async\" src=\"\/wp-content\/uploads\/2025\/10\/Vivienda-alquiler-tetuan-4.webp\" alt><\/p>\n<h3>Barrio del Pilar<\/h3>\n<p>Tetu\u00e1n<\/p>\n<p><a href=\"\/vivienda-en-tetuan\/\"><\/a><\/p>\n<\/li>\n<\/ul>\n<h1>Viviendas Tur\u00edstica<\/h1>\n<ul>\n<li>\n<p>        <img decoding=\"async\" src=\"\/wp-content\/uploads\/2025\/02\/Vivienda-en-alquiler-calle-pico-cebollera.webp\" alt=\"Alquier piso en Puente de Vallecas Madrid\"><\/p>\n<p><img decoding=\"async\" src=\"\/wp-content\/uploads\/2025\/02\/Vivienda-en-alquiler-calle-pico-cebollera-1.webp\" alt><\/p>\n<h3>Pico Cebollera<\/h3>\n<p>Puente de Vallecas<\/p>\n<p><a href=\"\/pico-cebollera\/\"><\/a><\/p>\n<\/li>\n<li>\n<p>        <img decoding=\"async\" src=\"\/wp-content\/uploads\/2025\/02\/vivienda-en-alquier-loreto-y-chicote-Madrid.webp\" alt=\"Madrid Centro - Gran V\u00eda\"><\/p>\n<p><img decoding=\"async\" src=\"\/wp-content\/uploads\/2025\/02\/vivienda-en-alquier-loreto-y-chicote-Madrid-2.webp\" alt><\/p>\n<h3>Loreto y Chicote<\/h3>\n<p>Madrid Centro<\/p>\n<p><a href=\"\/gran-via\/\"><\/a><\/p>\n<\/li>\n<li>\n<p>        <img decoding=\"async\" src=\"\/wp-content\/uploads\/2025\/07\/cocina-ocana-6.webp\" alt=\"Vivienda en Latina Tur\u00edstico\"><\/p>\n<p><img decoding=\"async\" src=\"\/wp-content\/uploads\/2025\/07\/ocana-e3.webp\" alt><\/p>\n<h3>Oca\u00f1a 6<\/h3>\n<p>Vivienda en Latina<\/p>\n<p><a href=\"\/vivienda-turistica-ocana-6\/\"><\/a><\/p>\n<\/li>\n<\/ul>\n<h2>Vive lo que el Hotel MA 24 tiene para ti<\/h2>\n<div>\n<p>Entra en MA 24, un hotel moderno y funcional cerca de Madrid R\u00edo. Habitaciones totalmente equipadas, confort de alta calidad y opciones ideales para estancias individuales o en grupo.<\/p>\n<\/div>\n<div>\n<h3>Ubicaci\u00f3n estrat\u00e9gica<\/h3>\n<div>A un paso de Madrid R\u00edo, con f\u00e1cil acceso al metro Oporto y Urgel.<\/div>\n<\/div>\n<div>\n<h3>Habitaciones modernas y c\u00f3modas<\/h3>\n<div>Espacios de 23 m\u00b2 a 35 m\u00b2, completamente equipados para tu confort.<\/div>\n<\/div>\n<div>\n<h3>Cocina completa en cada habitaci\u00f3n<\/h3>\n<div>Nevera, horno-microondas ultrarr\u00e1pido y cafetera Nespresso.<\/div>\n<\/div>\n<p><img decoding=\"async\" src=\"\/wp-content\/uploads\/2025\/03\/hotel-madrid-rio-home.webp\" alt=\"hotel ma 24\"><\/p>\n<p><p>\n        <a href=\"\/hotel-madrid-rio\/\">Ver Hotel<\/a>\n    <\/p>\n<\/p>\n<div>\n<h3>WiFi de alta velocidad<\/h3>\n<div>Fibra \u00f3ptica sim\u00e9trica de 1 GB para trabajar o disfrutar sin interrupciones.<\/div>\n<\/div>\n<div>\n<h3>Eficiencia energ\u00e9tica y confort<\/h3>\n<div>Aerotermia, aislamiento ac\u00fastico y t\u00e9rmico, con aire acondicionado central.<\/div>\n<\/div>\n<div>\n<h3>Opciones para grupos<\/h3>\n<div>Reserva plantas completas del hotel o disfruta de la exclusiva terraza de 50 m\u00b2 de la Habitaci\u00f3n 202.<\/div>\n<\/div>\n<p><!--more--><br \/>\n<!-- {\"type\":\"layout\",\"children\":[{\"type\":\"section\",\"props\":{\"header_transparent\":false,\"header_transparent_noplaceholder\":true,\"header_transparent_text_color\":\"light\",\"image_loading\":true,\"image_position\":\"center-center\",\"image_width\":\"2560\",\"media_overlay\":\"rgba(0, 0, 0, 0.73)\",\"padding_bottom\":\"xlarge\",\"padding_top\":\"xlarge\",\"style\":\"default\",\"text_color\":\"light\",\"title_breakpoint\":\"xl\",\"title_position\":\"top-left\",\"title_rotation\":\"left\",\"vertical_align\":\"\",\"video\":\"wp-content\/uploads\/2025\/01\/madrid-2-seg.mp4\",\"width\":\"large\"},\"children\":[{\"type\":\"row\",\"children\":[{\"type\":\"column\",\"props\":{\"image_position\":\"center-center\",\"position_sticky_breakpoint\":\"m\"},\"children\":[{\"type\":\"headline\",\"props\":{\"animation\":\"parallax\",\"content\":\"Nuestras viviendas\",\"image_align\":\"left\",\"image_margin\":\"xsmall\",\"parallax_blur\":\"50\",\"parallax_opacity\":\"1,0\",\"parallax_scale\":\"0.5\",\"text_align\":\"center\",\"title_element\":\"h1\",\"title_style\":\"heading-xlarge\"}},{\"type\":\"headline\",\"props\":{\"animation\":\"parallax\",\"content\":\"Madrid\",\"image_align\":\"left\",\"image_margin\":\"xsmall\",\"parallax_blur\":\"50\",\"parallax_opacity\":\"1,0\",\"parallax_scale\":\"0.5\",\"text_align\":\"center\",\"title_element\":\"h2\",\"title_style\":\"heading-small\"}}]}]}],\"name\":\"Hero\"},{\"type\":\"section\",\"props\":{\"image_position\":\"center-center\",\"style\":\"default\",\"title_breakpoint\":\"xl\",\"title_position\":\"top-left\",\"title_rotation\":\"left\",\"vertical_align\":\"middle\",\"width\":\"default\"},\"children\":[{\"type\":\"row\",\"children\":[{\"type\":\"column\",\"props\":{\"image_position\":\"center-center\",\"position_sticky_breakpoint\":\"m\"},\"children\":[{\"type\":\"headline\",\"props\":{\"content\":\"Viviendas Temporada\",\"image_align\":\"left\",\"image_margin\":\"xsmall\",\"title_decoration\":\"bullet\",\"title_element\":\"h1\"}},{\"type\":\"panel-slider\",\"props\":{\"container_padding_remove\":true,\"content_column_breakpoint\":\"m\",\"content_margin\":\"remove\",\"css\":\"@media (max-width: 959px) {\\n    \\n    .el-image {\\n    \\twidth: 500px;\\n    }\\n    \\n}\\n\\n@media (max-width: 639px) {\\n    \\n    .el-image {\\n    \\twidth: 300px;\\n    }\\n    \\n}\",\"image_align\":\"top\",\"image_grid_breakpoint\":\"m\",\"image_grid_width\":\"1-2\",\"image_height\":400,\"image_link\":true,\"image_loading\":true,\"image_svg_color\":\"emphasis\",\"image_transition\":\"scale-down\",\"image_width\":600,\"link_style\":\"default\",\"link_text\":\"\",\"margin_bottom\":\"default\",\"margin_top\":\"default\",\"meta_align\":\"above-title\",\"meta_color\":\"primary\",\"meta_element\":\"div\",\"meta_style\":\"h6\",\"nav\":\"dotnav\",\"nav_align\":\"center\",\"nav_breakpoint\":\"s\",\"panel_link\":false,\"panel_match\":true,\"show_content\":true,\"show_hover_image\":true,\"show_hover_video\":true,\"show_image\":true,\"show_link\":true,\"show_meta\":true,\"show_title\":true,\"show_video\":true,\"slidenav\":\"\",\"slidenav_breakpoint\":\"xl\",\"slidenav_margin\":\"medium\",\"slidenav_outside_breakpoint\":\"xl\",\"slider_autoplay\":true,\"slider_autoplay_interval\":\"3\",\"slider_autoplay_pause\":false,\"slider_divider\":false,\"slider_gap\":\"medium\",\"slider_sets\":false,\"slider_width\":\"\",\"slider_width_default\":\"1-1\",\"slider_width_medium\":\"1-3\",\"title_align\":\"top\",\"title_element\":\"h3\",\"title_grid_breakpoint\":\"m\",\"title_grid_width\":\"1-2\",\"title_hover_style\":\"reset\",\"title_link\":true,\"title_margin\":\"remove\",\"title_style\":\"h5\"},\"children\":[{\"type\":\"panel-slider_item\",\"props\":{\"hover_image\":\"wp-content\/uploads\/2025\/02\/HABITACION-vivienda-en-alquiler-zona-Retiro.webp\",\"image\":\"wp-content\/uploads\/2025\/02\/SALON-VIVIENDA-ALQUILER-ZONA-RETIRO.webp\",\"image_alt\":\"Alquier vivienda en zona Retiro Madrid\",\"item_element\":\"article\",\"link\":\"vivienda-alquiler-zona-retiro\/\",\"link_aria_label\":\"Vivienda alquiler en zona Retiro Madrid\",\"meta\":\"Retiro\",\"title\":\"Narciso Serra\"}},{\"type\":\"panel-slider_item\",\"props\":{\"hover_image\":\"wp-content\/uploads\/2026\/01\/Vivienda-Menendez-Pelayo-7.webp\",\"image\":\"wp-content\/uploads\/2026\/01\/Vivienda-Menendez-Pelayo-1.webp\",\"image_alt\":\"Alquiler vivienda Men\u00e9ndez Pelayo\",\"item_element\":\"article\",\"link\":\"menendez-pelayo\/\",\"link_aria_label\":\"Vivienda alquiler en Barrio Ibiza Madrid\",\"meta\":\"Ibiza\",\"title\":\"Men\u00e9ndez Pelayo\"}},{\"type\":\"panel-slider_item\",\"props\":{\"hover_image\":\"wp-content\/uploads\/2025\/01\/vivienda-alquier-ciudad-lineal-esteban-collantes.webp\",\"image\":\"wp-content\/uploads\/2025\/01\/vivienda-3-alquier-ciudad-lineal-esteban-collantes.webp\",\"image_alt\":\"Alquier piso en Calle Alcal\u00e1 Madrid\",\"item_element\":\"article\",\"link\":\"alquiler-vivienda-esteban-collantes\/\",\"link_aria_label\":\"Alquier piso cerca Calle Alcal\u00e1 Madrid\",\"meta\":\"Zona Calle Alcal\u00e1 - Ventas\",\"title\":\"Esteban Collantes\"}},{\"type\":\"panel-slider_item\",\"props\":{\"hover_image\":\"wp-content\/uploads\/2025\/01\/prueba-caliza.webp\",\"image\":\"wp-content\/uploads\/2025\/01\/Caliza-habitacion-2.webp\",\"image_alt\":\"Alquier piso en vic\u00e1lvaro Madrid\",\"item_element\":\"article\",\"link\":\"alquiler-vivienda-calle-caliza\/\",\"link_aria_label\":\"Alquier piso en vic\u00e1lvaro Madrid\",\"meta\":\"Vic\u00e1lvaro\",\"title\":\"Caliza\"}},{\"type\":\"panel-slider_item\",\"props\":{\"hover_image\":\"wp-content\/uploads\/2025\/02\/vivienda-en-alquiler-carabanchel-Madrid.webp\",\"image\":\"wp-content\/uploads\/2025\/02\/vivienda-en-alquiler-carabanchel-Madrid-1.webp\",\"image_alt\":\"Alquier de viviendas en Carabanchel Madrid\",\"item_element\":\"article\",\"link\":\"vivienda-carabanchel\/\",\"link_aria_label\":\"Alquier de viviendas en Carabanchel Madrid\",\"meta\":\"San Isidro - Carabanchel\",\"title\":\"Toboso\"}},{\"type\":\"panel-slider_item\",\"props\":{\"hover_image\":\"wp-content\/uploads\/2025\/02\/vivienda-en-alquier-pedro-Antonio-Madrid-1.webp\",\"image\":\"wp-content\/uploads\/2025\/02\/vivienda-en-alquier-pedro-Antonio-Madrid-2.webp\",\"image_alt\":\"Alquier piso en vic\u00e1lvaro Madrid\",\"item_element\":\"article\",\"link\":\"vivienda-alquier-pedro-antonio-alarcon\/\",\"meta\":\"Almudena - Ventas\",\"title\":\"Pedro Antonio Alarc\u00f3n\"}},{\"type\":\"panel-slider_item\",\"props\":{\"hover_image\":\"wp-content\/uploads\/2025\/02\/Vivienda-de-alquiler-en-Calle-Ocana-2.webp\",\"image\":\"wp-content\/uploads\/2025\/02\/Vivienda-de-alquiler-en-Calle-Ocana.webp\",\"image_alt\":\"Alquier de estudios en Carabanchel Madrid\",\"item_element\":\"article\",\"link\":\"vivienda-alquiler-latina\/\",\"link_aria_label\":\"Alquier de estudios en Carabanchel Madrid\",\"meta\":\"Latina\",\"title\":\"Aluche - Oca\u00f1a\"}},{\"type\":\"panel-slider_item\",\"props\":{\"hover_image\":\"wp-content\/uploads\/2025\/10\/Vivienda-alquiler-tetuan-4.webp\",\"image\":\"wp-content\/uploads\/2025\/10\/Vivienda-alquiler-en-tetuan-1.webp\",\"image_alt\":\"Vivienda en alquiler en Tetu\u00e1n\",\"item_element\":\"article\",\"link\":\"vivienda-en-tetuan\/\",\"link_aria_label\":\"Vivienda en alquiler en Tetu\u00e1n\",\"meta\":\"Tetu\u00e1n\",\"title\":\"Barrio del Pilar\"}}],\"name\":\"ReelViviendas\"}]}]}]},{\"type\":\"section\",\"props\":{\"image_position\":\"center-center\",\"style\":\"default\",\"title_breakpoint\":\"xl\",\"title_position\":\"top-left\",\"title_rotation\":\"left\",\"vertical_align\":\"middle\",\"width\":\"default\"},\"children\":[{\"type\":\"row\",\"children\":[{\"type\":\"column\",\"props\":{\"image_position\":\"center-center\",\"position_sticky_breakpoint\":\"m\"},\"children\":[{\"type\":\"headline\",\"props\":{\"content\":\"Viviendas Tur\u00edstica\",\"image_align\":\"left\",\"image_margin\":\"xsmall\",\"title_decoration\":\"bullet\",\"title_element\":\"h1\"}},{\"type\":\"panel-slider\",\"props\":{\"container_padding_remove\":true,\"content_column_breakpoint\":\"m\",\"content_margin\":\"remove\",\"css\":\"@media (max-width: 959px) {\\n    \\n    .el-image {\\n    \\twidth: 500px;\\n    }\\n    \\n}\\n\\n@media (max-width: 639px) {\\n    \\n    .el-image {\\n    \\twidth: 300px;\\n    }\\n    \\n}\",\"image_align\":\"top\",\"image_grid_breakpoint\":\"m\",\"image_grid_width\":\"1-2\",\"image_height\":400,\"image_link\":true,\"image_loading\":true,\"image_svg_color\":\"emphasis\",\"image_transition\":\"scale-down\",\"image_width\":600,\"link_style\":\"default\",\"link_text\":\"\",\"margin_bottom\":\"default\",\"margin_top\":\"default\",\"meta_align\":\"above-title\",\"meta_color\":\"primary\",\"meta_element\":\"div\",\"meta_style\":\"h6\",\"nav\":\"dotnav\",\"nav_align\":\"center\",\"nav_breakpoint\":\"s\",\"panel_link\":false,\"panel_match\":true,\"show_content\":true,\"show_hover_image\":true,\"show_hover_video\":true,\"show_image\":true,\"show_link\":true,\"show_meta\":true,\"show_title\":true,\"show_video\":true,\"slidenav\":\"\",\"slidenav_breakpoint\":\"xl\",\"slidenav_margin\":\"medium\",\"slidenav_outside_breakpoint\":\"xl\",\"slider_autoplay\":true,\"slider_autoplay_interval\":\"3\",\"slider_autoplay_pause\":false,\"slider_divider\":false,\"slider_gap\":\"medium\",\"slider_sets\":false,\"slider_width\":\"\",\"slider_width_default\":\"1-1\",\"slider_width_medium\":\"1-3\",\"title_align\":\"top\",\"title_element\":\"h3\",\"title_grid_breakpoint\":\"m\",\"title_grid_width\":\"1-2\",\"title_hover_style\":\"reset\",\"title_link\":true,\"title_margin\":\"remove\",\"title_style\":\"h5\"},\"children\":[{\"type\":\"panel-slider_item\",\"props\":{\"hover_image\":\"wp-content\/uploads\/2025\/02\/Vivienda-en-alquiler-calle-pico-cebollera-1.webp\",\"image\":\"wp-content\/uploads\/2025\/02\/Vivienda-en-alquiler-calle-pico-cebollera.webp\",\"image_alt\":\"Alquier piso en Puente de Vallecas Madrid\",\"item_element\":\"article\",\"link\":\"pico-cebollera\/\",\"meta\":\"Puente de Vallecas\",\"title\":\"Pico Cebollera\"}},{\"type\":\"panel-slider_item\",\"props\":{\"hover_image\":\"wp-content\/uploads\/2025\/02\/vivienda-en-alquier-loreto-y-chicote-Madrid-2.webp\",\"image\":\"wp-content\/uploads\/2025\/02\/vivienda-en-alquier-loreto-y-chicote-Madrid.webp\",\"image_alt\":\"Madrid Centro - Gran V\u00eda\",\"item_element\":\"article\",\"link\":\"gran-via\/\",\"meta\":\"Madrid Centro\",\"title\":\"Loreto y Chicote\"}},{\"type\":\"panel-slider_item\",\"props\":{\"hover_image\":\"wp-content\/uploads\/2025\/07\/ocana-e3.webp\",\"image\":\"wp-content\/uploads\/2025\/07\/cocina-ocana-6.webp\",\"image_alt\":\"Vivienda en Latina Tur\u00edstico\",\"item_element\":\"article\",\"link\":\"vivienda-turistica-ocana-6\/\",\"meta\":\"Vivienda en Latina\",\"title\":\"Oca\u00f1a 6\"}}],\"name\":\"ReelViviendas\"}]}]}]},{\"name\":\"HOTEL\",\"type\":\"section\",\"props\":{\"animation\":\"fade\",\"html_element\":\"section\",\"image_position\":\"center-center\",\"image_size\":\"cover\",\"overlap\":true,\"padding_bottom\":\"large\",\"padding_top\":\"large\",\"style\":\"muted\",\"title_breakpoint\":\"xl\",\"title_position\":\"top-left\",\"title_rotation\":\"left\",\"vertical_align\":\"\",\"width\":\"large\"},\"children\":[{\"type\":\"row\",\"props\":{\"column_gap\":\"medium\",\"row_gap\":\"medium\"},\"children\":[{\"type\":\"column\",\"props\":{\"image_position\":\"center-center\",\"position_sticky_breakpoint\":\"m\",\"vertical_align\":\"middle\",\"width_medium\":\"1-1\"},\"children\":[{\"type\":\"headline\",\"props\":{\"content\":\"Vive lo que el Hotel MA 24 tiene para ti\",\"image_align\":\"left\",\"image_margin\":\"xsmall\",\"text_align\":\"center\",\"title_color\":\"primary\",\"title_element\":\"h2\",\"title_style\":\"heading-small\"}},{\"type\":\"text\",\"props\":{\"block_align\":\"center\",\"column_breakpoint\":\"m\",\"content\":\"\n\n<p>Entra en MA 24, un hotel moderno y funcional cerca de Madrid R\u00edo. Habitaciones totalmente equipadas, confort de alta calidad y opciones ideales para estancias individuales o en grupo.<\/p>\n\n\",\"margin_bottom\":\"default\",\"margin_top\":\"default\",\"maxwidth\":\"xlarge\",\"text_align\":\"center\",\"text_color\":\"emphasis\"}}]}]},{\"type\":\"row\",\"props\":{\"column_gap\":\"large\",\"layout\":\"expand,large,expand\",\"row_gap\":\"large\"},\"children\":[{\"type\":\"column\",\"props\":{\"image_position\":\"center-center\",\"position_sticky_breakpoint\":\"m\",\"width_medium\":\"expand\"},\"children\":[{\"type\":\"panel\",\"props\":{\"content\":\"A un paso de Madrid R\u00edo, con f\u00e1cil acceso al metro Oporto y Urgel.\",\"content_column_breakpoint\":\"m\",\"image\":\"\",\"image_align\":\"top\",\"image_grid_breakpoint\":\"m\",\"image_grid_width\":\"1-2\",\"image_svg_color\":\"emphasis\",\"link_style\":\"\",\"link_text\":\"Read more\",\"margin_bottom\":\"large\",\"margin_top\":\"large\",\"meta_align\":\"below-title\",\"meta_element\":\"div\",\"meta_style\":\"text-meta\",\"text_align\":\"center\",\"text_align_breakpoint\":\"m\",\"text_align_fallback\":\"center\",\"title\":\"Ubicaci\u00f3n estrat\u00e9gica\",\"title_align\":\"top\",\"title_element\":\"h3\",\"title_grid_breakpoint\":\"m\",\"title_grid_width\":\"1-2\",\"title_hover_style\":\"reset\",\"title_style\":\"h3\"}},{\"type\":\"panel\",\"props\":{\"content\":\"Espacios de 23 m\u00b2 a 35 m\u00b2, completamente equipados para tu confort.\",\"content_column_breakpoint\":\"m\",\"image\":\"\",\"image_align\":\"top\",\"image_grid_breakpoint\":\"m\",\"image_grid_width\":\"1-2\",\"image_svg_color\":\"emphasis\",\"link_style\":\"\",\"link_text\":\"Read more\",\"margin_bottom\":\"large\",\"margin_top\":\"large\",\"meta_align\":\"below-title\",\"meta_element\":\"div\",\"meta_style\":\"text-meta\",\"text_align\":\"center\",\"text_align_breakpoint\":\"m\",\"text_align_fallback\":\"center\",\"title\":\"Habitaciones modernas y c\u00f3modas\",\"title_align\":\"top\",\"title_element\":\"h3\",\"title_grid_breakpoint\":\"m\",\"title_grid_width\":\"1-2\",\"title_hover_style\":\"reset\",\"title_style\":\"h3\"}},{\"type\":\"panel\",\"props\":{\"content\":\"Nevera, horno-microondas ultrarr\u00e1pido y cafetera Nespresso.\",\"content_column_breakpoint\":\"m\",\"image\":\"\",\"image_align\":\"top\",\"image_grid_breakpoint\":\"m\",\"image_grid_width\":\"1-2\",\"image_svg_color\":\"emphasis\",\"link_style\":\"\",\"link_text\":\"Read more\",\"margin_bottom\":\"large\",\"margin_top\":\"large\",\"meta_align\":\"below-title\",\"meta_element\":\"div\",\"meta_style\":\"text-meta\",\"text_align\":\"center\",\"text_align_breakpoint\":\"m\",\"text_align_fallback\":\"center\",\"title\":\"Cocina completa en cada habitaci\u00f3n\",\"title_align\":\"top\",\"title_element\":\"h3\",\"title_grid_breakpoint\":\"m\",\"title_grid_width\":\"1-2\",\"title_hover_style\":\"reset\",\"title_style\":\"h3\"}}]},{\"type\":\"column\",\"props\":{\"image_position\":\"center-center\",\"position_sticky_breakpoint\":\"m\",\"width_medium\":\"medium\"},\"children\":[{\"type\":\"image\",\"props\":{\"image\":\"wp-content\/uploads\/2025\/03\/hotel-madrid-rio-home.webp\",\"image_alt\":\"hotel ma 24\",\"image_border\":\"rounded\",\"image_box_shadow\":\"large\",\"image_svg_color\":\"emphasis\",\"image_width\":\"640\",\"link_aria_label\":\"Apartamentos peque\u00f1os en alquiler por d\u00edas Madrid\",\"margin_bottom\":\"default\",\"margin_top\":\"default\",\"text_align\":\"center\"}},{\"type\":\"button\",\"props\":{\"grid_column_gap\":\"small\",\"grid_row_gap\":\"small\",\"margin_bottom\":\"large\",\"margin_top\":\"large\",\"text_align\":\"center\"},\"children\":[{\"type\":\"button_item\",\"props\":{\"button_style\":\"default\",\"content\":\"Ver Hotel\",\"dialog_layout\":\"modal\",\"dialog_offcanvas_flip\":true,\"icon_align\":\"left\",\"link\":\"hotel-madrid-rio\/\",\"link_aria_label\":\"Ver Hotel\",\"link_title\":\"Ver Hotel\"}}]}]},{\"type\":\"column\",\"props\":{\"image_position\":\"center-center\",\"position_sticky_breakpoint\":\"m\",\"width_medium\":\"expand\"},\"children\":[{\"type\":\"panel\",\"props\":{\"content\":\"Fibra \u00f3ptica sim\u00e9trica de 1 GB para trabajar o disfrutar sin interrupciones.\",\"content_column_breakpoint\":\"m\",\"image\":\"\",\"image_align\":\"top\",\"image_grid_breakpoint\":\"m\",\"image_grid_width\":\"1-2\",\"image_svg_color\":\"emphasis\",\"link_style\":\"\",\"link_text\":\"Read more\",\"margin_bottom\":\"large\",\"margin_top\":\"large\",\"meta_align\":\"below-title\",\"meta_element\":\"div\",\"meta_style\":\"text-meta\",\"text_align\":\"center\",\"text_align_breakpoint\":\"m\",\"text_align_fallback\":\"center\",\"title\":\"WiFi de alta velocidad\",\"title_align\":\"top\",\"title_element\":\"h3\",\"title_grid_breakpoint\":\"m\",\"title_grid_width\":\"1-2\",\"title_hover_style\":\"reset\",\"title_style\":\"h3\"}},{\"type\":\"panel\",\"props\":{\"content\":\"Aerotermia, aislamiento ac\u00fastico y t\u00e9rmico, con aire acondicionado central.\",\"content_column_breakpoint\":\"m\",\"image\":\"\",\"image_align\":\"top\",\"image_grid_breakpoint\":\"m\",\"image_grid_width\":\"1-2\",\"image_svg_color\":\"emphasis\",\"link_style\":\"\",\"link_text\":\"Read more\",\"margin_bottom\":\"large\",\"margin_top\":\"large\",\"meta_align\":\"below-title\",\"meta_element\":\"div\",\"meta_style\":\"text-meta\",\"text_align\":\"center\",\"text_align_breakpoint\":\"m\",\"text_align_fallback\":\"center\",\"title\":\"Eficiencia energ\u00e9tica y confort\",\"title_align\":\"top\",\"title_element\":\"h3\",\"title_grid_breakpoint\":\"m\",\"title_grid_width\":\"1-2\",\"title_hover_style\":\"reset\",\"title_style\":\"h3\"}},{\"type\":\"panel\",\"props\":{\"content\":\"Reserva plantas completas del hotel o disfruta de la exclusiva terraza de 50 m\u00b2 de la Habitaci\u00f3n 202.\",\"content_column_breakpoint\":\"m\",\"image\":\"\",\"image_align\":\"top\",\"image_grid_breakpoint\":\"m\",\"image_grid_width\":\"1-2\",\"image_svg_color\":\"emphasis\",\"link_style\":\"\",\"link_text\":\"Read more\",\"margin_bottom\":\"large\",\"margin_top\":\"large\",\"meta_align\":\"below-title\",\"meta_element\":\"div\",\"meta_style\":\"text-meta\",\"text_align\":\"center\",\"text_align_breakpoint\":\"m\",\"text_align_fallback\":\"center\",\"title\":\"Opciones para grupos\",\"title_align\":\"top\",\"title_element\":\"h3\",\"title_grid_breakpoint\":\"m\",\"title_grid_width\":\"1-2\",\"title_hover_style\":\"reset\",\"title_style\":\"h3\"}}]}]}]},{\"type\":\"section\",\"props\":{\"animation\":\"fade\",\"html_element\":\"section\",\"image_position\":\"center-center\",\"padding_bottom\":\"none\",\"padding_top\":\"none\",\"status\":\"disabled\",\"style\":\"default\",\"title_breakpoint\":\"xl\",\"title_position\":\"top-left\",\"title_rotation\":\"left\",\"vertical_align\":\"\",\"width\":\"large\"},\"children\":[{\"type\":\"row\",\"children\":[{\"type\":\"column\",\"props\":{\"image_position\":\"center-center\",\"padding\":\"large\",\"position_sticky_breakpoint\":\"m\",\"style\":\"tile-muted\",\"vertical_align\":\"middle\",\"width_large\":\"3-5\",\"width_medium\":\"1-2\"},\"children\":[{\"type\":\"headline\",\"props\":{\"block_align\":\"center\",\"content\":\"\u00a1Reserva tu vivienda de alquiler en Madrid!\",\"image_align\":\"left\",\"image_margin\":\"xsmall\",\"maxwidth\":\"xlarge\",\"text_align\":\"left\",\"text_align_breakpoint\":\"m\",\"text_align_fallback\":\"center\",\"title_element\":\"h3\"}},{\"type\":\"text\",\"props\":{\"block_align\":\"center\",\"block_align_breakpoint\":\"m\",\"block_align_fallback\":\"center\",\"column_breakpoint\":\"m\",\"content\":\"Haz clic abajo y encuentra tu pr\u00f3xima vivienda en alquiler. \u00a1Que el piso de tus sue\u00f1os no se alquile a otro!\",\"margin_bottom\":\"default\",\"margin_top\":\"default\",\"maxwidth\":\"xlarge\",\"maxwidth_breakpoint\":\"m\",\"text_align\":\"left\",\"text_align_breakpoint\":\"m\",\"text_align_fallback\":\"center\"}}]},{\"type\":\"column\",\"props\":{\"image_position\":\"center-center\",\"padding\":\"none\",\"position_sticky_breakpoint\":\"m\",\"style\":\"tile-muted\",\"vertical_align\":\"bottom\",\"width_large\":\"2-5\",\"width_medium\":\"1-2\"},\"children\":[{\"type\":\"image\",\"props\":{\"animation\":\"slide-right-small\",\"image\":\"wp-content\/uploads\/yootheme\/cta-bg.svg\",\"image_alt\":\"Viviendas en alquiler Madrid\",\"image_svg_color\":\"emphasis\",\"image_svg_inline\":true,\"image_width\":\"560\",\"margin_bottom\":\"default\",\"margin_top\":\"default\",\"visibility\":\"m\"}}]}],\"props\":{\"column_gap\":\"collapse\",\"layout\":\"3-5,2-5\",\"row_gap\":\"collapse\"}}],\"name\":\"Call to Action\"}],\"version\":\"5.0.23\"} --><\/p>\n","protected":false},"excerpt":{"rendered":"<p>Nuestras viviendas Madrid Viviendas Temporada Narciso Serra Retiro Men\u00e9ndez Pelayo Ibiza Esteban Collantes Zona Calle Alcal\u00e1 &#8211; Ventas Caliza Vic\u00e1lvaro Toboso San Isidro &#8211; Carabanchel Pedro Antonio Alarc\u00f3n Almudena &#8211; Ventas Aluche &#8211; Oca\u00f1a Latina Barrio del Pilar Tetu\u00e1n Viviendas Tur\u00edstica Pico Cebollera Puente de Vallecas Loreto y Chicote Madrid Centro Oca\u00f1a 6 Vivienda en [&hellip;]<\/p>\n","protected":false},"author":1,"featured_media":2579,"parent":0,"menu_order":0,"comment_status":"closed","ping_status":"closed","template":"","meta":{"_acf_changed":false,"footnotes":""},"class_list":["post-2864","page","type-page","status-publish","has-post-thumbnail","hentry"],"acf":[],"yoast_head":"<!-- This site is optimized with the Yoast SEO plugin v27.4 - https:\/\/yoast.com\/product\/yoast-seo-wordpress\/ -->\n<title>Listado de todas las viviendas - Global Homes<\/title>\n<meta name=\"description\" content=\"Te mostramos todo el listado de viviendas de Global Homes. Entra y encuentra todas las viviendas en las que podr\u00e1s alojarte.\" \/>\n<meta name=\"robots\" content=\"index, follow, max-snippet:-1, max-image-preview:large, max-video-preview:-1\" \/>\n<link rel=\"canonical\" href=\"https:\/\/globalhp.es\/en\/todas-las-viviendas-global-homes\/\" \/>\n<meta property=\"og:locale\" content=\"en_GB\" \/>\n<meta property=\"og:type\" content=\"article\" \/>\n<meta property=\"og:title\" content=\"Listado de todas las viviendas - Global Homes\" \/>\n<meta property=\"og:description\" content=\"Te mostramos todo el listado de viviendas de Global Homes. Entra y encuentra todas las viviendas en las que podr\u00e1s alojarte.\" \/>\n<meta property=\"og:url\" content=\"https:\/\/globalhp.es\/en\/todas-las-viviendas-global-homes\/\" \/>\n<meta property=\"og:site_name\" content=\"Viviendas en Alquiler Madrid | Global Homes\" \/>\n<meta property=\"article:modified_time\" content=\"2026-03-25T15:08:16+00:00\" \/>\n<meta property=\"og:image\" content=\"https:\/\/globalhp.es\/wp-content\/uploads\/2020\/12\/Host-Global-Homes.webp\" \/>\n\t<meta property=\"og:image:width\" content=\"100\" \/>\n\t<meta property=\"og:image:height\" content=\"100\" \/>\n\t<meta property=\"og:image:type\" content=\"image\/webp\" \/>\n<meta name=\"twitter:card\" content=\"summary_large_image\" \/>\n<meta name=\"twitter:label1\" content=\"Estimated reading time\" \/>\n\t<meta name=\"twitter:data1\" content=\"5 minutes\" \/>\n<script type=\"application\/ld+json\" class=\"yoast-schema-graph\">{\"@context\":\"https:\\\/\\\/schema.org\",\"@graph\":[{\"@type\":\"WebPage\",\"@id\":\"https:\\\/\\\/globalhp.es\\\/todas-las-viviendas-global-homes\\\/\",\"url\":\"https:\\\/\\\/globalhp.es\\\/todas-las-viviendas-global-homes\\\/\",\"name\":\"Listado de todas las viviendas - Global Homes\",\"isPartOf\":{\"@id\":\"https:\\\/\\\/globalhp.es\\\/#website\"},\"primaryImageOfPage\":{\"@id\":\"https:\\\/\\\/globalhp.es\\\/todas-las-viviendas-global-homes\\\/#primaryimage\"},\"image\":{\"@id\":\"https:\\\/\\\/globalhp.es\\\/todas-las-viviendas-global-homes\\\/#primaryimage\"},\"thumbnailUrl\":\"https:\\\/\\\/globalhp.es\\\/wp-content\\\/uploads\\\/2020\\\/12\\\/Host-Global-Homes.webp\",\"datePublished\":\"2025-01-27T17:36:20+00:00\",\"dateModified\":\"2026-03-25T15:08:16+00:00\",\"description\":\"Te mostramos todo el listado de viviendas de Global Homes. Entra y encuentra todas las viviendas en las que podr\u00e1s alojarte.\",\"breadcrumb\":{\"@id\":\"https:\\\/\\\/globalhp.es\\\/todas-las-viviendas-global-homes\\\/#breadcrumb\"},\"inLanguage\":\"en-GB\",\"potentialAction\":[{\"@type\":\"ReadAction\",\"target\":[\"https:\\\/\\\/globalhp.es\\\/todas-las-viviendas-global-homes\\\/\"]}]},{\"@type\":\"ImageObject\",\"inLanguage\":\"en-GB\",\"@id\":\"https:\\\/\\\/globalhp.es\\\/todas-las-viviendas-global-homes\\\/#primaryimage\",\"url\":\"https:\\\/\\\/globalhp.es\\\/wp-content\\\/uploads\\\/2020\\\/12\\\/Host-Global-Homes.webp\",\"contentUrl\":\"https:\\\/\\\/globalhp.es\\\/wp-content\\\/uploads\\\/2020\\\/12\\\/Host-Global-Homes.webp\",\"width\":100,\"height\":100},{\"@type\":\"BreadcrumbList\",\"@id\":\"https:\\\/\\\/globalhp.es\\\/todas-las-viviendas-global-homes\\\/#breadcrumb\",\"itemListElement\":[{\"@type\":\"ListItem\",\"position\":1,\"name\":\"Home\",\"item\":\"https:\\\/\\\/globalhp.es\\\/\"},{\"@type\":\"ListItem\",\"position\":2,\"name\":\"Listado de todas las viviendas\"}]},{\"@type\":\"WebSite\",\"@id\":\"https:\\\/\\\/globalhp.es\\\/#website\",\"url\":\"https:\\\/\\\/globalhp.es\\\/\",\"name\":\"Viviendas en Alquiler Madrid | Global Homes\",\"description\":\"Alquiler de viviendas por d\u00edas y semanas en Madrid\",\"publisher\":{\"@id\":\"https:\\\/\\\/globalhp.es\\\/#organization\"},\"potentialAction\":[{\"@type\":\"SearchAction\",\"target\":{\"@type\":\"EntryPoint\",\"urlTemplate\":\"https:\\\/\\\/globalhp.es\\\/?s={search_term_string}\"},\"query-input\":{\"@type\":\"PropertyValueSpecification\",\"valueRequired\":true,\"valueName\":\"search_term_string\"}}],\"inLanguage\":\"en-GB\"},{\"@type\":\"Organization\",\"@id\":\"https:\\\/\\\/globalhp.es\\\/#organization\",\"name\":\"Viviendas en Alquiler Madrid | Global Homes\",\"url\":\"https:\\\/\\\/globalhp.es\\\/\",\"logo\":{\"@type\":\"ImageObject\",\"inLanguage\":\"en-GB\",\"@id\":\"https:\\\/\\\/globalhp.es\\\/#\\\/schema\\\/logo\\\/image\\\/\",\"url\":\"https:\\\/\\\/globalhp.es\\\/wp-content\\\/uploads\\\/2025\\\/01\\\/GHP_Logo_Homes_325px.png\",\"contentUrl\":\"https:\\\/\\\/globalhp.es\\\/wp-content\\\/uploads\\\/2025\\\/01\\\/GHP_Logo_Homes_325px.png\",\"width\":325,\"height\":104,\"caption\":\"Viviendas en Alquiler Madrid | Global Homes\"},\"image\":{\"@id\":\"https:\\\/\\\/globalhp.es\\\/#\\\/schema\\\/logo\\\/image\\\/\"}}]}<\/script>\n<!-- \/ Yoast SEO plugin. -->","yoast_head_json":{"title":"Listado de todas las viviendas - Global Homes","description":"Te mostramos todo el listado de viviendas de Global Homes. Entra y encuentra todas las viviendas en las que podr\u00e1s alojarte.","robots":{"index":"index","follow":"follow","max-snippet":"max-snippet:-1","max-image-preview":"max-image-preview:large","max-video-preview":"max-video-preview:-1"},"canonical":"https:\/\/globalhp.es\/en\/todas-las-viviendas-global-homes\/","og_locale":"en_GB","og_type":"article","og_title":"Listado de todas las viviendas - Global Homes","og_description":"Te mostramos todo el listado de viviendas de Global Homes. Entra y encuentra todas las viviendas en las que podr\u00e1s alojarte.","og_url":"https:\/\/globalhp.es\/en\/todas-las-viviendas-global-homes\/","og_site_name":"Viviendas en Alquiler Madrid | Global Homes","article_modified_time":"2026-03-25T15:08:16+00:00","og_image":[{"width":100,"height":100,"url":"https:\/\/globalhp.es\/wp-content\/uploads\/2020\/12\/Host-Global-Homes.webp","type":"image\/webp"}],"twitter_card":"summary_large_image","twitter_misc":{"Estimated reading time":"5 minutes"},"schema":{"@context":"https:\/\/schema.org","@graph":[{"@type":"WebPage","@id":"https:\/\/globalhp.es\/todas-las-viviendas-global-homes\/","url":"https:\/\/globalhp.es\/todas-las-viviendas-global-homes\/","name":"Listado de todas las viviendas - Global Homes","isPartOf":{"@id":"https:\/\/globalhp.es\/#website"},"primaryImageOfPage":{"@id":"https:\/\/globalhp.es\/todas-las-viviendas-global-homes\/#primaryimage"},"image":{"@id":"https:\/\/globalhp.es\/todas-las-viviendas-global-homes\/#primaryimage"},"thumbnailUrl":"https:\/\/globalhp.es\/wp-content\/uploads\/2020\/12\/Host-Global-Homes.webp","datePublished":"2025-01-27T17:36:20+00:00","dateModified":"2026-03-25T15:08:16+00:00","description":"Te mostramos todo el listado de viviendas de Global Homes. Entra y encuentra todas las viviendas en las que podr\u00e1s alojarte.","breadcrumb":{"@id":"https:\/\/globalhp.es\/todas-las-viviendas-global-homes\/#breadcrumb"},"inLanguage":"en-GB","potentialAction":[{"@type":"ReadAction","target":["https:\/\/globalhp.es\/todas-las-viviendas-global-homes\/"]}]},{"@type":"ImageObject","inLanguage":"en-GB","@id":"https:\/\/globalhp.es\/todas-las-viviendas-global-homes\/#primaryimage","url":"https:\/\/globalhp.es\/wp-content\/uploads\/2020\/12\/Host-Global-Homes.webp","contentUrl":"https:\/\/globalhp.es\/wp-content\/uploads\/2020\/12\/Host-Global-Homes.webp","width":100,"height":100},{"@type":"BreadcrumbList","@id":"https:\/\/globalhp.es\/todas-las-viviendas-global-homes\/#breadcrumb","itemListElement":[{"@type":"ListItem","position":1,"name":"Home","item":"https:\/\/globalhp.es\/"},{"@type":"ListItem","position":2,"name":"Listado de todas las viviendas"}]},{"@type":"WebSite","@id":"https:\/\/globalhp.es\/#website","url":"https:\/\/globalhp.es\/","name":"Viviendas en Alquiler Madrid | Global Homes","description":"Alquiler de viviendas por d\u00edas y semanas en Madrid","publisher":{"@id":"https:\/\/globalhp.es\/#organization"},"potentialAction":[{"@type":"SearchAction","target":{"@type":"EntryPoint","urlTemplate":"https:\/\/globalhp.es\/?s={search_term_string}"},"query-input":{"@type":"PropertyValueSpecification","valueRequired":true,"valueName":"search_term_string"}}],"inLanguage":"en-GB"},{"@type":"Organization","@id":"https:\/\/globalhp.es\/#organization","name":"Viviendas en Alquiler Madrid | Global Homes","url":"https:\/\/globalhp.es\/","logo":{"@type":"ImageObject","inLanguage":"en-GB","@id":"https:\/\/globalhp.es\/#\/schema\/logo\/image\/","url":"https:\/\/globalhp.es\/wp-content\/uploads\/2025\/01\/GHP_Logo_Homes_325px.png","contentUrl":"https:\/\/globalhp.es\/wp-content\/uploads\/2025\/01\/GHP_Logo_Homes_325px.png","width":325,"height":104,"caption":"Viviendas en Alquiler Madrid | Global Homes"},"image":{"@id":"https:\/\/globalhp.es\/#\/schema\/logo\/image\/"}}]}},"_links":{"self":[{"href":"https:\/\/globalhp.es\/en\/wp-json\/wp\/v2\/pages\/2864","targetHints":{"allow":["GET"]}}],"collection":[{"href":"https:\/\/globalhp.es\/en\/wp-json\/wp\/v2\/pages"}],"about":[{"href":"https:\/\/globalhp.es\/en\/wp-json\/wp\/v2\/types\/page"}],"author":[{"embeddable":true,"href":"https:\/\/globalhp.es\/en\/wp-json\/wp\/v2\/users\/1"}],"replies":[{"embeddable":true,"href":"https:\/\/globalhp.es\/en\/wp-json\/wp\/v2\/comments?post=2864"}],"version-history":[{"count":111,"href":"https:\/\/globalhp.es\/en\/wp-json\/wp\/v2\/pages\/2864\/revisions"}],"predecessor-version":[{"id":8164,"href":"https:\/\/globalhp.es\/en\/wp-json\/wp\/v2\/pages\/2864\/revisions\/8164"}],"wp:featuredmedia":[{"embeddable":true,"href":"https:\/\/globalhp.es\/en\/wp-json\/wp\/v2\/media\/2579"}],"wp:attachment":[{"href":"https:\/\/globalhp.es\/en\/wp-json\/wp\/v2\/media?parent=2864"}],"curies":[{"name":"wp","href":"https:\/\/api.w.org\/{rel}","templated":true}]}}