{"id":52,"date":"2020-12-08T08:20:32","date_gmt":"2020-12-08T08:20:32","guid":{"rendered":"https:\/\/homes.globalhp.es\/?p=52"},"modified":"2025-09-03T15:08:04","modified_gmt":"2025-09-03T15:08:04","slug":"mapa-viviendas-global-homes","status":"publish","type":"page","link":"https:\/\/globalhp.es\/en\/mapa-viviendas-global-homes\/","title":{"rendered":"Mapa de las viviendas de Global Homes"},"content":{"rendered":"<h1><a href=\"\/index.php?post_type=accommodation\">Todas las viviendas de Madrid por Global Homes<\/a><\/h1>\n<div>\n<p>Encontrar\u00e1s la vivienda perfecta para pasar los d\u00edas que necesites en Madrid.<\/p>\n<\/div>\n<ul>\n<li>\n<p>        <img decoding=\"async\" src=\"\/wp-content\/uploads\/2025\/02\/SALON-VIVIENDA-ALQUILER-ZONA-RETIRO.webp\" alt=\"Alquier vivienda en zona Retiro Madrid\"><\/p>\n<p><img decoding=\"async\" src=\"\/wp-content\/uploads\/2025\/02\/HABITACION-vivienda-en-alquiler-zona-Retiro.webp\" alt><\/p>\n<h3>Narciso Serra<\/h3>\n<p>Retiro<\/p>\n<p><a href=\"\/vivienda-alquiler-zona-retiro\/\"><\/a><\/p>\n<\/li>\n<li>\n<p>        <img decoding=\"async\" src=\"\/wp-content\/uploads\/2025\/01\/vivienda-3-alquier-ciudad-lineal-esteban-collantes.webp\" alt=\"Alquier piso en Calle Alcal\u00e1 Madrid\"><\/p>\n<p><img decoding=\"async\" src=\"\/wp-content\/uploads\/2025\/01\/vivienda-alquier-ciudad-lineal-esteban-collantes.webp\" alt><\/p>\n<h3>Esteban Collantes<\/h3>\n<p>Zona Calle Alcal\u00e1<\/p>\n<p><a href=\"\/alquiler-vivienda-esteban-collantes\/\"><\/a><\/p>\n<\/li>\n<li>\n<p>        <img decoding=\"async\" src=\"\/wp-content\/uploads\/2025\/01\/Caliza-habitacion-2.webp\" alt=\"Alquier piso en vic\u00e1lvaro Madrid\"><\/p>\n<p><img decoding=\"async\" src=\"\/wp-content\/uploads\/2025\/01\/prueba-caliza.webp\" alt><\/p>\n<h3>Caliza<\/h3>\n<p>Vic\u00e1lvaro<\/p>\n<p><a href=\"\/alquiler-vivienda-calle-caliza\/\"><\/a><\/p>\n<\/li>\n<li>\n<p>        <img decoding=\"async\" src=\"\/wp-content\/uploads\/2025\/02\/vivienda-en-alquiler-carabanchel-Madrid-1.webp\" alt=\"Alquier de viviendas en Carabanchel Madrid\"><\/p>\n<p><img decoding=\"async\" src=\"\/wp-content\/uploads\/2025\/02\/vivienda-en-alquiler-carabanchel-Madrid.webp\" alt><\/p>\n<h3>Toboso<\/h3>\n<p>San Isidro<\/p>\n<p><a href=\"\/vivienda-carabanchel\/\"><\/a><\/p>\n<\/li>\n<li>\n<p>        <img decoding=\"async\" src=\"\/wp-content\/uploads\/2025\/02\/Vivienda-de-alquiler-en-Calle-Ocana.webp\" alt=\"Alquier de estudios en Carabanchel Madrid\"><\/p>\n<p><img decoding=\"async\" src=\"\/wp-content\/uploads\/2025\/02\/Vivienda-de-alquiler-en-Calle-Ocana-2.webp\" alt><\/p>\n<h3>Oca\u00f1a<\/h3>\n<p>Carabanchel<\/p>\n<p><a href=\"\/vivienda-alquiler-latina\/\"><\/a><\/p>\n<\/li>\n<li>\n<p>        <img decoding=\"async\" src=\"\/wp-content\/uploads\/2025\/02\/Vivienda-en-alquiler-calle-pico-cebollera.webp\" alt=\"Alquier piso en Puente de Vallecas Madrid\"><\/p>\n<p><img decoding=\"async\" src=\"\/wp-content\/uploads\/2025\/02\/Vivienda-en-alquiler-calle-pico-cebollera-1.webp\" alt><\/p>\n<h3>Pico Cebollera<\/h3>\n<p>Puente de Vallecas<\/p>\n<p><a href=\"\/pico-cebollera\/\"><\/a><\/p>\n<\/li>\n<li>\n<p>        <img decoding=\"async\" src=\"\/wp-content\/uploads\/2025\/02\/vivienda-en-alquier-loreto-y-chicote-Madrid.webp\" alt=\"Madrid Centro - Gran V\u00eda\"><\/p>\n<p><img decoding=\"async\" src=\"\/wp-content\/uploads\/2025\/02\/vivienda-en-alquier-loreto-y-chicote-Madrid-2.webp\" alt><\/p>\n<h3>Loreto y Chicote<\/h3>\n<p>Madrid Centro<\/p>\n<p><a href=\"\/gran-via\/\"><\/a><\/p>\n<\/li>\n<li>\n<p>        <img decoding=\"async\" src=\"\/wp-content\/uploads\/2025\/02\/vivienda-en-alquier-pedro-Antonio-Madrid-2.webp\" alt=\"Alquier piso en vic\u00e1lvaro Madrid\"><\/p>\n<p><img decoding=\"async\" src=\"\/wp-content\/uploads\/2025\/02\/vivienda-en-alquier-pedro-Antonio-Madrid-1.webp\" alt><\/p>\n<h3>Pedro Antonio Alarc\u00f3n<\/h3>\n<p>Ventas<\/p>\n<p><a href=\"\/vivienda-alquier-pedro-antonio-alarcon\/\"><\/a><\/p>\n<\/li>\n<\/ul>\n<ul>\n<li>\n<p>40.39882047207988,-3.60469871642539<\/p>\n<\/li>\n<li>\n<p>40.431992068259305,-3.6401522894828098<\/p>\n<\/li>\n<li>\n<p>40.427689279876574,-3.6408964606478005<\/p>\n<\/li>\n<li>\n<p>40.40572923586692,-3.6784673183190826<\/p>\n<\/li>\n<li>\n<p>40.39325633891655,-3.732066031814087<\/p>\n<\/li>\n<li>\n<p>40.39325633891655,-3.732066031814087<\/p>\n<\/li>\n<li>\n<p>40.38733871076068,-3.7553309471549925<\/p>\n<\/li>\n<li>\n<p>40.39364139396564,-3.6715615318140427<\/p>\n<\/li>\n<li>\n<p>40.39364139396564,-3.6715615318140427<\/p>\n<\/li>\n<li>\n<p>40.42181572369395,-3.7042759606480558<\/p>\n<\/li>\n<\/ul>\n<p><!--more--><br \/>\n<!-- {\"type\":\"layout\",\"children\":[{\"name\":\"Viviendas\",\"type\":\"section\",\"props\":{\"animation\":\"fade\",\"height_viewport\":false,\"image_position\":\"center-center\",\"image_size\":\"cover\",\"padding_remove_bottom\":false,\"padding_remove_top\":false,\"style\":\"default\",\"title_breakpoint\":\"xl\",\"title_position\":\"top-left\",\"title_rotation\":\"left\",\"vertical_align\":\"\",\"width\":\"\"},\"children\":[{\"type\":\"row\",\"children\":[{\"type\":\"column\",\"props\":{\"image_position\":\"center-center\",\"position_sticky_breakpoint\":\"m\",\"vertical_align\":\"middle\",\"width_default\":\"expand\"},\"children\":[{\"type\":\"headline\",\"props\":{\"animation\":\"none\",\"block_align\":\"center\",\"content\":\"Todas las viviendas de Madrid por Global Homes\",\"link\":\"index.php?post_type=accommodation\",\"text_align_fallback\":\"center\",\"title_element\":\"h1\"}},{\"type\":\"text\",\"props\":{\"column_breakpoint\":\"m\",\"content\":\"\n\n<p>Encontrar\\u00e1s la vivienda perfecta para pasar los d\\u00edas que necesites en Madrid.<\\\/p>\",\"margin\":\"default\",\"maxwidth\":\"2xlarge\",\"text_style\":\"lead\",\"visibility\":\"m\"}}]},{\"type\":\"column\",\"props\":{\"image_position\":\"center-center\",\"position_sticky_breakpoint\":\"m\",\"vertical_align\":\"middle\",\"width_default\":\"auto\"},\"children\":[{\"type\":\"button\",\"props\":{\"animation\":\"none\",\"grid_column_gap\":\"small\",\"grid_row_gap\":\"small\",\"margin\":\"medium\",\"status\":\"disabled\",\"text_align\":\"right\"},\"children\":[{\"type\":\"button_item\",\"props\":{\"button_style\":\"text\",\"content\":\"Ver todas\",\"dialog_layout\":\"modal\",\"dialog_offcanvas_flip\":true,\"icon_align\":\"left\",\"link\":\"#\"}}]}]}],\"props\":{\"layout\":\"1-2,1-2\",\"width\":\"large\"}},{\"type\":\"row\",\"props\":{\"margin\":\"default\",\"padding_remove_horizontal\":false,\"width\":\"large\",\"width_expand\":\"right\"},\"children\":[{\"type\":\"column\",\"props\":{\"image_position\":\"center-center\",\"position_sticky_breakpoint\":\"m\"},\"children\":[{\"type\":\"panel-slider\",\"props\":{\"container_padding_remove\":true,\"content_column_breakpoint\":\"m\",\"content_margin\":\"remove\",\"css\":\"@media (max-width: 959px) {\\n    \\n    .el-image {\\n    \\twidth: 500px;\\n    }\\n    \\n}\\n\\n@media (max-width: 639px) {\\n    \\n    .el-image {\\n    \\twidth: 300px;\\n    }\\n    \\n}\",\"icon_width\":80,\"image_align\":\"top\",\"image_grid_breakpoint\":\"m\",\"image_grid_width\":\"1-2\",\"image_height\":400,\"image_link\":true,\"image_loading\":true,\"image_svg_color\":\"emphasis\",\"image_transition\":\"scale-down\",\"image_width\":600,\"link_style\":\"default\",\"link_text\":\"\",\"margin\":\"default\",\"meta_align\":\"above-title\",\"meta_color\":\"primary\",\"meta_element\":\"div\",\"meta_style\":\"h6\",\"nav\":\"\",\"nav_align\":\"center\",\"nav_breakpoint\":\"s\",\"panel_link\":false,\"panel_match\":true,\"show_content\":true,\"show_hover_image\":true,\"show_hover_video\":true,\"show_image\":true,\"show_link\":true,\"show_meta\":true,\"show_title\":true,\"show_video\":true,\"slidenav\":\"\",\"slidenav_breakpoint\":\"xl\",\"slidenav_margin\":\"medium\",\"slidenav_outside_breakpoint\":\"xl\",\"slider_autoplay\":true,\"slider_autoplay_interval\":\"9\",\"slider_autoplay_pause\":false,\"slider_gap\":\"small\",\"slider_width\":\"\",\"slider_width_default\":\"1-1\",\"slider_width_medium\":\"1-3\",\"title_align\":\"top\",\"title_element\":\"h3\",\"title_grid_breakpoint\":\"m\",\"title_grid_width\":\"1-2\",\"title_hover_style\":\"reset\",\"title_link\":true,\"title_margin\":\"remove\",\"title_style\":\"h5\"},\"children\":[{\"type\":\"panel-slider_item\",\"props\":{\"hover_image\":\"wp-content\\\/uploads\\\/2025\\\/02\\\/HABITACION-vivienda-en-alquiler-zona-Retiro.webp\",\"image\":\"wp-content\\\/uploads\\\/2025\\\/02\\\/SALON-VIVIENDA-ALQUILER-ZONA-RETIRO.webp\",\"image_alt\":\"Alquier vivienda en zona Retiro Madrid\",\"item_element\":\"article\",\"link\":\"vivienda-alquiler-zona-retiro\\\/\",\"link_aria_label\":\"Vivienda alquiler en zona Retiro Madrid\",\"meta\":\"Retiro\",\"title\":\"Narciso Serra\"}},{\"type\":\"panel-slider_item\",\"props\":{\"hover_image\":\"wp-content\\\/uploads\\\/2025\\\/01\\\/vivienda-alquier-ciudad-lineal-esteban-collantes.webp\",\"image\":\"wp-content\\\/uploads\\\/2025\\\/01\\\/vivienda-3-alquier-ciudad-lineal-esteban-collantes.webp\",\"image_alt\":\"Alquier piso en Calle Alcal\\u00e1 Madrid\",\"item_element\":\"article\",\"link\":\"alquiler-vivienda-esteban-collantes\\\/\",\"link_aria_label\":\"Alquier piso cerca Calle Alcal\\u00e1 Madrid\",\"meta\":\"Zona Calle Alcal\\u00e1\",\"title\":\"Esteban Collantes\"}},{\"type\":\"panel-slider_item\",\"props\":{\"hover_image\":\"wp-content\\\/uploads\\\/2025\\\/01\\\/prueba-caliza.webp\",\"image\":\"wp-content\\\/uploads\\\/2025\\\/01\\\/Caliza-habitacion-2.webp\",\"image_alt\":\"Alquier piso en vic\\u00e1lvaro Madrid\",\"item_element\":\"article\",\"link\":\"alquiler-vivienda-calle-caliza\\\/\",\"link_aria_label\":\"Alquier piso en vic\\u00e1lvaro Madrid\",\"meta\":\"Vic\\u00e1lvaro\",\"title\":\"Caliza\"}},{\"type\":\"panel-slider_item\",\"props\":{\"hover_image\":\"wp-content\\\/uploads\\\/2025\\\/02\\\/vivienda-en-alquiler-carabanchel-Madrid.webp\",\"image\":\"wp-content\\\/uploads\\\/2025\\\/02\\\/vivienda-en-alquiler-carabanchel-Madrid-1.webp\",\"image_alt\":\"Alquier de viviendas en Carabanchel Madrid\",\"item_element\":\"article\",\"link\":\"vivienda-carabanchel\\\/\",\"link_aria_label\":\"Alquier de viviendas en Carabanchel Madrid\",\"meta\":\"San Isidro\",\"title\":\"Toboso\"}},{\"type\":\"panel-slider_item\",\"props\":{\"hover_image\":\"wp-content\\\/uploads\\\/2025\\\/02\\\/Vivienda-de-alquiler-en-Calle-Ocana-2.webp\",\"image\":\"wp-content\\\/uploads\\\/2025\\\/02\\\/Vivienda-de-alquiler-en-Calle-Ocana.webp\",\"image_alt\":\"Alquier de estudios en Carabanchel Madrid\",\"item_element\":\"article\",\"link\":\"vivienda-alquiler-latina\\\/\",\"link_aria_label\":\"Alquier de estudios en Carabanchel Madrid\",\"meta\":\"Carabanchel\",\"title\":\"Oca\\u00f1a\"}},{\"type\":\"panel-slider_item\",\"props\":{\"hover_image\":\"wp-content\\\/uploads\\\/2025\\\/02\\\/Vivienda-en-alquiler-calle-pico-cebollera-1.webp\",\"image\":\"wp-content\\\/uploads\\\/2025\\\/02\\\/Vivienda-en-alquiler-calle-pico-cebollera.webp\",\"image_alt\":\"Alquier piso en Puente de Vallecas Madrid\",\"item_element\":\"article\",\"link\":\"pico-cebollera\\\/\",\"meta\":\"Puente de Vallecas\",\"title\":\"Pico Cebollera\"}},{\"type\":\"panel-slider_item\",\"props\":{\"hover_image\":\"wp-content\\\/uploads\\\/2025\\\/02\\\/vivienda-en-alquier-loreto-y-chicote-Madrid-2.webp\",\"image\":\"wp-content\\\/uploads\\\/2025\\\/02\\\/vivienda-en-alquier-loreto-y-chicote-Madrid.webp\",\"image_alt\":\"Madrid Centro - Gran V\\u00eda\",\"item_element\":\"article\",\"link\":\"gran-via\\\/\",\"meta\":\"Madrid Centro\",\"title\":\"Loreto y Chicote\"}},{\"type\":\"panel-slider_item\",\"props\":{\"hover_image\":\"wp-content\\\/uploads\\\/2025\\\/02\\\/vivienda-en-alquier-pedro-Antonio-Madrid-1.webp\",\"image\":\"wp-content\\\/uploads\\\/2025\\\/02\\\/vivienda-en-alquier-pedro-Antonio-Madrid-2.webp\",\"image_alt\":\"Alquier piso en vic\\u00e1lvaro Madrid\",\"item_element\":\"article\",\"link\":\"vivienda-alquier-pedro-antonio-alarcon\\\/\",\"meta\":\"Ventas\",\"title\":\"Pedro Antonio Alarc\\u00f3n\"}}]}]}]}]},{\"type\":\"section\",\"props\":{\"image_position\":\"center-center\",\"padding\":\"none\",\"style\":\"default\",\"title_breakpoint\":\"xl\",\"title_position\":\"top-left\",\"title_rotation\":\"left\",\"vertical_align\":\"\",\"width\":\"\"},\"children\":[{\"type\":\"row\",\"children\":[{\"type\":\"column\",\"props\":{\"image_position\":\"center-center\",\"position_sticky_breakpoint\":\"m\"},\"children\":[{\"type\":\"map\",\"props\":{\"cluster_icon_1\":\"wp-content\\\/uploads\\\/yootheme\\\/icon-map-marker-cluster.svg\",\"cluster_icon_1_height\":\"48\",\"cluster_icon_1_text_color\":\"#008776\",\"cluster_icon_1_width\":\"48\",\"cluster_icon_2\":\"wp-content\\\/uploads\\\/yootheme\\\/icon-map-marker-cluster.svg\",\"cluster_icon_2_height\":\"48\",\"cluster_icon_2_text_color\":\"#008776\",\"cluster_icon_2_width\":\"48\",\"cluster_icon_3\":\"wp-content\\\/uploads\\\/yootheme\\\/icon-map-marker-cluster.svg\",\"cluster_icon_3_height\":\"48\",\"cluster_icon_3_text_color\":\"#008776\",\"cluster_icon_3_width\":\"48\",\"clustering\":true,\"content_margin\":\"small\",\"content_style\":\"text-meta\",\"controls\":true,\"dragging\":true,\"image_height\":\"150\",\"image_svg_color\":\"emphasis\",\"image_width\":\"270\",\"link_size\":\"small\",\"link_style\":\"primary\",\"link_text\":\"View House\",\"margin\":\"default\",\"marker_icon\":\"wp-content\\\/uploads\\\/yootheme\\\/icon-map-marker-accommodation.svg\",\"marker_icon_height\":\"38\",\"marker_icon_width\":\"38\",\"max_zoom\":\"18\",\"meta_align\":\"above-title\",\"meta_color\":\"primary\",\"meta_element\":\"div\",\"meta_style\":\"h6\",\"min_zoom\":\"3\",\"poi\":false,\"popup_max_width\":\"300\",\"show_content\":true,\"show_image\":true,\"show_link\":true,\"show_meta\":true,\"show_title\":true,\"title_element\":\"h3\",\"title_hover_style\":\"reset\",\"title_margin\":\"remove\",\"title_style\":\"h5\",\"type\":\"roadmap\",\"viewport_height\":\"viewport\",\"viewport_height_offset_top\":true,\"zoom\":\"10\",\"zooming\":true},\"children\":[{\"type\":\"map_item\",\"props\":{\"location\":\"40.39882047207988,-3.60469871642539\"}},{\"type\":\"map_item\",\"props\":{\"location\":\"40.431992068259305,-3.6401522894828098\"}},{\"type\":\"map_item\",\"props\":{\"location\":\"40.427689279876574,-3.6408964606478005\"}},{\"type\":\"map_item\",\"props\":{\"location\":\"40.40572923586692,-3.6784673183190826\"}},{\"type\":\"map_item\",\"props\":{\"location\":\"40.39325633891655,-3.732066031814087\"}},{\"type\":\"map_item\",\"props\":{\"location\":\"40.39325633891655,-3.732066031814087\"}},{\"type\":\"map_item\",\"props\":{\"location\":\"40.38733871076068,-3.7553309471549925\"}},{\"type\":\"map_item\",\"props\":{\"location\":\"40.39364139396564,-3.6715615318140427\"}},{\"type\":\"map_item\",\"props\":{\"location\":\"40.39364139396564,-3.6715615318140427\"}},{\"type\":\"map_item\",\"props\":{\"location\":\"40.42181572369395,-3.7042759606480558\"}}]}]}]}],\"name\":\"Map\"}],\"version\":\"4.5.25\"} --><\/p>\n","protected":false},"excerpt":{"rendered":"<p>Todas las viviendas de Madrid por Global Homes Encontrar\u00e1s la vivienda perfecta para pasar los d\u00edas que necesites en Madrid. Narciso Serra Retiro Esteban Collantes Zona Calle Alcal\u00e1 Caliza Vic\u00e1lvaro Toboso San Isidro Oca\u00f1a Carabanchel Pico Cebollera Puente de Vallecas Loreto y Chicote Madrid Centro Pedro Antonio Alarc\u00f3n Ventas 40.39882047207988,-3.60469871642539 40.431992068259305,-3.6401522894828098 40.427689279876574,-3.6408964606478005 40.40572923586692,-3.6784673183190826 40.39325633891655,-3.732066031814087 40.39325633891655,-3.732066031814087 [&hellip;]<\/p>\n","protected":false},"author":1,"featured_media":0,"parent":0,"menu_order":0,"comment_status":"open","ping_status":"open","template":"","meta":{"_acf_changed":false,"footnotes":""},"class_list":["post-52","page","type-page","status-publish","hentry"],"acf":[],"yoast_head":"<!-- This site is optimized with the Yoast SEO plugin v27.4 - https:\/\/yoast.com\/product\/yoast-seo-wordpress\/ -->\n<title>Mapa de las viviendas de Global Homes - Viviendas en Alquiler Madrid | Global Homes<\/title>\n<meta name=\"robots\" content=\"noindex, follow\" \/>\n<meta property=\"og:locale\" content=\"en_GB\" \/>\n<meta property=\"og:type\" content=\"article\" \/>\n<meta property=\"og:title\" content=\"Mapa de las viviendas de Global Homes - Viviendas en Alquiler Madrid | Global Homes\" \/>\n<meta property=\"og:description\" content=\"Todas las viviendas de Madrid por Global Homes Encontrar\u00e1s la vivienda perfecta para pasar los d\u00edas que necesites en Madrid. Narciso Serra Retiro Esteban Collantes Zona Calle Alcal\u00e1 Caliza Vic\u00e1lvaro Toboso San Isidro Oca\u00f1a Carabanchel Pico Cebollera Puente de Vallecas Loreto y Chicote Madrid Centro Pedro Antonio Alarc\u00f3n Ventas 40.39882047207988,-3.60469871642539 40.431992068259305,-3.6401522894828098 40.427689279876574,-3.6408964606478005 40.40572923586692,-3.6784673183190826 40.39325633891655,-3.732066031814087 40.39325633891655,-3.732066031814087 [&hellip;]\" \/>\n<meta property=\"og:url\" content=\"https:\/\/globalhp.es\/en\/mapa-viviendas-global-homes\/\" \/>\n<meta property=\"og:site_name\" content=\"Viviendas en Alquiler Madrid | Global Homes\" \/>\n<meta property=\"article:modified_time\" content=\"2025-09-03T15:08:04+00:00\" \/>\n<meta name=\"twitter:card\" content=\"summary_large_image\" \/>\n<meta name=\"twitter:label1\" content=\"Estimated reading time\" \/>\n\t<meta name=\"twitter:data1\" content=\"4 minutes\" \/>\n<script type=\"application\/ld+json\" class=\"yoast-schema-graph\">{\"@context\":\"https:\\\/\\\/schema.org\",\"@graph\":[{\"@type\":\"WebPage\",\"@id\":\"https:\\\/\\\/globalhp.es\\\/mapa-viviendas-global-homes\\\/\",\"url\":\"https:\\\/\\\/globalhp.es\\\/mapa-viviendas-global-homes\\\/\",\"name\":\"Mapa de las viviendas de Global Homes - Viviendas en Alquiler Madrid | Global Homes\",\"isPartOf\":{\"@id\":\"https:\\\/\\\/globalhp.es\\\/#website\"},\"datePublished\":\"2020-12-08T08:20:32+00:00\",\"dateModified\":\"2025-09-03T15:08:04+00:00\",\"breadcrumb\":{\"@id\":\"https:\\\/\\\/globalhp.es\\\/mapa-viviendas-global-homes\\\/#breadcrumb\"},\"inLanguage\":\"en-GB\",\"potentialAction\":[{\"@type\":\"ReadAction\",\"target\":[\"https:\\\/\\\/globalhp.es\\\/mapa-viviendas-global-homes\\\/\"]}]},{\"@type\":\"BreadcrumbList\",\"@id\":\"https:\\\/\\\/globalhp.es\\\/mapa-viviendas-global-homes\\\/#breadcrumb\",\"itemListElement\":[{\"@type\":\"ListItem\",\"position\":1,\"name\":\"Home\",\"item\":\"https:\\\/\\\/globalhp.es\\\/\"},{\"@type\":\"ListItem\",\"position\":2,\"name\":\"Mapa de las viviendas de Global Homes\"}]},{\"@type\":\"WebSite\",\"@id\":\"https:\\\/\\\/globalhp.es\\\/#website\",\"url\":\"https:\\\/\\\/globalhp.es\\\/\",\"name\":\"Viviendas en Alquiler Madrid | Global Homes\",\"description\":\"Alquiler de viviendas por d\u00edas y semanas en Madrid\",\"publisher\":{\"@id\":\"https:\\\/\\\/globalhp.es\\\/#organization\"},\"potentialAction\":[{\"@type\":\"SearchAction\",\"target\":{\"@type\":\"EntryPoint\",\"urlTemplate\":\"https:\\\/\\\/globalhp.es\\\/?s={search_term_string}\"},\"query-input\":{\"@type\":\"PropertyValueSpecification\",\"valueRequired\":true,\"valueName\":\"search_term_string\"}}],\"inLanguage\":\"en-GB\"},{\"@type\":\"Organization\",\"@id\":\"https:\\\/\\\/globalhp.es\\\/#organization\",\"name\":\"Viviendas en Alquiler Madrid | Global Homes\",\"url\":\"https:\\\/\\\/globalhp.es\\\/\",\"logo\":{\"@type\":\"ImageObject\",\"inLanguage\":\"en-GB\",\"@id\":\"https:\\\/\\\/globalhp.es\\\/#\\\/schema\\\/logo\\\/image\\\/\",\"url\":\"https:\\\/\\\/globalhp.es\\\/wp-content\\\/uploads\\\/2025\\\/01\\\/GHP_Logo_Homes_325px.png\",\"contentUrl\":\"https:\\\/\\\/globalhp.es\\\/wp-content\\\/uploads\\\/2025\\\/01\\\/GHP_Logo_Homes_325px.png\",\"width\":325,\"height\":104,\"caption\":\"Viviendas en Alquiler Madrid | Global Homes\"},\"image\":{\"@id\":\"https:\\\/\\\/globalhp.es\\\/#\\\/schema\\\/logo\\\/image\\\/\"}}]}<\/script>\n<!-- \/ Yoast SEO plugin. -->","yoast_head_json":{"title":"Mapa de las viviendas de Global Homes - Viviendas en Alquiler Madrid | Global Homes","robots":{"index":"noindex","follow":"follow"},"og_locale":"en_GB","og_type":"article","og_title":"Mapa de las viviendas de Global Homes - Viviendas en Alquiler Madrid | Global Homes","og_description":"Todas las viviendas de Madrid por Global Homes Encontrar\u00e1s la vivienda perfecta para pasar los d\u00edas que necesites en Madrid. Narciso Serra Retiro Esteban Collantes Zona Calle Alcal\u00e1 Caliza Vic\u00e1lvaro Toboso San Isidro Oca\u00f1a Carabanchel Pico Cebollera Puente de Vallecas Loreto y Chicote Madrid Centro Pedro Antonio Alarc\u00f3n Ventas 40.39882047207988,-3.60469871642539 40.431992068259305,-3.6401522894828098 40.427689279876574,-3.6408964606478005 40.40572923586692,-3.6784673183190826 40.39325633891655,-3.732066031814087 40.39325633891655,-3.732066031814087 [&hellip;]","og_url":"https:\/\/globalhp.es\/en\/mapa-viviendas-global-homes\/","og_site_name":"Viviendas en Alquiler Madrid | Global Homes","article_modified_time":"2025-09-03T15:08:04+00:00","twitter_card":"summary_large_image","twitter_misc":{"Estimated reading time":"4 minutes"},"schema":{"@context":"https:\/\/schema.org","@graph":[{"@type":"WebPage","@id":"https:\/\/globalhp.es\/mapa-viviendas-global-homes\/","url":"https:\/\/globalhp.es\/mapa-viviendas-global-homes\/","name":"Mapa de las viviendas de Global Homes - Viviendas en Alquiler Madrid | Global Homes","isPartOf":{"@id":"https:\/\/globalhp.es\/#website"},"datePublished":"2020-12-08T08:20:32+00:00","dateModified":"2025-09-03T15:08:04+00:00","breadcrumb":{"@id":"https:\/\/globalhp.es\/mapa-viviendas-global-homes\/#breadcrumb"},"inLanguage":"en-GB","potentialAction":[{"@type":"ReadAction","target":["https:\/\/globalhp.es\/mapa-viviendas-global-homes\/"]}]},{"@type":"BreadcrumbList","@id":"https:\/\/globalhp.es\/mapa-viviendas-global-homes\/#breadcrumb","itemListElement":[{"@type":"ListItem","position":1,"name":"Home","item":"https:\/\/globalhp.es\/"},{"@type":"ListItem","position":2,"name":"Mapa de las viviendas de Global Homes"}]},{"@type":"WebSite","@id":"https:\/\/globalhp.es\/#website","url":"https:\/\/globalhp.es\/","name":"Viviendas en Alquiler Madrid | Global Homes","description":"Alquiler de viviendas por d\u00edas y semanas en Madrid","publisher":{"@id":"https:\/\/globalhp.es\/#organization"},"potentialAction":[{"@type":"SearchAction","target":{"@type":"EntryPoint","urlTemplate":"https:\/\/globalhp.es\/?s={search_term_string}"},"query-input":{"@type":"PropertyValueSpecification","valueRequired":true,"valueName":"search_term_string"}}],"inLanguage":"en-GB"},{"@type":"Organization","@id":"https:\/\/globalhp.es\/#organization","name":"Viviendas en Alquiler Madrid | Global Homes","url":"https:\/\/globalhp.es\/","logo":{"@type":"ImageObject","inLanguage":"en-GB","@id":"https:\/\/globalhp.es\/#\/schema\/logo\/image\/","url":"https:\/\/globalhp.es\/wp-content\/uploads\/2025\/01\/GHP_Logo_Homes_325px.png","contentUrl":"https:\/\/globalhp.es\/wp-content\/uploads\/2025\/01\/GHP_Logo_Homes_325px.png","width":325,"height":104,"caption":"Viviendas en Alquiler Madrid | Global Homes"},"image":{"@id":"https:\/\/globalhp.es\/#\/schema\/logo\/image\/"}}]}},"_links":{"self":[{"href":"https:\/\/globalhp.es\/en\/wp-json\/wp\/v2\/pages\/52","targetHints":{"allow":["GET"]}}],"collection":[{"href":"https:\/\/globalhp.es\/en\/wp-json\/wp\/v2\/pages"}],"about":[{"href":"https:\/\/globalhp.es\/en\/wp-json\/wp\/v2\/types\/page"}],"author":[{"embeddable":true,"href":"https:\/\/globalhp.es\/en\/wp-json\/wp\/v2\/users\/1"}],"replies":[{"embeddable":true,"href":"https:\/\/globalhp.es\/en\/wp-json\/wp\/v2\/comments?post=52"}],"version-history":[{"count":20,"href":"https:\/\/globalhp.es\/en\/wp-json\/wp\/v2\/pages\/52\/revisions"}],"predecessor-version":[{"id":6538,"href":"https:\/\/globalhp.es\/en\/wp-json\/wp\/v2\/pages\/52\/revisions\/6538"}],"wp:attachment":[{"href":"https:\/\/globalhp.es\/en\/wp-json\/wp\/v2\/media?parent=52"}],"curies":[{"name":"wp","href":"https:\/\/api.w.org\/{rel}","templated":true}]}}