{"id":5793,"date":"2025-07-17T10:57:59","date_gmt":"2025-07-17T10:57:59","guid":{"rendered":"https:\/\/globalhp.es\/?page_id=5793"},"modified":"2026-03-09T15:18:21","modified_gmt":"2026-03-09T15:18:21","slug":"pico-cebollera","status":"publish","type":"page","link":"https:\/\/globalhp.es\/en\/pico-cebollera\/","title":{"rendered":"Pico Cebollera \u2013 Puente de Vallecas"},"content":{"rendered":"<h1>Vivienda en Puente de Vallecas <br \/> Pico Cebollera<\/h1>\n<ul>\n<li>\n<div><span class=\"uk-text-primary\"><strong>Valoraci\u00f3n Booking 8.6 \u2b50<\/strong><\/span><\/div>\n<\/li>\n<li>\n<div>Calle del Pico Cebollera , Puente de Vallecas, 28053 Madrid, Espa\u00f1a<\/div>\n<\/li>\n<\/ul>\n<ul>\n<li>\n        <a href=\"#fotos Ciudad Lineal\">Vista General<\/a>\n    <\/li>\n<li>\n        <a href=\"#Servicios\">Servicios<\/a>\n    <\/li>\n<li>\n        <a href=\"#Reservas\">Reservas<\/a>\n    <\/li>\n<li>\n        <a href=\"#normas\">Normas<\/a>\n    <\/li>\n<li>\n        <a href=\"#Preguntas\">Preguntas frecuentes<\/a>\n    <\/li>\n<li>\n        <a href=\"#Valoraci\u00f3n\">Valoraci\u00f3n<\/a>\n    <\/li>\n<\/ul>\n<p><p>\n        <a href=\"#Reservas\">Reserva el apartamento<\/a>\n    <\/p>\n<\/p>\n<p><a href=\"https:\/\/api.whatsapp.com\/send?text=%C2%A1Echa%20un%20vistazo%20a%20esta%20vivienda!%20https%3A%2F%2Fglobalhp.es%2Fpico-cebollera%2F%23Reservas\">[social]<\/a><\/p>\n<ul>\n<li>\n<p>        <img decoding=\"async\" src=\"\/wp-content\/uploads\/2025\/07\/Pico-Cebollera-2.webp\" alt=\"Vivienda en Puente de Vallecas\"><\/p>\n<\/li>\n<li>\n<p>        <img decoding=\"async\" src=\"\/wp-content\/uploads\/2025\/07\/Pico-Cebollera-1.webp\" alt=\"Habitaci\u00f3n de vivienda en Puente de Vallecas\"><\/p>\n<\/li>\n<li>\n<p>        <img decoding=\"async\" src=\"\/wp-content\/uploads\/2025\/07\/Pico-Cebollera-3.webp\" alt=\"Sal\u00f3n vivienda en Puente de Vallecas\"><\/p>\n<\/li>\n<li>\n<p>        <img decoding=\"async\" src=\"\/wp-content\/uploads\/2025\/07\/Pico-Cebollera-4.webp\" alt=\"Cocina vivienda en Puente de Vallecas\"><\/p>\n<\/li>\n<li>\n<p>        <img decoding=\"async\" src=\"\/wp-content\/uploads\/2025\/07\/Pico-Cebollera-5.webp\" alt=\"Ba\u00f1o de vivienda en Puente de Vallecas\"><\/p>\n<\/li>\n<li>\n<p>        <img decoding=\"async\" src=\"\/wp-content\/uploads\/2025\/07\/Pico-Cebollera-6.webp\" alt=\"Terraza de vivienda en Puente de Vallecas\"><\/p>\n<\/li>\n<\/ul>\n<ul>\n<li>\n<p>        <img decoding=\"async\" src=\"\/wp-content\/uploads\/2025\/09\/sin-ascensor.webp\" alt=\"Sin ascensor\"><\/p>\n<p>Sin ascensor <br \/> 1\u00ba Piso<\/p>\n<\/li>\n<li>\n<p>        <img decoding=\"async\" src=\"\/wp-content\/uploads\/cta-icon.svg\" alt=\"64 m\u00b2\"><\/p>\n<p>64 m\u00b2<\/p>\n<\/li>\n<li>\n<p>        <img decoding=\"async\" src=\"\/wp-content\/uploads\/yootheme\/icon-floorplan.svg\" alt=\"2 Habitaciones\"><\/p>\n<p>2 Habitaciones<\/p>\n<\/li>\n<li>\n<p>        <img decoding=\"async\" src=\"\/wp-content\/uploads\/yootheme\/icon-air-conditioning.svg\" alt=\"Aire acondicionado\"><\/p>\n<p>Aire acondicionado<\/p>\n<\/li>\n<li>\n<p>        <img decoding=\"async\" src=\"\/wp-content\/uploads\/icon-guests.svg\" alt=\"4 Personas\"><\/p>\n<p>4 Personas<\/p>\n<\/li>\n<li>\n<p>        <img decoding=\"async\" src=\"\/wp-content\/uploads\/2025\/07\/terraza.webp\" alt=\"Terraza\"><\/p>\n<p>Terraza<\/p>\n<\/li>\n<\/ul>\n<h2>Comentarios de clientes<\/h2>\n<div>\n<style>\n    \/* * CSS Aislado para el Widget de Comentarios (Estilo Booking)\n     *\/\n    .review-widget-container-booking {\n        font-family: -apple-system, BlinkMacSystemFont, \"Segoe UI\", Roboto, \"Helvetica Neue\", Arial, sans-serif;\n        background-color: white;\n        color: #1c1e21;\n        padding: 20px;\n        border-radius: 0px;\n        box-shadow: 0 0px 0px rgba(0, 0, 0, 0.0);\n        width: 90%;\n        max-width: 420px; \n        margin: 0 auto;\n    }<\/p>\n<p>    .review-widget-container-booking h2 {\n        \/* Se elimina el h2 para que coincida con la imagen que no tiene t\u00edtulo *\/\n        display: none;\n    }<\/p>\n<p>    .review-widget-container-booking .overall-rating {\n        display: flex;\n        align-items: center;\n        margin-bottom: 24px;\n        gap: 12px;\n    }<\/p>\n<p>    .review-widget-container-booking .score-box {\n        background-color: #008009; \/* Color verde de la imagen *\/\n        color: white;\n        font-weight: bold;\n        font-size: 16px;\n        padding: 6px 10px;\n        border-radius: 5px;\n    }<\/p>\n<p>    .review-widget-container-booking .rating-text {\n        font-weight: 500; \/* Un poco menos grueso que 'bold' para coincidir *\/\n        font-size: 16px;\n        color: #333;\n    }<\/p>\n<p>    .review-widget-container-booking .ratings-list {\n        display: flex;\n        flex-direction: column;\n        gap: 14px;\n    }<\/p>\n<p>    .review-widget-container-booking .rating-item {\n        display: flex;\n        justify-content: space-between;\n        align-items: center;\n        gap: 15px;\n    }<\/p>\n<p>    .review-widget-container-booking .category-name {\n        font-size: 14px;\n        white-space: nowrap;\n    }<\/p>\n<p>    .review-widget-container-booking .arrow {\n        color: #008009; \/* Color verde para la flecha *\/\n        font-weight: bold;\n    }<\/p>\n<p>    .review-widget-container-booking .bar-and-score {\n        display: flex;\n        align-items: center;\n        flex-grow: 1;\n        min-width: 0; \/* Ayuda a la flexibilidad en contenedores peque\u00f1os *\/\n    }<\/p>\n<p>    .review-widget-container-booking .progress-bar-container {\n        flex-grow: 1;\n        height: 6px; \/* Un poco m\u00e1s fina como en la imagen *\/\n        background-color: #e9ecef;\n        border-radius: 3px;\n        margin-right: 12px;\n        overflow: hidden;\n    }<\/p>\n<p>    .review-widget-container-booking .progress-bar {\n        height: 100%;\n        border-radius: 3px;\n    }<\/p>\n<p>    \/* NUEVAS CLASES para manejar los colores de las barras *\/\n    .review-widget-container-booking .progress-bar-blue {\n        background-color: #003580; \/* Azul *\/\n    }\n    .review-widget-container-booking .progress-bar-green {\n        background-color: #008009; \/* Verde *\/\n    }<\/p>\n<p>    .review-widget-container-booking .score-number {\n        font-size: 14px;\n        font-weight: 500;\n    }<\/p>\n<p>    \/* Estilos responsivos para m\u00f3viles *\/\n    @media (max-width: 420px) {\n        .review-widget-container-booking .rating-item {\n            flex-wrap: wrap; \/* Permite que los elementos se envuelvan *\/\n        }\n        .review-widget-container-booking .category-name {\n            flex-basis: 100%; \/* El nombre ocupa toda la l\u00ednea *\/\n            margin-bottom: 8px;\n            white-space: normal;\n        }\n        .review-widget-container-booking .bar-and-score {\n            width: 100%;\n        }\n    }\n<\/style>\n<div class=\"review-widget-container-booking\">\n<h2>Comentarios<\/h2>\n<div class=\"overall-rating\">\n        <span class=\"score-box\">8,8<\/span><br \/>\n        <span class=\"rating-text\">Genial<\/span>\n    <\/div>\n<div class=\"ratings-list\">\n<div class=\"rating-item\">\n            <span class=\"category-name\">Ubicaci\u00f3n<\/span><\/p>\n<div class=\"bar-and-score\">\n<div class=\"progress-bar-container\">\n<div class=\"progress-bar progress-bar-green\" style=\"width: 70%;\"><\/div>\n<\/p><\/div>\n<p>                <span class=\"score-number\">7<\/span>\n            <\/div>\n<\/p><\/div>\n<div class=\"rating-item\">\n            <span class=\"category-name\">Limpieza<\/span><\/p>\n<div class=\"bar-and-score\">\n<div class=\"progress-bar-container\">\n<div class=\"progress-bar progress-bar-green\" style=\"width: 90%;\"><\/div>\n<\/p><\/div>\n<p>                <span class=\"score-number\">9<\/span>\n            <\/div>\n<\/p><\/div>\n<div class=\"rating-item\">\n            <span class=\"category-name\">Relaci\u00f3n calidad-precio<\/span><\/p>\n<div class=\"bar-and-score\">\n<div class=\"progress-bar-container\">\n<div class=\"progress-bar progress-bar-green\" style=\"width: 81%;\"><\/div>\n<\/p><\/div>\n<p>                <span class=\"score-number\">8,1<\/span>\n            <\/div>\n<\/p><\/div>\n<div class=\"rating-item\">\n            <span class=\"category-name\">Instalaciones y servicios<\/span><\/p>\n<div class=\"bar-and-score\">\n<div class=\"progress-bar-container\">\n<div class=\"progress-bar progress-bar-green\" style=\"width: 90%;\"><\/div>\n<\/p><\/div>\n<p>                <span class=\"score-number\">9<\/span>\n            <\/div>\n<\/p><\/div>\n<div class=\"rating-item\">\n            <span class=\"category-name\">Confort<\/span><\/p>\n<div class=\"bar-and-score\">\n<div class=\"progress-bar-container\">\n<div class=\"progress-bar progress-bar-green\" style=\"width: 91%;\"><\/div>\n<\/p><\/div>\n<p>                <span class=\"score-number\">9,1<\/span>\n            <\/div>\n<\/p><\/div>\n<div class=\"rating-item\">\n            <span class=\"category-name\">Personal<\/span><\/p>\n<div class=\"bar-and-score\">\n<div class=\"progress-bar-container\">\n<div class=\"progress-bar progress-bar-green\" style=\"width: 90%;\"><\/div>\n<\/p><\/div>\n<p>                <span class=\"score-number\">9<\/span>\n            <\/div>\n<\/p><\/div>\n<div class=\"rating-item\">\n            <span class=\"category-name\">WiFi gratis <\/span><\/p>\n<div class=\"bar-and-score\">\n<div class=\"progress-bar-container\">\n<div class=\"progress-bar progress-bar-green\" style=\"width: 100%;\"><\/div>\n<\/p><\/div>\n<p>                <span class=\"score-number\">10<\/span>\n            <\/div>\n<\/p><\/div>\n<\/p><\/div>\n<\/div>\n<\/div>\n<h2>Rese\u00f1as de clientes<\/h2>\n<ul>\n<li>\n<p>        <img decoding=\"async\" src=\"\/wp-content\/uploads\/2025\/07\/usuario.png\" alt=\"rese\u00f1a de vivienda en Puente de Vallecas\"><\/p>\n<h3>Santos<\/h3>\n<p>Genial<\/p>\n<div>\n<p>Todo muy limpio , tal y como est\u00e1 en las fotos.<br \/>\nEl anfitri\u00f3n muy amable, incluso nos dej\u00f3 entrar un poco antes al apartamento de la hora prevista.<\/p>\n<\/div>\n<\/li>\n<li>\n<p>        <img decoding=\"async\" src=\"\/wp-content\/uploads\/2025\/07\/usuario.png\" alt=\"rese\u00f1a de vivienda en Puente de Vallecas\"><\/p>\n<h3>Alba<\/h3>\n<p>Fant\u00e1stico<\/p>\n<div>\n<p>La comunicaci\u00f3n por WhatsApp y la atenci\u00f3n de la propetaria genial. Todo muy limpio.<\/p>\n<\/div>\n<\/li>\n<li>\n<p>        <img decoding=\"async\" src=\"\/wp-content\/uploads\/2025\/07\/usuario.png\" alt=\"rese\u00f1a de vivienda en Puente de Vallecas\"><\/p>\n<h3>Laura<\/h3>\n<p>Genial<\/p>\n<div>\n<p>El apartamento es hermoso! C\u00f3modo, y muy completo. Gena es muy servicial. Nos dej\u00f3 t\u00e9s, jugos, agua y leche de bienvenida.<\/p>\n<\/div>\n<\/li>\n<li>\n<p>        <img decoding=\"async\" src=\"\/wp-content\/uploads\/2025\/07\/usuario.png\" alt=\"rese\u00f1a de vivienda en Puente de Vallecas\"><\/p>\n<h3>Josep<\/h3>\n<p>Muy bien<\/p>\n<div>\n<p>Como ubicaci\u00f3n est\u00e1 al lado de una de las circunvalaciones de Madrid, por lo que est\u00e1 todo relativamente cerca.<\/p>\n<\/div>\n<\/li>\n<li>\n<p>        <img decoding=\"async\" src=\"\/wp-content\/uploads\/2025\/07\/usuario.png\" alt=\"rese\u00f1a de vivienda en Puente de Vallecas\"><\/p>\n<h3>Maxi<\/h3>\n<p>Fant\u00e1stico<\/p>\n<div>\n<p>Estupendo. Apartamento muy c\u00f3modo. Super limpio.<br \/>\nLas camas comodisimas. La persona encargada, Gema, muy atenta.<\/p>\n<\/div>\n<\/li>\n<li>\n<p>        <img decoding=\"async\" src=\"\/wp-content\/uploads\/2025\/07\/usuario.png\" alt=\"rese\u00f1a de vivienda en Puente de Vallecas\"><\/p>\n<h3>\u00c1ngela<\/h3>\n<p>Muy bonito<\/p>\n<div>\n<p>Apartamento acogedor y bien cuidado, equipado con todo lo necesario y muy bonito. Personal amable y atentos.<\/p>\n<\/div>\n<\/li>\n<li>\n<p>        <img decoding=\"async\" src=\"\/wp-content\/uploads\/2025\/07\/usuario.png\" alt=\"rese\u00f1a de vivienda en Puente de Vallecas\"><\/p>\n<h3>Sara<\/h3>\n<p>Fant\u00e1stico<\/p>\n<div>\n<p>Lo mejor es que el el piso est\u00e1 nuevo, tiene una terraza peque\u00f1a y la verdad tiene de todo. Televisiones gigantes y mont\u00f3n de herramientas de cocina.<\/p>\n<\/div>\n<\/li>\n<\/ul>\n<div>\n<link href=\"https:\/\/fonts.googleapis.com\/css2?family=Roboto:wght@400;700&#038;display=swap\" rel=\"stylesheet\">\n<div style=\"border: 1px solid #ddd; border-radius: 1px; padding: 16px; display: flex; align-items: flex-start; max-width: 600px; font-family: 'Roboto', sans-serif;\">\n<div style=\"margin-right: 12px;\">\n    <!-- Icono de estrella --><br \/>\n    <svg xmlns=\"http:\/\/www.w3.org\/2000\/svg\" width=\"24\" height=\"24\" fill=\"#0071c2\" viewBox=\"0 0 24 24\">\n      <path d=\"M12 .587l3.668 7.568 8.332 1.151-6.064 5.964 1.43 8.291L12 18.896l-7.366 4.665 1.43-8.291L0 9.306l8.332-1.151z\"\/>\n    <\/svg>\n  <\/div>\n<div>\n<p style=\"margin: 0; font-weight: 700;\">Pico Cebollera rara vez aparece disponible.<\/p>\n<p style=\"margin: 4px 0 0 0; font-weight: 400;\">No lo dejes escapar y haz tu reserva antes de que se agote.<\/p>\n<\/p><\/div>\n<\/div>\n<\/div>\n<div>\n<p>\u00bfBuscas un espacio c\u00f3modo, moderno y bien ubicado? Este acogedor piso de 65 m\u00b2 es perfecto para estancias cortas, con dos habitaciones amplias, WiFi ultrarr\u00e1pido y una terraza de 20 m\u00b2 donde disfrutar de momentos de relax al aire libre. Su dise\u00f1o funcional y totalmente equipado te har\u00e1 sentir como en casa desde el primer momento.<\/p>\n<p>Con conexi\u00f3n directa al metro y cercan\u00edas, moverte por la ciudad ser\u00e1 r\u00e1pido y sencillo. Adem\u00e1s, cuenta con aire acondicionado, televisores de 55\u201d en cada habitaci\u00f3n y sal\u00f3n, y una cocina completa lista para tus necesidades diarias.<\/p>\n<p>\u00a1Reserva ahora y vive una estancia sin preocupaciones!<\/p>\n<\/div>\n<p><iframe src=\"https:\/\/youtu.be\/SynXLUedlRM\"><\/iframe><\/p>\n<h3>Detalles de Pico Cebollera &#8211; Puente de Vallecas<\/h3>\n<ul>\n<li>\n<p>        <img decoding=\"async\" src=\"\/wp-content\/uploads\/yootheme\/icon-wifi.svg\" alt=\"Wifi gratis\"><\/p>\n<p>Wifi gratis 1GB<\/p>\n<\/li>\n<li>\n<p>        <img decoding=\"async\" src=\"\/wp-content\/uploads\/yootheme\/icon-bathtub.svg\" alt=\"Ba\u00f1o privado\"><\/p>\n<p>Ba\u00f1o privado<\/p>\n<\/li>\n<li>\n<p>        <img decoding=\"async\" src=\"\/wp-content\/uploads\/yootheme\/icon-kitchen.svg\" alt=\"Cocina\"><\/p>\n<p>Cocina<\/p>\n<\/li>\n<li>\n<p>        <img decoding=\"async\" src=\"\/wp-content\/uploads\/icon-washing-machine.svg\" alt=\"Lavadora\"><\/p>\n<p>Lavadora<\/p>\n<\/li>\n<\/ul>\n<div>\n<p><strong>Licencia:<\/strong><br \/>VT-13956<\/p>\n<p>ESFCTU00002805300079921000000000000000000000VT-139561<\/p>\n<\/div>\n<h2>Reserva tu apartamento en Puente de Vallecas<\/h2>\n<div>Apartamento en Pico Cebollera \/ Puente de Vallecas &#8211; Madrid<\/div>\n<table>\n<tbody>\n<tr>\n<td>\n        <img decoding=\"async\" src=\"\/wp-content\/uploads\/2025\/07\/picocebo.webp\" alt=\"Precio vivienda en alquiler Pico Cebollera\">\n    <\/td>\n<td>Pico Cebollera<\/td>\n<td>\ud83e\uddcdx4<\/td>\n<td>\n<div class=\"info-container uk-flex uk-flex-between uk-flex-middle\">\n<div class=\"info-text\">\n<div class=\"uk-flex uk-flex-middle uk-margin-small\"><img decoding=\"async\" src=\"https:\/\/globalhp.es\/wp-content\/uploads\/yootheme\/icon-floorplan.svg\" width=\"20\" height=\"20\" alt=\"64m\u00b2\" loading=\"lazy\" style=\"margin-right: 8px;\" \/> <span style=\"font-family: 'Roboto', sans-serif;\">64 m\u00b2<\/span><\/div>\n<div class=\"uk-flex uk-flex-middle uk-margin-small\"><img decoding=\"async\" src=\"https:\/\/globalhp.es\/wp-content\/uploads\/icon-wifi.svg\" width=\"20\" height=\"20\" alt=\"Wifi\" loading=\"lazy\" style=\"margin-right: 8px;\" \/> <span style=\"font-family: 'Roboto', sans-serif;\">Wifi<\/span><\/div>\n<div class=\"uk-flex uk-flex-middle uk-margin-small\"><img decoding=\"async\" src=\"https:\/\/globalhp.es\/wp-content\/uploads\/icon-air-conditioning.svg\" width=\"20\" height=\"20\" alt=\"Aire Acondicionado\" loading=\"lazy\" style=\"margin-right: 8px;\" \/> <span style=\"font-family: 'Roboto', sans-serif;\">Aire Acondicionado<\/span><\/div>\n<div class=\"uk-flex uk-flex-middle uk-margin-small\"><img decoding=\"async\" src=\"https:\/\/globalhp.es\/wp-content\/uploads\/yootheme\/icon-bathtub.svg\" width=\"20\" height=\"20\" alt=\"Ba\u00f1o\" loading=\"lazy\" style=\"margin-right: 8px;\" \/> <span style=\"font-family: 'Roboto', sans-serif;\">1 Ba\u00f1o<\/span><\/div>\n<div class=\"uk-flex uk-flex-middle uk-margin-small\"><img decoding=\"async\" src=\"https:\/\/globalhp.es\/wp-content\/uploads\/icon-kitchen.svg\" width=\"20\" height=\"20\" alt=\"Cocina\" loading=\"lazy\" style=\"margin-right: 8px;\" \/> <span style=\"font-family: 'Roboto', sans-serif;\">Cocina completa<\/span><\/div>\n<div class=\"uk-flex uk-flex-middle uk-margin-small\"><img decoding=\"async\" src=\"https:\/\/globalhp.es\/wp-content\/uploads\/yootheme\/icon-tv.svg\" width=\"20\" height=\"20\" alt=\"ba\u00f1o\" loading=\"lazy\" style=\"margin-right: 8px;\" \/> <span style=\"font-family: 'Roboto', sans-serif;\">TV plana<\/span><\/div>\n<div class=\"uk-flex uk-flex-middle uk-margin-small\"><img decoding=\"async\" src=\"https:\/\/globalhp.es\/wp-content\/uploads\/2025\/07\/terraza.webp\" width=\"20\" height=\"20\" alt=\"terraza\" loading=\"lazy\" style=\"margin-right: 8px;\" \/> <span style=\"font-family: 'Roboto', sans-serif;\">Terraza 20m\u00b2<\/span><\/div>\n<div class=\"uk-flex uk-flex-middle uk-margin-small\"><img decoding=\"async\" src=\"https:\/\/globalhp.es\/wp-content\/uploads\/icon-double-bed.svg\" width=\"20\" height=\"20\" alt=\"bed\" loading=\"lazy\" style=\"margin-right: 8px;\" \/> <span style=\"font-family: 'Roboto', sans-serif;\">2 camas 135&#215;190<\/span><\/div>\n<\/div>\n<div class=\"boton-gallery\"><a class=\"el-content uk-button uk-button-text\" href=\"#modal-lyc-1\" uk-toggle=\"\"> Ver vivienda <\/a><\/div>\n<\/div>\n<div id=\"modal-lyc-1\" class=\"uk-flex-top\" uk-modal=\"\">\n<div class=\"uk-modal-dialog uk-modal-container\" style=\"background-color: #d0d3d7;\"><button class=\"uk-modal-close-outside\" type=\"button\" uk-close=\"\"><\/button><\/p>\n<div class=\"uk-position-relative uk-visible-toggle uk-light\" uk-slider=\"center: true\" tabindex=\"-1\">\n<ul class=\"uk-slider-items uk-grid uk-grid-match\" uk-height-viewport=\"offset-top: true; offset-bottom: 30\">\n<li class=\"uk-width-4-5\">\n<div class=\"uk-cover-container\"><img decoding=\"async\" src=\"https:\/\/globalhp.es\/wp-content\/uploads\/2025\/07\/Alquier-vivienda-Punte-de-vallecas-1.webp\" alt=\"Foto 1 de alquiler Puente de Vallecas\" uk-cover=\"\" \/><\/div>\n<\/li>\n<li class=\"uk-width-4-5\">\n<div class=\"uk-cover-container\"><img decoding=\"async\" src=\"https:\/\/globalhp.es\/wp-content\/uploads\/2025\/07\/Alquier-vivienda-Punte-de-vallecas-2.webp\" alt=\"Foto 2 de alquiler Puente de Vallecas\" uk-cover=\"\" \/><\/div>\n<\/li>\n<li class=\"uk-width-4-5\">\n<div class=\"uk-cover-container\"><img decoding=\"async\" src=\"https:\/\/globalhp.es\/wp-content\/uploads\/2025\/07\/Alquier-vivienda-Punte-de-vallecas-3.webp\" alt=\"Foto 3 de alquiler Puente de Vallecas\" uk-cover=\"\" \/><\/div>\n<\/li>\n<li class=\"uk-width-4-5\">\n<div class=\"uk-cover-container\"><img decoding=\"async\" src=\"https:\/\/globalhp.es\/wp-content\/uploads\/2025\/07\/Alquier-vivienda-Punte-de-vallecas-4.webp\" alt=\"cocinca 4 de alquiler Puente de Vallecas\" uk-cover=\"\" \/><\/div>\n<\/li>\n<li class=\"uk-width-4-5\">\n<div class=\"uk-cover-container\"><img decoding=\"async\" src=\"https:\/\/globalhp.es\/wp-content\/uploads\/2025\/07\/Alquier-vivienda-Punte-de-vallecas-5.webp\" alt=\"terraza 5 de alquiler Puente de Vallecas\" uk-cover=\"\" \/><\/div>\n<\/li>\n<li class=\"uk-width-4-5\">\n<div class=\"uk-cover-container\"><img decoding=\"async\" src=\"https:\/\/globalhp.es\/wp-content\/uploads\/2025\/07\/Alquier-vivienda-Punte-de-vallecas-6.webp\" alt=\"sal\u00f3n 2 de alquiler vivienda gran v\u00eda\" uk-cover=\"\" \/><\/div>\n<\/li>\n<\/ul>\n<p><a class=\"uk-position-center-left uk-position-small uk-hidden-hover\" href=\"#\" uk-slidenav-previous=\"\" uk-slider-item=\"previous\"><\/a> <a class=\"uk-position-center-right uk-position-small uk-hidden-hover\" href=\"#\" uk-slidenav-next=\"\" uk-slider-item=\"next\"><\/a><\/div>\n<\/div>\n<\/div>\n<\/td>\n<td>\n        <a href=\"http:\/\/tpv.icnea.net\/Reserves.aspx?emp=2988&#038;hot=1020&#038;idi=3\">Reservar<\/a>\n    <\/td>\n<\/tr>\n<\/tbody>\n<\/table>\n<h2>Disfruta de lujo y comodidad en Gran V\u00eda<\/h2>\n<div>\n<p>Este acogedor piso de 65 m\u00b2, ideal para estancias cortas, ofrece un dise\u00f1o funcional y moderno con dos amplias habitaciones, WiFi ultrarr\u00e1pido, aire acondicionado, televisores de 55\u201d y una cocina completa, adem\u00e1s de una terraza de 20 m\u00b2 para relajarte al aire libre. Perfectamente ubicado con acceso directo a metro y cercan\u00edas, garantiza una estancia c\u00f3moda y sin preocupaciones en el coraz\u00f3n de la ciudad.<\/p>\n<\/div>\n<div>\n<p><strong>Licencia<\/strong>:<br \/>VT-13956<\/p>\n<p>ESFCTU0000280530007992100<br \/>0000000000000000000VT-139561<\/div>\n<h2>Lugares cerca<\/h2>\n<h3>Transporte p\u00fablico<\/h3>\n<ul>\n<li>\n<p>        <img decoding=\"async\" src=\"\/wp-content\/uploads\/icon-high-chair.svg\" alt=\"\"><\/p>\n<div>Metro Nueva Numancia 700 m<\/div>\n<\/li>\n<li>\n<p>        <img decoding=\"async\" src=\"\/wp-content\/uploads\/icon-high-chair.svg\" alt=\"\"><\/p>\n<div>Metro Puente de Vallecas 750 m<\/div>\n<\/li>\n<li>\n<p>        <img decoding=\"async\" src=\"\/wp-content\/uploads\/icon-high-chair.svg\" alt=\"\"><\/p>\n<div>Estaci\u00f3n de M\u00e9ndez \u00c1lvaro 1,3 km<\/div>\n<\/li>\n<\/ul>\n<h3>Tur\u00edsmo<\/h3>\n<ul>\n<li>\n<p>        <img decoding=\"async\" src=\"\/wp-content\/uploads\/2025\/07\/parque.png\" alt=\"Plaza\"><\/p>\n<div>Parque Enrique Tierno Galv\u00e1n 1,5 km<\/div>\n<\/li>\n<li>\n<p>        <img decoding=\"async\" src=\"\/wp-content\/uploads\/2025\/07\/parque.png\" alt=\"Retiro\"><\/p>\n<div>Retiro 1,8 km<\/div>\n<\/li>\n<li>\n<p>        <img decoding=\"async\" src=\"\/wp-content\/uploads\/2025\/07\/parque.png\" alt=\"Parque\"><\/p>\n<div>Parque del Bronce 1,9 km<\/div>\n<\/li>\n<\/ul>\n<h3>Aeropuertos<\/h3>\n<ul>\n<li>\n<p>        <img decoding=\"async\" src=\"\/wp-content\/uploads\/2025\/07\/avion.png\" alt=\"Aeropuerto\"><\/p>\n<div>Aeropuerto Adolfo Su\u00e1rez Madrid a 13 km<\/div>\n<\/li>\n<li>\n<p>        <img decoding=\"async\" src=\"\/wp-content\/uploads\/2025\/07\/avion.png\" alt=\"wp-content\/uploads\/2025\/07\/avion.png\"><\/p>\n<div>Aeropuerto de Madrid, Torrej\u00f3n a 22 km<\/div>\n<\/li>\n<\/ul>\n<h3>Comentarios de clientes<\/h3>\n<div>\n<p>    <img decoding=\"async\" src=\"\/wp-content\/uploads\/yootheme\/icon-exclusive-experiences.svg\" alt=\"Media\"><\/p>\n<div>\n<p style=\"font-family: 'Roboto', sans-serif; font-size: 1.5rem;\">\n  <span style=\"color: #008000; font-weight: bold;\">8,6<\/span> Media\n<\/p>\n<\/div>\n<\/div>\n<ul>\n<li>\n<p>        <img decoding=\"async\" src=\"\/wp-content\/uploads\/2025\/07\/usuario.png\" alt=\"rese\u00f1a de vivienda en Puente de Vallecas\"><\/p>\n<h3>Santos<\/h3>\n<p>Genial<\/p>\n<div>\n<p>Todo muy limpio , tal y como est\u00e1 en las fotos.<br \/>\nEl anfitri\u00f3n muy amable, incluso nos dej\u00f3 entrar un poco antes al apartamento de la hora prevista.<\/p>\n<\/div>\n<\/li>\n<li>\n<p>        <img decoding=\"async\" src=\"\/wp-content\/uploads\/2025\/07\/usuario.png\" alt=\"rese\u00f1a de vivienda en Puente de Vallecas\"><\/p>\n<h3>Alba<\/h3>\n<p>Fant\u00e1stico<\/p>\n<div>\n<p>La comunicaci\u00f3n por WhatsApp y la atenci\u00f3n de la propetaria genial. Todo muy limpio.<\/p>\n<\/div>\n<\/li>\n<li>\n<p>        <img decoding=\"async\" src=\"\/wp-content\/uploads\/2025\/07\/usuario.png\" alt=\"rese\u00f1a de vivienda en Puente de Vallecas\"><\/p>\n<h3>Laura<\/h3>\n<p>Genial<\/p>\n<div>\n<p>El apartamento es hermoso! C\u00f3modo, y muy completo. Gena es muy servicial. Nos dej\u00f3 t\u00e9s, jugos, agua y leche de bienvenida.<\/p>\n<\/div>\n<\/li>\n<li>\n<p>        <img decoding=\"async\" src=\"\/wp-content\/uploads\/2025\/07\/usuario.png\" alt=\"rese\u00f1a de vivienda en Puente de Vallecas\"><\/p>\n<h3>Josep<\/h3>\n<p>Muy bien<\/p>\n<div>\n<p>Como ubicaci\u00f3n est\u00e1 al lado de una de las circunvalaciones de Madrid, por lo que est\u00e1 todo relativamente cerca.<\/p>\n<\/div>\n<\/li>\n<li>\n<p>        <img decoding=\"async\" src=\"\/wp-content\/uploads\/2025\/07\/usuario.png\" alt=\"rese\u00f1a de vivienda en Puente de Vallecas\"><\/p>\n<h3>Maxi<\/h3>\n<p>Fant\u00e1stico<\/p>\n<div>\n<p>Estupendo. Apartamento muy c\u00f3modo. Super limpio.<br \/>\nLas camas comodisimas. La persona encargada, Gema, muy atenta.<\/p>\n<\/div>\n<\/li>\n<li>\n<p>        <img decoding=\"async\" src=\"\/wp-content\/uploads\/2025\/07\/usuario.png\" alt=\"rese\u00f1a de vivienda en Puente de Vallecas\"><\/p>\n<h3>\u00c1ngela<\/h3>\n<p>Muy bonito<\/p>\n<div>\n<p>Apartamento acogedor y bien cuidado, equipado con todo lo necesario y muy bonito. Personal amable y atentos.<\/p>\n<\/div>\n<\/li>\n<li>\n<p>        <img decoding=\"async\" src=\"\/wp-content\/uploads\/2025\/07\/usuario.png\" alt=\"rese\u00f1a de vivienda en Puente de Vallecas\"><\/p>\n<h3>Sara<\/h3>\n<p>Fant\u00e1stico<\/p>\n<div>\n<p>Lo mejor es que el el piso est\u00e1 nuevo, tiene una terraza peque\u00f1a y la verdad tiene de todo. Televisiones gigantes y mont\u00f3n de herramientas de cocina.<\/p>\n<\/div>\n<\/li>\n<\/ul>\n<h2>Especificaciones de la vivienda<\/h2>\n<div>\n<p>\u00a1Muy buenos servicios! Puntuaci\u00f3n: <span class=\"uk-text-primary\"><strong>9<\/strong> \u2b50<\/span><\/p>\n<\/div>\n<ul>\n<li>\n<p>        <img decoding=\"async\" src=\"\/wp-content\/uploads\/yootheme\/icon-wifi.svg\" alt=\"Wifi gratis\"><\/p>\n<p>Wifi gratis<\/p>\n<\/li>\n<li>\n<p>        <img decoding=\"async\" src=\"\/wp-content\/uploads\/yootheme\/icon-bathtub.svg\" alt=\"Ba\u00f1o privado\"><\/p>\n<p>Ba\u00f1o privado<\/p>\n<\/li>\n<li>\n<p>        <img decoding=\"async\" src=\"\/wp-content\/uploads\/yootheme\/icon-kitchen.svg\" alt=\"Cocina\"><\/p>\n<p>Cocina<\/p>\n<\/li>\n<li>\n<p>        <img decoding=\"async\" src=\"\/wp-content\/uploads\/icon-washing-machine.svg\" alt=\"Lavadora\"><\/p>\n<p>Lavadora<\/p>\n<\/li>\n<\/ul>\n<ul>\n<li>\n<p>        <img decoding=\"async\" src=\"\/wp-content\/uploads\/icon-kitchen.svg\" alt=\"Cocina\"><\/p>\n<div>\n<p>Cocina completa<\/p>\n<\/div>\n<\/li>\n<li>\n<p>        <img decoding=\"async\" src=\"\/wp-content\/uploads\/yootheme\/icon-wifi.svg\" alt=\"WiFi\"><\/p>\n<div>\n<p>WiFi &#038; Fibra 1 GB<\/p>\n<\/div>\n<\/li>\n<li>\n<p>        <img decoding=\"async\" src=\"\/wp-content\/uploads\/2025\/07\/nevera.png\" alt=\"Nevera\"><\/p>\n<div>Nevera<\/div>\n<\/li>\n<li>\n<p>        <img decoding=\"async\" src=\"\/wp-content\/uploads\/2025\/07\/microondas-cocina.webp\" alt=\"Microondas\"><\/p>\n<div>Microondas<\/div>\n<\/li>\n<li>\n<p>        <img decoding=\"async\" src=\"\/wp-content\/uploads\/icon-coffee-maker.svg\" alt=\"Cafetera\"><\/p>\n<div>Cafetera<\/div>\n<\/li>\n<li>\n<p>        <img decoding=\"async\" src=\"\/wp-content\/uploads\/icon-washing-machine.svg\" alt=\"Lavadora\"><\/p>\n<div>\n<p>Lavadora<\/p>\n<\/div>\n<\/li>\n<li>\n<p>        <img decoding=\"async\" src=\"\/wp-content\/uploads\/yootheme\/icon-free-parking.svg\" alt=\"parking\"><\/p>\n<div>\n<p>Parking p\u00fablico gratis<\/p><\/div>\n<\/li>\n<li>\n<p>        <img decoding=\"async\" src=\"\/wp-content\/uploads\/yootheme\/icon-sauna.svg\" alt=\"Calefacci\u00f3n\"><\/p>\n<div>Calefacci\u00f3n<\/div>\n<\/li>\n<li>\n<p>        <img decoding=\"async\" src=\"\/wp-content\/uploads\/yootheme\/icon-tv.svg\" alt=\"TV\"><\/p>\n<div>2 TV 55&#8243; y 65&#8243;<\/div>\n<\/li>\n<li>\n<p>        <img decoding=\"async\" src=\"\/wp-content\/uploads\/icon-shower.svg\" alt=\"Ducha\"><\/p>\n<div>Ducha<\/div>\n<\/li>\n<li>\n<p>        <img decoding=\"async\" src=\"\/wp-content\/uploads\/2025\/07\/ventiladores.png\" alt=\"Ventiladores\"><\/p>\n<div>Ventiladores<\/div>\n<\/li>\n<\/ul>\n<h2>Preguntas frecuentes<\/h2>\n<ul>\n<li>\n<h3>\u00bfHay parking?<\/h3>\n<div>\n<p>Pico Cebollera no dispone de plaza de aparcamiento. La calle es gratuito.<\/p>\n<\/div>\n<\/li>\n<li>\n<h3>\u00bfSe sirven desayunos?<\/h3>\n<div>No hay opciones de desayuno disponibles.<\/div>\n<\/li>\n<li>\n<h3>\u00bfHay restaurante?<\/h3>\n<div>No hay restaurante.<\/div>\n<\/li>\n<li>\n<h3>\u00bfHay piscina?<\/h3>\n<div>Pico Cebollera no dispone de piscina.<\/div>\n<\/li>\n<\/ul>\n<hr>\n<ul>\n<li>\n<h3>\u00bfCu\u00e1l es el horario de check-in y check-out?<\/h3>\n<div>\n<p>\u2713 Check-in de 16:00 a 20:00 \u2713 Check-out hasta las 11:00<\/p>\n<p>Si quieres hacer el check-in o el check-out antes o despu\u00e9s de lo habitual, puedes hacer una petici\u00f3n especial en el momento de reservar.<\/p>\n<p>Ten en cuenta que las peticiones especiales no se pueden garantizar. Si hacer el check-in o el check-out antes o despu\u00e9s de lo habitual es fundamental para tus planes de viaje, te recomendamos que consultes las opciones de cancelaci\u00f3n antes de reservar.<\/p>\n<\/div>\n<\/li>\n<li>\n<h3>\u00bfPuedo llevar a mi mascota?<\/h3>\n<div>\n<p>Pico Cebollera no admite mascotas.<\/p>\n<\/div>\n<\/li>\n<li>\n<h3>\u00bfCu\u00e1nto cuesta alojarse en Pico Cebollera?<\/h3>\n<div>\n<p>Los precios varian en funci\u00f3n de la estancia (fechas, condiciones del apartamento, etc.). Elige tus fechas para ver el precio.<\/p>\n<\/div>\n<\/li>\n<\/ul>\n<h3>Normas de la vivienda<\/h3>\n<div>\n<p>    <img decoding=\"async\" src=\"\/wp-content\/uploads\/2025\/07\/check-in.png\" alt=\"Entrada\"><\/p>\n<div>Entrada<\/div>\n<\/div>\n<div>\n<h3>De las 16:00 a las 20:00<\/h3>\n<div>Tienes que decirnos con antelaci\u00f3n a qu\u00e9 hora vas a llegar.<\/div>\n<\/div>\n<hr>\n<div>\n<p>    <img decoding=\"async\" src=\"\/wp-content\/uploads\/2025\/07\/salida.png\" alt=\"Salida\"><\/p>\n<div>Salida<\/div>\n<\/div>\n<div>\n<h3>Salida a las 11:00<\/h3>\n<\/div>\n<hr>\n<div>\n<p>    <img decoding=\"async\" src=\"\/wp-content\/uploads\/2025\/07\/Condiciones-sobre-danos.png\" alt=\"Condiciones sobre da\u00f1os en el alojamiento\"><\/p>\n<div>Condiciones sobre da\u00f1os en el alojamiento<\/div>\n<\/div>\n<div>\n<h3>Da\u00f1os<\/h3>\n<div>Si causas da\u00f1os al alojamiento durante tu estancia, podr\u00edan pedirte un pago de hasta \u20ac 300 despu\u00e9s del check-out<\/div>\n<\/div>\n<hr>\n<div>\n<p>    <img decoding=\"async\" src=\"\/wp-content\/uploads\/2025\/07\/cuna.png\" alt=\"Camas para ni\u00f1os\"><\/p>\n<div>Camas para ni\u00f1os<\/div>\n<\/div>\n<div>\n<h3>Condiciones para estancias con ni\u00f1os<\/h3>\n<div>\n<p>Se pueden alojar ni\u00f1os de cualquier edad.<\/p>\n<h4 style=\"font-size: 1.0rem; font-weight: 500; margin: 1em 0;\">Condiciones sobre cunas y camas supletorias.<\/h4>\n<p>Cuna a petici\u00f3n \/ \u20ac 25 por estancia.<\/p>\n<p>El precio de las cunas no est\u00e1 incluido en el precio total y se tiene que pagar por separado durante la estancia.<\/p>\n<p>No hay camas supletorias disponibles en este alojamiento.<\/p>\n<p>Todas las cunas est\u00e1n sujetas a disponibilidad.<\/p>\n<\/div>\n<\/div>\n<hr>\n<div>\n<p>    <img decoding=\"async\" src=\"\/wp-content\/uploads\/2025\/07\/no-fumar.png\" alt=\"No fumadores\"><\/p>\n<div>No fumadores<\/div>\n<\/div>\n<div>\n<h3>No se puede fumar<\/h3>\n<\/div>\n<hr>\n<div>\n<p>    <img decoding=\"async\" src=\"\/wp-content\/uploads\/2025\/07\/fiestas.png\" alt=\"prohibido Fiestas\"><\/p>\n<div>Fiestas<\/div>\n<\/div>\n<div>\n<h3>No se pueden celebrar fiestas\/eventos<\/h3>\n<\/div>\n<hr>\n<div>\n<p>    <img decoding=\"async\" src=\"\/wp-content\/uploads\/2025\/07\/despertador.png\" alt=\"Horario sin ruido\"><\/p>\n<div>Horario sin ruido<\/div>\n<\/div>\n<div>\n<h3>Los clientes deben minimizar el ruido de 22:00 a 8:00<\/h3>\n<\/div>\n<hr>\n<div>\n<p>    <img decoding=\"async\" src=\"\/wp-content\/uploads\/2025\/07\/prohibido-mascotas.png\" alt=\"Mascotas\"><\/p>\n<div>Mascotas<\/div>\n<\/div>\n<div>\n<h3>No se admiten mascotas<\/h3>\n<\/div>\n<h3>Empresa<\/h3>\n<div>\n<p>        <img decoding=\"async\" src=\"\/wp-content\/uploads\/2020\/12\/Host-Global-Homes.webp\" alt=\"Global Homes Caliza\"><\/p>\n<h4>Global Homes<\/h4>\n<div>Global Homes empresa de alquiler de viviendas en Madrid<\/div>\n<p><a href=\"\/nosotros\/\"><\/a><\/p>\n<\/div>\n<h2>En el mapa encontrar\u00e1s bares y restaurantes recomendados<\/h2>\n<ul>\n<li>\n<p>40.39359236668191,-3.6715400740283215<\/p>\n<h3>Puente de Vallecas<\/h3>\n<p>Madrid<\/p>\n<\/li>\n<li>\n<p>40.392174541949316,-3.6701652583187783<\/p>\n<h3>Halal Friends Burgers &#038; Milkshakes<\/h3>\n<div>Av del Monte Igueldo, 95, Puente de Vallecas, 28053 Madrid\n<\/div>\n<p><a href=\"https:\/\/maps.app.goo.gl\/J7zDKkd42k1zNMfb7\">Ll\u00e9vame<\/a><\/p>\n<\/li>\n<li>\n<p>40.398066743683906,-3.667102263769512<\/p>\n<h3>Restaurante Humo Vallecas<\/h3>\n<div>C. del Monte Oliveti, 19, Puente de Vallecas, 28038 Madrid<\/div>\n<p><a href=\"https:\/\/maps.app.goo.gl\/R4JGLzZ7fKCN3StN9\">Ll\u00e9vame<\/a><\/p>\n<\/li>\n<li>\n<p>40.39242030074313,-3.666028940601742<\/p>\n<h3>Manos Chiclayanas<\/h3>\n<div>C. del P\u00e1rroco Don Emilio Franco, 4, Puente de Vallecas, 28053 Madrid<\/div>\n<p><a href=\"https:\/\/maps.app.goo.gl\/FopHow7m2qG74DkZA\">Ll\u00e9vame<\/a><\/p>\n<\/li>\n<\/ul>\n<h3>Empresa<\/h3>\n<div>\n<p>        <img decoding=\"async\" src=\"\/wp-content\/uploads\/2025\/01\/cropped-GHP_Logo_Homes_Favicon.png\" alt=\"\"><\/p>\n<h4>Global Homes<\/h4>\n<div>Global Homes empresa de alquiler de viviendas en Madrid.<\/div>\n<\/div>\n<p><!--more--><br \/>\n<!-- {\"type\":\"layout\",\"children\":[{\"type\":\"section\",\"props\":{\"html_element\":\"header\",\"image_position\":\"center-center\",\"style\":\"default\",\"title_breakpoint\":\"xl\",\"title_position\":\"top-left\",\"title_rotation\":\"left\",\"vertical_align\":\"\",\"width\":\"large\"},\"children\":[{\"type\":\"row\",\"children\":[{\"type\":\"column\",\"props\":{\"image_position\":\"center-center\",\"position_sticky_breakpoint\":\"m\",\"width_medium\":\"4-5\"},\"children\":[{\"type\":\"headline\",\"props\":{\"content\":\"Vivienda en Puente de Vallecas <br \/> Pico Cebollera\",\"image_align\":\"left\",\"image_margin\":\"xsmall\",\"text_align\":\"left\",\"title_element\":\"h1\",\"title_style\":\"heading-small\"}},{\"type\":\"list\",\"props\":{\"column_breakpoint\":\"m\",\"image_align\":\"left\",\"image_svg_color\":\"emphasis\",\"image_vertical_align\":true,\"list_element\":\"ul\",\"list_horizontal_separator\":\", \",\"list_type\":\"vertical\",\"show_image\":true,\"show_link\":true},\"children\":[{\"type\":\"list_item\",\"props\":{\"content\":\"<span class=\\\"uk-text-primary\\\"><strong>Valoraci\u00f3n Booking 8.6 \u2b50<\/strong><\/span>\"}},{\"type\":\"list_item\",\"props\":{\"content\":\"Calle del Pico Cebollera , Puente de Vallecas, 28053 Madrid, Espa\u00f1a\",\"icon\":\"location\"}}]},{\"type\":\"subnav\",\"props\":{\"margin_bottom\":\"medium\",\"margin_top\":\"medium\",\"show_image\":true,\"subnav_style\":\"pill\",\"text_align\":\"left\",\"visibility\":\"m\"},\"children\":[{\"type\":\"subnav_item\",\"props\":{\"content\":\"Vista General\",\"link\":\"#fotos Ciudad Lineal\"}},{\"type\":\"subnav_item\",\"props\":{\"content\":\"Servicios\",\"link\":\"#Servicios\"}},{\"type\":\"subnav_item\",\"props\":{\"content\":\"Reservas\",\"link\":\"#Reservas\"}},{\"type\":\"subnav_item\",\"props\":{\"content\":\"Normas\",\"link\":\"#normas\"}},{\"type\":\"subnav_item\",\"props\":{\"content\":\"Preguntas frecuentes\",\"link\":\"#Preguntas\"}},{\"type\":\"subnav_item\",\"props\":{\"content\":\"Valoraci\u00f3n\",\"link\":\"#Valoraci\u00f3n\"}}]}]},{\"type\":\"column\",\"props\":{\"html_element\":\"aside\",\"image_position\":\"center-center\",\"position_sticky_breakpoint\":\"m\",\"vertical_align\":\"bottom\",\"width_medium\":\"1-5\"},\"children\":[{\"type\":\"button\",\"props\":{\"button_size\":\"small\",\"grid_column_gap\":\"small\",\"grid_row_gap\":\"small\",\"margin_bottom\":\"default\",\"margin_top\":\"default\",\"visibility\":\"m\"},\"children\":[{\"type\":\"button_item\",\"props\":{\"button_style\":\"primary\",\"content\":\"Reserva el apartamento\",\"dialog_layout\":\"modal\",\"dialog_offcanvas_flip\":true,\"icon_align\":\"left\",\"link\":\"#Reservas\"}}]},{\"type\":\"icon\",\"props\":{\"attributes\":\"onclick=\\\"\\nevent.preventDefault();\\nif (navigator.share) {\\n  navigator.share({\\n    title: document.title,\\n    text: '\u00a1Echa un vistazo a esta vivienda!',\\n    url: window.location.href\\n  }).catch(console.error);\\n} else {\\n  alert('La funci\u00f3n de compartir no est\u00e1 disponible en este navegador o la p\u00e1gina no es segura (necesita HTTPS).');\\n}\\\"\",\"icon\":\"social\",\"icon_width\":\"40\",\"link\":\"https:\/\/api.whatsapp.com\/send?text=%C2%A1Echa%20un%20vistazo%20a%20esta%20vivienda!%20https%3A%2F%2Fglobalhp.es%2Fpico-cebollera%2F%23Reservas\",\"link_aria_label\":\"share\",\"link_style\":\"button\",\"margin_bottom\":\"default\",\"margin_top\":\"default\",\"visibility\":\"m\"}}]}],\"props\":{\"layout\":\"4-5,1-5\"}},{\"type\":\"row\",\"props\":{\"height_viewport\":110,\"html_element\":\"section\",\"layout\":\"3-5,2-5\",\"parallax\":false},\"children\":[{\"type\":\"column\",\"props\":{\"image_position\":\"center-center\",\"position_sticky_breakpoint\":\"m\",\"width_medium\":\"3-5\"},\"children\":[{\"type\":\"slideshow\",\"props\":{\"animation\":\"parallax\",\"container_padding_remove\":false,\"height_viewport\":\"viewport\",\"height_viewport_height\":60,\"height_viewport_offset\":true,\"id\":\"fotos Ciudad Lineal\",\"image_height\":600,\"image_loading\":true,\"image_width\":900,\"link_style\":\"default\",\"link_text\":\"Read more\",\"margin_bottom\":\"default\",\"margin_top\":\"default\",\"meta_align\":\"above-title\",\"meta_color\":\"muted\",\"meta_element\":\"div\",\"meta_style\":\"h4\",\"nav\":\"thumbnav\",\"nav_align\":\"center\",\"nav_below\":false,\"nav_breakpoint\":\"\",\"nav_position\":\"bottom-center\",\"nav_position_margin\":\"medium\",\"nav_vertical\":false,\"overlay_animation\":\"parallax\",\"overlay_position\":\"center\",\"parallax_breakpoint\":\"m\",\"parallax_easing\":\"1\",\"parallax_y\":\"0,-50\",\"show_content\":false,\"show_link\":true,\"show_meta\":false,\"show_thumbnail\":true,\"show_title\":false,\"slidenav\":\"bottom-right\",\"slidenav_breakpoint\":\"m\",\"slidenav_hover\":false,\"slidenav_large\":true,\"slidenav_margin\":\"\",\"slidenav_outside_breakpoint\":\"xl\",\"slideshow_animation\":\"pull\",\"slideshow_autoplay_pause\":true,\"slideshow_min_height\":\"500\",\"slideshow_velocity\":\"1.5\",\"text_align\":\"center\",\"thumbnav_height\":\"100\",\"thumbnav_shrink\":true,\"thumbnav_svg_color\":\"emphasis\",\"thumbnav_width\":\"150\",\"title_element\":\"h2\",\"title_hover_style\":\"reset\",\"title_margin\":\"remove\",\"title_style\":\"heading-xlarge\"},\"children\":[{\"type\":\"slideshow_item\",\"props\":{\"content\":\"\",\"image\":\"wp-content\/uploads\/2025\/07\/Pico-Cebollera-2.webp\",\"image_alt\":\"Vivienda en Puente de Vallecas\",\"meta\":\"\",\"text_color\":\"light\",\"title\":\"\"}},{\"type\":\"slideshow_item\",\"props\":{\"content\":\"\",\"image\":\"wp-content\/uploads\/2025\/07\/Pico-Cebollera-1.webp\",\"image_alt\":\"Habitaci\u00f3n de vivienda en Puente de Vallecas\",\"meta\":\"\",\"text_color\":\"light\",\"title\":\"\"}},{\"type\":\"slideshow_item\",\"props\":{\"content\":\"\",\"image\":\"wp-content\/uploads\/2025\/07\/Pico-Cebollera-3.webp\",\"image_alt\":\"Sal\u00f3n vivienda en Puente de Vallecas\",\"meta\":\"\",\"text_color\":\"light\",\"title\":\"\"}},{\"type\":\"slideshow_item\",\"props\":{\"content\":\"\",\"image\":\"wp-content\/uploads\/2025\/07\/Pico-Cebollera-4.webp\",\"image_alt\":\"Cocina vivienda en Puente de Vallecas\",\"meta\":\"\",\"text_color\":\"light\",\"title\":\"\"}},{\"type\":\"slideshow_item\",\"props\":{\"content\":\"\",\"image\":\"wp-content\/uploads\/2025\/07\/Pico-Cebollera-5.webp\",\"image_alt\":\"Ba\u00f1o de vivienda en Puente de Vallecas\",\"meta\":\"\",\"text_color\":\"light\",\"title\":\"\"}},{\"type\":\"slideshow_item\",\"props\":{\"content\":\"\",\"image\":\"wp-content\/uploads\/2025\/07\/Pico-Cebollera-6.webp\",\"image_alt\":\"Terraza de vivienda en Puente de Vallecas\",\"meta\":\"\",\"text_color\":\"light\",\"title\":\"\"}}]},{\"type\":\"grid\",\"props\":{\"content_column_breakpoint\":\"m\",\"content_margin\":\"remove\",\"filter\":false,\"filter_align\":\"left\",\"filter_all\":true,\"filter_grid_breakpoint\":\"m\",\"filter_grid_width\":\"auto\",\"filter_position\":\"top\",\"filter_style\":\"tab\",\"grid_column_gap\":\"small\",\"grid_default\":\"2\",\"grid_medium\":\"\",\"grid_row_gap\":\"small\",\"grid_small\":\"3\",\"image_align\":\"left\",\"image_grid_breakpoint\":\"s\",\"image_grid_column_gap\":\"small\",\"image_grid_row_gap\":\"small\",\"image_grid_width\":\"auto\",\"image_height\":25,\"image_svg_animate\":false,\"image_svg_color\":\"\",\"image_svg_inline\":true,\"image_vertical_align\":true,\"image_width\":25,\"item_animation\":true,\"lightbox_bg_close\":true,\"link_style\":\"default\",\"link_text\":\"Read more\",\"margin_bottom\":\"default\",\"margin_top\":\"default\",\"meta_align\":\"below-title\",\"meta_color\":\"emphasis\",\"meta_element\":\"div\",\"meta_margin\":\"small\",\"meta_style\":\"text-meta\",\"panel_padding\":\"small\",\"panel_style\":\"card-secondary\",\"parallax_easing\":\"1\",\"show_content\":true,\"show_hover_image\":true,\"show_hover_video\":true,\"show_image\":true,\"show_link\":true,\"show_meta\":true,\"show_title\":true,\"show_video\":true,\"text_align\":\"left\",\"text_align_breakpoint\":\"s\",\"text_align_fallback\":\"center\",\"title_align\":\"top\",\"title_element\":\"div\",\"title_grid_breakpoint\":\"m\",\"title_grid_width\":\"small\",\"title_hover_style\":\"reset\",\"title_margin\":\"small\"},\"children\":[{\"type\":\"grid_item\",\"props\":{\"_condition\":true,\"content\":\"\",\"image\":\"wp-content\/uploads\/2025\/09\/sin-ascensor.webp\",\"image_alt\":\"Sin ascensor\",\"meta\":\"Sin ascensor <br \/> 1\u00ba Piso\",\"tags\":\"Sin ascensor\"}},{\"type\":\"grid_item\",\"props\":{\"_condition\":true,\"content\":\"\",\"image\":\"wp-content\/uploads\/cta-icon.svg\",\"image_alt\":\"64 m\u00b2\",\"meta\":\"64 m\u00b2\",\"tags\":\"64 m\u00b2\"}},{\"type\":\"grid_item\",\"props\":{\"_condition\":true,\"content\":\"\",\"image\":\"wp-content\/uploads\/yootheme\/icon-floorplan.svg\",\"image_alt\":\"2 Habitaciones\",\"meta\":\"2 Habitaciones\",\"tags\":\"Habitaciones\",\"title\":\"\"}},{\"type\":\"grid_item\",\"props\":{\"_condition\":true,\"content\":\"\",\"image\":\"wp-content\/uploads\/yootheme\/icon-air-conditioning.svg\",\"image_alt\":\"Aire acondicionado\",\"meta\":\"Aire acondicionado\",\"tags\":\"Aire acondicionado\",\"title\":\"\"}},{\"type\":\"grid_item\",\"props\":{\"_condition\":true,\"content\":\"\",\"image\":\"wp-content\/uploads\/icon-guests.svg\",\"image_alt\":\"4 Personas\",\"meta\":\"4 Personas\",\"tags\":\"Personas\",\"title\":\"\"}},{\"type\":\"grid_item\",\"props\":{\"_condition\":true,\"content\":\"\",\"image\":\"wp-content\/uploads\/2025\/07\/terraza.webp\",\"image_alt\":\"Terraza\",\"meta\":\"Terraza\",\"tags\":\"Terraza\",\"title\":\"\"}}]},{\"type\":\"headline\",\"props\":{\"content\":\"Comentarios de clientes\",\"image_align\":\"left\",\"image_margin\":\"xsmall\",\"title_element\":\"h2\",\"title_style\":\"h4\",\"visibility\":\"hidden-m\"}},{\"type\":\"html\",\"props\":{\"class\":\"uk-hidden@s\",\"content\":\"\n\n<style>\\n    \/* * CSS Aislado para el Widget de Comentarios (Estilo Booking)\\n     *\/\\n    .review-widget-container-booking {\\n        font-family: -apple-system, BlinkMacSystemFont, \\\"Segoe UI\\\", Roboto, \\\"Helvetica Neue\\\", Arial, sans-serif;\\n        background-color: white;\\n        color: #1c1e21;\\n        padding: 20px;\\n        border-radius: 0px;\\n        box-shadow: 0 0px 0px rgba(0, 0, 0, 0.0);\\n        width: 90%;\\n        max-width: 420px; \\n        margin: 0 auto;\\n    }\\n\\n    .review-widget-container-booking h2 {\\n        \/* Se elimina el h2 para que coincida con la imagen que no tiene t\u00edtulo *\/\\n        display: none;\\n    }\\n\\n    .review-widget-container-booking .overall-rating {\\n        display: flex;\\n        align-items: center;\\n        margin-bottom: 24px;\\n        gap: 12px;\\n    }\\n\\n    .review-widget-container-booking .score-box {\\n        background-color: #008009; \/* Color verde de la imagen *\/\\n        color: white;\\n        font-weight: bold;\\n        font-size: 16px;\\n        padding: 6px 10px;\\n        border-radius: 5px;\\n    }\\n\\n    .review-widget-container-booking .rating-text {\\n        font-weight: 500; \/* Un poco menos grueso que 'bold' para coincidir *\/\\n        font-size: 16px;\\n        color: #333;\\n    }\\n    \\n    .review-widget-container-booking .ratings-list {\\n        display: flex;\\n        flex-direction: column;\\n        gap: 14px;\\n    }\\n\\n    .review-widget-container-booking .rating-item {\\n        display: flex;\\n        justify-content: space-between;\\n        align-items: center;\\n        gap: 15px;\\n    }\\n    \\n    .review-widget-container-booking .category-name {\\n        font-size: 14px;\\n        white-space: nowrap;\\n    }\\n\\n    .review-widget-container-booking .arrow {\\n        color: #008009; \/* Color verde para la flecha *\/\\n        font-weight: bold;\\n    }\\n\\n    .review-widget-container-booking .bar-and-score {\\n        display: flex;\\n        align-items: center;\\n        flex-grow: 1;\\n        min-width: 0; \/* Ayuda a la flexibilidad en contenedores peque\u00f1os *\/\\n    }\\n\\n    .review-widget-container-booking .progress-bar-container {\\n        flex-grow: 1;\\n        height: 6px; \/* Un poco m\u00e1s fina como en la imagen *\/\\n        background-color: #e9ecef;\\n        border-radius: 3px;\\n        margin-right: 12px;\\n        overflow: hidden;\\n    }\\n\\n    .review-widget-container-booking .progress-bar {\\n        height: 100%;\\n        border-radius: 3px;\\n    }\\n    \\n    \/* NUEVAS CLASES para manejar los colores de las barras *\/\\n    .review-widget-container-booking .progress-bar-blue {\\n        background-color: #003580; \/* Azul *\/\\n    }\\n    .review-widget-container-booking .progress-bar-green {\\n        background-color: #008009; \/* Verde *\/\\n    }\\n\\n    .review-widget-container-booking .score-number {\\n        font-size: 14px;\\n        font-weight: 500;\\n    }\\n\\n    \/* Estilos responsivos para m\u00f3viles *\/\\n    @media (max-width: 420px) {\\n        .review-widget-container-booking .rating-item {\\n            flex-wrap: wrap; \/* Permite que los elementos se envuelvan *\/\\n        }\\n        .review-widget-container-booking .category-name {\\n            flex-basis: 100%; \/* El nombre ocupa toda la l\u00ednea *\/\\n            margin-bottom: 8px;\\n            white-space: normal;\\n        }\\n        .review-widget-container-booking .bar-and-score {\\n            width: 100%;\\n        }\\n    }\\n<\/style>\n\n\\n\\n\n\n<div class=\\\"review-widget-container-booking\\\">\\n    \n\n<h2>Comentarios<\/h2>\n\n\\n\\n    \n\n<div class=\\\"overall-rating\\\">\\n        <span class=\\\"score-box\\\">8,8<\/span>\\n        <span class=\\\"rating-text\\\">Genial<\/span>\\n    <\/div>\n\n\\n\\n    \n\n<div class=\\\"ratings-list\\\">\\n        \\n        \n\n<div class=\\\"rating-item\\\">\\n            <span class=\\\"category-name\\\">Ubicaci\u00f3n<\/span>\\n            \n\n<div class=\\\"bar-and-score\\\">\\n                \n\n<div class=\\\"progress-bar-container\\\">\\n                    \n\n<div class=\\\"progress-bar progress-bar-green\\\" style=\\\"width: 70%;\\\"><\/div>\n\n\\n                <\/div>\n\n\\n                <span class=\\\"score-number\\\">7<\/span>\\n            <\/div>\n\n\\n        <\/div>\n\n\\n\\n        \n\n<div class=\\\"rating-item\\\">\\n            <span class=\\\"category-name\\\">Limpieza<\/span>\\n            \n\n<div class=\\\"bar-and-score\\\">\\n                \n\n<div class=\\\"progress-bar-container\\\">\\n                    \n\n<div class=\\\"progress-bar progress-bar-green\\\" style=\\\"width: 90%;\\\"><\/div>\n\n\\n                <\/div>\n\n\\n                <span class=\\\"score-number\\\">9<\/span>\\n            <\/div>\n\n\\n        <\/div>\n\n\\n\\n        \n\n<div class=\\\"rating-item\\\">\\n            <span class=\\\"category-name\\\">Relaci\u00f3n calidad-precio<\/span>\\n            \n\n<div class=\\\"bar-and-score\\\">\\n                \n\n<div class=\\\"progress-bar-container\\\">\\n                    \n\n<div class=\\\"progress-bar progress-bar-green\\\" style=\\\"width: 81%;\\\"><\/div>\n\n\\n                <\/div>\n\n\\n                <span class=\\\"score-number\\\">8,1<\/span>\\n            <\/div>\n\n\\n        <\/div>\n\n\\n\\n        \n\n<div class=\\\"rating-item\\\">\\n            <span class=\\\"category-name\\\">Instalaciones y servicios<\/span>\\n            \n\n<div class=\\\"bar-and-score\\\">\\n                \n\n<div class=\\\"progress-bar-container\\\">\\n                    \n\n<div class=\\\"progress-bar progress-bar-green\\\" style=\\\"width: 90%;\\\"><\/div>\n\n\\n                <\/div>\n\n\\n                <span class=\\\"score-number\\\">9<\/span>\\n            <\/div>\n\n\\n        <\/div>\n\n\\n\\n        \n\n<div class=\\\"rating-item\\\">\\n            <span class=\\\"category-name\\\">Confort<\/span>\\n            \n\n<div class=\\\"bar-and-score\\\">\\n                \n\n<div class=\\\"progress-bar-container\\\">\\n                    \n\n<div class=\\\"progress-bar progress-bar-green\\\" style=\\\"width: 91%;\\\"><\/div>\n\n\\n                <\/div>\n\n\\n                <span class=\\\"score-number\\\">9,1<\/span>\\n            <\/div>\n\n\\n        <\/div>\n\n\\n\\n        \n\n<div class=\\\"rating-item\\\">\\n            <span class=\\\"category-name\\\">Personal<\/span>\\n            \n\n<div class=\\\"bar-and-score\\\">\\n                \n\n<div class=\\\"progress-bar-container\\\">\\n                    \n\n<div class=\\\"progress-bar progress-bar-green\\\" style=\\\"width: 90%;\\\"><\/div>\n\n\\n                <\/div>\n\n\\n                <span class=\\\"score-number\\\">9<\/span>\\n            <\/div>\n\n\\n        <\/div>\n\n\\n\\n        \n\n<div class=\\\"rating-item\\\">\\n            <span class=\\\"category-name\\\">WiFi gratis <\/span>\\n            \n\n<div class=\\\"bar-and-score\\\">\\n                \n\n<div class=\\\"progress-bar-container\\\">\\n                    \n\n<div class=\\\"progress-bar progress-bar-green\\\" style=\\\"width: 100%;\\\"><\/div>\n\n\\n                <\/div>\n\n\\n                <span class=\\\"score-number\\\">10<\/span>\\n            <\/div>\n\n\\n        <\/div>\n\n\\n\\n    <\/div>\n\n\\n<\/div>\n\n\"}},{\"type\":\"divider\",\"props\":{\"divider_element\":\"div\",\"divider_style\":\"icon\",\"visibility\":\"hidden-m\"}},{\"type\":\"headline\",\"props\":{\"content\":\"Rese\u00f1as de clientes\",\"image_align\":\"left\",\"image_margin\":\"xsmall\",\"title_element\":\"h2\",\"title_style\":\"h4\",\"visibility\":\"hidden-m\"}},{\"type\":\"panel-slider\",\"props\":{\"content_column_breakpoint\":\"m\",\"content_margin\":\"small\",\"content_style\":\"h5\",\"css\":\".el-item {box-shadow: none;}\",\"image_align\":\"left\",\"image_grid_breakpoint\":\"m\",\"image_grid_column_gap\":\"medium\",\"image_grid_row_gap\":\"small\",\"image_grid_width\":\"auto\",\"image_svg_color\":\"emphasis\",\"link_style\":\"default\",\"link_text\":\"\",\"margin_bottom\":\"\",\"margin_top\":\"\",\"meta_align\":\"below-title\",\"meta_element\":\"div\",\"meta_style\":\"h4\",\"nav\":\"\",\"nav_align\":\"center\",\"nav_breakpoint\":\"s\",\"panel_card_offset\":false,\"panel_image_no_padding\":false,\"panel_link\":false,\"panel_match\":true,\"panel_padding\":\"small\",\"panel_style\":\"card-secondary\",\"show_content\":true,\"show_hover_image\":true,\"show_hover_video\":true,\"show_image\":true,\"show_link\":true,\"show_meta\":true,\"show_title\":true,\"show_video\":true,\"slidenav\":\"\",\"slidenav_breakpoint\":\"xl\",\"slidenav_margin\":\"medium\",\"slidenav_outside_breakpoint\":\"xl\",\"slider_autoplay\":true,\"slider_autoplay_interval\":\"4\",\"slider_autoplay_pause\":false,\"slider_center\":true,\"slider_finite\":false,\"slider_gap\":\"small\",\"slider_sets\":false,\"slider_width\":\"fixed\",\"slider_width_default\":\"1-1\",\"slider_width_large\":\"1-3\",\"slider_width_medium\":\"1-3\",\"slider_width_small\":\"1-2\",\"slider_width_xlarge\":\"1-3\",\"title_align\":\"top\",\"title_color\":\"primary\",\"title_element\":\"h3\",\"title_grid_breakpoint\":\"m\",\"title_grid_width\":\"1-2\",\"title_hover_style\":\"reset\",\"title_style\":\"h6\",\"visibility\":\"hidden-m\"},\"children\":[{\"type\":\"panel-slider_item\",\"props\":{\"content\":\"\n\n<p>Todo muy limpio , tal y como est\u00e1 en las fotos. \\nEl anfitri\u00f3n muy amable, incluso nos dej\u00f3 entrar un poco antes al apartamento de la hora prevista.<\/p>\n\n\",\"image\":\"wp-content\/uploads\/2025\/07\/usuario.png\",\"image_alt\":\"rese\u00f1a de vivienda en Puente de Vallecas\",\"meta\":\"Genial\",\"title\":\"Santos\"}},{\"type\":\"panel-slider_item\",\"props\":{\"content\":\"\n\n<p>La comunicaci\u00f3n por WhatsApp y la atenci\u00f3n de la propetaria genial. Todo muy limpio.<\/p>\n\n\",\"image\":\"wp-content\/uploads\/2025\/07\/usuario.png\",\"image_alt\":\"rese\u00f1a de vivienda en Puente de Vallecas\",\"meta\":\"Fant\u00e1stico\",\"title\":\"Alba\"}},{\"type\":\"panel-slider_item\",\"props\":{\"content\":\"\n\n<p>El apartamento es hermoso! C\u00f3modo, y muy completo. Gena es muy servicial. Nos dej\u00f3 t\u00e9s, jugos, agua y leche de bienvenida.<\/p>\n\n\",\"image\":\"wp-content\/uploads\/2025\/07\/usuario.png\",\"image_alt\":\"rese\u00f1a de vivienda en Puente de Vallecas\",\"meta\":\"Genial\",\"title\":\"Laura\"}},{\"type\":\"panel-slider_item\",\"props\":{\"content\":\"\n\n<p>Como ubicaci\u00f3n est\u00e1 al lado de una de las circunvalaciones de Madrid, por lo que est\u00e1 todo relativamente cerca.<\/p>\n\n\",\"image\":\"wp-content\/uploads\/2025\/07\/usuario.png\",\"image_alt\":\"rese\u00f1a de vivienda en Puente de Vallecas\",\"meta\":\"Muy bien\",\"title\":\"Josep\"}},{\"type\":\"panel-slider_item\",\"props\":{\"content\":\"\n\n<p>Estupendo. Apartamento muy c\u00f3modo. Super limpio.\\nLas camas comodisimas. La persona encargada, Gema, muy atenta.<\/p>\n\n\",\"image\":\"wp-content\/uploads\/2025\/07\/usuario.png\",\"image_alt\":\"rese\u00f1a de vivienda en Puente de Vallecas\",\"meta\":\"Fant\u00e1stico\",\"title\":\"Maxi\"}},{\"type\":\"panel-slider_item\",\"props\":{\"content\":\"\n\n<p>Apartamento acogedor y bien cuidado, equipado con todo lo necesario y muy bonito. Personal amable y atentos.<\/p>\n\n\",\"image\":\"wp-content\/uploads\/2025\/07\/usuario.png\",\"image_alt\":\"rese\u00f1a de vivienda en Puente de Vallecas\",\"meta\":\"Muy bonito\",\"title\":\"\u00c1ngela\"}},{\"type\":\"panel-slider_item\",\"props\":{\"content\":\"\n\n<p>Lo mejor es que el el piso est\u00e1 nuevo, tiene una terraza peque\u00f1a y la verdad tiene de todo. Televisiones gigantes y mont\u00f3n de herramientas de cocina.<\/p>\n\n\",\"image\":\"wp-content\/uploads\/2025\/07\/usuario.png\",\"image_alt\":\"rese\u00f1a de vivienda en Puente de Vallecas\",\"meta\":\"Fant\u00e1stico\",\"title\":\"Sara\"}}]},{\"type\":\"divider\",\"props\":{\"divider_element\":\"div\",\"divider_style\":\"icon\",\"margin_bottom\":\"remove\",\"visibility\":\"hidden-m\"}},{\"type\":\"html\",\"props\":{\"class\":\"uk-visible@s\",\"content\":\"<link href=\\\"https:\/\/fonts.googleapis.com\/css2?family=Roboto:wght@400;700&display=swap\\\" rel=\\\"stylesheet\\\">\\n\\n\n\n<div style=\\\"border: 1px solid #ddd; border-radius: 1px; padding: 16px; display: flex; align-items: flex-start; max-width: 600px; font-family: 'Roboto', sans-serif;\\\">\\n  \n\n<div style=\\\"margin-right: 12px;\\\">\\n    <!-- Icono de estrella -->\\n    <svg xmlns=\\\"http:\/\/www.w3.org\/2000\/svg\\\" width=\\\"24\\\" height=\\\"24\\\" fill=\\\"#0071c2\\\" viewBox=\\\"0 0 24 24\\\">\\n      <path d=\\\"M12 .587l3.668 7.568 8.332 1.151-6.064 5.964 1.43 8.291L12 18.896l-7.366 4.665 1.43-8.291L0 9.306l8.332-1.151z\\\"\/>\\n    <\/svg>\\n  <\/div>\n<p>\\n  <\/p>\n<div>\\n    <\/p>\n<p style=\\\"margin: 0; font-weight: 700;\\\">Pico Cebollera rara vez aparece disponible.<\/p>\n<p>\\n    <\/p>\n<p style=\\\"margin: 4px 0 0 0; font-weight: 400;\\\">No lo dejes escapar y haz tu reserva antes de que se agote.<\/p>\n<p>\\n  <\/p><\/div>\n<p>\\n<\/p><\/div>\n<p>\u00ab}},{\u00abtype\u00bb:\u00bbtext\u00bb,\u00bbprops\u00bb:{\u00abcolumn_breakpoint\u00bb:\u00bbm\u00bb,\u00bbcontent\u00bb:\u00bb<\/p>\n<p>\u00bfBuscas un espacio c\u00f3modo, moderno y bien ubicado? Este acogedor piso de 65 m\u00b2 es perfecto para estancias cortas, con dos habitaciones amplias, WiFi ultrarr\u00e1pido y una terraza de 20 m\u00b2 donde disfrutar de momentos de relax al aire libre. Su dise\u00f1o funcional y totalmente equipado te har\u00e1 sentir como en casa desde el primer momento.<\/p>\n<p>\\n<\/p>\n<p>Con conexi\u00f3n directa al metro y cercan\u00edas, moverte por la ciudad ser\u00e1 r\u00e1pido y sencillo. Adem\u00e1s, cuenta con aire acondicionado, televisores de 55\u201d en cada habitaci\u00f3n y sal\u00f3n, y una cocina completa lista para tus necesidades diarias.<\/p>\n<p>\\n<\/p>\n<p>\u00a1Reserva ahora y vive una estancia sin preocupaciones!<\/p>\n<p>\u00ab,\u00bbmargin_bottom\u00bb:\u00bbdefault\u00bb,\u00bbmargin_top\u00bb:\u00bbdefault\u00bb,\u00bbvisibility\u00bb:\u00bbm\u00bb}}]},{\u00abtype\u00bb:\u00bbcolumn\u00bb,\u00bbprops\u00bb:{\u00abimage_position\u00bb:\u00bbcenter-center\u00bb,\u00bbposition_sticky\u00bb:\u00bbcolumn\u00bb,\u00bbposition_sticky_breakpoint\u00bb:\u00bbm\u00bb,\u00bbposition_sticky_offset\u00bb:\u00bb110&#8243;,\u00bbwidth_medium\u00bb:\u00bb2-5&#8243;},\u00bbchildren\u00bb:[{\u00abtype\u00bb:\u00bbvideo\u00bb,\u00bbprops\u00bb:{\u00abmargin_bottom\u00bb:\u00bbdefault\u00bb,\u00bbmargin_top\u00bb:\u00bbdefault\u00bb,\u00bbvideo\u00bb:\u00bbhttps:\/\/youtu.be\/SynXLUedlRM\u00bb,\u00bbvideo_controls\u00bb:true,\u00bbvideo_height\u00bb:600,\u00bbvideo_loading\u00bb:\u00bblazy\u00bb,\u00bbvideo_title\u00bb:\u00bbVivienda en alquiler Pico Cebollera Madrid\u00bb,\u00bbvideo_width\u00bb:600}},{\u00abtype\u00bb:\u00bbtext\u00bb,\u00bbprops\u00bb:{\u00abcolumn_breakpoint\u00bb:\u00bbm\u00bb,\u00bbcontent\u00bb:\u00bb<p>Calendar does not exist.<\/p>\u00ab,\u00bbmargin_bottom\u00bb:\u00bbdefault\u00bb,\u00bbmargin_top\u00bb:\u00bbdefault\u00bb,\u00bbstatus\u00bb:\u00bbdisabled\u00bb}},{\u00abtype\u00bb:\u00bbheadline\u00bb,\u00bbprops\u00bb:{\u00abcontent\u00bb:\u00bbDetalles de Pico Cebollera &#8211; Puente de Vallecas\u00bb,\u00bbimage_align\u00bb:\u00bbleft\u00bb,\u00bbimage_margin\u00bb:\u00bbxsmall\u00bb,\u00bbmargin_bottom\u00bb:\u00bbremove\u00bb,\u00bbmargin_top\u00bb:\u00bblarge\u00bb,\u00bbtitle_element\u00bb:\u00bbh3&#8243;,\u00bbvisibility\u00bb:\u00bbm\u00bb}},{\u00abtype\u00bb:\u00bbgrid\u00bb,\u00bbprops\u00bb:{\u00abcontent_column_breakpoint\u00bb:\u00bbm\u00bb,\u00bbcontent_margin\u00bb:\u00bbremove\u00bb,\u00bbfilter_align\u00bb:\u00bbleft\u00bb,\u00bbfilter_all\u00bb:true,\u00bbfilter_grid_breakpoint\u00bb:\u00bbm\u00bb,\u00bbfilter_grid_width\u00bb:\u00bbauto\u00bb,\u00bbfilter_position\u00bb:\u00bbtop\u00bb,\u00bbfilter_style\u00bb:\u00bbtab\u00bb,\u00bbgrid_column_gap\u00bb:\u00bbsmall\u00bb,\u00bbgrid_default\u00bb:\u00bbauto\u00bb,\u00bbgrid_medium\u00bb:\u00bb2&#8243;,\u00bbgrid_row_gap\u00bb:\u00bbsmall\u00bb,\u00bbgrid_small\u00bb:\u00bbauto\u00bb,\u00bbgrid_xlarge\u00bb:\u00bb3&#8243;,\u00bbimage_align\u00bb:\u00bbtop\u00bb,\u00bbimage_grid_breakpoint\u00bb:\u00bb\u00bb,\u00bbimage_grid_column_gap\u00bb:\u00bbsmall\u00bb,\u00bbimage_grid_width\u00bb:\u00bbauto\u00bb,\u00bbimage_height\u00bb:25,\u00bbimage_svg_color\u00bb:\u00bbemphasis\u00bb,\u00bbimage_svg_inline\u00bb:true,\u00bbimage_width\u00bb:25,\u00bbitem_animation\u00bb:true,\u00bblightbox_bg_close\u00bb:true,\u00bblink_style\u00bb:\u00bbdefault\u00bb,\u00bblink_text\u00bb:\u00bbRead more\u00bb,\u00bbmargin_bottom\u00bb:\u00bbdefault\u00bb,\u00bbmargin_top\u00bb:\u00bbdefault\u00bb,\u00bbmeta_align\u00bb:\u00bbbelow-title\u00bb,\u00bbmeta_color\u00bb:\u00bbemphasis\u00bb,\u00bbmeta_element\u00bb:\u00bbdiv\u00bb,\u00bbmeta_margin\u00bb:\u00bbsmall\u00bb,\u00bbmeta_style\u00bb:\u00bbtext-meta\u00bb,\u00bbpanel_padding\u00bb:\u00bbsmall\u00bb,\u00bbpanel_style\u00bb:\u00bbcard-secondary\u00bb,\u00bbparallax_easing\u00bb:\u00bb1&#8243;,\u00bbshow_content\u00bb:true,\u00bbshow_hover_image\u00bb:true,\u00bbshow_hover_video\u00bb:true,\u00bbshow_image\u00bb:true,\u00bbshow_link\u00bb:true,\u00bbshow_meta\u00bb:true,\u00bbshow_title\u00bb:true,\u00bbshow_video\u00bb:true,\u00bbtext_align\u00bb:\u00bbcenter\u00bb,\u00bbtitle_align\u00bb:\u00bbtop\u00bb,\u00bbtitle_element\u00bb:\u00bbh4&#8243;,\u00bbtitle_grid_breakpoint\u00bb:\u00bbm\u00bb,\u00bbtitle_grid_width\u00bb:\u00bbsmall\u00bb,\u00bbtitle_hover_style\u00bb:\u00bbreset\u00bb,\u00bbtitle_margin\u00bb:\u00bbsmall\u00bb,\u00bbtitle_style\u00bb:\u00bbh5&#8243;,\u00bbvisibility\u00bb:\u00bbm\u00bb},\u00bbchildren\u00bb:[{\u00abtype\u00bb:\u00bbgrid_item\u00bb,\u00bbprops\u00bb:{\u00ab_condition\u00bb:true,\u00bbcontent\u00bb:\u00bb\u00bb,\u00bbimage\u00bb:\u00bbwp-content\/uploads\/yootheme\/icon-wifi.svg\u00bb,\u00bbimage_alt\u00bb:\u00bbWifi gratis\u00bb,\u00bbmeta\u00bb:\u00bbWifi gratis 1GB\u00bb,\u00bbtags\u00bb:\u00bbWifi gratis\u00bb}},{\u00abtype\u00bb:\u00bbgrid_item\u00bb,\u00bbprops\u00bb:{\u00ab_condition\u00bb:true,\u00bbcontent\u00bb:\u00bb\u00bb,\u00bbimage\u00bb:\u00bbwp-content\/uploads\/yootheme\/icon-bathtub.svg\u00bb,\u00bbimage_alt\u00bb:\u00bbBa\u00f1o privado\u00bb,\u00bbmeta\u00bb:\u00bbBa\u00f1o privado\u00bb,\u00bbtags\u00bb:\u00bbBa\u00f1o privado\u00bb}},{\u00abtype\u00bb:\u00bbgrid_item\u00bb,\u00bbprops\u00bb:{\u00ab_condition\u00bb:true,\u00bbcontent\u00bb:\u00bb\u00bb,\u00bbimage\u00bb:\u00bbwp-content\/uploads\/yootheme\/icon-kitchen.svg\u00bb,\u00bbimage_alt\u00bb:\u00bbCocina\u00bb,\u00bbmeta\u00bb:\u00bbCocina\u00bb,\u00bbtags\u00bb:\u00bbCocina\u00bb}},{\u00abtype\u00bb:\u00bbgrid_item\u00bb,\u00bbprops\u00bb:{\u00ab_condition\u00bb:true,\u00bbcontent\u00bb:\u00bb\u00bb,\u00bbimage\u00bb:\u00bbwp-content\/uploads\/icon-washing-machine.svg\u00bb,\u00bbimage_alt\u00bb:\u00bbLavadora\u00bb,\u00bbmeta\u00bb:\u00bbLavadora\u00bb,\u00bbtags\u00bb:\u00bbLavadora\u00bb}}]},{\u00abtype\u00bb:\u00bbtext\u00bb,\u00bbprops\u00bb:{\u00abcolumn_breakpoint\u00bb:\u00bbm\u00bb,\u00bbcontent\u00bb:\u00bb<\/p>\n<p><strong>Licencia:<\/strong><br \/>VT-13956<\/p>\n<p>\\n<\/p>\n<p>ESFCTU00002805300079921000000000000000000000VT-139561<\/p>\n<p>\u00ab,\u00bbmargin_bottom\u00bb:\u00bbdefault\u00bb,\u00bbmargin_top\u00bb:\u00bbdefault\u00bb,\u00bbvisibility\u00bb:\u00bbm\u00bb}}]}]}],\u00bbname\u00bb:\u00bbAccommodations\u00bb},{\u00abtype\u00bb:\u00bbsection\u00bb,\u00bbprops\u00bb:{\u00abhtml_element\u00bb:\u00bbsection\u00bb,\u00bbimage_position\u00bb:\u00bbcenter-center\u00bb,\u00bbpadding_top\u00bb:\u00bbnone\u00bb,\u00bbstyle\u00bb:\u00bbdefault\u00bb,\u00bbtitle_breakpoint\u00bb:\u00bbxl\u00bb,\u00bbtitle_position\u00bb:\u00bbtop-left\u00bb,\u00bbtitle_rotation\u00bb:\u00bbleft\u00bb,\u00bbvertical_align\u00bb:\u00bb\u00bb,\u00bbwidth\u00bb:\u00bb\u00bb},\u00bbchildren\u00bb:[{\u00abtype\u00bb:\u00bbrow\u00bb,\u00bbprops\u00bb:{\u00abcolumn_gap\u00bb:\u00bblarge\u00bb,\u00bbmargin_bottom\u00bb:\u00bblarge\u00bb,\u00bbmargin_top\u00bb:\u00bblarge\u00bb,\u00bbrow_gap\u00bb:\u00bbcollapse\u00bb,\u00bbwidth\u00bb:\u00bblarge\u00bb},\u00bbchildren\u00bb:[{\u00abtype\u00bb:\u00bbcolumn\u00bb,\u00bbprops\u00bb:{\u00abimage_position\u00bb:\u00bbcenter-center\u00bb,\u00bbposition_sticky_breakpoint\u00bb:\u00bbm\u00bb},\u00bbchildren\u00bb:[{\u00abtype\u00bb:\u00bbheadline\u00bb,\u00bbprops\u00bb:{\u00abcontent\u00bb:\u00bbReserva tu apartamento en Puente de Vallecas\u00bb,\u00bbid\u00bb:\u00bbReservas\u00bb,\u00bbimage_align\u00bb:\u00bbleft\u00bb,\u00bbimage_margin\u00bb:\u00bbxsmall\u00bb,\u00bbmargin_bottom\u00bb:\u00bbsmall\u00bb,\u00bbmargin_top\u00bb:\u00bbsmall\u00bb,\u00bbtitle_element\u00bb:\u00bbh2&#8243;}},{\u00abtype\u00bb:\u00bbheadline\u00bb,\u00bbprops\u00bb:{\u00abcontent\u00bb:\u00bbApartamento en Pico Cebollera \/ Puente de Vallecas &#8211; Madrid\u00bb,\u00bbimage_align\u00bb:\u00bbleft\u00bb,\u00bbimage_margin\u00bb:\u00bbxsmall\u00bb,\u00bbmargin_bottom\u00bb:\u00bbsmall\u00bb,\u00bbmargin_top\u00bb:\u00bbsmall\u00bb,\u00bbtitle_color\u00bb:\u00bbprimary\u00bb,\u00bbtitle_element\u00bb:\u00bbdiv\u00bb,\u00bbtitle_style\u00bb:\u00bbh6&#8243;}},{\u00abtype\u00bb:\u00bbtable\u00bb,\u00bbprops\u00bb:{\u00abcontent_style\u00bb:\u00bbh6&#8243;,\u00bbimage_border\u00bb:\u00bbrounded\u00bb,\u00bbimage_height\u00bb:150,\u00bbimage_svg_color\u00bb:\u00bbemphasis\u00bb,\u00bbimage_width\u00bb:170,\u00bblink_style\u00bb:\u00bbprimary\u00bb,\u00bblink_text\u00bb:\u00bbReservar\u00bb,\u00bbmeta_style\u00bb:\u00bbh6&#8243;,\u00bbshow_content\u00bb:true,\u00bbshow_image\u00bb:true,\u00bbshow_link\u00bb:true,\u00bbshow_meta\u00bb:true,\u00bbshow_title\u00bb:true,\u00bbtable_order\u00bb:\u00bb4&#8243;,\u00bbtable_responsive\u00bb:\u00bbresponsive\u00bb,\u00bbtable_size\u00bb:\u00bbsmall\u00bb,\u00bbtable_style\u00bb:\u00bbstriped\u00bb,\u00bbtable_vertical_align\u00bb:true,\u00bbtable_width_meta\u00bb:\u00bbshrink\u00bb,\u00bbtable_width_title\u00bb:\u00bbshrink\u00bb,\u00bbtitle_style\u00bb:\u00bbh5&#8243;},\u00bbchildren\u00bb:[{\u00abtype\u00bb:\u00bbtable_item\u00bb,\u00bbprops\u00bb:{\u00abcontent\u00bb:\u00bb<\/p>\n<div class=\\\"info-container uk-flex uk-flex-between uk-flex-middle\\\">\\n<\/p>\n<div class=\\\"info-text\\\">\\n<\/p>\n<div class=\\\"uk-flex uk-flex-middle uk-margin-small\\\"><img src=\\\"https:\/\/globalhp.es\/wp-content\/uploads\/yootheme\/icon-floorplan.svg\\\" width=\\\"20\\\" height=\\\"20\\\" alt=\\\"64m\u00b2\\\" loading=\\\"lazy\\\" style=\\\"margin-right: 8px;\\\" \/> <span style=\\\"font-family: 'Roboto', sans-serif;\\\">64 m\u00b2<\/span><\/div>\n<p>\\n<\/p>\n<div class=\\\"uk-flex uk-flex-middle uk-margin-small\\\"><img src=\\\"https:\/\/globalhp.es\/wp-content\/uploads\/icon-wifi.svg\\\" width=\\\"20\\\" height=\\\"20\\\" alt=\\\"Wifi\\\" loading=\\\"lazy\\\" style=\\\"margin-right: 8px;\\\" \/> <span style=\\\"font-family: 'Roboto', sans-serif;\\\">Wifi<\/span><\/div>\n<p>\\n<\/p>\n<div class=\\\"uk-flex uk-flex-middle uk-margin-small\\\"><img src=\\\"https:\/\/globalhp.es\/wp-content\/uploads\/icon-air-conditioning.svg\\\" width=\\\"20\\\" height=\\\"20\\\" alt=\\\"Aire Acondicionado\\\" loading=\\\"lazy\\\" style=\\\"margin-right: 8px;\\\" \/> <span style=\\\"font-family: 'Roboto', sans-serif;\\\">Aire Acondicionado<\/span><\/div>\n<p>\\n<\/p>\n<div class=\\\"uk-flex uk-flex-middle uk-margin-small\\\"><img src=\\\"https:\/\/globalhp.es\/wp-content\/uploads\/yootheme\/icon-bathtub.svg\\\" width=\\\"20\\\" height=\\\"20\\\" alt=\\\"Ba\u00f1o\\\" loading=\\\"lazy\\\" style=\\\"margin-right: 8px;\\\" \/> <span style=\\\"font-family: 'Roboto', sans-serif;\\\">1 Ba\u00f1o<\/span><\/div>\n<p>\\n<\/p>\n<div class=\\\"uk-flex uk-flex-middle uk-margin-small\\\"><img src=\\\"https:\/\/globalhp.es\/wp-content\/uploads\/icon-kitchen.svg\\\" width=\\\"20\\\" height=\\\"20\\\" alt=\\\"Cocina\\\" loading=\\\"lazy\\\" style=\\\"margin-right: 8px;\\\" \/> <span style=\\\"font-family: 'Roboto', sans-serif;\\\">Cocina completa<\/span><\/div>\n<p>\\n<\/p>\n<div class=\\\"uk-flex uk-flex-middle uk-margin-small\\\"><img src=\\\"https:\/\/globalhp.es\/wp-content\/uploads\/yootheme\/icon-tv.svg\\\" width=\\\"20\\\" height=\\\"20\\\" alt=\\\"ba\u00f1o\\\" loading=\\\"lazy\\\" style=\\\"margin-right: 8px;\\\" \/> <span style=\\\"font-family: 'Roboto', sans-serif;\\\">TV plana<\/span><\/div>\n<p>\\n<\/p>\n<div class=\\\"uk-flex uk-flex-middle uk-margin-small\\\"><img src=\\\"https:\/\/globalhp.es\/wp-content\/uploads\/2025\/07\/terraza.webp\\\" width=\\\"20\\\" height=\\\"20\\\" alt=\\\"terraza\\\" loading=\\\"lazy\\\" style=\\\"margin-right: 8px;\\\" \/> <span style=\\\"font-family: 'Roboto', sans-serif;\\\">Terraza 20m\u00b2<\/span><\/div>\n<p>\\n<\/p>\n<div class=\\\"uk-flex uk-flex-middle uk-margin-small\\\"><img src=\\\"https:\/\/globalhp.es\/wp-content\/uploads\/icon-double-bed.svg\\\" width=\\\"20\\\" height=\\\"20\\\" alt=\\\"bed\\\" loading=\\\"lazy\\\" style=\\\"margin-right: 8px;\\\" \/> <span style=\\\"font-family: 'Roboto', sans-serif;\\\">2 camas 135&#215;190<\/span><\/div>\n<p>\\n<\/p><\/div>\n<p>\\n<\/p>\n<div class=\\\"boton-gallery\\\"><a class=\\\"el-content uk-button uk-button-text\\\" href=\\\"#modal-lyc-1\\\" uk-toggle=\\\"\\\"> Ver vivienda <\/a><\/div>\n<p>\\n<\/p><\/div>\n<p>\\n<\/p>\n<div id=\\\"modal-lyc-1\\\" class=\\\"uk-flex-top\\\" uk-modal=\\\"\\\">\\n<\/p>\n<div class=\\\"uk-modal-dialog uk-modal-container\\\" style=\\\"background-color: #d0d3d7;\\\"><button class=\\\"uk-modal-close-outside\\\" type=\\\"button\\\" uk-close=\\\"\\\"><\/button>\\n<\/p>\n<div class=\\\"uk-position-relative uk-visible-toggle uk-light\\\" uk-slider=\\\"center: true\\\" tabindex=\\\"-1\\\">\\n<\/p>\n<ul class=\\\"uk-slider-items uk-grid uk-grid-match\\\" uk-height-viewport=\\\"offset-top: true; offset-bottom: 30\\\">\\n<\/p>\n<li class=\\\"uk-width-4-5\\\">\\n\n<div class=\\\"uk-cover-container\\\"><img src=\\\"https:\/\/globalhp.es\/wp-content\/uploads\/2025\/07\/Alquier-vivienda-Punte-de-vallecas-1.webp\\\" alt=\\\"Foto 1 de alquiler Puente de Vallecas\\\" uk-cover=\\\"\\\" \/><\/div>\n<p>\\n<\/li>\n<p>\\n<\/p>\n<li class=\\\"uk-width-4-5\\\">\\n\n<div class=\\\"uk-cover-container\\\"><img src=\\\"https:\/\/globalhp.es\/wp-content\/uploads\/2025\/07\/Alquier-vivienda-Punte-de-vallecas-2.webp\\\" alt=\\\"Foto 2 de alquiler Puente de Vallecas\\\" uk-cover=\\\"\\\" \/><\/div>\n<p>\\n<\/li>\n<p>\\n<\/p>\n<li class=\\\"uk-width-4-5\\\">\\n\n<div class=\\\"uk-cover-container\\\"><img src=\\\"https:\/\/globalhp.es\/wp-content\/uploads\/2025\/07\/Alquier-vivienda-Punte-de-vallecas-3.webp\\\" alt=\\\"Foto 3 de alquiler Puente de Vallecas\\\" uk-cover=\\\"\\\" \/><\/div>\n<p>\\n<\/li>\n<p>\\n<\/p>\n<li class=\\\"uk-width-4-5\\\">\\n\n<div class=\\\"uk-cover-container\\\"><img src=\\\"https:\/\/globalhp.es\/wp-content\/uploads\/2025\/07\/Alquier-vivienda-Punte-de-vallecas-4.webp\\\" alt=\\\"cocinca 4 de alquiler Puente de Vallecas\\\" uk-cover=\\\"\\\" \/><\/div>\n<p>\\n<\/li>\n<p>\\n<\/p>\n<li class=\\\"uk-width-4-5\\\">\\n\n<div class=\\\"uk-cover-container\\\"><img src=\\\"https:\/\/globalhp.es\/wp-content\/uploads\/2025\/07\/Alquier-vivienda-Punte-de-vallecas-5.webp\\\" alt=\\\"terraza 5 de alquiler Puente de Vallecas\\\" uk-cover=\\\"\\\" \/><\/div>\n<p>\\n<\/li>\n<p>\\n<\/p>\n<li class=\\\"uk-width-4-5\\\">\\n\n<div class=\\\"uk-cover-container\\\"><img src=\\\"https:\/\/globalhp.es\/wp-content\/uploads\/2025\/07\/Alquier-vivienda-Punte-de-vallecas-6.webp\\\" alt=\\\"sal\u00f3n 2 de alquiler vivienda gran v\u00eda\\\" uk-cover=\\\"\\\" \/><\/div>\n<p>\\n<\/li>\n<p>\\n<\/ul>\n<p>\\n<a class=\\\"uk-position-center-left uk-position-small uk-hidden-hover\\\" href=\\\"#\\\" uk-slidenav-previous=\\\"\\\" uk-slider-item=\\\"previous\\\"><\/a> <a class=\\\"uk-position-center-right uk-position-small uk-hidden-hover\\\" href=\\\"#\\\" uk-slidenav-next=\\\"\\\" uk-slider-item=\\\"next\\\"><\/a><\/div>\n<p>\\n<\/p><\/div>\n<p>\\n<\/p><\/div>\n<p>\u00ab,\u00bbimage\u00bb:\u00bbwp-content\/uploads\/2025\/07\/picocebo.webp\u00bb,\u00bbimage_alt\u00bb:\u00bbPrecio vivienda en alquiler Pico Cebollera\u00bb,\u00bblink\u00bb:\u00bbhttp:\/\/tpv.icnea.net\/Reserves.aspx?emp=2988&#038;hot=1020&#038;idi=3&#8243;,\u00bblink_text\u00bb:\u00bbReservar\u00bb,\u00bbmeta\u00bb:\u00bb\ud83e\uddcdx4&#8243;,\u00bbtitle\u00bb:\u00bbPico Cebollera\u00bb}}]},{\u00abtype\u00bb:\u00bbheadline\u00bb,\u00bbprops\u00bb:{\u00abcontent\u00bb:\u00bbDisfruta de lujo y comodidad en Gran V\u00eda\u00bb,\u00bbimage_align\u00bb:\u00bbleft\u00bb,\u00bbimage_margin\u00bb:\u00bbxsmall\u00bb,\u00bbtitle_element\u00bb:\u00bbh2&#8243;,\u00bbtitle_style\u00bb:\u00bbh3&#8243;,\u00bbvisibility\u00bb:\u00bbhidden-m\u00bb}},{\u00abtype\u00bb:\u00bbtext\u00bb,\u00bbprops\u00bb:{\u00abcolumn_breakpoint\u00bb:\u00bbm\u00bb,\u00bbcontent\u00bb:\u00bb<\/p>\n<p>Este acogedor piso de 65 m\u00b2, ideal para estancias cortas, ofrece un dise\u00f1o funcional y moderno con dos amplias habitaciones, WiFi ultrarr\u00e1pido, aire acondicionado, televisores de 55\u201d y una cocina completa, adem\u00e1s de una terraza de 20 m\u00b2 para relajarte al aire libre. Perfectamente ubicado con acceso directo a metro y cercan\u00edas, garantiza una estancia c\u00f3moda y sin preocupaciones en el coraz\u00f3n de la ciudad.<\/p>\n<p>\u00ab,\u00bbmargin_bottom\u00bb:\u00bbdefault\u00bb,\u00bbmargin_top\u00bb:\u00bbdefault\u00bb,\u00bbvisibility\u00bb:\u00bbhidden-m\u00bb}},{\u00abtype\u00bb:\u00bbtext\u00bb,\u00bbprops\u00bb:{\u00abcolumn_breakpoint\u00bb:\u00bbm\u00bb,\u00bbcontent\u00bb:\u00bb<\/p>\n<p><strong>Licencia<\/strong>:<br \/>VT-13956<\/p>\n<p>\\n<br \/>ESFCTU0000280530007992100<br \/>0000000000000000000VT-139561&#8243;,\u00bbmargin_bottom\u00bb:\u00bbdefault\u00bb,\u00bbmargin_top\u00bb:\u00bbdefault\u00bb,\u00bbvisibility\u00bb:\u00bbhidden-m\u00bb}}]}]},{\u00abtype\u00bb:\u00bbrow\u00bb,\u00bbprops\u00bb:{\u00abwidth\u00bb:\u00bbxlarge\u00bb},\u00bbchildren\u00bb:[{\u00abtype\u00bb:\u00bbcolumn\u00bb,\u00bbprops\u00bb:{\u00abimage_position\u00bb:\u00bbcenter-center\u00bb,\u00bbposition_sticky_breakpoint\u00bb:\u00bbm\u00bb},\u00bbchildren\u00bb:[{\u00abtype\u00bb:\u00bbheadline\u00bb,\u00bbprops\u00bb:{\u00abcontent\u00bb:\u00bbLugares cerca\u00bb,\u00bbimage_align\u00bb:\u00bbleft\u00bb,\u00bbimage_margin\u00bb:\u00bbxsmall\u00bb,\u00bbmaxwidth\u00bb:\u00bbxlarge\u00bb,\u00bbtitle_decoration\u00bb:\u00bbline\u00bb,\u00bbtitle_element\u00bb:\u00bbh2&#8243;,\u00bbtitle_style\u00bb:\u00bbh4&#8243;}}]}]},{\u00abtype\u00bb:\u00bbrow\u00bb,\u00bbprops\u00bb:{\u00ablayout\u00bb:\u00bb1-3,1-3,1-3&#8243;,\u00bbwidth\u00bb:\u00bbxlarge\u00bb},\u00bbchildren\u00bb:[{\u00abtype\u00bb:\u00bbcolumn\u00bb,\u00bbprops\u00bb:{\u00abimage_position\u00bb:\u00bbcenter-center\u00bb,\u00bbposition_sticky_breakpoint\u00bb:\u00bbm\u00bb,\u00bbwidth_medium\u00bb:\u00bb1-3&#8243;},\u00bbchildren\u00bb:[{\u00abtype\u00bb:\u00bbheadline\u00bb,\u00bbprops\u00bb:{\u00abcontent\u00bb:\u00bbTransporte p\u00fablico\u00bb,\u00bbimage_align\u00bb:\u00bbleft\u00bb,\u00bbimage_margin\u00bb:\u00bbxsmall\u00bb,\u00bbtitle_decoration\u00bb:\u00bbbullet\u00bb,\u00bbtitle_element\u00bb:\u00bbh3&#8243;,\u00bbtitle_style\u00bb:\u00bbh5&#8243;}},{\u00abtype\u00bb:\u00bblist\u00bb,\u00bbprops\u00bb:{\u00abcolumn_breakpoint\u00bb:\u00bbm\u00bb,\u00bbcontent_style\u00bb:\u00bbh6&#8243;,\u00bbimage_align\u00bb:\u00bbleft\u00bb,\u00bbimage_height\u00bb:25,\u00bbimage_svg_color\u00bb:\u00bbemphasis\u00bb,\u00bbimage_vertical_align\u00bb:true,\u00bbimage_width\u00bb:25,\u00bblist_element\u00bb:\u00bbul\u00bb,\u00bblist_horizontal_separator\u00bb:\u00bb, \u00ab,\u00bblist_type\u00bb:\u00bbvertical\u00bb,\u00bbshow_image\u00bb:true,\u00bbshow_link\u00bb:true},\u00bbchildren\u00bb:[{\u00abtype\u00bb:\u00bblist_item\u00bb,\u00bbprops\u00bb:{\u00abcontent\u00bb:\u00bbMetro Nueva Numancia 700 m\u00bb,\u00bbimage\u00bb:\u00bbwp-content\/uploads\/icon-high-chair.svg\u00bb}},{\u00abtype\u00bb:\u00bblist_item\u00bb,\u00bbprops\u00bb:{\u00abcontent\u00bb:\u00bbMetro Puente de Vallecas 750 m\u00bb,\u00bbimage\u00bb:\u00bbwp-content\/uploads\/icon-high-chair.svg\u00bb}},{\u00abtype\u00bb:\u00bblist_item\u00bb,\u00bbprops\u00bb:{\u00abcontent\u00bb:\u00bbEstaci\u00f3n de M\u00e9ndez \u00c1lvaro 1,3 km\u00bb,\u00bbimage\u00bb:\u00bbwp-content\/uploads\/icon-high-chair.svg\u00bb}}]}]},{\u00abtype\u00bb:\u00bbcolumn\u00bb,\u00bbprops\u00bb:{\u00abimage_position\u00bb:\u00bbcenter-center\u00bb,\u00bbposition_sticky_breakpoint\u00bb:\u00bbm\u00bb,\u00bbwidth_medium\u00bb:\u00bb1-3&#8243;},\u00bbchildren\u00bb:[{\u00abtype\u00bb:\u00bbheadline\u00bb,\u00bbprops\u00bb:{\u00abcontent\u00bb:\u00bbTur\u00edsmo\u00bb,\u00bbimage_align\u00bb:\u00bbleft\u00bb,\u00bbimage_margin\u00bb:\u00bbxsmall\u00bb,\u00bbtitle_decoration\u00bb:\u00bbbullet\u00bb,\u00bbtitle_element\u00bb:\u00bbh3&#8243;,\u00bbtitle_style\u00bb:\u00bbh5&#8243;}},{\u00abtype\u00bb:\u00bblist\u00bb,\u00bbprops\u00bb:{\u00abcolumn_breakpoint\u00bb:\u00bbm\u00bb,\u00bbcontent_style\u00bb:\u00bbh6&#8243;,\u00bbimage_align\u00bb:\u00bbleft\u00bb,\u00bbimage_height\u00bb:25,\u00bbimage_svg_color\u00bb:\u00bbemphasis\u00bb,\u00bbimage_vertical_align\u00bb:true,\u00bbimage_width\u00bb:25,\u00bblist_element\u00bb:\u00bbul\u00bb,\u00bblist_horizontal_separator\u00bb:\u00bb, \u00ab,\u00bblist_type\u00bb:\u00bbvertical\u00bb,\u00bbshow_image\u00bb:true,\u00bbshow_link\u00bb:true},\u00bbchildren\u00bb:[{\u00abtype\u00bb:\u00bblist_item\u00bb,\u00bbprops\u00bb:{\u00abcontent\u00bb:\u00bbParque Enrique Tierno Galv\u00e1n 1,5 km\u00bb,\u00bbimage\u00bb:\u00bbwp-content\/uploads\/2025\/07\/parque.png\u00bb,\u00bbimage_alt\u00bb:\u00bbPlaza\u00bb}},{\u00abtype\u00bb:\u00bblist_item\u00bb,\u00bbprops\u00bb:{\u00abcontent\u00bb:\u00bbRetiro 1,8 km\u00bb,\u00bbimage\u00bb:\u00bbwp-content\/uploads\/2025\/07\/parque.png\u00bb,\u00bbimage_alt\u00bb:\u00bbRetiro\u00bb}},{\u00abtype\u00bb:\u00bblist_item\u00bb,\u00bbprops\u00bb:{\u00abcontent\u00bb:\u00bbParque del Bronce 1,9 km\u00bb,\u00bbimage\u00bb:\u00bbwp-content\/uploads\/2025\/07\/parque.png\u00bb,\u00bbimage_alt\u00bb:\u00bbParque\u00bb}}]}]},{\u00abtype\u00bb:\u00bbcolumn\u00bb,\u00bbprops\u00bb:{\u00abimage_position\u00bb:\u00bbcenter-center\u00bb,\u00bbposition_sticky_breakpoint\u00bb:\u00bbm\u00bb,\u00bbwidth_medium\u00bb:\u00bb1-3&#8243;},\u00bbchildren\u00bb:[{\u00abtype\u00bb:\u00bbheadline\u00bb,\u00bbprops\u00bb:{\u00abcontent\u00bb:\u00bbAeropuertos\u00bb,\u00bbimage_align\u00bb:\u00bbleft\u00bb,\u00bbimage_margin\u00bb:\u00bbxsmall\u00bb,\u00bbtitle_decoration\u00bb:\u00bbbullet\u00bb,\u00bbtitle_element\u00bb:\u00bbh3&#8243;,\u00bbtitle_style\u00bb:\u00bbh5&#8243;}},{\u00abtype\u00bb:\u00bblist\u00bb,\u00bbprops\u00bb:{\u00abcolumn_breakpoint\u00bb:\u00bbm\u00bb,\u00bbcontent_style\u00bb:\u00bbh6&#8243;,\u00bbimage_align\u00bb:\u00bbleft\u00bb,\u00bbimage_height\u00bb:25,\u00bbimage_svg_color\u00bb:\u00bbemphasis\u00bb,\u00bbimage_vertical_align\u00bb:true,\u00bbimage_width\u00bb:25,\u00bblist_element\u00bb:\u00bbul\u00bb,\u00bblist_horizontal_separator\u00bb:\u00bb, \u00ab,\u00bblist_type\u00bb:\u00bbvertical\u00bb,\u00bbshow_image\u00bb:true,\u00bbshow_link\u00bb:true},\u00bbchildren\u00bb:[{\u00abtype\u00bb:\u00bblist_item\u00bb,\u00bbprops\u00bb:{\u00abcontent\u00bb:\u00bbAeropuerto Adolfo Su\u00e1rez Madrid a 13 km\u00bb,\u00bbimage\u00bb:\u00bbwp-content\/uploads\/2025\/07\/avion.png\u00bb,\u00bbimage_alt\u00bb:\u00bbAeropuerto\u00bb}},{\u00abtype\u00bb:\u00bblist_item\u00bb,\u00bbprops\u00bb:{\u00abcontent\u00bb:\u00bbAeropuerto de Madrid, Torrej\u00f3n a 22 km\u00bb,\u00bbimage\u00bb:\u00bbwp-content\/uploads\/2025\/07\/avion.png\u00bb,\u00bbimage_alt\u00bb:\u00bbwp-content\/uploads\/2025\/07\/avion.png\u00bb}}]}]}]},{\u00abtype\u00bb:\u00bbrow\u00bb,\u00bbprops\u00bb:{\u00abclass\u00bb:\u00bbuk-visible@s\u00bb,\u00bbwidth\u00bb:\u00bbxlarge\u00bb},\u00bbchildren\u00bb:[{\u00abtype\u00bb:\u00bbcolumn\u00bb,\u00bbprops\u00bb:{\u00abimage\u00bb:\u00bbwp-content\/uploads\/feature-integrations-bg.svg\u00bb,\u00bbimage_position\u00bb:\u00bbcenter-center\u00bb,\u00bbposition_sticky_breakpoint\u00bb:\u00bbm\u00bb},\u00bbchildren\u00bb:[{\u00abtype\u00bb:\u00bbheadline\u00bb,\u00bbprops\u00bb:{\u00abcontent\u00bb:\u00bbComentarios de clientes\u00bb,\u00bbid\u00bb:\u00bbValoraci\u00f3n\u00bb,\u00bbimage_align\u00bb:\u00bbleft\u00bb,\u00bbimage_margin\u00bb:\u00bbxsmall\u00bb,\u00bbtitle_element\u00bb:\u00bbh3&#8243;}},{\u00abtype\u00bb:\u00bblist\u00bb,\u00bbprops\u00bb:{\u00abcolumn_breakpoint\u00bb:\u00bbm\u00bb,\u00bbcontent_style\u00bb:\u00bbh4&#8243;,\u00bbimage_align\u00bb:\u00bbleft\u00bb,\u00bbimage_height\u00bb:35,\u00bbimage_svg_color\u00bb:\u00bbemphasis\u00bb,\u00bbimage_vertical_align\u00bb:true,\u00bbimage_width\u00bb:35,\u00bblist_element\u00bb:\u00bbul\u00bb,\u00bblist_horizontal_separator\u00bb:\u00bb, \u00ab,\u00bblist_type\u00bb:\u00bbvertical\u00bb,\u00bbshow_image\u00bb:true,\u00bbshow_link\u00bb:true},\u00bbchildren\u00bb:[{\u00abtype\u00bb:\u00bblist_item\u00bb,\u00bbprops\u00bb:{\u00abcontent\u00bb:\u00bb<\/p>\n<p style=\\\"font-family: 'Roboto', sans-serif; font-size: 1.5rem;\\\">\\n  <span style=\\\"color: #008000; font-weight: bold;\\\">8,6<\/span> Media\\n<\/p>\n<p>\u00ab,\u00bbimage\u00bb:\u00bbwp-content\/uploads\/yootheme\/icon-exclusive-experiences.svg\u00bb,\u00bbimage_alt\u00bb:\u00bbMedia\u00bb}}]},{\u00abtype\u00bb:\u00bbpanel-slider\u00bb,\u00bbprops\u00bb:{\u00abcontent_column_breakpoint\u00bb:\u00bbm\u00bb,\u00bbcontent_margin\u00bb:\u00bbsmall\u00bb,\u00bbcontent_style\u00bb:\u00bbh5&#8243;,\u00bbcss\u00bb:\u00bb.el-item {box-shadow: none;}\u00bb,\u00bbimage_align\u00bb:\u00bbleft\u00bb,\u00bbimage_grid_breakpoint\u00bb:\u00bbm\u00bb,\u00bbimage_grid_column_gap\u00bb:\u00bbmedium\u00bb,\u00bbimage_grid_row_gap\u00bb:\u00bbsmall\u00bb,\u00bbimage_grid_width\u00bb:\u00bbauto\u00bb,\u00bbimage_svg_color\u00bb:\u00bbemphasis\u00bb,\u00bblink_style\u00bb:\u00bbdefault\u00bb,\u00bblink_text\u00bb:\u00bb\u00bb,\u00bbmargin_bottom\u00bb:\u00bb\u00bb,\u00bbmargin_top\u00bb:\u00bb\u00bb,\u00bbmeta_align\u00bb:\u00bbbelow-title\u00bb,\u00bbmeta_element\u00bb:\u00bbdiv\u00bb,\u00bbmeta_style\u00bb:\u00bbh4&#8243;,\u00bbnav\u00bb:\u00bb\u00bb,\u00bbnav_align\u00bb:\u00bbcenter\u00bb,\u00bbnav_breakpoint\u00bb:\u00bbs\u00bb,\u00bbpanel_card_offset\u00bb:false,\u00bbpanel_image_no_padding\u00bb:false,\u00bbpanel_link\u00bb:false,\u00bbpanel_match\u00bb:true,\u00bbpanel_padding\u00bb:\u00bbsmall\u00bb,\u00bbpanel_style\u00bb:\u00bbcard-default\u00bb,\u00bbshow_content\u00bb:true,\u00bbshow_hover_image\u00bb:true,\u00bbshow_hover_video\u00bb:true,\u00bbshow_image\u00bb:true,\u00bbshow_link\u00bb:true,\u00bbshow_meta\u00bb:true,\u00bbshow_title\u00bb:true,\u00bbshow_video\u00bb:true,\u00bbslidenav\u00bb:\u00bb\u00bb,\u00bbslidenav_breakpoint\u00bb:\u00bbxl\u00bb,\u00bbslidenav_margin\u00bb:\u00bbmedium\u00bb,\u00bbslidenav_outside_breakpoint\u00bb:\u00bbxl\u00bb,\u00bbslider_autoplay\u00bb:true,\u00bbslider_autoplay_interval\u00bb:\u00bb4&#8243;,\u00bbslider_autoplay_pause\u00bb:false,\u00bbslider_center\u00bb:true,\u00bbslider_finite\u00bb:false,\u00bbslider_gap\u00bb:\u00bbsmall\u00bb,\u00bbslider_sets\u00bb:false,\u00bbslider_width\u00bb:\u00bbfixed\u00bb,\u00bbslider_width_default\u00bb:\u00bb3-5&#8243;,\u00bbslider_width_large\u00bb:\u00bb1-3&#8243;,\u00bbslider_width_medium\u00bb:\u00bb1-3&#8243;,\u00bbslider_width_small\u00bb:\u00bb1-2&#8243;,\u00bbslider_width_xlarge\u00bb:\u00bb1-3&#8243;,\u00bbtitle_align\u00bb:\u00bbtop\u00bb,\u00bbtitle_color\u00bb:\u00bbprimary\u00bb,\u00bbtitle_element\u00bb:\u00bbh3&#8243;,\u00bbtitle_grid_breakpoint\u00bb:\u00bbm\u00bb,\u00bbtitle_grid_width\u00bb:\u00bb1-2&#8243;,\u00bbtitle_hover_style\u00bb:\u00bbreset\u00bb,\u00bbtitle_style\u00bb:\u00bbh6&#8243;},\u00bbchildren\u00bb:[{\u00abtype\u00bb:\u00bbpanel-slider_item\u00bb,\u00bbprops\u00bb:{\u00abcontent\u00bb:\u00bb<\/p>\n<p>Todo muy limpio , tal y como est\u00e1 en las fotos. \\nEl anfitri\u00f3n muy amable, incluso nos dej\u00f3 entrar un poco antes al apartamento de la hora prevista.<\/p>\n<p>\u00ab,\u00bbimage\u00bb:\u00bbwp-content\/uploads\/2025\/07\/usuario.png\u00bb,\u00bbimage_alt\u00bb:\u00bbrese\u00f1a de vivienda en Puente de Vallecas\u00bb,\u00bbmeta\u00bb:\u00bbGenial\u00bb,\u00bbtitle\u00bb:\u00bbSantos\u00bb}},{\u00abtype\u00bb:\u00bbpanel-slider_item\u00bb,\u00bbprops\u00bb:{\u00abcontent\u00bb:\u00bb<\/p>\n<p>La comunicaci\u00f3n por WhatsApp y la atenci\u00f3n de la propetaria genial. Todo muy limpio.<\/p>\n<p>\u00ab,\u00bbimage\u00bb:\u00bbwp-content\/uploads\/2025\/07\/usuario.png\u00bb,\u00bbimage_alt\u00bb:\u00bbrese\u00f1a de vivienda en Puente de Vallecas\u00bb,\u00bbmeta\u00bb:\u00bbFant\u00e1stico\u00bb,\u00bbtitle\u00bb:\u00bbAlba\u00bb}},{\u00abtype\u00bb:\u00bbpanel-slider_item\u00bb,\u00bbprops\u00bb:{\u00abcontent\u00bb:\u00bb<\/p>\n<p>El apartamento es hermoso! C\u00f3modo, y muy completo. Gena es muy servicial. Nos dej\u00f3 t\u00e9s, jugos, agua y leche de bienvenida.<\/p>\n<p>\u00ab,\u00bbimage\u00bb:\u00bbwp-content\/uploads\/2025\/07\/usuario.png\u00bb,\u00bbimage_alt\u00bb:\u00bbrese\u00f1a de vivienda en Puente de Vallecas\u00bb,\u00bbmeta\u00bb:\u00bbGenial\u00bb,\u00bbtitle\u00bb:\u00bbLaura\u00bb}},{\u00abtype\u00bb:\u00bbpanel-slider_item\u00bb,\u00bbprops\u00bb:{\u00abcontent\u00bb:\u00bb<\/p>\n<p>Como ubicaci\u00f3n est\u00e1 al lado de una de las circunvalaciones de Madrid, por lo que est\u00e1 todo relativamente cerca.<\/p>\n<p>\u00ab,\u00bbimage\u00bb:\u00bbwp-content\/uploads\/2025\/07\/usuario.png\u00bb,\u00bbimage_alt\u00bb:\u00bbrese\u00f1a de vivienda en Puente de Vallecas\u00bb,\u00bbmeta\u00bb:\u00bbMuy bien\u00bb,\u00bbtitle\u00bb:\u00bbJosep\u00bb}},{\u00abtype\u00bb:\u00bbpanel-slider_item\u00bb,\u00bbprops\u00bb:{\u00abcontent\u00bb:\u00bb<\/p>\n<p>Estupendo. Apartamento muy c\u00f3modo. Super limpio.\\nLas camas comodisimas. La persona encargada, Gema, muy atenta.<\/p>\n<p>\u00ab,\u00bbimage\u00bb:\u00bbwp-content\/uploads\/2025\/07\/usuario.png\u00bb,\u00bbimage_alt\u00bb:\u00bbrese\u00f1a de vivienda en Puente de Vallecas\u00bb,\u00bbmeta\u00bb:\u00bbFant\u00e1stico\u00bb,\u00bbtitle\u00bb:\u00bbMaxi\u00bb}},{\u00abtype\u00bb:\u00bbpanel-slider_item\u00bb,\u00bbprops\u00bb:{\u00abcontent\u00bb:\u00bb<\/p>\n<p>Apartamento acogedor y bien cuidado, equipado con todo lo necesario y muy bonito. Personal amable y atentos.<\/p>\n<p>\u00ab,\u00bbimage\u00bb:\u00bbwp-content\/uploads\/2025\/07\/usuario.png\u00bb,\u00bbimage_alt\u00bb:\u00bbrese\u00f1a de vivienda en Puente de Vallecas\u00bb,\u00bbmeta\u00bb:\u00bbMuy bonito\u00bb,\u00bbtitle\u00bb:\u00bb\u00c1ngela\u00bb}},{\u00abtype\u00bb:\u00bbpanel-slider_item\u00bb,\u00bbprops\u00bb:{\u00abcontent\u00bb:\u00bb<\/p>\n<p>Lo mejor es que el el piso est\u00e1 nuevo, tiene una terraza peque\u00f1a y la verdad tiene de todo. Televisiones gigantes y mont\u00f3n de herramientas de cocina.<\/p>\n<p>\u00ab,\u00bbimage\u00bb:\u00bbwp-content\/uploads\/2025\/07\/usuario.png\u00bb,\u00bbimage_alt\u00bb:\u00bbrese\u00f1a de vivienda en Puente de Vallecas\u00bb,\u00bbmeta\u00bb:\u00bbFant\u00e1stico\u00bb,\u00bbtitle\u00bb:\u00bbSara\u00bb}}]}]}]},{\u00abtype\u00bb:\u00bbrow\u00bb,\u00bbprops\u00bb:{\u00abwidth\u00bb:\u00bbxlarge\u00bb},\u00bbchildren\u00bb:[{\u00abtype\u00bb:\u00bbcolumn\u00bb,\u00bbprops\u00bb:{\u00abimage_position\u00bb:\u00bbcenter-center\u00bb,\u00bbposition_sticky_breakpoint\u00bb:\u00bbm\u00bb},\u00bbchildren\u00bb:[{\u00abtype\u00bb:\u00bbheadline\u00bb,\u00bbprops\u00bb:{\u00ab_condition\u00bb:true,\u00bbcontent\u00bb:\u00bbEspecificaciones de la vivienda\u00bb,\u00bbid\u00bb:\u00bbServicios\u00bb,\u00bbimage_align\u00bb:\u00bbleft\u00bb,\u00bbimage_margin\u00bb:\u00bbxsmall\u00bb,\u00bbmargin_bottom\u00bb:\u00bbremove\u00bb,\u00bbmargin_top\u00bb:\u00bblarge\u00bb,\u00bbtitle_element\u00bb:\u00bbh2&#8243;,\u00bbtitle_style\u00bb:\u00bbh3&#8243;}},{\u00abtype\u00bb:\u00bbtext\u00bb,\u00bbprops\u00bb:{\u00abcolumn_breakpoint\u00bb:\u00bbm\u00bb,\u00bbcontent\u00bb:\u00bb<\/p>\n<p>\u00a1Muy buenos servicios! Puntuaci\u00f3n: <span class=\\\"uk-text-primary\\\"><strong>9<\/strong> \u2b50<\/span><\/p>\n<p>\u00ab,\u00bbmargin_bottom\u00bb:\u00bbdefault\u00bb,\u00bbmargin_top\u00bb:\u00bbdefault\u00bb,\u00bbtext_color\u00bb:\u00bbemphasis\u00bb,\u00bbtext_style\u00bb:\u00bblead\u00bb}},{\u00abtype\u00bb:\u00bbgrid\u00bb,\u00bbprops\u00bb:{\u00abcontent_column_breakpoint\u00bb:\u00bbm\u00bb,\u00bbcontent_margin\u00bb:\u00bbremove\u00bb,\u00bbfilter_align\u00bb:\u00bbleft\u00bb,\u00bbfilter_all\u00bb:true,\u00bbfilter_grid_breakpoint\u00bb:\u00bbm\u00bb,\u00bbfilter_grid_width\u00bb:\u00bbauto\u00bb,\u00bbfilter_position\u00bb:\u00bbtop\u00bb,\u00bbfilter_style\u00bb:\u00bbtab\u00bb,\u00bbgrid_column_gap\u00bb:\u00bbsmall\u00bb,\u00bbgrid_default\u00bb:\u00bbauto\u00bb,\u00bbgrid_medium\u00bb:\u00bb2&#8243;,\u00bbgrid_parallax_justify\u00bb:false,\u00bbgrid_row_gap\u00bb:\u00bbsmall\u00bb,\u00bbgrid_small\u00bb:\u00bbauto\u00bb,\u00bbimage_align\u00bb:\u00bbtop\u00bb,\u00bbimage_grid_breakpoint\u00bb:\u00bb\u00bb,\u00bbimage_grid_column_gap\u00bb:\u00bbsmall\u00bb,\u00bbimage_grid_width\u00bb:\u00bbauto\u00bb,\u00bbimage_height\u00bb:25,\u00bbimage_svg_color\u00bb:\u00bbemphasis\u00bb,\u00bbimage_svg_inline\u00bb:true,\u00bbimage_width\u00bb:25,\u00bbitem_animation\u00bb:true,\u00bbitem_maxwidth\u00bb:\u00bbsmall\u00bb,\u00bblightbox\u00bb:false,\u00bblightbox_bg_close\u00bb:true,\u00bblink_style\u00bb:\u00bbdefault\u00bb,\u00bblink_text\u00bb:\u00bbRead more\u00bb,\u00bbmargin_bottom\u00bb:\u00bbdefault\u00bb,\u00bbmargin_top\u00bb:\u00bbdefault\u00bb,\u00bbmeta_align\u00bb:\u00bbbelow-title\u00bb,\u00bbmeta_color\u00bb:\u00bbemphasis\u00bb,\u00bbmeta_element\u00bb:\u00bbdiv\u00bb,\u00bbmeta_margin\u00bb:\u00bbsmall\u00bb,\u00bbmeta_style\u00bb:\u00bbtext-meta\u00bb,\u00bbpanel_padding\u00bb:\u00bbdefault\u00bb,\u00bbpanel_style\u00bb:\u00bbcard-secondary\u00bb,\u00bbparallax_easing\u00bb:\u00bb1&#8243;,\u00bbshow_content\u00bb:true,\u00bbshow_hover_image\u00bb:true,\u00bbshow_hover_video\u00bb:true,\u00bbshow_image\u00bb:true,\u00bbshow_link\u00bb:true,\u00bbshow_meta\u00bb:true,\u00bbshow_title\u00bb:true,\u00bbshow_video\u00bb:true,\u00bbtext_align\u00bb:\u00bbcenter\u00bb,\u00bbtitle_align\u00bb:\u00bbtop\u00bb,\u00bbtitle_element\u00bb:\u00bbh4&#8243;,\u00bbtitle_grid_breakpoint\u00bb:\u00bbm\u00bb,\u00bbtitle_grid_width\u00bb:\u00bbsmall\u00bb,\u00bbtitle_hover_style\u00bb:\u00bbreset\u00bb,\u00bbtitle_margin\u00bb:\u00bbsmall\u00bb,\u00bbtitle_style\u00bb:\u00bbh5&#8243;,\u00bbvisibility\u00bb:\u00bbhidden-m\u00bb},\u00bbchildren\u00bb:[{\u00abtype\u00bb:\u00bbgrid_item\u00bb,\u00bbprops\u00bb:{\u00ab_condition\u00bb:true,\u00bbcontent\u00bb:\u00bb\u00bb,\u00bbimage\u00bb:\u00bbwp-content\/uploads\/yootheme\/icon-wifi.svg\u00bb,\u00bbimage_alt\u00bb:\u00bbWifi gratis\u00bb,\u00bbmeta\u00bb:\u00bbWifi gratis\u00bb,\u00bbtags\u00bb:\u00bbWifi gratis\u00bb}},{\u00abtype\u00bb:\u00bbgrid_item\u00bb,\u00bbprops\u00bb:{\u00ab_condition\u00bb:true,\u00bbcontent\u00bb:\u00bb\u00bb,\u00bbimage\u00bb:\u00bbwp-content\/uploads\/yootheme\/icon-bathtub.svg\u00bb,\u00bbimage_alt\u00bb:\u00bbBa\u00f1o privado\u00bb,\u00bbmeta\u00bb:\u00bbBa\u00f1o privado\u00bb,\u00bbtags\u00bb:\u00bbBa\u00f1o privado\u00bb}},{\u00abtype\u00bb:\u00bbgrid_item\u00bb,\u00bbprops\u00bb:{\u00ab_condition\u00bb:true,\u00bbcontent\u00bb:\u00bb\u00bb,\u00bbimage\u00bb:\u00bbwp-content\/uploads\/yootheme\/icon-kitchen.svg\u00bb,\u00bbimage_alt\u00bb:\u00bbCocina\u00bb,\u00bbmeta\u00bb:\u00bbCocina\u00bb,\u00bbtags\u00bb:\u00bbCocina\u00bb}},{\u00abtype\u00bb:\u00bbgrid_item\u00bb,\u00bbprops\u00bb:{\u00ab_condition\u00bb:true,\u00bbcontent\u00bb:\u00bb\u00bb,\u00bbimage\u00bb:\u00bbwp-content\/uploads\/icon-washing-machine.svg\u00bb,\u00bbimage_alt\u00bb:\u00bbLavadora\u00bb,\u00bbmeta\u00bb:\u00bbLavadora\u00bb,\u00bbtags\u00bb:\u00bbLavadora\u00bb}}]},{\u00abtype\u00bb:\u00bbgrid\u00bb,\u00bbprops\u00bb:{\u00abcontent_column_breakpoint\u00bb:\u00bbm\u00bb,\u00bbfilter_align\u00bb:\u00bbleft\u00bb,\u00bbfilter_all\u00bb:true,\u00bbfilter_grid_breakpoint\u00bb:\u00bbm\u00bb,\u00bbfilter_grid_width\u00bb:\u00bbauto\u00bb,\u00bbfilter_position\u00bb:\u00bbtop\u00bb,\u00bbfilter_style\u00bb:\u00bbtab\u00bb,\u00bbgrid_default\u00bb:\u00bb2&#8243;,\u00bbgrid_medium\u00bb:\u00bb3&#8243;,\u00bbgrid_row_gap\u00bb:\u00bbsmall\u00bb,\u00bbimage_align\u00bb:\u00bbleft\u00bb,\u00bbimage_expand\u00bb:true,\u00bbimage_grid_breakpoint\u00bb:\u00bbs\u00bb,\u00bbimage_grid_column_gap\u00bb:\u00bbsmall\u00bb,\u00bbimage_grid_row_gap\u00bb:\u00bbsmall\u00bb,\u00bbimage_grid_width\u00bb:\u00bbauto\u00bb,\u00bbimage_height\u00bb:28,\u00bbimage_loading\u00bb:true,\u00bbimage_svg_animate\u00bb:false,\u00bbimage_svg_color\u00bb:\u00bb\u00bb,\u00bbimage_svg_inline\u00bb:true,\u00bbimage_vertical_align\u00bb:true,\u00bbimage_width\u00bb:28,\u00bbitem_animation\u00bb:true,\u00bblightbox_bg_close\u00bb:true,\u00bblink_style\u00bb:\u00bbdefault\u00bb,\u00bblink_text\u00bb:\u00bbRead more\u00bb,\u00bbmargin_bottom\u00bb:\u00bbmedium\u00bb,\u00bbmargin_top\u00bb:\u00bbmedium\u00bb,\u00bbmeta_align\u00bb:\u00bbbelow-title\u00bb,\u00bbmeta_element\u00bb:\u00bbdiv\u00bb,\u00bbmeta_style\u00bb:\u00bbtext-meta\u00bb,\u00bbparallax_easing\u00bb:\u00bb1&#8243;,\u00bbshow_content\u00bb:true,\u00bbshow_hover_image\u00bb:false,\u00bbshow_hover_video\u00bb:false,\u00bbshow_image\u00bb:true,\u00bbshow_link\u00bb:false,\u00bbshow_meta\u00bb:true,\u00bbshow_title\u00bb:false,\u00bbshow_video\u00bb:false,\u00bbtitle_align\u00bb:\u00bbtop\u00bb,\u00bbtitle_element\u00bb:\u00bbh3&#8243;,\u00bbtitle_grid_breakpoint\u00bb:\u00bbm\u00bb,\u00bbtitle_grid_width\u00bb:\u00bb1-2&#8243;,\u00bbtitle_hover_style\u00bb:\u00bbreset\u00bb},\u00bbchildren\u00bb:[{\u00abtype\u00bb:\u00bbgrid_item\u00bb,\u00bbprops\u00bb:{\u00abcontent\u00bb:\u00bb<\/p>\n<p>Cocina completa<\/p>\n<p>\u00ab,\u00bbimage\u00bb:\u00bbwp-content\/uploads\/icon-kitchen.svg\u00bb,\u00bbimage_alt\u00bb:\u00bbCocina\u00bb,\u00bbtags\u00bb:\u00bbCocina\u00bb}},{\u00abtype\u00bb:\u00bbgrid_item\u00bb,\u00bbprops\u00bb:{\u00abcontent\u00bb:\u00bb<\/p>\n<p>WiFi &#038; Fibra 1 GB<\/p>\n<p>\u00ab,\u00bbimage\u00bb:\u00bbwp-content\/uploads\/yootheme\/icon-wifi.svg\u00bb,\u00bbimage_alt\u00bb:\u00bbWiFi\u00bb,\u00bbtags\u00bb:\u00bbWiFi\u00bb}},{\u00abtype\u00bb:\u00bbgrid_item\u00bb,\u00bbprops\u00bb:{\u00abcontent\u00bb:\u00bbNevera\u00bb,\u00bbimage\u00bb:\u00bbwp-content\/uploads\/2025\/07\/nevera.png\u00bb,\u00bbimage_alt\u00bb:\u00bbNevera\u00bb,\u00bbmeta\u00bb:\u00bb\u00bb,\u00bbtags\u00bb:\u00bbNevera\u00bb,\u00bbtitle\u00bb:\u00bb\u00bb}},{\u00abtype\u00bb:\u00bbgrid_item\u00bb,\u00bbprops\u00bb:{\u00abcontent\u00bb:\u00bbMicroondas\u00bb,\u00bbimage\u00bb:\u00bbwp-content\/uploads\/2025\/07\/microondas-cocina.webp\u00bb,\u00bbimage_alt\u00bb:\u00bbMicroondas\u00bb,\u00bbtags\u00bb:\u00bbMicroondas\u00bb}},{\u00abtype\u00bb:\u00bbgrid_item\u00bb,\u00bbprops\u00bb:{\u00abcontent\u00bb:\u00bbCafetera\u00bb,\u00bbimage\u00bb:\u00bbwp-content\/uploads\/icon-coffee-maker.svg\u00bb,\u00bbimage_alt\u00bb:\u00bbCafetera\u00bb,\u00bbtags\u00bb:\u00bbCafetera\u00bb,\u00bbtitle\u00bb:\u00bb\u00bb}},{\u00abtype\u00bb:\u00bbgrid_item\u00bb,\u00bbprops\u00bb:{\u00abcontent\u00bb:\u00bb<\/p>\n<p>Lavadora<\/p>\n<p>\u00ab,\u00bbimage\u00bb:\u00bbwp-content\/uploads\/icon-washing-machine.svg\u00bb,\u00bbimage_alt\u00bb:\u00bbLavadora\u00bb,\u00bbtags\u00bb:\u00bbLavadora\u00bb}},{\u00abtype\u00bb:\u00bbgrid_item\u00bb,\u00bbprops\u00bb:{\u00abcontent\u00bb:\u00bb<\/p>\n<p>Parking p\u00fablico gratis\u00bb,\u00bbimage\u00bb:\u00bbwp-content\/uploads\/yootheme\/icon-free-parking.svg\u00bb,\u00bbimage_alt\u00bb:\u00bbparking\u00bb,\u00bbmeta\u00bb:\u00bb\u00bb,\u00bbtags\u00bb:\u00bbparking\u00bb}},{\u00abtype\u00bb:\u00bbgrid_item\u00bb,\u00bbprops\u00bb:{\u00abcontent\u00bb:\u00bbCalefacci\u00f3n\u00bb,\u00bbimage\u00bb:\u00bbwp-content\/uploads\/yootheme\/icon-sauna.svg\u00bb,\u00bbimage_alt\u00bb:\u00bbCalefacci\u00f3n\u00bb,\u00bbtags\u00bb:\u00bbAccesible minusv\u00e1lidos\u00bb}},{\u00abtype\u00bb:\u00bbgrid_item\u00bb,\u00bbprops\u00bb:{\u00abcontent\u00bb:\u00bb2 TV 55\\\u00bb y 65\\\u00bb\u00bb,\u00bbimage\u00bb:\u00bbwp-content\/uploads\/yootheme\/icon-tv.svg\u00bb,\u00bbimage_alt\u00bb:\u00bbTV\u00bb,\u00bbtags\u00bb:\u00bbTV\u00bb}},{\u00abtype\u00bb:\u00bbgrid_item\u00bb,\u00bbprops\u00bb:{\u00abcontent\u00bb:\u00bbDucha\u00bb,\u00bbimage\u00bb:\u00bbwp-content\/uploads\/icon-shower.svg\u00bb,\u00bbimage_alt\u00bb:\u00bbDucha\u00bb,\u00bbtags\u00bb:\u00bbDucha\u00bb}},{\u00abtype\u00bb:\u00bbgrid_item\u00bb,\u00bbprops\u00bb:{\u00abcontent\u00bb:\u00bbVentiladores\u00bb,\u00bbimage\u00bb:\u00bbwp-content\/uploads\/2025\/07\/ventiladores.png\u00bb,\u00bbimage_alt\u00bb:\u00bbVentiladores\u00bb,\u00bbtags\u00bb:\u00bbVentiladores\u00bb}}]}]}]},{\u00abtype\u00bb:\u00bbrow\u00bb,\u00bbprops\u00bb:{\u00abwidth\u00bb:\u00bbxlarge\u00bb},\u00bbchildren\u00bb:[{\u00abtype\u00bb:\u00bbcolumn\u00bb,\u00bbprops\u00bb:{\u00abimage_position\u00bb:\u00bbcenter-center\u00bb,\u00bbposition_sticky_breakpoint\u00bb:\u00bbm\u00bb},\u00bbchildren\u00bb:[{\u00abtype\u00bb:\u00bbheadline\u00bb,\u00bbprops\u00bb:{\u00ab_condition\u00bb:true,\u00bbcontent\u00bb:\u00bbPreguntas frecuentes\u00bb,\u00bbid\u00bb:\u00bbPreguntas\u00bb,\u00bbimage_align\u00bb:\u00bbleft\u00bb,\u00bbimage_margin\u00bb:\u00bbxsmall\u00bb,\u00bbmargin_bottom\u00bb:\u00bbremove\u00bb,\u00bbmargin_top\u00bb:\u00bblarge\u00bb,\u00bbtitle_decoration\u00bb:\u00bbline\u00bb,\u00bbtitle_element\u00bb:\u00bbh2&#8243;,\u00bbtitle_style\u00bb:\u00bbh3&#8243;}}]}]},{\u00abtype\u00bb:\u00bbrow\u00bb,\u00bbprops\u00bb:{\u00abhtml_element\u00bb:\u00bbsection\u00bb,\u00bblayout\u00bb:\u00bb1-2,1-2&#8243;,\u00bbwidth\u00bb:\u00bbxlarge\u00bb},\u00bbchildren\u00bb:[{\u00abtype\u00bb:\u00bbcolumn\u00bb,\u00bbprops\u00bb:{\u00abimage_position\u00bb:\u00bbcenter-center\u00bb,\u00bbposition_sticky_breakpoint\u00bb:\u00bbm\u00bb,\u00bbwidth_medium\u00bb:\u00bb1-2&#8243;},\u00bbchildren\u00bb:[{\u00abtype\u00bb:\u00bbaccordion\u00bb,\u00bbprops\u00bb:{\u00abcollapsible\u00bb:true,\u00bbcontent_column_breakpoint\u00bb:\u00bbm\u00bb,\u00bbimage_align\u00bb:\u00bbtop\u00bb,\u00bbimage_grid_breakpoint\u00bb:\u00bbm\u00bb,\u00bbimage_grid_width\u00bb:\u00bb1-2&#8243;,\u00bbimage_svg_color\u00bb:\u00bbemphasis\u00bb,\u00bblink_style\u00bb:\u00bbdefault\u00bb,\u00bblink_text\u00bb:\u00bbRead more\u00bb,\u00bbshow_image\u00bb:true,\u00bbshow_link\u00bb:true},\u00bbchildren\u00bb:[{\u00abtype\u00bb:\u00bbaccordion_item\u00bb,\u00bbprops\u00bb:{\u00abcontent\u00bb:\u00bb<\/p>\n<p>Pico Cebollera no dispone de plaza de aparcamiento. La calle es gratuito.<\/p>\n<p>\u00ab,\u00bbtitle\u00bb:\u00bb\u00bfHay parking?\u00bb}},{\u00abtype\u00bb:\u00bbaccordion_item\u00bb,\u00bbprops\u00bb:{\u00abcontent\u00bb:\u00bbNo hay opciones de desayuno disponibles.\u00bb,\u00bbtitle\u00bb:\u00bb\u00bfSe sirven desayunos?\u00bb}},{\u00abtype\u00bb:\u00bbaccordion_item\u00bb,\u00bbprops\u00bb:{\u00abcontent\u00bb:\u00bbNo hay restaurante.\u00bb,\u00bbtitle\u00bb:\u00bb\u00bfHay restaurante?\u00bb}},{\u00abtype\u00bb:\u00bbaccordion_item\u00bb,\u00bbprops\u00bb:{\u00abcontent\u00bb:\u00bbPico Cebollera no dispone de piscina.\u00bb,\u00bbtitle\u00bb:\u00bb\u00bfHay piscina?\u00bb}}]}]},{\u00abtype\u00bb:\u00bbcolumn\u00bb,\u00bbprops\u00bb:{\u00abimage_position\u00bb:\u00bbcenter-center\u00bb,\u00bbposition_sticky_breakpoint\u00bb:\u00bbm\u00bb,\u00bbwidth_medium\u00bb:\u00bb1-2&#8243;},\u00bbchildren\u00bb:[{\u00abtype\u00bb:\u00bbdivider\u00bb,\u00bbprops\u00bb:{\u00abdivider_element\u00bb:\u00bbhr\u00bb,\u00bbvisibility\u00bb:\u00bbhidden-m\u00bb}},{\u00abtype\u00bb:\u00bbaccordion\u00bb,\u00bbprops\u00bb:{\u00abcollapsible\u00bb:true,\u00bbcontent_column_breakpoint\u00bb:\u00bbm\u00bb,\u00bbimage_align\u00bb:\u00bbtop\u00bb,\u00bbimage_grid_breakpoint\u00bb:\u00bbm\u00bb,\u00bbimage_grid_width\u00bb:\u00bb1-2&#8243;,\u00bbimage_svg_color\u00bb:\u00bbemphasis\u00bb,\u00bblink_style\u00bb:\u00bbdefault\u00bb,\u00bblink_text\u00bb:\u00bbRead more\u00bb,\u00bbshow_image\u00bb:true,\u00bbshow_link\u00bb:true},\u00bbchildren\u00bb:[{\u00abtype\u00bb:\u00bbaccordion_item\u00bb,\u00bbprops\u00bb:{\u00abcontent\u00bb:\u00bb<\/p>\n<p>\u2713 Check-in de 16:00 a 20:00 \u2713 Check-out hasta las 11:00<\/p>\n<p>\\n<\/p>\n<p>Si quieres hacer el check-in o el check-out antes o despu\u00e9s de lo habitual, puedes hacer una petici\u00f3n especial en el momento de reservar.<\/p>\n<p>\\n<\/p>\n<p>Ten en cuenta que las peticiones especiales no se pueden garantizar. Si hacer el check-in o el check-out antes o despu\u00e9s de lo habitual es fundamental para tus planes de viaje, te recomendamos que consultes las opciones de cancelaci\u00f3n antes de reservar.<\/p>\n<p>\u00ab,\u00bbtitle\u00bb:\u00bb\u00bfCu\u00e1l es el horario de check-in y check-out?\u00bb}},{\u00abtype\u00bb:\u00bbaccordion_item\u00bb,\u00bbprops\u00bb:{\u00abcontent\u00bb:\u00bb<\/p>\n<p>Pico Cebollera no admite mascotas.<\/p>\n<p>\u00ab,\u00bbtitle\u00bb:\u00bb\u00bfPuedo llevar a mi mascota?\u00bb}},{\u00abtype\u00bb:\u00bbaccordion_item\u00bb,\u00bbprops\u00bb:{\u00abcontent\u00bb:\u00bb<\/p>\n<p>Los precios varian en funci\u00f3n de la estancia (fechas, condiciones del apartamento, etc.). Elige tus fechas para ver el precio.<\/p>\n<p>\u00ab,\u00bbtitle\u00bb:\u00bb\u00bfCu\u00e1nto cuesta alojarse en Pico Cebollera?\u00bb}}]}]}]}],\u00bbname\u00bb:\u00bbAccommodation\u00bb},{\u00abtype\u00bb:\u00bbsection\u00bb,\u00bbprops\u00bb:{\u00abheader_transparent\u00bb:false,\u00bbhtml_element\u00bb:\u00bbsection\u00bb,\u00bbimage_position\u00bb:\u00bbcenter-center\u00bb,\u00bbpadding_bottom\u00bb:\u00bbsmall\u00bb,\u00bbpadding_top\u00bb:\u00bbsmall\u00bb,\u00bbstyle\u00bb:\u00bbdefault\u00bb,\u00bbtitle_breakpoint\u00bb:\u00bbxl\u00bb,\u00bbtitle_position\u00bb:\u00bbtop-left\u00bb,\u00bbtitle_rotation\u00bb:\u00bbleft\u00bb,\u00bbvertical_align\u00bb:\u00bb\u00bb,\u00bbwidth\u00bb:\u00bbxlarge\u00bb},\u00bbchildren\u00bb:[{\u00abtype\u00bb:\u00bbrow\u00bb,\u00bbchildren\u00bb:[{\u00abtype\u00bb:\u00bbcolumn\u00bb,\u00bbprops\u00bb:{\u00abimage_position\u00bb:\u00bbcenter-center\u00bb,\u00bbposition_sticky_breakpoint\u00bb:\u00bbm\u00bb},\u00bbchildren\u00bb:[{\u00abtype\u00bb:\u00bbheadline\u00bb,\u00bbprops\u00bb:{\u00abcontent\u00bb:\u00bbNormas de la vivienda\u00bb,\u00bbid\u00bb:\u00bbnormas\u00bb,\u00bbimage_align\u00bb:\u00bbleft\u00bb,\u00bbimage_margin\u00bb:\u00bbxsmall\u00bb,\u00bbtitle_decoration\u00bb:\u00bbline\u00bb,\u00bbtitle_element\u00bb:\u00bbh3&#8243;}}]}]},{\u00abtype\u00bb:\u00bbrow\u00bb,\u00bbprops\u00bb:{\u00ablayout\u00bb:\u00bb1-4,3-4&#8243;},\u00bbchildren\u00bb:[{\u00abtype\u00bb:\u00bbcolumn\u00bb,\u00bbprops\u00bb:{\u00abimage_position\u00bb:\u00bbcenter-center\u00bb,\u00bbposition_sticky_breakpoint\u00bb:\u00bbm\u00bb,\u00bbwidth_medium\u00bb:\u00bb1-4&#8243;},\u00bbchildren\u00bb:[{\u00abtype\u00bb:\u00bblist\u00bb,\u00bbprops\u00bb:{\u00abcolumn_breakpoint\u00bb:\u00bbm\u00bb,\u00bbcontent_style\u00bb:\u00bbh5&#8243;,\u00bbimage_align\u00bb:\u00bbleft\u00bb,\u00bbimage_height\u00bb:30,\u00bbimage_svg_color\u00bb:\u00bbemphasis\u00bb,\u00bbimage_vertical_align\u00bb:true,\u00bbimage_width\u00bb:30,\u00bblist_element\u00bb:\u00bbul\u00bb,\u00bblist_horizontal_separator\u00bb:\u00bb, \u00ab,\u00bblist_type\u00bb:\u00bbvertical\u00bb,\u00bbshow_image\u00bb:true,\u00bbshow_link\u00bb:true},\u00bbchildren\u00bb:[{\u00abtype\u00bb:\u00bblist_item\u00bb,\u00bbprops\u00bb:{\u00abcontent\u00bb:\u00bbEntrada\u00bb,\u00bbicon\u00bb:\u00bb\u00bb,\u00bbimage\u00bb:\u00bbwp-content\/uploads\/2025\/07\/check-in.png\u00bb,\u00bbimage_alt\u00bb:\u00bbEntrada\u00bb}}]}]},{\u00abtype\u00bb:\u00bbcolumn\u00bb,\u00bbprops\u00bb:{\u00abimage_position\u00bb:\u00bbcenter-center\u00bb,\u00bbposition_sticky_breakpoint\u00bb:\u00bbm\u00bb,\u00bbwidth_medium\u00bb:\u00bb3-4&#8243;},\u00bbchildren\u00bb:[{\u00abtype\u00bb:\u00bbdescription_list\u00bb,\u00bbprops\u00bb:{\u00abcolumn_breakpoint\u00bb:\u00bbm\u00bb,\u00bblayout\u00bb:\u00bbgrid-2&#8243;,\u00bblist_element\u00bb:\u00bbul\u00bb,\u00bblist_size\u00bb:\u00bblarge\u00bb,\u00bbmeta_align\u00bb:\u00bbbelow-content\u00bb,\u00bbmeta_style\u00bb:\u00bbtext-meta\u00bb,\u00bbshow_content\u00bb:true,\u00bbshow_link\u00bb:true,\u00bbshow_meta\u00bb:true,\u00bbshow_title\u00bb:true,\u00bbtitle_color\u00bb:\u00bbmuted\u00bb,\u00bbtitle_element\u00bb:\u00bbh3&#8243;,\u00bbtitle_grid_breakpoint\u00bb:\u00bbs\u00bb,\u00bbtitle_grid_column_gap\u00bb:\u00bb\u00bb,\u00bbtitle_grid_row_gap\u00bb:\u00bb\u00bb,\u00bbtitle_grid_width\u00bb:\u00bbmedium\u00bb,\u00bbtitle_style\u00bb:\u00bbh6&#8243;},\u00bbchildren\u00bb:[{\u00abtype\u00bb:\u00bbdescription_list_item\u00bb,\u00bbprops\u00bb:{\u00abcontent\u00bb:\u00bbTienes que decirnos con antelaci\u00f3n a qu\u00e9 hora vas a llegar.\u00bb,\u00bbmeta\u00bb:\u00bb\u00bb,\u00bbtitle\u00bb:\u00bbDe las 16:00 a las 20:00&#8243;}}]}]}]},{\u00abtype\u00bb:\u00bbrow\u00bb,\u00bbchildren\u00bb:[{\u00abtype\u00bb:\u00bbcolumn\u00bb,\u00bbprops\u00bb:{\u00abimage_position\u00bb:\u00bbcenter-center\u00bb,\u00bbposition_sticky_breakpoint\u00bb:\u00bbm\u00bb},\u00bbchildren\u00bb:[{\u00abtype\u00bb:\u00bbdivider\u00bb,\u00bbprops\u00bb:{\u00abdivider_element\u00bb:\u00bbhr\u00bb}}]}]},{\u00abtype\u00bb:\u00bbrow\u00bb,\u00bbprops\u00bb:{\u00ablayout\u00bb:\u00bb1-4,3-4&#8243;},\u00bbchildren\u00bb:[{\u00abtype\u00bb:\u00bbcolumn\u00bb,\u00bbprops\u00bb:{\u00abimage_position\u00bb:\u00bbcenter-center\u00bb,\u00bbposition_sticky_breakpoint\u00bb:\u00bbm\u00bb,\u00bbwidth_medium\u00bb:\u00bb1-4&#8243;},\u00bbchildren\u00bb:[{\u00abtype\u00bb:\u00bblist\u00bb,\u00bbprops\u00bb:{\u00abcolumn_breakpoint\u00bb:\u00bbm\u00bb,\u00bbcontent_style\u00bb:\u00bbh5&#8243;,\u00bbimage_align\u00bb:\u00bbleft\u00bb,\u00bbimage_svg_color\u00bb:\u00bbemphasis\u00bb,\u00bbimage_vertical_align\u00bb:true,\u00bblist_element\u00bb:\u00bbul\u00bb,\u00bblist_horizontal_separator\u00bb:\u00bb, \u00ab,\u00bblist_type\u00bb:\u00bbvertical\u00bb,\u00bbshow_image\u00bb:true,\u00bbshow_link\u00bb:true},\u00bbchildren\u00bb:[{\u00abtype\u00bb:\u00bblist_item\u00bb,\u00bbprops\u00bb:{\u00abcontent\u00bb:\u00bbSalida\u00bb,\u00bbicon\u00bb:\u00bb\u00bb,\u00bbimage\u00bb:\u00bbwp-content\/uploads\/2025\/07\/salida.png\u00bb,\u00bbimage_alt\u00bb:\u00bbSalida\u00bb}}]}]},{\u00abtype\u00bb:\u00bbcolumn\u00bb,\u00bbprops\u00bb:{\u00abimage_position\u00bb:\u00bbcenter-center\u00bb,\u00bbposition_sticky_breakpoint\u00bb:\u00bbm\u00bb,\u00bbwidth_medium\u00bb:\u00bb3-4&#8243;},\u00bbchildren\u00bb:[{\u00abtype\u00bb:\u00bbdescription_list\u00bb,\u00bbprops\u00bb:{\u00abcolumn_breakpoint\u00bb:\u00bbm\u00bb,\u00bblayout\u00bb:\u00bbgrid-2&#8243;,\u00bblist_element\u00bb:\u00bbul\u00bb,\u00bblist_size\u00bb:\u00bblarge\u00bb,\u00bbmeta_align\u00bb:\u00bbbelow-content\u00bb,\u00bbmeta_style\u00bb:\u00bbtext-meta\u00bb,\u00bbshow_content\u00bb:true,\u00bbshow_link\u00bb:true,\u00bbshow_meta\u00bb:true,\u00bbshow_title\u00bb:true,\u00bbtitle_color\u00bb:\u00bbmuted\u00bb,\u00bbtitle_element\u00bb:\u00bbh3&#8243;,\u00bbtitle_grid_breakpoint\u00bb:\u00bbs\u00bb,\u00bbtitle_grid_column_gap\u00bb:\u00bb\u00bb,\u00bbtitle_grid_row_gap\u00bb:\u00bb\u00bb,\u00bbtitle_grid_width\u00bb:\u00bbmedium\u00bb,\u00bbtitle_style\u00bb:\u00bbh6&#8243;},\u00bbchildren\u00bb:[{\u00abtype\u00bb:\u00bbdescription_list_item\u00bb,\u00bbprops\u00bb:{\u00abcontent\u00bb:\u00bb\u00bb,\u00bbmeta\u00bb:\u00bb\u00bb,\u00bbtitle\u00bb:\u00bbSalida a las 11:00&#8243;}}]}]}]},{\u00abtype\u00bb:\u00bbrow\u00bb,\u00bbchildren\u00bb:[{\u00abtype\u00bb:\u00bbcolumn\u00bb,\u00bbprops\u00bb:{\u00abimage_position\u00bb:\u00bbcenter-center\u00bb,\u00bbposition_sticky_breakpoint\u00bb:\u00bbm\u00bb},\u00bbchildren\u00bb:[{\u00abtype\u00bb:\u00bbdivider\u00bb,\u00bbprops\u00bb:{\u00abdivider_element\u00bb:\u00bbhr\u00bb}}]}]},{\u00abtype\u00bb:\u00bbrow\u00bb,\u00bbprops\u00bb:{\u00ablayout\u00bb:\u00bb1-4,3-4&#8243;},\u00bbchildren\u00bb:[{\u00abtype\u00bb:\u00bbcolumn\u00bb,\u00bbprops\u00bb:{\u00abimage_position\u00bb:\u00bbcenter-center\u00bb,\u00bbposition_sticky_breakpoint\u00bb:\u00bbm\u00bb,\u00bbwidth_medium\u00bb:\u00bb1-4&#8243;},\u00bbchildren\u00bb:[{\u00abtype\u00bb:\u00bblist\u00bb,\u00bbprops\u00bb:{\u00abcolumn_breakpoint\u00bb:\u00bbm\u00bb,\u00bbcontent_style\u00bb:\u00bbh5&#8243;,\u00bbimage_align\u00bb:\u00bbleft\u00bb,\u00bbimage_svg_color\u00bb:\u00bbemphasis\u00bb,\u00bbimage_vertical_align\u00bb:true,\u00bblist_element\u00bb:\u00bbul\u00bb,\u00bblist_horizontal_separator\u00bb:\u00bb, \u00ab,\u00bblist_type\u00bb:\u00bbvertical\u00bb,\u00bbshow_image\u00bb:true,\u00bbshow_link\u00bb:true},\u00bbchildren\u00bb:[{\u00abtype\u00bb:\u00bblist_item\u00bb,\u00bbprops\u00bb:{\u00abcontent\u00bb:\u00bbCondiciones sobre da\u00f1os en el alojamiento\u00bb,\u00bbicon\u00bb:\u00bb\u00bb,\u00bbimage\u00bb:\u00bbwp-content\/uploads\/2025\/07\/Condiciones-sobre-danos.png\u00bb,\u00bbimage_alt\u00bb:\u00bbCondiciones sobre da\u00f1os en el alojamiento\u00bb}}]}]},{\u00abtype\u00bb:\u00bbcolumn\u00bb,\u00bbprops\u00bb:{\u00abimage_position\u00bb:\u00bbcenter-center\u00bb,\u00bbposition_sticky_breakpoint\u00bb:\u00bbm\u00bb,\u00bbwidth_medium\u00bb:\u00bb3-4&#8243;},\u00bbchildren\u00bb:[{\u00abtype\u00bb:\u00bbdescription_list\u00bb,\u00bbprops\u00bb:{\u00abcolumn_breakpoint\u00bb:\u00bbm\u00bb,\u00bblayout\u00bb:\u00bbgrid-2&#8243;,\u00bblist_element\u00bb:\u00bbul\u00bb,\u00bblist_size\u00bb:\u00bblarge\u00bb,\u00bbmeta_align\u00bb:\u00bbbelow-content\u00bb,\u00bbmeta_style\u00bb:\u00bbtext-meta\u00bb,\u00bbshow_content\u00bb:true,\u00bbshow_link\u00bb:true,\u00bbshow_meta\u00bb:true,\u00bbshow_title\u00bb:true,\u00bbtitle_color\u00bb:\u00bbmuted\u00bb,\u00bbtitle_element\u00bb:\u00bbh3&#8243;,\u00bbtitle_grid_breakpoint\u00bb:\u00bbs\u00bb,\u00bbtitle_grid_column_gap\u00bb:\u00bb\u00bb,\u00bbtitle_grid_row_gap\u00bb:\u00bb\u00bb,\u00bbtitle_grid_width\u00bb:\u00bbmedium\u00bb,\u00bbtitle_style\u00bb:\u00bbh6&#8243;},\u00bbchildren\u00bb:[{\u00abtype\u00bb:\u00bbdescription_list_item\u00bb,\u00bbprops\u00bb:{\u00abcontent\u00bb:\u00bbSi causas da\u00f1os al alojamiento durante tu estancia, podr\u00edan pedirte un pago de hasta \u20ac 300 despu\u00e9s del check-out\u00bb,\u00bbmeta\u00bb:\u00bb\u00bb,\u00bbtitle\u00bb:\u00bbDa\u00f1os\u00bb}}]}]}]},{\u00abtype\u00bb:\u00bbrow\u00bb,\u00bbchildren\u00bb:[{\u00abtype\u00bb:\u00bbcolumn\u00bb,\u00bbprops\u00bb:{\u00abimage_position\u00bb:\u00bbcenter-center\u00bb,\u00bbposition_sticky_breakpoint\u00bb:\u00bbm\u00bb},\u00bbchildren\u00bb:[{\u00abtype\u00bb:\u00bbdivider\u00bb,\u00bbprops\u00bb:{\u00abdivider_element\u00bb:\u00bbhr\u00bb}}]}]},{\u00abtype\u00bb:\u00bbrow\u00bb,\u00bbprops\u00bb:{\u00ablayout\u00bb:\u00bb1-4,3-4&#8243;},\u00bbchildren\u00bb:[{\u00abtype\u00bb:\u00bbcolumn\u00bb,\u00bbprops\u00bb:{\u00abimage_position\u00bb:\u00bbcenter-center\u00bb,\u00bbposition_sticky_breakpoint\u00bb:\u00bbm\u00bb,\u00bbwidth_medium\u00bb:\u00bb1-4&#8243;},\u00bbchildren\u00bb:[{\u00abtype\u00bb:\u00bblist\u00bb,\u00bbprops\u00bb:{\u00abcolumn_breakpoint\u00bb:\u00bbm\u00bb,\u00bbcontent_style\u00bb:\u00bbh5&#8243;,\u00bbimage_align\u00bb:\u00bbleft\u00bb,\u00bbimage_svg_color\u00bb:\u00bbemphasis\u00bb,\u00bbimage_vertical_align\u00bb:true,\u00bblist_element\u00bb:\u00bbul\u00bb,\u00bblist_horizontal_separator\u00bb:\u00bb, \u00ab,\u00bblist_type\u00bb:\u00bbvertical\u00bb,\u00bbshow_image\u00bb:true,\u00bbshow_link\u00bb:true},\u00bbchildren\u00bb:[{\u00abtype\u00bb:\u00bblist_item\u00bb,\u00bbprops\u00bb:{\u00abcontent\u00bb:\u00bbCamas para ni\u00f1os\u00bb,\u00bbicon\u00bb:\u00bb\u00bb,\u00bbimage\u00bb:\u00bbwp-content\/uploads\/2025\/07\/cuna.png\u00bb,\u00bbimage_alt\u00bb:\u00bbCamas para ni\u00f1os\u00bb}}]}]},{\u00abtype\u00bb:\u00bbcolumn\u00bb,\u00bbprops\u00bb:{\u00abimage_position\u00bb:\u00bbcenter-center\u00bb,\u00bbposition_sticky_breakpoint\u00bb:\u00bbm\u00bb,\u00bbwidth_medium\u00bb:\u00bb3-4&#8243;},\u00bbchildren\u00bb:[{\u00abtype\u00bb:\u00bbdescription_list\u00bb,\u00bbprops\u00bb:{\u00abcolumn_breakpoint\u00bb:\u00bbm\u00bb,\u00bblayout\u00bb:\u00bbgrid-2&#8243;,\u00bblist_element\u00bb:\u00bbul\u00bb,\u00bblist_size\u00bb:\u00bblarge\u00bb,\u00bbmeta_align\u00bb:\u00bbbelow-content\u00bb,\u00bbmeta_style\u00bb:\u00bbtext-meta\u00bb,\u00bbshow_content\u00bb:true,\u00bbshow_link\u00bb:true,\u00bbshow_meta\u00bb:true,\u00bbshow_title\u00bb:true,\u00bbtitle_color\u00bb:\u00bbmuted\u00bb,\u00bbtitle_element\u00bb:\u00bbh3&#8243;,\u00bbtitle_grid_breakpoint\u00bb:\u00bbs\u00bb,\u00bbtitle_grid_column_gap\u00bb:\u00bb\u00bb,\u00bbtitle_grid_row_gap\u00bb:\u00bb\u00bb,\u00bbtitle_grid_width\u00bb:\u00bbmedium\u00bb,\u00bbtitle_style\u00bb:\u00bbh6&#8243;},\u00bbchildren\u00bb:[{\u00abtype\u00bb:\u00bbdescription_list_item\u00bb,\u00bbprops\u00bb:{\u00abcontent\u00bb:\u00bb<\/p>\n<p>Se pueden alojar ni\u00f1os de cualquier edad.<\/p>\n<p>\\n<\/p>\n<h4 style=\\\"font-size: 1.0rem; font-weight: 500; margin: 1em 0;\\\">Condiciones sobre cunas y camas supletorias.<\/h4>\n<p>\\n<\/p>\n<p>Cuna a petici\u00f3n \/ \u20ac 25 por estancia.<\/p>\n<p>\\n<\/p>\n<p>El precio de las cunas no est\u00e1 incluido en el precio total y se tiene que pagar por separado durante la estancia.<\/p>\n<p>\\n<\/p>\n<p>No hay camas supletorias disponibles en este alojamiento.<\/p>\n<p>\\n<\/p>\n<p>Todas las cunas est\u00e1n sujetas a disponibilidad.<\/p>\n<p>\u00ab,\u00bbmeta\u00bb:\u00bb\u00bb,\u00bbtitle\u00bb:\u00bbCondiciones para estancias con ni\u00f1os\u00bb}}]}]}]},{\u00abtype\u00bb:\u00bbrow\u00bb,\u00bbchildren\u00bb:[{\u00abtype\u00bb:\u00bbcolumn\u00bb,\u00bbprops\u00bb:{\u00abimage_position\u00bb:\u00bbcenter-center\u00bb,\u00bbposition_sticky_breakpoint\u00bb:\u00bbm\u00bb},\u00bbchildren\u00bb:[{\u00abtype\u00bb:\u00bbdivider\u00bb,\u00bbprops\u00bb:{\u00abdivider_element\u00bb:\u00bbhr\u00bb}}]}]},{\u00abtype\u00bb:\u00bbrow\u00bb,\u00bbprops\u00bb:{\u00ablayout\u00bb:\u00bb1-4,3-4&#8243;},\u00bbchildren\u00bb:[{\u00abtype\u00bb:\u00bbcolumn\u00bb,\u00bbprops\u00bb:{\u00abimage_position\u00bb:\u00bbcenter-center\u00bb,\u00bbposition_sticky_breakpoint\u00bb:\u00bbm\u00bb,\u00bbwidth_medium\u00bb:\u00bb1-4&#8243;},\u00bbchildren\u00bb:[{\u00abtype\u00bb:\u00bblist\u00bb,\u00bbprops\u00bb:{\u00abcolumn_breakpoint\u00bb:\u00bbm\u00bb,\u00bbcontent_style\u00bb:\u00bbh5&#8243;,\u00bbimage_align\u00bb:\u00bbleft\u00bb,\u00bbimage_svg_color\u00bb:\u00bbemphasis\u00bb,\u00bbimage_vertical_align\u00bb:true,\u00bblist_element\u00bb:\u00bbul\u00bb,\u00bblist_horizontal_separator\u00bb:\u00bb, \u00ab,\u00bblist_type\u00bb:\u00bbvertical\u00bb,\u00bbshow_image\u00bb:true,\u00bbshow_link\u00bb:true},\u00bbchildren\u00bb:[{\u00abtype\u00bb:\u00bblist_item\u00bb,\u00bbprops\u00bb:{\u00abcontent\u00bb:\u00bbNo fumadores\u00bb,\u00bbicon\u00bb:\u00bb\u00bb,\u00bbimage\u00bb:\u00bbwp-content\/uploads\/2025\/07\/no-fumar.png\u00bb,\u00bbimage_alt\u00bb:\u00bbNo fumadores\u00bb}}]}]},{\u00abtype\u00bb:\u00bbcolumn\u00bb,\u00bbprops\u00bb:{\u00abimage_position\u00bb:\u00bbcenter-center\u00bb,\u00bbposition_sticky_breakpoint\u00bb:\u00bbm\u00bb,\u00bbwidth_medium\u00bb:\u00bb3-4&#8243;},\u00bbchildren\u00bb:[{\u00abtype\u00bb:\u00bbdescription_list\u00bb,\u00bbprops\u00bb:{\u00abcolumn_breakpoint\u00bb:\u00bbm\u00bb,\u00bblayout\u00bb:\u00bbgrid-2&#8243;,\u00bblist_element\u00bb:\u00bbul\u00bb,\u00bblist_size\u00bb:\u00bblarge\u00bb,\u00bbmeta_align\u00bb:\u00bbbelow-content\u00bb,\u00bbmeta_style\u00bb:\u00bbtext-meta\u00bb,\u00bbshow_content\u00bb:true,\u00bbshow_link\u00bb:true,\u00bbshow_meta\u00bb:true,\u00bbshow_title\u00bb:true,\u00bbtitle_color\u00bb:\u00bbmuted\u00bb,\u00bbtitle_element\u00bb:\u00bbh3&#8243;,\u00bbtitle_grid_breakpoint\u00bb:\u00bbs\u00bb,\u00bbtitle_grid_column_gap\u00bb:\u00bb\u00bb,\u00bbtitle_grid_row_gap\u00bb:\u00bb\u00bb,\u00bbtitle_grid_width\u00bb:\u00bbmedium\u00bb,\u00bbtitle_style\u00bb:\u00bbh6&#8243;},\u00bbchildren\u00bb:[{\u00abtype\u00bb:\u00bbdescription_list_item\u00bb,\u00bbprops\u00bb:{\u00abcontent\u00bb:\u00bb\u00bb,\u00bbmeta\u00bb:\u00bb\u00bb,\u00bbtitle\u00bb:\u00bbNo se puede fumar\u00bb}}]}]}]},{\u00abtype\u00bb:\u00bbrow\u00bb,\u00bbchildren\u00bb:[{\u00abtype\u00bb:\u00bbcolumn\u00bb,\u00bbprops\u00bb:{\u00abimage_position\u00bb:\u00bbcenter-center\u00bb,\u00bbposition_sticky_breakpoint\u00bb:\u00bbm\u00bb},\u00bbchildren\u00bb:[{\u00abtype\u00bb:\u00bbdivider\u00bb,\u00bbprops\u00bb:{\u00abdivider_element\u00bb:\u00bbhr\u00bb}}]}]},{\u00abtype\u00bb:\u00bbrow\u00bb,\u00bbprops\u00bb:{\u00ablayout\u00bb:\u00bb1-4,3-4&#8243;},\u00bbchildren\u00bb:[{\u00abtype\u00bb:\u00bbcolumn\u00bb,\u00bbprops\u00bb:{\u00abimage_position\u00bb:\u00bbcenter-center\u00bb,\u00bbposition_sticky_breakpoint\u00bb:\u00bbm\u00bb,\u00bbwidth_medium\u00bb:\u00bb1-4&#8243;},\u00bbchildren\u00bb:[{\u00abtype\u00bb:\u00bblist\u00bb,\u00bbprops\u00bb:{\u00abcolumn_breakpoint\u00bb:\u00bbm\u00bb,\u00bbcontent_style\u00bb:\u00bbh5&#8243;,\u00bbimage_align\u00bb:\u00bbleft\u00bb,\u00bbimage_svg_color\u00bb:\u00bbemphasis\u00bb,\u00bbimage_vertical_align\u00bb:true,\u00bblist_element\u00bb:\u00bbul\u00bb,\u00bblist_horizontal_separator\u00bb:\u00bb, \u00ab,\u00bblist_type\u00bb:\u00bbvertical\u00bb,\u00bbshow_image\u00bb:true,\u00bbshow_link\u00bb:true},\u00bbchildren\u00bb:[{\u00abtype\u00bb:\u00bblist_item\u00bb,\u00bbprops\u00bb:{\u00abcontent\u00bb:\u00bbFiestas\u00bb,\u00bbicon\u00bb:\u00bb\u00bb,\u00bbimage\u00bb:\u00bbwp-content\/uploads\/2025\/07\/fiestas.png\u00bb,\u00bbimage_alt\u00bb:\u00bbprohibido Fiestas\u00bb}}]}]},{\u00abtype\u00bb:\u00bbcolumn\u00bb,\u00bbprops\u00bb:{\u00abimage_position\u00bb:\u00bbcenter-center\u00bb,\u00bbposition_sticky_breakpoint\u00bb:\u00bbm\u00bb,\u00bbwidth_medium\u00bb:\u00bb3-4&#8243;},\u00bbchildren\u00bb:[{\u00abtype\u00bb:\u00bbdescription_list\u00bb,\u00bbprops\u00bb:{\u00abcolumn_breakpoint\u00bb:\u00bbm\u00bb,\u00bblayout\u00bb:\u00bbgrid-2&#8243;,\u00bblist_element\u00bb:\u00bbul\u00bb,\u00bblist_size\u00bb:\u00bblarge\u00bb,\u00bbmeta_align\u00bb:\u00bbbelow-content\u00bb,\u00bbmeta_style\u00bb:\u00bbtext-meta\u00bb,\u00bbshow_content\u00bb:true,\u00bbshow_link\u00bb:true,\u00bbshow_meta\u00bb:true,\u00bbshow_title\u00bb:true,\u00bbtitle_color\u00bb:\u00bbmuted\u00bb,\u00bbtitle_element\u00bb:\u00bbh3&#8243;,\u00bbtitle_grid_breakpoint\u00bb:\u00bbs\u00bb,\u00bbtitle_grid_column_gap\u00bb:\u00bb\u00bb,\u00bbtitle_grid_row_gap\u00bb:\u00bb\u00bb,\u00bbtitle_grid_width\u00bb:\u00bbmedium\u00bb,\u00bbtitle_style\u00bb:\u00bbh6&#8243;},\u00bbchildren\u00bb:[{\u00abtype\u00bb:\u00bbdescription_list_item\u00bb,\u00bbprops\u00bb:{\u00abcontent\u00bb:\u00bb\u00bb,\u00bbmeta\u00bb:\u00bb\u00bb,\u00bbtitle\u00bb:\u00bbNo se pueden celebrar fiestas\/eventos\u00bb}}]}]}]},{\u00abtype\u00bb:\u00bbrow\u00bb,\u00bbchildren\u00bb:[{\u00abtype\u00bb:\u00bbcolumn\u00bb,\u00bbprops\u00bb:{\u00abimage_position\u00bb:\u00bbcenter-center\u00bb,\u00bbposition_sticky_breakpoint\u00bb:\u00bbm\u00bb},\u00bbchildren\u00bb:[{\u00abtype\u00bb:\u00bbdivider\u00bb,\u00bbprops\u00bb:{\u00abdivider_element\u00bb:\u00bbhr\u00bb}}]}]},{\u00abtype\u00bb:\u00bbrow\u00bb,\u00bbprops\u00bb:{\u00ablayout\u00bb:\u00bb1-4,3-4&#8243;},\u00bbchildren\u00bb:[{\u00abtype\u00bb:\u00bbcolumn\u00bb,\u00bbprops\u00bb:{\u00abimage_position\u00bb:\u00bbcenter-center\u00bb,\u00bbposition_sticky_breakpoint\u00bb:\u00bbm\u00bb,\u00bbwidth_medium\u00bb:\u00bb1-4&#8243;},\u00bbchildren\u00bb:[{\u00abtype\u00bb:\u00bblist\u00bb,\u00bbprops\u00bb:{\u00abcolumn_breakpoint\u00bb:\u00bbm\u00bb,\u00bbcontent_style\u00bb:\u00bbh5&#8243;,\u00bbimage_align\u00bb:\u00bbleft\u00bb,\u00bbimage_svg_color\u00bb:\u00bbemphasis\u00bb,\u00bbimage_vertical_align\u00bb:true,\u00bblist_element\u00bb:\u00bbul\u00bb,\u00bblist_horizontal_separator\u00bb:\u00bb, \u00ab,\u00bblist_type\u00bb:\u00bbvertical\u00bb,\u00bbshow_image\u00bb:true,\u00bbshow_link\u00bb:true},\u00bbchildren\u00bb:[{\u00abtype\u00bb:\u00bblist_item\u00bb,\u00bbprops\u00bb:{\u00abcontent\u00bb:\u00bbHorario sin ruido\u00bb,\u00bbicon\u00bb:\u00bb\u00bb,\u00bbimage\u00bb:\u00bbwp-content\/uploads\/2025\/07\/despertador.png\u00bb,\u00bbimage_alt\u00bb:\u00bbHorario sin ruido\u00bb}}]}]},{\u00abtype\u00bb:\u00bbcolumn\u00bb,\u00bbprops\u00bb:{\u00abimage_position\u00bb:\u00bbcenter-center\u00bb,\u00bbposition_sticky_breakpoint\u00bb:\u00bbm\u00bb,\u00bbwidth_medium\u00bb:\u00bb3-4&#8243;},\u00bbchildren\u00bb:[{\u00abtype\u00bb:\u00bbdescription_list\u00bb,\u00bbprops\u00bb:{\u00abcolumn_breakpoint\u00bb:\u00bbm\u00bb,\u00bblayout\u00bb:\u00bbgrid-2&#8243;,\u00bblist_element\u00bb:\u00bbul\u00bb,\u00bblist_size\u00bb:\u00bblarge\u00bb,\u00bbmeta_align\u00bb:\u00bbbelow-content\u00bb,\u00bbmeta_style\u00bb:\u00bbtext-meta\u00bb,\u00bbshow_content\u00bb:true,\u00bbshow_link\u00bb:true,\u00bbshow_meta\u00bb:true,\u00bbshow_title\u00bb:true,\u00bbtitle_color\u00bb:\u00bbmuted\u00bb,\u00bbtitle_element\u00bb:\u00bbh3&#8243;,\u00bbtitle_grid_breakpoint\u00bb:\u00bbs\u00bb,\u00bbtitle_grid_column_gap\u00bb:\u00bb\u00bb,\u00bbtitle_grid_row_gap\u00bb:\u00bb\u00bb,\u00bbtitle_grid_width\u00bb:\u00bbmedium\u00bb,\u00bbtitle_style\u00bb:\u00bbh6&#8243;},\u00bbchildren\u00bb:[{\u00abtype\u00bb:\u00bbdescription_list_item\u00bb,\u00bbprops\u00bb:{\u00abcontent\u00bb:\u00bb\u00bb,\u00bbmeta\u00bb:\u00bb\u00bb,\u00bbtitle\u00bb:\u00bbLos clientes deben minimizar el ruido de 22:00 a 8:00&#8243;}}]}]}]},{\u00abtype\u00bb:\u00bbrow\u00bb,\u00bbchildren\u00bb:[{\u00abtype\u00bb:\u00bbcolumn\u00bb,\u00bbprops\u00bb:{\u00abimage_position\u00bb:\u00bbcenter-center\u00bb,\u00bbposition_sticky_breakpoint\u00bb:\u00bbm\u00bb},\u00bbchildren\u00bb:[{\u00abtype\u00bb:\u00bbdivider\u00bb,\u00bbprops\u00bb:{\u00abdivider_element\u00bb:\u00bbhr\u00bb}}]}]},{\u00abtype\u00bb:\u00bbrow\u00bb,\u00bbprops\u00bb:{\u00ablayout\u00bb:\u00bb1-4,3-4&#8243;},\u00bbchildren\u00bb:[{\u00abtype\u00bb:\u00bbcolumn\u00bb,\u00bbprops\u00bb:{\u00abimage_position\u00bb:\u00bbcenter-center\u00bb,\u00bbposition_sticky_breakpoint\u00bb:\u00bbm\u00bb,\u00bbwidth_medium\u00bb:\u00bb1-4&#8243;},\u00bbchildren\u00bb:[{\u00abtype\u00bb:\u00bblist\u00bb,\u00bbprops\u00bb:{\u00abcolumn_breakpoint\u00bb:\u00bbm\u00bb,\u00bbcontent_style\u00bb:\u00bbh5&#8243;,\u00bbimage_align\u00bb:\u00bbleft\u00bb,\u00bbimage_svg_color\u00bb:\u00bbemphasis\u00bb,\u00bbimage_vertical_align\u00bb:true,\u00bblist_element\u00bb:\u00bbul\u00bb,\u00bblist_horizontal_separator\u00bb:\u00bb, \u00ab,\u00bblist_type\u00bb:\u00bbvertical\u00bb,\u00bbshow_image\u00bb:true,\u00bbshow_link\u00bb:true},\u00bbchildren\u00bb:[{\u00abtype\u00bb:\u00bblist_item\u00bb,\u00bbprops\u00bb:{\u00abcontent\u00bb:\u00bbMascotas\u00bb,\u00bbicon\u00bb:\u00bb\u00bb,\u00bbimage\u00bb:\u00bbwp-content\/uploads\/2025\/07\/prohibido-mascotas.png\u00bb,\u00bbimage_alt\u00bb:\u00bbMascotas\u00bb}}]}]},{\u00abtype\u00bb:\u00bbcolumn\u00bb,\u00bbprops\u00bb:{\u00abimage_position\u00bb:\u00bbcenter-center\u00bb,\u00bbposition_sticky_breakpoint\u00bb:\u00bbm\u00bb,\u00bbwidth_medium\u00bb:\u00bb3-4&#8243;},\u00bbchildren\u00bb:[{\u00abtype\u00bb:\u00bbdescription_list\u00bb,\u00bbprops\u00bb:{\u00abcolumn_breakpoint\u00bb:\u00bbm\u00bb,\u00bblayout\u00bb:\u00bbgrid-2&#8243;,\u00bblist_element\u00bb:\u00bbul\u00bb,\u00bblist_size\u00bb:\u00bblarge\u00bb,\u00bbmeta_align\u00bb:\u00bbbelow-content\u00bb,\u00bbmeta_style\u00bb:\u00bbtext-meta\u00bb,\u00bbshow_content\u00bb:true,\u00bbshow_link\u00bb:true,\u00bbshow_meta\u00bb:true,\u00bbshow_title\u00bb:true,\u00bbtitle_color\u00bb:\u00bbmuted\u00bb,\u00bbtitle_element\u00bb:\u00bbh3&#8243;,\u00bbtitle_grid_breakpoint\u00bb:\u00bbs\u00bb,\u00bbtitle_grid_column_gap\u00bb:\u00bb\u00bb,\u00bbtitle_grid_row_gap\u00bb:\u00bb\u00bb,\u00bbtitle_grid_width\u00bb:\u00bbmedium\u00bb,\u00bbtitle_style\u00bb:\u00bbh6&#8243;},\u00bbchildren\u00bb:[{\u00abtype\u00bb:\u00bbdescription_list_item\u00bb,\u00bbprops\u00bb:{\u00abcontent\u00bb:\u00bb\u00bb,\u00bbmeta\u00bb:\u00bb\u00bb,\u00bbtitle\u00bb:\u00bbNo se admiten mascotas\u00bb}}]}]}]}],\u00bbname\u00bb:\u00bbFAQ\u00bb},{\u00abtype\u00bb:\u00bbsection\u00bb,\u00bbprops\u00bb:{\u00abimage_position\u00bb:\u00bbcenter-center\u00bb,\u00bbstyle\u00bb:\u00bbdefault\u00bb,\u00bbtitle_breakpoint\u00bb:\u00bbxl\u00bb,\u00bbtitle_position\u00bb:\u00bbtop-left\u00bb,\u00bbtitle_rotation\u00bb:\u00bbleft\u00bb,\u00bbvertical_align\u00bb:\u00bbmiddle\u00bb,\u00bbwidth\u00bb:\u00bbxlarge\u00bb},\u00bbchildren\u00bb:[{\u00abtype\u00bb:\u00bbrow\u00bb,\u00bbchildren\u00bb:[{\u00abtype\u00bb:\u00bbcolumn\u00bb,\u00bbprops\u00bb:{\u00abimage_position\u00bb:\u00bbcenter-center\u00bb,\u00bbposition_sticky_breakpoint\u00bb:\u00bbm\u00bb},\u00bbchildren\u00bb:[{\u00abtype\u00bb:\u00bbheadline\u00bb,\u00bbprops\u00bb:{\u00ab_condition\u00bb:true,\u00bbcontent\u00bb:\u00bbEmpresa\u00bb,\u00bbimage_align\u00bb:\u00bbleft\u00bb,\u00bbimage_margin\u00bb:\u00bbxsmall\u00bb,\u00bbmargin_bottom\u00bb:\u00bbremove\u00bb,\u00bbmargin_top\u00bb:\u00bblarge\u00bb,\u00bbtitle_element\u00bb:\u00bbh3&#8243;,\u00bbvisibility\u00bb:\u00bbm\u00bb}},{\u00abtype\u00bb:\u00bbpanel\u00bb,\u00bbprops\u00bb:{\u00ab_condition\u00bb:true,\u00bbcontent\u00bb:\u00bbGlobal Homes empresa de alquiler de viviendas en Madrid\u00bb,\u00bbcontent_column_breakpoint\u00bb:\u00bbm\u00bb,\u00bbcontent_margin\u00bb:\u00bbremove\u00bb,\u00bbimage\u00bb:\u00bbwp-content\/uploads\/2020\/12\/Host-Global-Homes.webp\u00bb,\u00bbimage_align\u00bb:\u00bbleft\u00bb,\u00bbimage_alt\u00bb:\u00bbGlobal Homes Caliza\u00bb,\u00bbimage_border\u00bb:\u00bbcircle\u00bb,\u00bbimage_grid_breakpoint\u00bb:\u00bb\u00bb,\u00bbimage_grid_column_gap\u00bb:\u00bbsmall\u00bb,\u00bbimage_grid_width\u00bb:\u00bbauto\u00bb,\u00bbimage_height\u00bb:\u00bb90&#8243;,\u00bbimage_svg_color\u00bb:\u00bbemphasis\u00bb,\u00bbimage_vertical_align\u00bb:true,\u00bbimage_width\u00bb:\u00bb90&#8243;,\u00bblink\u00bb:\u00bbnosotros\/\u00bb,\u00bblink_style\u00bb:\u00bbdefault\u00bb,\u00bblink_text\u00bb:\u00bb\u00bb,\u00bbmargin_bottom\u00bb:\u00bbdefault\u00bb,\u00bbmargin_top\u00bb:\u00bbdefault\u00bb,\u00bbmeta_align\u00bb:\u00bbbelow-title\u00bb,\u00bbmeta_element\u00bb:\u00bbdiv\u00bb,\u00bbmeta_style\u00bb:\u00bbtext-meta\u00bb,\u00bbpanel_link\u00bb:true,\u00bbtitle\u00bb:\u00bbGlobal Homes\u00bb,\u00bbtitle_align\u00bb:\u00bbtop\u00bb,\u00bbtitle_element\u00bb:\u00bbh4&#8243;,\u00bbtitle_grid_breakpoint\u00bb:\u00bbm\u00bb,\u00bbtitle_grid_width\u00bb:\u00bb1-2&#8243;,\u00bbtitle_hover_style\u00bb:\u00bbreset\u00bb,\u00bbtitle_style\u00bb:\u00bbh5&#8243;,\u00bbvisibility\u00bb:\u00bbm\u00bb}}]}]}]},{\u00abtype\u00bb:\u00bbsection\u00bb,\u00bbprops\u00bb:{\u00ab_condition\u00bb:true,\u00bbhtml_element\u00bb:\u00bbaddress\u00bb,\u00bbimage_position\u00bb:\u00bbcenter-center\u00bb,\u00bbpadding_bottom\u00bb:\u00bbnone\u00bb,\u00bbpadding_top\u00bb:\u00bbnone\u00bb,\u00bbstyle\u00bb:\u00bbdefault\u00bb,\u00bbtitle_breakpoint\u00bb:\u00bbxl\u00bb,\u00bbtitle_position\u00bb:\u00bbtop-left\u00bb,\u00bbtitle_rotation\u00bb:\u00bbleft\u00bb,\u00bbvertical_align\u00bb:\u00bb\u00bb,\u00bbwidth\u00bb:\u00bbxlarge\u00bb},\u00bbchildren\u00bb:[{\u00abtype\u00bb:\u00bbrow\u00bb,\u00bbchildren\u00bb:[{\u00abtype\u00bb:\u00bbcolumn\u00bb,\u00bbprops\u00bb:{\u00abimage_position\u00bb:\u00bbcenter-center\u00bb,\u00bbposition_sticky_breakpoint\u00bb:\u00bbm\u00bb},\u00bbchildren\u00bb:[{\u00abtype\u00bb:\u00bbheadline\u00bb,\u00bbprops\u00bb:{\u00abcontent\u00bb:\u00bbEn el mapa encontrar\u00e1s bares y restaurantes recomendados\u00bb,\u00bbimage_align\u00bb:\u00bbleft\u00bb,\u00bbimage_margin\u00bb:\u00bbxsmall\u00bb,\u00bbtitle_element\u00bb:\u00bbh2&#8243;}},{\u00abtype\u00bb:\u00bbmap\u00bb,\u00bbprops\u00bb:{\u00abcontent_margin\u00bb:\u00bbsmall\u00bb,\u00bbcontent_style\u00bb:\u00bbtext-meta\u00bb,\u00bbcontrols\u00bb:true,\u00bbcss\u00bb:\u00bb.el-image { margin-bottom: 20px; }\u00bb,\u00bbdragging\u00bb:true,\u00bbheight\u00bb:\u00bb600&#8243;,\u00bbimage_height\u00bb:\u00bb180&#8243;,\u00bbimage_svg_color\u00bb:\u00bbemphasis\u00bb,\u00bbimage_width\u00bb:\u00bb270&#8243;,\u00bblink_size\u00bb:\u00bbsmall\u00bb,\u00bblink_style\u00bb:\u00bbprimary\u00bb,\u00bblink_target\u00bb:true,\u00bblink_text\u00bb:\u00bbVisit Website\u00bb,\u00bbmargin_bottom\u00bb:\u00bbdefault\u00bb,\u00bbmargin_top\u00bb:\u00bbdefault\u00bb,\u00bbmax_zoom\u00bb:18,\u00bbmeta_align\u00bb:\u00bbabove-title\u00bb,\u00bbmeta_color\u00bb:\u00bbprimary\u00bb,\u00bbmeta_element\u00bb:\u00bbdiv\u00bb,\u00bbmeta_style\u00bb:\u00bbh6&#8243;,\u00bbmin_zoom\u00bb:\u00bb16&#8243;,\u00bbpoi\u00bb:false,\u00bbpopup_max_width\u00bb:\u00bb300&#8243;,\u00bbshow_content\u00bb:true,\u00bbshow_image\u00bb:false,\u00bbshow_link\u00bb:false,\u00bbshow_meta\u00bb:true,\u00bbshow_title\u00bb:true,\u00bbtitle_element\u00bb:\u00bbh3&#8243;,\u00bbtitle_hover_style\u00bb:\u00bbreset\u00bb,\u00bbtitle_margin\u00bb:\u00bbremove\u00bb,\u00bbtitle_style\u00bb:\u00bbh5&#8243;,\u00bbtype\u00bb:\u00bbroadmap\u00bb,\u00bbzoom\u00bb:\u00bb16&#8243;,\u00bbzooming\u00bb:false},\u00bbchildren\u00bb:[{\u00abtype\u00bb:\u00bbmap_item\u00bb,\u00bbprops\u00bb:{\u00ab_condition\u00bb:true,\u00bblocation\u00bb:\u00bb40.39359236668191,-3.6715400740283215&#8243;,\u00bbmarker_icon\u00bb:\u00bbwp-content\/uploads\/icon-map-marker-accommodation.svg\u00bb,\u00bbmarker_icon_height\u00bb:\u00bb38&#8243;,\u00bbmarker_icon_width\u00bb:\u00bb38&#8243;,\u00bbmeta\u00bb:\u00bbMadrid\u00bb,\u00bbtitle\u00bb:\u00bbPuente de Vallecas\u00bb}},{\u00abtype\u00bb:\u00bbmap_item\u00bb,\u00bbprops\u00bb:{\u00abcontent\u00bb:\u00bbAv del Monte Igueldo, 95, Puente de Vallecas, 28053 Madrid\\n\u00bb,\u00bblink\u00bb:\u00bbhttps:\/\/maps.app.goo.gl\/J7zDKkd42k1zNMfb7&#8243;,\u00bblink_aria_label\u00bb:\u00bbLl\u00e9vame al restaurante\u00bb,\u00bblink_text\u00bb:\u00bbLl\u00e9vame\u00bb,\u00bblocation\u00bb:\u00bb40.392174541949316,-3.6701652583187783&#8243;,\u00bbmarker_icon\u00bb:\u00bbwp-content\/uploads\/2025\/05\/restaurante.png\u00bb,\u00bbmarker_icon_height\u00bb:30,\u00bbmarker_icon_width\u00bb:30,\u00bbtitle\u00bb:\u00bbHalal Friends Burgers &#038; Milkshakes\u00bb}},{\u00abtype\u00bb:\u00bbmap_item\u00bb,\u00bbprops\u00bb:{\u00abcontent\u00bb:\u00bbC. del Monte Oliveti, 19, Puente de Vallecas, 28038 Madrid\u00bb,\u00bblink\u00bb:\u00bbhttps:\/\/maps.app.goo.gl\/R4JGLzZ7fKCN3StN9&#8243;,\u00bblink_aria_label\u00bb:\u00bbLl\u00e9vame al restaurante\u00bb,\u00bblink_text\u00bb:\u00bbLl\u00e9vame\u00bb,\u00bblocation\u00bb:\u00bb40.398066743683906,-3.667102263769512&#8243;,\u00bbmarker_icon\u00bb:\u00bbwp-content\/uploads\/2025\/05\/restaurante.png\u00bb,\u00bbmarker_icon_height\u00bb:30,\u00bbmarker_icon_width\u00bb:30,\u00bbtitle\u00bb:\u00bbRestaurante Humo Vallecas\u00bb}},{\u00abtype\u00bb:\u00bbmap_item\u00bb,\u00bbprops\u00bb:{\u00abcontent\u00bb:\u00bbC. del P\u00e1rroco Don Emilio Franco, 4, Puente de Vallecas, 28053 Madrid\u00bb,\u00bblink\u00bb:\u00bbhttps:\/\/maps.app.goo.gl\/FopHow7m2qG74DkZA\u00bb,\u00bblink_aria_label\u00bb:\u00bbLl\u00e9vame al restaurante\u00bb,\u00bblink_text\u00bb:\u00bbLl\u00e9vame\u00bb,\u00bblocation\u00bb:\u00bb40.39242030074313,-3.666028940601742&#8243;,\u00bbmarker_icon\u00bb:\u00bbwp-content\/uploads\/2025\/05\/restaurante.png\u00bb,\u00bbmarker_icon_height\u00bb:30,\u00bbmarker_icon_width\u00bb:30,\u00bbtitle\u00bb:\u00bbManos Chiclayanas\u00bb}}],\u00bbmodified\u00bb:\u00bb2021-03-10T09:14:40.671Z\u00bb}]}]}],\u00bbname\u00bb:\u00bbMapLoretoChicote\u00bb},{\u00abtype\u00bb:\u00bbsection\u00bb,\u00bbprops\u00bb:{\u00abhtml_element\u00bb:\u00bbsection\u00bb,\u00bbimage_position\u00bb:\u00bbcenter-center\u00bb,\u00bbpadding_bottom\u00bb:\u00bblarge\u00bb,\u00bbpadding_top\u00bb:\u00bbnone\u00bb,\u00bbstyle\u00bb:\u00bbdefault\u00bb,\u00bbtitle_breakpoint\u00bb:\u00bbxl\u00bb,\u00bbtitle_position\u00bb:\u00bbtop-left\u00bb,\u00bbtitle_rotation\u00bb:\u00bbleft\u00bb,\u00bbvertical_align\u00bb:\u00bb\u00bb,\u00bbwidth\u00bb:\u00bbdefault\u00bb},\u00bbchildren\u00bb:[{\u00abtype\u00bb:\u00bbrow\u00bb,\u00bbchildren\u00bb:[{\u00abtype\u00bb:\u00bbcolumn\u00bb,\u00bbprops\u00bb:{\u00abimage_position\u00bb:\u00bbcenter-center\u00bb,\u00bbposition_sticky_breakpoint\u00bb:\u00bbm\u00bb},\u00bbchildren\u00bb:[{\u00abtype\u00bb:\u00bbheadline\u00bb,\u00bbprops\u00bb:{\u00ab_condition\u00bb:true,\u00bbcontent\u00bb:\u00bbEmpresa\u00bb,\u00bbimage_align\u00bb:\u00bbleft\u00bb,\u00bbimage_margin\u00bb:\u00bbxsmall\u00bb,\u00bbmargin_bottom\u00bb:\u00bbremove\u00bb,\u00bbmargin_top\u00bb:\u00bblarge\u00bb,\u00bbtitle_element\u00bb:\u00bbh3&#8243;,\u00bbvisibility\u00bb:\u00bbhidden-m\u00bb}},{\u00abtype\u00bb:\u00bbpanel\u00bb,\u00bbprops\u00bb:{\u00ab_condition\u00bb:true,\u00bbcontent\u00bb:\u00bbGlobal Homes empresa de alquiler de viviendas en Madrid.\u00bb,\u00bbcontent_column_breakpoint\u00bb:\u00bbm\u00bb,\u00bbcontent_margin\u00bb:\u00bbremove\u00bb,\u00bbimage\u00bb:\u00bbwp-content\/uploads\/2025\/01\/cropped-GHP_Logo_Homes_Favicon.png\u00bb,\u00bbimage_align\u00bb:\u00bbleft\u00bb,\u00bbimage_border\u00bb:\u00bbcircle\u00bb,\u00bbimage_grid_breakpoint\u00bb:\u00bb\u00bb,\u00bbimage_grid_column_gap\u00bb:\u00bbsmall\u00bb,\u00bbimage_grid_width\u00bb:\u00bbauto\u00bb,\u00bbimage_height\u00bb:\u00bb90&#8243;,\u00bbimage_svg_color\u00bb:\u00bbemphasis\u00bb,\u00bbimage_vertical_align\u00bb:true,\u00bbimage_width\u00bb:\u00bb90&#8243;,\u00bblink_style\u00bb:\u00bbdefault\u00bb,\u00bblink_text\u00bb:\u00bbRead more\u00bb,\u00bbmargin_bottom\u00bb:\u00bbdefault\u00bb,\u00bbmargin_top\u00bb:\u00bbdefault\u00bb,\u00bbmeta_align\u00bb:\u00bbbelow-title\u00bb,\u00bbmeta_element\u00bb:\u00bbdiv\u00bb,\u00bbmeta_style\u00bb:\u00bbtext-meta\u00bb,\u00bbtitle\u00bb:\u00bbGlobal Homes\u00bb,\u00bbtitle_align\u00bb:\u00bbtop\u00bb,\u00bbtitle_element\u00bb:\u00bbh4&#8243;,\u00bbtitle_grid_breakpoint\u00bb:\u00bbm\u00bb,\u00bbtitle_grid_width\u00bb:\u00bb1-2&#8243;,\u00bbtitle_hover_style\u00bb:\u00bbreset\u00bb,\u00bbtitle_style\u00bb:\u00bbh5&#8243;,\u00bbvisibility\u00bb:\u00bbhidden-m\u00bb}}]}]}],\u00bbname\u00bb:\u00bbHost\u00bb}],\u00bbversion\u00bb:\u00bb5.0.17&#8243;} &#8211;><\/p>\n","protected":false},"excerpt":{"rendered":"<p>Vivienda en Puente de Vallecas Pico Cebollera Valoraci\u00f3n Booking 8.6 \u2b50 Calle del Pico Cebollera , Puente de Vallecas, 28053 Madrid, Espa\u00f1a Vista General Servicios Reservas Normas Preguntas frecuentes Valoraci\u00f3n Reserva el apartamento [social] Sin ascensor 1\u00ba Piso 64 m\u00b2 2 Habitaciones Aire acondicionado 4 Personas Terraza Comentarios de clientes Comentarios 8,8 Genial Ubicaci\u00f3n 7 [&hellip;]<\/p>\n","protected":false},"author":1,"featured_media":5852,"parent":0,"menu_order":0,"comment_status":"closed","ping_status":"closed","template":"","meta":{"_acf_changed":false,"footnotes":""},"class_list":["post-5793","page","type-page","status-publish","has-post-thumbnail","hentry"],"acf":[],"yoast_head":"<!-- This site is optimized with the Yoast SEO plugin v27.4 - https:\/\/yoast.com\/product\/yoast-seo-wordpress\/ -->\n<title>Pico Cebollera \u2013 Puente de Vallecas - Viviendas en Alquiler Madrid | Global Homes<\/title>\n<meta name=\"description\" content=\"Piso en alquiler de 65 m\u00b2 en Puente de Vallecas con terraza de 20 m\u00b2, WiFi 1 GB y aire acondicionado. \u00a1Ubicaci\u00f3n ideal y total comodidad!\" \/>\n<meta name=\"robots\" content=\"index, follow, max-snippet:-1, max-image-preview:large, max-video-preview:-1\" \/>\n<link rel=\"canonical\" href=\"https:\/\/globalhp.es\/en\/pico-cebollera\/\" \/>\n<meta property=\"og:locale\" content=\"en_GB\" \/>\n<meta property=\"og:type\" content=\"article\" \/>\n<meta property=\"og:title\" content=\"Pico Cebollera \u2013 Puente de Vallecas - Viviendas en Alquiler Madrid | Global Homes\" \/>\n<meta property=\"og:description\" content=\"Piso en alquiler de 65 m\u00b2 en Puente de Vallecas con terraza de 20 m\u00b2, WiFi 1 GB y aire acondicionado. \u00a1Ubicaci\u00f3n ideal y total comodidad!\" \/>\n<meta property=\"og:url\" content=\"https:\/\/globalhp.es\/en\/pico-cebollera\/\" \/>\n<meta property=\"og:site_name\" content=\"Viviendas en Alquiler Madrid | Global Homes\" \/>\n<meta property=\"article:modified_time\" content=\"2026-03-09T15:18:21+00:00\" \/>\n<meta property=\"og:image\" content=\"https:\/\/globalhp.es\/wp-content\/uploads\/2025\/07\/Alquier-vivienda-Punte-de-vallecas-1.webp\" \/>\n\t<meta property=\"og:image:width\" content=\"600\" \/>\n\t<meta property=\"og:image:height\" content=\"400\" \/>\n\t<meta property=\"og:image:type\" content=\"image\/webp\" \/>\n<meta name=\"twitter:card\" content=\"summary_large_image\" \/>\n<meta name=\"twitter:label1\" content=\"Estimated reading time\" \/>\n\t<meta name=\"twitter:data1\" content=\"22 minutes\" \/>\n<script type=\"application\/ld+json\" class=\"yoast-schema-graph\">{\"@context\":\"https:\\\/\\\/schema.org\",\"@graph\":[{\"@type\":\"WebPage\",\"@id\":\"https:\\\/\\\/globalhp.es\\\/pico-cebollera\\\/\",\"url\":\"https:\\\/\\\/globalhp.es\\\/pico-cebollera\\\/\",\"name\":\"Pico Cebollera \u2013 Puente de Vallecas - Viviendas en Alquiler Madrid | Global Homes\",\"isPartOf\":{\"@id\":\"https:\\\/\\\/globalhp.es\\\/#website\"},\"primaryImageOfPage\":{\"@id\":\"https:\\\/\\\/globalhp.es\\\/pico-cebollera\\\/#primaryimage\"},\"image\":{\"@id\":\"https:\\\/\\\/globalhp.es\\\/pico-cebollera\\\/#primaryimage\"},\"thumbnailUrl\":\"https:\\\/\\\/globalhp.es\\\/wp-content\\\/uploads\\\/2025\\\/07\\\/Alquier-vivienda-Punte-de-vallecas-1.webp\",\"datePublished\":\"2025-07-17T10:57:59+00:00\",\"dateModified\":\"2026-03-09T15:18:21+00:00\",\"description\":\"Piso en alquiler de 65 m\u00b2 en Puente de Vallecas con terraza de 20 m\u00b2, WiFi 1 GB y aire acondicionado. \u00a1Ubicaci\u00f3n ideal y total comodidad!\",\"breadcrumb\":{\"@id\":\"https:\\\/\\\/globalhp.es\\\/pico-cebollera\\\/#breadcrumb\"},\"inLanguage\":\"en-GB\",\"potentialAction\":[{\"@type\":\"ReadAction\",\"target\":[\"https:\\\/\\\/globalhp.es\\\/pico-cebollera\\\/\"]}]},{\"@type\":\"ImageObject\",\"inLanguage\":\"en-GB\",\"@id\":\"https:\\\/\\\/globalhp.es\\\/pico-cebollera\\\/#primaryimage\",\"url\":\"https:\\\/\\\/globalhp.es\\\/wp-content\\\/uploads\\\/2025\\\/07\\\/Alquier-vivienda-Punte-de-vallecas-1.webp\",\"contentUrl\":\"https:\\\/\\\/globalhp.es\\\/wp-content\\\/uploads\\\/2025\\\/07\\\/Alquier-vivienda-Punte-de-vallecas-1.webp\",\"width\":600,\"height\":400},{\"@type\":\"BreadcrumbList\",\"@id\":\"https:\\\/\\\/globalhp.es\\\/pico-cebollera\\\/#breadcrumb\",\"itemListElement\":[{\"@type\":\"ListItem\",\"position\":1,\"name\":\"Home\",\"item\":\"https:\\\/\\\/globalhp.es\\\/\"},{\"@type\":\"ListItem\",\"position\":2,\"name\":\"Pico Cebollera \u2013 Puente de Vallecas\"}]},{\"@type\":\"WebSite\",\"@id\":\"https:\\\/\\\/globalhp.es\\\/#website\",\"url\":\"https:\\\/\\\/globalhp.es\\\/\",\"name\":\"Viviendas en Alquiler Madrid | Global Homes\",\"description\":\"Alquiler de viviendas por d\u00edas y semanas en Madrid\",\"publisher\":{\"@id\":\"https:\\\/\\\/globalhp.es\\\/#organization\"},\"potentialAction\":[{\"@type\":\"SearchAction\",\"target\":{\"@type\":\"EntryPoint\",\"urlTemplate\":\"https:\\\/\\\/globalhp.es\\\/?s={search_term_string}\"},\"query-input\":{\"@type\":\"PropertyValueSpecification\",\"valueRequired\":true,\"valueName\":\"search_term_string\"}}],\"inLanguage\":\"en-GB\"},{\"@type\":\"Organization\",\"@id\":\"https:\\\/\\\/globalhp.es\\\/#organization\",\"name\":\"Viviendas en Alquiler Madrid | Global Homes\",\"url\":\"https:\\\/\\\/globalhp.es\\\/\",\"logo\":{\"@type\":\"ImageObject\",\"inLanguage\":\"en-GB\",\"@id\":\"https:\\\/\\\/globalhp.es\\\/#\\\/schema\\\/logo\\\/image\\\/\",\"url\":\"https:\\\/\\\/globalhp.es\\\/wp-content\\\/uploads\\\/2025\\\/01\\\/GHP_Logo_Homes_325px.png\",\"contentUrl\":\"https:\\\/\\\/globalhp.es\\\/wp-content\\\/uploads\\\/2025\\\/01\\\/GHP_Logo_Homes_325px.png\",\"width\":325,\"height\":104,\"caption\":\"Viviendas en Alquiler Madrid | Global Homes\"},\"image\":{\"@id\":\"https:\\\/\\\/globalhp.es\\\/#\\\/schema\\\/logo\\\/image\\\/\"}}]}<\/script>\n<!-- \/ Yoast SEO plugin. -->","yoast_head_json":{"title":"Pico Cebollera \u2013 Puente de Vallecas - Viviendas en Alquiler Madrid | Global Homes","description":"Piso en alquiler de 65 m\u00b2 en Puente de Vallecas con terraza de 20 m\u00b2, WiFi 1 GB y aire acondicionado. \u00a1Ubicaci\u00f3n ideal y total comodidad!","robots":{"index":"index","follow":"follow","max-snippet":"max-snippet:-1","max-image-preview":"max-image-preview:large","max-video-preview":"max-video-preview:-1"},"canonical":"https:\/\/globalhp.es\/en\/pico-cebollera\/","og_locale":"en_GB","og_type":"article","og_title":"Pico Cebollera \u2013 Puente de Vallecas - Viviendas en Alquiler Madrid | Global Homes","og_description":"Piso en alquiler de 65 m\u00b2 en Puente de Vallecas con terraza de 20 m\u00b2, WiFi 1 GB y aire acondicionado. \u00a1Ubicaci\u00f3n ideal y total comodidad!","og_url":"https:\/\/globalhp.es\/en\/pico-cebollera\/","og_site_name":"Viviendas en Alquiler Madrid | Global Homes","article_modified_time":"2026-03-09T15:18:21+00:00","og_image":[{"width":600,"height":400,"url":"https:\/\/globalhp.es\/wp-content\/uploads\/2025\/07\/Alquier-vivienda-Punte-de-vallecas-1.webp","type":"image\/webp"}],"twitter_card":"summary_large_image","twitter_misc":{"Estimated reading time":"22 minutes"},"schema":{"@context":"https:\/\/schema.org","@graph":[{"@type":"WebPage","@id":"https:\/\/globalhp.es\/pico-cebollera\/","url":"https:\/\/globalhp.es\/pico-cebollera\/","name":"Pico Cebollera \u2013 Puente de Vallecas - Viviendas en Alquiler Madrid | Global Homes","isPartOf":{"@id":"https:\/\/globalhp.es\/#website"},"primaryImageOfPage":{"@id":"https:\/\/globalhp.es\/pico-cebollera\/#primaryimage"},"image":{"@id":"https:\/\/globalhp.es\/pico-cebollera\/#primaryimage"},"thumbnailUrl":"https:\/\/globalhp.es\/wp-content\/uploads\/2025\/07\/Alquier-vivienda-Punte-de-vallecas-1.webp","datePublished":"2025-07-17T10:57:59+00:00","dateModified":"2026-03-09T15:18:21+00:00","description":"Piso en alquiler de 65 m\u00b2 en Puente de Vallecas con terraza de 20 m\u00b2, WiFi 1 GB y aire acondicionado. \u00a1Ubicaci\u00f3n ideal y total comodidad!","breadcrumb":{"@id":"https:\/\/globalhp.es\/pico-cebollera\/#breadcrumb"},"inLanguage":"en-GB","potentialAction":[{"@type":"ReadAction","target":["https:\/\/globalhp.es\/pico-cebollera\/"]}]},{"@type":"ImageObject","inLanguage":"en-GB","@id":"https:\/\/globalhp.es\/pico-cebollera\/#primaryimage","url":"https:\/\/globalhp.es\/wp-content\/uploads\/2025\/07\/Alquier-vivienda-Punte-de-vallecas-1.webp","contentUrl":"https:\/\/globalhp.es\/wp-content\/uploads\/2025\/07\/Alquier-vivienda-Punte-de-vallecas-1.webp","width":600,"height":400},{"@type":"BreadcrumbList","@id":"https:\/\/globalhp.es\/pico-cebollera\/#breadcrumb","itemListElement":[{"@type":"ListItem","position":1,"name":"Home","item":"https:\/\/globalhp.es\/"},{"@type":"ListItem","position":2,"name":"Pico Cebollera \u2013 Puente de Vallecas"}]},{"@type":"WebSite","@id":"https:\/\/globalhp.es\/#website","url":"https:\/\/globalhp.es\/","name":"Viviendas en Alquiler Madrid | Global Homes","description":"Alquiler de viviendas por d\u00edas y semanas en Madrid","publisher":{"@id":"https:\/\/globalhp.es\/#organization"},"potentialAction":[{"@type":"SearchAction","target":{"@type":"EntryPoint","urlTemplate":"https:\/\/globalhp.es\/?s={search_term_string}"},"query-input":{"@type":"PropertyValueSpecification","valueRequired":true,"valueName":"search_term_string"}}],"inLanguage":"en-GB"},{"@type":"Organization","@id":"https:\/\/globalhp.es\/#organization","name":"Viviendas en Alquiler Madrid | Global Homes","url":"https:\/\/globalhp.es\/","logo":{"@type":"ImageObject","inLanguage":"en-GB","@id":"https:\/\/globalhp.es\/#\/schema\/logo\/image\/","url":"https:\/\/globalhp.es\/wp-content\/uploads\/2025\/01\/GHP_Logo_Homes_325px.png","contentUrl":"https:\/\/globalhp.es\/wp-content\/uploads\/2025\/01\/GHP_Logo_Homes_325px.png","width":325,"height":104,"caption":"Viviendas en Alquiler Madrid | Global Homes"},"image":{"@id":"https:\/\/globalhp.es\/#\/schema\/logo\/image\/"}}]}},"_links":{"self":[{"href":"https:\/\/globalhp.es\/en\/wp-json\/wp\/v2\/pages\/5793","targetHints":{"allow":["GET"]}}],"collection":[{"href":"https:\/\/globalhp.es\/en\/wp-json\/wp\/v2\/pages"}],"about":[{"href":"https:\/\/globalhp.es\/en\/wp-json\/wp\/v2\/types\/page"}],"author":[{"embeddable":true,"href":"https:\/\/globalhp.es\/en\/wp-json\/wp\/v2\/users\/1"}],"replies":[{"embeddable":true,"href":"https:\/\/globalhp.es\/en\/wp-json\/wp\/v2\/comments?post=5793"}],"version-history":[{"count":67,"href":"https:\/\/globalhp.es\/en\/wp-json\/wp\/v2\/pages\/5793\/revisions"}],"predecessor-version":[{"id":8079,"href":"https:\/\/globalhp.es\/en\/wp-json\/wp\/v2\/pages\/5793\/revisions\/8079"}],"wp:featuredmedia":[{"embeddable":true,"href":"https:\/\/globalhp.es\/en\/wp-json\/wp\/v2\/media\/5852"}],"wp:attachment":[{"href":"https:\/\/globalhp.es\/en\/wp-json\/wp\/v2\/media?parent=5793"}],"curies":[{"name":"wp","href":"https:\/\/api.w.org\/{rel}","templated":true}]}}