{"id":5867,"date":"2025-07-17T14:59:51","date_gmt":"2025-07-17T14:59:51","guid":{"rendered":"https:\/\/globalhp.es\/?page_id=5867"},"modified":"2025-12-12T13:40:37","modified_gmt":"2025-12-12T13:40:37","slug":"vivienda-alquiler-zona-retiro","status":"publish","type":"page","link":"https:\/\/globalhp.es\/en\/vivienda-alquiler-zona-retiro\/","title":{"rendered":"Narciso Serra \u2013 Retiro"},"content":{"rendered":"<h1>Vivienda en Retiro <br \/> Narciso Serra<\/h1>\n<ul>\n<li>\n<div><span class=\"uk-text-primary\"><strong>Valoraci\u00f3n 9.7 \u2b50<\/strong><\/span><\/div>\n<\/li>\n<li>\n<div>Calle Narciso Serra , Zona Retiro, 28007 Madrid &#8211; <strong><span class=\"uk-text-success\">Excelente ubicaci\u00f3n<\/span><\/strong> cerca de Atocha<\/div>\n<\/li>\n<\/ul>\n<ul>\n<li>\n        <a href=\"#fotos Ciudad Lineal\">Vista General<\/a>\n    <\/li>\n<li>\n        <a href=\"#Servicios\">Servicios<\/a>\n    <\/li>\n<li>\n        <a href=\"#Reservas\">Reservas<\/a>\n    <\/li>\n<li>\n        <a href=\"#normas\">Normas<\/a>\n    <\/li>\n<li>\n        <a href=\"#Preguntas\">Preguntas frecuentes<\/a>\n    <\/li>\n<li>\n        <a href=\"#Valoraci\u00f3n\">Valoraci\u00f3n<\/a>\n    <\/li>\n<\/ul>\n<p><p>\n        <a href=\"#Reservas\">Reserva el apartamento<\/a>\n    <\/p>\n<\/p>\n<p><a href=\"https:\/\/api.whatsapp.com\/send?text=%C2%A1Echa%20un%20vistazo%20a%20esta%20vivienda!%20https%3A%2F%2Fglobalhp.es%2Fvivienda-alquiler-zona-retiro%2F%23Reservas\">[social]<\/a><\/p>\n<ul>\n<li>\n<p>        <img decoding=\"async\" src=\"\/wp-content\/uploads\/2025\/07\/Vivienda-en-alquier-Retiro-7.webp\" alt=\"Entrada vivienda en alquiler de zona Retiro\"><\/p>\n<\/li>\n<li>\n<p>        <img decoding=\"async\" src=\"\/wp-content\/uploads\/2025\/07\/Vivienda-en-alquier-Retiro-1.webp\" alt=\"Vivienda en Retiro\"><\/p>\n<\/li>\n<li>\n<p>        <img decoding=\"async\" src=\"\/wp-content\/uploads\/2025\/12\/Salon-vivienda-en-alquiler-Zona-Retiro.webp\" alt=\"Sal\u00f3n vivienda en alquiler Zona Retiro\"><\/p>\n<\/li>\n<li>\n<p>        <img decoding=\"async\" src=\"\/wp-content\/uploads\/2025\/12\/salon-de-vivienda-en-Retiro.webp\" alt=\"sal\u00f3n de vivienda en Retiro\"><\/p>\n<\/li>\n<li>\n<p>        <img decoding=\"async\" src=\"\/wp-content\/uploads\/2025\/12\/Habitacion-vivienda-en-alquiler-zona-Retiro-Madrid.webp\" alt=\"Habitaci\u00f3n vivienda en alquiler zona Retiro Madrid\"><\/p>\n<\/li>\n<li>\n<p>        <img decoding=\"async\" src=\"\/wp-content\/uploads\/2025\/12\/Habitacion-2-vivienda-en-alquiler-zona-Retiro-Madrid.webp.webp\" alt=\"Habitaci\u00f3n 2 vivienda en alquiler zona Retiro Madrid\"><\/p>\n<\/li>\n<li>\n<p>        <img decoding=\"async\" src=\"\/wp-content\/uploads\/2025\/07\/Vivienda-en-alquier-Retiro-4.webp\" alt=\"Vivienda en Retiro\"><\/p>\n<\/li>\n<li>\n<p>        <img decoding=\"async\" src=\"\/wp-content\/uploads\/2025\/12\/habitacion-de-vivienda-en-zona-retiro.webp\" alt=\"habitaci\u00f3n de vivienda en zona retiro\"><\/p>\n<\/li>\n<li>\n<p>        <img decoding=\"async\" src=\"\/wp-content\/uploads\/2025\/07\/Vivienda-en-alquier-Retiro-5.webp\" alt=\"Vivienda en Retiro\"><\/p>\n<\/li>\n<li>\n<p>        <img decoding=\"async\" src=\"\/wp-content\/uploads\/2025\/12\/habitacion-4-vivienda-en-alquiler-barrio-Retiro.webp\" alt=\"habitaci\u00f3n 4 vivienda en alquiler barrio Retiro\"><\/p>\n<\/li>\n<li>\n<p>        <img decoding=\"async\" src=\"\/wp-content\/uploads\/2025\/12\/cama-habitacion-vivienda-en-alquiler-zona-Retiro.webp\" alt=\"cama habitaci\u00f3n vivienda en alquiler zona Retiro\"><\/p>\n<\/li>\n<li>\n<p>        <img decoding=\"async\" src=\"\/wp-content\/uploads\/2025\/07\/Vivienda-en-alquier-Retiro-8.webp\" alt=\"Cocina de vivienda en Retiro\"><\/p>\n<\/li>\n<li>\n<p>        <img decoding=\"async\" src=\"\/wp-content\/uploads\/2025\/12\/cocina-vivienda-en-alquiler-zona-retiro.webp\" alt=\"cocina vivienda en alquiler zona retiro\"><\/p>\n<\/li>\n<li>\n<p>        <img decoding=\"async\" src=\"\/wp-content\/uploads\/2025\/12\/cocina-2-vivienda-en-alquiler-zona-retiro.webp.webp\" alt=\"cocina 2 vivienda en alquiler zona retiro\"><\/p>\n<\/li>\n<li>\n<p>        <img decoding=\"async\" src=\"\/wp-content\/uploads\/2025\/07\/Vivienda-en-alquier-Retiro-9.webp\" alt=\"Ba\u00f1o de vivienda en Retiro\"><\/p>\n<\/li>\n<li>\n<p>        <img decoding=\"async\" src=\"\/wp-content\/uploads\/2025\/12\/bano-2-vivienda-en-barrio-retiro.webp\" alt=\"ba\u00f1o vivienda en alquiler en barrio retiro\"><\/p>\n<\/li>\n<li>\n<p>        <img decoding=\"async\" src=\"\/wp-content\/uploads\/2025\/12\/bano-vivienda-en-barrio-Retiro.webp\" alt=\"ba\u00f1o vivienda en barrio Retiro\"><\/p>\n<\/li>\n<li>\n<p>        <img decoding=\"async\" src=\"\/wp-content\/uploads\/2025\/07\/Vivienda-en-alquier-Retiro-10.webp\" alt=\"Ba\u00f1o de vivienda en Retiro\"><\/p>\n<\/li>\n<\/ul>\n<ul>\n<li>\n<p>        <img decoding=\"async\" src=\"\/wp-content\/uploads\/cta-icon.svg\" alt=\"170 m\u00b2\"><\/p>\n<p>170 m\u00b2<\/p>\n<\/li>\n<li>\n<p>        <img decoding=\"async\" src=\"\/wp-content\/uploads\/yootheme\/icon-air-conditioning.svg\" alt=\"Aire acondicionado\"><\/p>\n<p>Aire acondicionado<\/p>\n<\/li>\n<li>\n<p>        <img decoding=\"async\" src=\"\/wp-content\/uploads\/yootheme\/icon-floorplan.svg\" alt=\"3 Habitaciones\"><\/p>\n<p>3 Habitaciones<\/p>\n<\/li>\n<li>\n<p>        <img decoding=\"async\" src=\"\/wp-content\/uploads\/icon-guests.svg\" alt=\"5 Personas\"><\/p>\n<p>6 Personas<\/p>\n<\/li>\n<li>\n<p>        <img decoding=\"async\" src=\"\/wp-content\/uploads\/2025\/09\/ascensor.webp\" alt=\"Ascensor\"><\/p>\n<p>Ascensor &#8211; 3\u00ba Piso<\/p>\n<\/li>\n<li>\n<p>        <img decoding=\"async\" src=\"\/wp-content\/uploads\/yootheme\/icon-free-parking.svg\" alt=\"Parking\"><\/p>\n<p>Parking<\/p>\n<\/li>\n<\/ul>\n<h2>Comentarios de clientes<\/h2>\n<div>\n<style>\n    \/* * CSS Corregido para integrarse en rejillas de YOOtheme\n     *\/\n    .review-widget-container-booking {\n        font-family: -apple-system, BlinkMacSystemFont, \"Segoe UI\", Roboto, \"Helvetica Neue\", Arial, sans-serif;\n        background-color: white;\n        color: #1c1e21;\n        padding: 20px;\n        \/* CORRECCI\u00d3N: Se ajusta el ancho al 100% del contenedor padre (la columna de YOOtheme) *\/\n        width: 87%;\n        \/* CORRECCI\u00d3N: Se elimina el margen autom\u00e1tico que romp\u00eda el layout de columnas *\/\n        \/* margin: 0 auto; *\/ \n        \/* max-width se mantiene para evitar que sea excesivamente ancho en pantallas muy grandes *\/\n        max-width: 500px; \n    }<\/p>\n<p>    .review-widget-container-booking h2 {\n        display: none;\n    }<\/p>\n<p>    .review-widget-container-booking .overall-rating {\n        display: flex;\n        align-items: center;\n        margin-bottom: 24px;\n        gap: 12px;\n    }<\/p>\n<p>    .review-widget-container-booking .score-box {\n        background-color: #008009;\n        color: white;\n        font-weight: bold;\n        font-size: 16px;\n        padding: 6px 10px;\n        border-radius: 5px;\n    }<\/p>\n<p>    .review-widget-container-booking .rating-text {\n        font-weight: 500;\n        font-size: 16px;\n        color: #333;\n    }<\/p>\n<p>    .review-widget-container-booking .ratings-list {\n        display: flex;\n        flex-direction: column;\n        gap: 14px;\n    }<\/p>\n<p>    .review-widget-container-booking .rating-item {\n        display: flex;\n        justify-content: space-between;\n        align-items: center;\n        gap: 15px;\n    }<\/p>\n<p>    .review-widget-container-booking .category-name {\n        font-size: 14px;\n        white-space: nowrap;\n    }<\/p>\n<p>    .review-widget-container-booking .arrow {\n        color: #008009;\n        font-weight: bold;\n    }<\/p>\n<p>    .review-widget-container-booking .bar-and-score {\n        display: flex;\n        align-items: center;\n        flex-grow: 1;\n        min-width: 0;\n    }<\/p>\n<p>    .review-widget-container-booking .progress-bar-container {\n        flex-grow: 1;\n        height: 6px;\n        background-color: #e9ecef;\n        border-radius: 3px;\n        margin-right: 12px;\n        overflow: hidden;\n    }<\/p>\n<p>    .review-widget-container-booking .progress-bar {\n        height: 100%;\n        border-radius: 3px;\n    }<\/p>\n<p>    .review-widget-container-booking .progress-bar-blue {\n        background-color: #003580; \/* Azul *\/\n    }\n    .review-widget-container-booking .progress-bar-green {\n        background-color: #008009; \/* Verde *\/\n    }<\/p>\n<p>    .review-widget-container-booking .score-number {\n        font-size: 14px;\n        font-weight: 500;\n    }<\/p>\n<p>    \/* Los estilos responsivos se mantienen y funcionar\u00e1n correctamente *\/\n    @media (max-width: 420px) {\n        .review-widget-container-booking .rating-item {\n            flex-wrap: wrap;\n        }\n        .review-widget-container-booking .category-name {\n            flex-basis: 100%;\n            margin-bottom: 8px;\n            white-space: normal;\n        }\n        .review-widget-container-booking .bar-and-score {\n            width: 100%;\n        }\n    }\n<\/style>\n<div class=\"review-widget-container-booking\">\n<h2>Comentarios<\/h2>\n<div class=\"overall-rating\">\n        <span class=\"score-box\">9,7<\/span><br \/>\n        <span class=\"rating-text\">Fant\u00e1stico<\/span>\n    <\/div>\n<div class=\"ratings-list\">\n<div class=\"rating-item\">\n            <span class=\"category-name\">Ubicaci\u00f3n<\/span><\/p>\n<div class=\"bar-and-score\">\n<div class=\"progress-bar-container\">\n<div class=\"progress-bar progress-bar-green\" style=\"width: 100%;\"><\/div>\n<\/p><\/div>\n<p>                <span class=\"score-number\">10<\/span>\n            <\/div>\n<\/p><\/div>\n<div class=\"rating-item\">\n            <span class=\"category-name\">Limpieza<\/span><\/p>\n<div class=\"bar-and-score\">\n<div class=\"progress-bar-container\">\n<div class=\"progress-bar progress-bar-green\" style=\"width: 97%;\"><\/div>\n<\/p><\/div>\n<p>                <span class=\"score-number\">9,7<\/span>\n            <\/div>\n<\/p><\/div>\n<div class=\"rating-item\">\n            <span class=\"category-name\">Relaci\u00f3n calidad-precio<\/span><\/p>\n<div class=\"bar-and-score\">\n<div class=\"progress-bar-container\">\n<div class=\"progress-bar progress-bar-green\" style=\"width: 91%;\"><\/div>\n<\/p><\/div>\n<p>                <span class=\"score-number\">9,1<\/span>\n            <\/div>\n<\/p><\/div>\n<div class=\"rating-item\">\n            <span class=\"category-name\">Instalaciones y servicios<\/span><\/p>\n<div class=\"bar-and-score\">\n<div class=\"progress-bar-container\">\n<div class=\"progress-bar progress-bar-green\" style=\"width: 98%;\"><\/div>\n<\/p><\/div>\n<p>                <span class=\"score-number\">9,8<\/span>\n            <\/div>\n<\/p><\/div>\n<div class=\"rating-item\">\n            <span class=\"category-name\">Confort<\/span><\/p>\n<div class=\"bar-and-score\">\n<div class=\"progress-bar-container\">\n<div class=\"progress-bar progress-bar-green\" style=\"width: 96%;\"><\/div>\n<\/p><\/div>\n<p>                <span class=\"score-number\">9,6<\/span>\n            <\/div>\n<\/p><\/div>\n<div class=\"rating-item\">\n            <span class=\"category-name\">Personal<\/span><\/p>\n<div class=\"bar-and-score\">\n<div class=\"progress-bar-container\">\n<div class=\"progress-bar progress-bar-green\" style=\"width: 95%;\"><\/div>\n<\/p><\/div>\n<p>                <span class=\"score-number\">9,5<\/span>\n            <\/div>\n<\/p><\/div>\n<div class=\"rating-item\">\n            <span class=\"category-name\">WiFi gratis <\/span><\/p>\n<div class=\"bar-and-score\">\n<div class=\"progress-bar-container\">\n<div class=\"progress-bar progress-bar-green\" style=\"width: 100%;\"><\/div>\n<\/p><\/div>\n<p>                <span class=\"score-number\">10<\/span>\n            <\/div>\n<\/p><\/div>\n<\/p><\/div>\n<\/div>\n<\/div>\n<h2>Rese\u00f1as de clientes<\/h2>\n<ul>\n<li>\n<p>        <img decoding=\"async\" src=\"\/wp-content\/uploads\/2025\/07\/usuario.png\" alt=\"rese\u00f1a de vivienda en Puente de Vallecas\"><\/p>\n<h3>Santos<\/h3>\n<p>Genial<\/p>\n<div>\n<p>Todo muy limpio , tal y como est\u00e1 en las fotos.<br \/>\nEl anfitri\u00f3n muy amable, incluso nos dej\u00f3 entrar un poco antes al apartamento de la hora prevista.<\/p>\n<\/div>\n<\/li>\n<li>\n<p>        <img decoding=\"async\" src=\"\/wp-content\/uploads\/2025\/07\/usuario.png\" alt=\"rese\u00f1a de vivienda en Puente de Vallecas\"><\/p>\n<h3>Alba<\/h3>\n<p>Fant\u00e1stico<\/p>\n<div>\n<p>La comunicaci\u00f3n por WhatsApp y la atenci\u00f3n de la propetaria genial. Todo muy limpio.<\/p>\n<\/div>\n<\/li>\n<li>\n<p>        <img decoding=\"async\" src=\"\/wp-content\/uploads\/2025\/07\/usuario.png\" alt=\"rese\u00f1a de vivienda en Puente de Vallecas\"><\/p>\n<h3>Laura<\/h3>\n<p>Genial<\/p>\n<div>\n<p>El apartamento es hermoso! C\u00f3modo, y muy completo. Gena es muy servicial. Nos dej\u00f3 t\u00e9s, jugos, agua y leche de bienvenida.<\/p>\n<\/div>\n<\/li>\n<li>\n<p>        <img decoding=\"async\" src=\"\/wp-content\/uploads\/2025\/07\/usuario.png\" alt=\"rese\u00f1a de vivienda en Puente de Vallecas\"><\/p>\n<h3>Josep<\/h3>\n<p>Muy bien<\/p>\n<div>\n<p>Como ubicaci\u00f3n est\u00e1 al lado de una de las circunvalaciones de Madrid, por lo que est\u00e1 todo relativamente cerca.<\/p>\n<\/div>\n<\/li>\n<li>\n<p>        <img decoding=\"async\" src=\"\/wp-content\/uploads\/2025\/07\/usuario.png\" alt=\"rese\u00f1a de vivienda en Puente de Vallecas\"><\/p>\n<h3>Maxi<\/h3>\n<p>Fant\u00e1stico<\/p>\n<div>\n<p>Estupendo. Apartamento muy c\u00f3modo. Super limpio.<br \/>\nLas camas comodisimas. La persona encargada, Gema, muy atenta.<\/p>\n<\/div>\n<\/li>\n<li>\n<p>        <img decoding=\"async\" src=\"\/wp-content\/uploads\/2025\/07\/usuario.png\" alt=\"rese\u00f1a de vivienda en Puente de Vallecas\"><\/p>\n<h3>\u00c1ngela<\/h3>\n<p>Muy bonito<\/p>\n<div>\n<p>Apartamento acogedor y bien cuidado, equipado con todo lo necesario y muy bonito. Personal amable y atentos.<\/p>\n<\/div>\n<\/li>\n<li>\n<p>        <img decoding=\"async\" src=\"\/wp-content\/uploads\/2025\/07\/usuario.png\" alt=\"rese\u00f1a de vivienda en Puente de Vallecas\"><\/p>\n<h3>Sara<\/h3>\n<p>Fant\u00e1stico<\/p>\n<div>\n<p>Lo mejor es que el el piso est\u00e1 nuevo, tiene una terraza peque\u00f1a y la verdad tiene de todo. Televisiones gigantes y mont\u00f3n de herramientas de cocina.<\/p>\n<\/div>\n<\/li>\n<\/ul>\n<div>\n<link href=\"https:\/\/fonts.googleapis.com\/css2?family=Roboto:wght@400;700&#038;display=swap\" rel=\"stylesheet\">\n<div style=\"border: 1px solid #ddd; border-radius: 1px; padding: 16px; display: flex; align-items: flex-start; max-width: 600px; font-family: 'Roboto', sans-serif;\">\n<div style=\"margin-right: 12px;\">\n    <!-- Icono de estrella --><br \/>\n    <svg xmlns=\"http:\/\/www.w3.org\/2000\/svg\" width=\"24\" height=\"24\" fill=\"#0071c2\" viewBox=\"0 0 24 24\">\n      <path d=\"M12 .587l3.668 7.568 8.332 1.151-6.064 5.964 1.43 8.291L12 18.896l-7.366 4.665 1.43-8.291L0 9.306l8.332-1.151z\"\/>\n    <\/svg>\n  <\/div>\n<div>\n<p style=\"margin: 0; font-weight: 700;\">Narciso Serra rara vez aparece disponible.<\/p>\n<p style=\"margin: 4px 0 0 0; font-weight: 400;\">No lo dejes escapar y haz tu reserva antes de que se agote.<\/p>\n<\/p><\/div>\n<\/div>\n<\/div>\n<div>\n<h2>Vive en el centro de Madrid<\/h2>\n<p>Vive en este exclusivo piso de 170 m\u00b2, dise\u00f1ado para ofrecer comodidad y amplitud a solo unos minutos del Parque del Retiro. Con capacidad para 6 personas, cuenta con 3 habitaciones, 2 ba\u00f1os y una cocina completa, equipada con electrodom\u00e9sticos modernos. La climatizaci\u00f3n en todas las estancias, junto con la calefacci\u00f3n central y el aislamiento t\u00e9rmico, garantizan el m\u00e1ximo confort durante todo el a\u00f1o.<\/p>\n<p>Adem\u00e1s, su ubicaci\u00f3n es perfecta para disfrutar de Madrid, con el metro Men\u00e9ndez Pelayo y la estaci\u00f3n de Atocha-Renfe muy cerca. WiFi de alta velocidad, plaza de aparcamiento y televisores de \u00faltima generaci\u00f3n completan una experiencia de alojamiento \u00fanica.<\/p>\n<p>\u00a1Reserva ahora y haz de este piso tu hogar temporal en el coraz\u00f3n de Madrid!<\/p>\n<\/div>\n<p><iframe src=\"https:\/\/youtu.be\/rw-ehtcQDrY\"><\/iframe><\/p>\n<div><div class=\"wpbs-main-wrapper wpbs-main-wrapper-calendar-2 wpbs-main-wrapper-form-0\"><a class=\"wpbs-visually-hidden wpbs-skip-to-content-link\" title=\"Skip Booking Form\" href=\"#wpbs-booking-form-end\">Skip Booking Form<\/a><div class=\"wpbs-container wpbs-enable-hover wpbs-calendar-2 \" data-id=\"2\" data-show_title=\"1\" data-months_to_show=\"1\" data-start_weekday=\"1\" data-show_legend=\"1\" data-legend_position=\"side\" data-show_button_navigation=\"1\" data-show_selector_navigation=\"1\" data-show_week_numbers=\"0\" data-current_year=\"2026\" data-current_month=\"5\" data-jump_months=\"0\" data-highlight_today=\"0\" data-history=\"1\" data-show_tooltip=\"1\" data-show_prices=\"0\" data-language=\"en\" data-min_width=\"200\" data-max_width=\"380\" data-start_date=\"0\" data-end_date=\"0\" data-changeover_start=\"7\" data-changeover_end=\"8\" data-currency=\"USD\" data-form_position=\"bottom\" data-current_date=\"1777680000000\" data-show_first_available_date=\"0\" ><h2>Narciso Serra<\/h2><div class=\"wpbs-calendars-wrapper wpbs-legend-position-side\"><div class=\"wpbs-legend\"><div class=\"wpbs-legend-item\"><div class=\"wpbs-legend-item-icon wpbs-legend-item-icon-5\" data-type=\"single\"><div class=\"wpbs-legend-item-icon-color\" ><\/div><div class=\"wpbs-legend-item-icon-color\" ><\/div><\/div><span class=wpbs-legend-item-name>Available<\/span><\/div><div class=\"wpbs-legend-item\"><div class=\"wpbs-legend-item-icon wpbs-legend-item-icon-6\" data-type=\"single\"><div class=\"wpbs-legend-item-icon-color\" ><\/div><div class=\"wpbs-legend-item-icon-color\" ><\/div><\/div><span class=wpbs-legend-item-name>Booked<\/span><\/div><\/div><div class=\"wpbs-calendars\"><div class=\"wpbs-calendar wpbs-calendar-month-5 wpbs-calendar-year-2026 \"><div class=\"wpbs-calendar-header wpbs-heading\"><div class=\"wpbs-calendar-header-navigation\"><button class=\"wpbs-prev\" aria-label=\"Navigate to previous month\"><span class=\"wpbs-arrow\"><\/span><\/button><div class=\"wpbs-select-container\"><select name=\"wpbs-month-selector-dropdown\" aria-label=\"Calendar month navigation\"><option value=\"1771113600\" >February 2026<\/option><option value=\"1773532800\" >March 2026<\/option><option value=\"1776211200\" >April 2026<\/option><option value=\"1778803200\"  selected='selected'>May 2026<\/option><option value=\"1781481600\" >June 2026<\/option><option value=\"1784073600\" >July 2026<\/option><option value=\"1786752000\" >August 2026<\/option><option value=\"1789430400\" >September 2026<\/option><option value=\"1792022400\" >October 2026<\/option><option value=\"1794700800\" >November 2026<\/option><option value=\"1797292800\" >December 2026<\/option><option value=\"1799971200\" >January 2027<\/option><option value=\"1802649600\" >February 2027<\/option><option value=\"1805068800\" >March 2027<\/option><option value=\"1807747200\" >April 2027<\/option><option value=\"1810339200\" >May 2027<\/option><\/select><\/div><button class=\"wpbs-next\" aria-label=\"Navigate to next month\"><span class=\"wpbs-arrow\"><\/span><\/button><\/div><\/div><div class=\"wpbs-calendar-wrapper\"><table><thead><tr><th>M<\/th><th>T<\/th><th>W<\/th><th>T<\/th><th>F<\/th><th>S<\/th><th>S<\/th><\/tr><\/thead><tbody><tr><td><div class=\"wpbs-date   wpbs-gap  \"  data-price=\"0\" ><div class=\"wpbs-date-inner\"><\/div><\/div><\/td><td><div class=\"wpbs-date   wpbs-gap  \"  data-price=\"0\" ><div class=\"wpbs-date-inner\"><\/div><\/div><\/td><td><div class=\"wpbs-date   wpbs-gap  \"  data-price=\"0\" ><div class=\"wpbs-date-inner\"><\/div><\/div><\/td><td><div class=\"wpbs-date   wpbs-gap  \"  data-price=\"0\" ><div class=\"wpbs-date-inner\"><\/div><\/div><\/td><td><div class=\"wpbs-date wpbs-legend-item-6    \" data-year=\"2026\" data-month=\"5\" data-day=\"1\" data-price=\"0\" ><div class=\"wpbs-legend-item-icon wpbs-legend-item-icon-6\" data-type=\"single\"><div class=\"wpbs-legend-item-icon-color\" ><\/div><div class=\"wpbs-legend-item-icon-color\" ><\/div><\/div><div class=\"wpbs-date-inner\"><span class=\"wpbs-date-number\">1<\/span><\/div><\/div><\/td><td><div class=\"wpbs-date wpbs-legend-item-6    \" data-year=\"2026\" data-month=\"5\" data-day=\"2\" data-price=\"0\" ><div class=\"wpbs-legend-item-icon wpbs-legend-item-icon-6\" data-type=\"single\"><div class=\"wpbs-legend-item-icon-color\" ><\/div><div class=\"wpbs-legend-item-icon-color\" ><\/div><\/div><div class=\"wpbs-date-inner\"><span class=\"wpbs-date-number\">2<\/span><\/div><\/div><\/td><td><div class=\"wpbs-date wpbs-legend-item-6    \" data-year=\"2026\" data-month=\"5\" data-day=\"3\" data-price=\"0\" ><div class=\"wpbs-legend-item-icon wpbs-legend-item-icon-6\" data-type=\"single\"><div class=\"wpbs-legend-item-icon-color\" ><\/div><div class=\"wpbs-legend-item-icon-color\" ><\/div><\/div><div class=\"wpbs-date-inner\"><span class=\"wpbs-date-number\">3<\/span><\/div><\/div><\/td><\/tr><tr><td><div class=\"wpbs-date wpbs-legend-item-6    \" data-year=\"2026\" data-month=\"5\" data-day=\"4\" data-price=\"0\" ><div class=\"wpbs-legend-item-icon wpbs-legend-item-icon-6\" data-type=\"single\"><div class=\"wpbs-legend-item-icon-color\" ><\/div><div class=\"wpbs-legend-item-icon-color\" ><\/div><\/div><div class=\"wpbs-date-inner\"><span class=\"wpbs-date-number\">4<\/span><\/div><\/div><\/td><td><div class=\"wpbs-date wpbs-legend-item-6    \" data-year=\"2026\" data-month=\"5\" data-day=\"5\" data-price=\"0\" ><div class=\"wpbs-legend-item-icon wpbs-legend-item-icon-6\" data-type=\"single\"><div class=\"wpbs-legend-item-icon-color\" ><\/div><div class=\"wpbs-legend-item-icon-color\" ><\/div><\/div><div class=\"wpbs-date-inner\"><span class=\"wpbs-date-number\">5<\/span><\/div><\/div><\/td><td><div class=\"wpbs-date wpbs-legend-item-6    \" data-year=\"2026\" data-month=\"5\" data-day=\"6\" data-price=\"0\" ><div class=\"wpbs-legend-item-icon wpbs-legend-item-icon-6\" data-type=\"single\"><div class=\"wpbs-legend-item-icon-color\" ><\/div><div class=\"wpbs-legend-item-icon-color\" ><\/div><\/div><div class=\"wpbs-date-inner\"><span class=\"wpbs-date-number\">6<\/span><\/div><\/div><\/td><td><div class=\"wpbs-date wpbs-legend-item-6    \" data-year=\"2026\" data-month=\"5\" data-day=\"7\" data-price=\"0\" ><div class=\"wpbs-legend-item-icon wpbs-legend-item-icon-6\" data-type=\"single\"><div class=\"wpbs-legend-item-icon-color\" ><\/div><div class=\"wpbs-legend-item-icon-color\" ><\/div><\/div><div class=\"wpbs-date-inner\"><span class=\"wpbs-date-number\">7<\/span><\/div><\/div><\/td><td><div class=\"wpbs-date wpbs-legend-item-6    \" data-year=\"2026\" data-month=\"5\" data-day=\"8\" data-price=\"0\" ><div class=\"wpbs-legend-item-icon wpbs-legend-item-icon-6\" data-type=\"single\"><div class=\"wpbs-legend-item-icon-color\" ><\/div><div class=\"wpbs-legend-item-icon-color\" ><\/div><\/div><div class=\"wpbs-date-inner\"><span class=\"wpbs-date-number\">8<\/span><\/div><\/div><\/td><td><div class=\"wpbs-date wpbs-legend-item-6    \" data-year=\"2026\" data-month=\"5\" data-day=\"9\" data-price=\"0\" ><div class=\"wpbs-legend-item-icon wpbs-legend-item-icon-6\" data-type=\"single\"><div class=\"wpbs-legend-item-icon-color\" ><\/div><div class=\"wpbs-legend-item-icon-color\" ><\/div><\/div><div class=\"wpbs-date-inner\"><span class=\"wpbs-date-number\">9<\/span><\/div><\/div><\/td><td><div class=\"wpbs-date wpbs-legend-item-6    \" data-year=\"2026\" data-month=\"5\" data-day=\"10\" data-price=\"0\" ><div class=\"wpbs-legend-item-icon wpbs-legend-item-icon-6\" data-type=\"single\"><div class=\"wpbs-legend-item-icon-color\" ><\/div><div class=\"wpbs-legend-item-icon-color\" ><\/div><\/div><div class=\"wpbs-date-inner\"><span class=\"wpbs-date-number\">10<\/span><\/div><\/div><\/td><\/tr><tr><td><div class=\"wpbs-date wpbs-legend-item-6    \" data-year=\"2026\" data-month=\"5\" data-day=\"11\" data-price=\"0\" ><div class=\"wpbs-legend-item-icon wpbs-legend-item-icon-6\" data-type=\"single\"><div class=\"wpbs-legend-item-icon-color\" ><\/div><div class=\"wpbs-legend-item-icon-color\" ><\/div><\/div><div class=\"wpbs-date-inner\"><span class=\"wpbs-date-number\">11<\/span><\/div><\/div><\/td><td><div class=\"wpbs-date wpbs-legend-item-6    \" data-year=\"2026\" data-month=\"5\" data-day=\"12\" data-price=\"0\" ><div class=\"wpbs-legend-item-icon wpbs-legend-item-icon-6\" data-type=\"single\"><div class=\"wpbs-legend-item-icon-color\" ><\/div><div class=\"wpbs-legend-item-icon-color\" ><\/div><\/div><div class=\"wpbs-date-inner\"><span class=\"wpbs-date-number\">12<\/span><\/div><\/div><\/td><td><div class=\"wpbs-date wpbs-legend-item-6    \" data-year=\"2026\" data-month=\"5\" data-day=\"13\" data-price=\"0\" ><div class=\"wpbs-legend-item-icon wpbs-legend-item-icon-6\" data-type=\"single\"><div class=\"wpbs-legend-item-icon-color\" ><\/div><div class=\"wpbs-legend-item-icon-color\" ><\/div><\/div><div class=\"wpbs-date-inner\"><span class=\"wpbs-date-number\">13<\/span><\/div><\/div><\/td><td><div class=\"wpbs-date wpbs-legend-item-6    \" data-year=\"2026\" data-month=\"5\" data-day=\"14\" data-price=\"0\" ><div class=\"wpbs-legend-item-icon wpbs-legend-item-icon-6\" data-type=\"single\"><div class=\"wpbs-legend-item-icon-color\" ><\/div><div class=\"wpbs-legend-item-icon-color\" ><\/div><\/div><div class=\"wpbs-date-inner\"><span class=\"wpbs-date-number\">14<\/span><\/div><\/div><\/td><td><div class=\"wpbs-date wpbs-legend-item-6    \" data-year=\"2026\" data-month=\"5\" data-day=\"15\" data-price=\"0\" ><div class=\"wpbs-legend-item-icon wpbs-legend-item-icon-6\" data-type=\"single\"><div class=\"wpbs-legend-item-icon-color\" ><\/div><div class=\"wpbs-legend-item-icon-color\" ><\/div><\/div><div class=\"wpbs-date-inner\"><span class=\"wpbs-date-number\">15<\/span><\/div><\/div><\/td><td><div class=\"wpbs-date wpbs-legend-item-6    \" data-year=\"2026\" data-month=\"5\" data-day=\"16\" data-price=\"0\" ><div class=\"wpbs-legend-item-icon wpbs-legend-item-icon-6\" data-type=\"single\"><div class=\"wpbs-legend-item-icon-color\" ><\/div><div class=\"wpbs-legend-item-icon-color\" ><\/div><\/div><div class=\"wpbs-date-inner\"><span class=\"wpbs-date-number\">16<\/span><\/div><\/div><\/td><td><div class=\"wpbs-date wpbs-legend-item-6    \" data-year=\"2026\" data-month=\"5\" data-day=\"17\" data-price=\"0\" ><div class=\"wpbs-legend-item-icon wpbs-legend-item-icon-6\" data-type=\"single\"><div class=\"wpbs-legend-item-icon-color\" ><\/div><div class=\"wpbs-legend-item-icon-color\" ><\/div><\/div><div class=\"wpbs-date-inner\"><span class=\"wpbs-date-number\">17<\/span><\/div><\/div><\/td><\/tr><tr><td><div class=\"wpbs-date wpbs-legend-item-6    \" data-year=\"2026\" data-month=\"5\" data-day=\"18\" data-price=\"0\" ><div class=\"wpbs-legend-item-icon wpbs-legend-item-icon-6\" data-type=\"single\"><div class=\"wpbs-legend-item-icon-color\" ><\/div><div class=\"wpbs-legend-item-icon-color\" ><\/div><\/div><div class=\"wpbs-date-inner\"><span class=\"wpbs-date-number\">18<\/span><\/div><\/div><\/td><td><div class=\"wpbs-date wpbs-legend-item-6    \" data-year=\"2026\" data-month=\"5\" data-day=\"19\" data-price=\"0\" ><div class=\"wpbs-legend-item-icon wpbs-legend-item-icon-6\" data-type=\"single\"><div class=\"wpbs-legend-item-icon-color\" ><\/div><div class=\"wpbs-legend-item-icon-color\" ><\/div><\/div><div class=\"wpbs-date-inner\"><span class=\"wpbs-date-number\">19<\/span><\/div><\/div><\/td><td><div class=\"wpbs-date wpbs-legend-item-6    \" data-year=\"2026\" data-month=\"5\" data-day=\"20\" data-price=\"0\" ><div class=\"wpbs-legend-item-icon wpbs-legend-item-icon-6\" data-type=\"single\"><div class=\"wpbs-legend-item-icon-color\" ><\/div><div class=\"wpbs-legend-item-icon-color\" ><\/div><\/div><div class=\"wpbs-date-inner\"><span class=\"wpbs-date-number\">20<\/span><\/div><\/div><\/td><td><div class=\"wpbs-date wpbs-legend-item-6    \" data-year=\"2026\" data-month=\"5\" data-day=\"21\" data-price=\"0\" ><div class=\"wpbs-legend-item-icon wpbs-legend-item-icon-6\" data-type=\"single\"><div class=\"wpbs-legend-item-icon-color\" ><\/div><div class=\"wpbs-legend-item-icon-color\" ><\/div><\/div><div class=\"wpbs-date-inner\"><span class=\"wpbs-date-number\">21<\/span><\/div><\/div><\/td><td><div class=\"wpbs-date wpbs-legend-item-6    \" data-year=\"2026\" data-month=\"5\" data-day=\"22\" data-price=\"0\" ><div class=\"wpbs-legend-item-icon wpbs-legend-item-icon-6\" data-type=\"single\"><div class=\"wpbs-legend-item-icon-color\" ><\/div><div class=\"wpbs-legend-item-icon-color\" ><\/div><\/div><div class=\"wpbs-date-inner\"><span class=\"wpbs-date-number\">22<\/span><\/div><\/div><\/td><td><div class=\"wpbs-date wpbs-legend-item-6    \" data-year=\"2026\" data-month=\"5\" data-day=\"23\" data-price=\"0\" ><div class=\"wpbs-legend-item-icon wpbs-legend-item-icon-6\" data-type=\"single\"><div class=\"wpbs-legend-item-icon-color\" ><\/div><div class=\"wpbs-legend-item-icon-color\" ><\/div><\/div><div class=\"wpbs-date-inner\"><span class=\"wpbs-date-number\">23<\/span><\/div><\/div><\/td><td><div class=\"wpbs-date wpbs-legend-item-6    \" data-year=\"2026\" data-month=\"5\" data-day=\"24\" data-price=\"0\" ><div class=\"wpbs-legend-item-icon wpbs-legend-item-icon-6\" data-type=\"single\"><div class=\"wpbs-legend-item-icon-color\" ><\/div><div class=\"wpbs-legend-item-icon-color\" ><\/div><\/div><div class=\"wpbs-date-inner\"><span class=\"wpbs-date-number\">24<\/span><\/div><\/div><\/td><\/tr><tr><td><div class=\"wpbs-date wpbs-legend-item-6    \" data-year=\"2026\" data-month=\"5\" data-day=\"25\" data-price=\"0\" ><div class=\"wpbs-legend-item-icon wpbs-legend-item-icon-6\" data-type=\"single\"><div class=\"wpbs-legend-item-icon-color\" ><\/div><div class=\"wpbs-legend-item-icon-color\" ><\/div><\/div><div class=\"wpbs-date-inner\"><span class=\"wpbs-date-number\">25<\/span><\/div><\/div><\/td><td><div class=\"wpbs-date wpbs-legend-item-6    \" data-year=\"2026\" data-month=\"5\" data-day=\"26\" data-price=\"0\" ><div class=\"wpbs-legend-item-icon wpbs-legend-item-icon-6\" data-type=\"single\"><div class=\"wpbs-legend-item-icon-color\" ><\/div><div class=\"wpbs-legend-item-icon-color\" ><\/div><\/div><div class=\"wpbs-date-inner\"><span class=\"wpbs-date-number\">26<\/span><\/div><\/div><\/td><td><div class=\"wpbs-date wpbs-legend-item-6    \" data-year=\"2026\" data-month=\"5\" data-day=\"27\" data-price=\"0\" ><div class=\"wpbs-legend-item-icon wpbs-legend-item-icon-6\" data-type=\"single\"><div class=\"wpbs-legend-item-icon-color\" ><\/div><div class=\"wpbs-legend-item-icon-color\" ><\/div><\/div><div class=\"wpbs-date-inner\"><span class=\"wpbs-date-number\">27<\/span><\/div><\/div><\/td><td><div class=\"wpbs-date wpbs-legend-item-6    \" data-year=\"2026\" data-month=\"5\" data-day=\"28\" data-price=\"0\" ><div class=\"wpbs-legend-item-icon wpbs-legend-item-icon-6\" data-type=\"single\"><div class=\"wpbs-legend-item-icon-color\" ><\/div><div class=\"wpbs-legend-item-icon-color\" ><\/div><\/div><div class=\"wpbs-date-inner\"><span class=\"wpbs-date-number\">28<\/span><\/div><\/div><\/td><td><div class=\"wpbs-date wpbs-legend-item-6    \" data-year=\"2026\" data-month=\"5\" data-day=\"29\" data-price=\"0\" ><div class=\"wpbs-legend-item-icon wpbs-legend-item-icon-6\" data-type=\"single\"><div class=\"wpbs-legend-item-icon-color\" ><\/div><div class=\"wpbs-legend-item-icon-color\" ><\/div><\/div><div class=\"wpbs-date-inner\"><span class=\"wpbs-date-number\">29<\/span><\/div><\/div><\/td><td><div class=\"wpbs-date wpbs-legend-item-6    \" data-year=\"2026\" data-month=\"5\" data-day=\"30\" data-price=\"0\" ><div class=\"wpbs-legend-item-icon wpbs-legend-item-icon-6\" data-type=\"single\"><div class=\"wpbs-legend-item-icon-color\" ><\/div><div class=\"wpbs-legend-item-icon-color\" ><\/div><\/div><div class=\"wpbs-date-inner\"><span class=\"wpbs-date-number\">30<\/span><\/div><\/div><\/td><td><div class=\"wpbs-date wpbs-legend-item-6    \" data-year=\"2026\" data-month=\"5\" data-day=\"31\" data-price=\"0\" ><div class=\"wpbs-legend-item-icon wpbs-legend-item-icon-6\" data-type=\"single\"><div class=\"wpbs-legend-item-icon-color\" ><\/div><div class=\"wpbs-legend-item-icon-color\" ><\/div><\/div><div class=\"wpbs-date-inner\"><span class=\"wpbs-date-number\">31<\/span><\/div><\/div><\/td><\/tr><\/tbody><\/table><\/div><\/div><\/div><\/div><style>.wpbs-container.wpbs-calendar-2 .wpbs-legend-item-icon-5 div:first-of-type { background-color: #ddffcc !important; }.wpbs-container.wpbs-calendar-2 .wpbs-legend-item-icon-5 div:nth-of-type(2) { background-color: transparent !important; }.wpbs-container.wpbs-calendar-2 .wpbs-legend-item-icon-5 div:first-of-type svg { fill: #ddffcc !important; }.wpbs-container.wpbs-calendar-2 .wpbs-legend-item-icon-5 div:nth-of-type(2) svg { fill: transparent !important; }.wpbs-ical-changeover .wpbs-legend-item-icon:after {background-color: #ddffcc;}.wpbs-container.wpbs-calendar-2 .wpbs-legend-item-icon-6 div:first-of-type { background-color: #ffc0bd !important; }.wpbs-container.wpbs-calendar-2 .wpbs-legend-item-icon-6 div:nth-of-type(2) { background-color: transparent !important; }.wpbs-container.wpbs-calendar-2 .wpbs-legend-item-icon-6 div:first-of-type svg { fill: #ffc0bd !important; }.wpbs-container.wpbs-calendar-2 .wpbs-legend-item-icon-6 div:nth-of-type(2) svg { fill: transparent !important; }.wpbs-container.wpbs-calendar-2 .wpbs-legend-item-icon-7 div:first-of-type { background-color: #ddffcc !important; }.wpbs-container.wpbs-calendar-2 .wpbs-legend-item-icon-7 div:nth-of-type(2) { background-color: #ffc0bd !important; }.wpbs-container.wpbs-calendar-2 .wpbs-legend-item-icon-7 div:first-of-type svg { fill: #ddffcc !important; }.wpbs-container.wpbs-calendar-2 .wpbs-legend-item-icon-7 div:nth-of-type(2) svg { fill: #ffc0bd !important; }.wpbs-container.wpbs-calendar-2 .wpbs-legend-item-icon-8 div:first-of-type { background-color: #ffc0bd !important; }.wpbs-container.wpbs-calendar-2 .wpbs-legend-item-icon-8 div:nth-of-type(2) { background-color: #ddffcc !important; }.wpbs-container.wpbs-calendar-2 .wpbs-legend-item-icon-8 div:first-of-type svg { fill: #ffc0bd !important; }.wpbs-container.wpbs-calendar-2 .wpbs-legend-item-icon-8 div:nth-of-type(2) svg { fill: #ddffcc !important; }.wpbs-container.wpbs-calendar-2 .wpbs-legend-item-icon-today div:first-of-type { background-color: rgba( 33,150,243, .9 ) !important; }.wpbs-container.wpbs-calendar-2 .wpbs-legend-item-icon-0 div:first-of-type { background-color: #e1e1e1 !important; }.wpbs-main-wrapper:not(.wpbs-main-wrapper-form-0) .wpbs-enable-hover .wpbs-is-bookable:hover:not(.wpbs-selected-first):not(.wpbs-selected-last) .wpbs-legend-item-icon div:first-of-type, .wpbs-main-wrapper:not(.wpbs-main-wrapper-form-0) .wpbs-date-hover:not(.wpbs-selected-first):not(.wpbs-selected-last) .wpbs-legend-item-icon div:first-of-type, .wpbs-main-wrapper:not(.wpbs-main-wrapper-form-0) .wpbs-date-hover.wpbs-selected-first.wpbs-selected-last .wpbs-legend-item-icon div:first-of-type { background-color: #7bb9e4 !important; }.wpbs-main-wrapper:not(.wpbs-main-wrapper-form-0) .wpbs-enable-hover .wpbs-is-bookable:hover:not(.wpbs-selected-first):not(.wpbs-selected-last) .wpbs-legend-item-icon[data-type=\"split\"] div svg, .wpbs-main-wrapper:not(.wpbs-main-wrapper-form-0) .wpbs-date-hover:not(.wpbs-selected-first):not(.wpbs-selected-last) .wpbs-legend-item-icon[data-type=\"split\"] div svg, .wpbs-main-wrapper:not(.wpbs-main-wrapper-form-0) .wpbs-legend-item-icon .wpbs-legend-icon-select svg { fill: #7bb9e4 !important; }.wpbs-main-wrapper:not(.wpbs-main-wrapper-form-0) .wpbs-date-selected:not(.wpbs-selected-first):not(.wpbs-selected-last) .wpbs-legend-item-icon div:first-of-type, .wpbs-main-wrapper:not(.wpbs-main-wrapper-form-0) .wpbs-date-selected.wpbs-selected-first.wpbs-selected-last .wpbs-legend-item-icon div:first-of-type, .wpbs-main-wrapper:not(.wpbs-main-wrapper-form-0) .wpbs-enable-hover .wpbs-date-selected:hover:not(.wpbs-selected-first):not(.wpbs-selected-last) .wpbs-legend-item-icon div:first-of-type { background-color: #5aa7dd !important; }.wpbs-main-wrapper:not(.wpbs-main-wrapper-form-0) .wpbs-date-selected:not(.wpbs-selected-first):not(.wpbs-selected-last) .wpbs-legend-item-icon[data-type=\"split\"] div svg, .wpbs-main-wrapper:not(.wpbs-main-wrapper-form-0) .wpbs-enable-hover .wpbs-date-selected:hover:not(.wpbs-selected-first):not(.wpbs-selected-last) .wpbs-legend-item-icon[data-type=\"split\"] div svg, .wpbs-main-wrapper:not(.wpbs-main-wrapper-form-0) .wpbs-date-selected .wpbs-legend-item-icon .wpbs-legend-icon-select svg { fill: #5aa7dd !important; }.wpbs-date-today:not(.wpbs-date-hover):not(.wpbs-date-selected) .wpbs-legend-item-icon {border: 4px solid #7bb9e4 !important;}<\/style><div class=\"wpbs-container-loaded\" data-just-loaded=\"1\"><\/div><\/div><span class=\"wpbs-visually-hidden\" id=\"wpbs-booking-form-end\"><\/span><\/div><\/div>\n<h3>Detalles de Narciso Serra &#8211; Retiro<\/h3>\n<ul>\n<li>\n<p>        <img decoding=\"async\" src=\"\/wp-content\/uploads\/yootheme\/icon-wifi.svg\" alt=\"Wifi gratis\"><\/p>\n<p>Wifi gratis 1GB<\/p>\n<\/li>\n<li>\n<p>        <img decoding=\"async\" src=\"\/wp-content\/uploads\/yootheme\/icon-bathtub.svg\" alt=\"Ba\u00f1o privado\"><\/p>\n<p>2 Ba\u00f1os<\/p>\n<\/li>\n<li>\n<p>        <img decoding=\"async\" src=\"\/wp-content\/uploads\/yootheme\/icon-kitchen.svg\" alt=\"Cocina\"><\/p>\n<p>Cocina<\/p>\n<\/li>\n<li>\n<p>        <img decoding=\"async\" src=\"\/wp-content\/uploads\/icon-washing-machine.svg\" alt=\"Lavadora\"><\/p>\n<p>Lavadora<\/p>\n<\/li>\n<\/ul>\n<h3>Precio y condiciones<\/h3>\n<div>\n<p>    <img decoding=\"async\" src=\"\/wp-content\/uploads\/2025\/05\/precio-de-la-vivienda.webp\" alt=\"Precio mes\"><\/p>\n<div>4,000 \u20ac<\/div>\n<p>Precio mes<\/p>\n<\/div>\n<ul>\n<li>\n<p>\n        <a href=\"\/wp-content\/uploads\/2025\/09\/NARCISO-CONDI.pdf\"><span class=\"uk-margin-small-right\"><img decoding=\"async\" alt src=\"https:\/\/globalhp.es\/wp-content\/uploads\/2025\/05\/condiciones-de-contrato.png\" loading=\"lazy\"><\/span>Condiciones<\/a>\n    <\/p>\n<\/li>\n<li>\n<p>\n        <a href=\"tel:+34630884771\">Contacto<\/a>\n    <\/p>\n<\/li>\n<li>\n<p>\n        <a href=\"mailto:mlosa@globalhp.es\">Mail<\/a>\n    <\/p>\n<\/li>\n<\/ul>\n<hr>\n<div>\n<p><strong>Licencia:<\/strong><br \/>ESFCNT0000280890000790830000000000000000000000<br \/>0000003<\/p>\n<\/div>\n<h2>Reserva tu apartamento en Zona Retiro<\/h2>\n<div>Apartamento en Narciso Serra \/ Retiro &#8211; Madrid<\/div>\n<table>\n<tbody>\n<tr>\n<td>\n        <img decoding=\"async\" src=\"\/wp-content\/uploads\/2025\/07\/narciso-serra-vivienda-en-alquiler.webp\" alt=\"Precio vivienda en alquiler Narciso Serra\">\n    <\/td>\n<td>Narciso Serra<\/td>\n<td>\ud83e\uddcdx6<\/td>\n<td>\n<div class=\"info-container uk-flex uk-flex-between uk-flex-middle\">\n<div class=\"info-text\">\n<div class=\"uk-flex uk-flex-middle uk-margin-small\"><img decoding=\"async\" src=\"https:\/\/globalhp.es\/wp-content\/uploads\/yootheme\/icon-floorplan.svg\" width=\"20\" height=\"20\" alt=\"170m\u00b2\" loading=\"lazy\" style=\"margin-right: 8px;\" \/> <span style=\"font-family: 'Roboto', sans-serif;\">170 m\u00b2<\/span><\/div>\n<div class=\"uk-flex uk-flex-middle uk-margin-small\"><img decoding=\"async\" src=\"https:\/\/globalhp.es\/wp-content\/uploads\/icon-wifi.svg\" width=\"20\" height=\"20\" alt=\"Wifi\" loading=\"lazy\" style=\"margin-right: 8px;\" \/> <span style=\"font-family: 'Roboto', sans-serif;\">Wifi\/fibra 1GB<\/span><\/div>\n<div class=\"uk-flex uk-flex-middle uk-margin-small\"><img decoding=\"async\" src=\"https:\/\/globalhp.es\/wp-content\/uploads\/icon-air-conditioning.svg\" width=\"20\" height=\"20\" alt=\"Aire Acondicionado\" loading=\"lazy\" style=\"margin-right: 8px;\" \/> <span style=\"font-family: 'Roboto', sans-serif;\">Aire Acondicionado<\/span><\/div>\n<div class=\"uk-flex uk-flex-middle uk-margin-small\"><img decoding=\"async\" src=\"https:\/\/globalhp.es\/wp-content\/uploads\/yootheme\/icon-bathtub.svg\" width=\"20\" height=\"20\" alt=\"Ba\u00f1o\" loading=\"lazy\" style=\"margin-right: 8px;\" \/> <span style=\"font-family: 'Roboto', sans-serif;\">2 Ba\u00f1os<\/span><\/div>\n<div class=\"uk-flex uk-flex-middle uk-margin-small\"><img decoding=\"async\" src=\"https:\/\/globalhp.es\/wp-content\/uploads\/icon-kitchen.svg\" width=\"20\" height=\"20\" alt=\"Cocina\" loading=\"lazy\" style=\"margin-right: 8px;\" \/> <span style=\"font-family: 'Roboto', sans-serif;\">Cocina completa<\/span><\/div>\n<div class=\"uk-flex uk-flex-middle uk-margin-small\"><img decoding=\"async\" src=\"https:\/\/globalhp.es\/wp-content\/uploads\/yootheme\/icon-sofa-bed.svg\" width=\"20\" height=\"20\" alt=\"terraza\" loading=\"lazy\" style=\"margin-right: 8px;\" \/> <span style=\"font-family: 'Roboto', sans-serif;\">1 sof\u00e1 cama 180&#215;190 <\/span><\/div>\n<div class=\"uk-flex uk-flex-middle uk-margin-small\"><img decoding=\"async\" src=\"https:\/\/globalhp.es\/wp-content\/uploads\/icon-double-bed.svg\" width=\"20\" height=\"20\" alt=\"terraza\" loading=\"lazy\" style=\"margin-right: 8px;\" \/> <span style=\"font-family: 'Roboto', sans-serif;\">2 cama 135&#215;190 <\/span><\/div>\n<div class=\"uk-flex uk-flex-middle uk-margin-small\"><img decoding=\"async\" src=\"https:\/\/globalhp.es\/wp-content\/uploads\/icon-double-bed.svg\" width=\"20\" height=\"20\" alt=\"bed\" loading=\"lazy\" style=\"margin-right: 8px;\" \/> <span style=\"font-family: 'Roboto', sans-serif;\">1 cama 180&#215;190<\/span><\/div>\n<\/div>\n<div class=\"boton-gallery\"><a class=\"el-content uk-button uk-button-text\" href=\"#modal-lyc-1\" uk-toggle=\"\"> Ver vivienda <\/a><\/div>\n<\/div>\n<div id=\"modal-lyc-1\" class=\"uk-flex-top\" uk-modal=\"\">\n<div class=\"uk-modal-dialog uk-modal-container\" style=\"background-color: #d0d3d7;\"><button class=\"uk-modal-close-outside\" type=\"button\" uk-close=\"\"><\/button><\/p>\n<div class=\"uk-position-relative uk-visible-toggle uk-light\" uk-slider=\"center: true\" tabindex=\"-1\">\n<ul class=\"uk-slider-items uk-grid uk-grid-match\" uk-height-viewport=\"offset-top: true; offset-bottom: 30\">\n<li class=\"uk-width-4-5\">\n<div class=\"uk-cover-container\"><img decoding=\"async\" src=\"https:\/\/globalhp.es\/wp-content\/uploads\/2025\/02\/HABITACION-vivienda-en-alquiler-zona-Retiro.webp\" alt=\"Foto 1 de alquiler Zona Retiro\" uk-cover=\"\" \/><\/div>\n<\/li>\n<li class=\"uk-width-4-5\">\n<div class=\"uk-cover-container\"><img decoding=\"async\" src=\"https:\/\/globalhp.es\/wp-content\/uploads\/2025\/12\/Habitacion-3-vivienda-en-alquiler-zona-Retiro-Madrid.webp\" alt=\"foto habitaci\u00f3n vivienda en alquiler\" uk-cover=\"\" \/><\/div>\n<\/li>\n<li class=\"uk-width-4-5\">\n<div class=\"uk-cover-container\"><img decoding=\"async\" src=\"https:\/\/globalhp.es\/wp-content\/uploads\/2025\/02\/SALON-VIVIENDA-ALQUILER-ZONA-RETIRO.webp\" alt=\"Foto 2 de alquiler Zona Retiro\" uk-cover=\"\" \/><\/div>\n<\/li>\n<li class=\"uk-width-4-5\">\n<div class=\"uk-cover-container\"><img decoding=\"async\" src=\"https:\/\/globalhp.es\/wp-content\/uploads\/2025\/02\/vivienda-en-alquiler-en-zona-retiro-madrid-3.webp\" alt=\"Foto 3 de alquiler Zona Retiro\" uk-cover\/><\/div>\n<\/li>\n<li class=\"uk-width-4-5\">\n<div class=\"uk-cover-container\"><img decoding=\"async\" src=\"https:\/\/globalhp.es\/wp-content\/uploads\/2025\/07\/COCINA-RETIRO.webp\" alt=\"cocinca 4 de alquiler Zona Retiro\" uk-cover \/><\/div>\n<\/li>\n<li class=\"uk-width-4-5\">\n<div class=\"uk-cover-container\"><img decoding=\"async\" src=\"https:\/\/globalhp.es\/wp-content\/uploads\/2025\/02\/vivienda-en-alquiler-en-zona-retiro-madrid-4.webp\" alt=\"habitaci\u00f3n de alquiler Zona Retiro\" uk-cover \/><\/div>\n<\/li>\n<li class=\"uk-width-4-5\">\n<div class=\"uk-cover-container\"><img decoding=\"async\" src=\"https:\/\/globalhp.es\/wp-content\/uploads\/2025\/02\/vivienda-en-alquiler-en-zona-retiro-madrid-5.webp\" alt=\"ba\u00f1o 2 de alquiler vivienda Zona Retiro\" uk-cover=\"\" \/><\/div>\n<\/li>\n<\/ul>\n<p><a class=\"uk-position-center-left uk-position-small uk-hidden-hover\" href=\"#\" uk-slidenav-previous=\"\" uk-slider-item=\"previous\"><\/a> <a class=\"uk-position-center-right uk-position-small uk-hidden-hover\" href=\"#\" uk-slidenav-next=\"\" uk-slider-item=\"next\"><\/a><\/div>\n<\/div>\n<\/div>\n<\/td>\n<td>\n        <a href=\"tel:+34630884771\">Contacto<\/a>\n    <\/td>\n<\/tr>\n<\/tbody>\n<\/table>\n<h2>Disfruta de lujo y tranquilidad del Retiro<\/h2>\n<div>\n<p>Este exclusivo piso de 170 m\u00b2, ubicado a pocos minutos del Parque del Retiro, ofrece una estancia c\u00f3moda y espaciosa para hasta 6 personas, con 3 habitaciones, 2 ba\u00f1os, cocina equipada, climatizaci\u00f3n independiente, calefacci\u00f3n central y aislamiento t\u00e9rmico. Dispone adem\u00e1s de WiFi de alta velocidad, plaza de aparcamiento, televisores modernos y una excelente conexi\u00f3n con el transporte p\u00fablico gracias a la cercan\u00eda del metro Men\u00e9ndez Pelayo y la estaci\u00f3n de Atocha-Renfe, convirti\u00e9ndolo en una opci\u00f3n ideal para disfrutar de Madrid.<\/p>\n<\/div>\n<div>\n<p><strong>Licencia<\/strong>: ESFCNT0000280890000790830<br \/>0000000000000000000000000003<\/p>\n<\/div>\n<h2>Lugares cerca<\/h2>\n<h3>Transporte p\u00fablico<\/h3>\n<ul>\n<li>\n<p>        <img decoding=\"async\" src=\"\/wp-content\/uploads\/icon-high-chair.svg\" alt=\"\"><\/p>\n<div>Metro Pac\u00edfico 600 m<\/div>\n<\/li>\n<li>\n<p>        <img decoding=\"async\" src=\"\/wp-content\/uploads\/icon-high-chair.svg\" alt=\"\"><\/p>\n<div>Metro Men\u00e9ndez Pelayo 650 m<\/div>\n<\/li>\n<li>\n<p>        <img decoding=\"async\" src=\"\/wp-content\/uploads\/icon-high-chair.svg\" alt=\"\"><\/p>\n<div>Metro de Conde de Casal 800m<\/div>\n<\/li>\n<li>\n<p>        <img decoding=\"async\" src=\"\/wp-content\/uploads\/icon-high-chair.svg\" alt=\"\"><\/p>\n<div>Estaci\u00f3n de Atocha Renfe 900 m<\/div>\n<\/li>\n<\/ul>\n<h3>Tur\u00edsmo<\/h3>\n<ul>\n<li>\n<p>        <img decoding=\"async\" src=\"\/wp-content\/uploads\/2025\/07\/parque.png\" alt=\"Retiro\"><\/p>\n<div>Retiro 800 m<\/div>\n<\/li>\n<li>\n<p>        <img decoding=\"async\" src=\"\/wp-content\/uploads\/2025\/07\/parque.png\" alt=\"Parque\"><\/p>\n<div>Real Jard\u00edn Bot\u00e1nico 1,7 km<\/div>\n<\/li>\n<li>\n<p>        <img decoding=\"async\" src=\"\/wp-content\/uploads\/2025\/07\/museo.png\" alt=\"Museo\"><\/p>\n<div>Museo Nacional del Prado 1,9 km<\/div>\n<\/li>\n<li>\n<p>        <img decoding=\"async\" src=\"\/wp-content\/uploads\/2025\/07\/plaza.png\" alt=\"Plaza\"><\/p>\n<div>Sol, centro Madrid 2,9 km<\/div>\n<\/li>\n<\/ul>\n<h3>Aeropuertos<\/h3>\n<div>\n<p>    <img decoding=\"async\" src=\"\/wp-content\/uploads\/2025\/07\/avion.png\" alt=\"Aeropuerto\"><\/p>\n<div>Aeropuerto Adolfo Su\u00e1rez Madrid a 13 km<\/div>\n<\/div>\n<h3>Comentarios de clientes<\/h3>\n<div>\n<p>    <img decoding=\"async\" src=\"\/wp-content\/uploads\/yootheme\/icon-exclusive-experiences.svg\" alt=\"Media\"><\/p>\n<div>\n<p style=\"font-family: 'Roboto', sans-serif; font-size: 1.5rem;\">\n  <span style=\"color: #008000; font-weight: bold;\">9,7<\/span> Media\n<\/p>\n<\/div>\n<\/div>\n<ul>\n<li>\n<p>        <img decoding=\"async\" src=\"\/wp-content\/uploads\/2025\/07\/usuario.png\" alt=\"rese\u00f1a de vivienda en Puente de Vallecas\"><\/p>\n<h3>Santos<\/h3>\n<p>Genial<\/p>\n<div>\n<p>Todo muy limpio , tal y como est\u00e1 en las fotos.<br \/>\nEl anfitri\u00f3n muy amable, incluso nos dej\u00f3 entrar un poco antes al apartamento de la hora prevista.<\/p>\n<\/div>\n<\/li>\n<li>\n<p>        <img decoding=\"async\" src=\"\/wp-content\/uploads\/2025\/07\/usuario.png\" alt=\"rese\u00f1a de vivienda en Puente de Vallecas\"><\/p>\n<h3>Alba<\/h3>\n<p>Fant\u00e1stico<\/p>\n<div>\n<p>La comunicaci\u00f3n por WhatsApp y la atenci\u00f3n de la propetaria genial. Todo muy limpio.<\/p>\n<\/div>\n<\/li>\n<li>\n<p>        <img decoding=\"async\" src=\"\/wp-content\/uploads\/2025\/07\/usuario.png\" alt=\"rese\u00f1a de vivienda en Puente de Vallecas\"><\/p>\n<h3>Laura<\/h3>\n<p>Genial<\/p>\n<div>\n<p>El apartamento es hermoso! C\u00f3modo, y muy completo. Gena es muy servicial. Nos dej\u00f3 t\u00e9s, jugos, agua y leche de bienvenida.<\/p>\n<\/div>\n<\/li>\n<li>\n<p>        <img decoding=\"async\" src=\"\/wp-content\/uploads\/2025\/07\/usuario.png\" alt=\"rese\u00f1a de vivienda en Puente de Vallecas\"><\/p>\n<h3>Josep<\/h3>\n<p>Muy bien<\/p>\n<div>\n<p>Como ubicaci\u00f3n est\u00e1 al lado de una de las circunvalaciones de Madrid, por lo que est\u00e1 todo relativamente cerca.<\/p>\n<\/div>\n<\/li>\n<li>\n<p>        <img decoding=\"async\" src=\"\/wp-content\/uploads\/2025\/07\/usuario.png\" alt=\"rese\u00f1a de vivienda en Puente de Vallecas\"><\/p>\n<h3>Maxi<\/h3>\n<p>Fant\u00e1stico<\/p>\n<div>\n<p>Estupendo. Apartamento muy c\u00f3modo. Super limpio.<br \/>\nLas camas comodisimas. La persona encargada, Gema, muy atenta.<\/p>\n<\/div>\n<\/li>\n<li>\n<p>        <img decoding=\"async\" src=\"\/wp-content\/uploads\/2025\/07\/usuario.png\" alt=\"rese\u00f1a de vivienda en Puente de Vallecas\"><\/p>\n<h3>\u00c1ngela<\/h3>\n<p>Muy bonito<\/p>\n<div>\n<p>Apartamento acogedor y bien cuidado, equipado con todo lo necesario y muy bonito. Personal amable y atentos.<\/p>\n<\/div>\n<\/li>\n<li>\n<p>        <img decoding=\"async\" src=\"\/wp-content\/uploads\/2025\/07\/usuario.png\" alt=\"rese\u00f1a de vivienda en Puente de Vallecas\"><\/p>\n<h3>Sara<\/h3>\n<p>Fant\u00e1stico<\/p>\n<div>\n<p>Lo mejor es que el el piso est\u00e1 nuevo, tiene una terraza peque\u00f1a y la verdad tiene de todo. Televisiones gigantes y mont\u00f3n de herramientas de cocina.<\/p>\n<\/div>\n<\/li>\n<\/ul>\n<h2>Especificaciones de la vivienda<\/h2>\n<div>\n<p>\u00a1Muy buenos servicios! Puntuaci\u00f3n: <span class=\"uk-text-primary\"><strong>9.7<\/strong> \u2b50<\/span><\/p>\n<\/div>\n<ul>\n<li>\n<p>        <img decoding=\"async\" src=\"\/wp-content\/uploads\/yootheme\/icon-wifi.svg\" alt=\"Wifi gratis\"><\/p>\n<p>Wifi gratis<\/p>\n<\/li>\n<li>\n<p>        <img decoding=\"async\" src=\"\/wp-content\/uploads\/yootheme\/icon-bathtub.svg\" alt=\"Ba\u00f1o privado\"><\/p>\n<p>Ba\u00f1o privado<\/p>\n<\/li>\n<li>\n<p>        <img decoding=\"async\" src=\"\/wp-content\/uploads\/yootheme\/icon-kitchen.svg\" alt=\"Cocina\"><\/p>\n<p>Cocina<\/p>\n<\/li>\n<li>\n<p>        <img decoding=\"async\" src=\"\/wp-content\/uploads\/icon-washing-machine.svg\" alt=\"Lavadora\"><\/p>\n<p>Lavadora<\/p>\n<\/li>\n<\/ul>\n<ul>\n<li>\n<p>        <img decoding=\"async\" src=\"\/wp-content\/uploads\/icon-kitchen.svg\" alt=\"Cocina\"><\/p>\n<div>\n<p>Cocina completa<\/p>\n<\/div>\n<\/li>\n<li>\n<p>        <img decoding=\"async\" src=\"\/wp-content\/uploads\/yootheme\/icon-wifi.svg\" alt=\"WiFi\"><\/p>\n<div>\n<p>WiFi &#038; Fibra 1 GB<\/p>\n<\/div>\n<\/li>\n<li>\n<p>        <img decoding=\"async\" src=\"\/wp-content\/uploads\/2025\/07\/nevera.png\" alt=\"Nevera\"><\/p>\n<div>Nevera<\/div>\n<\/li>\n<li>\n<p>        <img decoding=\"async\" src=\"\/wp-content\/uploads\/icon-dishwasher.svg\" alt=\"Lavavajillas\"><\/p>\n<div>Lavavajillas<\/div>\n<\/li>\n<li>\n<p>        <img decoding=\"async\" src=\"\/wp-content\/uploads\/2025\/07\/microondas-cocina.webp\" alt=\"Microondas\"><\/p>\n<div>Microondas<\/div>\n<\/li>\n<li>\n<p>        <img decoding=\"async\" src=\"\/wp-content\/uploads\/2025\/07\/Hornos.png\" alt=\"Horno\"><\/p>\n<div>Horno<\/div>\n<\/li>\n<li>\n<p>        <img decoding=\"async\" src=\"https:\/\/globalhp.es\/wp-content\/uploads\/icon-air-conditioning.svg\" alt=\"Aire acondicionado\"><\/p>\n<div>Aire acondicionado<\/div>\n<\/li>\n<li>\n<p>        <img decoding=\"async\" src=\"\/wp-content\/uploads\/icon-washing-machine.svg\" alt=\"Lavadora\"><\/p>\n<div>\n<p>Lavadora<\/p>\n<\/div>\n<\/li>\n<li>\n<p>        <img decoding=\"async\" src=\"\/wp-content\/uploads\/2025\/07\/cafetera-nespreso.png\" alt=\"Cafetera Nespresso\"><\/p>\n<div>Cafetera Nespresso<\/div>\n<\/li>\n<li>\n<p>        <img decoding=\"async\" src=\"\/wp-content\/uploads\/yootheme\/icon-sauna.svg\" alt=\"Calefacci\u00f3n\"><\/p>\n<div>Calefacci\u00f3n central<\/div>\n<\/li>\n<li>\n<p>        <img decoding=\"async\" src=\"\/wp-content\/uploads\/yootheme\/icon-tv.svg\" alt=\"TV\"><\/p>\n<div>3 TV 55&#8243;<\/div>\n<\/li>\n<li>\n<p>        <img decoding=\"async\" src=\"\/wp-content\/uploads\/yootheme\/icon-tv.svg\" alt=\"TV\"><\/p>\n<div>1 TV 75&#8243;<\/div>\n<\/li>\n<li>\n<p>        <img decoding=\"async\" src=\"\/wp-content\/uploads\/icon-shower.svg\" alt=\"Ducha\"><\/p>\n<div>Ducha<\/div>\n<\/li>\n<li>\n<p>        <img decoding=\"async\" src=\"\/wp-content\/uploads\/2025\/07\/ventiladores.png\" alt=\"Ventiladores\"><\/p>\n<div>Ventiladores<\/div>\n<\/li>\n<\/ul>\n<h2>Preguntas frecuentes<\/h2>\n<ul>\n<li>\n<h3>\u00bfHay parking?<\/h3>\n<div>\n<p>Narciso Serra dispone de una plaza de aparcamiento.<\/p>\n<\/div>\n<\/li>\n<li>\n<h3>\u00bfSe sirven desayunos?<\/h3>\n<div>No hay opciones de desayuno disponibles.<\/div>\n<\/li>\n<li>\n<h3>\u00bfHay restaurante?<\/h3>\n<div>No hay restaurante.<\/div>\n<\/li>\n<li>\n<h3>\u00bfHay piscina?<\/h3>\n<div>Narciso Serra no dispone de piscina.<\/div>\n<\/li>\n<\/ul>\n<hr>\n<ul>\n<li>\n<h3>\u00bfPuedo llevar a mi mascota?<\/h3>\n<div>\n<p>Narciso Serra no admite mascotas.<\/p>\n<\/div>\n<\/li>\n<li>\n<h3>\u00bfCu\u00e1nto cuesta alojarse en Narciso Serra?<\/h3>\n<div>\n<p>Los precios var\u00edan en funci\u00f3n de la estancia (fechas, condiciones del apartamento, etc.).<\/p>\n<\/div>\n<\/li>\n<\/ul>\n<h3>Normas de la vivienda<\/h3>\n<div>\n<p>    <img decoding=\"async\" src=\"\/wp-content\/uploads\/2025\/07\/check-in.png\" alt=\"Entrada\"><\/p>\n<div>Entrada<\/div>\n<\/div>\n<div>\n<h3>Te recibiremos personalmente<\/h3>\n<div>Tienes que decirnos con antelaci\u00f3n a qu\u00e9 hora vas a llegar.<\/div>\n<\/div>\n<hr>\n<div>\n<p>    <img decoding=\"async\" src=\"\/wp-content\/uploads\/2025\/07\/salida.png\" alt=\"Salida\"><\/p>\n<div>Salida<\/div>\n<\/div>\n<div>\n<h3>Salida a las 11:00<\/h3>\n<\/div>\n<hr>\n<div>\n<p>    <img decoding=\"async\" src=\"\/wp-content\/uploads\/2025\/07\/Condiciones-sobre-danos.png\" alt=\"Condiciones sobre da\u00f1os en el alojamiento\"><\/p>\n<div>Condiciones sobre da\u00f1os en el alojamiento<\/div>\n<\/div>\n<div>\n<h3>Garant\u00edas<\/h3>\n<div>En contratos personales seg\u00fan normativa se solicita 1 mes de fianza.<\/div>\n<\/div>\n<hr>\n<div>\n<p>    <img decoding=\"async\" src=\"\/wp-content\/uploads\/2025\/07\/no-fumar.png\" alt=\"No fumadores\"><\/p>\n<div>No fumadores<\/div>\n<\/div>\n<div>\n<h3>No se puede fumar<\/h3>\n<\/div>\n<hr>\n<div>\n<p>    <img decoding=\"async\" src=\"\/wp-content\/uploads\/2025\/07\/fiestas.png\" alt=\"prohibido Fiestas\"><\/p>\n<div>Fiestas<\/div>\n<\/div>\n<div>\n<h3>No se pueden celebrar fiestas\/eventos<\/h3>\n<\/div>\n<hr>\n<div>\n<p>    <img decoding=\"async\" src=\"\/wp-content\/uploads\/2025\/07\/despertador.png\" alt=\"Horario sin ruido\"><\/p>\n<div>Horario sin ruido<\/div>\n<\/div>\n<div>\n<h3>Los clientes deben minimizar el ruido de 22:00 a 8:00<\/h3>\n<\/div>\n<hr>\n<div>\n<p>    <img decoding=\"async\" src=\"\/wp-content\/uploads\/2025\/07\/prohibido-mascotas.png\" alt=\"Mascotas\"><\/p>\n<div>Mascotas<\/div>\n<\/div>\n<div>\n<h3>No se admiten mascotas<\/h3>\n<\/div>\n<h3>Empresa<\/h3>\n<div>\n<p>        <img decoding=\"async\" src=\"\/wp-content\/uploads\/2020\/12\/Host-Global-Homes.webp\" alt=\"Global Homes Caliza\"><\/p>\n<h4>Global Homes<\/h4>\n<div>Global Homes empresa de alquiler de viviendas en Madrid<\/div>\n<p><a href=\"\/nosotros\/\"><\/a><\/p>\n<\/div>\n<h2>En el mapa encontrar\u00e1s bares y restaurantes recomendados<\/h2>\n<ul>\n<li>\n<p>40.40431460927101,-3.6795695163564184<\/p>\n<h3>Zona Retiro<\/h3>\n<p>Madrid<\/p>\n<\/li>\n<li>\n<p>40.405159783271536,-3.6827963483477473<\/p>\n<h3>La Huerta de Casa Ricardo<\/h3>\n<div>Av. de la Ciudad de Barcelona, 5, Retiro, 28007 Madrid<\/div>\n<p><a href=\"https:\/\/maps.app.goo.gl\/UqbrF1RsceeDEVRb8\">Ll\u00e9vame<\/a><\/p>\n<\/li>\n<li>\n<p>40.404842526297315,-3.677494812448391<\/p>\n<h3>Restaurante Urbieta 13<\/h3>\n<div>Calle de Juan de Urbieta, 13, Retiro, 28007 Madrid<\/div>\n<p><a href=\"https:\/\/maps.app.goo.gl\/reY2Aup1C5UNxSnx5\">Ll\u00e9vame<\/a><\/p>\n<\/li>\n<li>\n<p>40.40691998223527,-3.6774273714859818<\/p>\n<h3>Maramor<\/h3>\n<div>C. de Cavanilles, 5, Retiro, 28007 Madrid<\/div>\n<p><a href=\"https:\/\/maps.app.goo.gl\/9vWAJjNEY4vwFHcJ6\">Ll\u00e9vame<\/a><\/p>\n<\/li>\n<li>\n<p>40.40655854291148,-3.677862930137703<\/p>\n<h3>Restaurante Mezcal<\/h3>\n<div>Calle de Narciso Serra, 35, Retiro, 28007 Madrid<\/div>\n<p><a href=\"https:\/\/maps.app.goo.gl\/RVzwc3YVAfwkCTMK7\">Ll\u00e9vame<\/a><\/p>\n<\/li>\n<li>\n<p>40.40501694107623,-3.6795170717721803<\/p>\n<h3>CAF\u00c9 ANAYAD<\/h3>\n<p>Cafeter\u00eda<\/p>\n<div>C. de Granada, 11, Retiro, 28007 Madrid<\/div>\n<p><a href=\"https:\/\/maps.app.goo.gl\/WeF8p3K98Tkm1Pur7\">Ll\u00e9vame<\/a><\/p>\n<\/li>\n<li>\n<p>40.41889313193603,-3.6787736111992597<\/p>\n<h3>Zoko Retiro<\/h3>\n<div>Av. de Men\u00e9ndez Pelayo, 27, Retiro, 28009 Madrid<\/div>\n<p><a href=\"https:\/\/maps.app.goo.gl\/tewGeYtv9Qjkfnkf8\">Ll\u00e9vame<\/a><\/p>\n<\/li>\n<\/ul>\n<h3>Empresa<\/h3>\n<div>\n<p>        <img decoding=\"async\" src=\"\/wp-content\/uploads\/2025\/01\/cropped-GHP_Logo_Homes_Favicon.png\" alt=\"\"><\/p>\n<h4>Global Homes<\/h4>\n<div>Global Homes empresa de alquiler de viviendas en Madrid.<\/div>\n<\/div>\n<p><!--more--><br \/>\n<!-- {\"type\":\"layout\",\"children\":[{\"type\":\"section\",\"props\":{\"html_element\":\"header\",\"image_position\":\"center-center\",\"padding_remove_top\":false,\"style\":\"default\",\"title_breakpoint\":\"xl\",\"title_position\":\"top-left\",\"title_rotation\":\"left\",\"vertical_align\":\"\",\"width\":\"large\"},\"children\":[{\"type\":\"row\",\"children\":[{\"type\":\"column\",\"props\":{\"image_position\":\"center-center\",\"position_sticky_breakpoint\":\"m\",\"width_medium\":\"4-5\"},\"children\":[{\"type\":\"headline\",\"props\":{\"content\":\"Vivienda en Retiro <br \/> Narciso Serra\",\"text_align\":\"left\",\"title_element\":\"h1\",\"title_style\":\"heading-small\"}},{\"type\":\"list\",\"props\":{\"column_breakpoint\":\"m\",\"icon_color\":\"primary\",\"image_align\":\"left\",\"image_svg_color\":\"emphasis\",\"image_vertical_align\":true,\"list_element\":\"ul\",\"list_horizontal_separator\":\", \",\"list_type\":\"vertical\",\"show_image\":true,\"show_link\":true},\"children\":[{\"type\":\"list_item\",\"props\":{\"content\":\"<span class=\\\"uk-text-primary\\\"><strong>Valoraci\\u00f3n 9.7 \\u2b50<\\\/strong><\\\/span>\"}},{\"type\":\"list_item\",\"props\":{\"content\":\"Calle Narciso Serra , Zona Retiro, 28007 Madrid - <strong><span class=\\\"uk-text-success\\\">Excelente ubicaci\\u00f3n<\\\/span><\\\/strong> cerca de Atocha\",\"icon\":\"location\"}}]},{\"type\":\"subnav\",\"props\":{\"margin\":\"medium\",\"subnav_style\":\"pill\",\"text_align\":\"left\",\"visibility\":\"m\"},\"children\":[{\"type\":\"subnav_item\",\"props\":{\"content\":\"Vista General\",\"link\":\"#fotos Ciudad Lineal\"}},{\"type\":\"subnav_item\",\"props\":{\"content\":\"Servicios\",\"link\":\"#Servicios\"}},{\"type\":\"subnav_item\",\"props\":{\"content\":\"Reservas\",\"link\":\"#Reservas\"}},{\"type\":\"subnav_item\",\"props\":{\"content\":\"Normas\",\"link\":\"#normas\"}},{\"type\":\"subnav_item\",\"props\":{\"content\":\"Preguntas frecuentes\",\"link\":\"#Preguntas\"}},{\"type\":\"subnav_item\",\"props\":{\"content\":\"Valoraci\\u00f3n\",\"link\":\"#Valoraci\\u00f3n\"}}]}]},{\"type\":\"column\",\"props\":{\"html_element\":\"aside\",\"image_position\":\"center-center\",\"position_sticky_breakpoint\":\"m\",\"vertical_align\":\"bottom\",\"width_medium\":\"1-5\"},\"children\":[{\"type\":\"button\",\"props\":{\"button_size\":\"small\",\"grid_column_gap\":\"small\",\"grid_row_gap\":\"small\",\"margin\":\"default\",\"visibility\":\"m\"},\"children\":[{\"type\":\"button_item\",\"props\":{\"button_style\":\"primary\",\"content\":\"Reserva el apartamento\",\"dialog_layout\":\"modal\",\"dialog_offcanvas_flip\":true,\"icon_align\":\"left\",\"link\":\"#Reservas\"}}]},{\"type\":\"icon\",\"props\":{\"attributes\":\"onclick=\\\"\\nevent.preventDefault();\\nif (navigator.share) {\\n  navigator.share({\\n    title: document.title,\\n    text: '\\u00a1Echa un vistazo a esta vivienda!',\\n    url: window.location.href\\n  }).catch(console.error);\\n} else {\\n  alert('La funci\\u00f3n de compartir no est\\u00e1 disponible en este navegador o la p\\u00e1gina no es segura (necesita HTTPS).');\\n}\\\"\",\"icon\":\"social\",\"icon_width\":\"40\",\"link\":\"https:\\\/\\\/api.whatsapp.com\\\/send?text=%C2%A1Echa%20un%20vistazo%20a%20esta%20vivienda!%20https%3A%2F%2Fglobalhp.es%2Fvivienda-alquiler-zona-retiro%2F%23Reservas\",\"link_aria_label\":\"share\",\"link_style\":\"button\",\"margin\":\"default\",\"visibility\":\"m\"}}]}],\"props\":{\"layout\":\"4-5,1-5\"}},{\"type\":\"row\",\"props\":{\"height_viewport\":110,\"html_element\":\"section\",\"layout\":\"2-3,1-3\",\"parallax\":false},\"children\":[{\"type\":\"column\",\"props\":{\"image_position\":\"center-center\",\"position_sticky_breakpoint\":\"m\",\"width_medium\":\"2-3\"},\"children\":[{\"type\":\"slideshow\",\"props\":{\"animation\":\"parallax\",\"container_padding_remove\":false,\"id\":\"fotos Ciudad Lineal\",\"image_height\":600,\"image_loading\":true,\"image_width\":900,\"link_style\":\"default\",\"link_text\":\"Read more\",\"margin\":\"default\",\"margin_remove_top\":false,\"meta_align\":\"above-title\",\"meta_color\":\"muted\",\"meta_element\":\"div\",\"meta_style\":\"h4\",\"nav\":\"thumbnav\",\"nav_align\":\"center\",\"nav_below\":false,\"nav_breakpoint\":\"\",\"nav_position\":\"bottom-center\",\"nav_position_margin\":\"medium\",\"nav_vertical\":false,\"overlay_animation\":\"parallax\",\"overlay_position\":\"center\",\"parallax_breakpoint\":\"m\",\"parallax_easing\":\"1\",\"parallax_y\":\"0,-50\",\"show_content\":false,\"show_link\":true,\"show_meta\":false,\"show_thumbnail\":true,\"show_title\":false,\"slidenav\":\"bottom-right\",\"slidenav_breakpoint\":\"m\",\"slidenav_hover\":false,\"slidenav_large\":true,\"slidenav_margin\":\"\",\"slidenav_outside_breakpoint\":\"xl\",\"slideshow_animation\":\"pull\",\"slideshow_autoplay_pause\":true,\"slideshow_height\":\"viewport\",\"slideshow_height_offset_top\":true,\"slideshow_height_viewport\":60,\"slideshow_min_height\":\"500\",\"slideshow_velocity\":\"1.5\",\"text_align\":\"center\",\"thumbnav_height\":\"100\",\"thumbnav_nowrap\":true,\"thumbnav_svg_color\":\"emphasis\",\"thumbnav_width\":\"150\",\"title_element\":\"h2\",\"title_hover_style\":\"reset\",\"title_margin\":\"remove\",\"title_style\":\"heading-xlarge\"},\"children\":[{\"type\":\"slideshow_item\",\"props\":{\"content\":\"\",\"image\":\"wp-content\\\/uploads\\\/2025\\\/07\\\/Vivienda-en-alquier-Retiro-7.webp\",\"image_alt\":\"Entrada vivienda en alquiler de zona Retiro\",\"meta\":\"\",\"text_color\":\"light\",\"title\":\"\"}},{\"type\":\"slideshow_item\",\"props\":{\"content\":\"\",\"image\":\"wp-content\\\/uploads\\\/2025\\\/07\\\/Vivienda-en-alquier-Retiro-1.webp\",\"image_alt\":\"Vivienda en Retiro\",\"meta\":\"\",\"text_color\":\"light\",\"title\":\"\"}},{\"type\":\"slideshow_item\",\"props\":{\"content\":\"\",\"image\":\"wp-content\\\/uploads\\\/2025\\\/12\\\/Salon-vivienda-en-alquiler-Zona-Retiro.webp\",\"image_alt\":\"Sal\\u00f3n vivienda en alquiler Zona Retiro\",\"meta\":\"\",\"text_color\":\"light\",\"title\":\"\"}},{\"type\":\"slideshow_item\",\"props\":{\"content\":\"\",\"image\":\"wp-content\\\/uploads\\\/2025\\\/12\\\/salon-de-vivienda-en-Retiro.webp\",\"image_alt\":\"sal\\u00f3n de vivienda en Retiro\",\"meta\":\"\",\"text_color\":\"light\",\"title\":\"\"}},{\"type\":\"slideshow_item\",\"props\":{\"content\":\"\",\"image\":\"wp-content\\\/uploads\\\/2025\\\/12\\\/Habitacion-vivienda-en-alquiler-zona-Retiro-Madrid.webp\",\"image_alt\":\"Habitaci\\u00f3n vivienda en alquiler zona Retiro Madrid\",\"meta\":\"\",\"text_color\":\"light\",\"title\":\"\"}},{\"type\":\"slideshow_item\",\"props\":{\"content\":\"\",\"image\":\"wp-content\\\/uploads\\\/2025\\\/12\\\/Habitacion-2-vivienda-en-alquiler-zona-Retiro-Madrid.webp.webp\",\"image_alt\":\"Habitaci\\u00f3n 2 vivienda en alquiler zona Retiro Madrid\",\"meta\":\"\",\"text_color\":\"light\",\"title\":\"\"}},{\"type\":\"slideshow_item\",\"props\":{\"content\":\"\",\"image\":\"wp-content\\\/uploads\\\/2025\\\/07\\\/Vivienda-en-alquier-Retiro-4.webp\",\"image_alt\":\"Vivienda en Retiro\",\"meta\":\"\",\"text_color\":\"light\",\"title\":\"\"}},{\"type\":\"slideshow_item\",\"props\":{\"content\":\"\",\"image\":\"wp-content\\\/uploads\\\/2025\\\/12\\\/habitacion-de-vivienda-en-zona-retiro.webp\",\"image_alt\":\"habitaci\\u00f3n de vivienda en zona retiro\",\"meta\":\"\",\"text_color\":\"light\",\"title\":\"\"}},{\"type\":\"slideshow_item\",\"props\":{\"content\":\"\",\"image\":\"wp-content\\\/uploads\\\/2025\\\/07\\\/Vivienda-en-alquier-Retiro-5.webp\",\"image_alt\":\"Vivienda en Retiro\",\"meta\":\"\",\"text_color\":\"light\",\"title\":\"\"}},{\"type\":\"slideshow_item\",\"props\":{\"content\":\"\",\"image\":\"wp-content\\\/uploads\\\/2025\\\/12\\\/habitacion-4-vivienda-en-alquiler-barrio-Retiro.webp\",\"image_alt\":\"habitaci\\u00f3n 4 vivienda en alquiler barrio Retiro\",\"meta\":\"\",\"text_color\":\"light\",\"title\":\"\"}},{\"type\":\"slideshow_item\",\"props\":{\"content\":\"\",\"image\":\"wp-content\\\/uploads\\\/2025\\\/12\\\/cama-habitacion-vivienda-en-alquiler-zona-Retiro.webp\",\"image_alt\":\"cama habitaci\\u00f3n vivienda en alquiler zona Retiro\",\"meta\":\"\",\"text_color\":\"light\",\"title\":\"\"}},{\"type\":\"slideshow_item\",\"props\":{\"content\":\"\",\"image\":\"wp-content\\\/uploads\\\/2025\\\/07\\\/Vivienda-en-alquier-Retiro-8.webp\",\"image_alt\":\"Cocina de vivienda en Retiro\",\"meta\":\"\",\"text_color\":\"light\",\"title\":\"\"}},{\"type\":\"slideshow_item\",\"props\":{\"content\":\"\",\"image\":\"wp-content\\\/uploads\\\/2025\\\/12\\\/cocina-vivienda-en-alquiler-zona-retiro.webp\",\"image_alt\":\"cocina vivienda en alquiler zona retiro\",\"meta\":\"\",\"text_color\":\"light\",\"title\":\"\"}},{\"type\":\"slideshow_item\",\"props\":{\"content\":\"\",\"image\":\"wp-content\\\/uploads\\\/2025\\\/12\\\/cocina-2-vivienda-en-alquiler-zona-retiro.webp.webp\",\"image_alt\":\"cocina 2 vivienda en alquiler zona retiro\",\"meta\":\"\",\"text_color\":\"light\",\"title\":\"\"}},{\"type\":\"slideshow_item\",\"props\":{\"content\":\"\",\"image\":\"wp-content\\\/uploads\\\/2025\\\/07\\\/Vivienda-en-alquier-Retiro-9.webp\",\"image_alt\":\"Ba\\u00f1o de vivienda en Retiro\",\"meta\":\"\",\"text_color\":\"light\",\"title\":\"\"}},{\"type\":\"slideshow_item\",\"props\":{\"content\":\"\",\"image\":\"wp-content\\\/uploads\\\/2025\\\/12\\\/bano-2-vivienda-en-barrio-retiro.webp\",\"image_alt\":\"ba\\u00f1o vivienda en alquiler en barrio retiro\",\"meta\":\"\",\"text_color\":\"light\",\"title\":\"\"}},{\"type\":\"slideshow_item\",\"props\":{\"content\":\"\",\"image\":\"wp-content\\\/uploads\\\/2025\\\/12\\\/bano-vivienda-en-barrio-Retiro.webp\",\"image_alt\":\"ba\\u00f1o vivienda en barrio Retiro\",\"meta\":\"\",\"text_color\":\"light\",\"title\":\"\"}},{\"type\":\"slideshow_item\",\"props\":{\"content\":\"\",\"image\":\"wp-content\\\/uploads\\\/2025\\\/07\\\/Vivienda-en-alquier-Retiro-10.webp\",\"image_alt\":\"Ba\\u00f1o de vivienda en Retiro\",\"meta\":\"\",\"text_color\":\"light\",\"title\":\"\"}}]},{\"type\":\"grid\",\"props\":{\"content_column_breakpoint\":\"m\",\"content_margin\":\"remove\",\"filter_align\":\"left\",\"filter_all\":true,\"filter_grid_breakpoint\":\"m\",\"filter_grid_width\":\"auto\",\"filter_position\":\"top\",\"filter_style\":\"tab\",\"grid_column_gap\":\"small\",\"grid_default\":\"2\",\"grid_medium\":\"\",\"grid_row_gap\":\"small\",\"grid_small\":\"3\",\"icon_width\":\"25\",\"image_align\":\"left\",\"image_grid_breakpoint\":\"s\",\"image_grid_column_gap\":\"small\",\"image_grid_row_gap\":\"small\",\"image_grid_width\":\"auto\",\"image_height\":25,\"image_svg_color\":\"emphasis\",\"image_svg_inline\":true,\"image_vertical_align\":true,\"image_width\":25,\"item_animation\":true,\"lightbox_bg_close\":true,\"link_style\":\"default\",\"link_text\":\"Read more\",\"margin\":\"default\",\"meta_align\":\"below-title\",\"meta_color\":\"emphasis\",\"meta_element\":\"div\",\"meta_margin\":\"small\",\"meta_style\":\"text-meta\",\"panel_padding\":\"small\",\"panel_style\":\"card-secondary\",\"parallax_easing\":\"1\",\"show_content\":true,\"show_hover_image\":true,\"show_hover_video\":true,\"show_image\":true,\"show_link\":true,\"show_meta\":true,\"show_title\":true,\"show_video\":true,\"text_align\":\"left\",\"text_align_breakpoint\":\"s\",\"text_align_fallback\":\"center\",\"title_align\":\"top\",\"title_element\":\"h4\",\"title_grid_breakpoint\":\"m\",\"title_grid_width\":\"small\",\"title_hover_style\":\"reset\",\"title_margin\":\"small\",\"title_style\":\"h5\"},\"children\":[{\"type\":\"grid_item\",\"props\":{\"_condition\":true,\"content\":\"\",\"image\":\"wp-content\\\/uploads\\\/cta-icon.svg\",\"image_alt\":\"170 m\\u00b2\",\"meta\":\"170 m\\u00b2\",\"tags\":\"170 m\\u00b2\"}},{\"type\":\"grid_item\",\"props\":{\"_condition\":true,\"content\":\"\",\"image\":\"wp-content\\\/uploads\\\/yootheme\\\/icon-air-conditioning.svg\",\"image_alt\":\"Aire acondicionado\",\"meta\":\"Aire acondicionado\",\"tags\":\"Aire acondicionado\",\"title\":\"\"}},{\"type\":\"grid_item\",\"props\":{\"_condition\":true,\"content\":\"\",\"image\":\"wp-content\\\/uploads\\\/yootheme\\\/icon-floorplan.svg\",\"image_alt\":\"3 Habitaciones\",\"meta\":\"3 Habitaciones\",\"tags\":\"Habitaciones\",\"title\":\"\"}},{\"type\":\"grid_item\",\"props\":{\"_condition\":true,\"content\":\"\",\"image\":\"wp-content\\\/uploads\\\/icon-guests.svg\",\"image_alt\":\"5 Personas\",\"meta\":\"6 Personas\",\"tags\":\"Personas\",\"title\":\"\"}},{\"type\":\"grid_item\",\"props\":{\"_condition\":true,\"content\":\"\",\"image\":\"wp-content\\\/uploads\\\/2025\\\/09\\\/ascensor.webp\",\"image_alt\":\"Ascensor\",\"meta\":\"Ascensor - 3\\u00ba Piso\",\"tags\":\"Ascensor\"}},{\"type\":\"grid_item\",\"props\":{\"_condition\":true,\"content\":\"\",\"image\":\"wp-content\\\/uploads\\\/yootheme\\\/icon-free-parking.svg\",\"image_alt\":\"Parking\",\"meta\":\"Parking\",\"tags\":\"Parking\",\"title\":\"\"}}]},{\"type\":\"headline\",\"props\":{\"content\":\"Comentarios de clientes\",\"title_element\":\"h2\",\"title_style\":\"h4\",\"visibility\":\"hidden-m\"}},{\"type\":\"html\",\"props\":{\"class\":\"uk-hidden@s\",\"content\":\"\n\n<style>\\n    \\\/* * CSS Corregido para integrarse en rejillas de YOOtheme\\n     *\\\/\\n    .review-widget-container-booking {\\n        font-family: -apple-system, BlinkMacSystemFont, \\\"Segoe UI\\\", Roboto, \\\"Helvetica Neue\\\", Arial, sans-serif;\\n        background-color: white;\\n        color: #1c1e21;\\n        padding: 20px;\\n        \\\/* CORRECCI\\u00d3N: Se ajusta el ancho al 100% del contenedor padre (la columna de YOOtheme) *\\\/\\n        width: 87%;\\n        \\\/* CORRECCI\\u00d3N: Se elimina el margen autom\\u00e1tico que romp\\u00eda el layout de columnas *\\\/\\n        \\\/* margin: 0 auto; *\\\/ \\n        \\\/* max-width se mantiene para evitar que sea excesivamente ancho en pantallas muy grandes *\\\/\\n        max-width: 500px; \\n    }\\n\\n    .review-widget-container-booking h2 {\\n        display: none;\\n    }\\n\\n    .review-widget-container-booking .overall-rating {\\n        display: flex;\\n        align-items: center;\\n        margin-bottom: 24px;\\n        gap: 12px;\\n    }\\n\\n    .review-widget-container-booking .score-box {\\n        background-color: #008009;\\n        color: white;\\n        font-weight: bold;\\n        font-size: 16px;\\n        padding: 6px 10px;\\n        border-radius: 5px;\\n    }\\n\\n    .review-widget-container-booking .rating-text {\\n        font-weight: 500;\\n        font-size: 16px;\\n        color: #333;\\n    }\\n    \\n    .review-widget-container-booking .ratings-list {\\n        display: flex;\\n        flex-direction: column;\\n        gap: 14px;\\n    }\\n\\n    .review-widget-container-booking .rating-item {\\n        display: flex;\\n        justify-content: space-between;\\n        align-items: center;\\n        gap: 15px;\\n    }\\n    \\n    .review-widget-container-booking .category-name {\\n        font-size: 14px;\\n        white-space: nowrap;\\n    }\\n\\n    .review-widget-container-booking .arrow {\\n        color: #008009;\\n        font-weight: bold;\\n    }\\n\\n    .review-widget-container-booking .bar-and-score {\\n        display: flex;\\n        align-items: center;\\n        flex-grow: 1;\\n        min-width: 0;\\n    }\\n\\n    .review-widget-container-booking .progress-bar-container {\\n        flex-grow: 1;\\n        height: 6px;\\n        background-color: #e9ecef;\\n        border-radius: 3px;\\n        margin-right: 12px;\\n        overflow: hidden;\\n    }\\n\\n    .review-widget-container-booking .progress-bar {\\n        height: 100%;\\n        border-radius: 3px;\\n    }\\n    \\n    .review-widget-container-booking .progress-bar-blue {\\n        background-color: #003580; \\\/* Azul *\\\/\\n    }\\n    .review-widget-container-booking .progress-bar-green {\\n        background-color: #008009; \\\/* Verde *\\\/\\n    }\\n\\n    .review-widget-container-booking .score-number {\\n        font-size: 14px;\\n        font-weight: 500;\\n    }\\n\\n    \\\/* Los estilos responsivos se mantienen y funcionar\\u00e1n correctamente *\\\/\\n    @media (max-width: 420px) {\\n        .review-widget-container-booking .rating-item {\\n            flex-wrap: wrap;\\n        }\\n        .review-widget-container-booking .category-name {\\n            flex-basis: 100%;\\n            margin-bottom: 8px;\\n            white-space: normal;\\n        }\\n        .review-widget-container-booking .bar-and-score {\\n            width: 100%;\\n        }\\n    }\\n<\\\/style>\\n\\n\n\n<div class=\\\"review-widget-container-booking\\\">\\n    \n\n<h2>Comentarios<\\\/h2>\\n\\n    \n\n<div class=\\\"overall-rating\\\">\\n        <span class=\\\"score-box\\\">9,7<\\\/span>\\n        <span class=\\\"rating-text\\\">Fant\\u00e1stico<\\\/span>\\n    <\\\/div>\\n\\n    \n\n<div class=\\\"ratings-list\\\">\\n        \\n        \n\n<div class=\\\"rating-item\\\">\\n            <span class=\\\"category-name\\\">Ubicaci\\u00f3n<\\\/span>\\n            \n\n<div class=\\\"bar-and-score\\\">\\n                \n\n<div class=\\\"progress-bar-container\\\">\\n                    \n\n<div class=\\\"progress-bar progress-bar-green\\\" style=\\\"width: 100%;\\\"><\\\/div>\\n                <\\\/div>\\n                <span class=\\\"score-number\\\">10<\\\/span>\\n            <\\\/div>\\n        <\\\/div>\\n\\n        \n\n<div class=\\\"rating-item\\\">\\n            <span class=\\\"category-name\\\">Limpieza<\\\/span>\\n            \n\n<div class=\\\"bar-and-score\\\">\\n                \n\n<div class=\\\"progress-bar-container\\\">\\n                    \n\n<div class=\\\"progress-bar progress-bar-green\\\" style=\\\"width: 97%;\\\"><\\\/div>\\n                <\\\/div>\\n                <span class=\\\"score-number\\\">9,7<\\\/span>\\n            <\\\/div>\\n        <\\\/div>\\n\\n        \n\n<div class=\\\"rating-item\\\">\\n            <span class=\\\"category-name\\\">Relaci\\u00f3n calidad-precio<\\\/span>\\n            \n\n<div class=\\\"bar-and-score\\\">\\n                \n\n<div class=\\\"progress-bar-container\\\">\\n                    \n\n<div class=\\\"progress-bar progress-bar-green\\\" style=\\\"width: 91%;\\\"><\\\/div>\\n                <\\\/div>\\n                <span class=\\\"score-number\\\">9,1<\\\/span>\\n            <\\\/div>\\n        <\\\/div>\\n\\n        \n\n<div class=\\\"rating-item\\\">\\n            <span class=\\\"category-name\\\">Instalaciones y servicios<\\\/span>\\n            \n\n<div class=\\\"bar-and-score\\\">\\n                \n\n<div class=\\\"progress-bar-container\\\">\\n                    \n\n<div class=\\\"progress-bar progress-bar-green\\\" style=\\\"width: 98%;\\\"><\\\/div>\\n                <\\\/div>\\n                <span class=\\\"score-number\\\">9,8<\\\/span>\\n            <\\\/div>\\n        <\\\/div>\\n\\n        \n\n<div class=\\\"rating-item\\\">\\n            <span class=\\\"category-name\\\">Confort<\\\/span>\\n            \n\n<div class=\\\"bar-and-score\\\">\\n                \n\n<div class=\\\"progress-bar-container\\\">\\n                    \n\n<div class=\\\"progress-bar progress-bar-green\\\" style=\\\"width: 96%;\\\"><\\\/div>\\n                <\\\/div>\\n                <span class=\\\"score-number\\\">9,6<\\\/span>\\n            <\\\/div>\\n        <\\\/div>\\n\\n        \n\n<div class=\\\"rating-item\\\">\\n            <span class=\\\"category-name\\\">Personal<\\\/span>\\n            \n\n<div class=\\\"bar-and-score\\\">\\n                \n\n<div class=\\\"progress-bar-container\\\">\\n                    \n\n<div class=\\\"progress-bar progress-bar-green\\\" style=\\\"width: 95%;\\\"><\\\/div>\\n                <\\\/div>\\n                <span class=\\\"score-number\\\">9,5<\\\/span>\\n            <\\\/div>\\n        <\\\/div>\\n\\n        \n\n<div class=\\\"rating-item\\\">\\n            <span class=\\\"category-name\\\">WiFi gratis <\\\/span>\\n            \n\n<div class=\\\"bar-and-score\\\">\\n                \n\n<div class=\\\"progress-bar-container\\\">\\n                    \n\n<div class=\\\"progress-bar progress-bar-green\\\" style=\\\"width: 100%;\\\"><\\\/div>\\n                <\\\/div>\\n                <span class=\\\"score-number\\\">10<\\\/span>\\n            <\\\/div>\\n        <\\\/div>\\n    <\\\/div>\\n<\\\/div>\"}},{\"type\":\"divider\",\"props\":{\"divider_element\":\"div\",\"divider_style\":\"icon\",\"visibility\":\"hidden-m\"}},{\"type\":\"headline\",\"props\":{\"content\":\"Rese\\u00f1as de clientes\",\"title_element\":\"h2\",\"title_style\":\"h4\",\"visibility\":\"hidden-m\"}},{\"type\":\"panel-slider\",\"props\":{\"content_column_breakpoint\":\"m\",\"content_margin\":\"small\",\"content_style\":\"h5\",\"css\":\".el-item {box-shadow: none;}\",\"icon_width\":80,\"image_align\":\"left\",\"image_grid_breakpoint\":\"m\",\"image_grid_column_gap\":\"medium\",\"image_grid_row_gap\":\"small\",\"image_grid_width\":\"auto\",\"image_svg_color\":\"emphasis\",\"link_style\":\"default\",\"link_text\":\"\",\"margin\":\"\",\"margin_remove_bottom\":false,\"meta_align\":\"below-title\",\"meta_element\":\"div\",\"meta_style\":\"h4\",\"nav\":\"\",\"nav_align\":\"center\",\"nav_breakpoint\":\"s\",\"panel_card_offset\":false,\"panel_image_no_padding\":false,\"panel_link\":false,\"panel_match\":true,\"panel_padding\":\"small\",\"panel_style\":\"card-secondary\",\"show_content\":true,\"show_hover_image\":true,\"show_hover_video\":true,\"show_image\":true,\"show_link\":true,\"show_meta\":true,\"show_title\":true,\"show_video\":true,\"slidenav\":\"\",\"slidenav_breakpoint\":\"xl\",\"slidenav_margin\":\"medium\",\"slidenav_outside_breakpoint\":\"xl\",\"slider_autoplay\":true,\"slider_autoplay_interval\":\"4\",\"slider_autoplay_pause\":false,\"slider_center\":true,\"slider_finite\":false,\"slider_gap\":\"small\",\"slider_sets\":false,\"slider_width\":\"fixed\",\"slider_width_default\":\"1-1\",\"slider_width_large\":\"1-3\",\"slider_width_medium\":\"1-3\",\"slider_width_small\":\"1-2\",\"slider_width_xlarge\":\"1-3\",\"title_align\":\"top\",\"title_color\":\"primary\",\"title_element\":\"h3\",\"title_grid_breakpoint\":\"m\",\"title_grid_width\":\"1-2\",\"title_hover_style\":\"reset\",\"title_style\":\"h6\",\"visibility\":\"hidden-m\"},\"children\":[{\"type\":\"panel-slider_item\",\"props\":{\"content\":\"\n\n<p>Todo muy limpio , tal y como est\\u00e1 en las fotos. \\nEl anfitri\\u00f3n muy amable, incluso nos dej\\u00f3 entrar un poco antes al apartamento de la hora prevista.<\\\/p>\",\"image\":\"wp-content\\\/uploads\\\/2025\\\/07\\\/usuario.png\",\"image_alt\":\"rese\\u00f1a de vivienda en Puente de Vallecas\",\"meta\":\"Genial\",\"title\":\"Santos\"}},{\"type\":\"panel-slider_item\",\"props\":{\"content\":\"\n\n<p>La comunicaci\\u00f3n por WhatsApp y la atenci\\u00f3n de la propetaria genial. Todo muy limpio.<\\\/p>\",\"image\":\"wp-content\\\/uploads\\\/2025\\\/07\\\/usuario.png\",\"image_alt\":\"rese\\u00f1a de vivienda en Puente de Vallecas\",\"meta\":\"Fant\\u00e1stico\",\"title\":\"Alba\"}},{\"type\":\"panel-slider_item\",\"props\":{\"content\":\"\n\n<p>El apartamento es hermoso! C\\u00f3modo, y muy completo. Gena es muy servicial. Nos dej\\u00f3 t\\u00e9s, jugos, agua y leche de bienvenida.<\\\/p>\",\"image\":\"wp-content\\\/uploads\\\/2025\\\/07\\\/usuario.png\",\"image_alt\":\"rese\\u00f1a de vivienda en Puente de Vallecas\",\"meta\":\"Genial\",\"title\":\"Laura\"}},{\"type\":\"panel-slider_item\",\"props\":{\"content\":\"\n\n<p>Como ubicaci\\u00f3n est\\u00e1 al lado de una de las circunvalaciones de Madrid, por lo que est\\u00e1 todo relativamente cerca.<\\\/p>\",\"image\":\"wp-content\\\/uploads\\\/2025\\\/07\\\/usuario.png\",\"image_alt\":\"rese\\u00f1a de vivienda en Puente de Vallecas\",\"meta\":\"Muy bien\",\"title\":\"Josep\"}},{\"type\":\"panel-slider_item\",\"props\":{\"content\":\"\n\n<p>Estupendo. Apartamento muy c\\u00f3modo. Super limpio.\\nLas camas comodisimas. La persona encargada, Gema, muy atenta.<\\\/p>\",\"image\":\"wp-content\\\/uploads\\\/2025\\\/07\\\/usuario.png\",\"image_alt\":\"rese\\u00f1a de vivienda en Puente de Vallecas\",\"meta\":\"Fant\\u00e1stico\",\"title\":\"Maxi\"}},{\"type\":\"panel-slider_item\",\"props\":{\"content\":\"\n\n<p>Apartamento acogedor y bien cuidado, equipado con todo lo necesario y muy bonito. Personal amable y atentos.<\\\/p>\",\"image\":\"wp-content\\\/uploads\\\/2025\\\/07\\\/usuario.png\",\"image_alt\":\"rese\\u00f1a de vivienda en Puente de Vallecas\",\"meta\":\"Muy bonito\",\"title\":\"\\u00c1ngela\"}},{\"type\":\"panel-slider_item\",\"props\":{\"content\":\"\n\n<p>Lo mejor es que el el piso est\\u00e1 nuevo, tiene una terraza peque\\u00f1a y la verdad tiene de todo. Televisiones gigantes y mont\\u00f3n de herramientas de cocina.<\\\/p>\",\"image\":\"wp-content\\\/uploads\\\/2025\\\/07\\\/usuario.png\",\"image_alt\":\"rese\\u00f1a de vivienda en Puente de Vallecas\",\"meta\":\"Fant\\u00e1stico\",\"title\":\"Sara\"}}]},{\"type\":\"divider\",\"props\":{\"divider_element\":\"div\",\"divider_style\":\"icon\",\"margin_remove_bottom\":true,\"visibility\":\"hidden-m\"}},{\"type\":\"html\",\"props\":{\"class\":\"uk-visible@s\",\"content\":\"<link href=\\\"https:\\\/\\\/fonts.googleapis.com\\\/css2?family=Roboto:wght@400;700&display=swap\\\" rel=\\\"stylesheet\\\">\\n\\n\n\n<div style=\\\"border: 1px solid #ddd; border-radius: 1px; padding: 16px; display: flex; align-items: flex-start; max-width: 600px; font-family: 'Roboto', sans-serif;\\\">\\n  \n\n<div style=\\\"margin-right: 12px;\\\">\\n    <!-- Icono de estrella -->\\n    <svg xmlns=\\\"http:\\\/\\\/www.w3.org\\\/2000\\\/svg\\\" width=\\\"24\\\" height=\\\"24\\\" fill=\\\"#0071c2\\\" viewBox=\\\"0 0 24 24\\\">\\n      <path d=\\\"M12 .587l3.668 7.568 8.332 1.151-6.064 5.964 1.43 8.291L12 18.896l-7.366 4.665 1.43-8.291L0 9.306l8.332-1.151z\\\"\\\/>\\n    <\\\/svg>\\n  <\\\/div>\\n  <\/p>\n<div>\\n    <\/p>\n<p style=\\\"margin: 0; font-weight: 700;\\\">Narciso Serra rara vez aparece disponible.<\\\/p>\\n    <\/p>\n<p style=\\\"margin: 4px 0 0 0; font-weight: 400;\\\">No lo dejes escapar y haz tu reserva antes de que se agote.<\\\/p>\\n  <\\\/div>\\n<\\\/div>\u00ab}},{\u00abtype\u00bb:\u00bbtext\u00bb,\u00bbprops\u00bb:{\u00abcolumn_breakpoint\u00bb:\u00bbm\u00bb,\u00bbcontent\u00bb:\u00bb<\/p>\n<h2>Vive en el centro de Madrid<\\\/h2>\\n<\/p>\n<p>Vive en este exclusivo piso de 170 m\\u00b2, dise\\u00f1ado para ofrecer comodidad y amplitud a solo unos minutos del Parque del Retiro. Con capacidad para 6 personas, cuenta con 3 habitaciones, 2 ba\\u00f1os y una cocina completa, equipada con electrodom\\u00e9sticos modernos. La climatizaci\\u00f3n en todas las estancias, junto con la calefacci\\u00f3n central y el aislamiento t\\u00e9rmico, garantizan el m\\u00e1ximo confort durante todo el a\\u00f1o.<\\\/p>\\n<\/p>\n<p>Adem\\u00e1s, su ubicaci\\u00f3n es perfecta para disfrutar de Madrid, con el metro Men\\u00e9ndez Pelayo y la estaci\\u00f3n de Atocha-Renfe muy cerca. WiFi de alta velocidad, plaza de aparcamiento y televisores de \\u00faltima generaci\\u00f3n completan una experiencia de alojamiento \\u00fanica.<\\\/p>\\n<\/p>\n<p>\\u00a1Reserva ahora y haz de este piso tu hogar temporal en el coraz\\u00f3n de Madrid!<\\\/p>\u00ab,\u00bbmargin\u00bb:\u00bbdefault\u00bb,\u00bbvisibility\u00bb:\u00bbm\u00bb}}]},{\u00abtype\u00bb:\u00bbcolumn\u00bb,\u00bbprops\u00bb:{\u00abimage_position\u00bb:\u00bbcenter-center\u00bb,\u00bbposition_sticky\u00bb:\u00bbcolumn\u00bb,\u00bbposition_sticky_breakpoint\u00bb:\u00bbm\u00bb,\u00bbposition_sticky_offset\u00bb:\u00bb110&#8243;,\u00bbwidth_medium\u00bb:\u00bb1-3&#8243;},\u00bbchildren\u00bb:[{\u00abtype\u00bb:\u00bbvideo\u00bb,\u00bbprops\u00bb:{\u00abmargin\u00bb:\u00bbdefault\u00bb,\u00bbvideo\u00bb:\u00bbhttps:\\\/\\\/youtu.be\\\/rw-ehtcQDrY\u00bb,\u00bbvideo_controls\u00bb:true,\u00bbvideo_height\u00bb:600,\u00bbvideo_title\u00bb:\u00bbVivienda en alquiler zona Retiro\u00bb,\u00bbvideo_width\u00bb:600}},{\u00abtype\u00bb:\u00bbtext\u00bb,\u00bbprops\u00bb:{\u00abcolumn_breakpoint\u00bb:\u00bbm\u00bb,\u00bbcontent\u00bb:\u00bb<p>Calendar does not exist.<\/p>\u00ab,\u00bbmargin\u00bb:\u00bbdefault\u00bb}},{\u00abtype\u00bb:\u00bbheadline\u00bb,\u00bbprops\u00bb:{\u00abcontent\u00bb:\u00bbDetalles de Narciso Serra &#8211; Retiro\u00bb,\u00bbmargin\u00bb:\u00bblarge\u00bb,\u00bbmargin_remove_bottom\u00bb:true,\u00bbtitle_element\u00bb:\u00bbh3&#8243;,\u00bbvisibility\u00bb:\u00bbm\u00bb}},{\u00abtype\u00bb:\u00bbgrid\u00bb,\u00bbprops\u00bb:{\u00abcontent_column_breakpoint\u00bb:\u00bbm\u00bb,\u00bbcontent_margin\u00bb:\u00bbremove\u00bb,\u00bbfilter_align\u00bb:\u00bbleft\u00bb,\u00bbfilter_all\u00bb:true,\u00bbfilter_grid_breakpoint\u00bb:\u00bbm\u00bb,\u00bbfilter_grid_width\u00bb:\u00bbauto\u00bb,\u00bbfilter_position\u00bb:\u00bbtop\u00bb,\u00bbfilter_style\u00bb:\u00bbtab\u00bb,\u00bbgrid_column_gap\u00bb:\u00bbsmall\u00bb,\u00bbgrid_default\u00bb:\u00bbauto\u00bb,\u00bbgrid_medium\u00bb:\u00bb2&#8243;,\u00bbgrid_row_gap\u00bb:\u00bbsmall\u00bb,\u00bbgrid_small\u00bb:\u00bbauto\u00bb,\u00bbgrid_xlarge\u00bb:\u00bb3&#8243;,\u00bbicon_width\u00bb:\u00bb25&#8243;,\u00bbimage_align\u00bb:\u00bbtop\u00bb,\u00bbimage_grid_breakpoint\u00bb:\u00bb\u00bb,\u00bbimage_grid_column_gap\u00bb:\u00bbsmall\u00bb,\u00bbimage_grid_width\u00bb:\u00bbauto\u00bb,\u00bbimage_height\u00bb:25,\u00bbimage_svg_color\u00bb:\u00bbemphasis\u00bb,\u00bbimage_svg_inline\u00bb:true,\u00bbimage_width\u00bb:25,\u00bbitem_animation\u00bb:true,\u00bblightbox_bg_close\u00bb:true,\u00bblink_style\u00bb:\u00bbdefault\u00bb,\u00bblink_text\u00bb:\u00bbRead more\u00bb,\u00bbmargin\u00bb:\u00bbdefault\u00bb,\u00bbmeta_align\u00bb:\u00bbbelow-title\u00bb,\u00bbmeta_color\u00bb:\u00bbemphasis\u00bb,\u00bbmeta_element\u00bb:\u00bbdiv\u00bb,\u00bbmeta_margin\u00bb:\u00bbsmall\u00bb,\u00bbmeta_style\u00bb:\u00bbtext-meta\u00bb,\u00bbpanel_padding\u00bb:\u00bbsmall\u00bb,\u00bbpanel_style\u00bb:\u00bbcard-secondary\u00bb,\u00bbparallax_easing\u00bb:\u00bb1&#8243;,\u00bbshow_content\u00bb:true,\u00bbshow_hover_image\u00bb:true,\u00bbshow_hover_video\u00bb:true,\u00bbshow_image\u00bb:true,\u00bbshow_link\u00bb:true,\u00bbshow_meta\u00bb:true,\u00bbshow_title\u00bb:true,\u00bbshow_video\u00bb:true,\u00bbtext_align\u00bb:\u00bbcenter\u00bb,\u00bbtitle_align\u00bb:\u00bbtop\u00bb,\u00bbtitle_element\u00bb:\u00bbh4&#8243;,\u00bbtitle_grid_breakpoint\u00bb:\u00bbm\u00bb,\u00bbtitle_grid_width\u00bb:\u00bbsmall\u00bb,\u00bbtitle_hover_style\u00bb:\u00bbreset\u00bb,\u00bbtitle_margin\u00bb:\u00bbsmall\u00bb,\u00bbtitle_style\u00bb:\u00bbh5&#8243;,\u00bbvisibility\u00bb:\u00bbm\u00bb},\u00bbchildren\u00bb:[{\u00abtype\u00bb:\u00bbgrid_item\u00bb,\u00bbprops\u00bb:{\u00ab_condition\u00bb:true,\u00bbcontent\u00bb:\u00bb\u00bb,\u00bbimage\u00bb:\u00bbwp-content\\\/uploads\\\/yootheme\\\/icon-wifi.svg\u00bb,\u00bbimage_alt\u00bb:\u00bbWifi gratis\u00bb,\u00bbmeta\u00bb:\u00bbWifi gratis 1GB\u00bb,\u00bbtags\u00bb:\u00bbWifi gratis\u00bb}},{\u00abtype\u00bb:\u00bbgrid_item\u00bb,\u00bbprops\u00bb:{\u00ab_condition\u00bb:true,\u00bbcontent\u00bb:\u00bb\u00bb,\u00bbimage\u00bb:\u00bbwp-content\\\/uploads\\\/yootheme\\\/icon-bathtub.svg\u00bb,\u00bbimage_alt\u00bb:\u00bbBa\\u00f1o privado\u00bb,\u00bbmeta\u00bb:\u00bb2 Ba\\u00f1os\u00bb,\u00bbtags\u00bb:\u00bbBa\\u00f1o privado\u00bb}},{\u00abtype\u00bb:\u00bbgrid_item\u00bb,\u00bbprops\u00bb:{\u00ab_condition\u00bb:true,\u00bbcontent\u00bb:\u00bb\u00bb,\u00bbimage\u00bb:\u00bbwp-content\\\/uploads\\\/yootheme\\\/icon-kitchen.svg\u00bb,\u00bbimage_alt\u00bb:\u00bbCocina\u00bb,\u00bbmeta\u00bb:\u00bbCocina\u00bb,\u00bbtags\u00bb:\u00bbCocina\u00bb}},{\u00abtype\u00bb:\u00bbgrid_item\u00bb,\u00bbprops\u00bb:{\u00ab_condition\u00bb:true,\u00bbcontent\u00bb:\u00bb\u00bb,\u00bbimage\u00bb:\u00bbwp-content\\\/uploads\\\/icon-washing-machine.svg\u00bb,\u00bbimage_alt\u00bb:\u00bbLavadora\u00bb,\u00bbmeta\u00bb:\u00bbLavadora\u00bb,\u00bbtags\u00bb:\u00bbLavadora\u00bb}}]},{\u00abtype\u00bb:\u00bbheadline\u00bb,\u00bbprops\u00bb:{\u00abcontent\u00bb:\u00bbPrecio y condiciones\u00bb,\u00bbtitle_element\u00bb:\u00bbh3&#8243;}},{\u00abtype\u00bb:\u00bbgrid\u00bb,\u00bbprops\u00bb:{\u00abcontent_column_breakpoint\u00bb:\u00bbm\u00bb,\u00bbcontent_style\u00bb:\u00bbtext-small\u00bb,\u00bbfilter_align\u00bb:\u00bbleft\u00bb,\u00bbfilter_all\u00bb:true,\u00bbfilter_grid_breakpoint\u00bb:\u00bbm\u00bb,\u00bbfilter_grid_width\u00bb:\u00bbauto\u00bb,\u00bbfilter_position\u00bb:\u00bbtop\u00bb,\u00bbfilter_style\u00bb:\u00bbtab\u00bb,\u00bbgrid_column_align\u00bb:false,\u00bbgrid_column_gap\u00bb:\u00bbmedium\u00bb,\u00bbgrid_default\u00bb:\u00bb1&#8243;,\u00bbgrid_divider\u00bb:true,\u00bbgrid_medium\u00bb:\u00bbauto\u00bb,\u00bbgrid_row_align\u00bb:false,\u00bbgrid_row_gap\u00bb:\u00bbmedium\u00bb,\u00bbicon_width\u00bb:80,\u00bbimage_align\u00bb:\u00bbleft\u00bb,\u00bbimage_grid_breakpoint\u00bb:\u00bb\u00bb,\u00bbimage_grid_column_gap\u00bb:\u00bbsmall\u00bb,\u00bbimage_grid_row_gap\u00bb:\u00bbsmall\u00bb,\u00bbimage_grid_width\u00bb:\u00bbauto\u00bb,\u00bbimage_height\u00bb:35,\u00bbimage_loading\u00bb:true,\u00bbimage_svg_animate\u00bb:false,\u00bbimage_svg_color\u00bb:\u00bbsecondary\u00bb,\u00bbimage_svg_inline\u00bb:true,\u00bbimage_transition\u00bb:\u00bbscale-up\u00bb,\u00bbimage_vertical_align\u00bb:true,\u00bbimage_width\u00bb:35,\u00bbitem_animation\u00bb:true,\u00bblightbox_bg_close\u00bb:true,\u00bblink_size\u00bb:\u00bbsmall\u00bb,\u00bblink_style\u00bb:\u00bbdefault\u00bb,\u00bblink_text\u00bb:\u00bb\u00bb,\u00bbmargin\u00bb:\u00bblarge\u00bb,\u00bbmeta_align\u00bb:\u00bbabove-title\u00bb,\u00bbmeta_element\u00bb:\u00bbdiv\u00bb,\u00bbmeta_margin\u00bb:\u00bbremove\u00bb,\u00bbmeta_style\u00bb:\u00bbh6&#8243;,\u00bbpanel_link\u00bb:true,\u00bbparallax_easing\u00bb:\u00bb1&#8243;,\u00bbposition\u00bb:\u00bbrelative\u00bb,\u00bbposition_z_index\u00bb:\u00bb1&#8243;,\u00bbshow_content\u00bb:true,\u00bbshow_hover_image\u00bb:true,\u00bbshow_hover_video\u00bb:true,\u00bbshow_image\u00bb:true,\u00bbshow_link\u00bb:true,\u00bbshow_meta\u00bb:true,\u00bbshow_title\u00bb:true,\u00bbshow_video\u00bb:true,\u00bbtext_align\u00bb:\u00bbleft\u00bb,\u00bbtitle_align\u00bb:\u00bbtop\u00bb,\u00bbtitle_color\u00bb:\u00bbemphasis\u00bb,\u00bbtitle_element\u00bb:\u00bbdiv\u00bb,\u00bbtitle_grid_breakpoint\u00bb:\u00bbm\u00bb,\u00bbtitle_grid_width\u00bb:\u00bbauto\u00bb,\u00bbtitle_hover_style\u00bb:\u00bbreset\u00bb,\u00bbtitle_margin\u00bb:\u00bbremove\u00bb,\u00bbtitle_style\u00bb:\u00bbh6&#8243;},\u00bbchildren\u00bb:[{\u00abtype\u00bb:\u00bbgrid_item\u00bb,\u00bbprops\u00bb:{\u00abcontent\u00bb:\u00bb\u00bb,\u00bbimage\u00bb:\u00bbwp-content\\\/uploads\\\/2025\\\/05\\\/precio-de-la-vivienda.webp\u00bb,\u00bbimage_alt\u00bb:\u00bbPrecio mes\u00bb,\u00bbmeta\u00bb:\u00bbPrecio mes\u00bb,\u00bbtags\u00bb:\u00bbPrecio vivienda, Vilc\\u00e1lvaro\u00bb,\u00bbtitle\u00bb:\u00bb4,000 \\u20ac\u00bb}}],\u00bbname\u00bb:\u00bbPreciosNARCISOSERRA\u00bb},{\u00abtype\u00bb:\u00bbbutton\u00bb,\u00bbprops\u00bb:{\u00abgrid_column_gap\u00bb:\u00bbsmall\u00bb,\u00bbgrid_row_gap\u00bb:\u00bbsmall\u00bb,\u00bbmargin\u00bb:\u00bbsmall\u00bb,\u00bbmargin_remove_top\u00bb:false,\u00bbmaxwidth\u00bb:\u00bblarge\u00bb,\u00bbposition_bottom\u00bb:\u00bb70&#8243;,\u00bbposition_left\u00bb:\u00bb70&#8243;},\u00bbchildren\u00bb:[{\u00abtype\u00bb:\u00bbbutton_item\u00bb,\u00bbprops\u00bb:{\u00abbutton_style\u00bb:\u00bbdefault\u00bb,\u00bbcontent\u00bb:\u00bb<span class=\\\"uk-margin-small-right\\\"><img alt src=\\\"https:\\\/\\\/globalhp.es\\\/wp-content\\\/uploads\\\/2025\\\/05\\\/condiciones-de-contrato.png\\\" loading=\\\"lazy\\\"><\\\/span>Condiciones\u00bb,\u00bbdialog_layout\u00bb:\u00bbmodal\u00bb,\u00bbdialog_offcanvas_flip\u00bb:true,\u00bbicon\u00bb:\u00bb\u00bb,\u00bbicon_align\u00bb:\u00bbleft\u00bb,\u00bbimage_height\u00bb:\u00bb600&#8243;,\u00bbimage_width\u00bb:\u00bb900&#8243;,\u00bblink\u00bb:\u00bbwp-content\\\/uploads\\\/2025\\\/09\\\/NARCISO-CONDI.pdf\u00bb,\u00bblink_aria_label\u00bb:\u00bbCondiciones de contrato\u00bb,\u00bblink_target\u00bb:\u00bbmodal\u00bb,\u00bblink_title\u00bb:\u00bbCondiciones\u00bb}},{\u00abtype\u00bb:\u00bbbutton_item\u00bb,\u00bbprops\u00bb:{\u00abbutton_style\u00bb:\u00bbprimary\u00bb,\u00bbcontent\u00bb:\u00bbContacto\u00bb,\u00bbdialog_layout\u00bb:\u00bbmodal\u00bb,\u00bbdialog_offcanvas_flip\u00bb:true,\u00bbicon\u00bb:\u00bbreceiver\u00bb,\u00bbicon_align\u00bb:\u00bbleft\u00bb,\u00bblink\u00bb:\u00bbtel:+34630884771&#8243;,\u00bblink_aria_label\u00bb:\u00bbM\\u00e1s informaci\\u00f3n\u00bb,\u00bblink_title\u00bb:\u00bbM\\u00e1s informaci\\u00f3n\u00bb}},{\u00abtype\u00bb:\u00bbbutton_item\u00bb,\u00bbprops\u00bb:{\u00abbutton_style\u00bb:\u00bbtext\u00bb,\u00bbcontent\u00bb:\u00bbMail\u00bb,\u00bbdialog_layout\u00bb:\u00bbmodal\u00bb,\u00bbdialog_offcanvas_flip\u00bb:true,\u00bbicon\u00bb:\u00bbmail\u00bb,\u00bbicon_align\u00bb:\u00bbleft\u00bb,\u00bblink\u00bb:\u00bbmailto:mlosa@globalhp.es\u00bb,\u00bblink_aria_label\u00bb:\u00bbM\\u00e1s informaci\\u00f3n\u00bb,\u00bblink_title\u00bb:\u00bbM\\u00e1s informaci\\u00f3n\u00bb}}],\u00bbname\u00bb:\u00bbCONDICIONESyCONTACTO\u00bb},{\u00abtype\u00bb:\u00bbdivider\u00bb,\u00bbprops\u00bb:{\u00abdivider_element\u00bb:\u00bbhr\u00bb,\u00bbvisibility\u00bb:\u00bbm\u00bb}},{\u00abtype\u00bb:\u00bbtext\u00bb,\u00bbprops\u00bb:{\u00abcolumn_breakpoint\u00bb:\u00bbm\u00bb,\u00bbcontent\u00bb:\u00bb<\/p>\n<p><strong>Licencia:<\\\/strong><br \\\/>ESFCNT0000280890000790830000000000000000000000<br \/>0000003<\\\/p>\u00ab,\u00bbmargin\u00bb:\u00bbdefault\u00bb,\u00bbvisibility\u00bb:\u00bbm\u00bb}}]}]}],\u00bbname\u00bb:\u00bbAccommodations\u00bb},{\u00abtype\u00bb:\u00bbsection\u00bb,\u00bbprops\u00bb:{\u00abhtml_element\u00bb:\u00bbsection\u00bb,\u00bbimage_position\u00bb:\u00bbcenter-center\u00bb,\u00bbpadding_remove_top\u00bb:true,\u00bbstyle\u00bb:\u00bbdefault\u00bb,\u00bbtitle_breakpoint\u00bb:\u00bbxl\u00bb,\u00bbtitle_position\u00bb:\u00bbtop-left\u00bb,\u00bbtitle_rotation\u00bb:\u00bbleft\u00bb,\u00bbvertical_align\u00bb:\u00bb\u00bb,\u00bbwidth\u00bb:\u00bb\u00bb},\u00bbchildren\u00bb:[{\u00abtype\u00bb:\u00bbrow\u00bb,\u00bbprops\u00bb:{\u00abcolumn_gap\u00bb:\u00bblarge\u00bb,\u00bbmargin\u00bb:\u00bblarge\u00bb,\u00bbmargin_remove_top\u00bb:false,\u00bbrow_gap\u00bb:\u00bbcollapse\u00bb,\u00bbwidth\u00bb:\u00bblarge\u00bb},\u00bbchildren\u00bb:[{\u00abtype\u00bb:\u00bbcolumn\u00bb,\u00bbprops\u00bb:{\u00abimage_position\u00bb:\u00bbcenter-center\u00bb,\u00bbposition_sticky_breakpoint\u00bb:\u00bbm\u00bb},\u00bbchildren\u00bb:[{\u00abtype\u00bb:\u00bbheadline\u00bb,\u00bbprops\u00bb:{\u00abcontent\u00bb:\u00bbReserva tu apartamento en Zona Retiro\u00bb,\u00bbid\u00bb:\u00bbReservas\u00bb,\u00bbmargin\u00bb:\u00bbsmall\u00bb,\u00bbmargin_remove_top\u00bb:false,\u00bbtitle_element\u00bb:\u00bbh2&#8243;}},{\u00abtype\u00bb:\u00bbheadline\u00bb,\u00bbprops\u00bb:{\u00abcontent\u00bb:\u00bbApartamento en Narciso Serra \\\/ Retiro &#8211; Madrid\u00bb,\u00bbmargin\u00bb:\u00bbsmall\u00bb,\u00bbtitle_color\u00bb:\u00bbprimary\u00bb,\u00bbtitle_element\u00bb:\u00bbdiv\u00bb,\u00bbtitle_style\u00bb:\u00bbh6&#8243;}},{\u00abtype\u00bb:\u00bbtable\u00bb,\u00bbprops\u00bb:{\u00abcontent_style\u00bb:\u00bbh6&#8243;,\u00bbimage_border\u00bb:\u00bbrounded\u00bb,\u00bbimage_height\u00bb:150,\u00bbimage_svg_color\u00bb:\u00bbemphasis\u00bb,\u00bbimage_width\u00bb:170,\u00bblink_style\u00bb:\u00bbprimary\u00bb,\u00bblink_text\u00bb:\u00bbReservar\u00bb,\u00bbmeta_style\u00bb:\u00bbh6&#8243;,\u00bbshow_content\u00bb:true,\u00bbshow_image\u00bb:true,\u00bbshow_link\u00bb:true,\u00bbshow_meta\u00bb:true,\u00bbshow_title\u00bb:true,\u00bbtable_order\u00bb:\u00bb4&#8243;,\u00bbtable_responsive\u00bb:\u00bbresponsive\u00bb,\u00bbtable_size\u00bb:\u00bbsmall\u00bb,\u00bbtable_style\u00bb:\u00bbstriped\u00bb,\u00bbtable_vertical_align\u00bb:true,\u00bbtable_width_meta\u00bb:\u00bbshrink\u00bb,\u00bbtable_width_title\u00bb:\u00bbshrink\u00bb,\u00bbtitle_style\u00bb:\u00bbh5&#8243;},\u00bbchildren\u00bb:[{\u00abtype\u00bb:\u00bbtable_item\u00bb,\u00bbprops\u00bb:{\u00abcontent\u00bb:\u00bb<\/p>\n<div class=\\\"info-container uk-flex uk-flex-between uk-flex-middle\\\">\\n<\/p>\n<div class=\\\"info-text\\\">\\n<\/p>\n<div class=\\\"uk-flex uk-flex-middle uk-margin-small\\\"><img src=\\\"https:\\\/\\\/globalhp.es\\\/wp-content\\\/uploads\\\/yootheme\\\/icon-floorplan.svg\\\" width=\\\"20\\\" height=\\\"20\\\" alt=\\\"170m\\u00b2\\\" loading=\\\"lazy\\\" style=\\\"margin-right: 8px;\\\" \\\/> <span style=\\\"font-family: 'Roboto', sans-serif;\\\">170 m\\u00b2<\\\/span><\\\/div>\\n<\/p>\n<div class=\\\"uk-flex uk-flex-middle uk-margin-small\\\"><img src=\\\"https:\\\/\\\/globalhp.es\\\/wp-content\\\/uploads\\\/icon-wifi.svg\\\" width=\\\"20\\\" height=\\\"20\\\" alt=\\\"Wifi\\\" loading=\\\"lazy\\\" style=\\\"margin-right: 8px;\\\" \\\/> <span style=\\\"font-family: 'Roboto', sans-serif;\\\">Wifi\\\/fibra 1GB<\\\/span><\\\/div>\\n<\/p>\n<div class=\\\"uk-flex uk-flex-middle uk-margin-small\\\"><img src=\\\"https:\\\/\\\/globalhp.es\\\/wp-content\\\/uploads\\\/icon-air-conditioning.svg\\\" width=\\\"20\\\" height=\\\"20\\\" alt=\\\"Aire Acondicionado\\\" loading=\\\"lazy\\\" style=\\\"margin-right: 8px;\\\" \\\/> <span style=\\\"font-family: 'Roboto', sans-serif;\\\">Aire Acondicionado<\\\/span><\\\/div>\\n<\/p>\n<div class=\\\"uk-flex uk-flex-middle uk-margin-small\\\"><img src=\\\"https:\\\/\\\/globalhp.es\\\/wp-content\\\/uploads\\\/yootheme\\\/icon-bathtub.svg\\\" width=\\\"20\\\" height=\\\"20\\\" alt=\\\"Ba\\u00f1o\\\" loading=\\\"lazy\\\" style=\\\"margin-right: 8px;\\\" \\\/> <span style=\\\"font-family: 'Roboto', sans-serif;\\\">2 Ba\\u00f1os<\\\/span><\\\/div>\\n<\/p>\n<div class=\\\"uk-flex uk-flex-middle uk-margin-small\\\"><img src=\\\"https:\\\/\\\/globalhp.es\\\/wp-content\\\/uploads\\\/icon-kitchen.svg\\\" width=\\\"20\\\" height=\\\"20\\\" alt=\\\"Cocina\\\" loading=\\\"lazy\\\" style=\\\"margin-right: 8px;\\\" \\\/> <span style=\\\"font-family: 'Roboto', sans-serif;\\\">Cocina completa<\\\/span><\\\/div>\\n<\/p>\n<div class=\\\"uk-flex uk-flex-middle uk-margin-small\\\"><img src=\\\"https:\\\/\\\/globalhp.es\\\/wp-content\\\/uploads\\\/yootheme\\\/icon-sofa-bed.svg\\\" width=\\\"20\\\" height=\\\"20\\\" alt=\\\"terraza\\\" loading=\\\"lazy\\\" style=\\\"margin-right: 8px;\\\" \\\/> <span style=\\\"font-family: 'Roboto', sans-serif;\\\">1 sof\\u00e1 cama 180&#215;190 <\\\/span><\\\/div>\\n    \\n    <\/p>\n<div class=\\\"uk-flex uk-flex-middle uk-margin-small\\\"><img src=\\\"https:\\\/\\\/globalhp.es\\\/wp-content\\\/uploads\\\/icon-double-bed.svg\\\" width=\\\"20\\\" height=\\\"20\\\" alt=\\\"terraza\\\" loading=\\\"lazy\\\" style=\\\"margin-right: 8px;\\\" \\\/> <span style=\\\"font-family: 'Roboto', sans-serif;\\\">2 cama 135&#215;190 <\\\/span><\\\/div>\\n\\n    <\/p>\n<div class=\\\"uk-flex uk-flex-middle uk-margin-small\\\"><img src=\\\"https:\\\/\\\/globalhp.es\\\/wp-content\\\/uploads\\\/icon-double-bed.svg\\\" width=\\\"20\\\" height=\\\"20\\\" alt=\\\"bed\\\" loading=\\\"lazy\\\" style=\\\"margin-right: 8px;\\\" \\\/> <span style=\\\"font-family: 'Roboto', sans-serif;\\\">1 cama 180&#215;190<\\\/span><\\\/div>\\n<\\\/div>\\n<\/p>\n<div class=\\\"boton-gallery\\\"><a class=\\\"el-content uk-button uk-button-text\\\" href=\\\"#modal-lyc-1\\\" uk-toggle=\\\"\\\"> Ver vivienda <\\\/a><\\\/div>\\n<\\\/div>\\n<\/p>\n<div id=\\\"modal-lyc-1\\\" class=\\\"uk-flex-top\\\" uk-modal=\\\"\\\">\\n<\/p>\n<div class=\\\"uk-modal-dialog uk-modal-container\\\" style=\\\"background-color: #d0d3d7;\\\"><button class=\\\"uk-modal-close-outside\\\" type=\\\"button\\\" uk-close=\\\"\\\"><\\\/button>\\n<\/p>\n<div class=\\\"uk-position-relative uk-visible-toggle uk-light\\\" uk-slider=\\\"center: true\\\" tabindex=\\\"-1\\\">\\n<\/p>\n<ul class=\\\"uk-slider-items uk-grid uk-grid-match\\\" uk-height-viewport=\\\"offset-top: true; offset-bottom: 30\\\">\\n<\/p>\n<li class=\\\"uk-width-4-5\\\">\\n\n<div class=\\\"uk-cover-container\\\"><img src=\\\"https:\\\/\\\/globalhp.es\\\/wp-content\\\/uploads\\\/2025\\\/02\\\/HABITACION-vivienda-en-alquiler-zona-Retiro.webp\\\" alt=\\\"Foto 1 de alquiler Zona Retiro\\\" uk-cover=\\\"\\\" \\\/><\\\/div>\\n<\\\/li>\\n    <\/p>\n<li class=\\\"uk-width-4-5\\\">\\n\n<div class=\\\"uk-cover-container\\\"><img src=\\\"https:\\\/\\\/globalhp.es\\\/wp-content\\\/uploads\\\/2025\\\/12\\\/Habitacion-3-vivienda-en-alquiler-zona-Retiro-Madrid.webp\\\" alt=\\\"foto habitaci\\u00f3n vivienda en alquiler\\\" uk-cover=\\\"\\\" \\\/><\\\/div>\\n<\\\/li>\\n<\/p>\n<li class=\\\"uk-width-4-5\\\">\\n\n<div class=\\\"uk-cover-container\\\"><img src=\\\"https:\\\/\\\/globalhp.es\\\/wp-content\\\/uploads\\\/2025\\\/02\\\/SALON-VIVIENDA-ALQUILER-ZONA-RETIRO.webp\\\" alt=\\\"Foto 2 de alquiler Zona Retiro\\\" uk-cover=\\\"\\\" \\\/><\\\/div>\\n<\\\/li>\\n<\/p>\n<li class=\\\"uk-width-4-5\\\">\\n\n<div class=\\\"uk-cover-container\\\"><img src=\\\"https:\\\/\\\/globalhp.es\\\/wp-content\\\/uploads\\\/2025\\\/02\\\/vivienda-en-alquiler-en-zona-retiro-madrid-3.webp\\\" alt=\\\"Foto 3 de alquiler Zona Retiro\\\" uk-cover\\\/><\\\/div>\\n<\\\/li>\\n<\/p>\n<li class=\\\"uk-width-4-5\\\">\\n\n<div class=\\\"uk-cover-container\\\"><img src=\\\"https:\\\/\\\/globalhp.es\\\/wp-content\\\/uploads\\\/2025\\\/07\\\/COCINA-RETIRO.webp\\\" alt=\\\"cocinca 4 de alquiler Zona Retiro\\\" uk-cover \\\/><\\\/div>\\n<\\\/li>\\n<\/p>\n<li class=\\\"uk-width-4-5\\\">\\n\n<div class=\\\"uk-cover-container\\\"><img src=\\\"https:\\\/\\\/globalhp.es\\\/wp-content\\\/uploads\\\/2025\\\/02\\\/vivienda-en-alquiler-en-zona-retiro-madrid-4.webp\\\" alt=\\\"habitaci\\u00f3n de alquiler Zona Retiro\\\" uk-cover \\\/><\\\/div>\\n<\\\/li>\\n<\/p>\n<li class=\\\"uk-width-4-5\\\">\\n\n<div class=\\\"uk-cover-container\\\"><img src=\\\"https:\\\/\\\/globalhp.es\\\/wp-content\\\/uploads\\\/2025\\\/02\\\/vivienda-en-alquiler-en-zona-retiro-madrid-5.webp\\\" alt=\\\"ba\\u00f1o 2 de alquiler vivienda Zona Retiro\\\" uk-cover=\\\"\\\" \\\/><\\\/div>\\n<\\\/li>\\n<\\\/ul>\\n<a class=\\\"uk-position-center-left uk-position-small uk-hidden-hover\\\" href=\\\"#\\\" uk-slidenav-previous=\\\"\\\" uk-slider-item=\\\"previous\\\"><\\\/a> <a class=\\\"uk-position-center-right uk-position-small uk-hidden-hover\\\" href=\\\"#\\\" uk-slidenav-next=\\\"\\\" uk-slider-item=\\\"next\\\"><\\\/a><\\\/div>\\n<\\\/div>\\n<\\\/div>\u00ab,\u00bbimage\u00bb:\u00bbwp-content\\\/uploads\\\/2025\\\/07\\\/narciso-serra-vivienda-en-alquiler.webp\u00bb,\u00bbimage_alt\u00bb:\u00bbPrecio vivienda en alquiler Narciso Serra\u00bb,\u00bblink\u00bb:\u00bbtel:+34630884771&#8243;,\u00bblink_text\u00bb:\u00bbContacto\u00bb,\u00bbmeta\u00bb:\u00bb\\ud83e\\uddcdx6&#8243;,\u00bbtitle\u00bb:\u00bbNarciso Serra\u00bb}}]},{\u00abtype\u00bb:\u00bbheadline\u00bb,\u00bbprops\u00bb:{\u00abcontent\u00bb:\u00bbDisfruta de lujo y tranquilidad del Retiro\u00bb,\u00bbtitle_element\u00bb:\u00bbh2&#8243;,\u00bbtitle_style\u00bb:\u00bbh3&#8243;,\u00bbvisibility\u00bb:\u00bbhidden-m\u00bb}},{\u00abtype\u00bb:\u00bbtext\u00bb,\u00bbprops\u00bb:{\u00abcolumn_breakpoint\u00bb:\u00bbm\u00bb,\u00bbcontent\u00bb:\u00bb<\/p>\n<p>Este exclusivo piso de 170 m\\u00b2, ubicado a pocos minutos del Parque del Retiro, ofrece una estancia c\\u00f3moda y espaciosa para hasta 6 personas, con 3 habitaciones, 2 ba\\u00f1os, cocina equipada, climatizaci\\u00f3n independiente, calefacci\\u00f3n central y aislamiento t\\u00e9rmico. Dispone adem\\u00e1s de WiFi de alta velocidad, plaza de aparcamiento, televisores modernos y una excelente conexi\\u00f3n con el transporte p\\u00fablico gracias a la cercan\\u00eda del metro Men\\u00e9ndez Pelayo y la estaci\\u00f3n de Atocha-Renfe, convirti\\u00e9ndolo en una opci\\u00f3n ideal para disfrutar de Madrid.<\\\/p>\u00ab,\u00bbmargin\u00bb:\u00bbdefault\u00bb,\u00bbvisibility\u00bb:\u00bbhidden-m\u00bb}},{\u00abtype\u00bb:\u00bbtext\u00bb,\u00bbprops\u00bb:{\u00abcolumn_breakpoint\u00bb:\u00bbm\u00bb,\u00bbcontent\u00bb:\u00bb<\/p>\n<p><strong>Licencia<\\\/strong>: ESFCNT0000280890000790830<br \/>0000000000000000000000000003<\\\/p>\u00ab,\u00bbmargin\u00bb:\u00bbdefault\u00bb,\u00bbvisibility\u00bb:\u00bbhidden-m\u00bb}}]}]},{\u00abtype\u00bb:\u00bbrow\u00bb,\u00bbprops\u00bb:{\u00abwidth\u00bb:\u00bbxlarge\u00bb},\u00bbchildren\u00bb:[{\u00abtype\u00bb:\u00bbcolumn\u00bb,\u00bbprops\u00bb:{\u00abimage_position\u00bb:\u00bbcenter-center\u00bb,\u00bbposition_sticky_breakpoint\u00bb:\u00bbm\u00bb},\u00bbchildren\u00bb:[{\u00abtype\u00bb:\u00bbheadline\u00bb,\u00bbprops\u00bb:{\u00abcontent\u00bb:\u00bbLugares cerca\u00bb,\u00bbmaxwidth\u00bb:\u00bbxlarge\u00bb,\u00bbtitle_decoration\u00bb:\u00bbline\u00bb,\u00bbtitle_element\u00bb:\u00bbh2&#8243;,\u00bbtitle_style\u00bb:\u00bbh4&#8243;}}]}]},{\u00abtype\u00bb:\u00bbrow\u00bb,\u00bbprops\u00bb:{\u00ablayout\u00bb:\u00bb1-3,1-3,1-3&#8243;,\u00bbwidth\u00bb:\u00bbxlarge\u00bb},\u00bbchildren\u00bb:[{\u00abtype\u00bb:\u00bbcolumn\u00bb,\u00bbprops\u00bb:{\u00abimage_position\u00bb:\u00bbcenter-center\u00bb,\u00bbposition_sticky_breakpoint\u00bb:\u00bbm\u00bb,\u00bbwidth_medium\u00bb:\u00bb1-3&#8243;},\u00bbchildren\u00bb:[{\u00abtype\u00bb:\u00bbheadline\u00bb,\u00bbprops\u00bb:{\u00abcontent\u00bb:\u00bbTransporte p\\u00fablico\u00bb,\u00bbtitle_decoration\u00bb:\u00bbbullet\u00bb,\u00bbtitle_element\u00bb:\u00bbh3&#8243;,\u00bbtitle_style\u00bb:\u00bbh5&#8243;}},{\u00abtype\u00bb:\u00bblist\u00bb,\u00bbprops\u00bb:{\u00abcolumn_breakpoint\u00bb:\u00bbm\u00bb,\u00bbcontent_style\u00bb:\u00bbh6&#8243;,\u00bbimage_align\u00bb:\u00bbleft\u00bb,\u00bbimage_height\u00bb:25,\u00bbimage_svg_color\u00bb:\u00bbemphasis\u00bb,\u00bbimage_vertical_align\u00bb:true,\u00bbimage_width\u00bb:25,\u00bblist_element\u00bb:\u00bbul\u00bb,\u00bblist_horizontal_separator\u00bb:\u00bb, \u00ab,\u00bblist_type\u00bb:\u00bbvertical\u00bb,\u00bbshow_image\u00bb:true,\u00bbshow_link\u00bb:true},\u00bbchildren\u00bb:[{\u00abtype\u00bb:\u00bblist_item\u00bb,\u00bbprops\u00bb:{\u00abcontent\u00bb:\u00bbMetro Pac\\u00edfico 600 m\u00bb,\u00bbimage\u00bb:\u00bbwp-content\\\/uploads\\\/icon-high-chair.svg\u00bb}},{\u00abtype\u00bb:\u00bblist_item\u00bb,\u00bbprops\u00bb:{\u00abcontent\u00bb:\u00bbMetro Men\\u00e9ndez Pelayo 650 m\u00bb,\u00bbimage\u00bb:\u00bbwp-content\\\/uploads\\\/icon-high-chair.svg\u00bb}},{\u00abtype\u00bb:\u00bblist_item\u00bb,\u00bbprops\u00bb:{\u00abcontent\u00bb:\u00bbMetro de Conde de Casal 800m\u00bb,\u00bbimage\u00bb:\u00bbwp-content\\\/uploads\\\/icon-high-chair.svg\u00bb}},{\u00abtype\u00bb:\u00bblist_item\u00bb,\u00bbprops\u00bb:{\u00abcontent\u00bb:\u00bbEstaci\\u00f3n de Atocha Renfe 900 m\u00bb,\u00bbimage\u00bb:\u00bbwp-content\\\/uploads\\\/icon-high-chair.svg\u00bb}}]}]},{\u00abtype\u00bb:\u00bbcolumn\u00bb,\u00bbprops\u00bb:{\u00abimage_position\u00bb:\u00bbcenter-center\u00bb,\u00bbposition_sticky_breakpoint\u00bb:\u00bbm\u00bb,\u00bbwidth_medium\u00bb:\u00bb1-3&#8243;},\u00bbchildren\u00bb:[{\u00abtype\u00bb:\u00bbheadline\u00bb,\u00bbprops\u00bb:{\u00abcontent\u00bb:\u00bbTur\\u00edsmo\u00bb,\u00bbtitle_decoration\u00bb:\u00bbbullet\u00bb,\u00bbtitle_element\u00bb:\u00bbh3&#8243;,\u00bbtitle_style\u00bb:\u00bbh5&#8243;}},{\u00abtype\u00bb:\u00bblist\u00bb,\u00bbprops\u00bb:{\u00abcolumn_breakpoint\u00bb:\u00bbm\u00bb,\u00bbcontent_style\u00bb:\u00bbh6&#8243;,\u00bbimage_align\u00bb:\u00bbleft\u00bb,\u00bbimage_height\u00bb:25,\u00bbimage_svg_color\u00bb:\u00bbemphasis\u00bb,\u00bbimage_vertical_align\u00bb:true,\u00bbimage_width\u00bb:25,\u00bblist_element\u00bb:\u00bbul\u00bb,\u00bblist_horizontal_separator\u00bb:\u00bb, \u00ab,\u00bblist_type\u00bb:\u00bbvertical\u00bb,\u00bbshow_image\u00bb:true,\u00bbshow_link\u00bb:true},\u00bbchildren\u00bb:[{\u00abtype\u00bb:\u00bblist_item\u00bb,\u00bbprops\u00bb:{\u00abcontent\u00bb:\u00bbRetiro 800 m\u00bb,\u00bbimage\u00bb:\u00bbwp-content\\\/uploads\\\/2025\\\/07\\\/parque.png\u00bb,\u00bbimage_alt\u00bb:\u00bbRetiro\u00bb}},{\u00abtype\u00bb:\u00bblist_item\u00bb,\u00bbprops\u00bb:{\u00abcontent\u00bb:\u00bbReal Jard\\u00edn Bot\\u00e1nico 1,7 km\u00bb,\u00bbimage\u00bb:\u00bbwp-content\\\/uploads\\\/2025\\\/07\\\/parque.png\u00bb,\u00bbimage_alt\u00bb:\u00bbParque\u00bb}},{\u00abtype\u00bb:\u00bblist_item\u00bb,\u00bbprops\u00bb:{\u00abcontent\u00bb:\u00bbMuseo Nacional del Prado 1,9 km\u00bb,\u00bbimage\u00bb:\u00bbwp-content\\\/uploads\\\/2025\\\/07\\\/museo.png\u00bb,\u00bbimage_alt\u00bb:\u00bbMuseo\u00bb}},{\u00abtype\u00bb:\u00bblist_item\u00bb,\u00bbprops\u00bb:{\u00abcontent\u00bb:\u00bbSol, centro Madrid 2,9 km\u00bb,\u00bbimage\u00bb:\u00bbwp-content\\\/uploads\\\/2025\\\/07\\\/plaza.png\u00bb,\u00bbimage_alt\u00bb:\u00bbPlaza\u00bb}}]}]},{\u00abtype\u00bb:\u00bbcolumn\u00bb,\u00bbprops\u00bb:{\u00abimage_position\u00bb:\u00bbcenter-center\u00bb,\u00bbposition_sticky_breakpoint\u00bb:\u00bbm\u00bb,\u00bbwidth_medium\u00bb:\u00bb1-3&#8243;},\u00bbchildren\u00bb:[{\u00abtype\u00bb:\u00bbheadline\u00bb,\u00bbprops\u00bb:{\u00abcontent\u00bb:\u00bbAeropuertos\u00bb,\u00bbtitle_decoration\u00bb:\u00bbbullet\u00bb,\u00bbtitle_element\u00bb:\u00bbh3&#8243;,\u00bbtitle_style\u00bb:\u00bbh5&#8243;}},{\u00abtype\u00bb:\u00bblist\u00bb,\u00bbprops\u00bb:{\u00abcolumn_breakpoint\u00bb:\u00bbm\u00bb,\u00bbcontent_style\u00bb:\u00bbh6&#8243;,\u00bbimage_align\u00bb:\u00bbleft\u00bb,\u00bbimage_height\u00bb:25,\u00bbimage_svg_color\u00bb:\u00bbemphasis\u00bb,\u00bbimage_vertical_align\u00bb:true,\u00bbimage_width\u00bb:25,\u00bblist_element\u00bb:\u00bbul\u00bb,\u00bblist_horizontal_separator\u00bb:\u00bb, \u00ab,\u00bblist_type\u00bb:\u00bbvertical\u00bb,\u00bbshow_image\u00bb:true,\u00bbshow_link\u00bb:true},\u00bbchildren\u00bb:[{\u00abtype\u00bb:\u00bblist_item\u00bb,\u00bbprops\u00bb:{\u00abcontent\u00bb:\u00bbAeropuerto Adolfo Su\\u00e1rez Madrid a 13 km\u00bb,\u00bbimage\u00bb:\u00bbwp-content\\\/uploads\\\/2025\\\/07\\\/avion.png\u00bb,\u00bbimage_alt\u00bb:\u00bbAeropuerto\u00bb}}]}]}]},{\u00abtype\u00bb:\u00bbrow\u00bb,\u00bbprops\u00bb:{\u00abclass\u00bb:\u00bbuk-visible@s\u00bb,\u00bbwidth\u00bb:\u00bbxlarge\u00bb},\u00bbchildren\u00bb:[{\u00abtype\u00bb:\u00bbcolumn\u00bb,\u00bbprops\u00bb:{\u00abimage\u00bb:\u00bbwp-content\\\/uploads\\\/feature-integrations-bg.svg\u00bb,\u00bbimage_position\u00bb:\u00bbcenter-center\u00bb,\u00bbposition_sticky_breakpoint\u00bb:\u00bbm\u00bb},\u00bbchildren\u00bb:[{\u00abtype\u00bb:\u00bbheadline\u00bb,\u00bbprops\u00bb:{\u00abcontent\u00bb:\u00bbComentarios de clientes\u00bb,\u00bbid\u00bb:\u00bbValoraci\\u00f3n\u00bb,\u00bbtitle_element\u00bb:\u00bbh3&#8243;}},{\u00abtype\u00bb:\u00bblist\u00bb,\u00bbprops\u00bb:{\u00abcolumn_breakpoint\u00bb:\u00bbm\u00bb,\u00bbcontent_style\u00bb:\u00bbh4&#8243;,\u00bbimage_align\u00bb:\u00bbleft\u00bb,\u00bbimage_height\u00bb:35,\u00bbimage_svg_color\u00bb:\u00bbemphasis\u00bb,\u00bbimage_vertical_align\u00bb:true,\u00bbimage_width\u00bb:35,\u00bblist_element\u00bb:\u00bbul\u00bb,\u00bblist_horizontal_separator\u00bb:\u00bb, \u00ab,\u00bblist_type\u00bb:\u00bbvertical\u00bb,\u00bbshow_image\u00bb:true,\u00bbshow_link\u00bb:true},\u00bbchildren\u00bb:[{\u00abtype\u00bb:\u00bblist_item\u00bb,\u00bbprops\u00bb:{\u00abcontent\u00bb:\u00bb<\/p>\n<p style=\\\"font-family: 'Roboto', sans-serif; font-size: 1.5rem;\\\">\\n  <span style=\\\"color: #008000; font-weight: bold;\\\">9,7<\\\/span> Media\\n<\\\/p>\u00ab,\u00bbimage\u00bb:\u00bbwp-content\\\/uploads\\\/yootheme\\\/icon-exclusive-experiences.svg\u00bb,\u00bbimage_alt\u00bb:\u00bbMedia\u00bb}}]},{\u00abtype\u00bb:\u00bbpanel-slider\u00bb,\u00bbprops\u00bb:{\u00abcontent_column_breakpoint\u00bb:\u00bbm\u00bb,\u00bbcontent_margin\u00bb:\u00bbsmall\u00bb,\u00bbcontent_style\u00bb:\u00bbh5&#8243;,\u00bbcss\u00bb:\u00bb.el-item {box-shadow: none;}\u00bb,\u00bbicon_width\u00bb:80,\u00bbimage_align\u00bb:\u00bbleft\u00bb,\u00bbimage_grid_breakpoint\u00bb:\u00bbm\u00bb,\u00bbimage_grid_column_gap\u00bb:\u00bbmedium\u00bb,\u00bbimage_grid_row_gap\u00bb:\u00bbsmall\u00bb,\u00bbimage_grid_width\u00bb:\u00bbauto\u00bb,\u00bbimage_svg_color\u00bb:\u00bbemphasis\u00bb,\u00bblink_style\u00bb:\u00bbdefault\u00bb,\u00bblink_text\u00bb:\u00bb\u00bb,\u00bbmargin\u00bb:\u00bb\u00bb,\u00bbmargin_remove_bottom\u00bb:false,\u00bbmeta_align\u00bb:\u00bbbelow-title\u00bb,\u00bbmeta_element\u00bb:\u00bbdiv\u00bb,\u00bbmeta_style\u00bb:\u00bbh4&#8243;,\u00bbnav\u00bb:\u00bb\u00bb,\u00bbnav_align\u00bb:\u00bbcenter\u00bb,\u00bbnav_breakpoint\u00bb:\u00bbs\u00bb,\u00bbpanel_card_offset\u00bb:false,\u00bbpanel_image_no_padding\u00bb:false,\u00bbpanel_link\u00bb:false,\u00bbpanel_match\u00bb:true,\u00bbpanel_padding\u00bb:\u00bbsmall\u00bb,\u00bbpanel_style\u00bb:\u00bbcard-default\u00bb,\u00bbshow_content\u00bb:true,\u00bbshow_hover_image\u00bb:true,\u00bbshow_hover_video\u00bb:true,\u00bbshow_image\u00bb:true,\u00bbshow_link\u00bb:true,\u00bbshow_meta\u00bb:true,\u00bbshow_title\u00bb:true,\u00bbshow_video\u00bb:true,\u00bbslidenav\u00bb:\u00bb\u00bb,\u00bbslidenav_breakpoint\u00bb:\u00bbxl\u00bb,\u00bbslidenav_margin\u00bb:\u00bbmedium\u00bb,\u00bbslidenav_outside_breakpoint\u00bb:\u00bbxl\u00bb,\u00bbslider_autoplay\u00bb:true,\u00bbslider_autoplay_interval\u00bb:\u00bb4&#8243;,\u00bbslider_autoplay_pause\u00bb:false,\u00bbslider_center\u00bb:true,\u00bbslider_finite\u00bb:false,\u00bbslider_gap\u00bb:\u00bbsmall\u00bb,\u00bbslider_sets\u00bb:false,\u00bbslider_width\u00bb:\u00bbfixed\u00bb,\u00bbslider_width_default\u00bb:\u00bb3-5&#8243;,\u00bbslider_width_large\u00bb:\u00bb1-3&#8243;,\u00bbslider_width_medium\u00bb:\u00bb1-3&#8243;,\u00bbslider_width_small\u00bb:\u00bb1-2&#8243;,\u00bbslider_width_xlarge\u00bb:\u00bb1-3&#8243;,\u00bbtitle_align\u00bb:\u00bbtop\u00bb,\u00bbtitle_color\u00bb:\u00bbprimary\u00bb,\u00bbtitle_element\u00bb:\u00bbh3&#8243;,\u00bbtitle_grid_breakpoint\u00bb:\u00bbm\u00bb,\u00bbtitle_grid_width\u00bb:\u00bb1-2&#8243;,\u00bbtitle_hover_style\u00bb:\u00bbreset\u00bb,\u00bbtitle_style\u00bb:\u00bbh6&#8243;},\u00bbchildren\u00bb:[{\u00abtype\u00bb:\u00bbpanel-slider_item\u00bb,\u00bbprops\u00bb:{\u00abcontent\u00bb:\u00bb<\/p>\n<p>Todo muy limpio , tal y como est\\u00e1 en las fotos. \\nEl anfitri\\u00f3n muy amable, incluso nos dej\\u00f3 entrar un poco antes al apartamento de la hora prevista.<\\\/p>\u00ab,\u00bbimage\u00bb:\u00bbwp-content\\\/uploads\\\/2025\\\/07\\\/usuario.png\u00bb,\u00bbimage_alt\u00bb:\u00bbrese\\u00f1a de vivienda en Puente de Vallecas\u00bb,\u00bbmeta\u00bb:\u00bbGenial\u00bb,\u00bbtitle\u00bb:\u00bbSantos\u00bb}},{\u00abtype\u00bb:\u00bbpanel-slider_item\u00bb,\u00bbprops\u00bb:{\u00abcontent\u00bb:\u00bb<\/p>\n<p>La comunicaci\\u00f3n por WhatsApp y la atenci\\u00f3n de la propetaria genial. Todo muy limpio.<\\\/p>\u00ab,\u00bbimage\u00bb:\u00bbwp-content\\\/uploads\\\/2025\\\/07\\\/usuario.png\u00bb,\u00bbimage_alt\u00bb:\u00bbrese\\u00f1a de vivienda en Puente de Vallecas\u00bb,\u00bbmeta\u00bb:\u00bbFant\\u00e1stico\u00bb,\u00bbtitle\u00bb:\u00bbAlba\u00bb}},{\u00abtype\u00bb:\u00bbpanel-slider_item\u00bb,\u00bbprops\u00bb:{\u00abcontent\u00bb:\u00bb<\/p>\n<p>El apartamento es hermoso! C\\u00f3modo, y muy completo. Gena es muy servicial. Nos dej\\u00f3 t\\u00e9s, jugos, agua y leche de bienvenida.<\\\/p>\u00ab,\u00bbimage\u00bb:\u00bbwp-content\\\/uploads\\\/2025\\\/07\\\/usuario.png\u00bb,\u00bbimage_alt\u00bb:\u00bbrese\\u00f1a de vivienda en Puente de Vallecas\u00bb,\u00bbmeta\u00bb:\u00bbGenial\u00bb,\u00bbtitle\u00bb:\u00bbLaura\u00bb}},{\u00abtype\u00bb:\u00bbpanel-slider_item\u00bb,\u00bbprops\u00bb:{\u00abcontent\u00bb:\u00bb<\/p>\n<p>Como ubicaci\\u00f3n est\\u00e1 al lado de una de las circunvalaciones de Madrid, por lo que est\\u00e1 todo relativamente cerca.<\\\/p>\u00ab,\u00bbimage\u00bb:\u00bbwp-content\\\/uploads\\\/2025\\\/07\\\/usuario.png\u00bb,\u00bbimage_alt\u00bb:\u00bbrese\\u00f1a de vivienda en Puente de Vallecas\u00bb,\u00bbmeta\u00bb:\u00bbMuy bien\u00bb,\u00bbtitle\u00bb:\u00bbJosep\u00bb}},{\u00abtype\u00bb:\u00bbpanel-slider_item\u00bb,\u00bbprops\u00bb:{\u00abcontent\u00bb:\u00bb<\/p>\n<p>Estupendo. Apartamento muy c\\u00f3modo. Super limpio.\\nLas camas comodisimas. La persona encargada, Gema, muy atenta.<\\\/p>\u00ab,\u00bbimage\u00bb:\u00bbwp-content\\\/uploads\\\/2025\\\/07\\\/usuario.png\u00bb,\u00bbimage_alt\u00bb:\u00bbrese\\u00f1a de vivienda en Puente de Vallecas\u00bb,\u00bbmeta\u00bb:\u00bbFant\\u00e1stico\u00bb,\u00bbtitle\u00bb:\u00bbMaxi\u00bb}},{\u00abtype\u00bb:\u00bbpanel-slider_item\u00bb,\u00bbprops\u00bb:{\u00abcontent\u00bb:\u00bb<\/p>\n<p>Apartamento acogedor y bien cuidado, equipado con todo lo necesario y muy bonito. Personal amable y atentos.<\\\/p>\u00ab,\u00bbimage\u00bb:\u00bbwp-content\\\/uploads\\\/2025\\\/07\\\/usuario.png\u00bb,\u00bbimage_alt\u00bb:\u00bbrese\\u00f1a de vivienda en Puente de Vallecas\u00bb,\u00bbmeta\u00bb:\u00bbMuy bonito\u00bb,\u00bbtitle\u00bb:\u00bb\\u00c1ngela\u00bb}},{\u00abtype\u00bb:\u00bbpanel-slider_item\u00bb,\u00bbprops\u00bb:{\u00abcontent\u00bb:\u00bb<\/p>\n<p>Lo mejor es que el el piso est\\u00e1 nuevo, tiene una terraza peque\\u00f1a y la verdad tiene de todo. Televisiones gigantes y mont\\u00f3n de herramientas de cocina.<\\\/p>\u00ab,\u00bbimage\u00bb:\u00bbwp-content\\\/uploads\\\/2025\\\/07\\\/usuario.png\u00bb,\u00bbimage_alt\u00bb:\u00bbrese\\u00f1a de vivienda en Puente de Vallecas\u00bb,\u00bbmeta\u00bb:\u00bbFant\\u00e1stico\u00bb,\u00bbtitle\u00bb:\u00bbSara\u00bb}}]}]}]},{\u00abtype\u00bb:\u00bbrow\u00bb,\u00bbprops\u00bb:{\u00abwidth\u00bb:\u00bbxlarge\u00bb},\u00bbchildren\u00bb:[{\u00abtype\u00bb:\u00bbcolumn\u00bb,\u00bbprops\u00bb:{\u00abimage_position\u00bb:\u00bbcenter-center\u00bb,\u00bbposition_sticky_breakpoint\u00bb:\u00bbm\u00bb},\u00bbchildren\u00bb:[{\u00abtype\u00bb:\u00bbheadline\u00bb,\u00bbprops\u00bb:{\u00ab_condition\u00bb:true,\u00bbcontent\u00bb:\u00bbEspecificaciones de la vivienda\u00bb,\u00bbid\u00bb:\u00bbServicios\u00bb,\u00bbmargin\u00bb:\u00bblarge\u00bb,\u00bbmargin_remove_bottom\u00bb:true,\u00bbtitle_element\u00bb:\u00bbh2&#8243;,\u00bbtitle_style\u00bb:\u00bbh3&#8243;}},{\u00abtype\u00bb:\u00bbtext\u00bb,\u00bbprops\u00bb:{\u00abcolumn_breakpoint\u00bb:\u00bbm\u00bb,\u00bbcontent\u00bb:\u00bb<\/p>\n<p>\\u00a1Muy buenos servicios! Puntuaci\\u00f3n: <span class=\\\"uk-text-primary\\\"><strong>9.7<\\\/strong> \\u2b50<\\\/span><\\\/p>\u00ab,\u00bbmargin\u00bb:\u00bbdefault\u00bb,\u00bbtext_color\u00bb:\u00bbemphasis\u00bb,\u00bbtext_style\u00bb:\u00bblead\u00bb}},{\u00abtype\u00bb:\u00bbgrid\u00bb,\u00bbprops\u00bb:{\u00abcontent_column_breakpoint\u00bb:\u00bbm\u00bb,\u00bbcontent_margin\u00bb:\u00bbremove\u00bb,\u00bbfilter_align\u00bb:\u00bbleft\u00bb,\u00bbfilter_all\u00bb:true,\u00bbfilter_grid_breakpoint\u00bb:\u00bbm\u00bb,\u00bbfilter_grid_width\u00bb:\u00bbauto\u00bb,\u00bbfilter_position\u00bb:\u00bbtop\u00bb,\u00bbfilter_style\u00bb:\u00bbtab\u00bb,\u00bbgrid_column_gap\u00bb:\u00bbsmall\u00bb,\u00bbgrid_default\u00bb:\u00bbauto\u00bb,\u00bbgrid_medium\u00bb:\u00bb2&#8243;,\u00bbgrid_parallax_justify\u00bb:false,\u00bbgrid_row_gap\u00bb:\u00bbsmall\u00bb,\u00bbgrid_small\u00bb:\u00bbauto\u00bb,\u00bbicon_width\u00bb:\u00bb25&#8243;,\u00bbimage_align\u00bb:\u00bbtop\u00bb,\u00bbimage_grid_breakpoint\u00bb:\u00bb\u00bb,\u00bbimage_grid_column_gap\u00bb:\u00bbsmall\u00bb,\u00bbimage_grid_width\u00bb:\u00bbauto\u00bb,\u00bbimage_height\u00bb:25,\u00bbimage_svg_color\u00bb:\u00bbemphasis\u00bb,\u00bbimage_svg_inline\u00bb:true,\u00bbimage_width\u00bb:25,\u00bbitem_animation\u00bb:true,\u00bbitem_maxwidth\u00bb:\u00bbsmall\u00bb,\u00bblightbox\u00bb:false,\u00bblightbox_bg_close\u00bb:true,\u00bblink_style\u00bb:\u00bbdefault\u00bb,\u00bblink_text\u00bb:\u00bbRead more\u00bb,\u00bbmargin\u00bb:\u00bbdefault\u00bb,\u00bbmeta_align\u00bb:\u00bbbelow-title\u00bb,\u00bbmeta_color\u00bb:\u00bbemphasis\u00bb,\u00bbmeta_element\u00bb:\u00bbdiv\u00bb,\u00bbmeta_margin\u00bb:\u00bbsmall\u00bb,\u00bbmeta_style\u00bb:\u00bbtext-meta\u00bb,\u00bbpanel_padding\u00bb:\u00bbdefault\u00bb,\u00bbpanel_style\u00bb:\u00bbcard-secondary\u00bb,\u00bbparallax_easing\u00bb:\u00bb1&#8243;,\u00bbshow_content\u00bb:true,\u00bbshow_hover_image\u00bb:true,\u00bbshow_hover_video\u00bb:true,\u00bbshow_image\u00bb:true,\u00bbshow_link\u00bb:true,\u00bbshow_meta\u00bb:true,\u00bbshow_title\u00bb:true,\u00bbshow_video\u00bb:true,\u00bbtext_align\u00bb:\u00bbcenter\u00bb,\u00bbtitle_align\u00bb:\u00bbtop\u00bb,\u00bbtitle_element\u00bb:\u00bbh4&#8243;,\u00bbtitle_grid_breakpoint\u00bb:\u00bbm\u00bb,\u00bbtitle_grid_width\u00bb:\u00bbsmall\u00bb,\u00bbtitle_hover_style\u00bb:\u00bbreset\u00bb,\u00bbtitle_margin\u00bb:\u00bbsmall\u00bb,\u00bbtitle_style\u00bb:\u00bbh5&#8243;,\u00bbvisibility\u00bb:\u00bbhidden-m\u00bb},\u00bbchildren\u00bb:[{\u00abtype\u00bb:\u00bbgrid_item\u00bb,\u00bbprops\u00bb:{\u00ab_condition\u00bb:true,\u00bbcontent\u00bb:\u00bb\u00bb,\u00bbimage\u00bb:\u00bbwp-content\\\/uploads\\\/yootheme\\\/icon-wifi.svg\u00bb,\u00bbimage_alt\u00bb:\u00bbWifi gratis\u00bb,\u00bbmeta\u00bb:\u00bbWifi gratis\u00bb,\u00bbtags\u00bb:\u00bbWifi gratis\u00bb}},{\u00abtype\u00bb:\u00bbgrid_item\u00bb,\u00bbprops\u00bb:{\u00ab_condition\u00bb:true,\u00bbcontent\u00bb:\u00bb\u00bb,\u00bbimage\u00bb:\u00bbwp-content\\\/uploads\\\/yootheme\\\/icon-bathtub.svg\u00bb,\u00bbimage_alt\u00bb:\u00bbBa\\u00f1o privado\u00bb,\u00bbmeta\u00bb:\u00bbBa\\u00f1o privado\u00bb,\u00bbtags\u00bb:\u00bbBa\\u00f1o privado\u00bb}},{\u00abtype\u00bb:\u00bbgrid_item\u00bb,\u00bbprops\u00bb:{\u00ab_condition\u00bb:true,\u00bbcontent\u00bb:\u00bb\u00bb,\u00bbimage\u00bb:\u00bbwp-content\\\/uploads\\\/yootheme\\\/icon-kitchen.svg\u00bb,\u00bbimage_alt\u00bb:\u00bbCocina\u00bb,\u00bbmeta\u00bb:\u00bbCocina\u00bb,\u00bbtags\u00bb:\u00bbCocina\u00bb}},{\u00abtype\u00bb:\u00bbgrid_item\u00bb,\u00bbprops\u00bb:{\u00ab_condition\u00bb:true,\u00bbcontent\u00bb:\u00bb\u00bb,\u00bbimage\u00bb:\u00bbwp-content\\\/uploads\\\/icon-washing-machine.svg\u00bb,\u00bbimage_alt\u00bb:\u00bbLavadora\u00bb,\u00bbmeta\u00bb:\u00bbLavadora\u00bb,\u00bbtags\u00bb:\u00bbLavadora\u00bb}}]},{\u00abtype\u00bb:\u00bbgrid\u00bb,\u00bbprops\u00bb:{\u00abcontent_column_breakpoint\u00bb:\u00bbm\u00bb,\u00bbfilter_align\u00bb:\u00bbleft\u00bb,\u00bbfilter_all\u00bb:true,\u00bbfilter_grid_breakpoint\u00bb:\u00bbm\u00bb,\u00bbfilter_grid_width\u00bb:\u00bbauto\u00bb,\u00bbfilter_position\u00bb:\u00bbtop\u00bb,\u00bbfilter_style\u00bb:\u00bbtab\u00bb,\u00bbgrid_default\u00bb:\u00bb2&#8243;,\u00bbgrid_medium\u00bb:\u00bb3&#8243;,\u00bbgrid_row_gap\u00bb:\u00bbsmall\u00bb,\u00bbicon_width\u00bb:\u00bb\u00bb,\u00bbimage_align\u00bb:\u00bbleft\u00bb,\u00bbimage_grid_breakpoint\u00bb:\u00bbs\u00bb,\u00bbimage_grid_column_gap\u00bb:\u00bbsmall\u00bb,\u00bbimage_grid_row_gap\u00bb:\u00bbsmall\u00bb,\u00bbimage_grid_width\u00bb:\u00bbauto\u00bb,\u00bbimage_height\u00bb:28,\u00bbimage_loading\u00bb:true,\u00bbimage_svg_animate\u00bb:false,\u00bbimage_svg_color\u00bb:\u00bb\u00bb,\u00bbimage_svg_inline\u00bb:true,\u00bbimage_vertical_align\u00bb:true,\u00bbimage_width\u00bb:28,\u00bbitem_animation\u00bb:true,\u00bblightbox_bg_close\u00bb:true,\u00bblink_style\u00bb:\u00bbdefault\u00bb,\u00bblink_text\u00bb:\u00bbRead more\u00bb,\u00bbmargin\u00bb:\u00bbmedium\u00bb,\u00bbmeta_align\u00bb:\u00bbbelow-title\u00bb,\u00bbmeta_element\u00bb:\u00bbdiv\u00bb,\u00bbmeta_style\u00bb:\u00bbtext-meta\u00bb,\u00bbpanel_expand\u00bb:\u00bbimage\u00bb,\u00bbparallax_easing\u00bb:\u00bb1&#8243;,\u00bbshow_content\u00bb:true,\u00bbshow_hover_image\u00bb:false,\u00bbshow_hover_video\u00bb:false,\u00bbshow_image\u00bb:true,\u00bbshow_link\u00bb:false,\u00bbshow_meta\u00bb:true,\u00bbshow_title\u00bb:false,\u00bbshow_video\u00bb:false,\u00bbtitle_align\u00bb:\u00bbtop\u00bb,\u00bbtitle_element\u00bb:\u00bbh3&#8243;,\u00bbtitle_grid_breakpoint\u00bb:\u00bbm\u00bb,\u00bbtitle_grid_width\u00bb:\u00bb1-2&#8243;,\u00bbtitle_hover_style\u00bb:\u00bbreset\u00bb},\u00bbchildren\u00bb:[{\u00abtype\u00bb:\u00bbgrid_item\u00bb,\u00bbprops\u00bb:{\u00abcontent\u00bb:\u00bb<\/p>\n<p>Cocina completa<\\\/p>\u00ab,\u00bbimage\u00bb:\u00bbwp-content\\\/uploads\\\/icon-kitchen.svg\u00bb,\u00bbimage_alt\u00bb:\u00bbCocina\u00bb,\u00bbtags\u00bb:\u00bbCocina\u00bb}},{\u00abtype\u00bb:\u00bbgrid_item\u00bb,\u00bbprops\u00bb:{\u00abcontent\u00bb:\u00bb<\/p>\n<p>WiFi &#038; Fibra 1 GB<\\\/p>\u00ab,\u00bbimage\u00bb:\u00bbwp-content\\\/uploads\\\/yootheme\\\/icon-wifi.svg\u00bb,\u00bbimage_alt\u00bb:\u00bbWiFi\u00bb,\u00bbtags\u00bb:\u00bbWiFi\u00bb}},{\u00abtype\u00bb:\u00bbgrid_item\u00bb,\u00bbprops\u00bb:{\u00abcontent\u00bb:\u00bbNevera\u00bb,\u00bbimage\u00bb:\u00bbwp-content\\\/uploads\\\/2025\\\/07\\\/nevera.png\u00bb,\u00bbimage_alt\u00bb:\u00bbNevera\u00bb,\u00bbmeta\u00bb:\u00bb\u00bb,\u00bbtags\u00bb:\u00bbNevera\u00bb,\u00bbtitle\u00bb:\u00bb\u00bb}},{\u00abtype\u00bb:\u00bbgrid_item\u00bb,\u00bbprops\u00bb:{\u00abcontent\u00bb:\u00bbLavavajillas\u00bb,\u00bbimage\u00bb:\u00bbwp-content\\\/uploads\\\/icon-dishwasher.svg\u00bb,\u00bbimage_alt\u00bb:\u00bbLavavajillas\u00bb,\u00bbtags\u00bb:\u00bbLavavajillas\u00bb}},{\u00abtype\u00bb:\u00bbgrid_item\u00bb,\u00bbprops\u00bb:{\u00abcontent\u00bb:\u00bbMicroondas\u00bb,\u00bbimage\u00bb:\u00bbwp-content\\\/uploads\\\/2025\\\/07\\\/microondas-cocina.webp\u00bb,\u00bbimage_alt\u00bb:\u00bbMicroondas\u00bb,\u00bbtags\u00bb:\u00bbMicroondas\u00bb}},{\u00abtype\u00bb:\u00bbgrid_item\u00bb,\u00bbprops\u00bb:{\u00abcontent\u00bb:\u00bbHorno\u00bb,\u00bbimage\u00bb:\u00bbwp-content\\\/uploads\\\/2025\\\/07\\\/Hornos.png\u00bb,\u00bbimage_alt\u00bb:\u00bbHorno\u00bb,\u00bbtags\u00bb:\u00bbHorno\u00bb}},{\u00abtype\u00bb:\u00bbgrid_item\u00bb,\u00bbprops\u00bb:{\u00abcontent\u00bb:\u00bbAire acondicionado\u00bb,\u00bbimage\u00bb:\u00bbhttps:\\\/\\\/globalhp.es\\\/wp-content\\\/uploads\\\/icon-air-conditioning.svg\u00bb,\u00bbimage_alt\u00bb:\u00bbAire acondicionado\u00bb,\u00bbtags\u00bb:\u00bbAire acondicionado\u00bb,\u00bbtitle\u00bb:\u00bb\u00bb}},{\u00abtype\u00bb:\u00bbgrid_item\u00bb,\u00bbprops\u00bb:{\u00abcontent\u00bb:\u00bb<\/p>\n<p>Lavadora<\\\/p>\u00ab,\u00bbimage\u00bb:\u00bbwp-content\\\/uploads\\\/icon-washing-machine.svg\u00bb,\u00bbimage_alt\u00bb:\u00bbLavadora\u00bb,\u00bbtags\u00bb:\u00bbLavadora\u00bb}},{\u00abtype\u00bb:\u00bbgrid_item\u00bb,\u00bbprops\u00bb:{\u00abcontent\u00bb:\u00bbCafetera Nespresso\u00bb,\u00bbimage\u00bb:\u00bbwp-content\\\/uploads\\\/2025\\\/07\\\/cafetera-nespreso.png\u00bb,\u00bbimage_alt\u00bb:\u00bbCafetera Nespresso\u00bb,\u00bbmeta\u00bb:\u00bb\u00bb,\u00bbtags\u00bb:\u00bbCafetera\u00bb}},{\u00abtype\u00bb:\u00bbgrid_item\u00bb,\u00bbprops\u00bb:{\u00abcontent\u00bb:\u00bbCalefacci\\u00f3n central\u00bb,\u00bbimage\u00bb:\u00bbwp-content\\\/uploads\\\/yootheme\\\/icon-sauna.svg\u00bb,\u00bbimage_alt\u00bb:\u00bbCalefacci\\u00f3n\u00bb,\u00bbtags\u00bb:\u00bbAccesible minusv\\u00e1lidos\u00bb}},{\u00abtype\u00bb:\u00bbgrid_item\u00bb,\u00bbprops\u00bb:{\u00abcontent\u00bb:\u00bb3 TV 55\\\u00bb\u00bb,\u00bbimage\u00bb:\u00bbwp-content\\\/uploads\\\/yootheme\\\/icon-tv.svg\u00bb,\u00bbimage_alt\u00bb:\u00bbTV\u00bb,\u00bbtags\u00bb:\u00bbTV\u00bb}},{\u00abtype\u00bb:\u00bbgrid_item\u00bb,\u00bbprops\u00bb:{\u00abcontent\u00bb:\u00bb1 TV 75\\\u00bb\u00bb,\u00bbimage\u00bb:\u00bbwp-content\\\/uploads\\\/yootheme\\\/icon-tv.svg\u00bb,\u00bbimage_alt\u00bb:\u00bbTV\u00bb,\u00bbtags\u00bb:\u00bbTV\u00bb}},{\u00abtype\u00bb:\u00bbgrid_item\u00bb,\u00bbprops\u00bb:{\u00abcontent\u00bb:\u00bbDucha\u00bb,\u00bbimage\u00bb:\u00bbwp-content\\\/uploads\\\/icon-shower.svg\u00bb,\u00bbimage_alt\u00bb:\u00bbDucha\u00bb,\u00bbtags\u00bb:\u00bbDucha\u00bb}},{\u00abtype\u00bb:\u00bbgrid_item\u00bb,\u00bbprops\u00bb:{\u00abcontent\u00bb:\u00bbVentiladores\u00bb,\u00bbimage\u00bb:\u00bbwp-content\\\/uploads\\\/2025\\\/07\\\/ventiladores.png\u00bb,\u00bbimage_alt\u00bb:\u00bbVentiladores\u00bb,\u00bbtags\u00bb:\u00bbVentiladores\u00bb}}]}]}]},{\u00abtype\u00bb:\u00bbrow\u00bb,\u00bbprops\u00bb:{\u00abwidth\u00bb:\u00bbxlarge\u00bb},\u00bbchildren\u00bb:[{\u00abtype\u00bb:\u00bbcolumn\u00bb,\u00bbprops\u00bb:{\u00abimage_position\u00bb:\u00bbcenter-center\u00bb,\u00bbposition_sticky_breakpoint\u00bb:\u00bbm\u00bb},\u00bbchildren\u00bb:[{\u00abtype\u00bb:\u00bbheadline\u00bb,\u00bbprops\u00bb:{\u00ab_condition\u00bb:true,\u00bbcontent\u00bb:\u00bbPreguntas frecuentes\u00bb,\u00bbid\u00bb:\u00bbPreguntas\u00bb,\u00bbmargin\u00bb:\u00bblarge\u00bb,\u00bbmargin_remove_bottom\u00bb:true,\u00bbtitle_decoration\u00bb:\u00bbline\u00bb,\u00bbtitle_element\u00bb:\u00bbh2&#8243;,\u00bbtitle_style\u00bb:\u00bbh3&#8243;}}]}]},{\u00abtype\u00bb:\u00bbrow\u00bb,\u00bbprops\u00bb:{\u00abhtml_element\u00bb:\u00bbsection\u00bb,\u00bblayout\u00bb:\u00bb1-2,1-2&#8243;,\u00bbwidth\u00bb:\u00bbxlarge\u00bb},\u00bbchildren\u00bb:[{\u00abtype\u00bb:\u00bbcolumn\u00bb,\u00bbprops\u00bb:{\u00abimage_position\u00bb:\u00bbcenter-center\u00bb,\u00bbposition_sticky_breakpoint\u00bb:\u00bbm\u00bb,\u00bbwidth_medium\u00bb:\u00bb1-2&#8243;},\u00bbchildren\u00bb:[{\u00abtype\u00bb:\u00bbaccordion\u00bb,\u00bbprops\u00bb:{\u00abcollapsible\u00bb:true,\u00bbcontent_column_breakpoint\u00bb:\u00bbm\u00bb,\u00bbimage_align\u00bb:\u00bbtop\u00bb,\u00bbimage_grid_breakpoint\u00bb:\u00bbm\u00bb,\u00bbimage_grid_width\u00bb:\u00bb1-2&#8243;,\u00bbimage_svg_color\u00bb:\u00bbemphasis\u00bb,\u00bblink_style\u00bb:\u00bbdefault\u00bb,\u00bblink_text\u00bb:\u00bbRead more\u00bb,\u00bbshow_image\u00bb:true,\u00bbshow_link\u00bb:true},\u00bbchildren\u00bb:[{\u00abtype\u00bb:\u00bbaccordion_item\u00bb,\u00bbprops\u00bb:{\u00abcontent\u00bb:\u00bb<\/p>\n<p>Narciso Serra dispone de una plaza de aparcamiento.<\\\/p>\u00ab,\u00bbimage\u00bb:\u00bb\u00bb,\u00bbtitle\u00bb:\u00bb\\u00bfHay parking?\u00bb}},{\u00abtype\u00bb:\u00bbaccordion_item\u00bb,\u00bbprops\u00bb:{\u00abcontent\u00bb:\u00bbNo hay opciones de desayuno disponibles.\u00bb,\u00bbtitle\u00bb:\u00bb\\u00bfSe sirven desayunos?\u00bb}},{\u00abtype\u00bb:\u00bbaccordion_item\u00bb,\u00bbprops\u00bb:{\u00abcontent\u00bb:\u00bbNo hay restaurante.\u00bb,\u00bbtitle\u00bb:\u00bb\\u00bfHay restaurante?\u00bb}},{\u00abtype\u00bb:\u00bbaccordion_item\u00bb,\u00bbprops\u00bb:{\u00abcontent\u00bb:\u00bbNarciso Serra no dispone de piscina.\u00bb,\u00bbtitle\u00bb:\u00bb\\u00bfHay piscina?\u00bb}}]}]},{\u00abtype\u00bb:\u00bbcolumn\u00bb,\u00bbprops\u00bb:{\u00abimage_position\u00bb:\u00bbcenter-center\u00bb,\u00bbposition_sticky_breakpoint\u00bb:\u00bbm\u00bb,\u00bbwidth_medium\u00bb:\u00bb1-2&#8243;},\u00bbchildren\u00bb:[{\u00abtype\u00bb:\u00bbdivider\u00bb,\u00bbprops\u00bb:{\u00abdivider_element\u00bb:\u00bbhr\u00bb,\u00bbvisibility\u00bb:\u00bbhidden-m\u00bb}},{\u00abtype\u00bb:\u00bbaccordion\u00bb,\u00bbprops\u00bb:{\u00abcollapsible\u00bb:true,\u00bbcontent_column_breakpoint\u00bb:\u00bbm\u00bb,\u00bbimage_align\u00bb:\u00bbtop\u00bb,\u00bbimage_grid_breakpoint\u00bb:\u00bbm\u00bb,\u00bbimage_grid_width\u00bb:\u00bb1-2&#8243;,\u00bbimage_svg_color\u00bb:\u00bbemphasis\u00bb,\u00bblink_style\u00bb:\u00bbdefault\u00bb,\u00bblink_text\u00bb:\u00bbRead more\u00bb,\u00bbshow_image\u00bb:true,\u00bbshow_link\u00bb:true},\u00bbchildren\u00bb:[{\u00abtype\u00bb:\u00bbaccordion_item\u00bb,\u00bbprops\u00bb:{\u00abcontent\u00bb:\u00bb<\/p>\n<p>Narciso Serra no admite mascotas.<\\\/p>\u00ab,\u00bbtitle\u00bb:\u00bb\\u00bfPuedo llevar a mi mascota?\u00bb}},{\u00abtype\u00bb:\u00bbaccordion_item\u00bb,\u00bbprops\u00bb:{\u00abcontent\u00bb:\u00bb<\/p>\n<p>Los precios var\\u00edan en funci\\u00f3n de la estancia (fechas, condiciones del apartamento, etc.).<\\\/p>\u00ab,\u00bbtitle\u00bb:\u00bb\\u00bfCu\\u00e1nto cuesta alojarse en Narciso Serra?\u00bb}}]}]}]}],\u00bbname\u00bb:\u00bbAccommodation\u00bb},{\u00abtype\u00bb:\u00bbsection\u00bb,\u00bbprops\u00bb:{\u00abheader_transparent\u00bb:false,\u00bbhtml_element\u00bb:\u00bbsection\u00bb,\u00bbimage_position\u00bb:\u00bbcenter-center\u00bb,\u00bbpadding\u00bb:\u00bbsmall\u00bb,\u00bbpadding_remove_bottom\u00bb:false,\u00bbstyle\u00bb:\u00bbdefault\u00bb,\u00bbtitle_breakpoint\u00bb:\u00bbxl\u00bb,\u00bbtitle_position\u00bb:\u00bbtop-left\u00bb,\u00bbtitle_rotation\u00bb:\u00bbleft\u00bb,\u00bbvertical_align\u00bb:\u00bb\u00bb,\u00bbwidth\u00bb:\u00bbxlarge\u00bb},\u00bbchildren\u00bb:[{\u00abtype\u00bb:\u00bbrow\u00bb,\u00bbchildren\u00bb:[{\u00abtype\u00bb:\u00bbcolumn\u00bb,\u00bbprops\u00bb:{\u00abimage_position\u00bb:\u00bbcenter-center\u00bb,\u00bbposition_sticky_breakpoint\u00bb:\u00bbm\u00bb},\u00bbchildren\u00bb:[{\u00abtype\u00bb:\u00bbheadline\u00bb,\u00bbprops\u00bb:{\u00abcontent\u00bb:\u00bbNormas de la vivienda\u00bb,\u00bbid\u00bb:\u00bbnormas\u00bb,\u00bbtitle_decoration\u00bb:\u00bbline\u00bb,\u00bbtitle_element\u00bb:\u00bbh3&#8243;}}]}]},{\u00abtype\u00bb:\u00bbrow\u00bb,\u00bbprops\u00bb:{\u00ablayout\u00bb:\u00bb1-4,3-4&#8243;},\u00bbchildren\u00bb:[{\u00abtype\u00bb:\u00bbcolumn\u00bb,\u00bbprops\u00bb:{\u00abimage_position\u00bb:\u00bbcenter-center\u00bb,\u00bbposition_sticky_breakpoint\u00bb:\u00bbm\u00bb,\u00bbwidth_medium\u00bb:\u00bb1-4&#8243;},\u00bbchildren\u00bb:[{\u00abtype\u00bb:\u00bblist\u00bb,\u00bbprops\u00bb:{\u00abcolumn_breakpoint\u00bb:\u00bbm\u00bb,\u00bbcontent_style\u00bb:\u00bbh5&#8243;,\u00bbicon_color\u00bb:\u00bbemphasis\u00bb,\u00bbimage_align\u00bb:\u00bbleft\u00bb,\u00bbimage_height\u00bb:30,\u00bbimage_svg_color\u00bb:\u00bbemphasis\u00bb,\u00bbimage_vertical_align\u00bb:true,\u00bbimage_width\u00bb:30,\u00bblist_element\u00bb:\u00bbul\u00bb,\u00bblist_horizontal_separator\u00bb:\u00bb, \u00ab,\u00bblist_type\u00bb:\u00bbvertical\u00bb,\u00bbshow_image\u00bb:true,\u00bbshow_link\u00bb:true},\u00bbchildren\u00bb:[{\u00abtype\u00bb:\u00bblist_item\u00bb,\u00bbprops\u00bb:{\u00abcontent\u00bb:\u00bbEntrada\u00bb,\u00bbicon\u00bb:\u00bb\u00bb,\u00bbimage\u00bb:\u00bbwp-content\\\/uploads\\\/2025\\\/07\\\/check-in.png\u00bb,\u00bbimage_alt\u00bb:\u00bbEntrada\u00bb}}]}]},{\u00abtype\u00bb:\u00bbcolumn\u00bb,\u00bbprops\u00bb:{\u00abimage_position\u00bb:\u00bbcenter-center\u00bb,\u00bbposition_sticky_breakpoint\u00bb:\u00bbm\u00bb,\u00bbwidth_medium\u00bb:\u00bb3-4&#8243;},\u00bbchildren\u00bb:[{\u00abtype\u00bb:\u00bbdescription_list\u00bb,\u00bbprops\u00bb:{\u00abcolumn_breakpoint\u00bb:\u00bbm\u00bb,\u00bblayout\u00bb:\u00bbgrid-2&#8243;,\u00bblist_element\u00bb:\u00bbul\u00bb,\u00bblist_size\u00bb:\u00bblarge\u00bb,\u00bbmeta_align\u00bb:\u00bbbelow-content\u00bb,\u00bbmeta_style\u00bb:\u00bbtext-meta\u00bb,\u00bbshow_content\u00bb:true,\u00bbshow_link\u00bb:true,\u00bbshow_meta\u00bb:true,\u00bbshow_title\u00bb:true,\u00bbtitle_color\u00bb:\u00bbmuted\u00bb,\u00bbtitle_element\u00bb:\u00bbh3&#8243;,\u00bbtitle_grid_breakpoint\u00bb:\u00bbs\u00bb,\u00bbtitle_grid_column_gap\u00bb:\u00bb\u00bb,\u00bbtitle_grid_row_gap\u00bb:\u00bb\u00bb,\u00bbtitle_grid_width\u00bb:\u00bbmedium\u00bb,\u00bbtitle_style\u00bb:\u00bbh6&#8243;},\u00bbchildren\u00bb:[{\u00abtype\u00bb:\u00bbdescription_list_item\u00bb,\u00bbprops\u00bb:{\u00abcontent\u00bb:\u00bbTienes que decirnos con antelaci\\u00f3n a qu\\u00e9 hora vas a llegar.\u00bb,\u00bbmeta\u00bb:\u00bb\u00bb,\u00bbtitle\u00bb:\u00bbTe recibiremos personalmente\u00bb}}]}]}]},{\u00abtype\u00bb:\u00bbrow\u00bb,\u00bbchildren\u00bb:[{\u00abtype\u00bb:\u00bbcolumn\u00bb,\u00bbprops\u00bb:{\u00abimage_position\u00bb:\u00bbcenter-center\u00bb,\u00bbposition_sticky_breakpoint\u00bb:\u00bbm\u00bb},\u00bbchildren\u00bb:[{\u00abtype\u00bb:\u00bbdivider\u00bb,\u00bbprops\u00bb:{\u00abdivider_element\u00bb:\u00bbhr\u00bb}}]}]},{\u00abtype\u00bb:\u00bbrow\u00bb,\u00bbprops\u00bb:{\u00ablayout\u00bb:\u00bb1-4,3-4&#8243;},\u00bbchildren\u00bb:[{\u00abtype\u00bb:\u00bbcolumn\u00bb,\u00bbprops\u00bb:{\u00abimage_position\u00bb:\u00bbcenter-center\u00bb,\u00bbposition_sticky_breakpoint\u00bb:\u00bbm\u00bb,\u00bbwidth_medium\u00bb:\u00bb1-4&#8243;},\u00bbchildren\u00bb:[{\u00abtype\u00bb:\u00bblist\u00bb,\u00bbprops\u00bb:{\u00abcolumn_breakpoint\u00bb:\u00bbm\u00bb,\u00bbcontent_style\u00bb:\u00bbh5&#8243;,\u00bbicon_color\u00bb:\u00bbemphasis\u00bb,\u00bbimage_align\u00bb:\u00bbleft\u00bb,\u00bbimage_svg_color\u00bb:\u00bbemphasis\u00bb,\u00bbimage_vertical_align\u00bb:true,\u00bblist_element\u00bb:\u00bbul\u00bb,\u00bblist_horizontal_separator\u00bb:\u00bb, \u00ab,\u00bblist_type\u00bb:\u00bbvertical\u00bb,\u00bbshow_image\u00bb:true,\u00bbshow_link\u00bb:true},\u00bbchildren\u00bb:[{\u00abtype\u00bb:\u00bblist_item\u00bb,\u00bbprops\u00bb:{\u00abcontent\u00bb:\u00bbSalida\u00bb,\u00bbicon\u00bb:\u00bb\u00bb,\u00bbimage\u00bb:\u00bbwp-content\\\/uploads\\\/2025\\\/07\\\/salida.png\u00bb,\u00bbimage_alt\u00bb:\u00bbSalida\u00bb}}]}]},{\u00abtype\u00bb:\u00bbcolumn\u00bb,\u00bbprops\u00bb:{\u00abimage_position\u00bb:\u00bbcenter-center\u00bb,\u00bbposition_sticky_breakpoint\u00bb:\u00bbm\u00bb,\u00bbwidth_medium\u00bb:\u00bb3-4&#8243;},\u00bbchildren\u00bb:[{\u00abtype\u00bb:\u00bbdescription_list\u00bb,\u00bbprops\u00bb:{\u00abcolumn_breakpoint\u00bb:\u00bbm\u00bb,\u00bblayout\u00bb:\u00bbgrid-2&#8243;,\u00bblist_element\u00bb:\u00bbul\u00bb,\u00bblist_size\u00bb:\u00bblarge\u00bb,\u00bbmeta_align\u00bb:\u00bbbelow-content\u00bb,\u00bbmeta_style\u00bb:\u00bbtext-meta\u00bb,\u00bbshow_content\u00bb:true,\u00bbshow_link\u00bb:true,\u00bbshow_meta\u00bb:true,\u00bbshow_title\u00bb:true,\u00bbtitle_color\u00bb:\u00bbmuted\u00bb,\u00bbtitle_element\u00bb:\u00bbh3&#8243;,\u00bbtitle_grid_breakpoint\u00bb:\u00bbs\u00bb,\u00bbtitle_grid_column_gap\u00bb:\u00bb\u00bb,\u00bbtitle_grid_row_gap\u00bb:\u00bb\u00bb,\u00bbtitle_grid_width\u00bb:\u00bbmedium\u00bb,\u00bbtitle_style\u00bb:\u00bbh6&#8243;},\u00bbchildren\u00bb:[{\u00abtype\u00bb:\u00bbdescription_list_item\u00bb,\u00bbprops\u00bb:{\u00abcontent\u00bb:\u00bb\u00bb,\u00bbmeta\u00bb:\u00bb\u00bb,\u00bbtitle\u00bb:\u00bbSalida a las 11:00&#8243;}}]}]}]},{\u00abtype\u00bb:\u00bbrow\u00bb,\u00bbchildren\u00bb:[{\u00abtype\u00bb:\u00bbcolumn\u00bb,\u00bbprops\u00bb:{\u00abimage_position\u00bb:\u00bbcenter-center\u00bb,\u00bbposition_sticky_breakpoint\u00bb:\u00bbm\u00bb},\u00bbchildren\u00bb:[{\u00abtype\u00bb:\u00bbdivider\u00bb,\u00bbprops\u00bb:{\u00abdivider_element\u00bb:\u00bbhr\u00bb}}]}]},{\u00abtype\u00bb:\u00bbrow\u00bb,\u00bbprops\u00bb:{\u00ablayout\u00bb:\u00bb1-4,3-4&#8243;},\u00bbchildren\u00bb:[{\u00abtype\u00bb:\u00bbcolumn\u00bb,\u00bbprops\u00bb:{\u00abimage_position\u00bb:\u00bbcenter-center\u00bb,\u00bbposition_sticky_breakpoint\u00bb:\u00bbm\u00bb,\u00bbwidth_medium\u00bb:\u00bb1-4&#8243;},\u00bbchildren\u00bb:[{\u00abtype\u00bb:\u00bblist\u00bb,\u00bbprops\u00bb:{\u00abcolumn_breakpoint\u00bb:\u00bbm\u00bb,\u00bbcontent_style\u00bb:\u00bbh5&#8243;,\u00bbicon_color\u00bb:\u00bbemphasis\u00bb,\u00bbimage_align\u00bb:\u00bbleft\u00bb,\u00bbimage_svg_color\u00bb:\u00bbemphasis\u00bb,\u00bbimage_vertical_align\u00bb:true,\u00bblist_element\u00bb:\u00bbul\u00bb,\u00bblist_horizontal_separator\u00bb:\u00bb, \u00ab,\u00bblist_type\u00bb:\u00bbvertical\u00bb,\u00bbshow_image\u00bb:true,\u00bbshow_link\u00bb:true},\u00bbchildren\u00bb:[{\u00abtype\u00bb:\u00bblist_item\u00bb,\u00bbprops\u00bb:{\u00abcontent\u00bb:\u00bbCondiciones sobre da\\u00f1os en el alojamiento\u00bb,\u00bbicon\u00bb:\u00bb\u00bb,\u00bbimage\u00bb:\u00bbwp-content\\\/uploads\\\/2025\\\/07\\\/Condiciones-sobre-danos.png\u00bb,\u00bbimage_alt\u00bb:\u00bbCondiciones sobre da\\u00f1os en el alojamiento\u00bb}}]}]},{\u00abtype\u00bb:\u00bbcolumn\u00bb,\u00bbprops\u00bb:{\u00abimage_position\u00bb:\u00bbcenter-center\u00bb,\u00bbposition_sticky_breakpoint\u00bb:\u00bbm\u00bb,\u00bbwidth_medium\u00bb:\u00bb3-4&#8243;},\u00bbchildren\u00bb:[{\u00abtype\u00bb:\u00bbdescription_list\u00bb,\u00bbprops\u00bb:{\u00abcolumn_breakpoint\u00bb:\u00bbm\u00bb,\u00bblayout\u00bb:\u00bbgrid-2&#8243;,\u00bblist_element\u00bb:\u00bbul\u00bb,\u00bblist_size\u00bb:\u00bblarge\u00bb,\u00bbmeta_align\u00bb:\u00bbbelow-content\u00bb,\u00bbmeta_style\u00bb:\u00bbtext-meta\u00bb,\u00bbshow_content\u00bb:true,\u00bbshow_link\u00bb:true,\u00bbshow_meta\u00bb:true,\u00bbshow_title\u00bb:true,\u00bbtitle_color\u00bb:\u00bbmuted\u00bb,\u00bbtitle_element\u00bb:\u00bbh3&#8243;,\u00bbtitle_grid_breakpoint\u00bb:\u00bbs\u00bb,\u00bbtitle_grid_column_gap\u00bb:\u00bb\u00bb,\u00bbtitle_grid_row_gap\u00bb:\u00bb\u00bb,\u00bbtitle_grid_width\u00bb:\u00bbmedium\u00bb,\u00bbtitle_style\u00bb:\u00bbh6&#8243;},\u00bbchildren\u00bb:[{\u00abtype\u00bb:\u00bbdescription_list_item\u00bb,\u00bbprops\u00bb:{\u00abcontent\u00bb:\u00bbEn contratos personales seg\\u00fan normativa se solicita 1 mes de fianza.\u00bb,\u00bbmeta\u00bb:\u00bb\u00bb,\u00bbtitle\u00bb:\u00bbGarant\\u00edas\u00bb}}]}]}]},{\u00abtype\u00bb:\u00bbrow\u00bb,\u00bbchildren\u00bb:[{\u00abtype\u00bb:\u00bbcolumn\u00bb,\u00bbprops\u00bb:{\u00abimage_position\u00bb:\u00bbcenter-center\u00bb,\u00bbposition_sticky_breakpoint\u00bb:\u00bbm\u00bb},\u00bbchildren\u00bb:[{\u00abtype\u00bb:\u00bbdivider\u00bb,\u00bbprops\u00bb:{\u00abdivider_element\u00bb:\u00bbhr\u00bb}}]}]},{\u00abtype\u00bb:\u00bbrow\u00bb,\u00bbprops\u00bb:{\u00ablayout\u00bb:\u00bb1-4,3-4&#8243;},\u00bbchildren\u00bb:[{\u00abtype\u00bb:\u00bbcolumn\u00bb,\u00bbprops\u00bb:{\u00abimage_position\u00bb:\u00bbcenter-center\u00bb,\u00bbposition_sticky_breakpoint\u00bb:\u00bbm\u00bb,\u00bbwidth_medium\u00bb:\u00bb1-4&#8243;},\u00bbchildren\u00bb:[{\u00abtype\u00bb:\u00bblist\u00bb,\u00bbprops\u00bb:{\u00abcolumn_breakpoint\u00bb:\u00bbm\u00bb,\u00bbcontent_style\u00bb:\u00bbh5&#8243;,\u00bbicon_color\u00bb:\u00bbemphasis\u00bb,\u00bbimage_align\u00bb:\u00bbleft\u00bb,\u00bbimage_svg_color\u00bb:\u00bbemphasis\u00bb,\u00bbimage_vertical_align\u00bb:true,\u00bblist_element\u00bb:\u00bbul\u00bb,\u00bblist_horizontal_separator\u00bb:\u00bb, \u00ab,\u00bblist_type\u00bb:\u00bbvertical\u00bb,\u00bbshow_image\u00bb:true,\u00bbshow_link\u00bb:true},\u00bbchildren\u00bb:[{\u00abtype\u00bb:\u00bblist_item\u00bb,\u00bbprops\u00bb:{\u00abcontent\u00bb:\u00bbNo fumadores\u00bb,\u00bbicon\u00bb:\u00bb\u00bb,\u00bbimage\u00bb:\u00bbwp-content\\\/uploads\\\/2025\\\/07\\\/no-fumar.png\u00bb,\u00bbimage_alt\u00bb:\u00bbNo fumadores\u00bb}}]}]},{\u00abtype\u00bb:\u00bbcolumn\u00bb,\u00bbprops\u00bb:{\u00abimage_position\u00bb:\u00bbcenter-center\u00bb,\u00bbposition_sticky_breakpoint\u00bb:\u00bbm\u00bb,\u00bbwidth_medium\u00bb:\u00bb3-4&#8243;},\u00bbchildren\u00bb:[{\u00abtype\u00bb:\u00bbdescription_list\u00bb,\u00bbprops\u00bb:{\u00abcolumn_breakpoint\u00bb:\u00bbm\u00bb,\u00bblayout\u00bb:\u00bbgrid-2&#8243;,\u00bblist_element\u00bb:\u00bbul\u00bb,\u00bblist_size\u00bb:\u00bblarge\u00bb,\u00bbmeta_align\u00bb:\u00bbbelow-content\u00bb,\u00bbmeta_style\u00bb:\u00bbtext-meta\u00bb,\u00bbshow_content\u00bb:true,\u00bbshow_link\u00bb:true,\u00bbshow_meta\u00bb:true,\u00bbshow_title\u00bb:true,\u00bbtitle_color\u00bb:\u00bbmuted\u00bb,\u00bbtitle_element\u00bb:\u00bbh3&#8243;,\u00bbtitle_grid_breakpoint\u00bb:\u00bbs\u00bb,\u00bbtitle_grid_column_gap\u00bb:\u00bb\u00bb,\u00bbtitle_grid_row_gap\u00bb:\u00bb\u00bb,\u00bbtitle_grid_width\u00bb:\u00bbmedium\u00bb,\u00bbtitle_style\u00bb:\u00bbh6&#8243;},\u00bbchildren\u00bb:[{\u00abtype\u00bb:\u00bbdescription_list_item\u00bb,\u00bbprops\u00bb:{\u00abcontent\u00bb:\u00bb\u00bb,\u00bbmeta\u00bb:\u00bb\u00bb,\u00bbtitle\u00bb:\u00bbNo se puede fumar\u00bb}}]}]}]},{\u00abtype\u00bb:\u00bbrow\u00bb,\u00bbchildren\u00bb:[{\u00abtype\u00bb:\u00bbcolumn\u00bb,\u00bbprops\u00bb:{\u00abimage_position\u00bb:\u00bbcenter-center\u00bb,\u00bbposition_sticky_breakpoint\u00bb:\u00bbm\u00bb},\u00bbchildren\u00bb:[{\u00abtype\u00bb:\u00bbdivider\u00bb,\u00bbprops\u00bb:{\u00abdivider_element\u00bb:\u00bbhr\u00bb}}]}]},{\u00abtype\u00bb:\u00bbrow\u00bb,\u00bbprops\u00bb:{\u00ablayout\u00bb:\u00bb1-4,3-4&#8243;},\u00bbchildren\u00bb:[{\u00abtype\u00bb:\u00bbcolumn\u00bb,\u00bbprops\u00bb:{\u00abimage_position\u00bb:\u00bbcenter-center\u00bb,\u00bbposition_sticky_breakpoint\u00bb:\u00bbm\u00bb,\u00bbwidth_medium\u00bb:\u00bb1-4&#8243;},\u00bbchildren\u00bb:[{\u00abtype\u00bb:\u00bblist\u00bb,\u00bbprops\u00bb:{\u00abcolumn_breakpoint\u00bb:\u00bbm\u00bb,\u00bbcontent_style\u00bb:\u00bbh5&#8243;,\u00bbicon_color\u00bb:\u00bbemphasis\u00bb,\u00bbimage_align\u00bb:\u00bbleft\u00bb,\u00bbimage_svg_color\u00bb:\u00bbemphasis\u00bb,\u00bbimage_vertical_align\u00bb:true,\u00bblist_element\u00bb:\u00bbul\u00bb,\u00bblist_horizontal_separator\u00bb:\u00bb, \u00ab,\u00bblist_type\u00bb:\u00bbvertical\u00bb,\u00bbshow_image\u00bb:true,\u00bbshow_link\u00bb:true},\u00bbchildren\u00bb:[{\u00abtype\u00bb:\u00bblist_item\u00bb,\u00bbprops\u00bb:{\u00abcontent\u00bb:\u00bbFiestas\u00bb,\u00bbicon\u00bb:\u00bb\u00bb,\u00bbimage\u00bb:\u00bbwp-content\\\/uploads\\\/2025\\\/07\\\/fiestas.png\u00bb,\u00bbimage_alt\u00bb:\u00bbprohibido Fiestas\u00bb}}]}]},{\u00abtype\u00bb:\u00bbcolumn\u00bb,\u00bbprops\u00bb:{\u00abimage_position\u00bb:\u00bbcenter-center\u00bb,\u00bbposition_sticky_breakpoint\u00bb:\u00bbm\u00bb,\u00bbwidth_medium\u00bb:\u00bb3-4&#8243;},\u00bbchildren\u00bb:[{\u00abtype\u00bb:\u00bbdescription_list\u00bb,\u00bbprops\u00bb:{\u00abcolumn_breakpoint\u00bb:\u00bbm\u00bb,\u00bblayout\u00bb:\u00bbgrid-2&#8243;,\u00bblist_element\u00bb:\u00bbul\u00bb,\u00bblist_size\u00bb:\u00bblarge\u00bb,\u00bbmeta_align\u00bb:\u00bbbelow-content\u00bb,\u00bbmeta_style\u00bb:\u00bbtext-meta\u00bb,\u00bbshow_content\u00bb:true,\u00bbshow_link\u00bb:true,\u00bbshow_meta\u00bb:true,\u00bbshow_title\u00bb:true,\u00bbtitle_color\u00bb:\u00bbmuted\u00bb,\u00bbtitle_element\u00bb:\u00bbh3&#8243;,\u00bbtitle_grid_breakpoint\u00bb:\u00bbs\u00bb,\u00bbtitle_grid_column_gap\u00bb:\u00bb\u00bb,\u00bbtitle_grid_row_gap\u00bb:\u00bb\u00bb,\u00bbtitle_grid_width\u00bb:\u00bbmedium\u00bb,\u00bbtitle_style\u00bb:\u00bbh6&#8243;},\u00bbchildren\u00bb:[{\u00abtype\u00bb:\u00bbdescription_list_item\u00bb,\u00bbprops\u00bb:{\u00abcontent\u00bb:\u00bb\u00bb,\u00bbmeta\u00bb:\u00bb\u00bb,\u00bbtitle\u00bb:\u00bbNo se pueden celebrar fiestas\\\/eventos\u00bb}}]}]}]},{\u00abtype\u00bb:\u00bbrow\u00bb,\u00bbchildren\u00bb:[{\u00abtype\u00bb:\u00bbcolumn\u00bb,\u00bbprops\u00bb:{\u00abimage_position\u00bb:\u00bbcenter-center\u00bb,\u00bbposition_sticky_breakpoint\u00bb:\u00bbm\u00bb},\u00bbchildren\u00bb:[{\u00abtype\u00bb:\u00bbdivider\u00bb,\u00bbprops\u00bb:{\u00abdivider_element\u00bb:\u00bbhr\u00bb}}]}]},{\u00abtype\u00bb:\u00bbrow\u00bb,\u00bbprops\u00bb:{\u00ablayout\u00bb:\u00bb1-4,3-4&#8243;},\u00bbchildren\u00bb:[{\u00abtype\u00bb:\u00bbcolumn\u00bb,\u00bbprops\u00bb:{\u00abimage_position\u00bb:\u00bbcenter-center\u00bb,\u00bbposition_sticky_breakpoint\u00bb:\u00bbm\u00bb,\u00bbwidth_medium\u00bb:\u00bb1-4&#8243;},\u00bbchildren\u00bb:[{\u00abtype\u00bb:\u00bblist\u00bb,\u00bbprops\u00bb:{\u00abcolumn_breakpoint\u00bb:\u00bbm\u00bb,\u00bbcontent_style\u00bb:\u00bbh5&#8243;,\u00bbicon_color\u00bb:\u00bbemphasis\u00bb,\u00bbimage_align\u00bb:\u00bbleft\u00bb,\u00bbimage_svg_color\u00bb:\u00bbemphasis\u00bb,\u00bbimage_vertical_align\u00bb:true,\u00bblist_element\u00bb:\u00bbul\u00bb,\u00bblist_horizontal_separator\u00bb:\u00bb, \u00ab,\u00bblist_type\u00bb:\u00bbvertical\u00bb,\u00bbshow_image\u00bb:true,\u00bbshow_link\u00bb:true},\u00bbchildren\u00bb:[{\u00abtype\u00bb:\u00bblist_item\u00bb,\u00bbprops\u00bb:{\u00abcontent\u00bb:\u00bbHorario sin ruido\u00bb,\u00bbicon\u00bb:\u00bb\u00bb,\u00bbimage\u00bb:\u00bbwp-content\\\/uploads\\\/2025\\\/07\\\/despertador.png\u00bb,\u00bbimage_alt\u00bb:\u00bbHorario sin ruido\u00bb}}]}]},{\u00abtype\u00bb:\u00bbcolumn\u00bb,\u00bbprops\u00bb:{\u00abimage_position\u00bb:\u00bbcenter-center\u00bb,\u00bbposition_sticky_breakpoint\u00bb:\u00bbm\u00bb,\u00bbwidth_medium\u00bb:\u00bb3-4&#8243;},\u00bbchildren\u00bb:[{\u00abtype\u00bb:\u00bbdescription_list\u00bb,\u00bbprops\u00bb:{\u00abcolumn_breakpoint\u00bb:\u00bbm\u00bb,\u00bblayout\u00bb:\u00bbgrid-2&#8243;,\u00bblist_element\u00bb:\u00bbul\u00bb,\u00bblist_size\u00bb:\u00bblarge\u00bb,\u00bbmeta_align\u00bb:\u00bbbelow-content\u00bb,\u00bbmeta_style\u00bb:\u00bbtext-meta\u00bb,\u00bbshow_content\u00bb:true,\u00bbshow_link\u00bb:true,\u00bbshow_meta\u00bb:true,\u00bbshow_title\u00bb:true,\u00bbtitle_color\u00bb:\u00bbmuted\u00bb,\u00bbtitle_element\u00bb:\u00bbh3&#8243;,\u00bbtitle_grid_breakpoint\u00bb:\u00bbs\u00bb,\u00bbtitle_grid_column_gap\u00bb:\u00bb\u00bb,\u00bbtitle_grid_row_gap\u00bb:\u00bb\u00bb,\u00bbtitle_grid_width\u00bb:\u00bbmedium\u00bb,\u00bbtitle_style\u00bb:\u00bbh6&#8243;},\u00bbchildren\u00bb:[{\u00abtype\u00bb:\u00bbdescription_list_item\u00bb,\u00bbprops\u00bb:{\u00abcontent\u00bb:\u00bb\u00bb,\u00bbmeta\u00bb:\u00bb\u00bb,\u00bbtitle\u00bb:\u00bbLos clientes deben minimizar el ruido de 22:00 a 8:00&#8243;}}]}]}]},{\u00abtype\u00bb:\u00bbrow\u00bb,\u00bbchildren\u00bb:[{\u00abtype\u00bb:\u00bbcolumn\u00bb,\u00bbprops\u00bb:{\u00abimage_position\u00bb:\u00bbcenter-center\u00bb,\u00bbposition_sticky_breakpoint\u00bb:\u00bbm\u00bb},\u00bbchildren\u00bb:[{\u00abtype\u00bb:\u00bbdivider\u00bb,\u00bbprops\u00bb:{\u00abdivider_element\u00bb:\u00bbhr\u00bb}}]}]},{\u00abtype\u00bb:\u00bbrow\u00bb,\u00bbprops\u00bb:{\u00ablayout\u00bb:\u00bb1-4,3-4&#8243;},\u00bbchildren\u00bb:[{\u00abtype\u00bb:\u00bbcolumn\u00bb,\u00bbprops\u00bb:{\u00abimage_position\u00bb:\u00bbcenter-center\u00bb,\u00bbposition_sticky_breakpoint\u00bb:\u00bbm\u00bb,\u00bbwidth_medium\u00bb:\u00bb1-4&#8243;},\u00bbchildren\u00bb:[{\u00abtype\u00bb:\u00bblist\u00bb,\u00bbprops\u00bb:{\u00abcolumn_breakpoint\u00bb:\u00bbm\u00bb,\u00bbcontent_style\u00bb:\u00bbh5&#8243;,\u00bbicon_color\u00bb:\u00bbemphasis\u00bb,\u00bbimage_align\u00bb:\u00bbleft\u00bb,\u00bbimage_svg_color\u00bb:\u00bbemphasis\u00bb,\u00bbimage_vertical_align\u00bb:true,\u00bblist_element\u00bb:\u00bbul\u00bb,\u00bblist_horizontal_separator\u00bb:\u00bb, \u00ab,\u00bblist_type\u00bb:\u00bbvertical\u00bb,\u00bbshow_image\u00bb:true,\u00bbshow_link\u00bb:true},\u00bbchildren\u00bb:[{\u00abtype\u00bb:\u00bblist_item\u00bb,\u00bbprops\u00bb:{\u00abcontent\u00bb:\u00bbMascotas\u00bb,\u00bbicon\u00bb:\u00bb\u00bb,\u00bbimage\u00bb:\u00bbwp-content\\\/uploads\\\/2025\\\/07\\\/prohibido-mascotas.png\u00bb,\u00bbimage_alt\u00bb:\u00bbMascotas\u00bb}}]}]},{\u00abtype\u00bb:\u00bbcolumn\u00bb,\u00bbprops\u00bb:{\u00abimage_position\u00bb:\u00bbcenter-center\u00bb,\u00bbposition_sticky_breakpoint\u00bb:\u00bbm\u00bb,\u00bbwidth_medium\u00bb:\u00bb3-4&#8243;},\u00bbchildren\u00bb:[{\u00abtype\u00bb:\u00bbdescription_list\u00bb,\u00bbprops\u00bb:{\u00abcolumn_breakpoint\u00bb:\u00bbm\u00bb,\u00bblayout\u00bb:\u00bbgrid-2&#8243;,\u00bblist_element\u00bb:\u00bbul\u00bb,\u00bblist_size\u00bb:\u00bblarge\u00bb,\u00bbmeta_align\u00bb:\u00bbbelow-content\u00bb,\u00bbmeta_style\u00bb:\u00bbtext-meta\u00bb,\u00bbshow_content\u00bb:true,\u00bbshow_link\u00bb:true,\u00bbshow_meta\u00bb:true,\u00bbshow_title\u00bb:true,\u00bbtitle_color\u00bb:\u00bbmuted\u00bb,\u00bbtitle_element\u00bb:\u00bbh3&#8243;,\u00bbtitle_grid_breakpoint\u00bb:\u00bbs\u00bb,\u00bbtitle_grid_column_gap\u00bb:\u00bb\u00bb,\u00bbtitle_grid_row_gap\u00bb:\u00bb\u00bb,\u00bbtitle_grid_width\u00bb:\u00bbmedium\u00bb,\u00bbtitle_style\u00bb:\u00bbh6&#8243;},\u00bbchildren\u00bb:[{\u00abtype\u00bb:\u00bbdescription_list_item\u00bb,\u00bbprops\u00bb:{\u00abcontent\u00bb:\u00bb\u00bb,\u00bbmeta\u00bb:\u00bb\u00bb,\u00bbtitle\u00bb:\u00bbNo se admiten mascotas\u00bb}}]}]}]}],\u00bbname\u00bb:\u00bbFAQ\u00bb},{\u00abtype\u00bb:\u00bbsection\u00bb,\u00bbprops\u00bb:{\u00abimage_position\u00bb:\u00bbcenter-center\u00bb,\u00bbstyle\u00bb:\u00bbdefault\u00bb,\u00bbtitle_breakpoint\u00bb:\u00bbxl\u00bb,\u00bbtitle_position\u00bb:\u00bbtop-left\u00bb,\u00bbtitle_rotation\u00bb:\u00bbleft\u00bb,\u00bbvertical_align\u00bb:\u00bbmiddle\u00bb,\u00bbwidth\u00bb:\u00bbxlarge\u00bb},\u00bbchildren\u00bb:[{\u00abtype\u00bb:\u00bbrow\u00bb,\u00bbchildren\u00bb:[{\u00abtype\u00bb:\u00bbcolumn\u00bb,\u00bbprops\u00bb:{\u00abimage_position\u00bb:\u00bbcenter-center\u00bb,\u00bbposition_sticky_breakpoint\u00bb:\u00bbm\u00bb},\u00bbchildren\u00bb:[{\u00abtype\u00bb:\u00bbheadline\u00bb,\u00bbprops\u00bb:{\u00ab_condition\u00bb:true,\u00bbcontent\u00bb:\u00bbEmpresa\u00bb,\u00bbmargin\u00bb:\u00bblarge\u00bb,\u00bbmargin_remove_bottom\u00bb:true,\u00bbtitle_element\u00bb:\u00bbh3&#8243;,\u00bbvisibility\u00bb:\u00bbm\u00bb}},{\u00abtype\u00bb:\u00bbpanel\u00bb,\u00bbprops\u00bb:{\u00ab_condition\u00bb:true,\u00bbcontent\u00bb:\u00bbGlobal Homes empresa de alquiler de viviendas en Madrid\u00bb,\u00bbcontent_column_breakpoint\u00bb:\u00bbm\u00bb,\u00bbcontent_margin\u00bb:\u00bbremove\u00bb,\u00bbicon_width\u00bb:80,\u00bbimage\u00bb:\u00bbwp-content\\\/uploads\\\/2020\\\/12\\\/Host-Global-Homes.webp\u00bb,\u00bbimage_align\u00bb:\u00bbleft\u00bb,\u00bbimage_alt\u00bb:\u00bbGlobal Homes Caliza\u00bb,\u00bbimage_border\u00bb:\u00bbcircle\u00bb,\u00bbimage_grid_breakpoint\u00bb:\u00bb\u00bb,\u00bbimage_grid_column_gap\u00bb:\u00bbsmall\u00bb,\u00bbimage_grid_width\u00bb:\u00bbauto\u00bb,\u00bbimage_height\u00bb:\u00bb90&#8243;,\u00bbimage_svg_color\u00bb:\u00bbemphasis\u00bb,\u00bbimage_vertical_align\u00bb:true,\u00bbimage_width\u00bb:\u00bb90&#8243;,\u00bblink\u00bb:\u00bbnosotros\\\/\u00bb,\u00bblink_style\u00bb:\u00bbdefault\u00bb,\u00bblink_text\u00bb:\u00bb\u00bb,\u00bbmargin\u00bb:\u00bbdefault\u00bb,\u00bbmeta_align\u00bb:\u00bbbelow-title\u00bb,\u00bbmeta_element\u00bb:\u00bbdiv\u00bb,\u00bbmeta_style\u00bb:\u00bbtext-meta\u00bb,\u00bbpanel_link\u00bb:true,\u00bbtitle\u00bb:\u00bbGlobal Homes\u00bb,\u00bbtitle_align\u00bb:\u00bbtop\u00bb,\u00bbtitle_element\u00bb:\u00bbh4&#8243;,\u00bbtitle_grid_breakpoint\u00bb:\u00bbm\u00bb,\u00bbtitle_grid_width\u00bb:\u00bb1-2&#8243;,\u00bbtitle_hover_style\u00bb:\u00bbreset\u00bb,\u00bbtitle_style\u00bb:\u00bbh5&#8243;,\u00bbvisibility\u00bb:\u00bbm\u00bb}}]}]}]},{\u00abtype\u00bb:\u00bbsection\u00bb,\u00bbprops\u00bb:{\u00ab_condition\u00bb:true,\u00bbhtml_element\u00bb:\u00bbaddress\u00bb,\u00bbimage_position\u00bb:\u00bbcenter-center\u00bb,\u00bbpadding_remove_bottom\u00bb:true,\u00bbpadding_remove_top\u00bb:true,\u00bbstyle\u00bb:\u00bbdefault\u00bb,\u00bbtitle_breakpoint\u00bb:\u00bbxl\u00bb,\u00bbtitle_position\u00bb:\u00bbtop-left\u00bb,\u00bbtitle_rotation\u00bb:\u00bbleft\u00bb,\u00bbvertical_align\u00bb:\u00bb\u00bb,\u00bbwidth\u00bb:\u00bbxlarge\u00bb},\u00bbchildren\u00bb:[{\u00abtype\u00bb:\u00bbrow\u00bb,\u00bbchildren\u00bb:[{\u00abtype\u00bb:\u00bbcolumn\u00bb,\u00bbprops\u00bb:{\u00abimage_position\u00bb:\u00bbcenter-center\u00bb,\u00bbposition_sticky_breakpoint\u00bb:\u00bbm\u00bb},\u00bbchildren\u00bb:[{\u00abtype\u00bb:\u00bbheadline\u00bb,\u00bbprops\u00bb:{\u00abcontent\u00bb:\u00bbEn el mapa encontrar\\u00e1s bares y restaurantes recomendados\u00bb,\u00bbmargin\u00bb:\u00bbdefault\u00bb,\u00bbtitle_element\u00bb:\u00bbh2&#8243;}},{\u00abtype\u00bb:\u00bbmap\u00bb,\u00bbprops\u00bb:{\u00abcontent_margin\u00bb:\u00bbsmall\u00bb,\u00bbcontent_style\u00bb:\u00bbtext-meta\u00bb,\u00bbcontrols\u00bb:true,\u00bbcss\u00bb:\u00bb.el-image { margin-bottom: 20px; }\u00bb,\u00bbdragging\u00bb:true,\u00bbheight\u00bb:\u00bb600&#8243;,\u00bbimage_height\u00bb:\u00bb180&#8243;,\u00bbimage_svg_color\u00bb:\u00bbemphasis\u00bb,\u00bbimage_width\u00bb:\u00bb270&#8243;,\u00bblink_size\u00bb:\u00bbsmall\u00bb,\u00bblink_style\u00bb:\u00bbprimary\u00bb,\u00bblink_target\u00bb:true,\u00bblink_text\u00bb:\u00bbVisit Website\u00bb,\u00bbmargin\u00bb:\u00bbdefault\u00bb,\u00bbmax_zoom\u00bb:18,\u00bbmeta_align\u00bb:\u00bbabove-title\u00bb,\u00bbmeta_color\u00bb:\u00bbprimary\u00bb,\u00bbmeta_element\u00bb:\u00bbdiv\u00bb,\u00bbmeta_style\u00bb:\u00bbh6&#8243;,\u00bbmin_zoom\u00bb:\u00bb14&#8243;,\u00bbpoi\u00bb:false,\u00bbpopup_max_width\u00bb:\u00bb300&#8243;,\u00bbshow_content\u00bb:true,\u00bbshow_image\u00bb:true,\u00bbshow_link\u00bb:true,\u00bbshow_meta\u00bb:true,\u00bbshow_title\u00bb:true,\u00bbtitle_element\u00bb:\u00bbh3&#8243;,\u00bbtitle_hover_style\u00bb:\u00bbreset\u00bb,\u00bbtitle_margin\u00bb:\u00bbremove\u00bb,\u00bbtitle_style\u00bb:\u00bbh5&#8243;,\u00bbtype\u00bb:\u00bbroadmap\u00bb,\u00bbzoom\u00bb:\u00bb16&#8243;,\u00bbzooming\u00bb:false},\u00bbchildren\u00bb:[{\u00abtype\u00bb:\u00bbmap_item\u00bb,\u00bbprops\u00bb:{\u00ab_condition\u00bb:true,\u00bbimage_alt\u00bb:\u00bbalquiler vivienda en retiro Madrid\u00bb,\u00bblocation\u00bb:\u00bb40.40431460927101,-3.6795695163564184&#8243;,\u00bbmarker_icon\u00bb:\u00bbwp-content\\\/uploads\\\/icon-map-marker-accommodation.svg\u00bb,\u00bbmarker_icon_height\u00bb:\u00bb38&#8243;,\u00bbmarker_icon_width\u00bb:\u00bb38&#8243;,\u00bbmeta\u00bb:\u00bbMadrid\u00bb,\u00bbtitle\u00bb:\u00bbZona Retiro\u00bb}},{\u00abtype\u00bb:\u00bbmap_item\u00bb,\u00bbprops\u00bb:{\u00abcontent\u00bb:\u00bbAv. de la Ciudad de Barcelona, 5, Retiro, 28007 Madrid\u00bb,\u00bblink\u00bb:\u00bbhttps:\\\/\\\/maps.app.goo.gl\\\/UqbrF1RsceeDEVRb8&#8243;,\u00bblink_aria_label\u00bb:\u00bbLl\\u00e9vame al restaurante\u00bb,\u00bblink_text\u00bb:\u00bbLl\\u00e9vame\u00bb,\u00bblocation\u00bb:\u00bb40.405159783271536,-3.6827963483477473&#8243;,\u00bbmarker_icon\u00bb:\u00bbwp-content\\\/uploads\\\/2025\\\/05\\\/restaurante.png\u00bb,\u00bbmarker_icon_height\u00bb:30,\u00bbmarker_icon_width\u00bb:30,\u00bbtitle\u00bb:\u00bbLa Huerta de Casa Ricardo\u00bb}},{\u00abtype\u00bb:\u00bbmap_item\u00bb,\u00bbprops\u00bb:{\u00abcontent\u00bb:\u00bbCalle de Juan de Urbieta, 13, Retiro, 28007 Madrid\u00bb,\u00bblink\u00bb:\u00bbhttps:\\\/\\\/maps.app.goo.gl\\\/reY2Aup1C5UNxSnx5&#8243;,\u00bblink_aria_label\u00bb:\u00bbLl\\u00e9vame al restaurante\u00bb,\u00bblink_text\u00bb:\u00bbLl\\u00e9vame\u00bb,\u00bblocation\u00bb:\u00bb40.404842526297315,-3.677494812448391&#8243;,\u00bbmarker_icon\u00bb:\u00bbwp-content\\\/uploads\\\/2025\\\/05\\\/restaurante.png\u00bb,\u00bbmarker_icon_height\u00bb:30,\u00bbmarker_icon_width\u00bb:30,\u00bbtitle\u00bb:\u00bbRestaurante Urbieta 13&#8243;}},{\u00abtype\u00bb:\u00bbmap_item\u00bb,\u00bbprops\u00bb:{\u00abcontent\u00bb:\u00bbC. de Cavanilles, 5, Retiro, 28007 Madrid\u00bb,\u00bblink\u00bb:\u00bbhttps:\\\/\\\/maps.app.goo.gl\\\/9vWAJjNEY4vwFHcJ6&#8243;,\u00bblink_aria_label\u00bb:\u00bbLl\\u00e9vame al restaurante\u00bb,\u00bblink_text\u00bb:\u00bbLl\\u00e9vame\u00bb,\u00bblocation\u00bb:\u00bb40.40691998223527,-3.6774273714859818&#8243;,\u00bbmarker_icon\u00bb:\u00bbwp-content\\\/uploads\\\/2025\\\/05\\\/restaurante.png\u00bb,\u00bbmarker_icon_height\u00bb:30,\u00bbmarker_icon_width\u00bb:30,\u00bbtitle\u00bb:\u00bbMaramor\u00bb}},{\u00abtype\u00bb:\u00bbmap_item\u00bb,\u00bbprops\u00bb:{\u00abcontent\u00bb:\u00bbCalle de Narciso Serra, 35, Retiro, 28007 Madrid\u00bb,\u00bblink\u00bb:\u00bbhttps:\\\/\\\/maps.app.goo.gl\\\/RVzwc3YVAfwkCTMK7&#8243;,\u00bblink_aria_label\u00bb:\u00bbLl\\u00e9vame al restaurante\u00bb,\u00bblink_text\u00bb:\u00bbLl\\u00e9vame\u00bb,\u00bblocation\u00bb:\u00bb40.40655854291148,-3.677862930137703&#8243;,\u00bbmarker_icon\u00bb:\u00bbwp-content\\\/uploads\\\/2025\\\/05\\\/restaurante.png\u00bb,\u00bbmarker_icon_height\u00bb:30,\u00bbmarker_icon_width\u00bb:30,\u00bbtitle\u00bb:\u00bbRestaurante Mezcal\u00bb}},{\u00abtype\u00bb:\u00bbmap_item\u00bb,\u00bbprops\u00bb:{\u00abcontent\u00bb:\u00bbC. de Granada, 11, Retiro, 28007 Madrid\u00bb,\u00bblink\u00bb:\u00bbhttps:\\\/\\\/maps.app.goo.gl\\\/WeF8p3K98Tkm1Pur7&#8243;,\u00bblink_aria_label\u00bb:\u00bbLl\\u00e9vame al restaurante\u00bb,\u00bblink_text\u00bb:\u00bbLl\\u00e9vame\u00bb,\u00bblocation\u00bb:\u00bb40.40501694107623,-3.6795170717721803&#8243;,\u00bbmarker_icon\u00bb:\u00bbwp-content\\\/uploads\\\/2025\\\/05\\\/restaurante.png\u00bb,\u00bbmarker_icon_height\u00bb:30,\u00bbmarker_icon_width\u00bb:30,\u00bbmeta\u00bb:\u00bbCafeter\\u00eda\u00bb,\u00bbtitle\u00bb:\u00bbCAF\\u00c9 ANAYAD\u00bb}},{\u00abtype\u00bb:\u00bbmap_item\u00bb,\u00bbprops\u00bb:{\u00abcontent\u00bb:\u00bbAv. de Men\\u00e9ndez Pelayo, 27, Retiro, 28009 Madrid\u00bb,\u00bblink\u00bb:\u00bbhttps:\\\/\\\/maps.app.goo.gl\\\/tewGeYtv9Qjkfnkf8&#8243;,\u00bblink_aria_label\u00bb:\u00bbLl\\u00e9vame al restaurante\u00bb,\u00bblink_text\u00bb:\u00bbLl\\u00e9vame\u00bb,\u00bblocation\u00bb:\u00bb40.41889313193603,-3.6787736111992597&#8243;,\u00bbmarker_icon\u00bb:\u00bbwp-content\\\/uploads\\\/2025\\\/05\\\/restaurante.png\u00bb,\u00bbmarker_icon_height\u00bb:30,\u00bbmarker_icon_width\u00bb:30,\u00bbtitle\u00bb:\u00bbZoko Retiro\u00bb}}],\u00bbmodified\u00bb:\u00bb2021-03-10T09:14:40.671Z\u00bb}]}]}],\u00bbname\u00bb:\u00bbMapRETIRO\u00bb},{\u00abtype\u00bb:\u00bbsection\u00bb,\u00bbprops\u00bb:{\u00abhtml_element\u00bb:\u00bbsection\u00bb,\u00bbimage_position\u00bb:\u00bbcenter-center\u00bb,\u00bbpadding\u00bb:\u00bblarge\u00bb,\u00bbpadding_remove_top\u00bb:true,\u00bbstyle\u00bb:\u00bbdefault\u00bb,\u00bbtitle_breakpoint\u00bb:\u00bbxl\u00bb,\u00bbtitle_position\u00bb:\u00bbtop-left\u00bb,\u00bbtitle_rotation\u00bb:\u00bbleft\u00bb,\u00bbvertical_align\u00bb:\u00bb\u00bb,\u00bbwidth\u00bb:\u00bbdefault\u00bb},\u00bbchildren\u00bb:[{\u00abtype\u00bb:\u00bbrow\u00bb,\u00bbchildren\u00bb:[{\u00abtype\u00bb:\u00bbcolumn\u00bb,\u00bbprops\u00bb:{\u00abimage_position\u00bb:\u00bbcenter-center\u00bb,\u00bbposition_sticky_breakpoint\u00bb:\u00bbm\u00bb},\u00bbchildren\u00bb:[{\u00abtype\u00bb:\u00bbheadline\u00bb,\u00bbprops\u00bb:{\u00ab_condition\u00bb:true,\u00bbcontent\u00bb:\u00bbEmpresa\u00bb,\u00bbmargin\u00bb:\u00bblarge\u00bb,\u00bbmargin_remove_bottom\u00bb:true,\u00bbtitle_element\u00bb:\u00bbh3&#8243;,\u00bbvisibility\u00bb:\u00bbhidden-m\u00bb}},{\u00abtype\u00bb:\u00bbpanel\u00bb,\u00bbprops\u00bb:{\u00ab_condition\u00bb:true,\u00bbcontent\u00bb:\u00bbGlobal Homes empresa de alquiler de viviendas en Madrid.\u00bb,\u00bbcontent_column_breakpoint\u00bb:\u00bbm\u00bb,\u00bbcontent_margin\u00bb:\u00bbremove\u00bb,\u00bbicon_width\u00bb:80,\u00bbimage\u00bb:\u00bbwp-content\\\/uploads\\\/2025\\\/01\\\/cropped-GHP_Logo_Homes_Favicon.png\u00bb,\u00bbimage_align\u00bb:\u00bbleft\u00bb,\u00bbimage_border\u00bb:\u00bbcircle\u00bb,\u00bbimage_grid_breakpoint\u00bb:\u00bb\u00bb,\u00bbimage_grid_column_gap\u00bb:\u00bbsmall\u00bb,\u00bbimage_grid_width\u00bb:\u00bbauto\u00bb,\u00bbimage_height\u00bb:\u00bb90&#8243;,\u00bbimage_svg_color\u00bb:\u00bbemphasis\u00bb,\u00bbimage_vertical_align\u00bb:true,\u00bbimage_width\u00bb:\u00bb90&#8243;,\u00bblink_style\u00bb:\u00bbdefault\u00bb,\u00bblink_text\u00bb:\u00bbRead more\u00bb,\u00bbmargin\u00bb:\u00bbdefault\u00bb,\u00bbmeta_align\u00bb:\u00bbbelow-title\u00bb,\u00bbmeta_element\u00bb:\u00bbdiv\u00bb,\u00bbmeta_style\u00bb:\u00bbtext-meta\u00bb,\u00bbtitle\u00bb:\u00bbGlobal Homes\u00bb,\u00bbtitle_align\u00bb:\u00bbtop\u00bb,\u00bbtitle_element\u00bb:\u00bbh4&#8243;,\u00bbtitle_grid_breakpoint\u00bb:\u00bbm\u00bb,\u00bbtitle_grid_width\u00bb:\u00bb1-2&#8243;,\u00bbtitle_hover_style\u00bb:\u00bbreset\u00bb,\u00bbtitle_style\u00bb:\u00bbh5&#8243;,\u00bbvisibility\u00bb:\u00bbhidden-m\u00bb}}]}]}],\u00bbname\u00bb:\u00bbHost\u00bb}],\u00bbversion\u00bb:\u00bb4.5.32&#8243;} &#8211;><\/p>\n","protected":false},"excerpt":{"rendered":"<p>Vivienda en Retiro Narciso Serra Valoraci\u00f3n 9.7 \u2b50 Calle Narciso Serra , Zona Retiro, 28007 Madrid &#8211; Excelente ubicaci\u00f3n cerca de Atocha Vista General Servicios Reservas Normas Preguntas frecuentes Valoraci\u00f3n Reserva el apartamento [social] 170 m\u00b2 Aire acondicionado 3 Habitaciones 6 Personas Ascensor &#8211; 3\u00ba Piso Parking Comentarios de clientes Comentarios 9,7 Fant\u00e1stico Ubicaci\u00f3n 10 [&hellip;]<\/p>\n","protected":false},"author":1,"featured_media":5938,"parent":0,"menu_order":0,"comment_status":"closed","ping_status":"closed","template":"","meta":{"_acf_changed":false,"footnotes":""},"class_list":["post-5867","page","type-page","status-publish","has-post-thumbnail","hentry"],"acf":[],"yoast_head":"<!-- This site is optimized with the Yoast SEO plugin v27.4 - https:\/\/yoast.com\/product\/yoast-seo-wordpress\/ -->\n<title>Narciso Serra \u2013 Retiro - Viviendas en Alquiler Madrid | Global Homes<\/title>\n<meta name=\"description\" content=\"Piso de lujo en Madrid centro: 170 m\u00b2 con 3 dormitorios. Cerca de Metro Men\u00e9ndez Pelayo. Incluye parking y WiFi. \u00a1Haz tu reserva hoy mismo!\" \/>\n<meta name=\"robots\" content=\"index, follow, max-snippet:-1, max-image-preview:large, max-video-preview:-1\" \/>\n<link rel=\"canonical\" href=\"https:\/\/globalhp.es\/en\/vivienda-alquiler-zona-retiro\/\" \/>\n<meta property=\"og:locale\" content=\"en_GB\" \/>\n<meta property=\"og:type\" content=\"article\" \/>\n<meta property=\"og:title\" content=\"Narciso Serra \u2013 Retiro - Viviendas en Alquiler Madrid | Global Homes\" \/>\n<meta property=\"og:description\" content=\"Piso de lujo en Madrid centro: 170 m\u00b2 con 3 dormitorios. Cerca de Metro Men\u00e9ndez Pelayo. Incluye parking y WiFi. \u00a1Haz tu reserva hoy mismo!\" \/>\n<meta property=\"og:url\" content=\"https:\/\/globalhp.es\/en\/vivienda-alquiler-zona-retiro\/\" \/>\n<meta property=\"og:site_name\" content=\"Viviendas en Alquiler Madrid | Global Homes\" \/>\n<meta property=\"article:modified_time\" content=\"2025-12-12T13:40:37+00:00\" \/>\n<meta property=\"og:image\" content=\"https:\/\/globalhp.es\/wp-content\/uploads\/2025\/07\/Vivienda-en-alquier-Retiro-1.webp\" \/>\n\t<meta property=\"og:image:width\" content=\"900\" \/>\n\t<meta property=\"og:image:height\" content=\"600\" \/>\n\t<meta property=\"og:image:type\" content=\"image\/webp\" \/>\n<meta name=\"twitter:card\" content=\"summary_large_image\" \/>\n<meta name=\"twitter:label1\" content=\"Estimated reading time\" \/>\n\t<meta name=\"twitter:data1\" content=\"30 minutes\" \/>\n<script type=\"application\/ld+json\" class=\"yoast-schema-graph\">{\"@context\":\"https:\\\/\\\/schema.org\",\"@graph\":[{\"@type\":\"WebPage\",\"@id\":\"https:\\\/\\\/globalhp.es\\\/vivienda-alquiler-zona-retiro\\\/\",\"url\":\"https:\\\/\\\/globalhp.es\\\/vivienda-alquiler-zona-retiro\\\/\",\"name\":\"Narciso Serra \u2013 Retiro - Viviendas en Alquiler Madrid | Global Homes\",\"isPartOf\":{\"@id\":\"https:\\\/\\\/globalhp.es\\\/#website\"},\"primaryImageOfPage\":{\"@id\":\"https:\\\/\\\/globalhp.es\\\/vivienda-alquiler-zona-retiro\\\/#primaryimage\"},\"image\":{\"@id\":\"https:\\\/\\\/globalhp.es\\\/vivienda-alquiler-zona-retiro\\\/#primaryimage\"},\"thumbnailUrl\":\"https:\\\/\\\/globalhp.es\\\/wp-content\\\/uploads\\\/2025\\\/07\\\/Vivienda-en-alquier-Retiro-1.webp\",\"datePublished\":\"2025-07-17T14:59:51+00:00\",\"dateModified\":\"2025-12-12T13:40:37+00:00\",\"description\":\"Piso de lujo en Madrid centro: 170 m\u00b2 con 3 dormitorios. Cerca de Metro Men\u00e9ndez Pelayo. Incluye parking y WiFi. \u00a1Haz tu reserva hoy mismo!\",\"breadcrumb\":{\"@id\":\"https:\\\/\\\/globalhp.es\\\/vivienda-alquiler-zona-retiro\\\/#breadcrumb\"},\"inLanguage\":\"en-GB\",\"potentialAction\":[{\"@type\":\"ReadAction\",\"target\":[\"https:\\\/\\\/globalhp.es\\\/vivienda-alquiler-zona-retiro\\\/\"]}]},{\"@type\":\"ImageObject\",\"inLanguage\":\"en-GB\",\"@id\":\"https:\\\/\\\/globalhp.es\\\/vivienda-alquiler-zona-retiro\\\/#primaryimage\",\"url\":\"https:\\\/\\\/globalhp.es\\\/wp-content\\\/uploads\\\/2025\\\/07\\\/Vivienda-en-alquier-Retiro-1.webp\",\"contentUrl\":\"https:\\\/\\\/globalhp.es\\\/wp-content\\\/uploads\\\/2025\\\/07\\\/Vivienda-en-alquier-Retiro-1.webp\",\"width\":900,\"height\":600},{\"@type\":\"BreadcrumbList\",\"@id\":\"https:\\\/\\\/globalhp.es\\\/vivienda-alquiler-zona-retiro\\\/#breadcrumb\",\"itemListElement\":[{\"@type\":\"ListItem\",\"position\":1,\"name\":\"Home\",\"item\":\"https:\\\/\\\/globalhp.es\\\/\"},{\"@type\":\"ListItem\",\"position\":2,\"name\":\"Narciso Serra \u2013 Retiro\"}]},{\"@type\":\"WebSite\",\"@id\":\"https:\\\/\\\/globalhp.es\\\/#website\",\"url\":\"https:\\\/\\\/globalhp.es\\\/\",\"name\":\"Viviendas en Alquiler Madrid | Global Homes\",\"description\":\"Alquiler de viviendas por d\u00edas y semanas en Madrid\",\"publisher\":{\"@id\":\"https:\\\/\\\/globalhp.es\\\/#organization\"},\"potentialAction\":[{\"@type\":\"SearchAction\",\"target\":{\"@type\":\"EntryPoint\",\"urlTemplate\":\"https:\\\/\\\/globalhp.es\\\/?s={search_term_string}\"},\"query-input\":{\"@type\":\"PropertyValueSpecification\",\"valueRequired\":true,\"valueName\":\"search_term_string\"}}],\"inLanguage\":\"en-GB\"},{\"@type\":\"Organization\",\"@id\":\"https:\\\/\\\/globalhp.es\\\/#organization\",\"name\":\"Viviendas en Alquiler Madrid | Global Homes\",\"url\":\"https:\\\/\\\/globalhp.es\\\/\",\"logo\":{\"@type\":\"ImageObject\",\"inLanguage\":\"en-GB\",\"@id\":\"https:\\\/\\\/globalhp.es\\\/#\\\/schema\\\/logo\\\/image\\\/\",\"url\":\"https:\\\/\\\/globalhp.es\\\/wp-content\\\/uploads\\\/2025\\\/01\\\/GHP_Logo_Homes_325px.png\",\"contentUrl\":\"https:\\\/\\\/globalhp.es\\\/wp-content\\\/uploads\\\/2025\\\/01\\\/GHP_Logo_Homes_325px.png\",\"width\":325,\"height\":104,\"caption\":\"Viviendas en Alquiler Madrid | Global Homes\"},\"image\":{\"@id\":\"https:\\\/\\\/globalhp.es\\\/#\\\/schema\\\/logo\\\/image\\\/\"}}]}<\/script>\n<!-- \/ Yoast SEO plugin. -->","yoast_head_json":{"title":"Narciso Serra \u2013 Retiro - Viviendas en Alquiler Madrid | Global Homes","description":"Piso de lujo en Madrid centro: 170 m\u00b2 con 3 dormitorios. Cerca de Metro Men\u00e9ndez Pelayo. Incluye parking y WiFi. \u00a1Haz tu reserva hoy mismo!","robots":{"index":"index","follow":"follow","max-snippet":"max-snippet:-1","max-image-preview":"max-image-preview:large","max-video-preview":"max-video-preview:-1"},"canonical":"https:\/\/globalhp.es\/en\/vivienda-alquiler-zona-retiro\/","og_locale":"en_GB","og_type":"article","og_title":"Narciso Serra \u2013 Retiro - Viviendas en Alquiler Madrid | Global Homes","og_description":"Piso de lujo en Madrid centro: 170 m\u00b2 con 3 dormitorios. Cerca de Metro Men\u00e9ndez Pelayo. Incluye parking y WiFi. \u00a1Haz tu reserva hoy mismo!","og_url":"https:\/\/globalhp.es\/en\/vivienda-alquiler-zona-retiro\/","og_site_name":"Viviendas en Alquiler Madrid | Global Homes","article_modified_time":"2025-12-12T13:40:37+00:00","og_image":[{"width":900,"height":600,"url":"https:\/\/globalhp.es\/wp-content\/uploads\/2025\/07\/Vivienda-en-alquier-Retiro-1.webp","type":"image\/webp"}],"twitter_card":"summary_large_image","twitter_misc":{"Estimated reading time":"30 minutes"},"schema":{"@context":"https:\/\/schema.org","@graph":[{"@type":"WebPage","@id":"https:\/\/globalhp.es\/vivienda-alquiler-zona-retiro\/","url":"https:\/\/globalhp.es\/vivienda-alquiler-zona-retiro\/","name":"Narciso Serra \u2013 Retiro - Viviendas en Alquiler Madrid | Global Homes","isPartOf":{"@id":"https:\/\/globalhp.es\/#website"},"primaryImageOfPage":{"@id":"https:\/\/globalhp.es\/vivienda-alquiler-zona-retiro\/#primaryimage"},"image":{"@id":"https:\/\/globalhp.es\/vivienda-alquiler-zona-retiro\/#primaryimage"},"thumbnailUrl":"https:\/\/globalhp.es\/wp-content\/uploads\/2025\/07\/Vivienda-en-alquier-Retiro-1.webp","datePublished":"2025-07-17T14:59:51+00:00","dateModified":"2025-12-12T13:40:37+00:00","description":"Piso de lujo en Madrid centro: 170 m\u00b2 con 3 dormitorios. Cerca de Metro Men\u00e9ndez Pelayo. Incluye parking y WiFi. \u00a1Haz tu reserva hoy mismo!","breadcrumb":{"@id":"https:\/\/globalhp.es\/vivienda-alquiler-zona-retiro\/#breadcrumb"},"inLanguage":"en-GB","potentialAction":[{"@type":"ReadAction","target":["https:\/\/globalhp.es\/vivienda-alquiler-zona-retiro\/"]}]},{"@type":"ImageObject","inLanguage":"en-GB","@id":"https:\/\/globalhp.es\/vivienda-alquiler-zona-retiro\/#primaryimage","url":"https:\/\/globalhp.es\/wp-content\/uploads\/2025\/07\/Vivienda-en-alquier-Retiro-1.webp","contentUrl":"https:\/\/globalhp.es\/wp-content\/uploads\/2025\/07\/Vivienda-en-alquier-Retiro-1.webp","width":900,"height":600},{"@type":"BreadcrumbList","@id":"https:\/\/globalhp.es\/vivienda-alquiler-zona-retiro\/#breadcrumb","itemListElement":[{"@type":"ListItem","position":1,"name":"Home","item":"https:\/\/globalhp.es\/"},{"@type":"ListItem","position":2,"name":"Narciso Serra \u2013 Retiro"}]},{"@type":"WebSite","@id":"https:\/\/globalhp.es\/#website","url":"https:\/\/globalhp.es\/","name":"Viviendas en Alquiler Madrid | Global Homes","description":"Alquiler de viviendas por d\u00edas y semanas en Madrid","publisher":{"@id":"https:\/\/globalhp.es\/#organization"},"potentialAction":[{"@type":"SearchAction","target":{"@type":"EntryPoint","urlTemplate":"https:\/\/globalhp.es\/?s={search_term_string}"},"query-input":{"@type":"PropertyValueSpecification","valueRequired":true,"valueName":"search_term_string"}}],"inLanguage":"en-GB"},{"@type":"Organization","@id":"https:\/\/globalhp.es\/#organization","name":"Viviendas en Alquiler Madrid | Global Homes","url":"https:\/\/globalhp.es\/","logo":{"@type":"ImageObject","inLanguage":"en-GB","@id":"https:\/\/globalhp.es\/#\/schema\/logo\/image\/","url":"https:\/\/globalhp.es\/wp-content\/uploads\/2025\/01\/GHP_Logo_Homes_325px.png","contentUrl":"https:\/\/globalhp.es\/wp-content\/uploads\/2025\/01\/GHP_Logo_Homes_325px.png","width":325,"height":104,"caption":"Viviendas en Alquiler Madrid | Global Homes"},"image":{"@id":"https:\/\/globalhp.es\/#\/schema\/logo\/image\/"}}]}},"_links":{"self":[{"href":"https:\/\/globalhp.es\/en\/wp-json\/wp\/v2\/pages\/5867","targetHints":{"allow":["GET"]}}],"collection":[{"href":"https:\/\/globalhp.es\/en\/wp-json\/wp\/v2\/pages"}],"about":[{"href":"https:\/\/globalhp.es\/en\/wp-json\/wp\/v2\/types\/page"}],"author":[{"embeddable":true,"href":"https:\/\/globalhp.es\/en\/wp-json\/wp\/v2\/users\/1"}],"replies":[{"embeddable":true,"href":"https:\/\/globalhp.es\/en\/wp-json\/wp\/v2\/comments?post=5867"}],"version-history":[{"count":121,"href":"https:\/\/globalhp.es\/en\/wp-json\/wp\/v2\/pages\/5867\/revisions"}],"predecessor-version":[{"id":7673,"href":"https:\/\/globalhp.es\/en\/wp-json\/wp\/v2\/pages\/5867\/revisions\/7673"}],"wp:featuredmedia":[{"embeddable":true,"href":"https:\/\/globalhp.es\/en\/wp-json\/wp\/v2\/media\/5938"}],"wp:attachment":[{"href":"https:\/\/globalhp.es\/en\/wp-json\/wp\/v2\/media?parent=5867"}],"curies":[{"name":"wp","href":"https:\/\/api.w.org\/{rel}","templated":true}]}}