{"id":7122,"date":"2025-11-03T11:56:32","date_gmt":"2025-11-03T11:56:32","guid":{"rendered":"https:\/\/globalhp.es\/?page_id=7122"},"modified":"2026-03-16T16:34:41","modified_gmt":"2026-03-16T16:34:41","slug":"distrito-retiro","status":"publish","type":"page","link":"https:\/\/globalhp.es\/en\/gestion-de-alquiler-en-temporada\/distrito-retiro\/","title":{"rendered":"Distrito Retiro"},"content":{"rendered":"<h1>Gesti\u00f3n de Alquiler<br \/> Distrito Retiro<\/h1>\n<h2>Madrid<\/h2>\n<div>El lujo de vivir junto al Parque del Retiro. Gestionamos tu propiedad para el inquilino &#8216;premium&#8217;: familias, ejecutivos (Atocha) y amantes del Eje del Arte.<\/div>\n<p><p>\n        <a href=\"#Cu\u00e9ntanos\">Solicitar informaci\u00f3n<\/a>\n    <\/p>\n<\/p>\n<h2>El verdadero valor de tu piso en Retiro<\/h2>\n<div>\n<p>Tu propiedad en Retiro es un activo de primer nivel. Aseguramos su rentabilidad gestionando cada detalle, desde la comercializaci\u00f3n hasta el mantenimiento, atrayendo al inquilino que valora y cuida esta ubicaci\u00f3n privilegiada. Delega la gesti\u00f3n y gana en tranquilidad.<\/p>\n<\/div>\n<p><p>\n        <a href=\"#Cu\u00e9ntanos\">Solicitar un estudio gratuito<\/a>\n    <\/p>\n<\/p>\n<ul>\n<li>\n<p>        <img decoding=\"async\" src=\"\/wp-content\/uploads\/2025\/07\/usuario.png\" alt=\"Inversor\"><\/p>\n<h3>Pedro<\/h3>\n<p>\u2b50\u2b50\u2b50\u2b50\u2b50<\/p>\n<div>\n<p>Gesti\u00f3n impecable en Retiro. Global homes es sin\u00f3nimo de profesionalidad y eficiencia. Totalmente recomendables.<\/p>\n<\/div>\n<\/li>\n<li>\n<p>        <img decoding=\"async\" src=\"\/wp-content\/uploads\/2025\/07\/usuario.png\" alt=\"Propietaria\"><\/p>\n<h3>Luc\u00eda L.<\/h3>\n<p>\u2b50\u2b50\u2b50\u2b50\u2b50<\/p>\n<div>La tranquilidad de dejar mi piso de Retiro en sus manos no tiene precio. Se ocupan de todo. \u00a1Un servicio de 10!<\/div>\n<\/li>\n<li>\n<p>        <img decoding=\"async\" src=\"\/wp-content\/uploads\/2025\/07\/usuario.png\" alt=\"Propietario\"><\/p>\n<h3>Alfredo G.<\/h3>\n<p>\u2b50\u2b50\u2b50\u2b50\u2b50<\/p>\n<div>Alquilaron mi vivienda en Retiro rapid\u00edsimo y con inquilinos solventes. Un trato cercano y muy eficaz.<\/div>\n<\/li>\n<li>\n<p>        <img decoding=\"async\" src=\"\/wp-content\/uploads\/2025\/07\/usuario.png\" alt=\"Propietario\"><\/p>\n<h3>Sergio D.<\/h3>\n<p>\u2b50\u2b50\u2b50\u2b50\u2b50<\/p>\n<div>Confianza absoluta en Global homes. Llevo a\u00f1os con ellos y la rentabilidad de mi piso en Retiro est\u00e1 asegurada.<\/div>\n<\/li>\n<li>\n<p>        <img decoding=\"async\" src=\"\/wp-content\/uploads\/2025\/07\/usuario.png\" alt=\"Propietario\"><\/p>\n<h3>Roberto L.<\/h3>\n<p>\u2b50\u2b50\u2b50\u2b50\u2b50<\/p>\n<div>Resolutivos y siempre atentos. Cualquier peque\u00f1a incidencia la solucionan al momento. \u00a1Muy contento con su gesti\u00f3n!<\/div>\n<\/li>\n<\/ul>\n<h2><span class=\"uk-text-primary\">C\u00f3mo funcionamos<\/span> desde que contactamos contigo<\/h2>\n<div><span class=\"uk-margin-small-right\" uk-icon=\"icon: receiver\"><\/span>Respuesta en menos de 2 horas \u00b7 Equipo local \u00b7 7\/365 \u00b7 Nos ocupamos de todo para que t\u00fa solo veas resultados.<\/div>\n<ul>\n<li>\n<p>        <img decoding=\"async\" src=\"\/wp-content\/uploads\/2025\/08\/estudio-vivienda.png\" alt=\"Estudio de tu piso en Chamber\u00ed\"><\/p>\n<h3>1. Estudio<\/h3>\n<div>An\u00e1lisis de zona, demanda y pricing \u00f3ptimo.<\/div>\n<\/li>\n<li>\n<p>        <img decoding=\"async\" src=\"\/wp-content\/uploads\/2025\/08\/licencias.png\" alt=\"Licencia en Chamber\u00ed\"><\/p>\n<h3>2. Licencia<\/h3>\n<div>Tramitamos alta VUT o modalidad temporal.<\/div>\n<\/li>\n<li>\n<p>        <img decoding=\"async\" src=\"\/wp-content\/uploads\/2025\/08\/montaje-fotos-y-anuncios.png\" alt=\"Montaje de tu piso en Chamber\u00ed\"><\/p>\n<h3>3. Montaje<\/h3>\n<div>Home staging, fotos pro y anuncio en OTAs.<\/div>\n<\/li>\n<li>\n<p>        <img decoding=\"async\" src=\"\/wp-content\/uploads\/2025\/08\/gestion-de-vivienda.png\" alt=\"Gesti\u00f3n de tu piso en Chamber\u00ed\"><\/p>\n<h3>4. Gesti\u00f3n<\/h3>\n<div>Check-in 24\/7, limpieza y atenci\u00f3n al hu\u00e9sped.<\/div>\n<\/li>\n<li>\n<p>        <img decoding=\"async\" src=\"\/wp-content\/uploads\/2025\/08\/reporte.png\" alt=\"Reporting de tu piso\"><\/p>\n<h3>5. Reporting<\/h3>\n<div>Informe mensual y soporte fiscal.<\/div>\n<\/li>\n<\/ul>\n<h2>Calidad de vida y rentabilidad &#8216;prime&#8217; en el <span class=\"uk-text-primary\">pulm\u00f3n de Madrid<\/span><\/h2>\n<div>\n<p>El Distrito Retiro ofrece algo que ning\u00fan otro puede: la confluencia del lujo institucional (Jer\u00f3nimos), la vida familiar de alta calidad (Ibiza) y el &#8216;Paseo del Arte&#8217; (Prado, Thyssen). Es el epicentro de la demanda de inquilinos que no solo buscan un piso, sino una experiencia de vida en Madrid, con el parque como su jard\u00edn particular.<\/p>\n<p>En Global HP, entendemos los matices del distrito. No es lo mismo gestionar un apartamento de lujo en <b>Jer\u00f3nimos<\/b> con vistas al Prado, que un piso familiar en <b>Ibiza<\/b>, demandado por su gastronom\u00eda y colegios, o un apartamento en <b>Pac\u00edfico<\/b>, estrat\u00e9gico por su conectividad con la Estaci\u00f3n de Atocha.<\/p>\n<ul>\n<li>\n<p><b>Eje del Arte y Lujo:<\/b> Foco de alquiler &#8216;ultra-prime&#8217; para diplom\u00e1ticos, perfiles institucionales y amantes de la cultura (Jer\u00f3nimos).<\/p>\n<\/li>\n<li>\n<p><b>Hub de Conectividad (Atocha):<\/b> Demanda constante de ejecutivos y profesionales que viajan en tren de alta velocidad.<\/p>\n<\/li>\n<li>\n<p><b>Vida Familiar &#8216;Premium&#8217;:<\/b> La zona residencial m\u00e1s cotizada por familias (Ibiza, Ni\u00f1o Jes\u00fas) por el parque, colegios y servicios.<\/p>\n<\/li>\n<\/ul>\n<p>Nos especializamos en conectar tu propiedad con este perfil de inquilino solvente, asegurando una ocupaci\u00f3n estable, rentas elevadas y un cuidado impecable de la vivienda.<\/p>\n<\/div>\n<p><img decoding=\"async\" src=\"\/wp-content\/uploads\/2025\/11\/Barrio-Retiro-Madrid.webp\" alt=\"Barrio Retiro Madrid\"><\/p>\n<div>\n\n<div class=\"wpcf7 no-js\" id=\"wpcf7-f7982-o1\" lang=\"es-ES\" dir=\"ltr\" data-wpcf7-id=\"7982\">\n<div class=\"screen-reader-response\"><p role=\"status\" aria-live=\"polite\" aria-atomic=\"true\"><\/p> <ul><\/ul><\/div>\n<form action=\"\/en\/wp-json\/wp\/v2\/pages\/7122#wpcf7-f7982-o1\" method=\"post\" class=\"wpcf7-form init\" aria-label=\"Formulario de contacto\" novalidate=\"novalidate\" data-status=\"init\">\n<fieldset class=\"hidden-fields-container\"><input type=\"hidden\" name=\"_wpcf7\" value=\"7982\" \/><input type=\"hidden\" name=\"_wpcf7_version\" value=\"6.1.5\" \/><input type=\"hidden\" name=\"_wpcf7_locale\" value=\"es_ES\" \/><input type=\"hidden\" name=\"_wpcf7_unit_tag\" value=\"wpcf7-f7982-o1\" \/><input type=\"hidden\" name=\"_wpcf7_container_post\" value=\"0\" \/><input type=\"hidden\" name=\"_wpcf7_posted_data_hash\" value=\"\" \/>\n<\/fieldset>\n<div id=\"form-propietarios\" class=\"uk-grid-large\" uk-grid>\n\t<div class=\"uk-width-1-2@s\">\n\t\t<h2 class=\"uk-heading-line\"><span>Cu\u00e9ntanos sobre tu vivienda<\/span>\n\t\t<\/h2>\n\t\t<p class=\"uk-margin-small\">Te contactamos en menos de 2 horas con un plan y una estimaci\u00f3n ajustada.\n\t\t<\/p>\n\t\t<div class=\"uk-form-stacked\">\n\t\t\t<div class=\"uk-margin\">\n\t\t\t\t<p><label class=\"uk-form-label\" for=\"f-zona\">CIUDAD \/ BARRIO<\/label><br \/>\n<span class=\"wpcf7-form-control-wrap\" data-name=\"zona\"><input size=\"40\" maxlength=\"400\" class=\"wpcf7-form-control wpcf7-text wpcf7-validates-as-required uk-input\" id=\"f-zona\" aria-required=\"true\" aria-invalid=\"false\" placeholder=\"Ej.: Madrid \/ Retiro\" value=\"\" type=\"text\" name=\"zona\" \/><\/span>\n\t\t\t\t<\/p>\n\t\t\t<\/div>\n\t\t\t<div class=\"uk-grid-small\" uk-grid>\n\t\t\t\t<div class=\"uk-width-1-2@s\">\n\t\t\t\t\t<p><label class=\"uk-form-label\" for=\"f-tipo\">TIPO<\/label><br \/>\n<span class=\"wpcf7-form-control-wrap\" data-name=\"tipo\"><select class=\"wpcf7-form-control wpcf7-select wpcf7-validates-as-required uk-select\" id=\"f-tipo\" aria-required=\"true\" aria-invalid=\"false\" name=\"tipo\"><option value=\"Selecciona\u2026\">Selecciona\u2026<\/option><option value=\"Apartamento\">Apartamento<\/option><option value=\"Piso\">Piso<\/option><option value=\"Chalet\">Chalet<\/option><option value=\"Estudio\">Estudio<\/option><\/select><\/span>\n\t\t\t\t\t<\/p>\n\t\t\t\t<\/div>\n\t\t\t\t<div class=\"uk-width-1-4@s\">\n\t\t\t\t\t<p><label class=\"uk-form-label\" for=\"f-habitaciones\">HABITACIONES<\/label><br \/>\n<span class=\"wpcf7-form-control-wrap\" data-name=\"habitaciones\"><input class=\"wpcf7-form-control wpcf7-number wpcf7-validates-as-required wpcf7-validates-as-number uk-input\" id=\"f-habitaciones\" min=\"0\" aria-required=\"true\" aria-invalid=\"false\" placeholder=\"2\" value=\"\" type=\"number\" name=\"habitaciones\" \/><\/span>\n\t\t\t\t\t<\/p>\n\t\t\t\t<\/div>\n\t\t\t\t<div class=\"uk-width-1-4@s\">\n\t\t\t\t\t<p><label class=\"uk-form-label\" for=\"f-banos\">BA\u00d1OS<\/label><br \/>\n<span class=\"wpcf7-form-control-wrap\" data-name=\"banos\"><input class=\"wpcf7-form-control wpcf7-number wpcf7-validates-as-required wpcf7-validates-as-number uk-input\" id=\"f-banos\" min=\"0\" aria-required=\"true\" aria-invalid=\"false\" placeholder=\"1\" value=\"\" type=\"number\" name=\"banos\" \/><\/span>\n\t\t\t\t\t<\/p>\n\t\t\t\t<\/div>\n\t\t\t<\/div>\n\t\t\t<div class=\"uk-margin\">\n\t\t\t\t<p><label class=\"uk-form-label\" for=\"f-amueblado\">\u00bfEST\u00c1 AMUEBLADO?<\/label><br \/>\n<span class=\"wpcf7-form-control-wrap\" data-name=\"amueblado\"><select class=\"wpcf7-form-control wpcf7-select wpcf7-validates-as-required uk-select\" id=\"f-amueblado\" aria-required=\"true\" aria-invalid=\"false\" name=\"amueblado\"><option value=\"Selecciona\u2026\">Selecciona\u2026<\/option><option value=\"S\u00ed\">S\u00ed<\/option><option value=\"No\">No<\/option><\/select><\/span>\n\t\t\t\t<\/p>\n\t\t\t<\/div>\n\t\t\t<div class=\"uk-margin\">\n\t\t\t\t<p><label class=\"uk-form-label\" for=\"f-disponibilidad\">DISPONIBILIDAD DE LA VIVIENDA<\/label><br \/>\n<span class=\"wpcf7-form-control-wrap\" data-name=\"disponibilidad\"><input class=\"wpcf7-form-control wpcf7-date wpcf7-validates-as-required wpcf7-validates-as-date uk-input\" id=\"f-disponibilidad\" aria-required=\"true\" aria-invalid=\"false\" value=\"\" type=\"date\" name=\"disponibilidad\" \/><\/span>\n\t\t\t\t<\/p>\n\t\t\t<\/div>\n\t\t\t<div class=\"uk-grid-small uk-margin\" uk-grid>\n\t\t\t\t<div class=\"uk-width-1-2@s\">\n\t\t\t\t\t<p><label class=\"uk-form-label\" for=\"f-nombre\">NOMBRE<\/label><br \/>\n<span class=\"wpcf7-form-control-wrap\" data-name=\"nombre\"><input size=\"40\" maxlength=\"400\" class=\"wpcf7-form-control wpcf7-text wpcf7-validates-as-required uk-input\" id=\"f-nombre\" autocomplete=\"name\" aria-required=\"true\" aria-invalid=\"false\" value=\"\" type=\"text\" name=\"nombre\" \/><\/span>\n\t\t\t\t\t<\/p>\n\t\t\t\t<\/div>\n\t\t\t\t<div class=\"uk-width-1-2@s\">\n\t\t\t\t\t<p><label class=\"uk-form-label\" for=\"f-telefono\">TEL\u00c9FONO<\/label><br \/>\n<span class=\"wpcf7-form-control-wrap\" data-name=\"telefono\"><input size=\"40\" maxlength=\"400\" class=\"wpcf7-form-control wpcf7-tel wpcf7-validates-as-required wpcf7-text wpcf7-validates-as-tel uk-input\" id=\"f-telefono\" aria-required=\"true\" aria-invalid=\"false\" placeholder=\"+34 600 000 000\" value=\"\" type=\"tel\" name=\"telefono\" \/><\/span>\n\t\t\t\t\t<\/p>\n\t\t\t\t<\/div>\n\t\t\t<\/div>\n\t\t\t<div class=\"uk-margin\">\n\t\t\t\t<p><label class=\"uk-form-label\" for=\"f-email\">EMAIL<\/label><br \/>\n<span class=\"wpcf7-form-control-wrap\" data-name=\"email\"><input size=\"40\" maxlength=\"400\" class=\"wpcf7-form-control wpcf7-email wpcf7-validates-as-required wpcf7-text wpcf7-validates-as-email uk-input\" id=\"f-email\" aria-required=\"true\" aria-invalid=\"false\" placeholder=\"tucorreo@dominio.com\" value=\"\" type=\"email\" name=\"email\" \/><\/span>\n\t\t\t\t<\/p>\n\t\t\t<\/div>\n\t\t\t<div class=\"uk-margin privacy-row\">\n\t\t\t\t<p><span class=\"wpcf7-form-control-wrap\" data-name=\"consent\"><span class=\"wpcf7-form-control wpcf7-acceptance optional\"><span class=\"wpcf7-list-item\"><input type=\"checkbox\" name=\"consent\" value=\"1\" class=\"uk-checkbox\" id=\"f-consent\" aria-invalid=\"false\" \/><\/span><\/span><\/span><span class=\"privacy-text\">Acepto la <a href=\"https:\/\/globalhp.es\/politica-de-privacidad\/\" target=\"_blank\">pol\u00edtica de privacidad<\/a>.<\/span>\n\t\t\t\t<\/p>\n\t\t\t<\/div>\n\t\t<input class=\"wpcf7-form-control wpcf7-hidden\" id=\"gclid_field\" value=\"\" type=\"hidden\" name=\"gclid\" \/>\n\t\t<input class=\"wpcf7-form-control wpcf7-hidden\" id=\"utm_source_field\" value=\"\" type=\"hidden\" name=\"utm_source\" \/>\n\t\t<input class=\"wpcf7-form-control wpcf7-hidden\" id=\"utm_medium_field\" value=\"\" type=\"hidden\" name=\"utm_medium\" \/>\n\t\t<input class=\"wpcf7-form-control wpcf7-hidden\" id=\"utm_campaign_field\" value=\"\" type=\"hidden\" name=\"utm_campaign\" \/>\n\t\t\t<div class=\"uk-margin btn-container-cf7\">\n\t\t\t\t<p><button type=\"submit\" class=\"uk-button custom-submit-btn\">Enviar<\/button>\n\t\t\t\t<\/p>\n\t\t\t<\/div>\n\t\t<\/div>\n\t<\/div>\n\t<div class=\"uk-width-1-2@s\">\n\t\t<div class=\"uk-card uk-card-default uk-card-body uk-box-shadow-medium\" style=\"border-radius: 8px;\">\n\t\t\t<h3 class=\"uk-card-title\">Incluido en la gesti\u00f3n\n\t\t\t<\/h3>\n\t\t\t<ul class=\"uk-list uk-list-bullet\">\n\t\t\t\t<li>\n\t\t\t\t\t<p>Contratos de alquiler por temporada y cumplimiento legal\n\t\t\t\t\t<\/p>\n\t\t\t\t<\/li>\n\t\t\t\t<li>\n\t\t\t\t\t<p>Optimizaci\u00f3n de anuncio y difusi\u00f3n multicanal\n\t\t\t\t\t<\/p>\n\t\t\t\t<\/li>\n\t\t\t\t<li>\n\t\t\t\t\t<p>Pricing seg\u00fan demanda y duraci\u00f3n de estancia\n\t\t\t\t\t<\/p>\n\t\t\t\t<\/li>\n\t\t\t\t<li>\n\t\t\t\t\t<p>Check-in\/out, limpieza y mantenimiento coordinado\n\t\t\t\t\t<\/p>\n\t\t\t\t<\/li>\n\t\t\t\t<li>\n\t\t\t\t\t<p>Atenci\u00f3n al inquilino y gesti\u00f3n de incidencias\n\t\t\t\t\t<\/p>\n\t\t\t\t<\/li>\n\t\t\t\t<li>\n\t\t\t\t\t<p>Informes peri\u00f3dicos, gesti\u00f3n de fianza y soporte fiscal\n\t\t\t\t\t<\/p>\n\t\t\t\t<\/li>\n\t\t\t<\/ul>\n\t\t<\/div>\n\t<\/div>\n<\/div><div class=\"wpcf7-response-output\" aria-hidden=\"true\"><\/div>\n<\/form>\n<\/div>\n<\/div>\n<h2>Nuestros servicios en los barrios <br class=\"uk-visible@s\"><span class=\"uk-text-primary\">Distrito Retiro<\/span><\/h2>\n<ul>\n<li>\n<p>        <img decoding=\"async\" src=\"\/wp-content\/uploads\/2025\/11\/barrio-jeronimos-madrid.webp\" alt=\"Barrio Jer\u00f3nimos de Madrid\"><\/p>\n<h3>Gesti\u00f3n en Jer\u00f3nimos<\/h3>\n<div>\n<p>El lujo institucional. Junto al Museo del Prado y el Retiro. Perfil diplom\u00e1tico y de alto patrimonio. El metro cuadrado m\u00e1s exclusivo de Madrid.<\/p>\n<\/div>\n<p><a href=\"\/gestion-de-alquiler-en-temporada\/distrito-retiro\/jeronimos\/\">Saber m\u00e1s<\/a><\/p>\n<\/li>\n<li>\n<p>        <img decoding=\"async\" src=\"\/wp-content\/uploads\/2025\/11\/Barrio-de-Ibiza-Madrid.webp\" alt=\"Barrio de Ibiza Madrid\"><\/p>\n<h3>Gesti\u00f3n en Ibiza<\/h3>\n<p>Madrid<\/p>\n<div>\n<p>El &#8216;bulevar&#8217; gastron\u00f3mico de Retiro. Ambiente residencial &#8216;premium&#8217;, cotizado por familias y profesionales por sus servicios y cercan\u00eda al parque.<\/p>\n<\/div>\n<p><a href=\"\/gestion-de-alquiler-en-temporada\/distrito-retiro\/barrio-ibiza\/\">Saber m\u00e1s<\/a><\/p>\n<\/li>\n<li>\n<p>        <img decoding=\"async\" src=\"\/wp-content\/uploads\/2025\/11\/Barrio-de-pacifico-Madrid.webp\" alt=\"Barrio de pac\u00edfico Madrid\"><\/p>\n<h3>Gesti\u00f3n en Pac\u00edfico<\/h3>\n<div>\n<p>La conexi\u00f3n perfecta. Barrio residencial y comercial, estrat\u00e9gicamente ubicado junto a la estaci\u00f3n de Atocha. Ideal para ejecutivos y media estancia.<\/p>\n<\/div>\n<p><a href=\"\/gestion-de-alquiler-en-temporada\/distrito-retiro\/barrio-pacifico\/\">Saber m\u00e1s<\/a><\/p>\n<\/li>\n<li>\n<p>        <img decoding=\"async\" src=\"\/wp-content\/uploads\/2025\/11\/Barrio-nino-jesus-Madrid.webp\" alt=\"gesti\u00f3n de alquiler barrio Ni\u00f1o Jes\u00fas\"><\/p>\n<h3>Gesti\u00f3n en Ni\u00f1o Jes\u00fas<\/h3>\n<div>\n<p>Exclusividad residencial junto al parque. Zona tranquila, con excelentes colegios y hospitales (Gregorio Mara\u00f1\u00f3n). Foco de demanda familiar de alto nivel.<\/p>\n<\/div>\n<p><a href=\"\/gestion-de-alquiler-en-temporada\/distrito-retiro\/barrio-nino-jesus\/\">Saber m\u00e1s<\/a><\/p>\n<\/li>\n<li>\n<p>        <img decoding=\"async\" src=\"\/wp-content\/uploads\/2025\/11\/Barrio-de-la-Estrella-Madrid.webp\" alt=\"gesti\u00f3n de alquiler Estrella\"><\/p>\n<h3>Gesti\u00f3n en Estrella<\/h3>\n<div>\n<p>Tranquilidad y conexiones. Un barrio residencial de calidad, perfectamente comunicado (M-30, O&#8217;Donnell) y con todos los servicios.<\/p>\n<\/div>\n<p><a href=\"\/gestion-de-alquiler-en-temporada\/distrito-retiro\/barrio-estrella\/\">Saber m\u00e1s<\/a><\/p>\n<\/li>\n<li>\n<p>        <img decoding=\"async\" src=\"\/wp-content\/uploads\/2025\/11\/Barrio-de-adelfas-Madrid.webp\" alt=\"gesti\u00f3n de viviendas alquiler Adelfas\"><\/p>\n<h3>Gesti\u00f3n en Adelfas<\/h3>\n<div>\n<p>La zona emergente junto a Atocha. Residencial, bien conectado y con una creciente demanda de profesionales j\u00f3venes por su cercan\u00eda al centro.<\/p>\n<\/div>\n<p><a href=\"\/gestion-de-alquiler-en-temporada\/distrito-retiro\/barrio-adelfas\/\">Saber m\u00e1s<\/a><\/p>\n<\/li>\n<\/ul>\n<ul>\n<li>\n<h2>Gesti\u00f3n en Jer\u00f3nimos<\/h2>\n<div>\n<p>El lujo institucional. Junto al Museo del Prado y el Retiro. Perfil diplom\u00e1tico y de alto patrimonio. El metro cuadrado m\u00e1s exclusivo de Madrid.<\/p>\n<\/div>\n<\/li>\n<li>\n<h2> Gesti\u00f3n en Ibiza<\/h2>\n<div>\n<p>El \u2018bulevar\u2019 gastron\u00f3mico de Retiro. Ambiente residencial \u2018premium\u2019, cotizado por familias y profesionales por sus servicios y cercan\u00eda al parque.<\/p>\n<\/div>\n<\/li>\n<li>\n<h2> Gesti\u00f3n en Pac\u00edfico<\/h2>\n<div>\n<p>La conexi\u00f3n perfecta. Barrio residencial y comercial, estrat\u00e9gicamente ubicado junto a la estaci\u00f3n de Atocha. Ideal para ejecutivos y media estancia.<\/p>\n<\/div>\n<\/li>\n<li>\n<h2> Gesti\u00f3n en Ni\u00f1o Jes\u00fas<\/h2>\n<div>\n<p>Exclusividad residencial junto al parque. Zona tranquila, con excelentes colegios y hospitales (Gregorio Mara\u00f1\u00f3n). Foco de demanda familiar de alto nivel.<\/p>\n<\/div>\n<\/li>\n<li>\n<h2> Gesti\u00f3n en Estrella<\/h2>\n<div>\n<p>Tranquilidad y conexiones. Un barrio residencial de calidad, perfectamente comunicado (M-30, O\u2019Donnell) y con todos los servicios.<\/p>\n<\/div>\n<\/li>\n<li>\n<h2> Gesti\u00f3n en Adelfas<\/h2>\n<div>\n<p>La zona emergente junto a Atocha. Residencial, bien conectado y con una creciente demanda de profesionales j\u00f3venes por su cercan\u00eda al centro.<\/p>\n<\/div>\n<\/li>\n<\/ul>\n<h2>Preguntas frecuentes<\/h2>\n<ul>\n<li>\n<h3>\u00bfEs dif\u00edcil conseguir la licencia VUT en el Distrito Retiro?<\/h3>\n<div>\n<p>S\u00ed, al igual que en otros distritos centrales de Madrid, la obtenci\u00f3n de una licencia VUT en Retiro est\u00e1 muy restringida por el Plan Especial de Hospedaje. La normativa actual hace casi inviable su concesi\u00f3n en edificios de uso residencial.<\/p>\n<p>En Global HP, somos expertos en la alternativa legal y m\u00e1s rentable para este distrito: el alquiler de temporada (media estancia). Esta modalidad (de 1 a 11 meses) no requiere licencia, cumple 100% con la ley y se adapta perfectamente al perfil de inquilino de Retiro (ejecutivos, familias de alto nivel, personal diplom\u00e1tico), garantizando una alta ocupaci\u00f3n y rentas &#8216;prime&#8217; sin complicaciones legales.<\/p>\n<\/div>\n<\/li>\n<li>\n<h3>\u00bfEs necesario el \u2018home staging\u2019 para un piso en Jer\u00f3nimos o Ibiza?<\/h3>\n<div>\n<p>En barrios de este calibre, no es opcional: es fundamental. El inquilino que busca en Jer\u00f3nimos (alto patrimonio, diplom\u00e1ticos) compara la vivienda con una suite de lujo; espera calidades y dise\u00f1o impecables. En Ibiza, el inquilino (familia &#8216;premium&#8217;, profesional) busca un hogar con estilo, funcional y listo para entrar a vivir. El &#8216;home staging&#8217; y la fotograf\u00eda profesional son la herramienta que nos permite posicionar la vivienda por encima de la competencia, atraer a este perfil solvente, alquilarla en tiempo r\u00e9cord y, lo m\u00e1s importante, justificar y defender la renta m\u00e1s alta del mercado.<\/p>\n<\/div>\n<\/li>\n<li>\n<h3>\u00bfQu\u00e9 perfil de inquilino predomina en el Distrito Retiro?<\/h3>\n<div>\n<p>El inquilino de Retiro es de muy alto standing, pero con matices claros seg\u00fan el barrio:<\/p>\n<ul>\n<li><b>Perfil Institucional y &#8216;Ultra-Prime&#8217;:<\/b> En <b>Jer\u00f3nimos<\/b>, la demanda proviene de perfiles diplom\u00e1ticos, altos ejecutivos y amantes del arte que buscan proximidad al Eje del Prado y m\u00e1xima exclusividad.<\/li>\n<li><b>Familias &#8216;Premium&#8217;:<\/b> En <b>Ibiza<\/b> y <b>Ni\u00f1o Jes\u00fas<\/b>, la demanda es principalmente de familias nacionales e internacionales de alto poder adquisitivo, que valoran el parque, los colegios de \u00e9lite y la oferta gastron\u00f3mica.<\/li>\n<li><b>Ejecutivos y Profesionales (Hub Atocha):<\/b> En <b>Pac\u00edfico<\/b> y <b>Adelfas<\/b>, atraemos a muchos profesionales y ejecutivos que necesitan una conexi\u00f3n inmediata con la alta velocidad (Atocha) para sus viajes de trabajo.<\/li>\n<\/ul>\n<p>Nuestro filtro se especializa en captar y verificar la solvencia de estos perfiles para asegurar la tranquilidad total del propietario.<\/p>\n<\/div>\n<\/li>\n<li>\n<h3>\u00bfC\u00f3mo gestionan el mantenimiento en barrios como Pac\u00edfico o Ni\u00f1o Jes\u00fas?<\/h3>\n<div>\n<p>Con eficacia y proactividad. Disponemos de un equipo de mantenimiento local que opera 7\/365 para garantizar una respuesta inmediata. El inquilino siempre nos contacta a nosotros, nunca al propietario. Entendemos que un inquilino en Ni\u00f1o Jes\u00fas (perfil familiar &#8216;prime&#8217;) exige una soluci\u00f3n inmediata a cualquier problema en el hogar, y un profesional en Pac\u00edfico valora la eficiencia por encima de todo. Nuestro protocolo es el mismo: resolver la incidencia en el menor tiempo posible, coordinando a los t\u00e9cnicos necesarios y sin molestar al propietario. La gesti\u00f3n del mantenimiento se refleja de forma transparente en el informe mensual, para que t\u00fa solo veas los resultados.<\/p>\n<\/div>\n<\/li>\n<\/ul>\n<h2>Expertos en Rentabilidad <span class=\"uk-text-primary\">en el Distrito Retiro.<\/span><\/h2>\n<div>\n<p>El Distrito Retiro es sin\u00f3nimo de estabilidad y alta demanda. Navega por nuestro mapa interactivo y descubre nuestra estrategia barrio a barrio. Ya sea un piso familiar en Ni\u00f1o Jes\u00fas o un apartamento corporativo en Adelfas, filtramos meticulosamente para garantizar la m\u00e1xima rentabilidad y el cuidado de tu vivienda.<\/p>\n<\/div>\n<div>\n<p>    <iframe src=\"https:\/\/www.google.com\/maps\/d\/embed?mid=1fN1AmmCe7eXaHiTYQSDdHbxH7G3GXUM&#038;ehbc=2E312F\" width=\"100%\" height=\"580\" loading=\"lazy\" title=\"Mapa de Gesti\u00f3n de Alquileres en Retiro\"><\/iframe>\n<\/div>\n<h3>\u00bfListo para maximizar la rentabilidad de tu piso en Retiro?<\/h3>\n<div>\n<p>Contacta con nosotros hoy mismo para un estudio de rentabilidad gratuito de tu propiedad en el Distrito Retiro.<\/p>\n<\/div>\n<p><p>\n        <a href=\"\/contacto\/\">Contacta ahora<\/a>\n    <\/p>\n<\/p>\n<p><img decoding=\"async\" src=\"\/wp-content\/uploads\/yootheme\/cta-bg.svg\" alt=\"Viviendas en alquiler en Distrito Retiro de Madrid\"><\/p>\n<p><!--more--><br \/>\n<!-- {\"type\":\"layout\",\"children\":[{\"name\":\"Hero\",\"type\":\"section\",\"props\":{\"animation\":\"slide-bottom-small\",\"height\":\"pixels\",\"height_viewport\":true,\"height_viewport_offset\":true,\"html_element\":\"header\",\"image\":\"wp-content\/uploads\/2025\/11\/Zona-Retiro-de-Madrid.webp\",\"image_loading\":true,\"image_position\":\"center-center\",\"image_size\":\"cover\",\"image_width\":\"1920\",\"media_background\":\"#fff\",\"media_overlay\":\"rgba(0, 0, 0, 0.77)\",\"style\":\"default\",\"text_color\":\"light\",\"title_breakpoint\":\"xl\",\"title_position\":\"top-left\",\"title_rotation\":\"left\",\"vertical_align\":\"middle\",\"width\":\"default\"},\"children\":[{\"type\":\"row\",\"props\":{\"margin_bottom\":\"default\",\"margin_top\":\"default\"},\"children\":[{\"type\":\"column\",\"props\":{\"image_position\":\"center-center\",\"position_sticky_breakpoint\":\"m\",\"width_medium\":\"1-1\"},\"children\":[{\"type\":\"headline\",\"props\":{\"animation\":\"parallax\",\"content\":\"Gesti\u00f3n de Alquiler<br \/> Distrito Retiro\",\"image_align\":\"left\",\"image_margin\":\"xsmall\",\"margin_bottom\":\"medium\",\"margin_top\":\"medium\",\"parallax_blur\":\"50\",\"parallax_opacity\":\"1\",\"parallax_scale\":\"0.5\",\"parallax_start\":\"55vh + 50%\",\"text_align\":\"center\",\"title_element\":\"h1\",\"title_style\":\"heading-xlarge\"}},{\"type\":\"headline\",\"props\":{\"animation\":\"parallax\",\"content\":\"Madrid\",\"image_align\":\"left\",\"image_margin\":\"xsmall\",\"parallax_blur\":\"50\",\"parallax_opacity\":\"1\",\"parallax_scale\":\"0.5\",\"parallax_start\":\"55vh + 50%\",\"text_align\":\"center\",\"title_element\":\"h2\",\"title_style\":\"h5\"}},{\"type\":\"text\",\"props\":{\"animation\":\"parallax\",\"column_breakpoint\":\"m\",\"content\":\"El lujo de vivir junto al Parque del Retiro. Gestionamos tu propiedad para el inquilino 'premium': familias, ejecutivos (Atocha) y amantes del Eje del Arte.\",\"margin_bottom\":\"default\",\"margin_top\":\"default\",\"parallax_blur\":\"50\",\"parallax_opacity\":\"1\",\"parallax_scale\":\"0.5\",\"parallax_start\":\"55vh + 50%\",\"text_align\":\"center\",\"text_color\":\"primary\",\"text_style\":\"lead\"}},{\"type\":\"button\",\"props\":{\"animation\":\"none\",\"grid_column_gap\":\"small\",\"grid_row_gap\":\"small\",\"margin_bottom\":\"default\",\"margin_top\":\"default\",\"parallax_blur\":\"30\",\"parallax_opacity\":\"1\",\"parallax_rotate\":\"-10\",\"parallax_scale\":\"0.5\",\"parallax_y\":\"-80\",\"text_align\":\"center\"},\"children\":[{\"type\":\"button_item\",\"props\":{\"button_style\":\"primary\",\"content\":\"Solicitar informaci\u00f3n\",\"dialog_layout\":\"modal\",\"dialog_offcanvas_flip\":true,\"icon_align\":\"left\",\"link\":\"#Cu\u00e9ntanos\",\"link_aria_label\":\"Solicitar informaci\u00f3n gesti\u00f3n de alquiler\",\"link_title\":\"Solicitar informaci\u00f3n\"}}]}]}]}]},{\"name\":\"Customers\",\"type\":\"section\",\"props\":{\"animation\":\"slide-bottom-small\",\"animation_delay\":false,\"class\":\"tm-section-box-shadow\",\"css\":\".el-section {\\n\\tposition: relative;\\n\\tbox-shadow: 0 0 35px rgba(0,0,0,0.04);\\n}\",\"html_element\":\"section\",\"image_position\":\"center-center\",\"image_size\":\"cover\",\"padding_bottom\":\"small\",\"padding_top\":\"small\",\"style\":\"default\",\"title_breakpoint\":\"xl\",\"title_position\":\"top-left\",\"title_rotation\":\"left\",\"vertical_align\":\"\",\"width\":\"default\"},\"children\":[{\"type\":\"row\",\"children\":[{\"type\":\"column\",\"props\":{\"image_position\":\"center-center\",\"position_sticky_breakpoint\":\"m\",\"vertical_align\":\"middle\"},\"children\":[{\"type\":\"headline\",\"props\":{\"content\":\"El verdadero valor de tu piso en Retiro\",\"image_align\":\"left\",\"image_margin\":\"xsmall\",\"text_align\":\"center\",\"text_align_fallback\":\"center\",\"title_color\":\"primary\",\"title_element\":\"h2\",\"title_style\":\"h2\"}},{\"type\":\"text\",\"props\":{\"column_breakpoint\":\"m\",\"content\":\"\n\n<p>Tu propiedad en Retiro es un activo de primer nivel. Aseguramos su rentabilidad gestionando cada detalle, desde la comercializaci\u00f3n hasta el mantenimiento, atrayendo al inquilino que valora y cuida esta ubicaci\u00f3n privilegiada. Delega la gesti\u00f3n y gana en tranquilidad.<\/p>\n\n\",\"margin_bottom\":\"default\",\"margin_top\":\"default\",\"text_align\":\"center\"}},{\"type\":\"button\",\"props\":{\"grid_column_gap\":\"small\",\"grid_row_gap\":\"small\",\"margin_bottom\":\"default\",\"margin_top\":\"default\",\"text_align\":\"center\"},\"children\":[{\"type\":\"button_item\",\"props\":{\"button_style\":\"default\",\"content\":\"Solicitar un estudio gratuito\",\"dialog_layout\":\"modal\",\"dialog_offcanvas_flip\":true,\"icon_align\":\"left\",\"link\":\"#Cu\u00e9ntanos\",\"link_title\":\"Solicitar un estudio gratuito\"}}]}]}]}]},{\"type\":\"section\",\"props\":{\"html_element\":\"nav\",\"image_position\":\"center-center\",\"padding_bottom\":\"none\",\"style\":\"default\",\"title_breakpoint\":\"xl\",\"title_position\":\"top-left\",\"title_rotation\":\"left\",\"vertical_align\":\"middle\",\"width\":\"large\"},\"children\":[{\"type\":\"row\",\"children\":[{\"type\":\"column\",\"props\":{\"image_position\":\"center-center\",\"position_sticky_breakpoint\":\"m\"},\"children\":[{\"type\":\"breadcrumbs\",\"props\":{\"blend\":true,\"show_current\":true,\"show_home\":true}}]}]}]},{\"type\":\"section\",\"props\":{\"html_element\":\"section\",\"image\":\"wp-content\/uploads\/feature-integrations-bg.svg\",\"image_position\":\"center-center\",\"image_width\":500,\"style\":\"default\",\"title_breakpoint\":\"xl\",\"title_position\":\"top-left\",\"title_rotation\":\"left\",\"vertical_align\":\"middle\",\"width\":\"default\"},\"children\":[{\"type\":\"row\",\"children\":[{\"type\":\"column\",\"props\":{\"image_position\":\"center-center\",\"position_sticky_breakpoint\":\"m\"},\"children\":[{\"type\":\"panel-slider\",\"props\":{\"content_column_breakpoint\":\"m\",\"content_margin\":\"small\",\"content_style\":\"h5\",\"css\":\".el-item {box-shadow: none;}\",\"image_align\":\"left\",\"image_grid_breakpoint\":\"m\",\"image_grid_column_gap\":\"medium\",\"image_grid_row_gap\":\"small\",\"image_grid_width\":\"auto\",\"image_svg_color\":\"emphasis\",\"link_style\":\"default\",\"link_text\":\"\",\"margin_bottom\":\"\",\"margin_top\":\"\",\"meta_align\":\"below-title\",\"meta_element\":\"div\",\"meta_style\":\"text-meta\",\"nav\":\"\",\"nav_align\":\"center\",\"nav_breakpoint\":\"s\",\"panel_card_offset\":false,\"panel_image_no_padding\":false,\"panel_link\":false,\"panel_match\":true,\"panel_padding\":\"small\",\"panel_style\":\"card-default\",\"show_content\":true,\"show_hover_image\":true,\"show_hover_video\":true,\"show_image\":true,\"show_link\":true,\"show_meta\":true,\"show_title\":true,\"show_video\":true,\"slidenav\":\"\",\"slidenav_breakpoint\":\"xl\",\"slidenav_margin\":\"medium\",\"slidenav_outside_breakpoint\":\"xl\",\"slider_autoplay\":true,\"slider_autoplay_interval\":\"4\",\"slider_autoplay_pause\":false,\"slider_center\":true,\"slider_finite\":false,\"slider_gap\":\"small\",\"slider_sets\":false,\"slider_width\":\"fixed\",\"slider_width_default\":\"3-5\",\"slider_width_large\":\"1-3\",\"slider_width_medium\":\"1-3\",\"slider_width_small\":\"1-2\",\"slider_width_xlarge\":\"1-3\",\"title_align\":\"top\",\"title_color\":\"primary\",\"title_element\":\"h3\",\"title_grid_breakpoint\":\"m\",\"title_grid_width\":\"1-2\",\"title_hover_style\":\"reset\",\"title_style\":\"h6\"},\"children\":[{\"type\":\"panel-slider_item\",\"props\":{\"content\":\"\n\n<p>Gesti\u00f3n impecable en Retiro. Global homes es sin\u00f3nimo de profesionalidad y eficiencia. Totalmente recomendables.<\/p>\n\n\",\"image\":\"wp-content\/uploads\/2025\/07\/usuario.png\",\"image_alt\":\"Inversor\",\"meta\":\"\u2b50\u2b50\u2b50\u2b50\u2b50\",\"title\":\"Pedro\"}},{\"type\":\"panel-slider_item\",\"props\":{\"content\":\"La tranquilidad de dejar mi piso de Retiro en sus manos no tiene precio. Se ocupan de todo. \u00a1Un servicio de 10!\",\"image\":\"wp-content\/uploads\/2025\/07\/usuario.png\",\"image_alt\":\"Propietaria\",\"meta\":\"\u2b50\u2b50\u2b50\u2b50\u2b50\",\"title\":\"Luc\u00eda L.\"}},{\"type\":\"panel-slider_item\",\"props\":{\"content\":\"Alquilaron mi vivienda en Retiro rapid\u00edsimo y con inquilinos solventes. Un trato cercano y muy eficaz.\",\"image\":\"wp-content\/uploads\/2025\/07\/usuario.png\",\"image_alt\":\"Propietario\",\"meta\":\"\u2b50\u2b50\u2b50\u2b50\u2b50\",\"title\":\"Alfredo G.\"}},{\"type\":\"panel-slider_item\",\"props\":{\"content\":\"Confianza absoluta en Global homes. Llevo a\u00f1os con ellos y la rentabilidad de mi piso en Retiro est\u00e1 asegurada.\",\"image\":\"wp-content\/uploads\/2025\/07\/usuario.png\",\"image_alt\":\"Propietario\",\"meta\":\"\u2b50\u2b50\u2b50\u2b50\u2b50\",\"title\":\"Sergio D.\"}},{\"type\":\"panel-slider_item\",\"props\":{\"content\":\"Resolutivos y siempre atentos. Cualquier peque\u00f1a incidencia la solucionan al momento. \u00a1Muy contento con su gesti\u00f3n!\",\"image\":\"wp-content\/uploads\/2025\/07\/usuario.png\",\"image_alt\":\"Propietario\",\"meta\":\"\u2b50\u2b50\u2b50\u2b50\u2b50\",\"title\":\"Roberto L.\"}}],\"name\":\"RESE\u00d1ASpanel\"}]}]}]},{\"type\":\"section\",\"props\":{\"animation\":\"slide-right-small\",\"animation_delay\":\"200\",\"html_element\":\"section\",\"id\":\"funcionamiento\",\"image_position\":\"center-center\",\"style\":\"default\",\"title_breakpoint\":\"xl\",\"title_position\":\"top-left\",\"title_rotation\":\"left\",\"vertical_align\":\"\",\"width\":\"large\"},\"children\":[{\"type\":\"row\",\"children\":[{\"type\":\"column\",\"props\":{\"image_position\":\"center-center\",\"position_sticky_breakpoint\":\"m\"},\"children\":[{\"type\":\"headline\",\"props\":{\"content\":\"<span class=\\\"uk-text-primary\\\">C\u00f3mo funcionamos<\/span> desde que contactamos contigo\",\"image_align\":\"left\",\"image_margin\":\"xsmall\",\"text_align\":\"center\",\"title_decoration\":\"line\",\"title_element\":\"h2\"}},{\"type\":\"text\",\"props\":{\"column_breakpoint\":\"m\",\"content\":\"<span class=\\\"uk-margin-small-right\\\" uk-icon=\\\"icon: receiver\\\"><\/span>Respuesta en menos de 2 horas \u00b7 Equipo local \u00b7 7\/365 \u00b7 Nos ocupamos de todo para que t\u00fa solo veas resultados.\",\"margin_bottom\":\"default\",\"margin_top\":\"default\",\"text_align\":\"center\",\"text_style\":\"lead\"}},{\"type\":\"grid\",\"props\":{\"content_column_breakpoint\":\"m\",\"filter_align\":\"left\",\"filter_all\":true,\"filter_grid_breakpoint\":\"m\",\"filter_grid_width\":\"auto\",\"filter_position\":\"top\",\"filter_style\":\"tab\",\"grid_column_align\":false,\"grid_column_gap\":\"small\",\"grid_default\":\"1\",\"grid_medium\":\"\",\"grid_row_gap\":\"small\",\"grid_small\":\"5\",\"image_align\":\"top\",\"image_grid_breakpoint\":\"m\",\"image_grid_width\":\"1-2\",\"image_height\":60,\"image_svg_color\":\"emphasis\",\"image_width\":60,\"item_animation\":true,\"lightbox_bg_close\":true,\"link_style\":\"default\",\"link_text\":\"Read more\",\"margin_bottom\":\"\",\"margin_top\":\"\",\"meta_align\":\"below-title\",\"meta_element\":\"div\",\"meta_style\":\"text-meta\",\"panel_padding\":\"default\",\"panel_style\":\"card-default\",\"parallax_easing\":\"1\",\"show_content\":true,\"show_hover_image\":true,\"show_hover_video\":true,\"show_image\":true,\"show_link\":true,\"show_meta\":true,\"show_title\":true,\"show_video\":true,\"text_align\":\"center\",\"title_align\":\"top\",\"title_element\":\"h3\",\"title_grid_breakpoint\":\"m\",\"title_grid_width\":\"1-2\",\"title_hover_style\":\"reset\",\"title_style\":\"h5\"},\"children\":[{\"type\":\"grid_item\",\"props\":{\"content\":\"An\u00e1lisis de zona, demanda y pricing \u00f3ptimo.\",\"image\":\"wp-content\/uploads\/2025\/08\/estudio-vivienda.png\",\"image_alt\":\"Estudio de tu piso en Chamber\u00ed\",\"title\":\"1. Estudio\"}},{\"type\":\"grid_item\",\"props\":{\"content\":\"Tramitamos alta VUT o modalidad temporal.\",\"image\":\"wp-content\/uploads\/2025\/08\/licencias.png\",\"image_alt\":\"Licencia en Chamber\u00ed\",\"title\":\"2. Licencia\"}},{\"type\":\"grid_item\",\"props\":{\"content\":\"Home staging, fotos pro y anuncio en OTAs.\",\"image\":\"wp-content\/uploads\/2025\/08\/montaje-fotos-y-anuncios.png\",\"image_alt\":\"Montaje de tu piso en Chamber\u00ed\",\"title\":\"3. Montaje\"}},{\"type\":\"grid_item\",\"props\":{\"content\":\"Check-in 24\/7, limpieza y atenci\u00f3n al hu\u00e9sped.\",\"image\":\"wp-content\/uploads\/2025\/08\/gestion-de-vivienda.png\",\"image_alt\":\"Gesti\u00f3n de tu piso en Chamber\u00ed\",\"title\":\"4. Gesti\u00f3n\"}},{\"type\":\"grid_item\",\"props\":{\"content\":\"Informe mensual y soporte fiscal.\",\"image\":\"wp-content\/uploads\/2025\/08\/reporte.png\",\"image_alt\":\"Reporting de tu piso\",\"title\":\"5. Reporting\"}}],\"modified\":\"2021-08-23T13:19:11.023Z\"}]}]}],\"name\":\"C\u00f3mo funcionamos\"},{\"type\":\"section\",\"props\":{\"html_element\":\"section\",\"image_position\":\"center-center\",\"style\":\"default\",\"title_breakpoint\":\"xl\",\"title_position\":\"top-left\",\"title_rotation\":\"left\",\"vertical_align\":\"middle\",\"width\":\"large\"},\"children\":[{\"type\":\"row\",\"children\":[{\"type\":\"column\",\"props\":{\"image_position\":\"center-center\",\"position_sticky_breakpoint\":\"m\",\"width_medium\":\"2-3\"},\"children\":[{\"type\":\"headline\",\"props\":{\"content\":\"Calidad de vida y rentabilidad 'prime' en el <span class=\\\"uk-text-primary\\\">pulm\u00f3n de Madrid<\/span>\",\"image_align\":\"left\",\"image_margin\":\"xsmall\",\"title_decoration\":\"line\",\"title_element\":\"h2\"}},{\"type\":\"text\",\"props\":{\"column_breakpoint\":\"m\",\"content\":\"\n\n<p>El Distrito Retiro ofrece algo que ning\u00fan otro puede: la confluencia del lujo institucional (Jer\u00f3nimos), la vida familiar de alta calidad (Ibiza) y el 'Paseo del Arte' (Prado, Thyssen). Es el epicentro de la demanda de inquilinos que no solo buscan un piso, sino una experiencia de vida en Madrid, con el parque como su jard\u00edn particular.<\/p>\n\n\\n\n\n<p>En Global HP, entendemos los matices del distrito. No es lo mismo gestionar un apartamento de lujo en <b>Jer\u00f3nimos<\/b> con vistas al Prado, que un piso familiar en <b>Ibiza<\/b>, demandado por su gastronom\u00eda y colegios, o un apartamento en <b>Pac\u00edfico<\/b>, estrat\u00e9gico por su conectividad con la Estaci\u00f3n de Atocha.<\/p>\n\n\\n\n\n<ul>\\n\n\n<li>\\n\n\n<p><b>Eje del Arte y Lujo:<\/b> Foco de alquiler 'ultra-prime' para diplom\u00e1ticos, perfiles institucionales y amantes de la cultura (Jer\u00f3nimos).<\/p>\n\n\\n<\/li>\n\n\\n\n\n<li>\\n\n\n<p><b>Hub de Conectividad (Atocha):<\/b> Demanda constante de ejecutivos y profesionales que viajan en tren de alta velocidad.<\/p>\n\n\\n<\/li>\n\n\\n\n\n<li>\\n\n\n<p><b>Vida Familiar 'Premium':<\/b> La zona residencial m\u00e1s cotizada por familias (Ibiza, Ni\u00f1o Jes\u00fas) por el parque, colegios y servicios.<\/p>\n\n\\n<\/li>\n\n\\n<\/ul>\n\n\\n\n\n<p>Nos especializamos en conectar tu propiedad con este perfil de inquilino solvente, asegurando una ocupaci\u00f3n estable, rentas elevadas y un cuidado impecable de la vivienda.<\/p>\n\n\",\"margin_bottom\":\"default\",\"margin_top\":\"default\"}}]},{\"type\":\"column\",\"props\":{\"html_element\":\"aside\",\"image_position\":\"center-center\",\"position_sticky_breakpoint\":\"m\",\"width_medium\":\"1-3\"},\"children\":[{\"type\":\"image\",\"props\":{\"image\":\"wp-content\/uploads\/2025\/11\/Barrio-Retiro-Madrid.webp\",\"image_alt\":\"Barrio Retiro Madrid\",\"image_border\":\"rounded\",\"image_height\":580,\"image_svg_color\":\"emphasis\",\"image_width\":600,\"margin_bottom\":\"default\",\"margin_top\":\"default\",\"visibility\":\"m\"}}]}],\"props\":{\"layout\":\"2-3,1-3\"}}]},{\"type\":\"section\",\"props\":{\"html_element\":\"section\",\"image_position\":\"center-center\",\"style\":\"default\",\"title_breakpoint\":\"xl\",\"title_position\":\"top-left\",\"title_rotation\":\"left\",\"vertical_align\":\"middle\",\"width\":\"large\"},\"children\":[{\"type\":\"row\",\"children\":[{\"type\":\"column\",\"props\":{\"image_position\":\"center-center\",\"position_sticky_breakpoint\":\"m\"},\"children\":[{\"type\":\"html\",\"props\":{\"content\":\"[contact-form-7 id=\\\"58b132c\\\" title=\\\"Formulario de contacto 1\\\"]\",\"css\":\"\/* --- ESTILOS GENERALES Y ACCESIBILIDAD --- *\/\\n#form-propietarios .uk-form-label {\\n    font-size: 0.85rem;\\n    font-weight: 700;\\n    letter-spacing: 1px;\\n    color: #222; \/* Texto m\u00e1s oscuro para contraste *\/\\n    text-transform: uppercase;\\n    margin-bottom: 8px;\\n    display: block;\\n}\\n\\n#form-propietarios .uk-input, \\n#form-propietarios .uk-select {\\n    border-radius: 10px !important;\\n    border: 1px solid #dcdfe6 !important; \/* Borde un poco m\u00e1s visible *\/\\n    background-color: #fcfdfe !important;\\n    height: 45px !important;\\n    color: #222 !important; \/* Texto oscuro para cumplir normas *\/\\n}\\n\\n\/* --- SOLUCI\u00d3N ALINEACI\u00d3N CHECKBOX (FLEXBOX PURO) --- *\/\\n#form-propietarios .privacy-row {\\n    display: flex !important;\\n    flex-direction: row !important;\\n    align-items: center !important; \/* Centrado vertical perfecto *\/\\n    justify-content: flex-start !important;\\n    flex-wrap: nowrap !important; \/* Proh\u00edbe que el texto baje de l\u00ednea *\/\\n    gap: 12px !important;\\n    margin-top: 20px !important;\\n}\\n\\n\/* Eliminar contenedores fantasma de CF7 *\/\\n#form-propietarios .privacy-row .wpcf7-form-control-wrap {\\n    display: flex !important;\\n    align-items: center !important;\\n    width: auto !important;\\n    margin: 0 !important;\\n}\\n\\n#form-propietarios input[type=\\\"checkbox\\\"] {\\n    margin: 0 !important;\\n    width: 20px !important;\\n    height: 20px !important;\\n    cursor: pointer;\\n    flex-shrink: 0 !important; \/* Impide aplastamiento *\/\\n}\\n\\n#form-propietarios .privacy-text {\\n    font-size: 15px !important;\\n    line-height: 1.3 !important;\\n    margin: 0 !important;\\n    cursor: pointer;\\n    color: #444; \/* Color legible *\/\\n}\\n\\n\/* --- BOT\u00d3N: CORRECCI\u00d3N DE CONTRASTE GOOGLE --- *\/\\n#form-propietarios button.custom-submit-btn {\\n    background-color: #2c547a !important; \/* AZUL M\u00c1S OSCURO (Pasa Auditor\u00eda) *\/\\n    color: #ffffff !important;           \/* BLANCO PURO *\/\\n    border-radius: 50px !important;\\n    padding: 0 55px !important;\\n    height: 50px !important;\\n    border: none !important;\\n    cursor: pointer !important;\\n    font-weight: 700 !important;\\n    font-size: 16px !important;\\n    display: inline-flex !important;\\n    align-items: center !important;\\n    justify-content: center !important;\\n    box-shadow: 0 4px 12px rgba(44, 84, 122, 0.3) !important;\\n    transition: all 0.3s ease;\\n    margin-top: 15px !important;\\n}\\n\\n#form-propietarios button.custom-submit-btn:hover {\\n    background-color: #1e3d5c !important; \/* Hover a\u00fan m\u00e1s oscuro *\/\\n    transform: translateY(-2px);\\n}\\n\\n\/* --- LIMPIEZA VISUAL --- *\/\\n.wpcf7-spinner { display: none !important; }\\n\\n\/* Mensajes de respuesta *\/\\n.wpcf7-response-output {\\n    border-radius: 8px !important;\\n    padding: 15px !important;\\n    margin-top: 20px !important;\\n    border: 1px solid #2c547a !important;\\n    background-color: #f4f7fa;\\n}\\n\\n\/* Borde superior de la tarjeta derecha *\/\\n.uk-card-default { border-top: 6px solid #2c547a !important; }\"}}]}]}]},{\"name\":\"Image\",\"type\":\"section\",\"props\":{\"class\":\"uk-visible@s\",\"height\":\"viewport\",\"height_viewport\":50,\"html_element\":\"section\",\"image\":\"wp-content\/uploads\/2025\/07\/madrid-rio.webp\",\"image_effect\":\"fixed\",\"image_position\":\"center-center\",\"image_size\":\"cover\",\"image_width\":\"1920\",\"style\":\"primary\",\"title\":\"Distrito Retiro\",\"title_breakpoint\":\"xl\",\"title_position\":\"top-left\",\"title_rotation\":\"left\",\"vertical_align\":\"middle\",\"width\":\"default\"},\"children\":[{\"type\":\"row\",\"children\":[{\"type\":\"column\",\"props\":{\"image_position\":\"center-center\",\"position_sticky_breakpoint\":\"m\",\"width_medium\":\"1-1\"}}]}]},{\"type\":\"section\",\"props\":{\"image_position\":\"center-center\",\"padding_bottom\":\"none\",\"padding_top\":\"large\",\"style\":\"muted\",\"title_breakpoint\":\"xl\",\"title_position\":\"top-left\",\"title_rotation\":\"left\",\"vertical_align\":\"\",\"width\":\"large\"},\"children\":[{\"type\":\"row\",\"children\":[{\"type\":\"column\",\"props\":{\"image_position\":\"center-center\",\"position_sticky_breakpoint\":\"m\",\"width_medium\":\"1-1\"},\"children\":[{\"type\":\"headline\",\"props\":{\"content\":\"Nuestros servicios en los barrios <br class=\\\"uk-visible@s\\\"><span class=\\\"uk-text-primary\\\">Distrito Retiro<\/span>\",\"image_align\":\"left\",\"image_margin\":\"xsmall\",\"margin_bottom\":\"large\",\"margin_top\":\"large\",\"title_element\":\"h2\",\"title_style\":\"h1\"}},{\"type\":\"grid\",\"props\":{\"content_column_breakpoint\":\"m\",\"filter_align\":\"left\",\"filter_all\":true,\"filter_grid_breakpoint\":\"m\",\"filter_grid_width\":\"auto\",\"filter_position\":\"top\",\"filter_style\":\"tab\",\"grid_column_gap\":\"medium\",\"grid_default\":\"1\",\"grid_medium\":\"3\",\"grid_row_gap\":\"medium\",\"grid_small\":\"2\",\"image_align\":\"left\",\"image_grid_breakpoint\":\"m\",\"image_grid_width\":\"auto\",\"image_height\":250,\"image_link\":true,\"image_svg_color\":\"emphasis\",\"image_transition\":\"scale-up\",\"image_width\":80,\"item_animation\":true,\"lightbox_bg_close\":true,\"link_aria_label\":\"Saber m\u00e1s\",\"link_style\":\"text\",\"link_text\":\"Saber m\u00e1s\",\"margin_bottom\":\"default\",\"margin_top\":\"default\",\"meta_align\":\"below-title\",\"meta_element\":\"div\",\"meta_margin\":\"remove\",\"meta_style\":\"text-meta\",\"panel_image_no_padding\":true,\"panel_link\":true,\"panel_link_hover\":\"true\",\"panel_padding\":\"small\",\"panel_style\":\"card-default\",\"parallax_easing\":\"1\",\"show_content\":true,\"show_hover_image\":true,\"show_hover_video\":true,\"show_image\":true,\"show_link\":true,\"show_meta\":true,\"show_title\":true,\"show_video\":true,\"title_align\":\"top\",\"title_element\":\"h3\",\"title_grid_breakpoint\":\"m\",\"title_grid_width\":\"1-2\",\"title_hover_style\":\"reset\",\"title_style\":\"h4\",\"visibility\":\"m\"},\"children\":[{\"type\":\"grid_item\",\"props\":{\"content\":\"\n\n<p>El lujo institucional. Junto al Museo del Prado y el Retiro. Perfil diplom\u00e1tico y de alto patrimonio. El metro cuadrado m\u00e1s exclusivo de Madrid.<\/p>\n\n\",\"image\":\"wp-content\/uploads\/2025\/11\/barrio-jeronimos-madrid.webp\",\"image_alt\":\"Barrio Jer\u00f3nimos de Madrid\",\"item_element\":\"article\",\"link\":\"gestion-de-alquiler-en-temporada\/distrito-retiro\/jeronimos\/\",\"meta\":\"\",\"tags\":\"Jer\u00f3nimos\",\"title\":\"Gesti\u00f3n en Jer\u00f3nimos\"}},{\"type\":\"grid_item\",\"props\":{\"content\":\"\n\n<p>El 'bulevar' gastron\u00f3mico de Retiro. Ambiente residencial 'premium', cotizado por familias y profesionales por sus servicios y cercan\u00eda al parque.<\/p>\n\n\",\"image\":\"wp-content\/uploads\/2025\/11\/Barrio-de-Ibiza-Madrid.webp\",\"image_alt\":\"Barrio de Ibiza Madrid\",\"item_element\":\"article\",\"link\":\"gestion-de-alquiler-en-temporada\/distrito-retiro\/barrio-ibiza\/\",\"meta\":\"Madrid\",\"tags\":\"barrio de Ibiza\",\"title\":\"Gesti\u00f3n en Ibiza\"}},{\"type\":\"grid_item\",\"props\":{\"content\":\"\n\n<p>La conexi\u00f3n perfecta. Barrio residencial y comercial, estrat\u00e9gicamente ubicado junto a la estaci\u00f3n de Atocha. Ideal para ejecutivos y media estancia.<\/p>\n\n\",\"image\":\"wp-content\/uploads\/2025\/11\/Barrio-de-pacifico-Madrid.webp\",\"image_alt\":\"Barrio de pac\u00edfico Madrid\",\"item_element\":\"article\",\"link\":\"gestion-de-alquiler-en-temporada\/distrito-retiro\/barrio-pacifico\/\",\"link_aria_label\":\"saber m\u00e1s sobre Pac\u00edfico\",\"meta\":\"\",\"tags\":\"Pac\u00edfico\",\"title\":\"Gesti\u00f3n en Pac\u00edfico\"}},{\"type\":\"grid_item\",\"props\":{\"content\":\"\n\n<p>Exclusividad residencial junto al parque. Zona tranquila, con excelentes colegios y hospitales (Gregorio Mara\u00f1\u00f3n). Foco de demanda familiar de alto nivel.<\/p>\n\n\",\"image\":\"wp-content\/uploads\/2025\/11\/Barrio-nino-jesus-Madrid.webp\",\"image_alt\":\"gesti\u00f3n de alquiler barrio Ni\u00f1o Jes\u00fas\",\"item_element\":\"article\",\"link\":\"gestion-de-alquiler-en-temporada\/distrito-retiro\/barrio-nino-jesus\/\",\"link_aria_label\":\"Gesti\u00f3n de alquiler Ni\u00f1o Jes\u00fas\",\"meta\":\"\",\"tags\":\"Ni\u00f1o Jes\u00fas\",\"title\":\"Gesti\u00f3n en Ni\u00f1o Jes\u00fas\"}},{\"type\":\"grid_item\",\"props\":{\"content\":\"\n\n<p>Tranquilidad y conexiones. Un barrio residencial de calidad, perfectamente comunicado (M-30, O'Donnell) y con todos los servicios.<\/p>\n\n\",\"image\":\"wp-content\/uploads\/2025\/11\/Barrio-de-la-Estrella-Madrid.webp\",\"image_alt\":\"gesti\u00f3n de alquiler Estrella\",\"item_element\":\"article\",\"link\":\"gestion-de-alquiler-en-temporada\/distrito-retiro\/barrio-estrella\/\",\"link_aria_label\":\"Gesti\u00f3n de viviendas en Barrio Estrella\",\"meta\":\"\",\"tags\":\"Estrella\",\"title\":\"Gesti\u00f3n en Estrella\"}},{\"type\":\"grid_item\",\"props\":{\"content\":\"\n\n<p>La zona emergente junto a Atocha. Residencial, bien conectado y con una creciente demanda de profesionales j\u00f3venes por su cercan\u00eda al centro.<\/p>\n\n\",\"image\":\"wp-content\/uploads\/2025\/11\/Barrio-de-adelfas-Madrid.webp\",\"image_alt\":\"gesti\u00f3n de viviendas alquiler Adelfas\",\"item_element\":\"article\",\"link\":\"gestion-de-alquiler-en-temporada\/distrito-retiro\/barrio-adelfas\/\",\"link_aria_label\":\"Gestores de viviendas Adelfas\",\"meta\":\"\",\"tags\":\"Adelfas\",\"title\":\"Gesti\u00f3n en Adelfas\"}}]},{\"type\":\"grid\",\"props\":{\"content_align\":true,\"content_column_breakpoint\":\"m\",\"content_margin\":\"medium\",\"filter_align\":\"left\",\"filter_all\":true,\"filter_grid_breakpoint\":\"m\",\"filter_grid_width\":\"auto\",\"filter_position\":\"top\",\"filter_style\":\"tab\",\"grid_default\":\"1\",\"grid_medium\":\"3\",\"grid_row_gap\":\"large\",\"grid_small\":\"2\",\"image_align\":\"top\",\"image_grid_breakpoint\":\"m\",\"image_grid_width\":\"1-2\",\"image_link\":true,\"image_svg_color\":\"emphasis\",\"image_width\":\"610\",\"item_animation\":true,\"lightbox_bg_close\":true,\"link_aria_label\":\"Saber m\u00e1s\",\"link_style\":\"text\",\"link_text\":\"\",\"margin_bottom\":\"default\",\"margin_top\":\"default\",\"meta_align\":\"above-title\",\"meta_color\":\"muted\",\"meta_element\":\"div\",\"meta_style\":\"\",\"panel_content_width\":\"small\",\"panel_image_no_padding\":true,\"panel_link\":true,\"panel_link_hover\":\"true\",\"panel_padding\":\"default\",\"panel_style\":\"card-default\",\"parallax_easing\":\"1\",\"show_content\":true,\"show_hover_image\":true,\"show_hover_video\":true,\"show_image\":true,\"show_link\":true,\"show_meta\":true,\"show_title\":true,\"show_video\":true,\"text_align\":\"center\",\"title_align\":\"top\",\"title_element\":\"h2\",\"title_grid_breakpoint\":\"m\",\"title_grid_width\":\"1-2\",\"title_hover_style\":\"reset\",\"title_link\":true,\"title_style\":\"h3\",\"visibility\":\"hidden-m\"},\"children\":[{\"type\":\"grid_item\",\"props\":{\"content\":\"\n\n<p>El lujo institucional. Junto al Museo del Prado y el Retiro. Perfil diplom\u00e1tico y de alto patrimonio. El metro cuadrado m\u00e1s exclusivo de Madrid.<\/p>\n\n\",\"image\":\"\",\"item_element\":\"article\",\"meta\":\"\",\"tags\":\"Almagro\",\"title\":\"Gesti\u00f3n en Jer\u00f3nimos\"}},{\"type\":\"grid_item\",\"props\":{\"content\":\"\n\n<p>El \u2018bulevar\u2019 gastron\u00f3mico de Retiro. Ambiente residencial \u2018premium\u2019, cotizado por familias y profesionales por sus servicios y cercan\u00eda al parque.<\/p>\n\n\",\"image\":\"\",\"item_element\":\"article\",\"meta\":\"\",\"tags\":\"Trafalgar\",\"title\":\" Gesti\u00f3n en Ibiza\"}},{\"type\":\"grid_item\",\"props\":{\"content\":\"\n\n<p>La conexi\u00f3n perfecta. Barrio residencial y comercial, estrat\u00e9gicamente ubicado junto a la estaci\u00f3n de Atocha. Ideal para ejecutivos y media estancia.<\/p>\n\n\",\"image\":\"\",\"item_element\":\"article\",\"meta\":\"\",\"title\":\" Gesti\u00f3n en Pac\u00edfico\"}},{\"type\":\"grid_item\",\"props\":{\"content\":\"\n\n<p>Exclusividad residencial junto al parque. Zona tranquila, con excelentes colegios y hospitales (Gregorio Mara\u00f1\u00f3n). Foco de demanda familiar de alto nivel.<\/p>\n\n\",\"image\":\"\",\"item_element\":\"article\",\"meta\":\"\",\"tags\":\"Arapiles\",\"title\":\" Gesti\u00f3n en Ni\u00f1o Jes\u00fas\"}},{\"type\":\"grid_item\",\"props\":{\"content\":\"\n\n<p>Tranquilidad y conexiones. Un barrio residencial de calidad, perfectamente comunicado (M-30, O\u2019Donnell) y con todos los servicios.<\/p>\n\n\",\"image\":\"\",\"item_element\":\"article\",\"meta\":\"\",\"tags\":\"R\u00edos Rosas\",\"title\":\" Gesti\u00f3n en Estrella\"}},{\"type\":\"grid_item\",\"props\":{\"content\":\"\n\n<p>La zona emergente junto a Atocha. Residencial, bien conectado y con una creciente demanda de profesionales j\u00f3venes por su cercan\u00eda al centro.<\/p>\n\n\",\"image\":\"\",\"item_element\":\"article\",\"meta\":\"\",\"tags\":\"Vallehermoso\",\"title\":\" Gesti\u00f3n en Adelfas\"}}]}]}]}],\"name\":\"Servicios\"},{\"type\":\"section\",\"props\":{\"html_element\":\"section\",\"image_position\":\"center-center\",\"style\":\"muted\",\"title_breakpoint\":\"xl\",\"title_position\":\"top-left\",\"title_rotation\":\"left\",\"vertical_align\":\"middle\",\"width\":\"large\"},\"children\":[{\"type\":\"row\",\"children\":[{\"type\":\"column\",\"props\":{\"image_position\":\"center-center\",\"position_sticky_breakpoint\":\"m\"},\"children\":[{\"type\":\"headline\",\"props\":{\"content\":\"Preguntas frecuentes\",\"image_align\":\"left\",\"image_margin\":\"xsmall\",\"title_decoration\":\"bullet\",\"title_element\":\"h2\"}},{\"type\":\"accordion\",\"props\":{\"collapsible\":true,\"content_column_breakpoint\":\"m\",\"image_align\":\"top\",\"image_grid_breakpoint\":\"m\",\"image_grid_width\":\"1-2\",\"image_svg_color\":\"emphasis\",\"link_style\":\"default\",\"link_text\":\"Read more\",\"show_image\":true,\"show_link\":true},\"children\":[{\"type\":\"accordion_item\",\"props\":{\"content\":\"\n\n<p>S\u00ed, al igual que en otros distritos centrales de Madrid, la obtenci\u00f3n de una licencia VUT en Retiro est\u00e1 muy restringida por el Plan Especial de Hospedaje. La normativa actual hace casi inviable su concesi\u00f3n en edificios de uso residencial.<\/p>\n\n\\n\n\n<p>En Global HP, somos expertos en la alternativa legal y m\u00e1s rentable para este distrito: el alquiler de temporada (media estancia). Esta modalidad (de 1 a 11 meses) no requiere licencia, cumple 100% con la ley y se adapta perfectamente al perfil de inquilino de Retiro (ejecutivos, familias de alto nivel, personal diplom\u00e1tico), garantizando una alta ocupaci\u00f3n y rentas 'prime' sin complicaciones legales.<\/p>\n\n\",\"title\":\"\u00bfEs dif\u00edcil conseguir la licencia VUT en el Distrito Retiro?\"}},{\"type\":\"accordion_item\",\"props\":{\"content\":\"\n\n<p>En barrios de este calibre, no es opcional: es fundamental. El inquilino que busca en Jer\u00f3nimos (alto patrimonio, diplom\u00e1ticos) compara la vivienda con una suite de lujo; espera calidades y dise\u00f1o impecables. En Ibiza, el inquilino (familia 'premium', profesional) busca un hogar con estilo, funcional y listo para entrar a vivir. El 'home staging' y la fotograf\u00eda profesional son la herramienta que nos permite posicionar la vivienda por encima de la competencia, atraer a este perfil solvente, alquilarla en tiempo r\u00e9cord y, lo m\u00e1s importante, justificar y defender la renta m\u00e1s alta del mercado.<\/p>\n\n\",\"title\":\"\u00bfEs necesario el \u2018home staging\u2019 para un piso en Jer\u00f3nimos o Ibiza?\"}},{\"type\":\"accordion_item\",\"props\":{\"content\":\"\n\n<p>El inquilino de Retiro es de muy alto standing, pero con matices claros seg\u00fan el barrio:<\/p>\n\n\\n\n\n<ul>\\n\n\n<li><b>Perfil Institucional y 'Ultra-Prime':<\/b> En <b>Jer\u00f3nimos<\/b>, la demanda proviene de perfiles diplom\u00e1ticos, altos ejecutivos y amantes del arte que buscan proximidad al Eje del Prado y m\u00e1xima exclusividad.<\/li>\n\n\\n\n\n<li><b>Familias 'Premium':<\/b> En <b>Ibiza<\/b> y <b>Ni\u00f1o Jes\u00fas<\/b>, la demanda es principalmente de familias nacionales e internacionales de alto poder adquisitivo, que valoran el parque, los colegios de \u00e9lite y la oferta gastron\u00f3mica.<\/li>\n\n\\n\n\n<li><b>Ejecutivos y Profesionales (Hub Atocha):<\/b> En <b>Pac\u00edfico<\/b> y <b>Adelfas<\/b>, atraemos a muchos profesionales y ejecutivos que necesitan una conexi\u00f3n inmediata con la alta velocidad (Atocha) para sus viajes de trabajo.<\/li>\n\n\\n<\/ul>\n\n\\n\n\n<p>Nuestro filtro se especializa en captar y verificar la solvencia de estos perfiles para asegurar la tranquilidad total del propietario.<\/p>\n\n\",\"title\":\"\u00bfQu\u00e9 perfil de inquilino predomina en el Distrito Retiro?\"}},{\"type\":\"accordion_item\",\"props\":{\"content\":\"\n\n<p>Con eficacia y proactividad. Disponemos de un equipo de mantenimiento local que opera 7\/365 para garantizar una respuesta inmediata. El inquilino siempre nos contacta a nosotros, nunca al propietario. Entendemos que un inquilino en Ni\u00f1o Jes\u00fas (perfil familiar 'prime') exige una soluci\u00f3n inmediata a cualquier problema en el hogar, y un profesional en Pac\u00edfico valora la eficiencia por encima de todo. Nuestro protocolo es el mismo: resolver la incidencia en el menor tiempo posible, coordinando a los t\u00e9cnicos necesarios y sin molestar al propietario. La gesti\u00f3n del mantenimiento se refleja de forma transparente en el informe mensual, para que t\u00fa solo veas los resultados.<\/p>\n\n\",\"title\":\"\u00bfC\u00f3mo gestionan el mantenimiento en barrios como Pac\u00edfico o Ni\u00f1o Jes\u00fas?\"}}]}]}]}],\"name\":\"FAQ\"},{\"type\":\"section\",\"props\":{\"image_position\":\"center-center\",\"style\":\"default\",\"title_breakpoint\":\"xl\",\"title_position\":\"top-left\",\"title_rotation\":\"left\",\"vertical_align\":\"middle\",\"width\":\"default\"},\"children\":[{\"type\":\"row\",\"children\":[{\"type\":\"column\",\"props\":{\"image_position\":\"center-center\",\"position_sticky_breakpoint\":\"m\"}}]}],\"name\":\"LAST CTA\"},{\"type\":\"section\",\"props\":{\"html_element\":\"address\",\"image_position\":\"center-center\",\"style\":\"default\",\"title_breakpoint\":\"xl\",\"title_position\":\"top-left\",\"title_rotation\":\"left\",\"vertical_align\":\"middle\",\"width\":\"large\"},\"children\":[{\"type\":\"row\",\"children\":[{\"type\":\"column\",\"props\":{\"image_position\":\"center-center\",\"position_sticky_breakpoint\":\"m\"},\"children\":[{\"type\":\"headline\",\"props\":{\"content\":\"Expertos en Rentabilidad <span class=\\\"uk-text-primary\\\">en el Distrito Retiro.<\/span>\",\"image_align\":\"left\",\"image_margin\":\"xsmall\",\"title_decoration\":\"bullet\",\"title_element\":\"h2\"}},{\"type\":\"text\",\"props\":{\"column_breakpoint\":\"m\",\"content\":\"\n\n<p>El Distrito Retiro es sin\u00f3nimo de estabilidad y alta demanda. Navega por nuestro mapa interactivo y descubre nuestra estrategia barrio a barrio. Ya sea un piso familiar en Ni\u00f1o Jes\u00fas o un apartamento corporativo en Adelfas, filtramos meticulosamente para garantizar la m\u00e1xima rentabilidad y el cuidado de tu vivienda.<\/p>\n\n\",\"margin_bottom\":\"default\",\"margin_top\":\"default\",\"maxwidth\":\"2xlarge\"}}]}]},{\"type\":\"row\",\"children\":[{\"type\":\"column\",\"props\":{\"image_position\":\"center-center\",\"position_sticky_breakpoint\":\"m\"},\"children\":[{\"type\":\"html\",\"props\":{\"content\":\"<iframe src=\\\"https:\/\/www.google.com\/maps\/d\/embed?mid=1fN1AmmCe7eXaHiTYQSDdHbxH7G3GXUM&ehbc=2E312F\\\" width=\\\"100%\\\" height=\\\"580\\\" loading=\\\"lazy\\\" title=\\\"Mapa de Gesti\u00f3n de Alquileres en Retiro\\\"><\/iframe>\"}}]}]}],\"name\":\"Localizaciones MAPS Gestion\"},{\"type\":\"section\",\"props\":{\"animation\":\"fade\",\"html_element\":\"section\",\"image_position\":\"center-center\",\"padding_bottom\":\"small\",\"padding_top\":\"small\",\"style\":\"default\",\"title_breakpoint\":\"xl\",\"title_position\":\"top-left\",\"title_rotation\":\"left\",\"vertical_align\":\"\",\"width\":\"large\"},\"children\":[{\"type\":\"row\",\"children\":[{\"type\":\"column\",\"props\":{\"image_position\":\"center-center\",\"padding\":\"large\",\"position_sticky_breakpoint\":\"m\",\"vertical_align\":\"middle\",\"width_large\":\"3-5\",\"width_medium\":\"1-2\"},\"children\":[{\"type\":\"headline\",\"props\":{\"block_align\":\"center\",\"content\":\"\u00bfListo para maximizar la rentabilidad de tu piso en Retiro?\",\"image_align\":\"left\",\"image_margin\":\"xsmall\",\"maxwidth\":\"xlarge\",\"text_align\":\"left\",\"text_align_breakpoint\":\"m\",\"text_align_fallback\":\"center\",\"title_element\":\"h3\"}},{\"type\":\"text\",\"props\":{\"block_align\":\"center\",\"block_align_breakpoint\":\"m\",\"block_align_fallback\":\"center\",\"column_breakpoint\":\"m\",\"content\":\"\n\n<p>Contacta con nosotros hoy mismo para un estudio de rentabilidad gratuito de tu propiedad en el Distrito Retiro.<\/p>\n\n\",\"margin_bottom\":\"default\",\"margin_top\":\"default\",\"maxwidth\":\"xlarge\",\"maxwidth_breakpoint\":\"m\",\"text_align\":\"left\",\"text_align_breakpoint\":\"m\",\"text_align_fallback\":\"center\",\"text_color\":\"emphasis\",\"text_style\":\"large\"}},{\"type\":\"button\",\"props\":{\"animation\":\"slide-bottom-small\",\"block_align\":\"center\",\"grid_column_gap\":\"small\",\"grid_row_gap\":\"small\",\"margin_bottom\":\"medium\",\"margin_top\":\"medium\",\"maxwidth\":\"xlarge\",\"text_align\":\"left\",\"text_align_breakpoint\":\"m\",\"text_align_fallback\":\"center\"},\"children\":[{\"type\":\"button_item\",\"props\":{\"button_style\":\"primary\",\"content\":\"Contacta ahora\",\"dialog_layout\":\"modal\",\"dialog_offcanvas_flip\":true,\"icon\":\"search\",\"icon_align\":\"left\",\"link\":\"contacto\/\",\"link_title\":\"Contacta con Global Homes\"}}]}]},{\"type\":\"column\",\"props\":{\"image_position\":\"center-center\",\"padding\":\"none\",\"position_sticky_breakpoint\":\"m\",\"vertical_align\":\"bottom\",\"width_large\":\"2-5\",\"width_medium\":\"1-2\"},\"children\":[{\"type\":\"image\",\"props\":{\"animation\":\"slide-right-small\",\"image\":\"wp-content\/uploads\/yootheme\/cta-bg.svg\",\"image_alt\":\"Viviendas en alquiler en Distrito Retiro de Madrid\",\"image_svg_color\":\"emphasis\",\"image_svg_inline\":true,\"image_width\":\"560\",\"margin_bottom\":\"default\",\"margin_top\":\"default\",\"visibility\":\"m\"}}]}],\"props\":{\"column_gap\":\"collapse\",\"layout\":\"3-5,2-5\",\"row_gap\":\"collapse\"}}],\"name\":\"Call to Action\"}],\"version\":\"5.0.22\"} --><\/p>\n","protected":false},"excerpt":{"rendered":"<p>Gesti\u00f3n de Alquiler Distrito Retiro Madrid El lujo de vivir junto al Parque del Retiro. Gestionamos tu propiedad para el inquilino &#8216;premium&#8217;: familias, ejecutivos (Atocha) y amantes del Eje del Arte. Solicitar informaci\u00f3n El verdadero valor de tu piso en Retiro Tu propiedad en Retiro es un activo de primer nivel. Aseguramos su rentabilidad gestionando [&hellip;]<\/p>\n","protected":false},"author":1,"featured_media":7143,"parent":6327,"menu_order":0,"comment_status":"closed","ping_status":"closed","template":"","meta":{"_acf_changed":false,"footnotes":""},"class_list":["post-7122","page","type-page","status-publish","has-post-thumbnail","hentry"],"acf":[],"yoast_head":"<!-- This site is optimized with the Yoast SEO plugin v27.4 - https:\/\/yoast.com\/product\/yoast-seo-wordpress\/ -->\n<title>Gestores de alquiler - Distrito Retiro - Viviendas en Alquiler Madrid | Global Homes<\/title>\n<meta name=\"description\" content=\"Expertos en la gesti\u00f3n de alquiler en el distrito Retiro de Madrid. Maximizamos la rentabilidad de tu vivienda. \u00a1Inf\u00f3rmate sin compromiso!\" \/>\n<meta name=\"robots\" content=\"index, follow, max-snippet:-1, max-image-preview:large, max-video-preview:-1\" \/>\n<link rel=\"canonical\" href=\"https:\/\/globalhp.es\/en\/gestion-de-alquiler-en-temporada\/distrito-retiro\/\" \/>\n<meta property=\"og:locale\" content=\"en_GB\" \/>\n<meta property=\"og:type\" content=\"article\" \/>\n<meta property=\"og:title\" content=\"Gestores de alquiler - Distrito Retiro - Viviendas en Alquiler Madrid | Global Homes\" \/>\n<meta property=\"og:description\" content=\"Expertos en la gesti\u00f3n de alquiler en el distrito Retiro de Madrid. Maximizamos la rentabilidad de tu vivienda. \u00a1Inf\u00f3rmate sin compromiso!\" \/>\n<meta property=\"og:url\" content=\"https:\/\/globalhp.es\/en\/gestion-de-alquiler-en-temporada\/distrito-retiro\/\" \/>\n<meta property=\"og:site_name\" content=\"Viviendas en Alquiler Madrid | Global Homes\" \/>\n<meta property=\"article:modified_time\" content=\"2026-03-16T16:34:41+00:00\" \/>\n<meta property=\"og:image\" content=\"https:\/\/globalhp.es\/wp-content\/uploads\/2025\/11\/Zona-Retiro-de-Madrid.webp\" \/>\n\t<meta property=\"og:image:width\" content=\"1248\" \/>\n\t<meta property=\"og:image:height\" content=\"744\" \/>\n\t<meta property=\"og:image:type\" content=\"image\/webp\" \/>\n<meta name=\"twitter:card\" content=\"summary_large_image\" \/>\n<meta name=\"twitter:label1\" content=\"Estimated reading time\" \/>\n\t<meta name=\"twitter:data1\" content=\"10 minutes\" \/>\n<script type=\"application\/ld+json\" class=\"yoast-schema-graph\">{\"@context\":\"https:\\\/\\\/schema.org\",\"@graph\":[{\"@type\":\"WebPage\",\"@id\":\"https:\\\/\\\/globalhp.es\\\/gestion-de-alquiler-en-temporada\\\/distrito-retiro\\\/\",\"url\":\"https:\\\/\\\/globalhp.es\\\/gestion-de-alquiler-en-temporada\\\/distrito-retiro\\\/\",\"name\":\"Gestores de alquiler - Distrito Retiro - Viviendas en Alquiler Madrid | Global Homes\",\"isPartOf\":{\"@id\":\"https:\\\/\\\/globalhp.es\\\/#website\"},\"primaryImageOfPage\":{\"@id\":\"https:\\\/\\\/globalhp.es\\\/gestion-de-alquiler-en-temporada\\\/distrito-retiro\\\/#primaryimage\"},\"image\":{\"@id\":\"https:\\\/\\\/globalhp.es\\\/gestion-de-alquiler-en-temporada\\\/distrito-retiro\\\/#primaryimage\"},\"thumbnailUrl\":\"https:\\\/\\\/globalhp.es\\\/wp-content\\\/uploads\\\/2025\\\/11\\\/Zona-Retiro-de-Madrid.webp\",\"datePublished\":\"2025-11-03T11:56:32+00:00\",\"dateModified\":\"2026-03-16T16:34:41+00:00\",\"description\":\"Expertos en la gesti\u00f3n de alquiler en el distrito Retiro de Madrid. Maximizamos la rentabilidad de tu vivienda. \u00a1Inf\u00f3rmate sin compromiso!\",\"breadcrumb\":{\"@id\":\"https:\\\/\\\/globalhp.es\\\/gestion-de-alquiler-en-temporada\\\/distrito-retiro\\\/#breadcrumb\"},\"inLanguage\":\"en-GB\",\"potentialAction\":[{\"@type\":\"ReadAction\",\"target\":[\"https:\\\/\\\/globalhp.es\\\/gestion-de-alquiler-en-temporada\\\/distrito-retiro\\\/\"]}]},{\"@type\":\"ImageObject\",\"inLanguage\":\"en-GB\",\"@id\":\"https:\\\/\\\/globalhp.es\\\/gestion-de-alquiler-en-temporada\\\/distrito-retiro\\\/#primaryimage\",\"url\":\"https:\\\/\\\/globalhp.es\\\/wp-content\\\/uploads\\\/2025\\\/11\\\/Zona-Retiro-de-Madrid.webp\",\"contentUrl\":\"https:\\\/\\\/globalhp.es\\\/wp-content\\\/uploads\\\/2025\\\/11\\\/Zona-Retiro-de-Madrid.webp\",\"width\":1248,\"height\":744,\"caption\":\"Gesti\u00f3n de viviendas en zona Retiro\"},{\"@type\":\"BreadcrumbList\",\"@id\":\"https:\\\/\\\/globalhp.es\\\/gestion-de-alquiler-en-temporada\\\/distrito-retiro\\\/#breadcrumb\",\"itemListElement\":[{\"@type\":\"ListItem\",\"position\":1,\"name\":\"Home\",\"item\":\"https:\\\/\\\/globalhp.es\\\/\"},{\"@type\":\"ListItem\",\"position\":2,\"name\":\"Gesti\u00f3n de alquiler\",\"item\":\"https:\\\/\\\/globalhp.es\\\/gestion-de-alquiler-en-temporada\\\/\"},{\"@type\":\"ListItem\",\"position\":3,\"name\":\"Distrito Retiro\"}]},{\"@type\":\"WebSite\",\"@id\":\"https:\\\/\\\/globalhp.es\\\/#website\",\"url\":\"https:\\\/\\\/globalhp.es\\\/\",\"name\":\"Viviendas en Alquiler Madrid | Global Homes\",\"description\":\"Alquiler de viviendas por d\u00edas y semanas en Madrid\",\"publisher\":{\"@id\":\"https:\\\/\\\/globalhp.es\\\/#organization\"},\"potentialAction\":[{\"@type\":\"SearchAction\",\"target\":{\"@type\":\"EntryPoint\",\"urlTemplate\":\"https:\\\/\\\/globalhp.es\\\/?s={search_term_string}\"},\"query-input\":{\"@type\":\"PropertyValueSpecification\",\"valueRequired\":true,\"valueName\":\"search_term_string\"}}],\"inLanguage\":\"en-GB\"},{\"@type\":\"Organization\",\"@id\":\"https:\\\/\\\/globalhp.es\\\/#organization\",\"name\":\"Viviendas en Alquiler Madrid | Global Homes\",\"url\":\"https:\\\/\\\/globalhp.es\\\/\",\"logo\":{\"@type\":\"ImageObject\",\"inLanguage\":\"en-GB\",\"@id\":\"https:\\\/\\\/globalhp.es\\\/#\\\/schema\\\/logo\\\/image\\\/\",\"url\":\"https:\\\/\\\/globalhp.es\\\/wp-content\\\/uploads\\\/2025\\\/01\\\/GHP_Logo_Homes_325px.png\",\"contentUrl\":\"https:\\\/\\\/globalhp.es\\\/wp-content\\\/uploads\\\/2025\\\/01\\\/GHP_Logo_Homes_325px.png\",\"width\":325,\"height\":104,\"caption\":\"Viviendas en Alquiler Madrid | Global Homes\"},\"image\":{\"@id\":\"https:\\\/\\\/globalhp.es\\\/#\\\/schema\\\/logo\\\/image\\\/\"}}]}<\/script>\n<!-- \/ Yoast SEO plugin. -->","yoast_head_json":{"title":"Gestores de alquiler - Distrito Retiro - Viviendas en Alquiler Madrid | Global Homes","description":"Expertos en la gesti\u00f3n de alquiler en el distrito Retiro de Madrid. Maximizamos la rentabilidad de tu vivienda. \u00a1Inf\u00f3rmate sin compromiso!","robots":{"index":"index","follow":"follow","max-snippet":"max-snippet:-1","max-image-preview":"max-image-preview:large","max-video-preview":"max-video-preview:-1"},"canonical":"https:\/\/globalhp.es\/en\/gestion-de-alquiler-en-temporada\/distrito-retiro\/","og_locale":"en_GB","og_type":"article","og_title":"Gestores de alquiler - Distrito Retiro - Viviendas en Alquiler Madrid | Global Homes","og_description":"Expertos en la gesti\u00f3n de alquiler en el distrito Retiro de Madrid. Maximizamos la rentabilidad de tu vivienda. \u00a1Inf\u00f3rmate sin compromiso!","og_url":"https:\/\/globalhp.es\/en\/gestion-de-alquiler-en-temporada\/distrito-retiro\/","og_site_name":"Viviendas en Alquiler Madrid | Global Homes","article_modified_time":"2026-03-16T16:34:41+00:00","og_image":[{"width":1248,"height":744,"url":"https:\/\/globalhp.es\/wp-content\/uploads\/2025\/11\/Zona-Retiro-de-Madrid.webp","type":"image\/webp"}],"twitter_card":"summary_large_image","twitter_misc":{"Estimated reading time":"10 minutes"},"schema":{"@context":"https:\/\/schema.org","@graph":[{"@type":"WebPage","@id":"https:\/\/globalhp.es\/gestion-de-alquiler-en-temporada\/distrito-retiro\/","url":"https:\/\/globalhp.es\/gestion-de-alquiler-en-temporada\/distrito-retiro\/","name":"Gestores de alquiler - Distrito Retiro - Viviendas en Alquiler Madrid | Global Homes","isPartOf":{"@id":"https:\/\/globalhp.es\/#website"},"primaryImageOfPage":{"@id":"https:\/\/globalhp.es\/gestion-de-alquiler-en-temporada\/distrito-retiro\/#primaryimage"},"image":{"@id":"https:\/\/globalhp.es\/gestion-de-alquiler-en-temporada\/distrito-retiro\/#primaryimage"},"thumbnailUrl":"https:\/\/globalhp.es\/wp-content\/uploads\/2025\/11\/Zona-Retiro-de-Madrid.webp","datePublished":"2025-11-03T11:56:32+00:00","dateModified":"2026-03-16T16:34:41+00:00","description":"Expertos en la gesti\u00f3n de alquiler en el distrito Retiro de Madrid. Maximizamos la rentabilidad de tu vivienda. \u00a1Inf\u00f3rmate sin compromiso!","breadcrumb":{"@id":"https:\/\/globalhp.es\/gestion-de-alquiler-en-temporada\/distrito-retiro\/#breadcrumb"},"inLanguage":"en-GB","potentialAction":[{"@type":"ReadAction","target":["https:\/\/globalhp.es\/gestion-de-alquiler-en-temporada\/distrito-retiro\/"]}]},{"@type":"ImageObject","inLanguage":"en-GB","@id":"https:\/\/globalhp.es\/gestion-de-alquiler-en-temporada\/distrito-retiro\/#primaryimage","url":"https:\/\/globalhp.es\/wp-content\/uploads\/2025\/11\/Zona-Retiro-de-Madrid.webp","contentUrl":"https:\/\/globalhp.es\/wp-content\/uploads\/2025\/11\/Zona-Retiro-de-Madrid.webp","width":1248,"height":744,"caption":"Gesti\u00f3n de viviendas en zona Retiro"},{"@type":"BreadcrumbList","@id":"https:\/\/globalhp.es\/gestion-de-alquiler-en-temporada\/distrito-retiro\/#breadcrumb","itemListElement":[{"@type":"ListItem","position":1,"name":"Home","item":"https:\/\/globalhp.es\/"},{"@type":"ListItem","position":2,"name":"Gesti\u00f3n de alquiler","item":"https:\/\/globalhp.es\/gestion-de-alquiler-en-temporada\/"},{"@type":"ListItem","position":3,"name":"Distrito Retiro"}]},{"@type":"WebSite","@id":"https:\/\/globalhp.es\/#website","url":"https:\/\/globalhp.es\/","name":"Viviendas en Alquiler Madrid | Global Homes","description":"Alquiler de viviendas por d\u00edas y semanas en Madrid","publisher":{"@id":"https:\/\/globalhp.es\/#organization"},"potentialAction":[{"@type":"SearchAction","target":{"@type":"EntryPoint","urlTemplate":"https:\/\/globalhp.es\/?s={search_term_string}"},"query-input":{"@type":"PropertyValueSpecification","valueRequired":true,"valueName":"search_term_string"}}],"inLanguage":"en-GB"},{"@type":"Organization","@id":"https:\/\/globalhp.es\/#organization","name":"Viviendas en Alquiler Madrid | Global Homes","url":"https:\/\/globalhp.es\/","logo":{"@type":"ImageObject","inLanguage":"en-GB","@id":"https:\/\/globalhp.es\/#\/schema\/logo\/image\/","url":"https:\/\/globalhp.es\/wp-content\/uploads\/2025\/01\/GHP_Logo_Homes_325px.png","contentUrl":"https:\/\/globalhp.es\/wp-content\/uploads\/2025\/01\/GHP_Logo_Homes_325px.png","width":325,"height":104,"caption":"Viviendas en Alquiler Madrid | Global Homes"},"image":{"@id":"https:\/\/globalhp.es\/#\/schema\/logo\/image\/"}}]}},"_links":{"self":[{"href":"https:\/\/globalhp.es\/en\/wp-json\/wp\/v2\/pages\/7122","targetHints":{"allow":["GET"]}}],"collection":[{"href":"https:\/\/globalhp.es\/en\/wp-json\/wp\/v2\/pages"}],"about":[{"href":"https:\/\/globalhp.es\/en\/wp-json\/wp\/v2\/types\/page"}],"author":[{"embeddable":true,"href":"https:\/\/globalhp.es\/en\/wp-json\/wp\/v2\/users\/1"}],"replies":[{"embeddable":true,"href":"https:\/\/globalhp.es\/en\/wp-json\/wp\/v2\/comments?post=7122"}],"version-history":[{"count":56,"href":"https:\/\/globalhp.es\/en\/wp-json\/wp\/v2\/pages\/7122\/revisions"}],"predecessor-version":[{"id":8129,"href":"https:\/\/globalhp.es\/en\/wp-json\/wp\/v2\/pages\/7122\/revisions\/8129"}],"up":[{"embeddable":true,"href":"https:\/\/globalhp.es\/en\/wp-json\/wp\/v2\/pages\/6327"}],"wp:featuredmedia":[{"embeddable":true,"href":"https:\/\/globalhp.es\/en\/wp-json\/wp\/v2\/media\/7143"}],"wp:attachment":[{"href":"https:\/\/globalhp.es\/en\/wp-json\/wp\/v2\/media?parent=7122"}],"curies":[{"name":"wp","href":"https:\/\/api.w.org\/{rel}","templated":true}]}}