{"id":7503,"date":"2025-11-25T11:45:43","date_gmt":"2025-11-25T11:45:43","guid":{"rendered":"https:\/\/globalhp.es\/?page_id=7503"},"modified":"2026-03-09T15:20:45","modified_gmt":"2026-03-09T15:20:45","slug":"menendez-pelayo","status":"publish","type":"page","link":"https:\/\/globalhp.es\/en\/menendez-pelayo\/","title":{"rendered":"Men\u00e9ndez Pelayo"},"content":{"rendered":"<h1>Vivienda en Alquiler <br \/> Men\u00e9ndez Pelayo<\/h1>\n<ul>\n<li>\n<div><span class=\"uk-text-primary\"><strong>Valoraci\u00f3n 9.7 \u2b50 <\/strong><\/span><\/div>\n<\/li>\n<li>\n<div><strong>Avenida de Men\u00e9ndez Pelayo, Ibiza, 28009 Madrid<\/strong> | <strong><span class=\"uk-text-success\">Excelente ubicaci\u00f3n<\/span><\/strong> centro de Madrid<\/div>\n<\/li>\n<\/ul>\n<ul>\n<li>\n        <a href=\"#fotos Ciudad Lineal\">Vista General<\/a>\n    <\/li>\n<li>\n        <a href=\"#Plano\">Plano<\/a>\n    <\/li>\n<li>\n        <a href=\"#Servicios\">Servicios<\/a>\n    <\/li>\n<li>\n        <a href=\"#Reservas\">Reservas<\/a>\n    <\/li>\n<li>\n        <a href=\"#normas\">Normas<\/a>\n    <\/li>\n<li>\n        <a href=\"#Funcionalidad\">Funcionalidad<\/a>\n    <\/li>\n<li>\n        <a href=\"#Preguntas\">Preguntas frecuentes<\/a>\n    <\/li>\n<\/ul>\n<p><p>\n        <a href=\"#Reservas\">Reserva el apartamento<\/a>\n    <\/p>\n<\/p>\n<p><a href=\"https:\/\/api.whatsapp.com\/send?text=%C2%A1Echa%20un%20vistazo%20a%20esta%20vivienda!%20https%3A%2F%2Fglobalhp.es%2Fvivienda-en-tetuan%2F\">[social]<\/a><\/p>\n<ul>\n<li>\n<p>        <img decoding=\"async\" src=\"\/wp-content\/uploads\/2026\/02\/Parque-del-retiro-Madrid.webp\" alt=\"Parque del Retiro Madrid\"><\/p>\n<\/li>\n<li>\n<p>        <img decoding=\"async\" src=\"\/wp-content\/uploads\/2026\/01\/Vivienda-Menendez-Pelayo-2.webp\" alt=\"Alquiler vivienda Men\u00e9ndez Pelayo\"><\/p>\n<\/li>\n<li>\n<p>        <img decoding=\"async\" src=\"\/wp-content\/uploads\/2026\/01\/Vivienda-Menendez-Pelayo-1.webp\" alt=\"Alquiler vivienda Men\u00e9ndez Pelayo\"><\/p>\n<\/li>\n<li>\n<p>        <img decoding=\"async\" src=\"\/wp-content\/uploads\/2026\/01\/Vivienda-Menendez-Pelayo-3.webp\" alt=\"Alquiler vivienda Men\u00e9ndez Pelayo\"><\/p>\n<\/li>\n<li>\n<p>        <img decoding=\"async\" src=\"\/wp-content\/uploads\/2026\/01\/Vivienda-Menendez-Pelayo-4.webp\" alt=\"Alquiler vivienda Men\u00e9ndez Pelayo\"><\/p>\n<\/li>\n<li>\n<p>        <img decoding=\"async\" src=\"\/wp-content\/uploads\/2026\/01\/Vivienda-Menendez-Pelayo-5.webp\" alt=\"Alquiler vivienda Men\u00e9ndez Pelayo\"><\/p>\n<\/li>\n<li>\n<p>        <img decoding=\"async\" src=\"\/wp-content\/uploads\/2026\/01\/Vivienda-Menendez-Pelayo-6.webp\" alt=\"Alquiler vivienda Men\u00e9ndez Pelayo\"><\/p>\n<\/li>\n<li>\n<p>        <img decoding=\"async\" src=\"\/wp-content\/uploads\/2026\/01\/Vivienda-Menendez-Pelayo-7.webp\" alt=\"Alquiler vivienda Men\u00e9ndez Pelayo\"><\/p>\n<\/li>\n<li>\n<p>        <img decoding=\"async\" src=\"\/wp-content\/uploads\/2026\/01\/Vivienda-Menendez-Pelayo-8.webp\" alt=\"Alquiler vivienda Men\u00e9ndez Pelayo\"><\/p>\n<\/li>\n<li>\n<p>        <img decoding=\"async\" src=\"\/wp-content\/uploads\/2026\/01\/Vivienda-Menendez-Pelayo-9.webp\" alt=\"Vivienda Men\u00e9ndez Pelayo 9\"><\/p>\n<\/li>\n<li>\n<p>        <img decoding=\"async\" src=\"\/wp-content\/uploads\/2026\/02\/Habitacion-principal.webp\" alt=\"Habitaci\u00f3n principal\"><\/p>\n<\/li>\n<li>\n<p>        <img decoding=\"async\" src=\"\/wp-content\/uploads\/2026\/02\/Habitacion-principal-sin-cama.webp\" alt=\"Habitaci\u00f3n principal sin cama\"><\/p>\n<\/li>\n<li>\n<p>        <img decoding=\"async\" src=\"\/wp-content\/uploads\/2026\/01\/Vivienda-Menendez-Pelayo-11.webp\" alt=\"Vivienda Men\u00e9ndez Pelayo\"><\/p>\n<\/li>\n<li>\n<p>        <img decoding=\"async\" src=\"\/wp-content\/uploads\/2026\/01\/Vivienda-Menendez-Pelayo-12.webp\" alt=\"Vivienda Men\u00e9ndez Pelayo\"><\/p>\n<\/li>\n<li>\n<p>        <img decoding=\"async\" src=\"\/wp-content\/uploads\/2026\/01\/Vivienda-Menendez-Pelayo-13.webp\" alt=\"Vivienda Men\u00e9ndez Pelayo \"><\/p>\n<\/li>\n<li>\n<p>        <img decoding=\"async\" src=\"\/wp-content\/uploads\/2026\/01\/Vivienda-Menendez-Pelayo-14.webp\" alt=\"Vivienda en alquiler en Men\u00e9ndez Pelayo\"><\/p>\n<\/li>\n<li>\n<p>        <img decoding=\"async\" src=\"\/wp-content\/uploads\/2026\/01\/Vivienda-Menendez-Pelayo-15.webp\" alt=\"Vivienda en alquiler Men\u00e9ndez Pelayo\"><\/p>\n<\/li>\n<li>\n<p>        <img decoding=\"async\" src=\"\/wp-content\/uploads\/2026\/01\/Vivienda-Menendez-Pelayo-16.webp\" alt=\"Vivienda en alquiler Men\u00e9ndez Pelayo\"><\/p>\n<\/li>\n<li>\n<p>        <img decoding=\"async\" src=\"\/wp-content\/uploads\/2026\/01\/Vivienda-Menendez-Pelayo-17.webp\" alt=\"Vivienda en alquiler Men\u00e9ndez Pelayo\"><\/p>\n<\/li>\n<li>\n<p>        <img decoding=\"async\" src=\"\/wp-content\/uploads\/2026\/01\/Vivienda-Menendez-Pelayo-18.webp\" alt=\"Vivienda en alquiler Men\u00e9ndez Pelayo\"><\/p>\n<\/li>\n<li>\n<p>        <img decoding=\"async\" src=\"\/wp-content\/uploads\/2026\/01\/Vivienda-Menendez-Pelayo-19.webp\" alt=\"Vivienda en alquiler Men\u00e9ndez Pelayo\"><\/p>\n<\/li>\n<li>\n<p>        <img decoding=\"async\" src=\"\/wp-content\/uploads\/2026\/01\/Vivienda-Menendez-Pelayo-20.webp\" alt=\"Vivienda en alquiler Men\u00e9ndez Pelayo\"><\/p>\n<\/li>\n<\/ul>\n<ul>\n<li>\n<p>        <img decoding=\"async\" src=\"\/wp-content\/uploads\/2025\/11\/orientacion-vivienda.webp\" alt=\"orientaci\u00f3n vivienda\"><\/p>\n<p>Orientaci\u00f3n sur, este<\/p>\n<\/li>\n<li>\n<p>        <img decoding=\"async\" src=\"\/wp-content\/uploads\/2025\/10\/ascensor2.webp\" alt=\"Ascensor\"><\/p>\n<p>Ascensor<\/p>\n<\/li>\n<li>\n<p>        <img decoding=\"async\" src=\"\/wp-content\/uploads\/2025\/11\/vivienda-amueblada.webp\" alt=\"vivienda amueblada\"><\/p>\n<p>Amueblado<\/p>\n<\/li>\n<li>\n<p>        <img decoding=\"async\" src=\"\/wp-content\/uploads\/yootheme\/icon-air-conditioning.svg\" alt=\"Aire acondicionado\"><\/p>\n<p>Aire acondicionado<\/p>\n<\/li>\n<li>\n<p>        <img decoding=\"async\" src=\"\/wp-content\/uploads\/2025\/11\/pisos-de-vivienda.webp\" alt=\"planta de vivienda\"><\/p>\n<p>1\u00aa Planta interior<\/p>\n<\/li>\n<li>\n<p>        <img decoding=\"async\" src=\"\/wp-content\/uploads\/2025\/07\/microondas-cocina.webp\" alt=\"Cocina\"><\/p>\n<p>Cocina equipada<\/p>\n<\/li>\n<\/ul>\n<h2>Comentarios de clientes<\/h2>\n<div>\n<style>\n.review-widget-container {\n    font-family: -apple-system, BlinkMacSystemFont, \"Segoe UI\", Roboto, \"Helvetica Neue\", Arial, sans-serif;\n    background-color: white;\n    color: #1c1e21;\n    max-width: 360px;\n    margin: 0 auto;\n}<\/p>\n<p>.review-widget-container h2 {\n    margin: 0 0 16px 0;\n    font-size: 20px;\n    font-weight: 600;\n}<\/p>\n<p>.review-widget-container .overall-rating {\n    display: flex;\n    align-items: center;\n    gap: 10px;\n    margin-bottom: 24px;\n}<\/p>\n<p>.review-widget-container .score-box {\n    background-color: #008009; \/* Verde *\/\n    color: white;\n    font-weight: bold;\n    font-size: 14px;\n    padding: 4px 8px;\n    border-radius: 5px;\n}<\/p>\n<p>.review-widget-container .rating-text {\n    font-weight: 600;\n    font-size: 16px;\n}<\/p>\n<p>.review-widget-container .ratings-list {\n    display: flex;\n    flex-direction: column;\n    gap: 14px;\n}<\/p>\n<p>.rating-item {\n    display: flex;\n    justify-content: space-between;\n    align-items: center;\n}<\/p>\n<p>.category-name {\n    font-size: 14px;\n    white-space: nowrap;\n}<\/p>\n<p>.bar-and-score {\n    display: flex;\n    align-items: center;\n    flex-grow: 1;\n    gap: 12px;\n    margin-left: 10px;\n}<\/p>\n<p>.progress-bar-container {\n    flex-grow: 1;\n    height: 8px;\n    background-color: #e9ecef;\n    border-radius: 4px;\n    overflow: hidden;\n}<\/p>\n<p>.progress-bar {\n    height: 100%;\n    border-radius: 4px;\n}<\/p>\n<p>.bar-blue {\n    background-color: #003580;\n}<\/p>\n<p>.bar-green {\n    background-color: #008009;\n}<\/p>\n<p>.score-number {\n    font-size: 14px;\n    font-weight: 500;\n    white-space: nowrap;\n}<\/p>\n<p>.arrow {\n    color: #008009;\n    margin-left: 4px;\n    font-weight: bold;\n}<\/p>\n<p>\/* Responsive *\/\n@media (max-width: 420px) {\n    .rating-item {\n        flex-direction: column;\n        align-items: flex-start;\n        gap: 6px;\n    }\n    .bar-and-score {\n        width: 100%;\n        margin-left: 0;\n    }\n}\n<\/style>\n<div class=\"review-widget-container\">\n<div class=\"overall-rating\">\n        <span class=\"score-box\">9,7<\/span><br \/>\n        <span class=\"rating-text\">Fant\u00e1stico<\/span>\n    <\/div>\n<div class=\"ratings-list\">\n<div class=\"rating-item\">\n            <span class=\"category-name\">Ubicaci\u00f3n<\/span><\/p>\n<div class=\"bar-and-score\">\n<div class=\"progress-bar-container\">\n<div class=\"progress-bar bar-green\" style=\"width: 100%;\"><\/div>\n<\/p><\/div>\n<p>                <span class=\"score-number\">10<\/span>\n            <\/div>\n<\/p><\/div>\n<div class=\"rating-item\">\n            <span class=\"category-name\">Limpieza <\/span><\/p>\n<div class=\"bar-and-score\">\n<div class=\"progress-bar-container\">\n<div class=\"progress-bar bar-green\" style=\"width: 96%;\"><\/div>\n<\/p><\/div>\n<p>                <span class=\"score-number\">9,6<\/span>\n            <\/div>\n<\/p><\/div>\n<div class=\"rating-item\">\n            <span class=\"category-name\">Relaci\u00f3n calidad-precio<\/span><\/p>\n<div class=\"bar-and-score\">\n<div class=\"progress-bar-container\">\n<div class=\"progress-bar bar-green\" style=\"width: 95%;\"><\/div>\n<\/p><\/div>\n<p>                <span class=\"score-number\">9,5<\/span>\n            <\/div>\n<\/p><\/div>\n<div class=\"rating-item\">\n            <span class=\"category-name\">Instalaciones y servicios <\/span><\/p>\n<div class=\"bar-and-score\">\n<div class=\"progress-bar-container\">\n<div class=\"progress-bar bar-green\" style=\"width: 91%;\"><\/div>\n<\/p><\/div>\n<p>                <span class=\"score-number\">9,1<\/span>\n            <\/div>\n<\/p><\/div>\n<div class=\"rating-item\">\n            <span class=\"category-name\">Confort<\/span><\/p>\n<div class=\"bar-and-score\">\n<div class=\"progress-bar-container\">\n<div class=\"progress-bar bar-green\" style=\"width: 94%;\"><\/div>\n<\/p><\/div>\n<p>                <span class=\"score-number\">9,4<\/span>\n            <\/div>\n<\/p><\/div>\n<div class=\"rating-item\">\n            <span class=\"category-name\">Personal <\/span><\/p>\n<div class=\"bar-and-score\">\n<div class=\"progress-bar-container\">\n<div class=\"progress-bar bar-green\" style=\"width: 95%;\"><\/div>\n<\/p><\/div>\n<p>                <span class=\"score-number\">9,5<\/span>\n            <\/div>\n<\/p><\/div>\n<div class=\"rating-item\">\n            <span class=\"category-name\">WiFi gratis<\/span><\/p>\n<div class=\"bar-and-score\">\n<div class=\"progress-bar-container\">\n<div class=\"progress-bar bar-green\" style=\"width: 100%;\"><\/div>\n<\/p><\/div>\n<p>                <span class=\"score-number\">10<\/span>\n            <\/div>\n<\/p><\/div>\n<\/p><\/div>\n<\/div>\n<\/div>\n<h2>Rese\u00f1as de clientes<\/h2>\n<ul>\n<li>\n<p>        <img decoding=\"async\" src=\"\/wp-content\/uploads\/2025\/07\/usuario.png\" alt=\"rese\u00f1a de vivienda en Men\u00e9ndez Pelayo\"><\/p>\n<h3>Sarah W.<\/h3>\n<p>Fant\u00e1stico<\/p>\n<div>\n<p>Entrar y vivir. La cocina est\u00e1 equipad\u00edsima y la reforma se nota que es de calidad. Zona inmejorable.<\/p>\n<\/div>\n<\/li>\n<li>\n<p>        <img decoding=\"async\" src=\"\/wp-content\/uploads\/2025\/07\/usuario.png\" alt=\"rese\u00f1a de vivienda en Men\u00e9ndez Pelayo\"><\/p>\n<h3>Alberto D.<\/h3>\n<p>Fant\u00e1stico<\/p>\n<div>\n<p>Peque\u00f1o pero con un dise\u00f1o exquisito. Las vistas al parque y la tranquilidad del edificio son lo mejor.<\/p>\n<\/div>\n<\/li>\n<li>\n<p>        <img decoding=\"async\" src=\"\/wp-content\/uploads\/2025\/07\/usuario.png\" alt=\"rese\u00f1a de vivienda en Men\u00e9ndez Pelayo\"><\/p>\n<h3>Luc\u00eda P.<\/h3>\n<p>Fant\u00e1stico<\/p>\n<div>\n<p>Cero preocupaciones con el mantenimiento incluido. Es tal cual se ve en las fotos, acogedor y funcional.<\/p>\n<\/div>\n<\/li>\n<li>\n<p>        <img decoding=\"async\" src=\"\/wp-content\/uploads\/2025\/07\/usuario.png\" alt=\"rese\u00f1a de vivienda en Men\u00e9ndez Pelayo\"><\/p>\n<h3>Diego F.<\/h3>\n<p>Fant\u00e1stico<\/p>\n<div>\n<p>La ubicaci\u00f3n en Ibiza es top. Tienes restaurantes y buses en la puerta, pero dentro del piso hay paz total.<\/p>\n<\/div>\n<\/li>\n<\/ul>\n<div>\n<link href=\"https:\/\/fonts.googleapis.com\/css2?family=Roboto:wght@400;700&#038;display=swap\" rel=\"stylesheet\">\n<div style=\"border: 1px solid #ddd; border-radius: 1px; padding: 16px; display: flex; align-items: flex-start; max-width: 600px; font-family: 'Roboto', sans-serif;\">\n<div style=\"margin-right: 12px;\">\n    <!-- Icono de estrella --><br \/>\n    <svg xmlns=\"http:\/\/www.w3.org\/2000\/svg\" width=\"24\" height=\"24\" fill=\"#0071c2\" viewBox=\"0 0 24 24\">\n      <path d=\"M12 .587l3.668 7.568 8.332 1.151-6.064 5.964 1.43 8.291L12 18.896l-7.366 4.665 1.43-8.291L0 9.306l8.332-1.151z\"\/>\n    <\/svg>\n  <\/div>\n<div>\n<p style=\"margin: 0; font-weight: 700;\">Avenida de Men\u00e9ndez Pelayo rara vez aparece disponible.<\/p>\n<p style=\"margin: 4px 0 0 0; font-weight: 400;\">No lo dejes escapar y haz tu reserva antes de que se agote.<\/p>\n<\/p><\/div>\n<\/div>\n<\/div>\n<div>\n<blockquote><p>\u00a1Despierta frente al Retiro! Tu hogar temporal en el coraz\u00f3n de Madrid<\/p><\/blockquote>\n<p>El mobiliario ha sido desarrollado por un equipo de dise\u00f1adores interioristas, incorporando un novedoso y c\u00f3modo sistema de camas abatibles que ofrece a cada espacio la posibilidad de transformarlo en una zona de descanso (dormitorio tradicional) o en un espacio destinado al estudio y el ocio.<\/p>\n<p>Las 2 habitaciones disponen de c\u00f3modas camas de 150 cm. con colchones viscoel\u00e1sticos de muelles ensacados de m\u00e1xima calidad, armarios empotrados y est\u00e1n equipadas con televisores de 55\u201d, asegurando el descanso y el entretenimiento en cada rinc\u00f3n.<\/p>\n<p>La cocina est\u00e1 equipada con electrodom\u00e9sticos de \u00faltima generaci\u00f3n y menaje completo, lista para preparar deliciosas comidas en el horno-microondas y en la airfryer. Adem\u00e1s, el amplio ba\u00f1o cuenta con un plato de ducha y mampara, brindando comodidad y funcionalidad. Dispone de calefacci\u00f3n por radiadores, aire acondicionado y ventiladores en todas las estancias; la climatizaci\u00f3n est\u00e1 garantizada durante todo el a\u00f1o.<\/p>\n<p>Ubicado en una primera planta, este piso se encuentra al lado del Hospital Ni\u00f1o Jes\u00fas y justo enfrente al hermoso parque Retiro, un lugar perfecto para pasear y disfrutar de la naturaleza y el deporte. La estaci\u00f3n de metro Ibiza se encuentra a solo 50 metros, facilitando el acceso a toda la ciudad. Tambi\u00e9n hay diversas l\u00edneas de autob\u00fas cercanas ( 20, 26, 63, 152, C1 y C2), lo que hace que moverse sea muy sencillo.<\/p>\n<p>Este alquiler temporal incluye gastos de comunidad, seguro de hogar y mantenimiento anual de las instalaciones. \u00a1No pierdas la oportunidad de vivir en este maravilloso piso que combina confort y ubicaci\u00f3n!<\/p>\n<p><b>Ubicaci\u00f3n inmejorable:<\/b> A solo 50 metros del metro Ibiza y con m\u00faltiples l\u00edneas de autob\u00fas en la puerta. Tienes Madrid a tus pies y el parque del Retiro como tu jard\u00edn privado.<\/p>\n<\/div>\n<h3>Plano de la vivienda<\/h3>\n<p><img decoding=\"async\" src=\"\/wp-content\/uploads\/2026\/01\/Plano-vivienda-menendez-pelayo-55.webp\" alt=\"Plano vivienda Men\u00e9ndez Pelayo 55\"><br \/>\n<iframe src=\"https:\/\/youtu.be\/1-Ves-Mfci8\"><\/iframe><\/p>\n<div><div class=\"wpbs-main-wrapper wpbs-main-wrapper-calendar-19 wpbs-main-wrapper-form-0\"><a class=\"wpbs-visually-hidden wpbs-skip-to-content-link\" title=\"Skip Booking Form\" href=\"#wpbs-booking-form-end\">Skip Booking Form<\/a><div class=\"wpbs-container wpbs-enable-hover wpbs-calendar-19 \" data-id=\"19\" data-show_title=\"1\" data-months_to_show=\"1\" data-start_weekday=\"1\" data-show_legend=\"1\" data-legend_position=\"side\" data-show_button_navigation=\"1\" data-show_selector_navigation=\"1\" data-show_week_numbers=\"0\" data-current_year=\"2026\" data-current_month=\"5\" data-jump_months=\"0\" data-highlight_today=\"0\" data-history=\"1\" data-show_tooltip=\"1\" data-show_prices=\"0\" data-language=\"en\" data-min_width=\"200\" data-max_width=\"380\" data-start_date=\"0\" data-end_date=\"0\" data-changeover_start=\"75\" data-changeover_end=\"76\" data-currency=\"USD\" data-form_position=\"bottom\" data-current_date=\"1777680000000\" data-show_first_available_date=\"0\" ><h2>Men\u00e9ndez Pelayo<\/h2><div class=\"wpbs-calendars-wrapper wpbs-legend-position-side\"><div class=\"wpbs-legend\"><div class=\"wpbs-legend-item\"><div class=\"wpbs-legend-item-icon wpbs-legend-item-icon-73\" data-type=\"single\"><div class=\"wpbs-legend-item-icon-color\" ><\/div><div class=\"wpbs-legend-item-icon-color\" ><\/div><\/div><span class=wpbs-legend-item-name>Disponible<\/span><\/div><div class=\"wpbs-legend-item\"><div class=\"wpbs-legend-item-icon wpbs-legend-item-icon-74\" data-type=\"single\"><div class=\"wpbs-legend-item-icon-color\" ><\/div><div class=\"wpbs-legend-item-icon-color\" ><\/div><\/div><span class=wpbs-legend-item-name>Reservado<\/span><\/div><\/div><div class=\"wpbs-calendars\"><div class=\"wpbs-calendar wpbs-calendar-month-5 wpbs-calendar-year-2026 \"><div class=\"wpbs-calendar-header wpbs-heading\"><div class=\"wpbs-calendar-header-navigation\"><button class=\"wpbs-prev\" aria-label=\"Navigate to previous month\"><span class=\"wpbs-arrow\"><\/span><\/button><div class=\"wpbs-select-container\"><select name=\"wpbs-month-selector-dropdown\" aria-label=\"Calendar month navigation\"><option value=\"1771113600\" >February 2026<\/option><option value=\"1773532800\" >March 2026<\/option><option value=\"1776211200\" >April 2026<\/option><option value=\"1778803200\"  selected='selected'>May 2026<\/option><option value=\"1781481600\" >June 2026<\/option><option value=\"1784073600\" >July 2026<\/option><option value=\"1786752000\" >August 2026<\/option><option value=\"1789430400\" >September 2026<\/option><option value=\"1792022400\" >October 2026<\/option><option value=\"1794700800\" >November 2026<\/option><option value=\"1797292800\" >December 2026<\/option><option value=\"1799971200\" >January 2027<\/option><option value=\"1802649600\" >February 2027<\/option><option value=\"1805068800\" >March 2027<\/option><option value=\"1807747200\" >April 2027<\/option><option value=\"1810339200\" >May 2027<\/option><\/select><\/div><button class=\"wpbs-next\" aria-label=\"Navigate to next month\"><span class=\"wpbs-arrow\"><\/span><\/button><\/div><\/div><div class=\"wpbs-calendar-wrapper\"><table><thead><tr><th>M<\/th><th>T<\/th><th>W<\/th><th>T<\/th><th>F<\/th><th>S<\/th><th>S<\/th><\/tr><\/thead><tbody><tr><td><div class=\"wpbs-date   wpbs-gap  \"  data-price=\"0\" ><div class=\"wpbs-date-inner\"><\/div><\/div><\/td><td><div class=\"wpbs-date   wpbs-gap  \"  data-price=\"0\" ><div class=\"wpbs-date-inner\"><\/div><\/div><\/td><td><div class=\"wpbs-date   wpbs-gap  \"  data-price=\"0\" ><div class=\"wpbs-date-inner\"><\/div><\/div><\/td><td><div class=\"wpbs-date   wpbs-gap  \"  data-price=\"0\" ><div class=\"wpbs-date-inner\"><\/div><\/div><\/td><td><div class=\"wpbs-date wpbs-legend-item-74    \" data-year=\"2026\" data-month=\"5\" data-day=\"1\" data-price=\"0\" ><div class=\"wpbs-legend-item-icon wpbs-legend-item-icon-74\" data-type=\"single\"><div class=\"wpbs-legend-item-icon-color\" ><\/div><div class=\"wpbs-legend-item-icon-color\" ><\/div><\/div><div class=\"wpbs-date-inner\"><span class=\"wpbs-date-number\">1<\/span><\/div><\/div><\/td><td><div class=\"wpbs-date wpbs-legend-item-74    \" data-year=\"2026\" data-month=\"5\" data-day=\"2\" data-price=\"0\" ><div class=\"wpbs-legend-item-icon wpbs-legend-item-icon-74\" data-type=\"single\"><div class=\"wpbs-legend-item-icon-color\" ><\/div><div class=\"wpbs-legend-item-icon-color\" ><\/div><\/div><div class=\"wpbs-date-inner\"><span class=\"wpbs-date-number\">2<\/span><\/div><\/div><\/td><td><div class=\"wpbs-date wpbs-legend-item-74    \" data-year=\"2026\" data-month=\"5\" data-day=\"3\" data-price=\"0\" ><div class=\"wpbs-legend-item-icon wpbs-legend-item-icon-74\" data-type=\"single\"><div class=\"wpbs-legend-item-icon-color\" ><\/div><div class=\"wpbs-legend-item-icon-color\" ><\/div><\/div><div class=\"wpbs-date-inner\"><span class=\"wpbs-date-number\">3<\/span><\/div><\/div><\/td><\/tr><tr><td><div class=\"wpbs-date wpbs-legend-item-74    \" data-year=\"2026\" data-month=\"5\" data-day=\"4\" data-price=\"0\" ><div class=\"wpbs-legend-item-icon wpbs-legend-item-icon-74\" data-type=\"single\"><div class=\"wpbs-legend-item-icon-color\" ><\/div><div class=\"wpbs-legend-item-icon-color\" ><\/div><\/div><div class=\"wpbs-date-inner\"><span class=\"wpbs-date-number\">4<\/span><\/div><\/div><\/td><td><div class=\"wpbs-date wpbs-legend-item-74    \" data-year=\"2026\" data-month=\"5\" data-day=\"5\" data-price=\"0\" ><div class=\"wpbs-legend-item-icon wpbs-legend-item-icon-74\" data-type=\"single\"><div class=\"wpbs-legend-item-icon-color\" ><\/div><div class=\"wpbs-legend-item-icon-color\" ><\/div><\/div><div class=\"wpbs-date-inner\"><span class=\"wpbs-date-number\">5<\/span><\/div><\/div><\/td><td><div class=\"wpbs-date wpbs-legend-item-74    \" data-year=\"2026\" data-month=\"5\" data-day=\"6\" data-price=\"0\" ><div class=\"wpbs-legend-item-icon wpbs-legend-item-icon-74\" data-type=\"single\"><div class=\"wpbs-legend-item-icon-color\" ><\/div><div class=\"wpbs-legend-item-icon-color\" ><\/div><\/div><div class=\"wpbs-date-inner\"><span class=\"wpbs-date-number\">6<\/span><\/div><\/div><\/td><td><div class=\"wpbs-date wpbs-legend-item-73   wpbs-is-bookable \" data-year=\"2026\" data-month=\"5\" data-day=\"7\" data-price=\"0\" tabindex=\"0\"><div class=\"wpbs-legend-item-icon wpbs-legend-item-icon-73\" data-type=\"single\"><div class=\"wpbs-legend-item-icon-color\" ><\/div><div class=\"wpbs-legend-item-icon-color\" ><\/div><\/div><div class=\"wpbs-date-inner\"><span class=\"wpbs-date-number\">7<\/span><\/div><\/div><\/td><td><div class=\"wpbs-date wpbs-legend-item-73   wpbs-is-bookable \" data-year=\"2026\" data-month=\"5\" data-day=\"8\" data-price=\"0\" tabindex=\"0\"><div class=\"wpbs-legend-item-icon wpbs-legend-item-icon-73\" data-type=\"single\"><div class=\"wpbs-legend-item-icon-color\" ><\/div><div class=\"wpbs-legend-item-icon-color\" ><\/div><\/div><div class=\"wpbs-date-inner\"><span class=\"wpbs-date-number\">8<\/span><\/div><\/div><\/td><td><div class=\"wpbs-date wpbs-legend-item-73   wpbs-is-bookable \" data-year=\"2026\" data-month=\"5\" data-day=\"9\" data-price=\"0\" tabindex=\"0\"><div class=\"wpbs-legend-item-icon wpbs-legend-item-icon-73\" data-type=\"single\"><div class=\"wpbs-legend-item-icon-color\" ><\/div><div class=\"wpbs-legend-item-icon-color\" ><\/div><\/div><div class=\"wpbs-date-inner\"><span class=\"wpbs-date-number\">9<\/span><\/div><\/div><\/td><td><div class=\"wpbs-date wpbs-legend-item-73   wpbs-is-bookable \" data-year=\"2026\" data-month=\"5\" data-day=\"10\" data-price=\"0\" tabindex=\"0\"><div class=\"wpbs-legend-item-icon wpbs-legend-item-icon-73\" data-type=\"single\"><div class=\"wpbs-legend-item-icon-color\" ><\/div><div class=\"wpbs-legend-item-icon-color\" ><\/div><\/div><div class=\"wpbs-date-inner\"><span class=\"wpbs-date-number\">10<\/span><\/div><\/div><\/td><\/tr><tr><td><div class=\"wpbs-date wpbs-legend-item-73   wpbs-is-bookable \" data-year=\"2026\" data-month=\"5\" data-day=\"11\" data-price=\"0\" tabindex=\"0\"><div class=\"wpbs-legend-item-icon wpbs-legend-item-icon-73\" data-type=\"single\"><div class=\"wpbs-legend-item-icon-color\" ><\/div><div class=\"wpbs-legend-item-icon-color\" ><\/div><\/div><div class=\"wpbs-date-inner\"><span class=\"wpbs-date-number\">11<\/span><\/div><\/div><\/td><td><div class=\"wpbs-date wpbs-legend-item-73   wpbs-is-bookable \" data-year=\"2026\" data-month=\"5\" data-day=\"12\" data-price=\"0\" tabindex=\"0\"><div class=\"wpbs-legend-item-icon wpbs-legend-item-icon-73\" data-type=\"single\"><div class=\"wpbs-legend-item-icon-color\" ><\/div><div class=\"wpbs-legend-item-icon-color\" ><\/div><\/div><div class=\"wpbs-date-inner\"><span class=\"wpbs-date-number\">12<\/span><\/div><\/div><\/td><td><div class=\"wpbs-date wpbs-legend-item-73   wpbs-is-bookable \" data-year=\"2026\" data-month=\"5\" data-day=\"13\" data-price=\"0\" tabindex=\"0\"><div class=\"wpbs-legend-item-icon wpbs-legend-item-icon-73\" data-type=\"single\"><div class=\"wpbs-legend-item-icon-color\" ><\/div><div class=\"wpbs-legend-item-icon-color\" ><\/div><\/div><div class=\"wpbs-date-inner\"><span class=\"wpbs-date-number\">13<\/span><\/div><\/div><\/td><td><div class=\"wpbs-date wpbs-legend-item-73   wpbs-is-bookable \" data-year=\"2026\" data-month=\"5\" data-day=\"14\" data-price=\"0\" tabindex=\"0\"><div class=\"wpbs-legend-item-icon wpbs-legend-item-icon-73\" data-type=\"single\"><div class=\"wpbs-legend-item-icon-color\" ><\/div><div class=\"wpbs-legend-item-icon-color\" ><\/div><\/div><div class=\"wpbs-date-inner\"><span class=\"wpbs-date-number\">14<\/span><\/div><\/div><\/td><td><div class=\"wpbs-date wpbs-legend-item-73   wpbs-is-bookable \" data-year=\"2026\" data-month=\"5\" data-day=\"15\" data-price=\"0\" tabindex=\"0\"><div class=\"wpbs-legend-item-icon wpbs-legend-item-icon-73\" data-type=\"single\"><div class=\"wpbs-legend-item-icon-color\" ><\/div><div class=\"wpbs-legend-item-icon-color\" ><\/div><\/div><div class=\"wpbs-date-inner\"><span class=\"wpbs-date-number\">15<\/span><\/div><\/div><\/td><td><div class=\"wpbs-date wpbs-legend-item-73   wpbs-is-bookable \" data-year=\"2026\" data-month=\"5\" data-day=\"16\" data-price=\"0\" tabindex=\"0\"><div class=\"wpbs-legend-item-icon wpbs-legend-item-icon-73\" data-type=\"single\"><div class=\"wpbs-legend-item-icon-color\" ><\/div><div class=\"wpbs-legend-item-icon-color\" ><\/div><\/div><div class=\"wpbs-date-inner\"><span class=\"wpbs-date-number\">16<\/span><\/div><\/div><\/td><td><div class=\"wpbs-date wpbs-legend-item-73   wpbs-is-bookable \" data-year=\"2026\" data-month=\"5\" data-day=\"17\" data-price=\"0\" tabindex=\"0\"><div class=\"wpbs-legend-item-icon wpbs-legend-item-icon-73\" data-type=\"single\"><div class=\"wpbs-legend-item-icon-color\" ><\/div><div class=\"wpbs-legend-item-icon-color\" ><\/div><\/div><div class=\"wpbs-date-inner\"><span class=\"wpbs-date-number\">17<\/span><\/div><\/div><\/td><\/tr><tr><td><div class=\"wpbs-date wpbs-legend-item-73   wpbs-is-bookable \" data-year=\"2026\" data-month=\"5\" data-day=\"18\" data-price=\"0\" tabindex=\"0\"><div class=\"wpbs-legend-item-icon wpbs-legend-item-icon-73\" data-type=\"single\"><div class=\"wpbs-legend-item-icon-color\" ><\/div><div class=\"wpbs-legend-item-icon-color\" ><\/div><\/div><div class=\"wpbs-date-inner\"><span class=\"wpbs-date-number\">18<\/span><\/div><\/div><\/td><td><div class=\"wpbs-date wpbs-legend-item-73   wpbs-is-bookable \" data-year=\"2026\" data-month=\"5\" data-day=\"19\" data-price=\"0\" tabindex=\"0\"><div class=\"wpbs-legend-item-icon wpbs-legend-item-icon-73\" data-type=\"single\"><div class=\"wpbs-legend-item-icon-color\" ><\/div><div class=\"wpbs-legend-item-icon-color\" ><\/div><\/div><div class=\"wpbs-date-inner\"><span class=\"wpbs-date-number\">19<\/span><\/div><\/div><\/td><td><div class=\"wpbs-date wpbs-legend-item-73   wpbs-is-bookable \" data-year=\"2026\" data-month=\"5\" data-day=\"20\" data-price=\"0\" tabindex=\"0\"><div class=\"wpbs-legend-item-icon wpbs-legend-item-icon-73\" data-type=\"single\"><div class=\"wpbs-legend-item-icon-color\" ><\/div><div class=\"wpbs-legend-item-icon-color\" ><\/div><\/div><div class=\"wpbs-date-inner\"><span class=\"wpbs-date-number\">20<\/span><\/div><\/div><\/td><td><div class=\"wpbs-date wpbs-legend-item-73   wpbs-is-bookable \" data-year=\"2026\" data-month=\"5\" data-day=\"21\" data-price=\"0\" tabindex=\"0\"><div class=\"wpbs-legend-item-icon wpbs-legend-item-icon-73\" data-type=\"single\"><div class=\"wpbs-legend-item-icon-color\" ><\/div><div class=\"wpbs-legend-item-icon-color\" ><\/div><\/div><div class=\"wpbs-date-inner\"><span class=\"wpbs-date-number\">21<\/span><\/div><\/div><\/td><td><div class=\"wpbs-date wpbs-legend-item-73   wpbs-is-bookable \" data-year=\"2026\" data-month=\"5\" data-day=\"22\" data-price=\"0\" tabindex=\"0\"><div class=\"wpbs-legend-item-icon wpbs-legend-item-icon-73\" data-type=\"single\"><div class=\"wpbs-legend-item-icon-color\" ><\/div><div class=\"wpbs-legend-item-icon-color\" ><\/div><\/div><div class=\"wpbs-date-inner\"><span class=\"wpbs-date-number\">22<\/span><\/div><\/div><\/td><td><div class=\"wpbs-date wpbs-legend-item-73   wpbs-is-bookable \" data-year=\"2026\" data-month=\"5\" data-day=\"23\" data-price=\"0\" tabindex=\"0\"><div class=\"wpbs-legend-item-icon wpbs-legend-item-icon-73\" data-type=\"single\"><div class=\"wpbs-legend-item-icon-color\" ><\/div><div class=\"wpbs-legend-item-icon-color\" ><\/div><\/div><div class=\"wpbs-date-inner\"><span class=\"wpbs-date-number\">23<\/span><\/div><\/div><\/td><td><div class=\"wpbs-date wpbs-legend-item-73   wpbs-is-bookable \" data-year=\"2026\" data-month=\"5\" data-day=\"24\" data-price=\"0\" tabindex=\"0\"><div class=\"wpbs-legend-item-icon wpbs-legend-item-icon-73\" data-type=\"single\"><div class=\"wpbs-legend-item-icon-color\" ><\/div><div class=\"wpbs-legend-item-icon-color\" ><\/div><\/div><div class=\"wpbs-date-inner\"><span class=\"wpbs-date-number\">24<\/span><\/div><\/div><\/td><\/tr><tr><td><div class=\"wpbs-date wpbs-legend-item-73   wpbs-is-bookable \" data-year=\"2026\" data-month=\"5\" data-day=\"25\" data-price=\"0\" tabindex=\"0\"><div class=\"wpbs-legend-item-icon wpbs-legend-item-icon-73\" data-type=\"single\"><div class=\"wpbs-legend-item-icon-color\" ><\/div><div class=\"wpbs-legend-item-icon-color\" ><\/div><\/div><div class=\"wpbs-date-inner\"><span class=\"wpbs-date-number\">25<\/span><\/div><\/div><\/td><td><div class=\"wpbs-date wpbs-legend-item-73   wpbs-is-bookable \" data-year=\"2026\" data-month=\"5\" data-day=\"26\" data-price=\"0\" tabindex=\"0\"><div class=\"wpbs-legend-item-icon wpbs-legend-item-icon-73\" data-type=\"single\"><div class=\"wpbs-legend-item-icon-color\" ><\/div><div class=\"wpbs-legend-item-icon-color\" ><\/div><\/div><div class=\"wpbs-date-inner\"><span class=\"wpbs-date-number\">26<\/span><\/div><\/div><\/td><td><div class=\"wpbs-date wpbs-legend-item-73   wpbs-is-bookable \" data-year=\"2026\" data-month=\"5\" data-day=\"27\" data-price=\"0\" tabindex=\"0\"><div class=\"wpbs-legend-item-icon wpbs-legend-item-icon-73\" data-type=\"single\"><div class=\"wpbs-legend-item-icon-color\" ><\/div><div class=\"wpbs-legend-item-icon-color\" ><\/div><\/div><div class=\"wpbs-date-inner\"><span class=\"wpbs-date-number\">27<\/span><\/div><\/div><\/td><td><div class=\"wpbs-date wpbs-legend-item-73   wpbs-is-bookable \" data-year=\"2026\" data-month=\"5\" data-day=\"28\" data-price=\"0\" tabindex=\"0\"><div class=\"wpbs-legend-item-icon wpbs-legend-item-icon-73\" data-type=\"single\"><div class=\"wpbs-legend-item-icon-color\" ><\/div><div class=\"wpbs-legend-item-icon-color\" ><\/div><\/div><div class=\"wpbs-date-inner\"><span class=\"wpbs-date-number\">28<\/span><\/div><\/div><\/td><td><div class=\"wpbs-date wpbs-legend-item-73   wpbs-is-bookable \" data-year=\"2026\" data-month=\"5\" data-day=\"29\" data-price=\"0\" tabindex=\"0\"><div class=\"wpbs-legend-item-icon wpbs-legend-item-icon-73\" data-type=\"single\"><div class=\"wpbs-legend-item-icon-color\" ><\/div><div class=\"wpbs-legend-item-icon-color\" ><\/div><\/div><div class=\"wpbs-date-inner\"><span class=\"wpbs-date-number\">29<\/span><\/div><\/div><\/td><td><div class=\"wpbs-date wpbs-legend-item-73   wpbs-is-bookable \" data-year=\"2026\" data-month=\"5\" data-day=\"30\" data-price=\"0\" tabindex=\"0\"><div class=\"wpbs-legend-item-icon wpbs-legend-item-icon-73\" data-type=\"single\"><div class=\"wpbs-legend-item-icon-color\" ><\/div><div class=\"wpbs-legend-item-icon-color\" ><\/div><\/div><div class=\"wpbs-date-inner\"><span class=\"wpbs-date-number\">30<\/span><\/div><\/div><\/td><td><div class=\"wpbs-date wpbs-legend-item-73   wpbs-is-bookable \" data-year=\"2026\" data-month=\"5\" data-day=\"31\" data-price=\"0\" tabindex=\"0\"><div class=\"wpbs-legend-item-icon wpbs-legend-item-icon-73\" data-type=\"single\"><div class=\"wpbs-legend-item-icon-color\" ><\/div><div class=\"wpbs-legend-item-icon-color\" ><\/div><\/div><div class=\"wpbs-date-inner\"><span class=\"wpbs-date-number\">31<\/span><\/div><\/div><\/td><\/tr><\/tbody><\/table><\/div><\/div><\/div><\/div><style>.wpbs-container.wpbs-calendar-19 .wpbs-legend-item-icon-73 div:first-of-type { background-color: #ddffcc !important; }.wpbs-container.wpbs-calendar-19 .wpbs-legend-item-icon-73 div:nth-of-type(2) { background-color: transparent !important; }.wpbs-container.wpbs-calendar-19 .wpbs-legend-item-icon-73 div:first-of-type svg { fill: #ddffcc !important; }.wpbs-container.wpbs-calendar-19 .wpbs-legend-item-icon-73 div:nth-of-type(2) svg { fill: transparent !important; }.wpbs-ical-changeover .wpbs-legend-item-icon:after {background-color: #ddffcc;}.wpbs-container.wpbs-calendar-19 .wpbs-legend-item-icon-74 div:first-of-type { background-color: #ffc0bd !important; }.wpbs-container.wpbs-calendar-19 .wpbs-legend-item-icon-74 div:nth-of-type(2) { background-color: transparent !important; }.wpbs-container.wpbs-calendar-19 .wpbs-legend-item-icon-74 div:first-of-type svg { fill: #ffc0bd !important; }.wpbs-container.wpbs-calendar-19 .wpbs-legend-item-icon-74 div:nth-of-type(2) svg { fill: transparent !important; }.wpbs-container.wpbs-calendar-19 .wpbs-legend-item-icon-75 div:first-of-type { background-color: #ddffcc !important; }.wpbs-container.wpbs-calendar-19 .wpbs-legend-item-icon-75 div:nth-of-type(2) { background-color: #ffc0bd !important; }.wpbs-container.wpbs-calendar-19 .wpbs-legend-item-icon-75 div:first-of-type svg { fill: #ddffcc !important; }.wpbs-container.wpbs-calendar-19 .wpbs-legend-item-icon-75 div:nth-of-type(2) svg { fill: #ffc0bd !important; }.wpbs-container.wpbs-calendar-19 .wpbs-legend-item-icon-76 div:first-of-type { background-color: #ffc0bd !important; }.wpbs-container.wpbs-calendar-19 .wpbs-legend-item-icon-76 div:nth-of-type(2) { background-color: #ddffcc !important; }.wpbs-container.wpbs-calendar-19 .wpbs-legend-item-icon-76 div:first-of-type svg { fill: #ffc0bd !important; }.wpbs-container.wpbs-calendar-19 .wpbs-legend-item-icon-76 div:nth-of-type(2) svg { fill: #ddffcc !important; }.wpbs-container.wpbs-calendar-19 .wpbs-legend-item-icon-today div:first-of-type { background-color: rgba( 33,150,243, .9 ) !important; }.wpbs-container.wpbs-calendar-19 .wpbs-legend-item-icon-0 div:first-of-type { background-color: #e1e1e1 !important; }.wpbs-main-wrapper:not(.wpbs-main-wrapper-form-0) .wpbs-enable-hover .wpbs-is-bookable:hover:not(.wpbs-selected-first):not(.wpbs-selected-last) .wpbs-legend-item-icon div:first-of-type, .wpbs-main-wrapper:not(.wpbs-main-wrapper-form-0) .wpbs-date-hover:not(.wpbs-selected-first):not(.wpbs-selected-last) .wpbs-legend-item-icon div:first-of-type, .wpbs-main-wrapper:not(.wpbs-main-wrapper-form-0) .wpbs-date-hover.wpbs-selected-first.wpbs-selected-last .wpbs-legend-item-icon div:first-of-type { background-color: #7bb9e4 !important; }.wpbs-main-wrapper:not(.wpbs-main-wrapper-form-0) .wpbs-enable-hover .wpbs-is-bookable:hover:not(.wpbs-selected-first):not(.wpbs-selected-last) .wpbs-legend-item-icon[data-type=\"split\"] div svg, .wpbs-main-wrapper:not(.wpbs-main-wrapper-form-0) .wpbs-date-hover:not(.wpbs-selected-first):not(.wpbs-selected-last) .wpbs-legend-item-icon[data-type=\"split\"] div svg, .wpbs-main-wrapper:not(.wpbs-main-wrapper-form-0) .wpbs-legend-item-icon .wpbs-legend-icon-select svg { fill: #7bb9e4 !important; }.wpbs-main-wrapper:not(.wpbs-main-wrapper-form-0) .wpbs-date-selected:not(.wpbs-selected-first):not(.wpbs-selected-last) .wpbs-legend-item-icon div:first-of-type, .wpbs-main-wrapper:not(.wpbs-main-wrapper-form-0) .wpbs-date-selected.wpbs-selected-first.wpbs-selected-last .wpbs-legend-item-icon div:first-of-type, .wpbs-main-wrapper:not(.wpbs-main-wrapper-form-0) .wpbs-enable-hover .wpbs-date-selected:hover:not(.wpbs-selected-first):not(.wpbs-selected-last) .wpbs-legend-item-icon div:first-of-type { background-color: #5aa7dd !important; }.wpbs-main-wrapper:not(.wpbs-main-wrapper-form-0) .wpbs-date-selected:not(.wpbs-selected-first):not(.wpbs-selected-last) .wpbs-legend-item-icon[data-type=\"split\"] div svg, .wpbs-main-wrapper:not(.wpbs-main-wrapper-form-0) .wpbs-enable-hover .wpbs-date-selected:hover:not(.wpbs-selected-first):not(.wpbs-selected-last) .wpbs-legend-item-icon[data-type=\"split\"] div svg, .wpbs-main-wrapper:not(.wpbs-main-wrapper-form-0) .wpbs-date-selected .wpbs-legend-item-icon .wpbs-legend-icon-select svg { fill: #5aa7dd !important; }.wpbs-date-today:not(.wpbs-date-hover):not(.wpbs-date-selected) .wpbs-legend-item-icon {border: 4px solid #7bb9e4 !important;}<\/style><div class=\"wpbs-container-loaded\" data-just-loaded=\"1\"><\/div><\/div><span class=\"wpbs-visually-hidden\" id=\"wpbs-booking-form-end\"><\/span><\/div><\/div>\n<h3>Detalles de Men\u00e9ndez Pelayo &#8211; Ibiza<\/h3>\n<ul>\n<li>\n<p>        <img decoding=\"async\" src=\"\/wp-content\/uploads\/cta-icon.svg\" alt=\"Dormitorios alquiler Tetu\u00e1n\"><\/p>\n<p>45 m\u00b2<\/p>\n<\/li>\n<li>\n<p>        <img decoding=\"async\" src=\"\/wp-content\/uploads\/icon-guests.svg\" alt=\"4 Personas\"><\/p>\n<p>4 Personas<\/p>\n<\/li>\n<li>\n<p>        <img decoding=\"async\" src=\"\/wp-content\/uploads\/yootheme\/icon-floorplan.svg\" alt=\"2 Habitaciones\"><\/p>\n<p>2 Habitaciones<\/p>\n<\/li>\n<li>\n<p>        <img decoding=\"async\" src=\"\/wp-content\/uploads\/icon-bathtub.svg\" alt=\"1 Ba\u00f1o\"><\/p>\n<p>1 Ba\u00f1o<\/p>\n<\/li>\n<\/ul>\n<div>\n<p>    <img decoding=\"async\" src=\"\/wp-content\/uploads\/2025\/05\/precio-de-la-vivienda.webp\" alt=\"Precio mes\"><\/p>\n<div>2,000 \u20ac<\/div>\n<p>Precio mes<\/p>\n<\/div>\n<ul>\n<li>\n<p>\n        <a href=\"\/wp-content\/uploads\/2026\/03\/Menendez-Pelayo-2026.pdf\"><span class=\"uk-margin-small-right\"><img decoding=\"async\" alt src=\"https:\/\/globalhp.es\/wp-content\/uploads\/2025\/05\/condiciones-de-contrato.png\" loading=\"lazy\"><\/span>Condiciones<\/a>\n    <\/p>\n<\/li>\n<li>\n<p>\n        <a href=\"tel:+34630884771\">Contacto<\/a>\n    <\/p>\n<\/li>\n<li>\n<p>\n        <a href=\"mailto:mlosa@globalhp.es\">Mail<\/a>\n    <\/p>\n<\/li>\n<\/ul>\n<h2>Reserva tu apartamento en Men\u00e9ndez Pelayo<\/h2>\n<div>Apartamento en Men\u00e9ndez Pelayo \/ Barrio Ibiza &#8211; Madrid<\/div>\n<table>\n<tbody>\n<tr>\n<td>\n        <img decoding=\"async\" src=\"\/wp-content\/uploads\/2026\/01\/Vivienda-Menendez-Pelayo-3.webp\" alt=\"Men\u00e9ndez Pelayo 55\">\n    <\/td>\n<td>Men\u00e9ndez Pelayo<\/td>\n<td>x4\ud83e\uddcd<\/td>\n<td>\n<div class=\"info-container uk-flex uk-flex-between uk-flex-middle\">\n<div class=\"info-text\">\n<div class=\"uk-flex uk-flex-middle uk-margin-small\"><img decoding=\"async\" src=\"https:\/\/globalhp.es\/wp-content\/uploads\/yootheme\/icon-floorplan.svg\" width=\"20\" height=\"20\" alt=\"145m\u00b2\" loading=\"lazy\" style=\"margin-right: 8px;\" \/> <span style=\"font-family: 'Roboto', sans-serif;\">45 m\u00b2<\/span><\/div>\n<div class=\"uk-flex uk-flex-middle uk-margin-small\"><img decoding=\"async\" src=\"https:\/\/globalhp.es\/wp-content\/uploads\/icon-wifi.svg\" width=\"20\" height=\"20\" alt=\"Wifi\" loading=\"lazy\" style=\"margin-right: 8px;\" \/> <span style=\"font-family: 'Roboto', sans-serif;\">Wifi<\/span><\/div>\n<div class=\"uk-flex uk-flex-middle uk-margin-small\"><img decoding=\"async\" src=\"https:\/\/globalhp.es\/wp-content\/uploads\/icon-air-conditioning.svg\" width=\"20\" height=\"20\" alt=\"Aire Acondicionado\" loading=\"lazy\" style=\"margin-right: 8px;\" \/> <span style=\"font-family: 'Roboto', sans-serif;\">Aire Acondicionado<\/span><\/div>\n<div class=\"uk-flex uk-flex-middle uk-margin-small\"><img decoding=\"async\" src=\"https:\/\/globalhp.es\/wp-content\/uploads\/yootheme\/icon-bathtub.svg\" width=\"20\" height=\"20\" alt=\"Ba\u00f1o\" loading=\"lazy\" style=\"margin-right: 8px;\" \/> <span style=\"font-family: 'Roboto', sans-serif;\">1 Ba\u00f1o<\/span><\/div>\n<div class=\"uk-flex uk-flex-middle uk-margin-small\"><img decoding=\"async\" src=\"https:\/\/globalhp.es\/wp-content\/uploads\/icon-kitchen.svg\" width=\"20\" height=\"20\" alt=\"Cocina\" loading=\"lazy\" style=\"margin-right: 8px;\" \/> <span style=\"font-family: 'Roboto', sans-serif;\">Cocina completa<\/span><\/div>\n<div class=\"uk-flex uk-flex-middle uk-margin-small\"><img decoding=\"async\" src=\"https:\/\/globalhp.es\/wp-content\/uploads\/icon-double-bed.svg\" width=\"20\" height=\"20\" alt=\"ba\u00f1o\" loading=\"lazy\" style=\"margin-right: 8px;\" \/> <span style=\"font-family: 'Roboto', sans-serif;\">2 cama 150&#215;190 <\/span><\/div>\n<\/div>\n<div class=\"boton-gallery\"><a class=\"el-content uk-button uk-button-text\" href=\"#modal-ocana-1\" uk-toggle=\"\"> Ver vivienda <\/a><\/div>\n<\/div>\n<div id=\"modal-ocana-1\" class=\"uk-flex-top\" uk-modal=\"\">\n<div class=\"uk-modal-dialog uk-modal-container\" style=\"background-color: #d0d3d7;\"><button class=\"uk-modal-close-outside\" type=\"button\" uk-close=\"\"><\/button><\/p>\n<div class=\"uk-position-relative uk-visible-toggle uk-light\" uk-slider=\"center: true\" tabindex=\"-1\">\n<ul class=\"uk-slider-items uk-grid uk-grid-match\" uk-height-viewport=\"offset-top: true; offset-bottom: 30\">\n<li class=\"uk-width-4-5\">\n<div class=\"uk-cover-container\"><img decoding=\"async\" src=\"https:\/\/globalhp.es\/wp-content\/uploads\/2026\/01\/Vivienda-Menendez-Pelayo-7.webp\" alt=\"Foto 1 de Men\u00e9ndez Pelayo\" uk-cover=\"\" \/><\/div>\n<\/li>\n<li class=\"uk-width-4-5\">\n<div class=\"uk-cover-container\"><img decoding=\"async\" src=\"https:\/\/globalhp.es\/wp-content\/uploads\/2026\/01\/Vivienda-Menendez-Pelayo-1.webp\" alt=\"Foto 2 de Men\u00e9ndez Pelayo\" uk-cover=\"\" \/><\/div>\n<\/li>\n<li class=\"uk-width-4-5\">\n<div class=\"uk-cover-container\"><img decoding=\"async\" src=\"https:\/\/globalhp.es\/wp-content\/uploads\/2026\/01\/Vivienda-Menendez-Pelayo-3.webp\" alt=\"Ba\u00f1o de Men\u00e9ndez Pelayo\" uk-cover=\"\" \/><\/div>\n<\/li>\n<li class=\"uk-width-4-5\">\n<div class=\"uk-cover-container\"><img decoding=\"async\" src=\"https:\/\/globalhp.es\/wp-content\/uploads\/2026\/01\/Vivienda-Menendez-Pelayo-19.webp\" alt=\"Cocina 6 de Men\u00e9ndez Pelayo\" uk-cover=\"\" \/><\/div>\n<\/li>\n<li class=\"uk-width-4-5\">\n<div class=\"uk-cover-container\"><img decoding=\"async\" src=\"https:\/\/globalhp.es\/wp-content\/uploads\/2026\/01\/Vivienda-Menendez-Pelayo-20.webp\" alt=\"Vivienda en Alquiler de Men\u00e9ndez Pelayo\" uk-cover=\"\" \/><\/div>\n<\/li>\n<\/ul>\n<p><a class=\"uk-position-center-left uk-position-small uk-hidden-hover\" href=\"#\" uk-slidenav-previous=\"\" uk-slider-item=\"previous\"><\/a> <a class=\"uk-position-center-right uk-position-small uk-hidden-hover\" href=\"#\" uk-slidenav-next=\"\" uk-slider-item=\"next\"><\/a><\/div>\n<\/div>\n<\/td>\n<td>\n        <a href=\"tel:+34630884771\">Contacto<\/a>\n    <\/td>\n<\/tr>\n<\/tbody>\n<\/table>\n<h2>\u00a1Descubre tu nuevo hogar frente al Retiro!<\/h2>\n<div>\n<p>Con una superficie de <strong>45 m\u00b2<\/strong>, este espacio ha sido completamente reformado y amueblado con un estilo moderno y acogedor. Perfecto para disfrutar de la vida en la ciudad, cuenta con una habitaci\u00f3n individual y un sal\u00f3n convertible en una segunda habitaci\u00f3n, disponiendo as\u00ed de espacios vers\u00e1tiles que ampl\u00edan las posibilidades de uso de este moderno apartamento.<\/p>\n<p>El mobiliario ha sido desarrollado por un equipo de dise\u00f1adores interioristas, incorporando un novedoso y c\u00f3modo <strong>sistema de camas abatibles<\/strong> que ofrece a cada espacio la posibilidad de transformarlo en una zona de descanso (dormitorio tradicional) o en un espacio destinado al estudio y el ocio.<\/p>\n<p>Las 2 habitaciones disponen de c\u00f3modas camas de 150 cm con colchones viscoel\u00e1sticos de muelles ensacados de m\u00e1xima calidad, armarios empotrados y est\u00e1n equipadas con <strong>televisores de 55\u201d<\/strong>, asegurando el descanso y el entretenimiento en cada rinc\u00f3n.<\/p>\n<p>La cocina est\u00e1 equipada con electrodom\u00e9sticos de \u00faltima generaci\u00f3n y menaje completo, lista para preparar deliciosas comidas en el horno-microondas y en la airfryer. Adem\u00e1s, el amplio ba\u00f1o cuenta con un plato de ducha y mampara, brindando comodidad y funcionalidad. Dispone de calefacci\u00f3n por radiadores, aire acondicionado y ventiladores en todas las estancias; la climatizaci\u00f3n est\u00e1 garantizada durante todo el a\u00f1o.<\/p>\n<h3>Ubicaci\u00f3n y Conectividad<\/h3>\n<p>Ubicado en una primera planta, este piso se encuentra al lado del <strong>Hospital Ni\u00f1o Jes\u00fas<\/strong> y justo enfrente al hermoso <strong>parque Retiro<\/strong>, un lugar perfecto para pasear y disfrutar de la naturaleza y el deporte. La estaci\u00f3n de metro Ibiza se encuentra a solo 50 metros, facilitando el acceso a toda la ciudad. Tambi\u00e9n hay diversas l\u00edneas de autob\u00fas cercanas (20, 26, 63, 152, C1 y C2), lo que hace que moverse sea muy sencillo.<\/p>\n<p>Este alquiler temporal incluye gastos de comunidad, seguro de hogar y mantenimiento anual de las instalaciones.<\/p>\n<blockquote><p>\u00a1No pierdas la oportunidad de vivir en este maravilloso piso que combina confort y ubicaci\u00f3n!<\/p><\/blockquote>\n<hr \/>\n<h3>A DESTACAR:<\/h3>\n<ul>\n<li>Completamente reformado, amueblado y equipado.<\/li>\n<li>2 c\u00f3modas camas de 150&#215;190 cm con colchones viscoel\u00e1sticos de muelles ensacados.<\/li>\n<li>Calefacci\u00f3n por radiadores.<\/li>\n<li>Aire acondicionado en toda la casa.<\/li>\n<li>Televisiones de pantalla plana de 55&#8243; en todas las estancias con conexi\u00f3n a Internet.<\/li>\n<li>Ventiladores en todas las habitaciones.<\/li>\n<li>Fibra sim\u00e9trica de 1 GB.<\/li>\n<\/ul>\n<h3>INCLUYE:<\/h3>\n<ul>\n<li>Gastos de comunidad de vecinos.<\/li>\n<li>Seguro de hogar.<\/li>\n<li>Mantenimiento anual de las instalaciones de aire acondicionado y caldera.<\/li>\n<\/ul>\n<\/div>\n<h2>Demostraci\u00f3n de funcionalidad<\/h2>\n<h3>Apertura cama<\/h3>\n<p><a href=\"https:\/\/www.youtube.com\/shorts\/e6FB3lpadig\"><img decoding=\"async\" src=\"\/wp-content\/uploads\/2026\/01\/Vivienda-Menendez-Pelayo-7.webp\" alt=\"Vivienda de alquiler Men\u00e9ndez Pelayo\"><\/a><br \/>\n<img decoding=\"async\" src=\"\/wp-content\/uploads\/icon-play.svg\" alt=\"Play\"><\/p>\n<h3>Cierre cama<\/h3>\n<p><a href=\"https:\/\/www.youtube.com\/shorts\/Fvqz-E3jxLo\"><img decoding=\"async\" src=\"\/wp-content\/uploads\/2026\/02\/Habitacion-principal-sin-cama.webp\" alt=\"Habitaci\u00f3n principal sin cama\"><\/a><br \/>\n<img decoding=\"async\" src=\"\/wp-content\/uploads\/icon-play.svg\" alt=\"Play\"><\/p>\n<h2>Especificaciones de la vivienda<\/h2>\n<div>\n<p>\u00a1Muy buenos servicios! Puntuaci\u00f3n: <span class=\"uk-text-primary\"><strong>10<\/strong> \u2b50<\/span><\/p>\n<\/div>\n<ul>\n<li>\n<p>        <img decoding=\"async\" src=\"\/wp-content\/uploads\/cta-icon.svg\" alt=\"Dormitorios alquiler Caliza\"><\/p>\n<p>45 m\u00b2<\/p>\n<\/li>\n<li>\n<p>        <img decoding=\"async\" src=\"\/wp-content\/uploads\/icon-guests.svg\" alt=\"6 Personas\"><\/p>\n<p>4 Personas<\/p>\n<\/li>\n<li>\n<p>        <img decoding=\"async\" src=\"\/wp-content\/uploads\/yootheme\/icon-floorplan.svg\" alt=\"4 Habitaciones\"><\/p>\n<p>2 Habitaciones<\/p>\n<\/li>\n<li>\n<p>        <img decoding=\"async\" src=\"\/wp-content\/uploads\/icon-bathtub.svg\" alt=\"4 Habitaciones\"><\/p>\n<p>1 Ba\u00f1os<\/p>\n<\/li>\n<\/ul>\n<ul>\n<li>\n<p>        <img decoding=\"async\" src=\"\/wp-content\/uploads\/icon-kitchen.svg\" alt=\"Cocina\"><\/p>\n<div>\n<p>Cocina completa<\/p>\n<\/div>\n<\/li>\n<li>\n<p>        <img decoding=\"async\" src=\"\/wp-content\/uploads\/yootheme\/icon-wifi.svg\" alt=\"WiFi\"><\/p>\n<div>\n<p>WiFi &#038; Fibra 1 GB<\/p>\n<\/div>\n<\/li>\n<li>\n<p>        <img decoding=\"async\" src=\"\/wp-content\/uploads\/2025\/07\/microondas-cocina.webp\" alt=\"Microondas\"><\/p>\n<div>Microondas<\/div>\n<\/li>\n<li>\n<p>        <img decoding=\"async\" src=\"\/wp-content\/uploads\/icon-washing-machine.svg\" alt=\"Lavadora\"><\/p>\n<div>\n<p>Lavadora<\/p>\n<\/div>\n<\/li>\n<li>\n<p>        <img decoding=\"async\" src=\"\/wp-content\/uploads\/yootheme\/icon-sauna.svg\" alt=\"Calefacci\u00f3n\"><\/p>\n<div>Calefacci\u00f3n<\/div>\n<\/li>\n<li>\n<p>        <img decoding=\"async\" src=\"\/wp-content\/uploads\/yootheme\/icon-tv.svg\" alt=\"TV\"><\/p>\n<div>TV 55&#8243; plana<\/div>\n<\/li>\n<li>\n<p>        <img decoding=\"async\" src=\"\/wp-content\/uploads\/icon-shower.svg\" alt=\"Ducha\"><\/p>\n<div>Ducha<\/div>\n<\/li>\n<li>\n<p>        <img decoding=\"async\" src=\"\/wp-content\/uploads\/2025\/07\/Hornos.png\" alt=\"Horno\"><\/p>\n<div>Horno<\/div>\n<\/li>\n<li>\n<p>        <img decoding=\"async\" src=\"\/wp-content\/uploads\/2025\/07\/aislamientoss.webp\" alt=\"Aislamientos\"><\/p>\n<div>Aislamientos<\/div>\n<\/li>\n<li>\n<p>        <img decoding=\"async\" src=\"\/wp-content\/uploads\/icon-air-conditioning.svg\" alt=\"Aire acondicionado\"><\/p>\n<div>\n<p>Aire acondicionado<\/p>\n<\/div>\n<\/li>\n<\/ul>\n<h2>Preguntas frecuentes<\/h2>\n<ul>\n<li>\n<h3>\u00bfHay parking?<\/h3>\n<div>Men\u00e9ndez Pelayo no dispone de una plaza de aparcamiento.<\/div>\n<\/li>\n<li>\n<h3>\u00bfSe sirven desayunos?<\/h3>\n<div>No hay opciones de desayuno disponibles.<\/div>\n<\/li>\n<li>\n<h3>\u00bfHay restaurante?<\/h3>\n<div>No hay restaurante.<\/div>\n<\/li>\n<\/ul>\n<hr>\n<ul>\n<li>\n<h3>\u00bfPuedo llevar a mi mascota?<\/h3>\n<div>\n<p>Men\u00e9ndez Pelayo no admite mascotas.<\/p>\n<\/div>\n<\/li>\n<li>\n<h3>\u00bfCu\u00e1nto cuesta alojarse en Men\u00e9ndez Pelayo?<\/h3>\n<div>\n<p>Los precios varian en funci\u00f3n de la estancia (fechas, condiciones del apartamento, etc.).<\/p>\n<\/div>\n<\/li>\n<\/ul>\n<h3>Normas de la vivienda<\/h3>\n<div>\n<p>    <img decoding=\"async\" src=\"\/wp-content\/uploads\/2025\/07\/check-in.png\" alt=\"Check-in\"><\/p>\n<div>Entrada<\/div>\n<\/div>\n<div>\n<h3>Te recibiremos personalmente<\/h3>\n<div>Tienes que decirnos con antelaci\u00f3n a qu\u00e9 hora vas a llegar.<\/div>\n<\/div>\n<hr>\n<div>\n<p>    <img decoding=\"async\" src=\"\/wp-content\/uploads\/2025\/07\/salida.png\" alt=\"Check-out\"><\/p>\n<div>Salida<\/div>\n<\/div>\n<div>\n<h3>Salida a las 11:00<\/h3>\n<\/div>\n<hr>\n<div>\n<p>    <img decoding=\"async\" src=\"\/wp-content\/uploads\/2025\/07\/Condiciones-sobre-danos.png\" alt=\"Condiciones sobre da\u00f1os\"><\/p>\n<div>Condiciones sobre da\u00f1os en el alojamiento<\/div>\n<\/div>\n<div>\n<h3>Garant\u00edas<\/h3>\n<div>En contratos personales seg\u00fan normativa se solicita 1 mes de fianza.<\/div>\n<\/div>\n<hr>\n<div>\n<p>    <img decoding=\"async\" src=\"\/wp-content\/uploads\/2025\/07\/no-fumar.png\" alt=\"Prohibido fumar\"><\/p>\n<div>No fumadores<\/div>\n<\/div>\n<div>\n<h3>No se puede fumar<\/h3>\n<\/div>\n<hr>\n<div>\n<p>    <img decoding=\"async\" src=\"\/wp-content\/uploads\/2025\/07\/fiestas.png\" alt=\"prohibido Fiestas\"><\/p>\n<div>Fiestas<\/div>\n<\/div>\n<div>\n<h3>No se pueden celebrar fiestas\/eventos<\/h3>\n<\/div>\n<hr>\n<div>\n<p>    <img decoding=\"async\" src=\"\/wp-content\/uploads\/2025\/07\/despertador.png\" alt=\"Prohibido ruido\"><\/p>\n<div>Horario sin ruido<\/div>\n<\/div>\n<div>\n<h3>Los clientes deben minimizar el ruido de 22:00 a 8:00<\/h3>\n<\/div>\n<hr>\n<div>\n<p>    <img decoding=\"async\" src=\"\/wp-content\/uploads\/2025\/07\/prohibido-mascotas.png\" alt=\"Prohibido mascotas\"><\/p>\n<div>Mascotas<\/div>\n<\/div>\n<div>\n<h3>No se admiten mascotas<\/h3>\n<\/div>\n<h3>Empresa<\/h3>\n<div>\n<p>        <img decoding=\"async\" src=\"\/wp-content\/uploads\/2020\/12\/Host-Global-Homes.webp\" alt=\"Global Homes Caliza\"><\/p>\n<h4>Global Homes<\/h4>\n<div>Global Homes empresa de alquiler de viviendas en Madrid<\/div>\n<p><a href=\"\/nosotros\/\"><\/a><\/p>\n<\/div>\n<h2>En el mapa encontrar\u00e1s lugares de inter\u00e9s recomendados<\/h2>\n<div>\n<p>40.4162804089728,-3.677762502967167<\/p>\n<p><img decoding=\"async\" src=\"\/wp-content\/uploads\/2026\/01\/Vivienda-Menendez-Pelayo-1.webp\" alt=\"Alquiler vivienda Men\u00e9ndez Pelayo\"><\/p>\n<h3>Men\u00e9ndez Pelayo<\/h3>\n<\/div>\n<h3>Empresa<\/h3>\n<div>\n<p>        <img decoding=\"async\" src=\"\/wp-content\/uploads\/2025\/01\/cropped-GHP_Logo_Homes_Favicon.png\" alt=\"\"><\/p>\n<h4>Global Homes<\/h4>\n<div>Global Homes empresa de alquiler de viviendas en Madrid.<\/div>\n<\/div>\n<p><!--more--><br \/>\n<!-- {\"type\":\"layout\",\"children\":[{\"type\":\"section\",\"props\":{\"html_element\":\"header\",\"image_position\":\"center-center\",\"padding_bottom\":\"large\",\"padding_top\":\"large\",\"style\":\"default\",\"title_breakpoint\":\"xl\",\"title_position\":\"top-left\",\"title_rotation\":\"left\",\"vertical_align\":\"\",\"width\":\"large\"},\"children\":[{\"type\":\"row\",\"children\":[{\"type\":\"column\",\"props\":{\"image_position\":\"center-center\",\"position_sticky_breakpoint\":\"m\",\"width_medium\":\"4-5\"},\"children\":[{\"type\":\"headline\",\"props\":{\"content\":\"Vivienda en Alquiler <br \/> Men\u00e9ndez Pelayo\",\"image_align\":\"left\",\"image_margin\":\"xsmall\",\"text_align\":\"left\",\"title_element\":\"h1\",\"title_style\":\"heading-small\"}},{\"type\":\"list\",\"props\":{\"column_breakpoint\":\"m\",\"image_align\":\"left\",\"image_svg_color\":\"emphasis\",\"image_vertical_align\":true,\"list_element\":\"ul\",\"list_horizontal_separator\":\", \",\"list_type\":\"vertical\",\"show_image\":true,\"show_link\":true},\"children\":[{\"type\":\"list_item\",\"props\":{\"content\":\"<span class=\\\"uk-text-primary\\\"><strong>Valoraci\u00f3n 9.7 \u2b50 <\/strong><\/span>\"}},{\"type\":\"list_item\",\"props\":{\"content\":\"<strong>Avenida de Men\u00e9ndez Pelayo, Ibiza, 28009 Madrid<\/strong> | <strong><span class=\\\"uk-text-success\\\">Excelente ubicaci\u00f3n<\/span><\/strong> centro de Madrid\",\"icon\":\"location\"}}]},{\"type\":\"subnav\",\"props\":{\"margin_bottom\":\"medium\",\"margin_top\":\"medium\",\"show_image\":true,\"subnav_style\":\"pill\",\"text_align\":\"left\",\"visibility\":\"m\"},\"children\":[{\"type\":\"subnav_item\",\"props\":{\"content\":\"Vista General\",\"link\":\"#fotos Ciudad Lineal\"}},{\"type\":\"subnav_item\",\"props\":{\"content\":\"Plano\",\"link\":\"#Plano\"}},{\"type\":\"subnav_item\",\"props\":{\"content\":\"Servicios\",\"link\":\"#Servicios\"}},{\"type\":\"subnav_item\",\"props\":{\"content\":\"Reservas\",\"link\":\"#Reservas\"}},{\"type\":\"subnav_item\",\"props\":{\"content\":\"Normas\",\"link\":\"#normas\"}},{\"type\":\"subnav_item\",\"props\":{\"content\":\"Funcionalidad\",\"link\":\"#Funcionalidad\"}},{\"type\":\"subnav_item\",\"props\":{\"content\":\"Preguntas frecuentes\",\"link\":\"#Preguntas\"}}]}]},{\"type\":\"column\",\"props\":{\"html_element\":\"aside\",\"image_position\":\"center-center\",\"position_sticky_breakpoint\":\"m\",\"vertical_align\":\"bottom\",\"width_medium\":\"1-5\"},\"children\":[{\"type\":\"button\",\"props\":{\"button_size\":\"small\",\"grid_column_gap\":\"small\",\"grid_row_gap\":\"small\",\"margin_bottom\":\"default\",\"margin_top\":\"default\",\"visibility\":\"m\"},\"children\":[{\"type\":\"button_item\",\"props\":{\"button_style\":\"primary\",\"content\":\"Reserva el apartamento\",\"dialog_layout\":\"modal\",\"dialog_offcanvas_flip\":true,\"icon_align\":\"left\",\"link\":\"#Reservas\"}}]},{\"type\":\"icon\",\"props\":{\"attributes\":\"onclick=\\\"\\nevent.preventDefault();\\nif (navigator.share) {\\n  navigator.share({\\n    title: document.title,\\n    text: '\u00a1Echa un vistazo a esta vivienda!',\\n    url: window.location.href\\n  }).catch(console.error);\\n} else {\\n  alert('La funci\u00f3n de compartir no est\u00e1 disponible en este navegador o la p\u00e1gina no es segura (necesita HTTPS).');\\n}\\\"\",\"icon\":\"social\",\"icon_width\":\"40\",\"link\":\"https:\/\/api.whatsapp.com\/send?text=%C2%A1Echa%20un%20vistazo%20a%20esta%20vivienda!%20https%3A%2F%2Fglobalhp.es%2Fvivienda-en-tetuan%2F\",\"link_aria_label\":\"Compartir\",\"link_style\":\"button\",\"margin_bottom\":\"default\",\"margin_top\":\"default\",\"visibility\":\"m\"}}]}],\"props\":{\"layout\":\"4-5,1-5\"}},{\"type\":\"row\",\"props\":{\"height_viewport\":110,\"html_element\":\"section\",\"layout\":\"3-5,2-5\",\"parallax\":false},\"children\":[{\"type\":\"column\",\"props\":{\"html_element\":\"article\",\"image_position\":\"center-center\",\"position_sticky_breakpoint\":\"m\",\"width_medium\":\"3-5\"},\"children\":[{\"type\":\"slideshow\",\"props\":{\"animation\":\"parallax\",\"container_padding_remove\":false,\"height_expand\":false,\"height_viewport\":\"viewport\",\"height_viewport_height\":60,\"height_viewport_offset\":true,\"id\":\"fotos Ciudad Lineal\",\"image_loading\":true,\"link_style\":\"default\",\"link_text\":\"\",\"margin_bottom\":\"default\",\"margin_top\":\"default\",\"meta_align\":\"above-title\",\"meta_color\":\"muted\",\"meta_element\":\"div\",\"meta_style\":\"h4\",\"nav\":\"thumbnav\",\"nav_align\":\"center\",\"nav_below\":false,\"nav_breakpoint\":\"\",\"nav_position\":\"bottom-center\",\"nav_position_margin\":\"medium\",\"nav_vertical\":false,\"overlay_animation\":\"parallax\",\"overlay_position\":\"center\",\"parallax_breakpoint\":\"m\",\"parallax_easing\":\"0\",\"parallax_y\":\"0,-50\",\"show_content\":false,\"show_link\":true,\"show_meta\":false,\"show_thumbnail\":true,\"show_title\":false,\"slidenav\":\"default\",\"slidenav_breakpoint\":\"m\",\"slidenav_hover\":false,\"slidenav_large\":true,\"slidenav_margin\":\"\",\"slidenav_outside_breakpoint\":\"xl\",\"slideshow_animation\":\"pull\",\"slideshow_autoplay_pause\":true,\"slideshow_min_height\":\"500\",\"slideshow_velocity\":\"1.5\",\"text_align\":\"center\",\"thumbnav_height\":\"100\",\"thumbnav_shrink\":true,\"thumbnav_svg_color\":\"emphasis\",\"thumbnav_width\":\"150\",\"title_element\":\"h2\",\"title_hover_style\":\"reset\",\"title_margin\":\"remove\",\"title_style\":\"heading-xlarge\"},\"children\":[{\"type\":\"slideshow_item\",\"props\":{\"content\":\"\",\"image\":\"wp-content\/uploads\/2026\/02\/Parque-del-retiro-Madrid.webp\",\"image_alt\":\"Parque del Retiro Madrid\",\"meta\":\"\",\"text_color\":\"light\",\"title\":\"\"}},{\"type\":\"slideshow_item\",\"props\":{\"content\":\"\",\"image\":\"wp-content\/uploads\/2026\/01\/Vivienda-Menendez-Pelayo-2.webp\",\"image_alt\":\"Alquiler vivienda Men\u00e9ndez Pelayo\",\"meta\":\"\",\"text_color\":\"light\",\"title\":\"\"}},{\"type\":\"slideshow_item\",\"props\":{\"content\":\"\",\"image\":\"wp-content\/uploads\/2026\/01\/Vivienda-Menendez-Pelayo-1.webp\",\"image_alt\":\"Alquiler vivienda Men\u00e9ndez Pelayo\",\"meta\":\"\",\"text_color\":\"light\",\"title\":\"\"}},{\"type\":\"slideshow_item\",\"props\":{\"content\":\"\",\"image\":\"wp-content\/uploads\/2026\/01\/Vivienda-Menendez-Pelayo-3.webp\",\"image_alt\":\"Alquiler vivienda Men\u00e9ndez Pelayo\",\"meta\":\"\",\"text_color\":\"light\",\"title\":\"\"}},{\"type\":\"slideshow_item\",\"props\":{\"content\":\"\",\"image\":\"wp-content\/uploads\/2026\/01\/Vivienda-Menendez-Pelayo-4.webp\",\"image_alt\":\"Alquiler vivienda Men\u00e9ndez Pelayo\",\"meta\":\"\",\"text_color\":\"light\",\"title\":\"\"}},{\"type\":\"slideshow_item\",\"props\":{\"content\":\"\",\"image\":\"wp-content\/uploads\/2026\/01\/Vivienda-Menendez-Pelayo-5.webp\",\"image_alt\":\"Alquiler vivienda Men\u00e9ndez Pelayo\",\"meta\":\"\",\"text_color\":\"light\",\"title\":\"\"}},{\"type\":\"slideshow_item\",\"props\":{\"content\":\"\",\"image\":\"wp-content\/uploads\/2026\/01\/Vivienda-Menendez-Pelayo-6.webp\",\"image_alt\":\"Alquiler vivienda Men\u00e9ndez Pelayo\",\"meta\":\"\",\"text_color\":\"light\",\"title\":\"\"}},{\"type\":\"slideshow_item\",\"props\":{\"content\":\"\",\"image\":\"wp-content\/uploads\/2026\/01\/Vivienda-Menendez-Pelayo-7.webp\",\"image_alt\":\"Alquiler vivienda Men\u00e9ndez Pelayo\",\"meta\":\"\",\"text_color\":\"light\",\"title\":\"\"}},{\"type\":\"slideshow_item\",\"props\":{\"content\":\"\",\"image\":\"wp-content\/uploads\/2026\/01\/Vivienda-Menendez-Pelayo-8.webp\",\"image_alt\":\"Alquiler vivienda Men\u00e9ndez Pelayo\",\"meta\":\"\",\"text_color\":\"light\",\"title\":\"\"}},{\"type\":\"slideshow_item\",\"props\":{\"content\":\"\",\"image\":\"wp-content\/uploads\/2026\/01\/Vivienda-Menendez-Pelayo-9.webp\",\"image_alt\":\"Vivienda Men\u00e9ndez Pelayo 9\",\"meta\":\"\",\"text_color\":\"light\",\"title\":\"\"}},{\"type\":\"slideshow_item\",\"props\":{\"content\":\"\",\"image\":\"wp-content\/uploads\/2026\/02\/Habitacion-principal.webp\",\"image_alt\":\"Habitaci\u00f3n principal\",\"meta\":\"\",\"text_color\":\"light\",\"title\":\"\"}},{\"type\":\"slideshow_item\",\"props\":{\"content\":\"\",\"image\":\"wp-content\/uploads\/2026\/02\/Habitacion-principal-sin-cama.webp\",\"image_alt\":\"Habitaci\u00f3n principal sin cama\",\"meta\":\"\",\"text_color\":\"light\",\"title\":\"\"}},{\"type\":\"slideshow_item\",\"props\":{\"content\":\"\",\"image\":\"wp-content\/uploads\/2026\/01\/Vivienda-Menendez-Pelayo-11.webp\",\"image_alt\":\"Vivienda Men\u00e9ndez Pelayo\",\"meta\":\"\",\"text_color\":\"light\",\"title\":\"\"}},{\"type\":\"slideshow_item\",\"props\":{\"content\":\"\",\"image\":\"wp-content\/uploads\/2026\/01\/Vivienda-Menendez-Pelayo-12.webp\",\"image_alt\":\"Vivienda Men\u00e9ndez Pelayo\",\"meta\":\"\",\"text_color\":\"light\",\"title\":\"\"}},{\"type\":\"slideshow_item\",\"props\":{\"content\":\"\",\"image\":\"wp-content\/uploads\/2026\/01\/Vivienda-Menendez-Pelayo-13.webp\",\"image_alt\":\"Vivienda Men\u00e9ndez Pelayo \",\"meta\":\"\",\"text_color\":\"light\",\"title\":\"\"}},{\"type\":\"slideshow_item\",\"props\":{\"content\":\"\",\"image\":\"wp-content\/uploads\/2026\/01\/Vivienda-Menendez-Pelayo-14.webp\",\"image_alt\":\"Vivienda en alquiler en Men\u00e9ndez Pelayo\",\"meta\":\"\",\"text_color\":\"light\",\"title\":\"\"}},{\"type\":\"slideshow_item\",\"props\":{\"content\":\"\",\"image\":\"wp-content\/uploads\/2026\/01\/Vivienda-Menendez-Pelayo-15.webp\",\"image_alt\":\"Vivienda en alquiler Men\u00e9ndez Pelayo\",\"meta\":\"\",\"text_color\":\"light\",\"title\":\"\"}},{\"type\":\"slideshow_item\",\"props\":{\"content\":\"\",\"image\":\"wp-content\/uploads\/2026\/01\/Vivienda-Menendez-Pelayo-16.webp\",\"image_alt\":\"Vivienda en alquiler Men\u00e9ndez Pelayo\",\"meta\":\"\",\"text_color\":\"light\",\"title\":\"\"}},{\"type\":\"slideshow_item\",\"props\":{\"content\":\"\",\"image\":\"wp-content\/uploads\/2026\/01\/Vivienda-Menendez-Pelayo-17.webp\",\"image_alt\":\"Vivienda en alquiler Men\u00e9ndez Pelayo\",\"meta\":\"\",\"text_color\":\"light\",\"title\":\"\"}},{\"type\":\"slideshow_item\",\"props\":{\"content\":\"\",\"image\":\"wp-content\/uploads\/2026\/01\/Vivienda-Menendez-Pelayo-18.webp\",\"image_alt\":\"Vivienda en alquiler Men\u00e9ndez Pelayo\",\"meta\":\"\",\"text_color\":\"light\",\"title\":\"\"}},{\"type\":\"slideshow_item\",\"props\":{\"content\":\"\",\"image\":\"wp-content\/uploads\/2026\/01\/Vivienda-Menendez-Pelayo-19.webp\",\"image_alt\":\"Vivienda en alquiler Men\u00e9ndez Pelayo\",\"meta\":\"\",\"text_color\":\"light\",\"title\":\"\"}},{\"type\":\"slideshow_item\",\"props\":{\"content\":\"\",\"image\":\"wp-content\/uploads\/2026\/01\/Vivienda-Menendez-Pelayo-20.webp\",\"image_alt\":\"Vivienda en alquiler Men\u00e9ndez Pelayo\",\"meta\":\"\",\"text_color\":\"light\",\"title\":\"\"}}]},{\"type\":\"grid\",\"props\":{\"content_column_breakpoint\":\"m\",\"content_margin\":\"remove\",\"filter_align\":\"left\",\"filter_all\":true,\"filter_grid_breakpoint\":\"m\",\"filter_grid_width\":\"auto\",\"filter_position\":\"top\",\"filter_style\":\"tab\",\"grid_column_gap\":\"small\",\"grid_default\":\"2\",\"grid_medium\":\"\",\"grid_row_gap\":\"small\",\"grid_small\":\"3\",\"image_align\":\"left\",\"image_grid_breakpoint\":\"s\",\"image_grid_column_gap\":\"small\",\"image_grid_row_gap\":\"small\",\"image_grid_width\":\"auto\",\"image_svg_color\":\"emphasis\",\"image_svg_inline\":false,\"image_vertical_align\":true,\"item_animation\":true,\"lightbox_bg_close\":true,\"link_style\":\"default\",\"link_text\":\"Read more\",\"margin_bottom\":\"default\",\"margin_top\":\"default\",\"meta_align\":\"below-title\",\"meta_color\":\"emphasis\",\"meta_element\":\"div\",\"meta_margin\":\"small\",\"meta_style\":\"text-meta\",\"panel_padding\":\"small\",\"panel_style\":\"card-secondary\",\"parallax_easing\":\"1\",\"show_content\":true,\"show_hover_image\":true,\"show_hover_video\":true,\"show_image\":true,\"show_link\":true,\"show_meta\":true,\"show_title\":true,\"show_video\":true,\"text_align\":\"left\",\"text_align_breakpoint\":\"s\",\"text_align_fallback\":\"center\",\"title_align\":\"top\",\"title_element\":\"h4\",\"title_grid_breakpoint\":\"m\",\"title_grid_width\":\"small\",\"title_hover_style\":\"reset\",\"title_margin\":\"small\",\"title_style\":\"h5\"},\"children\":[{\"type\":\"grid_item\",\"props\":{\"_condition\":true,\"content\":\"\",\"image\":\"wp-content\/uploads\/2025\/11\/orientacion-vivienda.webp\",\"image_alt\":\"orientaci\u00f3n vivienda\",\"meta\":\"Orientaci\u00f3n sur, este\",\"tags\":\"Parking, Vic\u00e1lvaro\"}},{\"type\":\"grid_item\",\"props\":{\"_condition\":true,\"content\":\"\",\"image\":\"wp-content\/uploads\/2025\/10\/ascensor2.webp\",\"image_alt\":\"Ascensor\",\"meta\":\"Ascensor\",\"tags\":\"Ascensor\"}},{\"type\":\"grid_item\",\"props\":{\"_condition\":true,\"content\":\"\",\"image\":\"wp-content\/uploads\/2025\/11\/vivienda-amueblada.webp\",\"image_alt\":\"vivienda amueblada\",\"meta\":\"Amueblado\",\"tags\":\"Trastero\",\"title\":\"\"}},{\"type\":\"grid_item\",\"props\":{\"_condition\":true,\"content\":\"\",\"image\":\"wp-content\/uploads\/yootheme\/icon-air-conditioning.svg\",\"image_alt\":\"Aire acondicionado\",\"meta\":\"Aire acondicionado\",\"tags\":\"Aire acondicionado\",\"title\":\"\"}},{\"type\":\"grid_item\",\"props\":{\"_condition\":true,\"content\":\"\",\"image\":\"wp-content\/uploads\/2025\/11\/pisos-de-vivienda.webp\",\"image_alt\":\"planta de vivienda\",\"meta\":\"1\u00aa Planta interior\",\"tags\":\"aislamiento\",\"title\":\"\"}},{\"type\":\"grid_item\",\"props\":{\"_condition\":true,\"content\":\"\",\"image\":\"wp-content\/uploads\/2025\/07\/microondas-cocina.webp\",\"image_alt\":\"Cocina\",\"meta\":\"Cocina equipada\",\"tags\":\"Seguridad\",\"title\":\"\"}}]},{\"type\":\"headline\",\"props\":{\"content\":\"Comentarios de clientes\",\"image_align\":\"left\",\"image_margin\":\"xsmall\",\"title_element\":\"h2\",\"title_style\":\"h4\",\"visibility\":\"hidden-m\"}},{\"type\":\"html\",\"props\":{\"class\":\"uk-hidden@s\",\"content\":\"\n\n<style>\\n.review-widget-container {\\n    font-family: -apple-system, BlinkMacSystemFont, \\\"Segoe UI\\\", Roboto, \\\"Helvetica Neue\\\", Arial, sans-serif;\\n    background-color: white;\\n    color: #1c1e21;\\n    max-width: 360px;\\n    margin: 0 auto;\\n}\\n\\n.review-widget-container h2 {\\n    margin: 0 0 16px 0;\\n    font-size: 20px;\\n    font-weight: 600;\\n}\\n\\n.review-widget-container .overall-rating {\\n    display: flex;\\n    align-items: center;\\n    gap: 10px;\\n    margin-bottom: 24px;\\n}\\n\\n.review-widget-container .score-box {\\n    background-color: #008009; \/* Verde *\/\\n    color: white;\\n    font-weight: bold;\\n    font-size: 14px;\\n    padding: 4px 8px;\\n    border-radius: 5px;\\n}\\n\\n.review-widget-container .rating-text {\\n    font-weight: 600;\\n    font-size: 16px;\\n}\\n\\n.review-widget-container .ratings-list {\\n    display: flex;\\n    flex-direction: column;\\n    gap: 14px;\\n}\\n\\n.rating-item {\\n    display: flex;\\n    justify-content: space-between;\\n    align-items: center;\\n}\\n\\n.category-name {\\n    font-size: 14px;\\n    white-space: nowrap;\\n}\\n\\n.bar-and-score {\\n    display: flex;\\n    align-items: center;\\n    flex-grow: 1;\\n    gap: 12px;\\n    margin-left: 10px;\\n}\\n\\n.progress-bar-container {\\n    flex-grow: 1;\\n    height: 8px;\\n    background-color: #e9ecef;\\n    border-radius: 4px;\\n    overflow: hidden;\\n}\\n\\n.progress-bar {\\n    height: 100%;\\n    border-radius: 4px;\\n}\\n\\n.bar-blue {\\n    background-color: #003580;\\n}\\n\\n.bar-green {\\n    background-color: #008009;\\n}\\n\\n.score-number {\\n    font-size: 14px;\\n    font-weight: 500;\\n    white-space: nowrap;\\n}\\n\\n.arrow {\\n    color: #008009;\\n    margin-left: 4px;\\n    font-weight: bold;\\n}\\n\\n\/* Responsive *\/\\n@media (max-width: 420px) {\\n    .rating-item {\\n        flex-direction: column;\\n        align-items: flex-start;\\n        gap: 6px;\\n    }\\n    .bar-and-score {\\n        width: 100%;\\n        margin-left: 0;\\n    }\\n}\\n<\/style>\n\n\\n\\n\n\n<div class=\\\"review-widget-container\\\">\\n    \n\n<div class=\\\"overall-rating\\\">\\n        <span class=\\\"score-box\\\">9,7<\/span>\\n        <span class=\\\"rating-text\\\">Fant\u00e1stico<\/span>\\n    <\/div>\n\n\\n\\n    \n\n<div class=\\\"ratings-list\\\">\\n        \n\n<div class=\\\"rating-item\\\">\\n            <span class=\\\"category-name\\\">Ubicaci\u00f3n<\/span>\\n            \n\n<div class=\\\"bar-and-score\\\">\\n                \n\n<div class=\\\"progress-bar-container\\\">\\n                    \n\n<div class=\\\"progress-bar bar-green\\\" style=\\\"width: 100%;\\\"><\/div>\n\n\\n                <\/div>\n\n\\n                <span class=\\\"score-number\\\">10<\/span>\\n            <\/div>\n\n\\n        <\/div>\n\n\\n\\n        \n\n<div class=\\\"rating-item\\\">\\n            <span class=\\\"category-name\\\">Limpieza <\/span>\\n            \n\n<div class=\\\"bar-and-score\\\">\\n                \n\n<div class=\\\"progress-bar-container\\\">\\n                    \n\n<div class=\\\"progress-bar bar-green\\\" style=\\\"width: 96%;\\\"><\/div>\n\n\\n                <\/div>\n\n\\n                <span class=\\\"score-number\\\">9,6<\/span>\\n            <\/div>\n\n\\n        <\/div>\n\n\\n\\n        \n\n<div class=\\\"rating-item\\\">\\n            <span class=\\\"category-name\\\">Relaci\u00f3n calidad-precio<\/span>\\n            \n\n<div class=\\\"bar-and-score\\\">\\n                \n\n<div class=\\\"progress-bar-container\\\">\\n                    \n\n<div class=\\\"progress-bar bar-green\\\" style=\\\"width: 95%;\\\"><\/div>\n\n\\n                <\/div>\n\n\\n                <span class=\\\"score-number\\\">9,5<\/span>\\n            <\/div>\n\n\\n        <\/div>\n\n\\n\\n        \n\n<div class=\\\"rating-item\\\">\\n            <span class=\\\"category-name\\\">Instalaciones y servicios <\/span>\\n            \n\n<div class=\\\"bar-and-score\\\">\\n                \n\n<div class=\\\"progress-bar-container\\\">\\n                    \n\n<div class=\\\"progress-bar bar-green\\\" style=\\\"width: 91%;\\\"><\/div>\n\n\\n                <\/div>\n\n\\n                <span class=\\\"score-number\\\">9,1<\/span>\\n            <\/div>\n\n\\n        <\/div>\n\n\\n\\n        \n\n<div class=\\\"rating-item\\\">\\n            <span class=\\\"category-name\\\">Confort<\/span>\\n            \n\n<div class=\\\"bar-and-score\\\">\\n                \n\n<div class=\\\"progress-bar-container\\\">\\n                    \n\n<div class=\\\"progress-bar bar-green\\\" style=\\\"width: 94%;\\\"><\/div>\n\n\\n                <\/div>\n\n\\n                <span class=\\\"score-number\\\">9,4<\/span>\\n            <\/div>\n\n\\n        <\/div>\n\n\\n\\n        \n\n<div class=\\\"rating-item\\\">\\n            <span class=\\\"category-name\\\">Personal <\/span>\\n            \n\n<div class=\\\"bar-and-score\\\">\\n                \n\n<div class=\\\"progress-bar-container\\\">\\n                    \n\n<div class=\\\"progress-bar bar-green\\\" style=\\\"width: 95%;\\\"><\/div>\n\n\\n                <\/div>\n\n\\n                <span class=\\\"score-number\\\">9,5<\/span>\\n            <\/div>\n\n\\n        <\/div>\n\n\\n\\n        \n\n<div class=\\\"rating-item\\\">\\n            <span class=\\\"category-name\\\">WiFi gratis<\/span>\\n            \n\n<div class=\\\"bar-and-score\\\">\\n                \n\n<div class=\\\"progress-bar-container\\\">\\n                    \n\n<div class=\\\"progress-bar bar-green\\\" style=\\\"width: 100%;\\\"><\/div>\n\n\\n                <\/div>\n\n\\n                <span class=\\\"score-number\\\">10<\/span>\\n            <\/div>\n\n\\n        <\/div>\n\n\\n    <\/div>\n\n\\n<\/div>\n\n\\n\"}},{\"type\":\"divider\",\"props\":{\"divider_element\":\"div\",\"divider_style\":\"icon\",\"visibility\":\"hidden-m\"}},{\"type\":\"headline\",\"props\":{\"content\":\"Rese\u00f1as de clientes\",\"image_align\":\"left\",\"image_margin\":\"xsmall\",\"title_element\":\"h2\",\"title_style\":\"h4\",\"visibility\":\"hidden-m\"}},{\"type\":\"panel-slider\",\"props\":{\"content_column_breakpoint\":\"m\",\"content_margin\":\"small\",\"content_style\":\"h5\",\"css\":\".el-item {box-shadow: none;}\",\"image_align\":\"left\",\"image_grid_breakpoint\":\"m\",\"image_grid_column_gap\":\"medium\",\"image_grid_row_gap\":\"small\",\"image_grid_width\":\"auto\",\"image_svg_color\":\"emphasis\",\"link_style\":\"default\",\"link_text\":\"\",\"margin_bottom\":\"\",\"margin_top\":\"\",\"meta_align\":\"below-title\",\"meta_element\":\"div\",\"meta_style\":\"h4\",\"nav\":\"\",\"nav_align\":\"center\",\"nav_breakpoint\":\"s\",\"panel_card_offset\":false,\"panel_image_no_padding\":false,\"panel_link\":false,\"panel_match\":true,\"panel_padding\":\"small\",\"panel_style\":\"card-secondary\",\"show_content\":true,\"show_hover_image\":true,\"show_hover_video\":true,\"show_image\":true,\"show_link\":true,\"show_meta\":true,\"show_title\":true,\"show_video\":true,\"slidenav\":\"\",\"slidenav_breakpoint\":\"xl\",\"slidenav_margin\":\"medium\",\"slidenav_outside_breakpoint\":\"xl\",\"slider_autoplay\":true,\"slider_autoplay_interval\":\"4\",\"slider_autoplay_pause\":false,\"slider_center\":true,\"slider_finite\":false,\"slider_gap\":\"small\",\"slider_sets\":false,\"slider_width\":\"fixed\",\"slider_width_default\":\"1-1\",\"slider_width_large\":\"1-3\",\"slider_width_medium\":\"1-3\",\"slider_width_small\":\"4-5\",\"slider_width_xlarge\":\"1-3\",\"title_align\":\"top\",\"title_color\":\"primary\",\"title_element\":\"h3\",\"title_grid_breakpoint\":\"m\",\"title_grid_width\":\"1-2\",\"title_hover_style\":\"reset\",\"title_style\":\"h6\",\"visibility\":\"hidden-m\"},\"children\":[{\"type\":\"panel-slider_item\",\"props\":{\"content\":\"\n\n<p>Entrar y vivir. La cocina est\u00e1 equipad\u00edsima y la reforma se nota que es de calidad. Zona inmejorable.<\/p>\n\n\",\"image\":\"wp-content\/uploads\/2025\/07\/usuario.png\",\"image_alt\":\"rese\u00f1a de vivienda en Men\u00e9ndez Pelayo\",\"meta\":\"Fant\u00e1stico\",\"title\":\"Sarah W.\"}},{\"type\":\"panel-slider_item\",\"props\":{\"content\":\"\n\n<p>Peque\u00f1o pero con un dise\u00f1o exquisito. Las vistas al parque y la tranquilidad del edificio son lo mejor.<\/p>\n\n\",\"image\":\"wp-content\/uploads\/2025\/07\/usuario.png\",\"image_alt\":\"rese\u00f1a de vivienda en Men\u00e9ndez Pelayo\",\"meta\":\"Fant\u00e1stico\",\"title\":\"Alberto D.\"}},{\"type\":\"panel-slider_item\",\"props\":{\"content\":\"\n\n<p>Cero preocupaciones con el mantenimiento incluido. Es tal cual se ve en las fotos, acogedor y funcional.<\/p>\n\n\",\"image\":\"wp-content\/uploads\/2025\/07\/usuario.png\",\"image_alt\":\"rese\u00f1a de vivienda en Men\u00e9ndez Pelayo\",\"meta\":\"Fant\u00e1stico\",\"title\":\"Luc\u00eda P.\"}},{\"type\":\"panel-slider_item\",\"props\":{\"content\":\"\n\n<p>La ubicaci\u00f3n en Ibiza es top. Tienes restaurantes y buses en la puerta, pero dentro del piso hay paz total.<\/p>\n\n\",\"image\":\"wp-content\/uploads\/2025\/07\/usuario.png\",\"image_alt\":\"rese\u00f1a de vivienda en Men\u00e9ndez Pelayo\",\"meta\":\"Fant\u00e1stico\",\"title\":\"Diego F.\"}}]},{\"type\":\"divider\",\"props\":{\"divider_element\":\"div\",\"divider_style\":\"icon\",\"visibility\":\"hidden-m\"}},{\"type\":\"html\",\"props\":{\"class\":\"uk-visible@s\",\"content\":\"<link href=\\\"https:\/\/fonts.googleapis.com\/css2?family=Roboto:wght@400;700&display=swap\\\" rel=\\\"stylesheet\\\">\\n\\n\n\n<div style=\\\"border: 1px solid #ddd; border-radius: 1px; padding: 16px; display: flex; align-items: flex-start; max-width: 600px; font-family: 'Roboto', sans-serif;\\\">\\n  \n\n<div style=\\\"margin-right: 12px;\\\">\\n    <!-- Icono de estrella -->\\n    <svg xmlns=\\\"http:\/\/www.w3.org\/2000\/svg\\\" width=\\\"24\\\" height=\\\"24\\\" fill=\\\"#0071c2\\\" viewBox=\\\"0 0 24 24\\\">\\n      <path d=\\\"M12 .587l3.668 7.568 8.332 1.151-6.064 5.964 1.43 8.291L12 18.896l-7.366 4.665 1.43-8.291L0 9.306l8.332-1.151z\\\"\/>\\n    <\/svg>\\n  <\/div>\n<p>\\n  <\/p>\n<div>\\n    <\/p>\n<p style=\\\"margin: 0; font-weight: 700;\\\">Avenida de Men\u00e9ndez Pelayo rara vez aparece disponible.<\/p>\n<p>\\n    <\/p>\n<p style=\\\"margin: 4px 0 0 0; font-weight: 400;\\\">No lo dejes escapar y haz tu reserva antes de que se agote.<\/p>\n<p>\\n  <\/p><\/div>\n<p>\\n<\/p><\/div>\n<p>\u00ab}},{\u00abtype\u00bb:\u00bbtext\u00bb,\u00bbprops\u00bb:{\u00abcolumn_breakpoint\u00bb:\u00bbm\u00bb,\u00bbcontent\u00bb:\u00bb<\/p>\n<blockquote><p>\u00a1Despierta frente al Retiro! Tu hogar temporal en el coraz\u00f3n de Madrid<\/p><\/blockquote>\n<p>\\n<\/p>\n<p>El mobiliario ha sido desarrollado por un equipo de dise\u00f1adores interioristas, incorporando un novedoso y c\u00f3modo sistema de camas abatibles que ofrece a cada espacio la posibilidad de transformarlo en una zona de descanso (dormitorio tradicional) o en un espacio destinado al estudio y el ocio.<\/p>\n<p>\\n<\/p>\n<p>Las 2 habitaciones disponen de c\u00f3modas camas de 150 cm. con colchones viscoel\u00e1sticos de muelles ensacados de m\u00e1xima calidad, armarios empotrados y est\u00e1n equipadas con televisores de 55\u201d, asegurando el descanso y el entretenimiento en cada rinc\u00f3n.<\/p>\n<p>\\n<\/p>\n<p>La cocina est\u00e1 equipada con electrodom\u00e9sticos de \u00faltima generaci\u00f3n y menaje completo, lista para preparar deliciosas comidas en el horno-microondas y en la airfryer. Adem\u00e1s, el amplio ba\u00f1o cuenta con un plato de ducha y mampara, brindando comodidad y funcionalidad. Dispone de calefacci\u00f3n por radiadores, aire acondicionado y ventiladores en todas las estancias; la climatizaci\u00f3n est\u00e1 garantizada durante todo el a\u00f1o.<\/p>\n<p>\\n<\/p>\n<p>Ubicado en una primera planta, este piso se encuentra al lado del Hospital Ni\u00f1o Jes\u00fas y justo enfrente al hermoso parque Retiro, un lugar perfecto para pasear y disfrutar de la naturaleza y el deporte. La estaci\u00f3n de metro Ibiza se encuentra a solo 50 metros, facilitando el acceso a toda la ciudad. Tambi\u00e9n hay diversas l\u00edneas de autob\u00fas cercanas ( 20, 26, 63, 152, C1 y C2), lo que hace que moverse sea muy sencillo.<\/p>\n<p>\\n<\/p>\n<p>Este alquiler temporal incluye gastos de comunidad, seguro de hogar y mantenimiento anual de las instalaciones. \u00a1No pierdas la oportunidad de vivir en este maravilloso piso que combina confort y ubicaci\u00f3n!<\/p>\n<p>\\n<\/p>\n<p><b>Ubicaci\u00f3n inmejorable:<\/b> A solo 50 metros del metro Ibiza y con m\u00faltiples l\u00edneas de autob\u00fas en la puerta. Tienes Madrid a tus pies y el parque del Retiro como tu jard\u00edn privado.<\/p>\n<p>\u00ab,\u00bbmargin_bottom\u00bb:\u00bbdefault\u00bb,\u00bbmargin_top\u00bb:\u00bbdefault\u00bb,\u00bbvisibility\u00bb:\u00bbm\u00bb}},{\u00abtype\u00bb:\u00bbheadline\u00bb,\u00bbprops\u00bb:{\u00abcontent\u00bb:\u00bbPlano de la vivienda\u00bb,\u00bbid\u00bb:\u00bbPlano\u00bb,\u00bbimage_align\u00bb:\u00bbleft\u00bb,\u00bbimage_margin\u00bb:\u00bbxsmall\u00bb,\u00bbtitle_element\u00bb:\u00bbh3&#8243;}},{\u00abtype\u00bb:\u00bbimage\u00bb,\u00bbprops\u00bb:{\u00abimage\u00bb:\u00bbwp-content\/uploads\/2026\/01\/Plano-vivienda-menendez-pelayo-55.webp\u00bb,\u00bbimage_alt\u00bb:\u00bbPlano vivienda Men\u00e9ndez Pelayo 55&#8243;,\u00bbimage_svg_color\u00bb:\u00bbemphasis\u00bb,\u00bbmargin_bottom\u00bb:\u00bbdefault\u00bb,\u00bbmargin_top\u00bb:\u00bbdefault\u00bb}}]},{\u00abtype\u00bb:\u00bbcolumn\u00bb,\u00bbprops\u00bb:{\u00abhtml_element\u00bb:\u00bbaside\u00bb,\u00bbimage_position\u00bb:\u00bbcenter-center\u00bb,\u00bbposition_sticky\u00bb:\u00bbcolumn\u00bb,\u00bbposition_sticky_breakpoint\u00bb:\u00bbm\u00bb,\u00bbposition_sticky_offset\u00bb:\u00bb110&#8243;,\u00bbwidth_medium\u00bb:\u00bb2-5&#8243;},\u00bbchildren\u00bb:[{\u00abtype\u00bb:\u00bbvideo\u00bb,\u00bbprops\u00bb:{\u00abmargin_bottom\u00bb:\u00bbdefault\u00bb,\u00bbmargin_top\u00bb:\u00bbdefault\u00bb,\u00bbvideo\u00bb:\u00bbhttps:\/\/youtu.be\/1-Ves-Mfci8&#8243;,\u00bbvideo_controls\u00bb:true,\u00bbvideo_height\u00bb:600,\u00bbvideo_loading\u00bb:\u00bblazy\u00bb,\u00bbvideo_title\u00bb:\u00bbVivienda en Men\u00e9ndez Pelayo | Retiro\u00bb,\u00bbvideo_width\u00bb:600}},{\u00abtype\u00bb:\u00bbtext\u00bb,\u00bbprops\u00bb:{\u00abcolumn_breakpoint\u00bb:\u00bbm\u00bb,\u00bbcontent\u00bb:\u00bb<p>Calendar does not exist.<\/p>\u00ab,\u00bbmargin_bottom\u00bb:\u00bbdefault\u00bb,\u00bbmargin_top\u00bb:\u00bbdefault\u00bb}},{\u00abtype\u00bb:\u00bbheadline\u00bb,\u00bbprops\u00bb:{\u00abcontent\u00bb:\u00bbDetalles de Men\u00e9ndez Pelayo &#8211; Ibiza\u00bb,\u00bbimage_align\u00bb:\u00bbleft\u00bb,\u00bbimage_margin\u00bb:\u00bbxsmall\u00bb,\u00bbmargin_bottom\u00bb:\u00bbremove\u00bb,\u00bbmargin_top\u00bb:\u00bblarge\u00bb,\u00bbtitle_element\u00bb:\u00bbh3&#8243;,\u00bbvisibility\u00bb:\u00bbm\u00bb}},{\u00abtype\u00bb:\u00bbgrid\u00bb,\u00bbprops\u00bb:{\u00abcontent_column_breakpoint\u00bb:\u00bbm\u00bb,\u00bbcontent_margin\u00bb:\u00bbremove\u00bb,\u00bbfilter_align\u00bb:\u00bbleft\u00bb,\u00bbfilter_all\u00bb:true,\u00bbfilter_grid_breakpoint\u00bb:\u00bbm\u00bb,\u00bbfilter_grid_width\u00bb:\u00bbauto\u00bb,\u00bbfilter_position\u00bb:\u00bbtop\u00bb,\u00bbfilter_style\u00bb:\u00bbtab\u00bb,\u00bbgrid_column_gap\u00bb:\u00bbsmall\u00bb,\u00bbgrid_default\u00bb:\u00bbauto\u00bb,\u00bbgrid_medium\u00bb:\u00bb2&#8243;,\u00bbgrid_row_gap\u00bb:\u00bbsmall\u00bb,\u00bbgrid_small\u00bb:\u00bbauto\u00bb,\u00bbgrid_xlarge\u00bb:\u00bb3&#8243;,\u00bbimage_align\u00bb:\u00bbtop\u00bb,\u00bbimage_grid_breakpoint\u00bb:\u00bb\u00bb,\u00bbimage_grid_column_gap\u00bb:\u00bbsmall\u00bb,\u00bbimage_grid_width\u00bb:\u00bbauto\u00bb,\u00bbimage_height\u00bb:25,\u00bbimage_svg_color\u00bb:\u00bbemphasis\u00bb,\u00bbimage_svg_inline\u00bb:true,\u00bbimage_width\u00bb:25,\u00bbitem_animation\u00bb:true,\u00bblightbox_bg_close\u00bb:true,\u00bblink_style\u00bb:\u00bbdefault\u00bb,\u00bblink_text\u00bb:\u00bbRead more\u00bb,\u00bbmargin_bottom\u00bb:\u00bbdefault\u00bb,\u00bbmargin_top\u00bb:\u00bbdefault\u00bb,\u00bbmeta_align\u00bb:\u00bbbelow-title\u00bb,\u00bbmeta_color\u00bb:\u00bbemphasis\u00bb,\u00bbmeta_element\u00bb:\u00bbdiv\u00bb,\u00bbmeta_margin\u00bb:\u00bbsmall\u00bb,\u00bbmeta_style\u00bb:\u00bbtext-meta\u00bb,\u00bbpanel_padding\u00bb:\u00bbsmall\u00bb,\u00bbpanel_style\u00bb:\u00bbcard-secondary\u00bb,\u00bbparallax_easing\u00bb:\u00bb1&#8243;,\u00bbshow_content\u00bb:true,\u00bbshow_hover_image\u00bb:true,\u00bbshow_hover_video\u00bb:true,\u00bbshow_image\u00bb:true,\u00bbshow_link\u00bb:true,\u00bbshow_meta\u00bb:true,\u00bbshow_title\u00bb:true,\u00bbshow_video\u00bb:true,\u00bbtext_align\u00bb:\u00bbcenter\u00bb,\u00bbtitle_align\u00bb:\u00bbtop\u00bb,\u00bbtitle_element\u00bb:\u00bbh4&#8243;,\u00bbtitle_grid_breakpoint\u00bb:\u00bbm\u00bb,\u00bbtitle_grid_width\u00bb:\u00bbsmall\u00bb,\u00bbtitle_hover_style\u00bb:\u00bbreset\u00bb,\u00bbtitle_margin\u00bb:\u00bbsmall\u00bb,\u00bbtitle_style\u00bb:\u00bbh5&#8243;,\u00bbvisibility\u00bb:\u00bbm\u00bb},\u00bbchildren\u00bb:[{\u00abtype\u00bb:\u00bbgrid_item\u00bb,\u00bbprops\u00bb:{\u00ab_condition\u00bb:true,\u00bbcontent\u00bb:\u00bb\u00bb,\u00bbimage\u00bb:\u00bbwp-content\/uploads\/cta-icon.svg\u00bb,\u00bbimage_alt\u00bb:\u00bbDormitorios alquiler Tetu\u00e1n\u00bb,\u00bbmeta\u00bb:\u00bb45 m\u00b2\u00bb,\u00bbtags\u00bb:\u00bbDormitorios alquiler Tetu\u00e1n\u00bb}},{\u00abtype\u00bb:\u00bbgrid_item\u00bb,\u00bbprops\u00bb:{\u00ab_condition\u00bb:true,\u00bbcontent\u00bb:\u00bb\u00bb,\u00bbimage\u00bb:\u00bbwp-content\/uploads\/icon-guests.svg\u00bb,\u00bbimage_alt\u00bb:\u00bb4 Personas\u00bb,\u00bbmeta\u00bb:\u00bb4 Personas\u00bb,\u00bbtags\u00bb:\u00bbPersonas\u00bb}},{\u00abtype\u00bb:\u00bbgrid_item\u00bb,\u00bbprops\u00bb:{\u00ab_condition\u00bb:true,\u00bbcontent\u00bb:\u00bb\u00bb,\u00bbimage\u00bb:\u00bbwp-content\/uploads\/yootheme\/icon-floorplan.svg\u00bb,\u00bbimage_alt\u00bb:\u00bb2 Habitaciones\u00bb,\u00bbmeta\u00bb:\u00bb2 Habitaciones\u00bb,\u00bbtags\u00bb:\u00bbHabitaciones\u00bb}},{\u00abtype\u00bb:\u00bbgrid_item\u00bb,\u00bbprops\u00bb:{\u00ab_condition\u00bb:true,\u00bbcontent\u00bb:\u00bb\u00bb,\u00bbimage\u00bb:\u00bbwp-content\/uploads\/icon-bathtub.svg\u00bb,\u00bbimage_alt\u00bb:\u00bb1 Ba\u00f1o\u00bb,\u00bbmeta\u00bb:\u00bb1 Ba\u00f1o\u00bb,\u00bbtags\u00bb:\u00bbBa\u00f1o\u00bb}}]},{\u00abtype\u00bb:\u00bbgrid\u00bb,\u00bbprops\u00bb:{\u00abcontent_column_breakpoint\u00bb:\u00bbm\u00bb,\u00bbcontent_style\u00bb:\u00bbtext-small\u00bb,\u00bbfilter_align\u00bb:\u00bbleft\u00bb,\u00bbfilter_all\u00bb:true,\u00bbfilter_grid_breakpoint\u00bb:\u00bbm\u00bb,\u00bbfilter_grid_width\u00bb:\u00bbauto\u00bb,\u00bbfilter_position\u00bb:\u00bbtop\u00bb,\u00bbfilter_style\u00bb:\u00bbtab\u00bb,\u00bbgrid_column_align\u00bb:false,\u00bbgrid_column_gap\u00bb:\u00bbmedium\u00bb,\u00bbgrid_default\u00bb:\u00bb1&#8243;,\u00bbgrid_divider\u00bb:true,\u00bbgrid_medium\u00bb:\u00bbauto\u00bb,\u00bbgrid_row_align\u00bb:false,\u00bbgrid_row_gap\u00bb:\u00bbmedium\u00bb,\u00bbimage_align\u00bb:\u00bbleft\u00bb,\u00bbimage_grid_breakpoint\u00bb:\u00bb\u00bb,\u00bbimage_grid_column_gap\u00bb:\u00bbsmall\u00bb,\u00bbimage_grid_row_gap\u00bb:\u00bbsmall\u00bb,\u00bbimage_grid_width\u00bb:\u00bbauto\u00bb,\u00bbimage_height\u00bb:35,\u00bbimage_loading\u00bb:true,\u00bbimage_svg_animate\u00bb:false,\u00bbimage_svg_color\u00bb:\u00bbsecondary\u00bb,\u00bbimage_svg_inline\u00bb:true,\u00bbimage_transition\u00bb:\u00bbscale-up\u00bb,\u00bbimage_vertical_align\u00bb:true,\u00bbimage_width\u00bb:35,\u00bbitem_animation\u00bb:true,\u00bblightbox_bg_close\u00bb:true,\u00bblink_size\u00bb:\u00bbsmall\u00bb,\u00bblink_style\u00bb:\u00bbdefault\u00bb,\u00bblink_text\u00bb:\u00bb\u00bb,\u00bbmargin_bottom\u00bb:\u00bblarge\u00bb,\u00bbmargin_top\u00bb:\u00bblarge\u00bb,\u00bbmeta_align\u00bb:\u00bbabove-title\u00bb,\u00bbmeta_element\u00bb:\u00bbdiv\u00bb,\u00bbmeta_margin\u00bb:\u00bbremove\u00bb,\u00bbmeta_style\u00bb:\u00bbh6&#8243;,\u00bbpanel_link\u00bb:true,\u00bbparallax_easing\u00bb:\u00bb1&#8243;,\u00bbposition\u00bb:\u00bbrelative\u00bb,\u00bbposition_z_index\u00bb:\u00bb1&#8243;,\u00bbshow_content\u00bb:true,\u00bbshow_hover_image\u00bb:true,\u00bbshow_hover_video\u00bb:true,\u00bbshow_image\u00bb:true,\u00bbshow_link\u00bb:true,\u00bbshow_meta\u00bb:true,\u00bbshow_title\u00bb:true,\u00bbshow_video\u00bb:true,\u00bbtext_align\u00bb:\u00bbleft\u00bb,\u00bbtitle_align\u00bb:\u00bbtop\u00bb,\u00bbtitle_color\u00bb:\u00bbemphasis\u00bb,\u00bbtitle_element\u00bb:\u00bbdiv\u00bb,\u00bbtitle_grid_breakpoint\u00bb:\u00bbm\u00bb,\u00bbtitle_grid_width\u00bb:\u00bbauto\u00bb,\u00bbtitle_hover_style\u00bb:\u00bbreset\u00bb,\u00bbtitle_margin\u00bb:\u00bbremove\u00bb,\u00bbtitle_style\u00bb:\u00bbh6&#8243;},\u00bbchildren\u00bb:[{\u00abtype\u00bb:\u00bbgrid_item\u00bb,\u00bbprops\u00bb:{\u00abcontent\u00bb:\u00bb\u00bb,\u00bbimage\u00bb:\u00bbwp-content\/uploads\/2025\/05\/precio-de-la-vivienda.webp\u00bb,\u00bbimage_alt\u00bb:\u00bbPrecio mes\u00bb,\u00bbmeta\u00bb:\u00bbPrecio mes\u00bb,\u00bbtags\u00bb:\u00bbPrecio vivienda, Vilc\u00e1lvaro\u00bb,\u00bbtitle\u00bb:\u00bb2,000 \u20ac\u00bb}}],\u00bbname\u00bb:\u00bbGridPreciosCALIZA\u00bb},{\u00abtype\u00bb:\u00bbbutton\u00bb,\u00bbprops\u00bb:{\u00abgrid_column_gap\u00bb:\u00bbsmall\u00bb,\u00bbgrid_row_gap\u00bb:\u00bbsmall\u00bb,\u00bbmargin_bottom\u00bb:\u00bbsmall\u00bb,\u00bbmargin_top\u00bb:\u00bbsmall\u00bb,\u00bbmaxwidth\u00bb:\u00bblarge\u00bb,\u00bbposition_bottom\u00bb:\u00bb70&#8243;,\u00bbposition_left\u00bb:\u00bb70&#8243;},\u00bbchildren\u00bb:[{\u00abtype\u00bb:\u00bbbutton_item\u00bb,\u00bbprops\u00bb:{\u00abbutton_style\u00bb:\u00bbdefault\u00bb,\u00bbcontent\u00bb:\u00bb<span class=\\\"uk-margin-small-right\\\"><img alt src=\\\"https:\/\/globalhp.es\/wp-content\/uploads\/2025\/05\/condiciones-de-contrato.png\\\" loading=\\\"lazy\\\"><\/span>Condiciones\u00bb,\u00bbdialog_layout\u00bb:\u00bbmodal\u00bb,\u00bbdialog_offcanvas_flip\u00bb:true,\u00bbicon\u00bb:\u00bb\u00bb,\u00bbicon_align\u00bb:\u00bbleft\u00bb,\u00bbimage_height\u00bb:\u00bb600&#8243;,\u00bbimage_width\u00bb:\u00bb900&#8243;,\u00bblightbox\u00bb:true,\u00bblink\u00bb:\u00bbwp-content\/uploads\/2026\/03\/Menendez-Pelayo-2026.pdf\u00bb,\u00bblink_aria_label\u00bb:\u00bbCondiciones de contrato\u00bb,\u00bblink_title\u00bb:\u00bbCondiciones\u00bb}},{\u00abtype\u00bb:\u00bbbutton_item\u00bb,\u00bbprops\u00bb:{\u00abbutton_style\u00bb:\u00bbprimary\u00bb,\u00bbcontent\u00bb:\u00bbContacto\u00bb,\u00bbdialog_layout\u00bb:\u00bbmodal\u00bb,\u00bbdialog_offcanvas_flip\u00bb:true,\u00bbicon\u00bb:\u00bbreceiver\u00bb,\u00bbicon_align\u00bb:\u00bbleft\u00bb,\u00bblink\u00bb:\u00bbtel:+34630884771&#8243;,\u00bblink_aria_label\u00bb:\u00bbM\u00e1s informaci\u00f3n\u00bb,\u00bblink_title\u00bb:\u00bbM\u00e1s informaci\u00f3n\u00bb}},{\u00abtype\u00bb:\u00bbbutton_item\u00bb,\u00bbprops\u00bb:{\u00abbutton_style\u00bb:\u00bbtext\u00bb,\u00bbcontent\u00bb:\u00bbMail\u00bb,\u00bbdialog_layout\u00bb:\u00bbmodal\u00bb,\u00bbdialog_offcanvas_flip\u00bb:true,\u00bbicon\u00bb:\u00bbmail\u00bb,\u00bbicon_align\u00bb:\u00bbleft\u00bb,\u00bblink\u00bb:\u00bbmailto:mlosa@globalhp.es\u00bb,\u00bblink_aria_label\u00bb:\u00bbM\u00e1s informaci\u00f3n\u00bb,\u00bblink_title\u00bb:\u00bbM\u00e1s informaci\u00f3n\u00bb}}],\u00bbname\u00bb:\u00bbCONDICIONESCALIZA\u00bb},{\u00abtype\u00bb:\u00bbtext\u00bb,\u00bbprops\u00bb:{\u00abcolumn_breakpoint\u00bb:\u00bbm\u00bb,\u00bbcontent\u00bb:\u00bb<\/p>\n<p><strong>Licencia:<\/strong><br \/>ESFCNT00002809500096021400000000000000000000000000005<\/p>\n<p>\u00ab,\u00bbmargin_bottom\u00bb:\u00bbdefault\u00bb,\u00bbmargin_top\u00bb:\u00bbdefault\u00bb,\u00bbstatus\u00bb:\u00bbdisabled\u00bb,\u00bbvisibility\u00bb:\u00bbm\u00bb}}]}]}],\u00bbname\u00bb:\u00bbAccommodations\u00bb},{\u00abtype\u00bb:\u00bbsection\u00bb,\u00bbprops\u00bb:{\u00abhtml_element\u00bb:\u00bbsection\u00bb,\u00bbimage_position\u00bb:\u00bbcenter-center\u00bb,\u00bbpadding_top\u00bb:\u00bbnone\u00bb,\u00bbstyle\u00bb:\u00bbdefault\u00bb,\u00bbtitle_breakpoint\u00bb:\u00bbxl\u00bb,\u00bbtitle_position\u00bb:\u00bbtop-left\u00bb,\u00bbtitle_rotation\u00bb:\u00bbleft\u00bb,\u00bbvertical_align\u00bb:\u00bb\u00bb,\u00bbwidth\u00bb:\u00bb\u00bb},\u00bbchildren\u00bb:[{\u00abtype\u00bb:\u00bbrow\u00bb,\u00bbprops\u00bb:{\u00abcolumn_gap\u00bb:\u00bblarge\u00bb,\u00bbmargin_bottom\u00bb:\u00bblarge\u00bb,\u00bbmargin_top\u00bb:\u00bblarge\u00bb,\u00bbrow_gap\u00bb:\u00bbcollapse\u00bb,\u00bbwidth\u00bb:\u00bblarge\u00bb},\u00bbchildren\u00bb:[{\u00abtype\u00bb:\u00bbcolumn\u00bb,\u00bbprops\u00bb:{\u00abimage_position\u00bb:\u00bbcenter-center\u00bb,\u00bbposition_sticky_breakpoint\u00bb:\u00bbm\u00bb},\u00bbchildren\u00bb:[{\u00abtype\u00bb:\u00bbheadline\u00bb,\u00bbprops\u00bb:{\u00abcontent\u00bb:\u00bbReserva tu apartamento en Men\u00e9ndez Pelayo\u00bb,\u00bbid\u00bb:\u00bbReservas\u00bb,\u00bbimage_align\u00bb:\u00bbleft\u00bb,\u00bbimage_margin\u00bb:\u00bbxsmall\u00bb,\u00bbmargin_bottom\u00bb:\u00bbsmall\u00bb,\u00bbmargin_top\u00bb:\u00bbsmall\u00bb,\u00bbtitle_element\u00bb:\u00bbh2&#8243;}},{\u00abtype\u00bb:\u00bbheadline\u00bb,\u00bbprops\u00bb:{\u00abcontent\u00bb:\u00bbApartamento en Men\u00e9ndez Pelayo \/ Barrio Ibiza &#8211; Madrid\u00bb,\u00bbimage_align\u00bb:\u00bbleft\u00bb,\u00bbimage_margin\u00bb:\u00bbxsmall\u00bb,\u00bbmargin_bottom\u00bb:\u00bbsmall\u00bb,\u00bbmargin_top\u00bb:\u00bbsmall\u00bb,\u00bbtitle_color\u00bb:\u00bbprimary\u00bb,\u00bbtitle_element\u00bb:\u00bbdiv\u00bb,\u00bbtitle_style\u00bb:\u00bbh6&#8243;}},{\u00abtype\u00bb:\u00bbtable\u00bb,\u00bbprops\u00bb:{\u00abcontent_style\u00bb:\u00bbh6&#8243;,\u00bbimage_border\u00bb:\u00bbrounded\u00bb,\u00bbimage_height\u00bb:150,\u00bbimage_svg_color\u00bb:\u00bbemphasis\u00bb,\u00bbimage_width\u00bb:170,\u00bblink_style\u00bb:\u00bbprimary\u00bb,\u00bblink_text\u00bb:\u00bbReservar\u00bb,\u00bbmeta_style\u00bb:\u00bbh6&#8243;,\u00bbshow_content\u00bb:true,\u00bbshow_image\u00bb:true,\u00bbshow_link\u00bb:true,\u00bbshow_meta\u00bb:true,\u00bbshow_title\u00bb:true,\u00bbtable_order\u00bb:\u00bb4&#8243;,\u00bbtable_responsive\u00bb:\u00bbresponsive\u00bb,\u00bbtable_size\u00bb:\u00bbsmall\u00bb,\u00bbtable_style\u00bb:\u00bbstriped\u00bb,\u00bbtable_vertical_align\u00bb:true,\u00bbtable_width_meta\u00bb:\u00bbshrink\u00bb,\u00bbtable_width_title\u00bb:\u00bbshrink\u00bb,\u00bbtitle_style\u00bb:\u00bbh5&#8243;},\u00bbchildren\u00bb:[{\u00abtype\u00bb:\u00bbtable_item\u00bb,\u00bbprops\u00bb:{\u00abcontent\u00bb:\u00bb<\/p>\n<div class=\\\"info-container uk-flex uk-flex-between uk-flex-middle\\\">\\n<\/p>\n<div class=\\\"info-text\\\">\\n<\/p>\n<div class=\\\"uk-flex uk-flex-middle uk-margin-small\\\"><img src=\\\"https:\/\/globalhp.es\/wp-content\/uploads\/yootheme\/icon-floorplan.svg\\\" width=\\\"20\\\" height=\\\"20\\\" alt=\\\"145m\u00b2\\\" loading=\\\"lazy\\\" style=\\\"margin-right: 8px;\\\" \/> <span style=\\\"font-family: 'Roboto', sans-serif;\\\">45 m\u00b2<\/span><\/div>\n<p>\\n<\/p>\n<div class=\\\"uk-flex uk-flex-middle uk-margin-small\\\"><img src=\\\"https:\/\/globalhp.es\/wp-content\/uploads\/icon-wifi.svg\\\" width=\\\"20\\\" height=\\\"20\\\" alt=\\\"Wifi\\\" loading=\\\"lazy\\\" style=\\\"margin-right: 8px;\\\" \/> <span style=\\\"font-family: 'Roboto', sans-serif;\\\">Wifi<\/span><\/div>\n<p>\\n<\/p>\n<div class=\\\"uk-flex uk-flex-middle uk-margin-small\\\"><img src=\\\"https:\/\/globalhp.es\/wp-content\/uploads\/icon-air-conditioning.svg\\\" width=\\\"20\\\" height=\\\"20\\\" alt=\\\"Aire Acondicionado\\\" loading=\\\"lazy\\\" style=\\\"margin-right: 8px;\\\" \/> <span style=\\\"font-family: 'Roboto', sans-serif;\\\">Aire Acondicionado<\/span><\/div>\n<p>\\n<\/p>\n<div class=\\\"uk-flex uk-flex-middle uk-margin-small\\\"><img src=\\\"https:\/\/globalhp.es\/wp-content\/uploads\/yootheme\/icon-bathtub.svg\\\" width=\\\"20\\\" height=\\\"20\\\" alt=\\\"Ba\u00f1o\\\" loading=\\\"lazy\\\" style=\\\"margin-right: 8px;\\\" \/> <span style=\\\"font-family: 'Roboto', sans-serif;\\\">1 Ba\u00f1o<\/span><\/div>\n<p>\\n<\/p>\n<div class=\\\"uk-flex uk-flex-middle uk-margin-small\\\"><img src=\\\"https:\/\/globalhp.es\/wp-content\/uploads\/icon-kitchen.svg\\\" width=\\\"20\\\" height=\\\"20\\\" alt=\\\"Cocina\\\" loading=\\\"lazy\\\" style=\\\"margin-right: 8px;\\\" \/> <span style=\\\"font-family: 'Roboto', sans-serif;\\\">Cocina completa<\/span><\/div>\n<p>\\n   <\/p>\n<div class=\\\"uk-flex uk-flex-middle uk-margin-small\\\"><img src=\\\"https:\/\/globalhp.es\/wp-content\/uploads\/icon-double-bed.svg\\\" width=\\\"20\\\" height=\\\"20\\\" alt=\\\"ba\u00f1o\\\" loading=\\\"lazy\\\" style=\\\"margin-right: 8px;\\\" \/> <span style=\\\"font-family: 'Roboto', sans-serif;\\\">2 cama 150&#215;190 <\/span><\/div>\n<p>\\n<\/p><\/div>\n<p>\\n<\/p>\n<div class=\\\"boton-gallery\\\"><a class=\\\"el-content uk-button uk-button-text\\\" href=\\\"#modal-ocana-1\\\" uk-toggle=\\\"\\\"> Ver vivienda <\/a><\/div>\n<p>\\n<\/p><\/div>\n<p>\\n<\/p>\n<div id=\\\"modal-ocana-1\\\" class=\\\"uk-flex-top\\\" uk-modal=\\\"\\\">\\n<\/p>\n<div class=\\\"uk-modal-dialog uk-modal-container\\\" style=\\\"background-color: #d0d3d7;\\\"><button class=\\\"uk-modal-close-outside\\\" type=\\\"button\\\" uk-close=\\\"\\\"><\/button>\\n<\/p>\n<div class=\\\"uk-position-relative uk-visible-toggle uk-light\\\" uk-slider=\\\"center: true\\\" tabindex=\\\"-1\\\">\\n<\/p>\n<ul class=\\\"uk-slider-items uk-grid uk-grid-match\\\" uk-height-viewport=\\\"offset-top: true; offset-bottom: 30\\\">\\n<\/p>\n<li class=\\\"uk-width-4-5\\\">\\n\n<div class=\\\"uk-cover-container\\\"><img src=\\\"https:\/\/globalhp.es\/wp-content\/uploads\/2026\/01\/Vivienda-Menendez-Pelayo-7.webp\\\" alt=\\\"Foto 1 de Men\u00e9ndez Pelayo\\\" uk-cover=\\\"\\\" \/><\/div>\n<p>\\n<\/li>\n<p>\\n<\/p>\n<li class=\\\"uk-width-4-5\\\">\\n\n<div class=\\\"uk-cover-container\\\"><img src=\\\"https:\/\/globalhp.es\/wp-content\/uploads\/2026\/01\/Vivienda-Menendez-Pelayo-1.webp\\\" alt=\\\"Foto 2 de Men\u00e9ndez Pelayo\\\" uk-cover=\\\"\\\" \/><\/div>\n<p>\\n<\/li>\n<p>\\n<\/p>\n<li class=\\\"uk-width-4-5\\\">\\n\n<div class=\\\"uk-cover-container\\\"><img src=\\\"https:\/\/globalhp.es\/wp-content\/uploads\/2026\/01\/Vivienda-Menendez-Pelayo-3.webp\\\" alt=\\\"Ba\u00f1o de Men\u00e9ndez Pelayo\\\" uk-cover=\\\"\\\" \/><\/div>\n<p>\\n<\/li>\n<p>\\n<\/p>\n<li class=\\\"uk-width-4-5\\\">\\n\n<div class=\\\"uk-cover-container\\\"><img src=\\\"https:\/\/globalhp.es\/wp-content\/uploads\/2026\/01\/Vivienda-Menendez-Pelayo-19.webp\\\" alt=\\\"Cocina 6 de Men\u00e9ndez Pelayo\\\" uk-cover=\\\"\\\" \/><\/div>\n<p>\\n<\/li>\n<p>\\n    <\/p>\n<li class=\\\"uk-width-4-5\\\">\\n\n<div class=\\\"uk-cover-container\\\"><img src=\\\"https:\/\/globalhp.es\/wp-content\/uploads\/2026\/01\/Vivienda-Menendez-Pelayo-20.webp\\\" alt=\\\"Vivienda en Alquiler de Men\u00e9ndez Pelayo\\\" uk-cover=\\\"\\\" \/><\/div>\n<p>\\n<\/li>\n<p>\\n<\/ul>\n<p>\\n<a class=\\\"uk-position-center-left uk-position-small uk-hidden-hover\\\" href=\\\"#\\\" uk-slidenav-previous=\\\"\\\" uk-slider-item=\\\"previous\\\"><\/a> <a class=\\\"uk-position-center-right uk-position-small uk-hidden-hover\\\" href=\\\"#\\\" uk-slidenav-next=\\\"\\\" uk-slider-item=\\\"next\\\"><\/a><\/div>\n<p>\\n<\/p><\/div>\n<p>\u00ab,\u00bbimage\u00bb:\u00bbwp-content\/uploads\/2026\/01\/Vivienda-Menendez-Pelayo-3.webp\u00bb,\u00bbimage_alt\u00bb:\u00bbMen\u00e9ndez Pelayo 55&#8243;,\u00bblink\u00bb:\u00bbtel:+34630884771&#8243;,\u00bblink_text\u00bb:\u00bbContacto\u00bb,\u00bbmeta\u00bb:\u00bbx4\ud83e\uddcd\u00bb,\u00bbtitle\u00bb:\u00bbMen\u00e9ndez Pelayo\u00bb}}]},{\u00abtype\u00bb:\u00bbheadline\u00bb,\u00bbprops\u00bb:{\u00abcontent\u00bb:\u00bb\u00a1Descubre tu nuevo hogar frente al Retiro!\u00bb,\u00bbimage_align\u00bb:\u00bbleft\u00bb,\u00bbimage_margin\u00bb:\u00bbxsmall\u00bb,\u00bbtitle_element\u00bb:\u00bbh2&#8243;,\u00bbtitle_style\u00bb:\u00bbh3&#8243;,\u00bbvisibility\u00bb:\u00bbhidden-m\u00bb}},{\u00abtype\u00bb:\u00bbtext\u00bb,\u00bbprops\u00bb:{\u00abcolumn_breakpoint\u00bb:\u00bbm\u00bb,\u00bbcontent\u00bb:\u00bb<\/p>\n<p>Con una superficie de <strong>45 m\u00b2<\/strong>, este espacio ha sido completamente reformado y amueblado con un estilo moderno y acogedor. Perfecto para disfrutar de la vida en la ciudad, cuenta con una habitaci\u00f3n individual y un sal\u00f3n convertible en una segunda habitaci\u00f3n, disponiendo as\u00ed de espacios vers\u00e1tiles que ampl\u00edan las posibilidades de uso de este moderno apartamento.<\/p>\n<p>\\n<\/p>\n<p>El mobiliario ha sido desarrollado por un equipo de dise\u00f1adores interioristas, incorporando un novedoso y c\u00f3modo <strong>sistema de camas abatibles<\/strong> que ofrece a cada espacio la posibilidad de transformarlo en una zona de descanso (dormitorio tradicional) o en un espacio destinado al estudio y el ocio.<\/p>\n<p>\\n<\/p>\n<p>Las 2 habitaciones disponen de c\u00f3modas camas de 150 cm con colchones viscoel\u00e1sticos de muelles ensacados de m\u00e1xima calidad, armarios empotrados y est\u00e1n equipadas con <strong>televisores de 55\u201d<\/strong>, asegurando el descanso y el entretenimiento en cada rinc\u00f3n.<\/p>\n<p>\\n<\/p>\n<p>La cocina est\u00e1 equipada con electrodom\u00e9sticos de \u00faltima generaci\u00f3n y menaje completo, lista para preparar deliciosas comidas en el horno-microondas y en la airfryer. Adem\u00e1s, el amplio ba\u00f1o cuenta con un plato de ducha y mampara, brindando comodidad y funcionalidad. Dispone de calefacci\u00f3n por radiadores, aire acondicionado y ventiladores en todas las estancias; la climatizaci\u00f3n est\u00e1 garantizada durante todo el a\u00f1o.<\/p>\n<p>\\n<\/p>\n<h3>Ubicaci\u00f3n y Conectividad<\/h3>\n<p>\\n<\/p>\n<p>Ubicado en una primera planta, este piso se encuentra al lado del <strong>Hospital Ni\u00f1o Jes\u00fas<\/strong> y justo enfrente al hermoso <strong>parque Retiro<\/strong>, un lugar perfecto para pasear y disfrutar de la naturaleza y el deporte. La estaci\u00f3n de metro Ibiza se encuentra a solo 50 metros, facilitando el acceso a toda la ciudad. Tambi\u00e9n hay diversas l\u00edneas de autob\u00fas cercanas (20, 26, 63, 152, C1 y C2), lo que hace que moverse sea muy sencillo.<\/p>\n<p>\\n<\/p>\n<p>Este alquiler temporal incluye gastos de comunidad, seguro de hogar y mantenimiento anual de las instalaciones.<\/p>\n<p>\\n<\/p>\n<blockquote><p>\u00a1No pierdas la oportunidad de vivir en este maravilloso piso que combina confort y ubicaci\u00f3n!<\/p><\/blockquote>\n<p>\\n<\/p>\n<hr \/>\n<p>\\n<\/p>\n<h3>A DESTACAR:<\/h3>\n<p>\\n<\/p>\n<ul>\\n<\/p>\n<li>Completamente reformado, amueblado y equipado.<\/li>\n<p>\\n<\/p>\n<li>2 c\u00f3modas camas de 150&#215;190 cm con colchones viscoel\u00e1sticos de muelles ensacados.<\/li>\n<p>\\n<\/p>\n<li>Calefacci\u00f3n por radiadores.<\/li>\n<p>\\n<\/p>\n<li>Aire acondicionado en toda la casa.<\/li>\n<p>\\n<\/p>\n<li>Televisiones de pantalla plana de 55\\\u00bb en todas las estancias con conexi\u00f3n a Internet.<\/li>\n<p>\\n<\/p>\n<li>Ventiladores en todas las habitaciones.<\/li>\n<p>\\n<\/p>\n<li>Fibra sim\u00e9trica de 1 GB.<\/li>\n<p>\\n<\/ul>\n<p>\\n<\/p>\n<h3>INCLUYE:<\/h3>\n<p>\\n<\/p>\n<ul>\\n<\/p>\n<li>Gastos de comunidad de vecinos.<\/li>\n<p>\\n<\/p>\n<li>Seguro de hogar.<\/li>\n<p>\\n<\/p>\n<li>Mantenimiento anual de las instalaciones de aire acondicionado y caldera.<\/li>\n<p>\\n<\/ul>\n<p>\u00ab,\u00bbmargin_bottom\u00bb:\u00bbdefault\u00bb,\u00bbmargin_top\u00bb:\u00bbdefault\u00bb,\u00bbvisibility\u00bb:\u00bbhidden-m\u00bb}}]}]},{\u00abtype\u00bb:\u00bbrow\u00bb,\u00bbprops\u00bb:{\u00abwidth\u00bb:\u00bblarge\u00bb},\u00bbchildren\u00bb:[{\u00abtype\u00bb:\u00bbcolumn\u00bb,\u00bbprops\u00bb:{\u00abimage_position\u00bb:\u00bbcenter-center\u00bb,\u00bbposition_sticky_breakpoint\u00bb:\u00bbm\u00bb},\u00bbchildren\u00bb:[{\u00abtype\u00bb:\u00bbheadline\u00bb,\u00bbprops\u00bb:{\u00abcontent\u00bb:\u00bbDemostraci\u00f3n de funcionalidad\u00bb,\u00bbid\u00bb:\u00bbFuncionalidad\u00bb,\u00bbimage_align\u00bb:\u00bbleft\u00bb,\u00bbimage_margin\u00bb:\u00bbxsmall\u00bb,\u00bbtitle_decoration\u00bb:\u00bbbullet\u00bb,\u00bbtitle_element\u00bb:\u00bbh2&#8243;,\u00bbtitle_style\u00bb:\u00bbh3&#8243;}}]}]},{\u00abtype\u00bb:\u00bbrow\u00bb,\u00bbprops\u00bb:{\u00ablayout\u00bb:\u00bb1-3,1-3,1-3&#8243;,\u00bbwidth\u00bb:\u00bblarge\u00bb},\u00bbchildren\u00bb:[{\u00abtype\u00bb:\u00bbcolumn\u00bb,\u00bbprops\u00bb:{\u00abimage_position\u00bb:\u00bbcenter-center\u00bb,\u00bbposition_sticky_breakpoint\u00bb:\u00bbm\u00bb,\u00bbwidth_medium\u00bb:\u00bb1-3&#8243;},\u00bbchildren\u00bb:[{\u00abtype\u00bb:\u00bbheadline\u00bb,\u00bbprops\u00bb:{\u00abcontent\u00bb:\u00bbApertura cama\u00bb,\u00bbimage_align\u00bb:\u00bbleft\u00bb,\u00bbimage_margin\u00bb:\u00bbxsmall\u00bb,\u00bbtitle_element\u00bb:\u00bbh3&#8243;,\u00bbtitle_style\u00bb:\u00bbh4&#8243;}},{\u00abtype\u00bb:\u00bbimage\u00bb,\u00bbprops\u00bb:{\u00abimage\u00bb:\u00bbwp-content\/uploads\/2026\/01\/Vivienda-Menendez-Pelayo-7.webp\u00bb,\u00bbimage_alt\u00bb:\u00bbVivienda de alquiler Men\u00e9ndez Pelayo\u00bb,\u00bbimage_border\u00bb:\u00bbrounded\u00bb,\u00bbimage_box_decoration\u00bb:\u00bbshadow\u00bb,\u00bbimage_height\u00bb:350,\u00bbimage_loading\u00bb:true,\u00bbimage_svg_color\u00bb:\u00bbemphasis\u00bb,\u00bbimage_width\u00bb:450,\u00bblightbox\u00bb:true,\u00bblightbox_height\u00bb:\u00bb750&#8243;,\u00bblightbox_width\u00bb:\u00bb1000&#8243;,\u00bblink\u00bb:\u00bbhttps:\/\/www.youtube.com\/shorts\/e6FB3lpadig\u00bb,\u00bblink_aria_label\u00bb:\u00bbApertura cama\u00bb,\u00bbmargin_bottom\u00bb:\u00bbremove\u00bb,\u00bbmargin_top\u00bb:\u00bbremove\u00bb,\u00bbposition\u00bb:\u00bbrelative\u00bb,\u00bbposition_z_index\u00bb:\u00bb1&#8243;,\u00bbtext_align\u00bb:\u00bbcenter\u00bb}},{\u00abtype\u00bb:\u00bbimage\u00bb,\u00bbprops\u00bb:{\u00abclass\u00bb:\u00bbuk-disabled\u00bb,\u00bbcss\u00bb:\u00bb.el-image {\\n\\tborder-radius: 50%;\\n\\tbox-shadow: 0 0 0 0 #4C6CD8;\\n\\ttransform: scale(1);\\n\\tanimation: pulse 2s infinite;\\n    margin-top: -42px;\\n}\\n\\n@keyframes pulse {\\n\\t0% {\\n\\t\\ttransform: scale(0.95);\\n\\t\\tbox-shadow: 0 0 0 0 rgba(76,108,216, 0.8);\\n\\t}\\n\\n\\t70% {\\n\\t\\ttransform: scale(1);\\n\\t\\tbox-shadow: 0 0 0 10px rgba(76,108,216, 0);\\n\\t}\\n\\n\\t100% {\\n\\t\\ttransform: scale(0.95);\\n\\t\\tbox-shadow: 0 0 0 0 rgba(76,108,216, 0);\\n\\t}\\n}\u00bb,\u00bbimage\u00bb:\u00bbwp-content\/uploads\/icon-play.svg\u00bb,\u00bbimage_alt\u00bb:\u00bbPlay\u00bb,\u00bbimage_loading\u00bb:true,\u00bbimage_svg_color\u00bb:\u00bbemphasis\u00bb,\u00bblink_aria_label\u00bb:\u00bbplay\u00bb,\u00bbmargin_bottom\u00bb:\u00bbremove\u00bb,\u00bbmargin_top\u00bb:\u00bbremove\u00bb,\u00bbposition\u00bb:\u00bbabsolute\u00bb,\u00bbposition_top\u00bb:\u00bb55%\u00bb,\u00bbposition_z_index\u00bb:\u00bb2&#8243;,\u00bbtext_align\u00bb:\u00bbcenter\u00bb}}]},{\u00abtype\u00bb:\u00bbcolumn\u00bb,\u00bbprops\u00bb:{\u00abimage_position\u00bb:\u00bbcenter-center\u00bb,\u00bbposition_sticky_breakpoint\u00bb:\u00bbm\u00bb,\u00bbwidth_medium\u00bb:\u00bb1-3&#8243;},\u00bbchildren\u00bb:[{\u00abtype\u00bb:\u00bbheadline\u00bb,\u00bbprops\u00bb:{\u00abcontent\u00bb:\u00bbCierre cama\u00bb,\u00bbimage_align\u00bb:\u00bbleft\u00bb,\u00bbimage_margin\u00bb:\u00bbxsmall\u00bb,\u00bbtitle_element\u00bb:\u00bbh3&#8243;,\u00bbtitle_style\u00bb:\u00bbh4&#8243;}},{\u00abtype\u00bb:\u00bbimage\u00bb,\u00bbprops\u00bb:{\u00abimage\u00bb:\u00bbwp-content\/uploads\/2026\/02\/Habitacion-principal-sin-cama.webp\u00bb,\u00bbimage_alt\u00bb:\u00bbHabitaci\u00f3n principal sin cama\u00bb,\u00bbimage_border\u00bb:\u00bbrounded\u00bb,\u00bbimage_box_decoration\u00bb:\u00bbshadow\u00bb,\u00bbimage_height\u00bb:350,\u00bbimage_loading\u00bb:true,\u00bbimage_svg_color\u00bb:\u00bbemphasis\u00bb,\u00bbimage_width\u00bb:450,\u00bblightbox\u00bb:true,\u00bblightbox_height\u00bb:\u00bb750&#8243;,\u00bblightbox_width\u00bb:\u00bb1000&#8243;,\u00bblink\u00bb:\u00bbhttps:\/\/www.youtube.com\/shorts\/Fvqz-E3jxLo\u00bb,\u00bblink_aria_label\u00bb:\u00bbCierre cama\u00bb,\u00bbmargin_bottom\u00bb:\u00bbremove\u00bb,\u00bbmargin_top\u00bb:\u00bbremove\u00bb,\u00bbposition\u00bb:\u00bbrelative\u00bb,\u00bbposition_z_index\u00bb:\u00bb1&#8243;,\u00bbtext_align\u00bb:\u00bbcenter\u00bb}},{\u00abtype\u00bb:\u00bbimage\u00bb,\u00bbprops\u00bb:{\u00abclass\u00bb:\u00bbuk-disabled\u00bb,\u00bbcss\u00bb:\u00bb.el-image {\\n\\tborder-radius: 50%;\\n\\tbox-shadow: 0 0 0 0 #4C6CD8;\\n\\ttransform: scale(1);\\n\\tanimation: pulse 2s infinite;\\n    margin-top: -42px;\\n}\\n\\n@keyframes pulse {\\n\\t0% {\\n\\t\\ttransform: scale(0.95);\\n\\t\\tbox-shadow: 0 0 0 0 rgba(76,108,216, 0.8);\\n\\t}\\n\\n\\t70% {\\n\\t\\ttransform: scale(1);\\n\\t\\tbox-shadow: 0 0 0 10px rgba(76,108,216, 0);\\n\\t}\\n\\n\\t100% {\\n\\t\\ttransform: scale(0.95);\\n\\t\\tbox-shadow: 0 0 0 0 rgba(76,108,216, 0);\\n\\t}\\n}\u00bb,\u00bbimage\u00bb:\u00bbwp-content\/uploads\/icon-play.svg\u00bb,\u00bbimage_alt\u00bb:\u00bbPlay\u00bb,\u00bbimage_loading\u00bb:true,\u00bbimage_svg_color\u00bb:\u00bbemphasis\u00bb,\u00bblink_aria_label\u00bb:\u00bbplay\u00bb,\u00bbmargin_bottom\u00bb:\u00bbremove\u00bb,\u00bbmargin_top\u00bb:\u00bbremove\u00bb,\u00bbposition\u00bb:\u00bbabsolute\u00bb,\u00bbposition_top\u00bb:\u00bb55%\u00bb,\u00bbposition_z_index\u00bb:\u00bb2&#8243;,\u00bbtext_align\u00bb:\u00bbcenter\u00bb}}]},{\u00abtype\u00bb:\u00bbcolumn\u00bb,\u00bbprops\u00bb:{\u00abimage_position\u00bb:\u00bbcenter-center\u00bb,\u00bbposition_sticky_breakpoint\u00bb:\u00bbm\u00bb,\u00bbwidth_medium\u00bb:\u00bb1-3&#8243;}}]},{\u00abtype\u00bb:\u00bbrow\u00bb,\u00bbprops\u00bb:{\u00abclass\u00bb:\u00bbuk-visible@s\u00bb,\u00bbstatus\u00bb:\u00bbdisabled\u00bb,\u00bbwidth\u00bb:\u00bbxlarge\u00bb},\u00bbchildren\u00bb:[{\u00abtype\u00bb:\u00bbcolumn\u00bb,\u00bbprops\u00bb:{\u00abimage\u00bb:\u00bbwp-content\/uploads\/feature-integrations-bg.svg\u00bb,\u00bbimage_position\u00bb:\u00bbcenter-center\u00bb,\u00bbposition_sticky_breakpoint\u00bb:\u00bbm\u00bb},\u00bbchildren\u00bb:[{\u00abtype\u00bb:\u00bbheadline\u00bb,\u00bbprops\u00bb:{\u00abcontent\u00bb:\u00bbComentarios de clientes\u00bb,\u00bbid\u00bb:\u00bbValoraci\u00f3n\u00bb,\u00bbimage_align\u00bb:\u00bbleft\u00bb,\u00bbimage_margin\u00bb:\u00bbxsmall\u00bb,\u00bbtitle_element\u00bb:\u00bbh3&#8243;}},{\u00abtype\u00bb:\u00bblist\u00bb,\u00bbprops\u00bb:{\u00abcolumn_breakpoint\u00bb:\u00bbm\u00bb,\u00bbcontent_style\u00bb:\u00bbh4&#8243;,\u00bbimage_align\u00bb:\u00bbleft\u00bb,\u00bbimage_height\u00bb:35,\u00bbimage_svg_color\u00bb:\u00bbemphasis\u00bb,\u00bbimage_vertical_align\u00bb:true,\u00bbimage_width\u00bb:35,\u00bblist_element\u00bb:\u00bbul\u00bb,\u00bblist_horizontal_separator\u00bb:\u00bb, \u00ab,\u00bblist_type\u00bb:\u00bbvertical\u00bb,\u00bbshow_image\u00bb:true,\u00bbshow_link\u00bb:true},\u00bbchildren\u00bb:[{\u00abtype\u00bb:\u00bblist_item\u00bb,\u00bbprops\u00bb:{\u00abcontent\u00bb:\u00bb<\/p>\n<p style=\\\"font-family: 'Roboto', sans-serif; font-size: 1.5rem;\\\">\\n  <span style=\\\"color: #008000; font-weight: bold;\\\">9.7<\/span> Media\\n<\/p>\n<p>\u00ab,\u00bbimage\u00bb:\u00bbwp-content\/uploads\/yootheme\/icon-exclusive-experiences.svg\u00bb,\u00bbimage_alt\u00bb:\u00bbMedia\u00bb}}]},{\u00abtype\u00bb:\u00bbpanel-slider\u00bb,\u00bbprops\u00bb:{\u00abcontent_column_breakpoint\u00bb:\u00bbm\u00bb,\u00bbcontent_margin\u00bb:\u00bbsmall\u00bb,\u00bbcontent_style\u00bb:\u00bbh5&#8243;,\u00bbcss\u00bb:\u00bb.el-item {box-shadow: none;}\u00bb,\u00bbimage_align\u00bb:\u00bbleft\u00bb,\u00bbimage_grid_breakpoint\u00bb:\u00bbm\u00bb,\u00bbimage_grid_column_gap\u00bb:\u00bbmedium\u00bb,\u00bbimage_grid_row_gap\u00bb:\u00bbsmall\u00bb,\u00bbimage_grid_width\u00bb:\u00bbauto\u00bb,\u00bbimage_svg_color\u00bb:\u00bbemphasis\u00bb,\u00bblink_style\u00bb:\u00bbdefault\u00bb,\u00bblink_text\u00bb:\u00bb\u00bb,\u00bbmargin_bottom\u00bb:\u00bb\u00bb,\u00bbmargin_top\u00bb:\u00bb\u00bb,\u00bbmeta_align\u00bb:\u00bbbelow-title\u00bb,\u00bbmeta_element\u00bb:\u00bbdiv\u00bb,\u00bbmeta_style\u00bb:\u00bbh4&#8243;,\u00bbnav\u00bb:\u00bb\u00bb,\u00bbnav_align\u00bb:\u00bbcenter\u00bb,\u00bbnav_breakpoint\u00bb:\u00bbs\u00bb,\u00bbpanel_card_offset\u00bb:false,\u00bbpanel_image_no_padding\u00bb:false,\u00bbpanel_link\u00bb:false,\u00bbpanel_match\u00bb:true,\u00bbpanel_padding\u00bb:\u00bbsmall\u00bb,\u00bbpanel_style\u00bb:\u00bbcard-default\u00bb,\u00bbshow_content\u00bb:true,\u00bbshow_hover_image\u00bb:true,\u00bbshow_hover_video\u00bb:true,\u00bbshow_image\u00bb:true,\u00bbshow_link\u00bb:true,\u00bbshow_meta\u00bb:true,\u00bbshow_title\u00bb:true,\u00bbshow_video\u00bb:true,\u00bbslidenav\u00bb:\u00bb\u00bb,\u00bbslidenav_breakpoint\u00bb:\u00bbxl\u00bb,\u00bbslidenav_margin\u00bb:\u00bbmedium\u00bb,\u00bbslidenav_outside_breakpoint\u00bb:\u00bbxl\u00bb,\u00bbslider_autoplay\u00bb:true,\u00bbslider_autoplay_interval\u00bb:\u00bb4&#8243;,\u00bbslider_autoplay_pause\u00bb:false,\u00bbslider_center\u00bb:true,\u00bbslider_finite\u00bb:false,\u00bbslider_gap\u00bb:\u00bbsmall\u00bb,\u00bbslider_sets\u00bb:false,\u00bbslider_width\u00bb:\u00bbfixed\u00bb,\u00bbslider_width_default\u00bb:\u00bb3-5&#8243;,\u00bbslider_width_large\u00bb:\u00bb1-3&#8243;,\u00bbslider_width_medium\u00bb:\u00bb1-3&#8243;,\u00bbslider_width_small\u00bb:\u00bb1-2&#8243;,\u00bbslider_width_xlarge\u00bb:\u00bb1-3&#8243;,\u00bbtitle_align\u00bb:\u00bbtop\u00bb,\u00bbtitle_color\u00bb:\u00bbprimary\u00bb,\u00bbtitle_element\u00bb:\u00bbh3&#8243;,\u00bbtitle_grid_breakpoint\u00bb:\u00bbm\u00bb,\u00bbtitle_grid_width\u00bb:\u00bb1-2&#8243;,\u00bbtitle_hover_style\u00bb:\u00bbreset\u00bb,\u00bbtitle_style\u00bb:\u00bbh6&#8243;},\u00bbchildren\u00bb:[{\u00abtype\u00bb:\u00bbpanel-slider_item\u00bb,\u00bbprops\u00bb:{\u00abcontent\u00bb:\u00bb<\/p>\n<p>Un lujo cruzar la calle y estar en el Retiro para correr por las ma\u00f1anas. El piso es s\u00faper moderno y c\u00f3modo.<\/p>\n<p>\u00ab,\u00bbimage\u00bb:\u00bbwp-content\/uploads\/2025\/07\/usuario.png\u00bb,\u00bbimage_alt\u00bb:\u00bbrese\u00f1a de vivienda en Men\u00e9ndez Pelayo\u00bb,\u00bbmeta\u00bb:\u00bbFant\u00e1stico\u00bb,\u00bbtitle\u00bb:\u00bbElena M.\u00bb}},{\u00abtype\u00bb:\u00bbpanel-slider_item\u00bb,\u00bbprops\u00bb:{\u00abcontent\u00bb:\u00bb<\/p>\n<p>Perfecto para mi estancia por trabajo. El metro al lado y la conexi\u00f3n a internet funcionaron de maravilla.<\/p>\n<p>\u00ab,\u00bbimage\u00bb:\u00bbwp-content\/uploads\/2025\/07\/usuario.png\u00bb,\u00bbimage_alt\u00bb:\u00bbrese\u00f1a de vivienda en Men\u00e9ndez Pelayo\u00bb,\u00bbmeta\u00bb:\u00bbGenial\u00bb,\u00bbtitle\u00bb:\u00bbJavier R.\u00bb}},{\u00abtype\u00bb:\u00bbpanel-slider_item\u00bb,\u00bbprops\u00bb:{\u00abcontent\u00bb:\u00bb<\/p>\n<p>La opci\u00f3n de convertir el sal\u00f3n en habitaci\u00f3n fue genial para recibir a mi hermana unos d\u00edas. Todo muy bien pensado.<\/p>\n<p>\u00ab,\u00bbimage\u00bb:\u00bbwp-content\/uploads\/2025\/07\/usuario.png\u00bb,\u00bbimage_alt\u00bb:\u00bbrese\u00f1a de vivienda en Men\u00e9ndez Pelayo\u00bb,\u00bbmeta\u00bb:\u00bbMuy c\u00f3modo\u00bb,\u00bbtitle\u00bb:\u00bbSof\u00eda L.\u00bb}},{\u00abtype\u00bb:\u00bbpanel-slider_item\u00bb,\u00bbprops\u00bb:{\u00abcontent\u00bb:\u00bb<\/p>\n<p>La tele de 55\u201d y el aire acondicionado hicieron que me sintiera mejor que en un hotel. Repetir\u00eda.<\/p>\n<p>\u00ab,\u00bbimage\u00bb:\u00bbwp-content\/uploads\/2025\/07\/usuario.png\u00bb,\u00bbimage_alt\u00bb:\u00bbrese\u00f1a de vivienda en Men\u00e9ndez Pelayo\u00bb,\u00bbmeta\u00bb:\u00bbGenial\u00bb,\u00bbtitle\u00bb:\u00bbMarc T.\u00bb}}]}]}]},{\u00abtype\u00bb:\u00bbrow\u00bb,\u00bbprops\u00bb:{\u00abwidth\u00bb:\u00bbxlarge\u00bb},\u00bbchildren\u00bb:[{\u00abtype\u00bb:\u00bbcolumn\u00bb,\u00bbprops\u00bb:{\u00abimage_position\u00bb:\u00bbcenter-center\u00bb,\u00bbposition_sticky_breakpoint\u00bb:\u00bbm\u00bb},\u00bbchildren\u00bb:[{\u00abtype\u00bb:\u00bbheadline\u00bb,\u00bbprops\u00bb:{\u00ab_condition\u00bb:true,\u00bbcontent\u00bb:\u00bbEspecificaciones de la vivienda\u00bb,\u00bbid\u00bb:\u00bbServicios\u00bb,\u00bbimage_align\u00bb:\u00bbleft\u00bb,\u00bbimage_margin\u00bb:\u00bbxsmall\u00bb,\u00bbmargin_bottom\u00bb:\u00bbremove\u00bb,\u00bbmargin_top\u00bb:\u00bblarge\u00bb,\u00bbtitle_element\u00bb:\u00bbh2&#8243;,\u00bbtitle_style\u00bb:\u00bbh3&#8243;}},{\u00abtype\u00bb:\u00bbtext\u00bb,\u00bbprops\u00bb:{\u00abcolumn_breakpoint\u00bb:\u00bbm\u00bb,\u00bbcontent\u00bb:\u00bb<\/p>\n<p>\u00a1Muy buenos servicios! Puntuaci\u00f3n: <span class=\\\"uk-text-primary\\\"><strong>10<\/strong> \u2b50<\/span><\/p>\n<p>\u00ab,\u00bbmargin_bottom\u00bb:\u00bbdefault\u00bb,\u00bbmargin_top\u00bb:\u00bbdefault\u00bb,\u00bbtext_color\u00bb:\u00bbemphasis\u00bb,\u00bbtext_style\u00bb:\u00bblead\u00bb}},{\u00abtype\u00bb:\u00bbgrid\u00bb,\u00bbprops\u00bb:{\u00abcontent_column_breakpoint\u00bb:\u00bbm\u00bb,\u00bbcontent_margin\u00bb:\u00bbremove\u00bb,\u00bbfilter_align\u00bb:\u00bbleft\u00bb,\u00bbfilter_all\u00bb:true,\u00bbfilter_grid_breakpoint\u00bb:\u00bbm\u00bb,\u00bbfilter_grid_width\u00bb:\u00bbauto\u00bb,\u00bbfilter_position\u00bb:\u00bbtop\u00bb,\u00bbfilter_style\u00bb:\u00bbtab\u00bb,\u00bbgrid_column_gap\u00bb:\u00bbsmall\u00bb,\u00bbgrid_default\u00bb:\u00bb2&#8243;,\u00bbgrid_medium\u00bb:\u00bb1&#8243;,\u00bbgrid_row_gap\u00bb:\u00bbsmall\u00bb,\u00bbgrid_small\u00bb:\u00bb1&#8243;,\u00bbgrid_xlarge\u00bb:\u00bb1&#8243;,\u00bbimage_align\u00bb:\u00bbtop\u00bb,\u00bbimage_grid_breakpoint\u00bb:\u00bb\u00bb,\u00bbimage_grid_column_gap\u00bb:\u00bbsmall\u00bb,\u00bbimage_grid_width\u00bb:\u00bbauto\u00bb,\u00bbimage_height\u00bb:25,\u00bbimage_svg_color\u00bb:\u00bbemphasis\u00bb,\u00bbimage_svg_inline\u00bb:true,\u00bbimage_width\u00bb:25,\u00bbitem_animation\u00bb:true,\u00bblightbox_bg_close\u00bb:true,\u00bblink_style\u00bb:\u00bbdefault\u00bb,\u00bblink_text\u00bb:\u00bbRead more\u00bb,\u00bbmargin_bottom\u00bb:\u00bbdefault\u00bb,\u00bbmargin_top\u00bb:\u00bbdefault\u00bb,\u00bbmeta_align\u00bb:\u00bbbelow-title\u00bb,\u00bbmeta_color\u00bb:\u00bbemphasis\u00bb,\u00bbmeta_element\u00bb:\u00bbdiv\u00bb,\u00bbmeta_margin\u00bb:\u00bbsmall\u00bb,\u00bbmeta_style\u00bb:\u00bbtext-meta\u00bb,\u00bbpanel_padding\u00bb:\u00bbsmall\u00bb,\u00bbpanel_style\u00bb:\u00bbcard-secondary\u00bb,\u00bbparallax_easing\u00bb:\u00bb1&#8243;,\u00bbshow_content\u00bb:true,\u00bbshow_hover_image\u00bb:true,\u00bbshow_hover_video\u00bb:true,\u00bbshow_image\u00bb:true,\u00bbshow_link\u00bb:true,\u00bbshow_meta\u00bb:true,\u00bbshow_title\u00bb:true,\u00bbshow_video\u00bb:true,\u00bbtext_align\u00bb:\u00bbcenter\u00bb,\u00bbtitle_align\u00bb:\u00bbtop\u00bb,\u00bbtitle_element\u00bb:\u00bbh4&#8243;,\u00bbtitle_grid_breakpoint\u00bb:\u00bbm\u00bb,\u00bbtitle_grid_width\u00bb:\u00bbsmall\u00bb,\u00bbtitle_hover_style\u00bb:\u00bbreset\u00bb,\u00bbtitle_margin\u00bb:\u00bbsmall\u00bb,\u00bbtitle_style\u00bb:\u00bbh5&#8243;,\u00bbvisibility\u00bb:\u00bbhidden-m\u00bb},\u00bbchildren\u00bb:[{\u00abtype\u00bb:\u00bbgrid_item\u00bb,\u00bbprops\u00bb:{\u00ab_condition\u00bb:true,\u00bbcontent\u00bb:\u00bb\u00bb,\u00bbimage\u00bb:\u00bbwp-content\/uploads\/cta-icon.svg\u00bb,\u00bbimage_alt\u00bb:\u00bbDormitorios alquiler Caliza\u00bb,\u00bbmeta\u00bb:\u00bb45 m\u00b2\u00bb,\u00bbtags\u00bb:\u00bbDormitorios alquiler Caliza\u00bb}},{\u00abtype\u00bb:\u00bbgrid_item\u00bb,\u00bbprops\u00bb:{\u00ab_condition\u00bb:true,\u00bbcontent\u00bb:\u00bb\u00bb,\u00bbimage\u00bb:\u00bbwp-content\/uploads\/icon-guests.svg\u00bb,\u00bbimage_alt\u00bb:\u00bb6 Personas\u00bb,\u00bbmeta\u00bb:\u00bb4 Personas\u00bb,\u00bbtags\u00bb:\u00bb6 Personas\u00bb}},{\u00abtype\u00bb:\u00bbgrid_item\u00bb,\u00bbprops\u00bb:{\u00ab_condition\u00bb:true,\u00bbcontent\u00bb:\u00bb\u00bb,\u00bbimage\u00bb:\u00bbwp-content\/uploads\/yootheme\/icon-floorplan.svg\u00bb,\u00bbimage_alt\u00bb:\u00bb4 Habitaciones\u00bb,\u00bbmeta\u00bb:\u00bb2 Habitaciones\u00bb,\u00bbtags\u00bb:\u00bb4 Habitaciones\u00bb}},{\u00abtype\u00bb:\u00bbgrid_item\u00bb,\u00bbprops\u00bb:{\u00ab_condition\u00bb:true,\u00bbcontent\u00bb:\u00bb\u00bb,\u00bbimage\u00bb:\u00bbwp-content\/uploads\/icon-bathtub.svg\u00bb,\u00bbimage_alt\u00bb:\u00bb4 Habitaciones\u00bb,\u00bbmeta\u00bb:\u00bb1 Ba\u00f1os\u00bb,\u00bbtags\u00bb:\u00bb2 Ba\u00f1os\u00bb}}]},{\u00abtype\u00bb:\u00bbgrid\u00bb,\u00bbprops\u00bb:{\u00abcontent_column_breakpoint\u00bb:\u00bbm\u00bb,\u00bbfilter_align\u00bb:\u00bbleft\u00bb,\u00bbfilter_all\u00bb:true,\u00bbfilter_grid_breakpoint\u00bb:\u00bbm\u00bb,\u00bbfilter_grid_width\u00bb:\u00bbauto\u00bb,\u00bbfilter_position\u00bb:\u00bbtop\u00bb,\u00bbfilter_style\u00bb:\u00bbtab\u00bb,\u00bbgrid_default\u00bb:\u00bb2&#8243;,\u00bbgrid_medium\u00bb:\u00bb3&#8243;,\u00bbgrid_row_gap\u00bb:\u00bbsmall\u00bb,\u00bbimage_align\u00bb:\u00bbleft\u00bb,\u00bbimage_expand\u00bb:true,\u00bbimage_grid_breakpoint\u00bb:\u00bbs\u00bb,\u00bbimage_grid_column_gap\u00bb:\u00bbsmall\u00bb,\u00bbimage_grid_row_gap\u00bb:\u00bbsmall\u00bb,\u00bbimage_grid_width\u00bb:\u00bbauto\u00bb,\u00bbimage_height\u00bb:30,\u00bbimage_loading\u00bb:true,\u00bbimage_svg_animate\u00bb:false,\u00bbimage_svg_color\u00bb:\u00bb\u00bb,\u00bbimage_svg_inline\u00bb:true,\u00bbimage_vertical_align\u00bb:true,\u00bbimage_width\u00bb:30,\u00bbitem_animation\u00bb:true,\u00bblightbox_bg_close\u00bb:true,\u00bblink_style\u00bb:\u00bbdefault\u00bb,\u00bblink_text\u00bb:\u00bbRead more\u00bb,\u00bbmargin_bottom\u00bb:\u00bbmedium\u00bb,\u00bbmargin_top\u00bb:\u00bbmedium\u00bb,\u00bbmeta_align\u00bb:\u00bbbelow-title\u00bb,\u00bbmeta_element\u00bb:\u00bbdiv\u00bb,\u00bbmeta_style\u00bb:\u00bbtext-meta\u00bb,\u00bbparallax_easing\u00bb:\u00bb1&#8243;,\u00bbshow_content\u00bb:true,\u00bbshow_hover_image\u00bb:false,\u00bbshow_hover_video\u00bb:false,\u00bbshow_image\u00bb:true,\u00bbshow_link\u00bb:false,\u00bbshow_meta\u00bb:false,\u00bbshow_title\u00bb:false,\u00bbshow_video\u00bb:false,\u00bbtitle_align\u00bb:\u00bbtop\u00bb,\u00bbtitle_element\u00bb:\u00bbh3&#8243;,\u00bbtitle_grid_breakpoint\u00bb:\u00bbm\u00bb,\u00bbtitle_grid_width\u00bb:\u00bb1-2&#8243;,\u00bbtitle_hover_style\u00bb:\u00bbreset\u00bb},\u00bbchildren\u00bb:[{\u00abtype\u00bb:\u00bbgrid_item\u00bb,\u00bbprops\u00bb:{\u00abcontent\u00bb:\u00bb<\/p>\n<p>Cocina completa<\/p>\n<p>\u00ab,\u00bbimage\u00bb:\u00bbwp-content\/uploads\/icon-kitchen.svg\u00bb,\u00bbimage_alt\u00bb:\u00bbCocina\u00bb,\u00bbtags\u00bb:\u00bbCocina\u00bb}},{\u00abtype\u00bb:\u00bbgrid_item\u00bb,\u00bbprops\u00bb:{\u00abcontent\u00bb:\u00bb<\/p>\n<p>WiFi &#038; Fibra 1 GB<\/p>\n<p>\u00ab,\u00bbimage\u00bb:\u00bbwp-content\/uploads\/yootheme\/icon-wifi.svg\u00bb,\u00bbimage_alt\u00bb:\u00bbWiFi\u00bb,\u00bbtags\u00bb:\u00bbWiFi\u00bb}},{\u00abtype\u00bb:\u00bbgrid_item\u00bb,\u00bbprops\u00bb:{\u00abcontent\u00bb:\u00bbMicroondas\u00bb,\u00bbimage\u00bb:\u00bbwp-content\/uploads\/2025\/07\/microondas-cocina.webp\u00bb,\u00bbimage_alt\u00bb:\u00bbMicroondas\u00bb,\u00bbtags\u00bb:\u00bbMicroondas\u00bb}},{\u00abtype\u00bb:\u00bbgrid_item\u00bb,\u00bbprops\u00bb:{\u00abcontent\u00bb:\u00bb<\/p>\n<p>Lavadora<\/p>\n<p>\u00ab,\u00bbimage\u00bb:\u00bbwp-content\/uploads\/icon-washing-machine.svg\u00bb,\u00bbimage_alt\u00bb:\u00bbLavadora\u00bb,\u00bbtags\u00bb:\u00bbLavadora\u00bb}},{\u00abtype\u00bb:\u00bbgrid_item\u00bb,\u00bbprops\u00bb:{\u00abcontent\u00bb:\u00bbCalefacci\u00f3n\u00bb,\u00bbimage\u00bb:\u00bbwp-content\/uploads\/yootheme\/icon-sauna.svg\u00bb,\u00bbimage_alt\u00bb:\u00bbCalefacci\u00f3n\u00bb,\u00bbtags\u00bb:\u00bbAccesible minusv\u00e1lidos\u00bb}},{\u00abtype\u00bb:\u00bbgrid_item\u00bb,\u00bbprops\u00bb:{\u00abcontent\u00bb:\u00bbTV 55\\\u00bb plana\u00bb,\u00bbimage\u00bb:\u00bbwp-content\/uploads\/yootheme\/icon-tv.svg\u00bb,\u00bbimage_alt\u00bb:\u00bbTV\u00bb,\u00bbtags\u00bb:\u00bbTV\u00bb}},{\u00abtype\u00bb:\u00bbgrid_item\u00bb,\u00bbprops\u00bb:{\u00abcontent\u00bb:\u00bbDucha\u00bb,\u00bbimage\u00bb:\u00bbwp-content\/uploads\/icon-shower.svg\u00bb,\u00bbimage_alt\u00bb:\u00bbDucha\u00bb,\u00bbtags\u00bb:\u00bbDucha\u00bb}},{\u00abtype\u00bb:\u00bbgrid_item\u00bb,\u00bbprops\u00bb:{\u00abcontent\u00bb:\u00bbHorno\u00bb,\u00bbimage\u00bb:\u00bbwp-content\/uploads\/2025\/07\/Hornos.png\u00bb,\u00bbimage_alt\u00bb:\u00bbHorno\u00bb,\u00bbtags\u00bb:\u00bbHorno\u00bb}},{\u00abtype\u00bb:\u00bbgrid_item\u00bb,\u00bbprops\u00bb:{\u00abcontent\u00bb:\u00bbAislamientos\u00bb,\u00bbimage\u00bb:\u00bbwp-content\/uploads\/2025\/07\/aislamientoss.webp\u00bb,\u00bbimage_alt\u00bb:\u00bbAislamientos\u00bb,\u00bbtags\u00bb:\u00bbAislamientos\u00bb}},{\u00abtype\u00bb:\u00bbgrid_item\u00bb,\u00bbprops\u00bb:{\u00abcontent\u00bb:\u00bb<\/p>\n<p>Aire acondicionado<\/p>\n<p>\u00ab,\u00bbimage\u00bb:\u00bbwp-content\/uploads\/icon-air-conditioning.svg\u00bb,\u00bbimage_alt\u00bb:\u00bbAire acondicionado\u00bb,\u00bbtags\u00bb:\u00bbAire acondicionado\u00bb,\u00bbtitle\u00bb:\u00bb\u00bb}}]}]}]},{\u00abtype\u00bb:\u00bbrow\u00bb,\u00bbprops\u00bb:{\u00abwidth\u00bb:\u00bbxlarge\u00bb},\u00bbchildren\u00bb:[{\u00abtype\u00bb:\u00bbcolumn\u00bb,\u00bbprops\u00bb:{\u00abimage_position\u00bb:\u00bbcenter-center\u00bb,\u00bbposition_sticky_breakpoint\u00bb:\u00bbm\u00bb},\u00bbchildren\u00bb:[{\u00abtype\u00bb:\u00bbheadline\u00bb,\u00bbprops\u00bb:{\u00ab_condition\u00bb:true,\u00bbcontent\u00bb:\u00bbPreguntas frecuentes\u00bb,\u00bbid\u00bb:\u00bbPreguntas\u00bb,\u00bbimage_align\u00bb:\u00bbleft\u00bb,\u00bbimage_margin\u00bb:\u00bbxsmall\u00bb,\u00bbmargin_bottom\u00bb:\u00bbremove\u00bb,\u00bbmargin_top\u00bb:\u00bblarge\u00bb,\u00bbtitle_decoration\u00bb:\u00bbline\u00bb,\u00bbtitle_element\u00bb:\u00bbh2&#8243;,\u00bbtitle_style\u00bb:\u00bbh3&#8243;}}]}]},{\u00abtype\u00bb:\u00bbrow\u00bb,\u00bbprops\u00bb:{\u00abhtml_element\u00bb:\u00bbsection\u00bb,\u00bblayout\u00bb:\u00bb1-2,1-2&#8243;,\u00bbwidth\u00bb:\u00bbxlarge\u00bb},\u00bbchildren\u00bb:[{\u00abtype\u00bb:\u00bbcolumn\u00bb,\u00bbprops\u00bb:{\u00abimage_position\u00bb:\u00bbcenter-center\u00bb,\u00bbposition_sticky_breakpoint\u00bb:\u00bbm\u00bb,\u00bbwidth_medium\u00bb:\u00bb1-2&#8243;},\u00bbchildren\u00bb:[{\u00abtype\u00bb:\u00bbaccordion\u00bb,\u00bbprops\u00bb:{\u00abcollapsible\u00bb:true,\u00bbcontent_column_breakpoint\u00bb:\u00bbm\u00bb,\u00bbimage_align\u00bb:\u00bbtop\u00bb,\u00bbimage_grid_breakpoint\u00bb:\u00bbm\u00bb,\u00bbimage_grid_width\u00bb:\u00bb1-2&#8243;,\u00bbimage_svg_color\u00bb:\u00bbemphasis\u00bb,\u00bblink_style\u00bb:\u00bbdefault\u00bb,\u00bblink_text\u00bb:\u00bbRead more\u00bb,\u00bbshow_image\u00bb:true,\u00bbshow_link\u00bb:true},\u00bbchildren\u00bb:[{\u00abtype\u00bb:\u00bbaccordion_item\u00bb,\u00bbprops\u00bb:{\u00abcontent\u00bb:\u00bbMen\u00e9ndez Pelayo no dispone de una plaza de aparcamiento.\u00bb,\u00bbtitle\u00bb:\u00bb\u00bfHay parking?\u00bb}},{\u00abtype\u00bb:\u00bbaccordion_item\u00bb,\u00bbprops\u00bb:{\u00abcontent\u00bb:\u00bbNo hay opciones de desayuno disponibles.\u00bb,\u00bbtitle\u00bb:\u00bb\u00bfSe sirven desayunos?\u00bb}},{\u00abtype\u00bb:\u00bbaccordion_item\u00bb,\u00bbprops\u00bb:{\u00abcontent\u00bb:\u00bbNo hay restaurante.\u00bb,\u00bbtitle\u00bb:\u00bb\u00bfHay restaurante?\u00bb}}]}]},{\u00abtype\u00bb:\u00bbcolumn\u00bb,\u00bbprops\u00bb:{\u00abimage_position\u00bb:\u00bbcenter-center\u00bb,\u00bbposition_sticky_breakpoint\u00bb:\u00bbm\u00bb,\u00bbwidth_medium\u00bb:\u00bb1-2&#8243;},\u00bbchildren\u00bb:[{\u00abtype\u00bb:\u00bbdivider\u00bb,\u00bbprops\u00bb:{\u00abdivider_element\u00bb:\u00bbhr\u00bb,\u00bbvisibility\u00bb:\u00bbhidden-m\u00bb}},{\u00abtype\u00bb:\u00bbaccordion\u00bb,\u00bbprops\u00bb:{\u00abcollapsible\u00bb:true,\u00bbcontent_column_breakpoint\u00bb:\u00bbm\u00bb,\u00bbimage_align\u00bb:\u00bbtop\u00bb,\u00bbimage_grid_breakpoint\u00bb:\u00bbm\u00bb,\u00bbimage_grid_width\u00bb:\u00bb1-2&#8243;,\u00bbimage_svg_color\u00bb:\u00bbemphasis\u00bb,\u00bblink_style\u00bb:\u00bbdefault\u00bb,\u00bblink_text\u00bb:\u00bbRead more\u00bb,\u00bbshow_image\u00bb:true,\u00bbshow_link\u00bb:true},\u00bbchildren\u00bb:[{\u00abtype\u00bb:\u00bbaccordion_item\u00bb,\u00bbprops\u00bb:{\u00abcontent\u00bb:\u00bb<\/p>\n<p>Men\u00e9ndez Pelayo no admite mascotas.<\/p>\n<p>\u00ab,\u00bbtitle\u00bb:\u00bb\u00bfPuedo llevar a mi mascota?\u00bb}},{\u00abtype\u00bb:\u00bbaccordion_item\u00bb,\u00bbprops\u00bb:{\u00abcontent\u00bb:\u00bb<\/p>\n<p>Los precios varian en funci\u00f3n de la estancia (fechas, condiciones del apartamento, etc.).<\/p>\n<p>\u00ab,\u00bbtitle\u00bb:\u00bb\u00bfCu\u00e1nto cuesta alojarse en Men\u00e9ndez Pelayo?\u00bb}}]}]}]}],\u00bbname\u00bb:\u00bbAccommodation\u00bb},{\u00abtype\u00bb:\u00bbsection\u00bb,\u00bbprops\u00bb:{\u00abheader_transparent\u00bb:false,\u00bbhtml_element\u00bb:\u00bbsection\u00bb,\u00bbimage_position\u00bb:\u00bbcenter-center\u00bb,\u00bbpadding_bottom\u00bb:\u00bbsmall\u00bb,\u00bbpadding_top\u00bb:\u00bbsmall\u00bb,\u00bbstyle\u00bb:\u00bbdefault\u00bb,\u00bbtitle_breakpoint\u00bb:\u00bbxl\u00bb,\u00bbtitle_position\u00bb:\u00bbtop-left\u00bb,\u00bbtitle_rotation\u00bb:\u00bbleft\u00bb,\u00bbvertical_align\u00bb:\u00bb\u00bb,\u00bbwidth\u00bb:\u00bbxlarge\u00bb},\u00bbchildren\u00bb:[{\u00abtype\u00bb:\u00bbrow\u00bb,\u00bbchildren\u00bb:[{\u00abtype\u00bb:\u00bbcolumn\u00bb,\u00bbprops\u00bb:{\u00abimage_position\u00bb:\u00bbcenter-center\u00bb,\u00bbposition_sticky_breakpoint\u00bb:\u00bbm\u00bb},\u00bbchildren\u00bb:[{\u00abtype\u00bb:\u00bbheadline\u00bb,\u00bbprops\u00bb:{\u00abcontent\u00bb:\u00bbNormas de la vivienda\u00bb,\u00bbid\u00bb:\u00bbnormas\u00bb,\u00bbimage_align\u00bb:\u00bbleft\u00bb,\u00bbimage_margin\u00bb:\u00bbxsmall\u00bb,\u00bbtitle_decoration\u00bb:\u00bbline\u00bb,\u00bbtitle_element\u00bb:\u00bbh3&#8243;}}]}]},{\u00abtype\u00bb:\u00bbrow\u00bb,\u00bbprops\u00bb:{\u00ablayout\u00bb:\u00bb1-4,3-4&#8243;},\u00bbchildren\u00bb:[{\u00abtype\u00bb:\u00bbcolumn\u00bb,\u00bbprops\u00bb:{\u00abimage_position\u00bb:\u00bbcenter-center\u00bb,\u00bbposition_sticky_breakpoint\u00bb:\u00bbm\u00bb,\u00bbwidth_medium\u00bb:\u00bb1-4&#8243;},\u00bbchildren\u00bb:[{\u00abtype\u00bb:\u00bblist\u00bb,\u00bbprops\u00bb:{\u00abcolumn_breakpoint\u00bb:\u00bbm\u00bb,\u00bbcontent_style\u00bb:\u00bbh5&#8243;,\u00bbimage_align\u00bb:\u00bbleft\u00bb,\u00bbimage_height\u00bb:30,\u00bbimage_svg_color\u00bb:\u00bbemphasis\u00bb,\u00bbimage_vertical_align\u00bb:true,\u00bbimage_width\u00bb:30,\u00bblist_element\u00bb:\u00bbul\u00bb,\u00bblist_horizontal_separator\u00bb:\u00bb, \u00ab,\u00bblist_type\u00bb:\u00bbvertical\u00bb,\u00bbshow_image\u00bb:true,\u00bbshow_link\u00bb:true},\u00bbchildren\u00bb:[{\u00abtype\u00bb:\u00bblist_item\u00bb,\u00bbprops\u00bb:{\u00abcontent\u00bb:\u00bbEntrada\u00bb,\u00bbicon\u00bb:\u00bb\u00bb,\u00bbimage\u00bb:\u00bbwp-content\/uploads\/2025\/07\/check-in.png\u00bb,\u00bbimage_alt\u00bb:\u00bbCheck-in\u00bb}}]}]},{\u00abtype\u00bb:\u00bbcolumn\u00bb,\u00bbprops\u00bb:{\u00abimage_position\u00bb:\u00bbcenter-center\u00bb,\u00bbposition_sticky_breakpoint\u00bb:\u00bbm\u00bb,\u00bbwidth_medium\u00bb:\u00bb3-4&#8243;},\u00bbchildren\u00bb:[{\u00abtype\u00bb:\u00bbdescription_list\u00bb,\u00bbprops\u00bb:{\u00abcolumn_breakpoint\u00bb:\u00bbm\u00bb,\u00bblayout\u00bb:\u00bbgrid-2&#8243;,\u00bblist_element\u00bb:\u00bbul\u00bb,\u00bblist_size\u00bb:\u00bblarge\u00bb,\u00bbmeta_align\u00bb:\u00bbbelow-content\u00bb,\u00bbmeta_style\u00bb:\u00bbtext-meta\u00bb,\u00bbshow_content\u00bb:true,\u00bbshow_link\u00bb:true,\u00bbshow_meta\u00bb:true,\u00bbshow_title\u00bb:true,\u00bbtitle_color\u00bb:\u00bbmuted\u00bb,\u00bbtitle_element\u00bb:\u00bbh3&#8243;,\u00bbtitle_grid_breakpoint\u00bb:\u00bbs\u00bb,\u00bbtitle_grid_column_gap\u00bb:\u00bb\u00bb,\u00bbtitle_grid_row_gap\u00bb:\u00bb\u00bb,\u00bbtitle_grid_width\u00bb:\u00bbmedium\u00bb,\u00bbtitle_style\u00bb:\u00bbh6&#8243;},\u00bbchildren\u00bb:[{\u00abtype\u00bb:\u00bbdescription_list_item\u00bb,\u00bbprops\u00bb:{\u00abcontent\u00bb:\u00bbTienes que decirnos con antelaci\u00f3n a qu\u00e9 hora vas a llegar.\u00bb,\u00bbmeta\u00bb:\u00bb\u00bb,\u00bbtitle\u00bb:\u00bbTe recibiremos personalmente\u00bb}}]}]}]},{\u00abtype\u00bb:\u00bbrow\u00bb,\u00bbchildren\u00bb:[{\u00abtype\u00bb:\u00bbcolumn\u00bb,\u00bbprops\u00bb:{\u00abimage_position\u00bb:\u00bbcenter-center\u00bb,\u00bbposition_sticky_breakpoint\u00bb:\u00bbm\u00bb},\u00bbchildren\u00bb:[{\u00abtype\u00bb:\u00bbdivider\u00bb,\u00bbprops\u00bb:{\u00abdivider_element\u00bb:\u00bbhr\u00bb}}]}]},{\u00abtype\u00bb:\u00bbrow\u00bb,\u00bbprops\u00bb:{\u00ablayout\u00bb:\u00bb1-4,3-4&#8243;},\u00bbchildren\u00bb:[{\u00abtype\u00bb:\u00bbcolumn\u00bb,\u00bbprops\u00bb:{\u00abimage_position\u00bb:\u00bbcenter-center\u00bb,\u00bbposition_sticky_breakpoint\u00bb:\u00bbm\u00bb,\u00bbwidth_medium\u00bb:\u00bb1-4&#8243;},\u00bbchildren\u00bb:[{\u00abtype\u00bb:\u00bblist\u00bb,\u00bbprops\u00bb:{\u00abcolumn_breakpoint\u00bb:\u00bbm\u00bb,\u00bbcontent_style\u00bb:\u00bbh5&#8243;,\u00bbimage_align\u00bb:\u00bbleft\u00bb,\u00bbimage_svg_color\u00bb:\u00bbemphasis\u00bb,\u00bbimage_vertical_align\u00bb:true,\u00bblist_element\u00bb:\u00bbul\u00bb,\u00bblist_horizontal_separator\u00bb:\u00bb, \u00ab,\u00bblist_type\u00bb:\u00bbvertical\u00bb,\u00bbshow_image\u00bb:true,\u00bbshow_link\u00bb:true},\u00bbchildren\u00bb:[{\u00abtype\u00bb:\u00bblist_item\u00bb,\u00bbprops\u00bb:{\u00abcontent\u00bb:\u00bbSalida\u00bb,\u00bbicon\u00bb:\u00bb\u00bb,\u00bbimage\u00bb:\u00bbwp-content\/uploads\/2025\/07\/salida.png\u00bb,\u00bbimage_alt\u00bb:\u00bbCheck-out\u00bb}}]}]},{\u00abtype\u00bb:\u00bbcolumn\u00bb,\u00bbprops\u00bb:{\u00abimage_position\u00bb:\u00bbcenter-center\u00bb,\u00bbposition_sticky_breakpoint\u00bb:\u00bbm\u00bb,\u00bbwidth_medium\u00bb:\u00bb3-4&#8243;},\u00bbchildren\u00bb:[{\u00abtype\u00bb:\u00bbdescription_list\u00bb,\u00bbprops\u00bb:{\u00abcolumn_breakpoint\u00bb:\u00bbm\u00bb,\u00bblayout\u00bb:\u00bbgrid-2&#8243;,\u00bblist_element\u00bb:\u00bbul\u00bb,\u00bblist_size\u00bb:\u00bblarge\u00bb,\u00bbmeta_align\u00bb:\u00bbbelow-content\u00bb,\u00bbmeta_style\u00bb:\u00bbtext-meta\u00bb,\u00bbshow_content\u00bb:true,\u00bbshow_link\u00bb:true,\u00bbshow_meta\u00bb:true,\u00bbshow_title\u00bb:true,\u00bbtitle_color\u00bb:\u00bbmuted\u00bb,\u00bbtitle_element\u00bb:\u00bbh3&#8243;,\u00bbtitle_grid_breakpoint\u00bb:\u00bbs\u00bb,\u00bbtitle_grid_column_gap\u00bb:\u00bb\u00bb,\u00bbtitle_grid_row_gap\u00bb:\u00bb\u00bb,\u00bbtitle_grid_width\u00bb:\u00bbmedium\u00bb,\u00bbtitle_style\u00bb:\u00bbh6&#8243;},\u00bbchildren\u00bb:[{\u00abtype\u00bb:\u00bbdescription_list_item\u00bb,\u00bbprops\u00bb:{\u00abcontent\u00bb:\u00bb\u00bb,\u00bbmeta\u00bb:\u00bb\u00bb,\u00bbtitle\u00bb:\u00bbSalida a las 11:00&#8243;}}]}]}]},{\u00abtype\u00bb:\u00bbrow\u00bb,\u00bbchildren\u00bb:[{\u00abtype\u00bb:\u00bbcolumn\u00bb,\u00bbprops\u00bb:{\u00abimage_position\u00bb:\u00bbcenter-center\u00bb,\u00bbposition_sticky_breakpoint\u00bb:\u00bbm\u00bb},\u00bbchildren\u00bb:[{\u00abtype\u00bb:\u00bbdivider\u00bb,\u00bbprops\u00bb:{\u00abdivider_element\u00bb:\u00bbhr\u00bb}}]}]},{\u00abtype\u00bb:\u00bbrow\u00bb,\u00bbprops\u00bb:{\u00ablayout\u00bb:\u00bb1-4,3-4&#8243;},\u00bbchildren\u00bb:[{\u00abtype\u00bb:\u00bbcolumn\u00bb,\u00bbprops\u00bb:{\u00abimage_position\u00bb:\u00bbcenter-center\u00bb,\u00bbposition_sticky_breakpoint\u00bb:\u00bbm\u00bb,\u00bbwidth_medium\u00bb:\u00bb1-4&#8243;},\u00bbchildren\u00bb:[{\u00abtype\u00bb:\u00bblist\u00bb,\u00bbprops\u00bb:{\u00abcolumn_breakpoint\u00bb:\u00bbm\u00bb,\u00bbcontent_style\u00bb:\u00bbh5&#8243;,\u00bbimage_align\u00bb:\u00bbleft\u00bb,\u00bbimage_svg_color\u00bb:\u00bbemphasis\u00bb,\u00bbimage_vertical_align\u00bb:true,\u00bblist_element\u00bb:\u00bbul\u00bb,\u00bblist_horizontal_separator\u00bb:\u00bb, \u00ab,\u00bblist_type\u00bb:\u00bbvertical\u00bb,\u00bbshow_image\u00bb:true,\u00bbshow_link\u00bb:true},\u00bbchildren\u00bb:[{\u00abtype\u00bb:\u00bblist_item\u00bb,\u00bbprops\u00bb:{\u00abcontent\u00bb:\u00bbCondiciones sobre da\u00f1os en el alojamiento\u00bb,\u00bbicon\u00bb:\u00bb\u00bb,\u00bbimage\u00bb:\u00bbwp-content\/uploads\/2025\/07\/Condiciones-sobre-danos.png\u00bb,\u00bbimage_alt\u00bb:\u00bbCondiciones sobre da\u00f1os\u00bb}}]}]},{\u00abtype\u00bb:\u00bbcolumn\u00bb,\u00bbprops\u00bb:{\u00abimage_position\u00bb:\u00bbcenter-center\u00bb,\u00bbposition_sticky_breakpoint\u00bb:\u00bbm\u00bb,\u00bbwidth_medium\u00bb:\u00bb3-4&#8243;},\u00bbchildren\u00bb:[{\u00abtype\u00bb:\u00bbdescription_list\u00bb,\u00bbprops\u00bb:{\u00abcolumn_breakpoint\u00bb:\u00bbm\u00bb,\u00bblayout\u00bb:\u00bbgrid-2&#8243;,\u00bblist_element\u00bb:\u00bbul\u00bb,\u00bblist_size\u00bb:\u00bblarge\u00bb,\u00bbmeta_align\u00bb:\u00bbbelow-content\u00bb,\u00bbmeta_style\u00bb:\u00bbtext-meta\u00bb,\u00bbshow_content\u00bb:true,\u00bbshow_link\u00bb:true,\u00bbshow_meta\u00bb:true,\u00bbshow_title\u00bb:true,\u00bbtitle_color\u00bb:\u00bbmuted\u00bb,\u00bbtitle_element\u00bb:\u00bbh3&#8243;,\u00bbtitle_grid_breakpoint\u00bb:\u00bbs\u00bb,\u00bbtitle_grid_column_gap\u00bb:\u00bb\u00bb,\u00bbtitle_grid_row_gap\u00bb:\u00bb\u00bb,\u00bbtitle_grid_width\u00bb:\u00bbmedium\u00bb,\u00bbtitle_style\u00bb:\u00bbh6&#8243;},\u00bbchildren\u00bb:[{\u00abtype\u00bb:\u00bbdescription_list_item\u00bb,\u00bbprops\u00bb:{\u00abcontent\u00bb:\u00bbEn contratos personales seg\u00fan normativa se solicita 1 mes de fianza.\u00bb,\u00bbmeta\u00bb:\u00bb\u00bb,\u00bbtitle\u00bb:\u00bbGarant\u00edas\u00bb}}]}]}]},{\u00abtype\u00bb:\u00bbrow\u00bb,\u00bbchildren\u00bb:[{\u00abtype\u00bb:\u00bbcolumn\u00bb,\u00bbprops\u00bb:{\u00abimage_position\u00bb:\u00bbcenter-center\u00bb,\u00bbposition_sticky_breakpoint\u00bb:\u00bbm\u00bb},\u00bbchildren\u00bb:[{\u00abtype\u00bb:\u00bbdivider\u00bb,\u00bbprops\u00bb:{\u00abdivider_element\u00bb:\u00bbhr\u00bb}}]}]},{\u00abtype\u00bb:\u00bbrow\u00bb,\u00bbprops\u00bb:{\u00ablayout\u00bb:\u00bb1-4,3-4&#8243;},\u00bbchildren\u00bb:[{\u00abtype\u00bb:\u00bbcolumn\u00bb,\u00bbprops\u00bb:{\u00abimage_position\u00bb:\u00bbcenter-center\u00bb,\u00bbposition_sticky_breakpoint\u00bb:\u00bbm\u00bb,\u00bbwidth_medium\u00bb:\u00bb1-4&#8243;},\u00bbchildren\u00bb:[{\u00abtype\u00bb:\u00bblist\u00bb,\u00bbprops\u00bb:{\u00abcolumn_breakpoint\u00bb:\u00bbm\u00bb,\u00bbcontent_style\u00bb:\u00bbh5&#8243;,\u00bbimage_align\u00bb:\u00bbleft\u00bb,\u00bbimage_svg_color\u00bb:\u00bbemphasis\u00bb,\u00bbimage_vertical_align\u00bb:true,\u00bblist_element\u00bb:\u00bbul\u00bb,\u00bblist_horizontal_separator\u00bb:\u00bb, \u00ab,\u00bblist_type\u00bb:\u00bbvertical\u00bb,\u00bbshow_image\u00bb:true,\u00bbshow_link\u00bb:true},\u00bbchildren\u00bb:[{\u00abtype\u00bb:\u00bblist_item\u00bb,\u00bbprops\u00bb:{\u00abcontent\u00bb:\u00bbNo fumadores\u00bb,\u00bbicon\u00bb:\u00bb\u00bb,\u00bbimage\u00bb:\u00bbwp-content\/uploads\/2025\/07\/no-fumar.png\u00bb,\u00bbimage_alt\u00bb:\u00bbProhibido fumar\u00bb}}]}]},{\u00abtype\u00bb:\u00bbcolumn\u00bb,\u00bbprops\u00bb:{\u00abimage_position\u00bb:\u00bbcenter-center\u00bb,\u00bbposition_sticky_breakpoint\u00bb:\u00bbm\u00bb,\u00bbwidth_medium\u00bb:\u00bb3-4&#8243;},\u00bbchildren\u00bb:[{\u00abtype\u00bb:\u00bbdescription_list\u00bb,\u00bbprops\u00bb:{\u00abcolumn_breakpoint\u00bb:\u00bbm\u00bb,\u00bblayout\u00bb:\u00bbgrid-2&#8243;,\u00bblist_element\u00bb:\u00bbul\u00bb,\u00bblist_size\u00bb:\u00bblarge\u00bb,\u00bbmeta_align\u00bb:\u00bbbelow-content\u00bb,\u00bbmeta_style\u00bb:\u00bbtext-meta\u00bb,\u00bbshow_content\u00bb:true,\u00bbshow_link\u00bb:true,\u00bbshow_meta\u00bb:true,\u00bbshow_title\u00bb:true,\u00bbtitle_color\u00bb:\u00bbmuted\u00bb,\u00bbtitle_element\u00bb:\u00bbh3&#8243;,\u00bbtitle_grid_breakpoint\u00bb:\u00bbs\u00bb,\u00bbtitle_grid_column_gap\u00bb:\u00bb\u00bb,\u00bbtitle_grid_row_gap\u00bb:\u00bb\u00bb,\u00bbtitle_grid_width\u00bb:\u00bbmedium\u00bb,\u00bbtitle_style\u00bb:\u00bbh6&#8243;},\u00bbchildren\u00bb:[{\u00abtype\u00bb:\u00bbdescription_list_item\u00bb,\u00bbprops\u00bb:{\u00abcontent\u00bb:\u00bb\u00bb,\u00bbmeta\u00bb:\u00bb\u00bb,\u00bbtitle\u00bb:\u00bbNo se puede fumar\u00bb}}]}]}]},{\u00abtype\u00bb:\u00bbrow\u00bb,\u00bbchildren\u00bb:[{\u00abtype\u00bb:\u00bbcolumn\u00bb,\u00bbprops\u00bb:{\u00abimage_position\u00bb:\u00bbcenter-center\u00bb,\u00bbposition_sticky_breakpoint\u00bb:\u00bbm\u00bb},\u00bbchildren\u00bb:[{\u00abtype\u00bb:\u00bbdivider\u00bb,\u00bbprops\u00bb:{\u00abdivider_element\u00bb:\u00bbhr\u00bb}}]}]},{\u00abtype\u00bb:\u00bbrow\u00bb,\u00bbprops\u00bb:{\u00ablayout\u00bb:\u00bb1-4,3-4&#8243;},\u00bbchildren\u00bb:[{\u00abtype\u00bb:\u00bbcolumn\u00bb,\u00bbprops\u00bb:{\u00abimage_position\u00bb:\u00bbcenter-center\u00bb,\u00bbposition_sticky_breakpoint\u00bb:\u00bbm\u00bb,\u00bbwidth_medium\u00bb:\u00bb1-4&#8243;},\u00bbchildren\u00bb:[{\u00abtype\u00bb:\u00bblist\u00bb,\u00bbprops\u00bb:{\u00abcolumn_breakpoint\u00bb:\u00bbm\u00bb,\u00bbcontent_style\u00bb:\u00bbh5&#8243;,\u00bbimage_align\u00bb:\u00bbleft\u00bb,\u00bbimage_svg_color\u00bb:\u00bbemphasis\u00bb,\u00bbimage_vertical_align\u00bb:true,\u00bblist_element\u00bb:\u00bbul\u00bb,\u00bblist_horizontal_separator\u00bb:\u00bb, \u00ab,\u00bblist_type\u00bb:\u00bbvertical\u00bb,\u00bbshow_image\u00bb:true,\u00bbshow_link\u00bb:true},\u00bbchildren\u00bb:[{\u00abtype\u00bb:\u00bblist_item\u00bb,\u00bbprops\u00bb:{\u00abcontent\u00bb:\u00bbFiestas\u00bb,\u00bbicon\u00bb:\u00bb\u00bb,\u00bbimage\u00bb:\u00bbwp-content\/uploads\/2025\/07\/fiestas.png\u00bb,\u00bbimage_alt\u00bb:\u00bbprohibido Fiestas\u00bb}}]}]},{\u00abtype\u00bb:\u00bbcolumn\u00bb,\u00bbprops\u00bb:{\u00abimage_position\u00bb:\u00bbcenter-center\u00bb,\u00bbposition_sticky_breakpoint\u00bb:\u00bbm\u00bb,\u00bbwidth_medium\u00bb:\u00bb3-4&#8243;},\u00bbchildren\u00bb:[{\u00abtype\u00bb:\u00bbdescription_list\u00bb,\u00bbprops\u00bb:{\u00abcolumn_breakpoint\u00bb:\u00bbm\u00bb,\u00bblayout\u00bb:\u00bbgrid-2&#8243;,\u00bblist_element\u00bb:\u00bbul\u00bb,\u00bblist_size\u00bb:\u00bblarge\u00bb,\u00bbmeta_align\u00bb:\u00bbbelow-content\u00bb,\u00bbmeta_style\u00bb:\u00bbtext-meta\u00bb,\u00bbshow_content\u00bb:true,\u00bbshow_link\u00bb:true,\u00bbshow_meta\u00bb:true,\u00bbshow_title\u00bb:true,\u00bbtitle_color\u00bb:\u00bbmuted\u00bb,\u00bbtitle_element\u00bb:\u00bbh3&#8243;,\u00bbtitle_grid_breakpoint\u00bb:\u00bbs\u00bb,\u00bbtitle_grid_column_gap\u00bb:\u00bb\u00bb,\u00bbtitle_grid_row_gap\u00bb:\u00bb\u00bb,\u00bbtitle_grid_width\u00bb:\u00bbmedium\u00bb,\u00bbtitle_style\u00bb:\u00bbh6&#8243;},\u00bbchildren\u00bb:[{\u00abtype\u00bb:\u00bbdescription_list_item\u00bb,\u00bbprops\u00bb:{\u00abcontent\u00bb:\u00bb\u00bb,\u00bbmeta\u00bb:\u00bb\u00bb,\u00bbtitle\u00bb:\u00bbNo se pueden celebrar fiestas\/eventos\u00bb}}]}]}]},{\u00abtype\u00bb:\u00bbrow\u00bb,\u00bbchildren\u00bb:[{\u00abtype\u00bb:\u00bbcolumn\u00bb,\u00bbprops\u00bb:{\u00abimage_position\u00bb:\u00bbcenter-center\u00bb,\u00bbposition_sticky_breakpoint\u00bb:\u00bbm\u00bb},\u00bbchildren\u00bb:[{\u00abtype\u00bb:\u00bbdivider\u00bb,\u00bbprops\u00bb:{\u00abdivider_element\u00bb:\u00bbhr\u00bb}}]}]},{\u00abtype\u00bb:\u00bbrow\u00bb,\u00bbprops\u00bb:{\u00ablayout\u00bb:\u00bb1-4,3-4&#8243;},\u00bbchildren\u00bb:[{\u00abtype\u00bb:\u00bbcolumn\u00bb,\u00bbprops\u00bb:{\u00abimage_position\u00bb:\u00bbcenter-center\u00bb,\u00bbposition_sticky_breakpoint\u00bb:\u00bbm\u00bb,\u00bbwidth_medium\u00bb:\u00bb1-4&#8243;},\u00bbchildren\u00bb:[{\u00abtype\u00bb:\u00bblist\u00bb,\u00bbprops\u00bb:{\u00abcolumn_breakpoint\u00bb:\u00bbm\u00bb,\u00bbcontent_style\u00bb:\u00bbh5&#8243;,\u00bbimage_align\u00bb:\u00bbleft\u00bb,\u00bbimage_svg_color\u00bb:\u00bbemphasis\u00bb,\u00bbimage_vertical_align\u00bb:true,\u00bblist_element\u00bb:\u00bbul\u00bb,\u00bblist_horizontal_separator\u00bb:\u00bb, \u00ab,\u00bblist_type\u00bb:\u00bbvertical\u00bb,\u00bbshow_image\u00bb:true,\u00bbshow_link\u00bb:true},\u00bbchildren\u00bb:[{\u00abtype\u00bb:\u00bblist_item\u00bb,\u00bbprops\u00bb:{\u00abcontent\u00bb:\u00bbHorario sin ruido\u00bb,\u00bbicon\u00bb:\u00bb\u00bb,\u00bbimage\u00bb:\u00bbwp-content\/uploads\/2025\/07\/despertador.png\u00bb,\u00bbimage_alt\u00bb:\u00bbProhibido ruido\u00bb}}]}]},{\u00abtype\u00bb:\u00bbcolumn\u00bb,\u00bbprops\u00bb:{\u00abimage_position\u00bb:\u00bbcenter-center\u00bb,\u00bbposition_sticky_breakpoint\u00bb:\u00bbm\u00bb,\u00bbwidth_medium\u00bb:\u00bb3-4&#8243;},\u00bbchildren\u00bb:[{\u00abtype\u00bb:\u00bbdescription_list\u00bb,\u00bbprops\u00bb:{\u00abcolumn_breakpoint\u00bb:\u00bbm\u00bb,\u00bblayout\u00bb:\u00bbgrid-2&#8243;,\u00bblist_element\u00bb:\u00bbul\u00bb,\u00bblist_size\u00bb:\u00bblarge\u00bb,\u00bbmeta_align\u00bb:\u00bbbelow-content\u00bb,\u00bbmeta_style\u00bb:\u00bbtext-meta\u00bb,\u00bbshow_content\u00bb:true,\u00bbshow_link\u00bb:true,\u00bbshow_meta\u00bb:true,\u00bbshow_title\u00bb:true,\u00bbtitle_color\u00bb:\u00bbmuted\u00bb,\u00bbtitle_element\u00bb:\u00bbh3&#8243;,\u00bbtitle_grid_breakpoint\u00bb:\u00bbs\u00bb,\u00bbtitle_grid_column_gap\u00bb:\u00bb\u00bb,\u00bbtitle_grid_row_gap\u00bb:\u00bb\u00bb,\u00bbtitle_grid_width\u00bb:\u00bbmedium\u00bb,\u00bbtitle_style\u00bb:\u00bbh6&#8243;},\u00bbchildren\u00bb:[{\u00abtype\u00bb:\u00bbdescription_list_item\u00bb,\u00bbprops\u00bb:{\u00abcontent\u00bb:\u00bb\u00bb,\u00bbmeta\u00bb:\u00bb\u00bb,\u00bbtitle\u00bb:\u00bbLos clientes deben minimizar el ruido de 22:00 a 8:00&#8243;}}]}]}]},{\u00abtype\u00bb:\u00bbrow\u00bb,\u00bbchildren\u00bb:[{\u00abtype\u00bb:\u00bbcolumn\u00bb,\u00bbprops\u00bb:{\u00abimage_position\u00bb:\u00bbcenter-center\u00bb,\u00bbposition_sticky_breakpoint\u00bb:\u00bbm\u00bb},\u00bbchildren\u00bb:[{\u00abtype\u00bb:\u00bbdivider\u00bb,\u00bbprops\u00bb:{\u00abdivider_element\u00bb:\u00bbhr\u00bb}}]}]},{\u00abtype\u00bb:\u00bbrow\u00bb,\u00bbprops\u00bb:{\u00ablayout\u00bb:\u00bb1-4,3-4&#8243;},\u00bbchildren\u00bb:[{\u00abtype\u00bb:\u00bbcolumn\u00bb,\u00bbprops\u00bb:{\u00abimage_position\u00bb:\u00bbcenter-center\u00bb,\u00bbposition_sticky_breakpoint\u00bb:\u00bbm\u00bb,\u00bbwidth_medium\u00bb:\u00bb1-4&#8243;},\u00bbchildren\u00bb:[{\u00abtype\u00bb:\u00bblist\u00bb,\u00bbprops\u00bb:{\u00abcolumn_breakpoint\u00bb:\u00bbm\u00bb,\u00bbcontent_style\u00bb:\u00bbh5&#8243;,\u00bbimage_align\u00bb:\u00bbleft\u00bb,\u00bbimage_svg_color\u00bb:\u00bbemphasis\u00bb,\u00bbimage_vertical_align\u00bb:true,\u00bblist_element\u00bb:\u00bbul\u00bb,\u00bblist_horizontal_separator\u00bb:\u00bb, \u00ab,\u00bblist_type\u00bb:\u00bbvertical\u00bb,\u00bbshow_image\u00bb:true,\u00bbshow_link\u00bb:true},\u00bbchildren\u00bb:[{\u00abtype\u00bb:\u00bblist_item\u00bb,\u00bbprops\u00bb:{\u00abcontent\u00bb:\u00bbMascotas\u00bb,\u00bbicon\u00bb:\u00bb\u00bb,\u00bbimage\u00bb:\u00bbwp-content\/uploads\/2025\/07\/prohibido-mascotas.png\u00bb,\u00bbimage_alt\u00bb:\u00bbProhibido mascotas\u00bb}}]}]},{\u00abtype\u00bb:\u00bbcolumn\u00bb,\u00bbprops\u00bb:{\u00abimage_position\u00bb:\u00bbcenter-center\u00bb,\u00bbposition_sticky_breakpoint\u00bb:\u00bbm\u00bb,\u00bbwidth_medium\u00bb:\u00bb3-4&#8243;},\u00bbchildren\u00bb:[{\u00abtype\u00bb:\u00bbdescription_list\u00bb,\u00bbprops\u00bb:{\u00abcolumn_breakpoint\u00bb:\u00bbm\u00bb,\u00bblayout\u00bb:\u00bbgrid-2&#8243;,\u00bblist_element\u00bb:\u00bbul\u00bb,\u00bblist_size\u00bb:\u00bblarge\u00bb,\u00bbmeta_align\u00bb:\u00bbbelow-content\u00bb,\u00bbmeta_style\u00bb:\u00bbtext-meta\u00bb,\u00bbshow_content\u00bb:true,\u00bbshow_link\u00bb:true,\u00bbshow_meta\u00bb:true,\u00bbshow_title\u00bb:true,\u00bbtitle_color\u00bb:\u00bbmuted\u00bb,\u00bbtitle_element\u00bb:\u00bbh3&#8243;,\u00bbtitle_grid_breakpoint\u00bb:\u00bbs\u00bb,\u00bbtitle_grid_column_gap\u00bb:\u00bb\u00bb,\u00bbtitle_grid_row_gap\u00bb:\u00bb\u00bb,\u00bbtitle_grid_width\u00bb:\u00bbmedium\u00bb,\u00bbtitle_style\u00bb:\u00bbh6&#8243;},\u00bbchildren\u00bb:[{\u00abtype\u00bb:\u00bbdescription_list_item\u00bb,\u00bbprops\u00bb:{\u00abcontent\u00bb:\u00bb\u00bb,\u00bbmeta\u00bb:\u00bb\u00bb,\u00bbtitle\u00bb:\u00bbNo se admiten mascotas\u00bb}}]}]}]}],\u00bbname\u00bb:\u00bbFAQ\u00bb},{\u00abtype\u00bb:\u00bbsection\u00bb,\u00bbprops\u00bb:{\u00abhtml_element\u00bb:\u00bbsection\u00bb,\u00bbimage_position\u00bb:\u00bbcenter-center\u00bb,\u00bbstyle\u00bb:\u00bbdefault\u00bb,\u00bbtitle_breakpoint\u00bb:\u00bbxl\u00bb,\u00bbtitle_position\u00bb:\u00bbtop-left\u00bb,\u00bbtitle_rotation\u00bb:\u00bbleft\u00bb,\u00bbvertical_align\u00bb:\u00bbmiddle\u00bb,\u00bbwidth\u00bb:\u00bbxlarge\u00bb},\u00bbchildren\u00bb:[{\u00abtype\u00bb:\u00bbrow\u00bb,\u00bbchildren\u00bb:[{\u00abtype\u00bb:\u00bbcolumn\u00bb,\u00bbprops\u00bb:{\u00abimage_position\u00bb:\u00bbcenter-center\u00bb,\u00bbposition_sticky_breakpoint\u00bb:\u00bbm\u00bb},\u00bbchildren\u00bb:[{\u00abtype\u00bb:\u00bbheadline\u00bb,\u00bbprops\u00bb:{\u00ab_condition\u00bb:true,\u00bbcontent\u00bb:\u00bbEmpresa\u00bb,\u00bbimage_align\u00bb:\u00bbleft\u00bb,\u00bbimage_margin\u00bb:\u00bbxsmall\u00bb,\u00bbmargin_bottom\u00bb:\u00bbremove\u00bb,\u00bbmargin_top\u00bb:\u00bblarge\u00bb,\u00bbtitle_element\u00bb:\u00bbh3&#8243;,\u00bbvisibility\u00bb:\u00bbm\u00bb}},{\u00abtype\u00bb:\u00bbpanel\u00bb,\u00bbprops\u00bb:{\u00ab_condition\u00bb:true,\u00bbcontent\u00bb:\u00bbGlobal Homes empresa de alquiler de viviendas en Madrid\u00bb,\u00bbcontent_column_breakpoint\u00bb:\u00bbm\u00bb,\u00bbcontent_margin\u00bb:\u00bbremove\u00bb,\u00bbimage\u00bb:\u00bbwp-content\/uploads\/2020\/12\/Host-Global-Homes.webp\u00bb,\u00bbimage_align\u00bb:\u00bbleft\u00bb,\u00bbimage_alt\u00bb:\u00bbGlobal Homes Caliza\u00bb,\u00bbimage_border\u00bb:\u00bbcircle\u00bb,\u00bbimage_grid_breakpoint\u00bb:\u00bb\u00bb,\u00bbimage_grid_column_gap\u00bb:\u00bbsmall\u00bb,\u00bbimage_grid_width\u00bb:\u00bbauto\u00bb,\u00bbimage_height\u00bb:\u00bb90&#8243;,\u00bbimage_svg_color\u00bb:\u00bbemphasis\u00bb,\u00bbimage_vertical_align\u00bb:true,\u00bbimage_width\u00bb:\u00bb90&#8243;,\u00bblink\u00bb:\u00bbnosotros\/\u00bb,\u00bblink_style\u00bb:\u00bbdefault\u00bb,\u00bblink_text\u00bb:\u00bb\u00bb,\u00bbmargin_bottom\u00bb:\u00bbdefault\u00bb,\u00bbmargin_top\u00bb:\u00bbdefault\u00bb,\u00bbmeta_align\u00bb:\u00bbbelow-title\u00bb,\u00bbmeta_element\u00bb:\u00bbdiv\u00bb,\u00bbmeta_style\u00bb:\u00bbtext-meta\u00bb,\u00bbpanel_link\u00bb:true,\u00bbtitle\u00bb:\u00bbGlobal Homes\u00bb,\u00bbtitle_align\u00bb:\u00bbtop\u00bb,\u00bbtitle_element\u00bb:\u00bbh4&#8243;,\u00bbtitle_grid_breakpoint\u00bb:\u00bbm\u00bb,\u00bbtitle_grid_width\u00bb:\u00bb1-2&#8243;,\u00bbtitle_hover_style\u00bb:\u00bbreset\u00bb,\u00bbtitle_style\u00bb:\u00bbh5&#8243;,\u00bbvisibility\u00bb:\u00bbm\u00bb}}]}]}]},{\u00abtype\u00bb:\u00bbsection\u00bb,\u00bbprops\u00bb:{\u00ab_condition\u00bb:true,\u00bbhtml_element\u00bb:\u00bbaddress\u00bb,\u00bbimage_position\u00bb:\u00bbcenter-center\u00bb,\u00bbpadding_bottom\u00bb:\u00bbnone\u00bb,\u00bbpadding_top\u00bb:\u00bbnone\u00bb,\u00bbstyle\u00bb:\u00bbdefault\u00bb,\u00bbtitle_breakpoint\u00bb:\u00bbxl\u00bb,\u00bbtitle_position\u00bb:\u00bbtop-left\u00bb,\u00bbtitle_rotation\u00bb:\u00bbleft\u00bb,\u00bbvertical_align\u00bb:\u00bb\u00bb,\u00bbwidth\u00bb:\u00bbxlarge\u00bb},\u00bbchildren\u00bb:[{\u00abtype\u00bb:\u00bbrow\u00bb,\u00bbchildren\u00bb:[{\u00abtype\u00bb:\u00bbcolumn\u00bb,\u00bbprops\u00bb:{\u00abimage_position\u00bb:\u00bbcenter-center\u00bb,\u00bbposition_sticky_breakpoint\u00bb:\u00bbm\u00bb},\u00bbchildren\u00bb:[{\u00abtype\u00bb:\u00bbheadline\u00bb,\u00bbprops\u00bb:{\u00abcontent\u00bb:\u00bbEn el mapa encontrar\u00e1s lugares de inter\u00e9s recomendados\u00bb,\u00bbimage_align\u00bb:\u00bbleft\u00bb,\u00bbimage_margin\u00bb:\u00bbxsmall\u00bb,\u00bbtitle_element\u00bb:\u00bbh2&#8243;,\u00bbtitle_style\u00bb:\u00bbh2&#8243;}},{\u00abtype\u00bb:\u00bbmap\u00bb,\u00bbprops\u00bb:{\u00abcontent_margin\u00bb:\u00bbsmall\u00bb,\u00bbcontent_style\u00bb:\u00bbtext-meta\u00bb,\u00bbcontrols\u00bb:true,\u00bbcss\u00bb:\u00bb.el-image { margin-bottom: 20px; }\u00bb,\u00bbdragging\u00bb:true,\u00bbfit_bounds\u00bb:false,\u00bbheight\u00bb:\u00bb600&#8243;,\u00bbimage_height\u00bb:180,\u00bbimage_svg_color\u00bb:\u00bbemphasis\u00bb,\u00bbimage_width\u00bb:270,\u00bblink_size\u00bb:\u00bbsmall\u00bb,\u00bblink_style\u00bb:\u00bbprimary\u00bb,\u00bblink_target\u00bb:true,\u00bblink_text\u00bb:\u00bb\u00bb,\u00bbmargin_bottom\u00bb:\u00bbdefault\u00bb,\u00bbmargin_top\u00bb:\u00bbdefault\u00bb,\u00bbmax_zoom\u00bb:18,\u00bbmeta_align\u00bb:\u00bbabove-title\u00bb,\u00bbmeta_color\u00bb:\u00bbprimary\u00bb,\u00bbmeta_element\u00bb:\u00bbdiv\u00bb,\u00bbmeta_style\u00bb:\u00bbh6&#8243;,\u00bbmin_zoom\u00bb:\u00bb14&#8243;,\u00bbpoi\u00bb:false,\u00bbpopup_max_width\u00bb:\u00bb300&#8243;,\u00bbshow_content\u00bb:true,\u00bbshow_image\u00bb:true,\u00bbshow_link\u00bb:true,\u00bbshow_meta\u00bb:true,\u00bbshow_title\u00bb:true,\u00bbtitle_element\u00bb:\u00bbh3&#8243;,\u00bbtitle_hover_style\u00bb:\u00bbreset\u00bb,\u00bbtitle_margin\u00bb:\u00bbremove\u00bb,\u00bbtitle_style\u00bb:\u00bbh5&#8243;,\u00bbtype\u00bb:\u00bbroadmap\u00bb,\u00bbzoom\u00bb:\u00bb16&#8243;,\u00bbzooming\u00bb:false},\u00bbchildren\u00bb:[{\u00abtype\u00bb:\u00bbmap_item\u00bb,\u00bbprops\u00bb:{\u00ab_condition\u00bb:true,\u00bbhide\u00bb:false,\u00bbimage\u00bb:\u00bbwp-content\/uploads\/2026\/01\/Vivienda-Menendez-Pelayo-1.webp\u00bb,\u00bbimage_alt\u00bb:\u00bbAlquiler vivienda Men\u00e9ndez Pelayo\u00bb,\u00bblocation\u00bb:\u00bb40.4162804089728,-3.677762502967167&#8243;,\u00bbmarker_icon\u00bb:\u00bbwp-content\/uploads\/icon-map-marker-accommodation.svg\u00bb,\u00bbmarker_icon_height\u00bb:\u00bb38&#8243;,\u00bbmarker_icon_width\u00bb:\u00bb38&#8243;,\u00bbshow_popup\u00bb:false,\u00bbtitle\u00bb:\u00bbMen\u00e9ndez Pelayo\u00bb}}],\u00bbmodified\u00bb:\u00bb2021-03-10T09:14:40.671Z\u00bb}]}]}],\u00bbname\u00bb:\u00bbMapCALIZA\u00bb},{\u00abtype\u00bb:\u00bbsection\u00bb,\u00bbprops\u00bb:{\u00abhtml_element\u00bb:\u00bbsection\u00bb,\u00bbimage_position\u00bb:\u00bbcenter-center\u00bb,\u00bbpadding_bottom\u00bb:\u00bblarge\u00bb,\u00bbpadding_top\u00bb:\u00bbnone\u00bb,\u00bbstyle\u00bb:\u00bbdefault\u00bb,\u00bbtitle_breakpoint\u00bb:\u00bbxl\u00bb,\u00bbtitle_position\u00bb:\u00bbtop-left\u00bb,\u00bbtitle_rotation\u00bb:\u00bbleft\u00bb,\u00bbvertical_align\u00bb:\u00bb\u00bb,\u00bbwidth\u00bb:\u00bbdefault\u00bb},\u00bbchildren\u00bb:[{\u00abtype\u00bb:\u00bbrow\u00bb,\u00bbchildren\u00bb:[{\u00abtype\u00bb:\u00bbcolumn\u00bb,\u00bbprops\u00bb:{\u00abimage_position\u00bb:\u00bbcenter-center\u00bb,\u00bbposition_sticky_breakpoint\u00bb:\u00bbm\u00bb},\u00bbchildren\u00bb:[{\u00abtype\u00bb:\u00bbheadline\u00bb,\u00bbprops\u00bb:{\u00ab_condition\u00bb:true,\u00bbcontent\u00bb:\u00bbEmpresa\u00bb,\u00bbimage_align\u00bb:\u00bbleft\u00bb,\u00bbimage_margin\u00bb:\u00bbxsmall\u00bb,\u00bbmargin_bottom\u00bb:\u00bbremove\u00bb,\u00bbmargin_top\u00bb:\u00bblarge\u00bb,\u00bbtitle_element\u00bb:\u00bbh3&#8243;,\u00bbvisibility\u00bb:\u00bbhidden-m\u00bb}},{\u00abtype\u00bb:\u00bbpanel\u00bb,\u00bbprops\u00bb:{\u00ab_condition\u00bb:true,\u00bbcontent\u00bb:\u00bbGlobal Homes empresa de alquiler de viviendas en Madrid.\u00bb,\u00bbcontent_column_breakpoint\u00bb:\u00bbm\u00bb,\u00bbcontent_margin\u00bb:\u00bbremove\u00bb,\u00bbimage\u00bb:\u00bbwp-content\/uploads\/2025\/01\/cropped-GHP_Logo_Homes_Favicon.png\u00bb,\u00bbimage_align\u00bb:\u00bbleft\u00bb,\u00bbimage_border\u00bb:\u00bbcircle\u00bb,\u00bbimage_grid_breakpoint\u00bb:\u00bb\u00bb,\u00bbimage_grid_column_gap\u00bb:\u00bbsmall\u00bb,\u00bbimage_grid_width\u00bb:\u00bbauto\u00bb,\u00bbimage_height\u00bb:\u00bb90&#8243;,\u00bbimage_svg_color\u00bb:\u00bbemphasis\u00bb,\u00bbimage_vertical_align\u00bb:true,\u00bbimage_width\u00bb:\u00bb90&#8243;,\u00bblink_style\u00bb:\u00bbdefault\u00bb,\u00bblink_text\u00bb:\u00bbRead more\u00bb,\u00bbmargin_bottom\u00bb:\u00bbdefault\u00bb,\u00bbmargin_top\u00bb:\u00bbdefault\u00bb,\u00bbmeta_align\u00bb:\u00bbbelow-title\u00bb,\u00bbmeta_element\u00bb:\u00bbdiv\u00bb,\u00bbmeta_style\u00bb:\u00bbtext-meta\u00bb,\u00bbtitle\u00bb:\u00bbGlobal Homes\u00bb,\u00bbtitle_align\u00bb:\u00bbtop\u00bb,\u00bbtitle_element\u00bb:\u00bbh4&#8243;,\u00bbtitle_grid_breakpoint\u00bb:\u00bbm\u00bb,\u00bbtitle_grid_width\u00bb:\u00bb1-2&#8243;,\u00bbtitle_hover_style\u00bb:\u00bbreset\u00bb,\u00bbtitle_style\u00bb:\u00bbh5&#8243;,\u00bbvisibility\u00bb:\u00bbhidden-m\u00bb}}]}]}],\u00bbname\u00bb:\u00bbHost\u00bb}],\u00bbversion\u00bb:\u00bb5.0.17&#8243;} &#8211;><\/p>\n","protected":false},"excerpt":{"rendered":"<p>Vivienda en Alquiler Men\u00e9ndez Pelayo Valoraci\u00f3n 9.7 \u2b50 Avenida de Men\u00e9ndez Pelayo, Ibiza, 28009 Madrid | Excelente ubicaci\u00f3n centro de Madrid Vista General Plano Servicios Reservas Normas Funcionalidad Preguntas frecuentes Reserva el apartamento [social] Orientaci\u00f3n sur, este Ascensor Amueblado Aire acondicionado 1\u00aa Planta interior Cocina equipada Comentarios de clientes 9,7 Fant\u00e1stico Ubicaci\u00f3n 10 Limpieza 9,6 [&hellip;]<\/p>\n","protected":false},"author":1,"featured_media":7563,"parent":0,"menu_order":0,"comment_status":"closed","ping_status":"closed","template":"","meta":{"_acf_changed":false,"footnotes":""},"class_list":["post-7503","page","type-page","status-publish","has-post-thumbnail","hentry"],"acf":[],"yoast_head":"<!-- This site is optimized with the Yoast SEO plugin v27.4 - https:\/\/yoast.com\/product\/yoast-seo-wordpress\/ -->\n<title>Avenida Men\u00e9ndez Pelayo - Viviendas en Alquiler Madrid | Global Homes<\/title>\n<meta name=\"description\" content=\"Tu hogar temporal en el Retiro. Apartamento reformado y amueblado con las mejores calidades. Metro Ibiza al lado. \u00a1Entra a vivir ya!\" \/>\n<meta name=\"robots\" content=\"index, follow, max-snippet:-1, max-image-preview:large, max-video-preview:-1\" \/>\n<link rel=\"canonical\" href=\"https:\/\/globalhp.es\/en\/menendez-pelayo\/\" \/>\n<meta property=\"og:locale\" content=\"en_GB\" \/>\n<meta property=\"og:type\" content=\"article\" \/>\n<meta property=\"og:title\" content=\"Avenida Men\u00e9ndez Pelayo - Viviendas en Alquiler Madrid | Global Homes\" \/>\n<meta property=\"og:description\" content=\"Tu hogar temporal en el Retiro. Apartamento reformado y amueblado con las mejores calidades. Metro Ibiza al lado. \u00a1Entra a vivir ya!\" \/>\n<meta property=\"og:url\" content=\"https:\/\/globalhp.es\/en\/menendez-pelayo\/\" \/>\n<meta property=\"og:site_name\" content=\"Viviendas en Alquiler Madrid | Global Homes\" \/>\n<meta property=\"article:modified_time\" content=\"2026-03-09T15:20:45+00:00\" \/>\n<meta property=\"og:image\" content=\"https:\/\/globalhp.es\/wp-content\/uploads\/2025\/11\/menendez-Pelayo-1.webp\" \/>\n\t<meta property=\"og:image:width\" content=\"1000\" \/>\n\t<meta property=\"og:image:height\" content=\"667\" \/>\n\t<meta property=\"og:image:type\" content=\"image\/webp\" \/>\n<meta name=\"twitter:card\" content=\"summary_large_image\" \/>\n<meta name=\"twitter:label1\" content=\"Estimated reading time\" \/>\n\t<meta name=\"twitter:data1\" content=\"16 minutes\" \/>\n<script type=\"application\/ld+json\" class=\"yoast-schema-graph\">{\"@context\":\"https:\\\/\\\/schema.org\",\"@graph\":[{\"@type\":\"WebPage\",\"@id\":\"https:\\\/\\\/globalhp.es\\\/menendez-pelayo\\\/\",\"url\":\"https:\\\/\\\/globalhp.es\\\/menendez-pelayo\\\/\",\"name\":\"Avenida Men\u00e9ndez Pelayo - Viviendas en Alquiler Madrid | Global Homes\",\"isPartOf\":{\"@id\":\"https:\\\/\\\/globalhp.es\\\/#website\"},\"primaryImageOfPage\":{\"@id\":\"https:\\\/\\\/globalhp.es\\\/menendez-pelayo\\\/#primaryimage\"},\"image\":{\"@id\":\"https:\\\/\\\/globalhp.es\\\/menendez-pelayo\\\/#primaryimage\"},\"thumbnailUrl\":\"https:\\\/\\\/globalhp.es\\\/wp-content\\\/uploads\\\/2025\\\/11\\\/menendez-Pelayo-1.webp\",\"datePublished\":\"2025-11-25T11:45:43+00:00\",\"dateModified\":\"2026-03-09T15:20:45+00:00\",\"description\":\"Tu hogar temporal en el Retiro. Apartamento reformado y amueblado con las mejores calidades. Metro Ibiza al lado. \u00a1Entra a vivir ya!\",\"breadcrumb\":{\"@id\":\"https:\\\/\\\/globalhp.es\\\/menendez-pelayo\\\/#breadcrumb\"},\"inLanguage\":\"en-GB\",\"potentialAction\":[{\"@type\":\"ReadAction\",\"target\":[\"https:\\\/\\\/globalhp.es\\\/menendez-pelayo\\\/\"]}]},{\"@type\":\"ImageObject\",\"inLanguage\":\"en-GB\",\"@id\":\"https:\\\/\\\/globalhp.es\\\/menendez-pelayo\\\/#primaryimage\",\"url\":\"https:\\\/\\\/globalhp.es\\\/wp-content\\\/uploads\\\/2025\\\/11\\\/menendez-Pelayo-1.webp\",\"contentUrl\":\"https:\\\/\\\/globalhp.es\\\/wp-content\\\/uploads\\\/2025\\\/11\\\/menendez-Pelayo-1.webp\",\"width\":1000,\"height\":667,\"caption\":\"Men\u00e9ndez Pelayo 1\"},{\"@type\":\"BreadcrumbList\",\"@id\":\"https:\\\/\\\/globalhp.es\\\/menendez-pelayo\\\/#breadcrumb\",\"itemListElement\":[{\"@type\":\"ListItem\",\"position\":1,\"name\":\"Home\",\"item\":\"https:\\\/\\\/globalhp.es\\\/\"},{\"@type\":\"ListItem\",\"position\":2,\"name\":\"Men\u00e9ndez Pelayo\"}]},{\"@type\":\"WebSite\",\"@id\":\"https:\\\/\\\/globalhp.es\\\/#website\",\"url\":\"https:\\\/\\\/globalhp.es\\\/\",\"name\":\"Viviendas en Alquiler Madrid | Global Homes\",\"description\":\"Alquiler de viviendas por d\u00edas y semanas en Madrid\",\"publisher\":{\"@id\":\"https:\\\/\\\/globalhp.es\\\/#organization\"},\"potentialAction\":[{\"@type\":\"SearchAction\",\"target\":{\"@type\":\"EntryPoint\",\"urlTemplate\":\"https:\\\/\\\/globalhp.es\\\/?s={search_term_string}\"},\"query-input\":{\"@type\":\"PropertyValueSpecification\",\"valueRequired\":true,\"valueName\":\"search_term_string\"}}],\"inLanguage\":\"en-GB\"},{\"@type\":\"Organization\",\"@id\":\"https:\\\/\\\/globalhp.es\\\/#organization\",\"name\":\"Viviendas en Alquiler Madrid | Global Homes\",\"url\":\"https:\\\/\\\/globalhp.es\\\/\",\"logo\":{\"@type\":\"ImageObject\",\"inLanguage\":\"en-GB\",\"@id\":\"https:\\\/\\\/globalhp.es\\\/#\\\/schema\\\/logo\\\/image\\\/\",\"url\":\"https:\\\/\\\/globalhp.es\\\/wp-content\\\/uploads\\\/2025\\\/01\\\/GHP_Logo_Homes_325px.png\",\"contentUrl\":\"https:\\\/\\\/globalhp.es\\\/wp-content\\\/uploads\\\/2025\\\/01\\\/GHP_Logo_Homes_325px.png\",\"width\":325,\"height\":104,\"caption\":\"Viviendas en Alquiler Madrid | Global Homes\"},\"image\":{\"@id\":\"https:\\\/\\\/globalhp.es\\\/#\\\/schema\\\/logo\\\/image\\\/\"}}]}<\/script>\n<!-- \/ Yoast SEO plugin. -->","yoast_head_json":{"title":"Avenida Men\u00e9ndez Pelayo - Viviendas en Alquiler Madrid | Global Homes","description":"Tu hogar temporal en el Retiro. Apartamento reformado y amueblado con las mejores calidades. Metro Ibiza al lado. \u00a1Entra a vivir ya!","robots":{"index":"index","follow":"follow","max-snippet":"max-snippet:-1","max-image-preview":"max-image-preview:large","max-video-preview":"max-video-preview:-1"},"canonical":"https:\/\/globalhp.es\/en\/menendez-pelayo\/","og_locale":"en_GB","og_type":"article","og_title":"Avenida Men\u00e9ndez Pelayo - Viviendas en Alquiler Madrid | Global Homes","og_description":"Tu hogar temporal en el Retiro. Apartamento reformado y amueblado con las mejores calidades. Metro Ibiza al lado. \u00a1Entra a vivir ya!","og_url":"https:\/\/globalhp.es\/en\/menendez-pelayo\/","og_site_name":"Viviendas en Alquiler Madrid | Global Homes","article_modified_time":"2026-03-09T15:20:45+00:00","og_image":[{"width":1000,"height":667,"url":"https:\/\/globalhp.es\/wp-content\/uploads\/2025\/11\/menendez-Pelayo-1.webp","type":"image\/webp"}],"twitter_card":"summary_large_image","twitter_misc":{"Estimated reading time":"16 minutes"},"schema":{"@context":"https:\/\/schema.org","@graph":[{"@type":"WebPage","@id":"https:\/\/globalhp.es\/menendez-pelayo\/","url":"https:\/\/globalhp.es\/menendez-pelayo\/","name":"Avenida Men\u00e9ndez Pelayo - Viviendas en Alquiler Madrid | Global Homes","isPartOf":{"@id":"https:\/\/globalhp.es\/#website"},"primaryImageOfPage":{"@id":"https:\/\/globalhp.es\/menendez-pelayo\/#primaryimage"},"image":{"@id":"https:\/\/globalhp.es\/menendez-pelayo\/#primaryimage"},"thumbnailUrl":"https:\/\/globalhp.es\/wp-content\/uploads\/2025\/11\/menendez-Pelayo-1.webp","datePublished":"2025-11-25T11:45:43+00:00","dateModified":"2026-03-09T15:20:45+00:00","description":"Tu hogar temporal en el Retiro. Apartamento reformado y amueblado con las mejores calidades. Metro Ibiza al lado. \u00a1Entra a vivir ya!","breadcrumb":{"@id":"https:\/\/globalhp.es\/menendez-pelayo\/#breadcrumb"},"inLanguage":"en-GB","potentialAction":[{"@type":"ReadAction","target":["https:\/\/globalhp.es\/menendez-pelayo\/"]}]},{"@type":"ImageObject","inLanguage":"en-GB","@id":"https:\/\/globalhp.es\/menendez-pelayo\/#primaryimage","url":"https:\/\/globalhp.es\/wp-content\/uploads\/2025\/11\/menendez-Pelayo-1.webp","contentUrl":"https:\/\/globalhp.es\/wp-content\/uploads\/2025\/11\/menendez-Pelayo-1.webp","width":1000,"height":667,"caption":"Men\u00e9ndez Pelayo 1"},{"@type":"BreadcrumbList","@id":"https:\/\/globalhp.es\/menendez-pelayo\/#breadcrumb","itemListElement":[{"@type":"ListItem","position":1,"name":"Home","item":"https:\/\/globalhp.es\/"},{"@type":"ListItem","position":2,"name":"Men\u00e9ndez Pelayo"}]},{"@type":"WebSite","@id":"https:\/\/globalhp.es\/#website","url":"https:\/\/globalhp.es\/","name":"Viviendas en Alquiler Madrid | Global Homes","description":"Alquiler de viviendas por d\u00edas y semanas en Madrid","publisher":{"@id":"https:\/\/globalhp.es\/#organization"},"potentialAction":[{"@type":"SearchAction","target":{"@type":"EntryPoint","urlTemplate":"https:\/\/globalhp.es\/?s={search_term_string}"},"query-input":{"@type":"PropertyValueSpecification","valueRequired":true,"valueName":"search_term_string"}}],"inLanguage":"en-GB"},{"@type":"Organization","@id":"https:\/\/globalhp.es\/#organization","name":"Viviendas en Alquiler Madrid | Global Homes","url":"https:\/\/globalhp.es\/","logo":{"@type":"ImageObject","inLanguage":"en-GB","@id":"https:\/\/globalhp.es\/#\/schema\/logo\/image\/","url":"https:\/\/globalhp.es\/wp-content\/uploads\/2025\/01\/GHP_Logo_Homes_325px.png","contentUrl":"https:\/\/globalhp.es\/wp-content\/uploads\/2025\/01\/GHP_Logo_Homes_325px.png","width":325,"height":104,"caption":"Viviendas en Alquiler Madrid | Global Homes"},"image":{"@id":"https:\/\/globalhp.es\/#\/schema\/logo\/image\/"}}]}},"_links":{"self":[{"href":"https:\/\/globalhp.es\/en\/wp-json\/wp\/v2\/pages\/7503","targetHints":{"allow":["GET"]}}],"collection":[{"href":"https:\/\/globalhp.es\/en\/wp-json\/wp\/v2\/pages"}],"about":[{"href":"https:\/\/globalhp.es\/en\/wp-json\/wp\/v2\/types\/page"}],"author":[{"embeddable":true,"href":"https:\/\/globalhp.es\/en\/wp-json\/wp\/v2\/users\/1"}],"replies":[{"embeddable":true,"href":"https:\/\/globalhp.es\/en\/wp-json\/wp\/v2\/comments?post=7503"}],"version-history":[{"count":99,"href":"https:\/\/globalhp.es\/en\/wp-json\/wp\/v2\/pages\/7503\/revisions"}],"predecessor-version":[{"id":8082,"href":"https:\/\/globalhp.es\/en\/wp-json\/wp\/v2\/pages\/7503\/revisions\/8082"}],"wp:featuredmedia":[{"embeddable":true,"href":"https:\/\/globalhp.es\/en\/wp-json\/wp\/v2\/media\/7563"}],"wp:attachment":[{"href":"https:\/\/globalhp.es\/en\/wp-json\/wp\/v2\/media?parent=7503"}],"curies":[{"name":"wp","href":"https:\/\/api.w.org\/{rel}","templated":true}]}}